{"id":130,"date":"2015-11-06T15:19:19","date_gmt":"2015-11-06T14:19:19","guid":{"rendered":"http:\/\/incuxhaven.de\/?page_id=130"},"modified":"2025-05-07T12:11:12","modified_gmt":"2025-05-07T10:11:12","slug":"aktuell","status":"publish","type":"page","link":"https:\/\/incuxhaven.de\/?page_id=130","title":{"rendered":"Aktuelles"},"content":{"rendered":"<header class=\"entry-header\"><header class=\"entry-header\">\r\n<h5><strong>APPELL AN DIE BUNDESREGIERUNG VON 293 ORGANISATIONEN<\/strong><br \/><br \/><\/h5>\r\n<h2><strong>An die neue Bundesregierung: <br \/>Appell f\u00fcr eine verantwortungsvolle Migrationspolitik<\/strong><\/h2>\r\n<div>Mit ihrem Koalitionsvertrag stellen Union und SPD die Verantwortung f\u00fcr Deutschland ins<br \/>Zentrum ihres Handelns. Zum Amtsantritt der Regierung machen 293 Organisationen und<br \/>Verb\u00e4nde deutlich: Diese Verantwortung muss f\u00fcr alle Menschen in Deutschland gelten.<br \/>Der Wahlkampf war gepr\u00e4gt von einer aufgeheizten Stimmung, die sich vor allem gegen<br \/>Gefl\u00fcchtete und Zugewanderte richtete. Das hat sich auch im Koalitionsvertrag<br \/>niedergeschlagen. Doch die Ausgrenzung einzelner Gruppen schafft ein Klima der Angst f\u00fcr<br \/>alle und untergr\u00e4bt den gesellschaftlichen Zusammenhalt. Am Ende n\u00fctzt das nur den Feinden<br \/>einer freiheitlichen Demokratie. Damit muss endlich Schluss sein.<\/div>\r\n<div>Hier der vollst\u00e4ndige Appell inkl. der unterzeichnenden Organisationen:<\/div>\r\n<\/header>\r\n<div><a href=\"https:\/\/incuxhaven.de\/wp-content\/uploads\/2025\/05\/Appell-an-neue-Bundesregierung-fuer-eine-verantwortungsvolle-Migrationspolitik-2.pdf\">Appell-an-neue-Bundesregierung-fuer-eine-verantwortungsvolle-Migrationspolitik-2<\/a><\/div>\r\n<header class=\"entry-header\">\r\n<div class=\"entry-meta\"><hr \/><br \/>\r\n<div class=\"entry-meta\">\r\n<div><header class=\"entry-header\">\r\n<div class=\"entry-meta\">\r\n<div>\r\n<p style=\"text-align: center;\"><strong><a href=\"https:\/\/incuxhaven.de\/wp-content\/uploads\/2025\/04\/Plakat-Cuxhaven-Demo-260425.jpg\"><img loading=\"lazy\" decoding=\"async\" class=\"aligncenter size-full wp-image-2929\" src=\"https:\/\/incuxhaven.de\/wp-content\/uploads\/2025\/04\/Plakat-Cuxhaven-Demo-260425.jpg\" alt=\"\" width=\"1080\" height=\"1098\" srcset=\"https:\/\/incuxhaven.de\/wp-content\/uploads\/2025\/04\/Plakat-Cuxhaven-Demo-260425.jpg 1080w, https:\/\/incuxhaven.de\/wp-content\/uploads\/2025\/04\/Plakat-Cuxhaven-Demo-260425-295x300.jpg 295w, https:\/\/incuxhaven.de\/wp-content\/uploads\/2025\/04\/Plakat-Cuxhaven-Demo-260425-1007x1024.jpg 1007w, https:\/\/incuxhaven.de\/wp-content\/uploads\/2025\/04\/Plakat-Cuxhaven-Demo-260425-768x781.jpg 768w, https:\/\/incuxhaven.de\/wp-content\/uploads\/2025\/04\/Plakat-Cuxhaven-Demo-260425-300x305.jpg 300w\" sizes=\"auto, (max-width: 1080px) 100vw, 1080px\" \/><\/a><\/strong>Alle Fotos: @ Karl-Heinz Zulkowski-St\u00fcben<\/p>\r\n<h4 style=\"text-align: center;\"><strong>Gut 2.000 Menschen beteiligten sich an der Kundgebung und der Demonstration<\/strong><\/h4>\r\n<p>&nbsp;<\/p>\r\n<h3><a href=\"https:\/\/incuxhaven.de\/wp-content\/uploads\/2025\/04\/P4260092-scaled.jpg\"><img loading=\"lazy\" decoding=\"async\" class=\"size-full wp-image-2967\" src=\"https:\/\/incuxhaven.de\/wp-content\/uploads\/2025\/04\/P4260092-scaled.jpg\" alt=\"\" width=\"2560\" height=\"1920\" srcset=\"https:\/\/incuxhaven.de\/wp-content\/uploads\/2025\/04\/P4260092-scaled.jpg 2560w, https:\/\/incuxhaven.de\/wp-content\/uploads\/2025\/04\/P4260092-300x225.jpg 300w, https:\/\/incuxhaven.de\/wp-content\/uploads\/2025\/04\/P4260092-1024x768.jpg 1024w, https:\/\/incuxhaven.de\/wp-content\/uploads\/2025\/04\/P4260092-768x576.jpg 768w, https:\/\/incuxhaven.de\/wp-content\/uploads\/2025\/04\/P4260092-1536x1152.jpg 1536w, https:\/\/incuxhaven.de\/wp-content\/uploads\/2025\/04\/P4260092-2048x1536.jpg 2048w, https:\/\/incuxhaven.de\/wp-content\/uploads\/2025\/04\/P4260092-1200x900.jpg 1200w, https:\/\/incuxhaven.de\/wp-content\/uploads\/2025\/04\/P4260092-1400x1050.jpg 1400w\" sizes=\"auto, (max-width: 2560px) 100vw, 2560px\" \/><\/a><\/h3>\r\n<p>&nbsp;<\/p>\r\n<div id=\"attachment_2965\" style=\"width: 2570px\" class=\"wp-caption aligncenter\"><a href=\"https:\/\/incuxhaven.de\/wp-content\/uploads\/2025\/04\/P4260073-scaled.jpg\"><img loading=\"lazy\" decoding=\"async\" aria-describedby=\"caption-attachment-2965\" class=\"size-full wp-image-2965\" src=\"https:\/\/incuxhaven.de\/wp-content\/uploads\/2025\/04\/P4260073-scaled.jpg\" alt=\"\" width=\"2560\" height=\"1920\" srcset=\"https:\/\/incuxhaven.de\/wp-content\/uploads\/2025\/04\/P4260073-scaled.jpg 2560w, https:\/\/incuxhaven.de\/wp-content\/uploads\/2025\/04\/P4260073-300x225.jpg 300w, https:\/\/incuxhaven.de\/wp-content\/uploads\/2025\/04\/P4260073-1024x768.jpg 1024w, https:\/\/incuxhaven.de\/wp-content\/uploads\/2025\/04\/P4260073-768x576.jpg 768w, https:\/\/incuxhaven.de\/wp-content\/uploads\/2025\/04\/P4260073-1536x1152.jpg 1536w, https:\/\/incuxhaven.de\/wp-content\/uploads\/2025\/04\/P4260073-2048x1536.jpg 2048w, https:\/\/incuxhaven.de\/wp-content\/uploads\/2025\/04\/P4260073-1200x900.jpg 1200w, https:\/\/incuxhaven.de\/wp-content\/uploads\/2025\/04\/P4260073-1400x1050.jpg 1400w\" sizes=\"auto, (max-width: 2560px) 100vw, 2560px\" \/><\/a><p id=\"caption-attachment-2965\" class=\"wp-caption-text\">OLYMPUS DIGITAL CAMERA<\/p><\/div>\r\n<p>&nbsp;<\/p>\r\n<div id=\"attachment_2980\" style=\"width: 2570px\" class=\"wp-caption aligncenter\"><a href=\"https:\/\/incuxhaven.de\/wp-content\/uploads\/2025\/04\/P4260113-scaled.jpg\"><img loading=\"lazy\" decoding=\"async\" aria-describedby=\"caption-attachment-2980\" class=\"size-full wp-image-2980\" src=\"https:\/\/incuxhaven.de\/wp-content\/uploads\/2025\/04\/P4260113-scaled.jpg\" alt=\"\" width=\"2560\" height=\"1920\" srcset=\"https:\/\/incuxhaven.de\/wp-content\/uploads\/2025\/04\/P4260113-scaled.jpg 2560w, https:\/\/incuxhaven.de\/wp-content\/uploads\/2025\/04\/P4260113-300x225.jpg 300w, https:\/\/incuxhaven.de\/wp-content\/uploads\/2025\/04\/P4260113-1024x768.jpg 1024w, https:\/\/incuxhaven.de\/wp-content\/uploads\/2025\/04\/P4260113-768x576.jpg 768w, https:\/\/incuxhaven.de\/wp-content\/uploads\/2025\/04\/P4260113-1536x1152.jpg 1536w, https:\/\/incuxhaven.de\/wp-content\/uploads\/2025\/04\/P4260113-2048x1536.jpg 2048w, https:\/\/incuxhaven.de\/wp-content\/uploads\/2025\/04\/P4260113-1200x900.jpg 1200w, https:\/\/incuxhaven.de\/wp-content\/uploads\/2025\/04\/P4260113-1400x1050.jpg 1400w\" sizes=\"auto, (max-width: 2560px) 100vw, 2560px\" \/><\/a><p id=\"caption-attachment-2980\" class=\"wp-caption-text\">OLYMPUS DIGITAL CAMERA<\/p><\/div>\r\n<div id=\"attachment_2976\" style=\"width: 2570px\" class=\"wp-caption aligncenter\"><a href=\"https:\/\/incuxhaven.de\/wp-content\/uploads\/2025\/04\/P4260109-scaled.jpg\"><img loading=\"lazy\" decoding=\"async\" aria-describedby=\"caption-attachment-2976\" class=\"size-full wp-image-2976\" src=\"https:\/\/incuxhaven.de\/wp-content\/uploads\/2025\/04\/P4260109-scaled.jpg\" alt=\"\" width=\"2560\" height=\"1920\" srcset=\"https:\/\/incuxhaven.de\/wp-content\/uploads\/2025\/04\/P4260109-scaled.jpg 2560w, https:\/\/incuxhaven.de\/wp-content\/uploads\/2025\/04\/P4260109-300x225.jpg 300w, https:\/\/incuxhaven.de\/wp-content\/uploads\/2025\/04\/P4260109-1024x768.jpg 1024w, https:\/\/incuxhaven.de\/wp-content\/uploads\/2025\/04\/P4260109-768x576.jpg 768w, https:\/\/incuxhaven.de\/wp-content\/uploads\/2025\/04\/P4260109-1536x1152.jpg 1536w, https:\/\/incuxhaven.de\/wp-content\/uploads\/2025\/04\/P4260109-2048x1536.jpg 2048w, https:\/\/incuxhaven.de\/wp-content\/uploads\/2025\/04\/P4260109-1200x900.jpg 1200w, https:\/\/incuxhaven.de\/wp-content\/uploads\/2025\/04\/P4260109-1400x1050.jpg 1400w\" sizes=\"auto, (max-width: 2560px) 100vw, 2560px\" \/><\/a><p id=\"caption-attachment-2976\" class=\"wp-caption-text\">OLYMPUS DIGITAL CAMERA<\/p><\/div>\r\n<div id=\"attachment_2979\" style=\"width: 2570px\" class=\"wp-caption aligncenter\"><a href=\"https:\/\/incuxhaven.de\/wp-content\/uploads\/2025\/04\/P4260112-scaled.jpg\"><img loading=\"lazy\" decoding=\"async\" aria-describedby=\"caption-attachment-2979\" class=\"size-full wp-image-2979\" src=\"https:\/\/incuxhaven.de\/wp-content\/uploads\/2025\/04\/P4260112-scaled.jpg\" alt=\"\" width=\"2560\" height=\"1920\" srcset=\"https:\/\/incuxhaven.de\/wp-content\/uploads\/2025\/04\/P4260112-scaled.jpg 2560w, https:\/\/incuxhaven.de\/wp-content\/uploads\/2025\/04\/P4260112-300x225.jpg 300w, https:\/\/incuxhaven.de\/wp-content\/uploads\/2025\/04\/P4260112-1024x768.jpg 1024w, https:\/\/incuxhaven.de\/wp-content\/uploads\/2025\/04\/P4260112-768x576.jpg 768w, https:\/\/incuxhaven.de\/wp-content\/uploads\/2025\/04\/P4260112-1536x1152.jpg 1536w, https:\/\/incuxhaven.de\/wp-content\/uploads\/2025\/04\/P4260112-2048x1536.jpg 2048w, https:\/\/incuxhaven.de\/wp-content\/uploads\/2025\/04\/P4260112-1200x900.jpg 1200w, https:\/\/incuxhaven.de\/wp-content\/uploads\/2025\/04\/P4260112-1400x1050.jpg 1400w\" sizes=\"auto, (max-width: 2560px) 100vw, 2560px\" \/><\/a><p id=\"caption-attachment-2979\" class=\"wp-caption-text\">OLYMPUS DIGITAL CAMERA<\/p><\/div>\r\n<div id=\"attachment_2988\" style=\"width: 2570px\" class=\"wp-caption aligncenter\"><a href=\"https:\/\/incuxhaven.de\/wp-content\/uploads\/2025\/04\/P4260127-scaled.jpg\"><img loading=\"lazy\" decoding=\"async\" aria-describedby=\"caption-attachment-2988\" class=\"size-full wp-image-2988\" src=\"https:\/\/incuxhaven.de\/wp-content\/uploads\/2025\/04\/P4260127-scaled.jpg\" alt=\"\" width=\"2560\" height=\"1920\" srcset=\"https:\/\/incuxhaven.de\/wp-content\/uploads\/2025\/04\/P4260127-scaled.jpg 2560w, https:\/\/incuxhaven.de\/wp-content\/uploads\/2025\/04\/P4260127-300x225.jpg 300w, https:\/\/incuxhaven.de\/wp-content\/uploads\/2025\/04\/P4260127-1024x768.jpg 1024w, https:\/\/incuxhaven.de\/wp-content\/uploads\/2025\/04\/P4260127-768x576.jpg 768w, https:\/\/incuxhaven.de\/wp-content\/uploads\/2025\/04\/P4260127-1536x1152.jpg 1536w, https:\/\/incuxhaven.de\/wp-content\/uploads\/2025\/04\/P4260127-2048x1536.jpg 2048w, https:\/\/incuxhaven.de\/wp-content\/uploads\/2025\/04\/P4260127-1200x900.jpg 1200w, https:\/\/incuxhaven.de\/wp-content\/uploads\/2025\/04\/P4260127-1400x1050.jpg 1400w\" sizes=\"auto, (max-width: 2560px) 100vw, 2560px\" \/><\/a><p id=\"caption-attachment-2988\" class=\"wp-caption-text\">OLYMPUS DIGITAL CAMERA<\/p><\/div>\r\n<div id=\"attachment_2964\" style=\"width: 1930px\" class=\"wp-caption aligncenter\"><a href=\"https:\/\/incuxhaven.de\/wp-content\/uploads\/2025\/04\/P4260071-scaled.jpg\"><img loading=\"lazy\" decoding=\"async\" aria-describedby=\"caption-attachment-2964\" class=\"size-full wp-image-2964\" src=\"https:\/\/incuxhaven.de\/wp-content\/uploads\/2025\/04\/P4260071-scaled.jpg\" alt=\"\" width=\"1920\" height=\"2560\" srcset=\"https:\/\/incuxhaven.de\/wp-content\/uploads\/2025\/04\/P4260071-scaled.jpg 1920w, https:\/\/incuxhaven.de\/wp-content\/uploads\/2025\/04\/P4260071-225x300.jpg 225w, https:\/\/incuxhaven.de\/wp-content\/uploads\/2025\/04\/P4260071-768x1024.jpg 768w, https:\/\/incuxhaven.de\/wp-content\/uploads\/2025\/04\/P4260071-1152x1536.jpg 1152w, https:\/\/incuxhaven.de\/wp-content\/uploads\/2025\/04\/P4260071-1536x2048.jpg 1536w, https:\/\/incuxhaven.de\/wp-content\/uploads\/2025\/04\/P4260071-1200x1600.jpg 1200w, https:\/\/incuxhaven.de\/wp-content\/uploads\/2025\/04\/P4260071-1400x1867.jpg 1400w, https:\/\/incuxhaven.de\/wp-content\/uploads\/2025\/04\/P4260071-300x400.jpg 300w\" sizes=\"auto, (max-width: 1920px) 100vw, 1920px\" \/><\/a><p id=\"caption-attachment-2964\" class=\"wp-caption-text\">OLYMPUS DIGITAL CAMERA<\/p><\/div>\r\n<div id=\"attachment_2970\" style=\"width: 2570px\" class=\"wp-caption aligncenter\"><a href=\"https:\/\/incuxhaven.de\/wp-content\/uploads\/2025\/04\/P4260102-scaled.jpg\"><img loading=\"lazy\" decoding=\"async\" aria-describedby=\"caption-attachment-2970\" class=\"size-full wp-image-2970\" src=\"https:\/\/incuxhaven.de\/wp-content\/uploads\/2025\/04\/P4260102-scaled.jpg\" alt=\"\" width=\"2560\" height=\"1920\" srcset=\"https:\/\/incuxhaven.de\/wp-content\/uploads\/2025\/04\/P4260102-scaled.jpg 2560w, https:\/\/incuxhaven.de\/wp-content\/uploads\/2025\/04\/P4260102-300x225.jpg 300w, https:\/\/incuxhaven.de\/wp-content\/uploads\/2025\/04\/P4260102-1024x768.jpg 1024w, https:\/\/incuxhaven.de\/wp-content\/uploads\/2025\/04\/P4260102-768x576.jpg 768w, https:\/\/incuxhaven.de\/wp-content\/uploads\/2025\/04\/P4260102-1536x1152.jpg 1536w, https:\/\/incuxhaven.de\/wp-content\/uploads\/2025\/04\/P4260102-2048x1536.jpg 2048w, https:\/\/incuxhaven.de\/wp-content\/uploads\/2025\/04\/P4260102-1200x900.jpg 1200w, https:\/\/incuxhaven.de\/wp-content\/uploads\/2025\/04\/P4260102-1400x1050.jpg 1400w\" sizes=\"auto, (max-width: 2560px) 100vw, 2560px\" \/><\/a><p id=\"caption-attachment-2970\" class=\"wp-caption-text\">OLYMPUS DIGITAL CAMERA<\/p><\/div>\r\n<div id=\"attachment_2971\" style=\"width: 2570px\" class=\"wp-caption aligncenter\"><a href=\"https:\/\/incuxhaven.de\/wp-content\/uploads\/2025\/04\/P4260103-scaled.jpg\"><img loading=\"lazy\" decoding=\"async\" aria-describedby=\"caption-attachment-2971\" class=\"size-full wp-image-2971\" src=\"https:\/\/incuxhaven.de\/wp-content\/uploads\/2025\/04\/P4260103-scaled.jpg\" alt=\"\" width=\"2560\" height=\"1920\" srcset=\"https:\/\/incuxhaven.de\/wp-content\/uploads\/2025\/04\/P4260103-scaled.jpg 2560w, https:\/\/incuxhaven.de\/wp-content\/uploads\/2025\/04\/P4260103-300x225.jpg 300w, https:\/\/incuxhaven.de\/wp-content\/uploads\/2025\/04\/P4260103-1024x768.jpg 1024w, https:\/\/incuxhaven.de\/wp-content\/uploads\/2025\/04\/P4260103-768x576.jpg 768w, https:\/\/incuxhaven.de\/wp-content\/uploads\/2025\/04\/P4260103-1536x1152.jpg 1536w, https:\/\/incuxhaven.de\/wp-content\/uploads\/2025\/04\/P4260103-2048x1536.jpg 2048w, https:\/\/incuxhaven.de\/wp-content\/uploads\/2025\/04\/P4260103-1200x900.jpg 1200w, https:\/\/incuxhaven.de\/wp-content\/uploads\/2025\/04\/P4260103-1400x1050.jpg 1400w\" sizes=\"auto, (max-width: 2560px) 100vw, 2560px\" \/><\/a><p id=\"caption-attachment-2971\" class=\"wp-caption-text\">OLYMPUS DIGITAL CAMERA<\/p><\/div>\r\n<div id=\"attachment_2966\" style=\"width: 1930px\" class=\"wp-caption aligncenter\"><a href=\"https:\/\/incuxhaven.de\/wp-content\/uploads\/2025\/04\/P4260079-scaled.jpg\"><img loading=\"lazy\" decoding=\"async\" aria-describedby=\"caption-attachment-2966\" class=\"size-full wp-image-2966\" src=\"https:\/\/incuxhaven.de\/wp-content\/uploads\/2025\/04\/P4260079-scaled.jpg\" alt=\"\" width=\"1920\" height=\"2560\" srcset=\"https:\/\/incuxhaven.de\/wp-content\/uploads\/2025\/04\/P4260079-scaled.jpg 1920w, https:\/\/incuxhaven.de\/wp-content\/uploads\/2025\/04\/P4260079-225x300.jpg 225w, https:\/\/incuxhaven.de\/wp-content\/uploads\/2025\/04\/P4260079-768x1024.jpg 768w, https:\/\/incuxhaven.de\/wp-content\/uploads\/2025\/04\/P4260079-1152x1536.jpg 1152w, https:\/\/incuxhaven.de\/wp-content\/uploads\/2025\/04\/P4260079-1536x2048.jpg 1536w, https:\/\/incuxhaven.de\/wp-content\/uploads\/2025\/04\/P4260079-1200x1600.jpg 1200w, https:\/\/incuxhaven.de\/wp-content\/uploads\/2025\/04\/P4260079-1400x1867.jpg 1400w, https:\/\/incuxhaven.de\/wp-content\/uploads\/2025\/04\/P4260079-300x400.jpg 300w\" sizes=\"auto, (max-width: 1920px) 100vw, 1920px\" \/><\/a><p id=\"caption-attachment-2966\" class=\"wp-caption-text\">OLYMPUS DIGITAL CAMERA<\/p><\/div>\r\n<div id=\"attachment_2947\" style=\"width: 1930px\" class=\"wp-caption aligncenter\"><a href=\"https:\/\/incuxhaven.de\/wp-content\/uploads\/2025\/04\/P4260015-scaled.jpg\"><img loading=\"lazy\" decoding=\"async\" aria-describedby=\"caption-attachment-2947\" class=\"size-full wp-image-2947\" src=\"https:\/\/incuxhaven.de\/wp-content\/uploads\/2025\/04\/P4260015-scaled.jpg\" alt=\"\" width=\"1920\" height=\"2560\" srcset=\"https:\/\/incuxhaven.de\/wp-content\/uploads\/2025\/04\/P4260015-scaled.jpg 1920w, https:\/\/incuxhaven.de\/wp-content\/uploads\/2025\/04\/P4260015-225x300.jpg 225w, https:\/\/incuxhaven.de\/wp-content\/uploads\/2025\/04\/P4260015-768x1024.jpg 768w, https:\/\/incuxhaven.de\/wp-content\/uploads\/2025\/04\/P4260015-1152x1536.jpg 1152w, https:\/\/incuxhaven.de\/wp-content\/uploads\/2025\/04\/P4260015-1536x2048.jpg 1536w, https:\/\/incuxhaven.de\/wp-content\/uploads\/2025\/04\/P4260015-1200x1600.jpg 1200w, https:\/\/incuxhaven.de\/wp-content\/uploads\/2025\/04\/P4260015-1400x1867.jpg 1400w, https:\/\/incuxhaven.de\/wp-content\/uploads\/2025\/04\/P4260015-300x400.jpg 300w\" sizes=\"auto, (max-width: 1920px) 100vw, 1920px\" \/><\/a><p id=\"caption-attachment-2947\" class=\"wp-caption-text\">OLYMPUS DIGITAL CAMERA<\/p><\/div>\r\n<div id=\"attachment_2948\" style=\"width: 2570px\" class=\"wp-caption aligncenter\"><a href=\"https:\/\/incuxhaven.de\/wp-content\/uploads\/2025\/04\/P4260016-scaled.jpg\"><img loading=\"lazy\" decoding=\"async\" aria-describedby=\"caption-attachment-2948\" class=\"size-full wp-image-2948\" src=\"https:\/\/incuxhaven.de\/wp-content\/uploads\/2025\/04\/P4260016-scaled.jpg\" alt=\"\" width=\"2560\" height=\"1920\" srcset=\"https:\/\/incuxhaven.de\/wp-content\/uploads\/2025\/04\/P4260016-scaled.jpg 2560w, https:\/\/incuxhaven.de\/wp-content\/uploads\/2025\/04\/P4260016-300x225.jpg 300w, https:\/\/incuxhaven.de\/wp-content\/uploads\/2025\/04\/P4260016-1024x768.jpg 1024w, https:\/\/incuxhaven.de\/wp-content\/uploads\/2025\/04\/P4260016-768x576.jpg 768w, https:\/\/incuxhaven.de\/wp-content\/uploads\/2025\/04\/P4260016-1536x1152.jpg 1536w, https:\/\/incuxhaven.de\/wp-content\/uploads\/2025\/04\/P4260016-2048x1536.jpg 2048w, https:\/\/incuxhaven.de\/wp-content\/uploads\/2025\/04\/P4260016-1200x900.jpg 1200w, https:\/\/incuxhaven.de\/wp-content\/uploads\/2025\/04\/P4260016-1400x1050.jpg 1400w\" sizes=\"auto, (max-width: 2560px) 100vw, 2560px\" \/><\/a><p id=\"caption-attachment-2948\" class=\"wp-caption-text\">OLYMPUS DIGITAL CAMERA<\/p><\/div>\r\n<div id=\"attachment_2960\" style=\"width: 1930px\" class=\"wp-caption aligncenter\"><a href=\"https:\/\/incuxhaven.de\/wp-content\/uploads\/2025\/04\/P4260059-scaled.jpg\"><img loading=\"lazy\" decoding=\"async\" aria-describedby=\"caption-attachment-2960\" class=\"size-full wp-image-2960\" src=\"https:\/\/incuxhaven.de\/wp-content\/uploads\/2025\/04\/P4260059-scaled.jpg\" alt=\"\" width=\"1920\" height=\"2560\" srcset=\"https:\/\/incuxhaven.de\/wp-content\/uploads\/2025\/04\/P4260059-scaled.jpg 1920w, https:\/\/incuxhaven.de\/wp-content\/uploads\/2025\/04\/P4260059-225x300.jpg 225w, https:\/\/incuxhaven.de\/wp-content\/uploads\/2025\/04\/P4260059-768x1024.jpg 768w, https:\/\/incuxhaven.de\/wp-content\/uploads\/2025\/04\/P4260059-1152x1536.jpg 1152w, https:\/\/incuxhaven.de\/wp-content\/uploads\/2025\/04\/P4260059-1536x2048.jpg 1536w, https:\/\/incuxhaven.de\/wp-content\/uploads\/2025\/04\/P4260059-1200x1600.jpg 1200w, https:\/\/incuxhaven.de\/wp-content\/uploads\/2025\/04\/P4260059-1400x1867.jpg 1400w, https:\/\/incuxhaven.de\/wp-content\/uploads\/2025\/04\/P4260059-300x400.jpg 300w\" sizes=\"auto, (max-width: 1920px) 100vw, 1920px\" \/><\/a><p id=\"caption-attachment-2960\" class=\"wp-caption-text\">OLYMPUS DIGITAL CAMERA<\/p><\/div>\r\n<div id=\"attachment_2959\" style=\"width: 2570px\" class=\"wp-caption aligncenter\"><a href=\"https:\/\/incuxhaven.de\/wp-content\/uploads\/2025\/04\/P4260057-scaled.jpg\"><img loading=\"lazy\" decoding=\"async\" aria-describedby=\"caption-attachment-2959\" class=\"size-full wp-image-2959\" src=\"https:\/\/incuxhaven.de\/wp-content\/uploads\/2025\/04\/P4260057-scaled.jpg\" alt=\"\" width=\"2560\" height=\"2424\" srcset=\"https:\/\/incuxhaven.de\/wp-content\/uploads\/2025\/04\/P4260057-scaled.jpg 2560w, https:\/\/incuxhaven.de\/wp-content\/uploads\/2025\/04\/P4260057-300x284.jpg 300w, https:\/\/incuxhaven.de\/wp-content\/uploads\/2025\/04\/P4260057-1024x969.jpg 1024w, https:\/\/incuxhaven.de\/wp-content\/uploads\/2025\/04\/P4260057-768x727.jpg 768w, https:\/\/incuxhaven.de\/wp-content\/uploads\/2025\/04\/P4260057-1536x1454.jpg 1536w, https:\/\/incuxhaven.de\/wp-content\/uploads\/2025\/04\/P4260057-2048x1939.jpg 2048w, https:\/\/incuxhaven.de\/wp-content\/uploads\/2025\/04\/P4260057-1200x1136.jpg 1200w, https:\/\/incuxhaven.de\/wp-content\/uploads\/2025\/04\/P4260057-1400x1325.jpg 1400w\" sizes=\"auto, (max-width: 2560px) 100vw, 2560px\" \/><\/a><p id=\"caption-attachment-2959\" class=\"wp-caption-text\">OLYMPUS DIGITAL CAMERA<\/p><\/div>\r\n<div id=\"attachment_2958\" style=\"width: 1930px\" class=\"wp-caption aligncenter\"><a href=\"https:\/\/incuxhaven.de\/wp-content\/uploads\/2025\/04\/P4260056-scaled.jpg\"><img loading=\"lazy\" decoding=\"async\" aria-describedby=\"caption-attachment-2958\" class=\"size-full wp-image-2958\" src=\"https:\/\/incuxhaven.de\/wp-content\/uploads\/2025\/04\/P4260056-scaled.jpg\" alt=\"\" width=\"1920\" height=\"2560\" srcset=\"https:\/\/incuxhaven.de\/wp-content\/uploads\/2025\/04\/P4260056-scaled.jpg 1920w, https:\/\/incuxhaven.de\/wp-content\/uploads\/2025\/04\/P4260056-225x300.jpg 225w, https:\/\/incuxhaven.de\/wp-content\/uploads\/2025\/04\/P4260056-768x1024.jpg 768w, https:\/\/incuxhaven.de\/wp-content\/uploads\/2025\/04\/P4260056-1152x1536.jpg 1152w, https:\/\/incuxhaven.de\/wp-content\/uploads\/2025\/04\/P4260056-1536x2048.jpg 1536w, https:\/\/incuxhaven.de\/wp-content\/uploads\/2025\/04\/P4260056-1200x1600.jpg 1200w, https:\/\/incuxhaven.de\/wp-content\/uploads\/2025\/04\/P4260056-1400x1867.jpg 1400w, https:\/\/incuxhaven.de\/wp-content\/uploads\/2025\/04\/P4260056-300x400.jpg 300w\" sizes=\"auto, (max-width: 1920px) 100vw, 1920px\" \/><\/a><p id=\"caption-attachment-2958\" class=\"wp-caption-text\">OLYMPUS DIGITAL CAMERA<\/p><\/div>\r\n<div id=\"attachment_2972\" style=\"width: 2570px\" class=\"wp-caption aligncenter\"><a href=\"https:\/\/incuxhaven.de\/wp-content\/uploads\/2025\/04\/P4260104-scaled.jpg\"><img loading=\"lazy\" decoding=\"async\" aria-describedby=\"caption-attachment-2972\" class=\"size-full wp-image-2972\" src=\"https:\/\/incuxhaven.de\/wp-content\/uploads\/2025\/04\/P4260104-scaled.jpg\" alt=\"\" width=\"2560\" height=\"1920\" srcset=\"https:\/\/incuxhaven.de\/wp-content\/uploads\/2025\/04\/P4260104-scaled.jpg 2560w, https:\/\/incuxhaven.de\/wp-content\/uploads\/2025\/04\/P4260104-300x225.jpg 300w, https:\/\/incuxhaven.de\/wp-content\/uploads\/2025\/04\/P4260104-1024x768.jpg 1024w, https:\/\/incuxhaven.de\/wp-content\/uploads\/2025\/04\/P4260104-768x576.jpg 768w, https:\/\/incuxhaven.de\/wp-content\/uploads\/2025\/04\/P4260104-1536x1152.jpg 1536w, https:\/\/incuxhaven.de\/wp-content\/uploads\/2025\/04\/P4260104-2048x1536.jpg 2048w, https:\/\/incuxhaven.de\/wp-content\/uploads\/2025\/04\/P4260104-1200x900.jpg 1200w, https:\/\/incuxhaven.de\/wp-content\/uploads\/2025\/04\/P4260104-1400x1050.jpg 1400w\" sizes=\"auto, (max-width: 2560px) 100vw, 2560px\" \/><\/a><p id=\"caption-attachment-2972\" class=\"wp-caption-text\">OLYMPUS DIGITAL CAMERA<\/p><\/div>\r\n<div id=\"attachment_2985\" style=\"width: 2570px\" class=\"wp-caption aligncenter\"><a href=\"https:\/\/incuxhaven.de\/wp-content\/uploads\/2025\/04\/P4260123-scaled.jpg\"><img loading=\"lazy\" decoding=\"async\" aria-describedby=\"caption-attachment-2985\" class=\"size-full wp-image-2985\" src=\"https:\/\/incuxhaven.de\/wp-content\/uploads\/2025\/04\/P4260123-scaled.jpg\" alt=\"\" width=\"2560\" height=\"1920\" srcset=\"https:\/\/incuxhaven.de\/wp-content\/uploads\/2025\/04\/P4260123-scaled.jpg 2560w, https:\/\/incuxhaven.de\/wp-content\/uploads\/2025\/04\/P4260123-300x225.jpg 300w, https:\/\/incuxhaven.de\/wp-content\/uploads\/2025\/04\/P4260123-1024x768.jpg 1024w, https:\/\/incuxhaven.de\/wp-content\/uploads\/2025\/04\/P4260123-768x576.jpg 768w, https:\/\/incuxhaven.de\/wp-content\/uploads\/2025\/04\/P4260123-1536x1152.jpg 1536w, https:\/\/incuxhaven.de\/wp-content\/uploads\/2025\/04\/P4260123-2048x1536.jpg 2048w, https:\/\/incuxhaven.de\/wp-content\/uploads\/2025\/04\/P4260123-1200x900.jpg 1200w, https:\/\/incuxhaven.de\/wp-content\/uploads\/2025\/04\/P4260123-1400x1050.jpg 1400w\" sizes=\"auto, (max-width: 2560px) 100vw, 2560px\" \/><\/a><p id=\"caption-attachment-2985\" class=\"wp-caption-text\">OLYMPUS DIGITAL CAMERA<\/p><\/div>\r\n<div id=\"attachment_2982\" style=\"width: 2570px\" class=\"wp-caption aligncenter\"><a href=\"https:\/\/incuxhaven.de\/wp-content\/uploads\/2025\/04\/P4260120-scaled.jpg\"><img loading=\"lazy\" decoding=\"async\" aria-describedby=\"caption-attachment-2982\" class=\"size-full wp-image-2982\" src=\"https:\/\/incuxhaven.de\/wp-content\/uploads\/2025\/04\/P4260120-scaled.jpg\" alt=\"\" width=\"2560\" height=\"1920\" srcset=\"https:\/\/incuxhaven.de\/wp-content\/uploads\/2025\/04\/P4260120-scaled.jpg 2560w, https:\/\/incuxhaven.de\/wp-content\/uploads\/2025\/04\/P4260120-300x225.jpg 300w, https:\/\/incuxhaven.de\/wp-content\/uploads\/2025\/04\/P4260120-1024x768.jpg 1024w, https:\/\/incuxhaven.de\/wp-content\/uploads\/2025\/04\/P4260120-768x576.jpg 768w, https:\/\/incuxhaven.de\/wp-content\/uploads\/2025\/04\/P4260120-1536x1152.jpg 1536w, https:\/\/incuxhaven.de\/wp-content\/uploads\/2025\/04\/P4260120-2048x1536.jpg 2048w, https:\/\/incuxhaven.de\/wp-content\/uploads\/2025\/04\/P4260120-1200x900.jpg 1200w, https:\/\/incuxhaven.de\/wp-content\/uploads\/2025\/04\/P4260120-1400x1050.jpg 1400w\" sizes=\"auto, (max-width: 2560px) 100vw, 2560px\" \/><\/a><p id=\"caption-attachment-2982\" class=\"wp-caption-text\">OLYMPUS DIGITAL CAMERA<\/p><\/div>\r\n<div id=\"attachment_2977\" style=\"width: 2570px\" class=\"wp-caption aligncenter\"><a href=\"https:\/\/incuxhaven.de\/wp-content\/uploads\/2025\/04\/P4260110-scaled.jpg\"><img loading=\"lazy\" decoding=\"async\" aria-describedby=\"caption-attachment-2977\" class=\"size-full wp-image-2977\" src=\"https:\/\/incuxhaven.de\/wp-content\/uploads\/2025\/04\/P4260110-scaled.jpg\" alt=\"\" width=\"2560\" height=\"1920\" srcset=\"https:\/\/incuxhaven.de\/wp-content\/uploads\/2025\/04\/P4260110-scaled.jpg 2560w, https:\/\/incuxhaven.de\/wp-content\/uploads\/2025\/04\/P4260110-300x225.jpg 300w, https:\/\/incuxhaven.de\/wp-content\/uploads\/2025\/04\/P4260110-1024x768.jpg 1024w, https:\/\/incuxhaven.de\/wp-content\/uploads\/2025\/04\/P4260110-768x576.jpg 768w, https:\/\/incuxhaven.de\/wp-content\/uploads\/2025\/04\/P4260110-1536x1152.jpg 1536w, https:\/\/incuxhaven.de\/wp-content\/uploads\/2025\/04\/P4260110-2048x1536.jpg 2048w, https:\/\/incuxhaven.de\/wp-content\/uploads\/2025\/04\/P4260110-1200x900.jpg 1200w, https:\/\/incuxhaven.de\/wp-content\/uploads\/2025\/04\/P4260110-1400x1050.jpg 1400w\" sizes=\"auto, (max-width: 2560px) 100vw, 2560px\" \/><\/a><p id=\"caption-attachment-2977\" class=\"wp-caption-text\">OLYMPUS DIGITAL CAMERA<\/p><\/div>\r\n<div id=\"attachment_2969\" style=\"width: 2570px\" class=\"wp-caption aligncenter\"><a href=\"https:\/\/incuxhaven.de\/wp-content\/uploads\/2025\/04\/P4260097-scaled.jpg\"><img loading=\"lazy\" decoding=\"async\" aria-describedby=\"caption-attachment-2969\" class=\"size-full wp-image-2969\" src=\"https:\/\/incuxhaven.de\/wp-content\/uploads\/2025\/04\/P4260097-scaled.jpg\" alt=\"\" width=\"2560\" height=\"1920\" srcset=\"https:\/\/incuxhaven.de\/wp-content\/uploads\/2025\/04\/P4260097-scaled.jpg 2560w, https:\/\/incuxhaven.de\/wp-content\/uploads\/2025\/04\/P4260097-300x225.jpg 300w, https:\/\/incuxhaven.de\/wp-content\/uploads\/2025\/04\/P4260097-1024x768.jpg 1024w, https:\/\/incuxhaven.de\/wp-content\/uploads\/2025\/04\/P4260097-768x576.jpg 768w, https:\/\/incuxhaven.de\/wp-content\/uploads\/2025\/04\/P4260097-1536x1152.jpg 1536w, https:\/\/incuxhaven.de\/wp-content\/uploads\/2025\/04\/P4260097-2048x1536.jpg 2048w, https:\/\/incuxhaven.de\/wp-content\/uploads\/2025\/04\/P4260097-1200x900.jpg 1200w, https:\/\/incuxhaven.de\/wp-content\/uploads\/2025\/04\/P4260097-1400x1050.jpg 1400w\" sizes=\"auto, (max-width: 2560px) 100vw, 2560px\" \/><\/a><p id=\"caption-attachment-2969\" class=\"wp-caption-text\">OLYMPUS DIGITAL CAMERA<\/p><\/div>\r\n<div id=\"attachment_2952\" style=\"width: 1930px\" class=\"wp-caption aligncenter\"><a href=\"https:\/\/incuxhaven.de\/wp-content\/uploads\/2025\/04\/P4260035-scaled.jpg\"><img loading=\"lazy\" decoding=\"async\" aria-describedby=\"caption-attachment-2952\" class=\"size-full wp-image-2952\" src=\"https:\/\/incuxhaven.de\/wp-content\/uploads\/2025\/04\/P4260035-scaled.jpg\" alt=\"\" width=\"1920\" height=\"2560\" srcset=\"https:\/\/incuxhaven.de\/wp-content\/uploads\/2025\/04\/P4260035-scaled.jpg 1920w, https:\/\/incuxhaven.de\/wp-content\/uploads\/2025\/04\/P4260035-225x300.jpg 225w, https:\/\/incuxhaven.de\/wp-content\/uploads\/2025\/04\/P4260035-768x1024.jpg 768w, https:\/\/incuxhaven.de\/wp-content\/uploads\/2025\/04\/P4260035-1152x1536.jpg 1152w, https:\/\/incuxhaven.de\/wp-content\/uploads\/2025\/04\/P4260035-1536x2048.jpg 1536w, https:\/\/incuxhaven.de\/wp-content\/uploads\/2025\/04\/P4260035-1200x1600.jpg 1200w, https:\/\/incuxhaven.de\/wp-content\/uploads\/2025\/04\/P4260035-1400x1867.jpg 1400w, https:\/\/incuxhaven.de\/wp-content\/uploads\/2025\/04\/P4260035-300x400.jpg 300w\" sizes=\"auto, (max-width: 1920px) 100vw, 1920px\" \/><\/a><p id=\"caption-attachment-2952\" class=\"wp-caption-text\">OLYMPUS DIGITAL CAMERA<\/p><\/div>\r\n<p><a href=\"https:\/\/incuxhaven.de\/wp-content\/uploads\/2025\/04\/P4260002.jpg\"><img loading=\"lazy\" decoding=\"async\" class=\"aligncenter size-full wp-image-2941\" src=\"https:\/\/incuxhaven.de\/wp-content\/uploads\/2025\/04\/P4260002.jpg\" alt=\"\" width=\"1024\" height=\"768\" srcset=\"https:\/\/incuxhaven.de\/wp-content\/uploads\/2025\/04\/P4260002.jpg 1024w, https:\/\/incuxhaven.de\/wp-content\/uploads\/2025\/04\/P4260002-300x225.jpg 300w, https:\/\/incuxhaven.de\/wp-content\/uploads\/2025\/04\/P4260002-768x576.jpg 768w\" sizes=\"auto, (max-width: 1024px) 100vw, 1024px\" \/><\/a><\/p>\r\n<div id=\"attachment_2954\" style=\"width: 2570px\" class=\"wp-caption aligncenter\"><a href=\"https:\/\/incuxhaven.de\/wp-content\/uploads\/2025\/04\/P4260044-scaled.jpg\"><img loading=\"lazy\" decoding=\"async\" aria-describedby=\"caption-attachment-2954\" class=\"size-full wp-image-2954\" src=\"https:\/\/incuxhaven.de\/wp-content\/uploads\/2025\/04\/P4260044-scaled.jpg\" alt=\"\" width=\"2560\" height=\"1920\" srcset=\"https:\/\/incuxhaven.de\/wp-content\/uploads\/2025\/04\/P4260044-scaled.jpg 2560w, https:\/\/incuxhaven.de\/wp-content\/uploads\/2025\/04\/P4260044-300x225.jpg 300w, https:\/\/incuxhaven.de\/wp-content\/uploads\/2025\/04\/P4260044-1024x768.jpg 1024w, https:\/\/incuxhaven.de\/wp-content\/uploads\/2025\/04\/P4260044-768x576.jpg 768w, https:\/\/incuxhaven.de\/wp-content\/uploads\/2025\/04\/P4260044-1536x1152.jpg 1536w, https:\/\/incuxhaven.de\/wp-content\/uploads\/2025\/04\/P4260044-2048x1536.jpg 2048w, https:\/\/incuxhaven.de\/wp-content\/uploads\/2025\/04\/P4260044-1200x900.jpg 1200w, https:\/\/incuxhaven.de\/wp-content\/uploads\/2025\/04\/P4260044-1400x1050.jpg 1400w\" sizes=\"auto, (max-width: 2560px) 100vw, 2560px\" \/><\/a><p id=\"caption-attachment-2954\" class=\"wp-caption-text\">OLYMPUS DIGITAL CAMERA<\/p><\/div>\r\n<div id=\"attachment_2955\" style=\"width: 1930px\" class=\"wp-caption aligncenter\"><a href=\"https:\/\/incuxhaven.de\/wp-content\/uploads\/2025\/04\/P4260052-scaled.jpg\"><img loading=\"lazy\" decoding=\"async\" aria-describedby=\"caption-attachment-2955\" class=\"size-full wp-image-2955\" src=\"https:\/\/incuxhaven.de\/wp-content\/uploads\/2025\/04\/P4260052-scaled.jpg\" alt=\"\" width=\"1920\" height=\"2560\" srcset=\"https:\/\/incuxhaven.de\/wp-content\/uploads\/2025\/04\/P4260052-scaled.jpg 1920w, https:\/\/incuxhaven.de\/wp-content\/uploads\/2025\/04\/P4260052-225x300.jpg 225w, https:\/\/incuxhaven.de\/wp-content\/uploads\/2025\/04\/P4260052-768x1024.jpg 768w, https:\/\/incuxhaven.de\/wp-content\/uploads\/2025\/04\/P4260052-1152x1536.jpg 1152w, https:\/\/incuxhaven.de\/wp-content\/uploads\/2025\/04\/P4260052-1536x2048.jpg 1536w, https:\/\/incuxhaven.de\/wp-content\/uploads\/2025\/04\/P4260052-1200x1600.jpg 1200w, https:\/\/incuxhaven.de\/wp-content\/uploads\/2025\/04\/P4260052-1400x1867.jpg 1400w, https:\/\/incuxhaven.de\/wp-content\/uploads\/2025\/04\/P4260052-300x400.jpg 300w\" sizes=\"auto, (max-width: 1920px) 100vw, 1920px\" \/><\/a><p id=\"caption-attachment-2955\" class=\"wp-caption-text\">OLYMPUS DIGITAL CAMERA<\/p><\/div>\r\n<div id=\"attachment_2946\" style=\"width: 2570px\" class=\"wp-caption aligncenter\"><a href=\"https:\/\/incuxhaven.de\/wp-content\/uploads\/2025\/04\/P4260011-scaled.jpg\"><img loading=\"lazy\" decoding=\"async\" aria-describedby=\"caption-attachment-2946\" class=\"size-full wp-image-2946\" src=\"https:\/\/incuxhaven.de\/wp-content\/uploads\/2025\/04\/P4260011-scaled.jpg\" alt=\"\" width=\"2560\" height=\"1920\" srcset=\"https:\/\/incuxhaven.de\/wp-content\/uploads\/2025\/04\/P4260011-scaled.jpg 2560w, https:\/\/incuxhaven.de\/wp-content\/uploads\/2025\/04\/P4260011-300x225.jpg 300w, https:\/\/incuxhaven.de\/wp-content\/uploads\/2025\/04\/P4260011-1024x768.jpg 1024w, https:\/\/incuxhaven.de\/wp-content\/uploads\/2025\/04\/P4260011-768x576.jpg 768w, https:\/\/incuxhaven.de\/wp-content\/uploads\/2025\/04\/P4260011-1536x1152.jpg 1536w, https:\/\/incuxhaven.de\/wp-content\/uploads\/2025\/04\/P4260011-2048x1536.jpg 2048w, https:\/\/incuxhaven.de\/wp-content\/uploads\/2025\/04\/P4260011-1200x900.jpg 1200w, https:\/\/incuxhaven.de\/wp-content\/uploads\/2025\/04\/P4260011-1400x1050.jpg 1400w\" sizes=\"auto, (max-width: 2560px) 100vw, 2560px\" \/><\/a><p id=\"caption-attachment-2946\" class=\"wp-caption-text\">OLYMPUS DIGITAL CAMERA<\/p><\/div>\r\n<div id=\"attachment_2950\" style=\"width: 2570px\" class=\"wp-caption aligncenter\"><a href=\"https:\/\/incuxhaven.de\/wp-content\/uploads\/2025\/04\/P4260026-scaled.jpg\"><img loading=\"lazy\" decoding=\"async\" aria-describedby=\"caption-attachment-2950\" class=\"size-full wp-image-2950\" src=\"https:\/\/incuxhaven.de\/wp-content\/uploads\/2025\/04\/P4260026-scaled.jpg\" alt=\"\" width=\"2560\" height=\"1920\" srcset=\"https:\/\/incuxhaven.de\/wp-content\/uploads\/2025\/04\/P4260026-scaled.jpg 2560w, https:\/\/incuxhaven.de\/wp-content\/uploads\/2025\/04\/P4260026-300x225.jpg 300w, https:\/\/incuxhaven.de\/wp-content\/uploads\/2025\/04\/P4260026-1024x768.jpg 1024w, https:\/\/incuxhaven.de\/wp-content\/uploads\/2025\/04\/P4260026-768x576.jpg 768w, https:\/\/incuxhaven.de\/wp-content\/uploads\/2025\/04\/P4260026-1536x1152.jpg 1536w, https:\/\/incuxhaven.de\/wp-content\/uploads\/2025\/04\/P4260026-2048x1536.jpg 2048w, https:\/\/incuxhaven.de\/wp-content\/uploads\/2025\/04\/P4260026-1200x900.jpg 1200w, https:\/\/incuxhaven.de\/wp-content\/uploads\/2025\/04\/P4260026-1400x1050.jpg 1400w\" sizes=\"auto, (max-width: 2560px) 100vw, 2560px\" \/><\/a><p id=\"caption-attachment-2950\" class=\"wp-caption-text\">OLYMPUS DIGITAL CAMERA<\/p><\/div>\r\n<div id=\"attachment_2953\" style=\"width: 1930px\" class=\"wp-caption aligncenter\"><a href=\"https:\/\/incuxhaven.de\/wp-content\/uploads\/2025\/04\/P4260037-scaled.jpg\"><img loading=\"lazy\" decoding=\"async\" aria-describedby=\"caption-attachment-2953\" class=\"size-full wp-image-2953\" src=\"https:\/\/incuxhaven.de\/wp-content\/uploads\/2025\/04\/P4260037-scaled.jpg\" alt=\"\" width=\"1920\" height=\"2560\" srcset=\"https:\/\/incuxhaven.de\/wp-content\/uploads\/2025\/04\/P4260037-scaled.jpg 1920w, https:\/\/incuxhaven.de\/wp-content\/uploads\/2025\/04\/P4260037-225x300.jpg 225w, https:\/\/incuxhaven.de\/wp-content\/uploads\/2025\/04\/P4260037-768x1024.jpg 768w, https:\/\/incuxhaven.de\/wp-content\/uploads\/2025\/04\/P4260037-1152x1536.jpg 1152w, https:\/\/incuxhaven.de\/wp-content\/uploads\/2025\/04\/P4260037-1536x2048.jpg 1536w, https:\/\/incuxhaven.de\/wp-content\/uploads\/2025\/04\/P4260037-1200x1600.jpg 1200w, https:\/\/incuxhaven.de\/wp-content\/uploads\/2025\/04\/P4260037-1400x1867.jpg 1400w, https:\/\/incuxhaven.de\/wp-content\/uploads\/2025\/04\/P4260037-300x400.jpg 300w\" sizes=\"auto, (max-width: 1920px) 100vw, 1920px\" \/><\/a><p id=\"caption-attachment-2953\" class=\"wp-caption-text\">OLYMPUS DIGITAL CAMERA<\/p><\/div>\r\n<div id=\"attachment_2951\" style=\"width: 2570px\" class=\"wp-caption aligncenter\"><a href=\"https:\/\/incuxhaven.de\/wp-content\/uploads\/2025\/04\/P4260031-scaled.jpg\"><img loading=\"lazy\" decoding=\"async\" aria-describedby=\"caption-attachment-2951\" class=\"size-full wp-image-2951\" src=\"https:\/\/incuxhaven.de\/wp-content\/uploads\/2025\/04\/P4260031-scaled.jpg\" alt=\"\" width=\"2560\" height=\"1920\" srcset=\"https:\/\/incuxhaven.de\/wp-content\/uploads\/2025\/04\/P4260031-scaled.jpg 2560w, https:\/\/incuxhaven.de\/wp-content\/uploads\/2025\/04\/P4260031-300x225.jpg 300w, https:\/\/incuxhaven.de\/wp-content\/uploads\/2025\/04\/P4260031-1024x768.jpg 1024w, https:\/\/incuxhaven.de\/wp-content\/uploads\/2025\/04\/P4260031-768x576.jpg 768w, https:\/\/incuxhaven.de\/wp-content\/uploads\/2025\/04\/P4260031-1536x1152.jpg 1536w, https:\/\/incuxhaven.de\/wp-content\/uploads\/2025\/04\/P4260031-2048x1536.jpg 2048w, https:\/\/incuxhaven.de\/wp-content\/uploads\/2025\/04\/P4260031-1200x900.jpg 1200w, https:\/\/incuxhaven.de\/wp-content\/uploads\/2025\/04\/P4260031-1400x1050.jpg 1400w\" sizes=\"auto, (max-width: 2560px) 100vw, 2560px\" \/><\/a><p id=\"caption-attachment-2951\" class=\"wp-caption-text\">OLYMPUS DIGITAL CAMERA<\/p><\/div>\r\n<div id=\"attachment_2990\" style=\"width: 1930px\" class=\"wp-caption aligncenter\"><a href=\"https:\/\/incuxhaven.de\/wp-content\/uploads\/2025\/04\/P4260130-scaled.jpg\"><img loading=\"lazy\" decoding=\"async\" aria-describedby=\"caption-attachment-2990\" class=\"size-full wp-image-2990\" src=\"https:\/\/incuxhaven.de\/wp-content\/uploads\/2025\/04\/P4260130-scaled.jpg\" alt=\"\" width=\"1920\" height=\"2560\" srcset=\"https:\/\/incuxhaven.de\/wp-content\/uploads\/2025\/04\/P4260130-scaled.jpg 1920w, https:\/\/incuxhaven.de\/wp-content\/uploads\/2025\/04\/P4260130-225x300.jpg 225w, https:\/\/incuxhaven.de\/wp-content\/uploads\/2025\/04\/P4260130-768x1024.jpg 768w, https:\/\/incuxhaven.de\/wp-content\/uploads\/2025\/04\/P4260130-1152x1536.jpg 1152w, https:\/\/incuxhaven.de\/wp-content\/uploads\/2025\/04\/P4260130-1536x2048.jpg 1536w, https:\/\/incuxhaven.de\/wp-content\/uploads\/2025\/04\/P4260130-1200x1600.jpg 1200w, https:\/\/incuxhaven.de\/wp-content\/uploads\/2025\/04\/P4260130-1400x1867.jpg 1400w, https:\/\/incuxhaven.de\/wp-content\/uploads\/2025\/04\/P4260130-300x400.jpg 300w\" sizes=\"auto, (max-width: 1920px) 100vw, 1920px\" \/><\/a><p id=\"caption-attachment-2990\" class=\"wp-caption-text\">OLYMPUS DIGITAL CAMERA<\/p><\/div>\r\n<div id=\"attachment_2943\" style=\"width: 1930px\" class=\"wp-caption aligncenter\"><a href=\"https:\/\/incuxhaven.de\/wp-content\/uploads\/2025\/04\/P4260004-scaled.jpg\"><img loading=\"lazy\" decoding=\"async\" aria-describedby=\"caption-attachment-2943\" class=\"size-full wp-image-2943\" src=\"https:\/\/incuxhaven.de\/wp-content\/uploads\/2025\/04\/P4260004-scaled.jpg\" alt=\"\" width=\"1920\" height=\"2560\" srcset=\"https:\/\/incuxhaven.de\/wp-content\/uploads\/2025\/04\/P4260004-scaled.jpg 1920w, https:\/\/incuxhaven.de\/wp-content\/uploads\/2025\/04\/P4260004-225x300.jpg 225w, https:\/\/incuxhaven.de\/wp-content\/uploads\/2025\/04\/P4260004-768x1024.jpg 768w, https:\/\/incuxhaven.de\/wp-content\/uploads\/2025\/04\/P4260004-1152x1536.jpg 1152w, https:\/\/incuxhaven.de\/wp-content\/uploads\/2025\/04\/P4260004-1536x2048.jpg 1536w, https:\/\/incuxhaven.de\/wp-content\/uploads\/2025\/04\/P4260004-1200x1600.jpg 1200w, https:\/\/incuxhaven.de\/wp-content\/uploads\/2025\/04\/P4260004-1400x1867.jpg 1400w, https:\/\/incuxhaven.de\/wp-content\/uploads\/2025\/04\/P4260004-300x400.jpg 300w\" sizes=\"auto, (max-width: 1920px) 100vw, 1920px\" \/><\/a><p id=\"caption-attachment-2943\" class=\"wp-caption-text\">OLYMPUS DIGITAL CAMERA<\/p><\/div>\r\n<div id=\"attachment_2963\" style=\"width: 1930px\" class=\"wp-caption aligncenter\"><a href=\"https:\/\/incuxhaven.de\/wp-content\/uploads\/2025\/04\/P4260066-scaled.jpg\"><img loading=\"lazy\" decoding=\"async\" aria-describedby=\"caption-attachment-2963\" class=\"size-full wp-image-2963\" src=\"https:\/\/incuxhaven.de\/wp-content\/uploads\/2025\/04\/P4260066-scaled.jpg\" alt=\"\" width=\"1920\" height=\"2560\" srcset=\"https:\/\/incuxhaven.de\/wp-content\/uploads\/2025\/04\/P4260066-scaled.jpg 1920w, https:\/\/incuxhaven.de\/wp-content\/uploads\/2025\/04\/P4260066-225x300.jpg 225w, https:\/\/incuxhaven.de\/wp-content\/uploads\/2025\/04\/P4260066-768x1024.jpg 768w, https:\/\/incuxhaven.de\/wp-content\/uploads\/2025\/04\/P4260066-1152x1536.jpg 1152w, https:\/\/incuxhaven.de\/wp-content\/uploads\/2025\/04\/P4260066-1536x2048.jpg 1536w, https:\/\/incuxhaven.de\/wp-content\/uploads\/2025\/04\/P4260066-1200x1600.jpg 1200w, https:\/\/incuxhaven.de\/wp-content\/uploads\/2025\/04\/P4260066-1400x1867.jpg 1400w, https:\/\/incuxhaven.de\/wp-content\/uploads\/2025\/04\/P4260066-300x400.jpg 300w\" sizes=\"auto, (max-width: 1920px) 100vw, 1920px\" \/><\/a><p id=\"caption-attachment-2963\" class=\"wp-caption-text\">OLYMPUS DIGITAL CAMERA<\/p><\/div>\r\n<h3><strong>Koalitionsvertrag, Einsch\u00e4tzungen und Folgen<\/strong><\/h3>\r\n<p>Hier gehts zum aktuellen Newsletter Nr. 11 des <strong>Netzwerks &#8222;Gleiche soziale Rechte f\u00fcr ALLE&#8220; <\/strong>mit zahlreichen Einsch\u00e4tzungen zum Koalitionsvertrag von CDU, CSU und SPD.\u00a0<br \/><a class=\"moz-txt-link-freetext\" href=\"mailto:info@asylblg-abschaffen.de\">info@asylblg-abschaffen.de<\/a><\/p>\r\n<p><strong><a href=\"https:\/\/incuxhaven.de\/wp-content\/uploads\/2025\/04\/Newsletter-Nr.-11-Koalitionsvertrag.pdf\">Newsletter Nr. 11 &#8211; Koalitionsvertrag<\/a><\/strong><\/p>\r\n<hr \/>\r\n<p><strong>Pressemitteilung vom 11.03.2025 <br \/><\/strong>Clara B\u00fcnger Sprecherin f\u00fcr Flucht- und Rechtspolitik Die Linke<\/p>\r\n<h3 class=\"western\"><strong>EU will Abschiebemaschinerie perfektionieren<\/strong><\/h3>\r\n<p class=\"western\">\u201eAbschiebelager in Drittstaaten, Ausweitung von Abschiebehaft und eine europ\u00e4ische<br \/>Abschiebeanordnung \u2013 auch auf EU-Ebene wird l\u00e4ngst weiter daran gearbeitet, die<br \/>Abschiebemaschinerie zu perfektionieren. Was diese Pl\u00e4ne f\u00fcr Menschen mit<br \/>unsicherem Aufenthaltsstatus bedeuten, liegt auf der Hand: Noch mehr H\u00e4rte der<br \/>Beh\u00f6rden, mehr rechtswidrige Abschiebehaft, mehr Abschiebungen in Krieg, Folter<br \/>und Elend. Als Linke werden wir an der Seite der Betroffenen und zusammen mit<br \/>zivilgesellschaftlichen Organisationen daf\u00fcr k\u00e4mpfen, dass die Vorschl\u00e4ge der<br \/>Kommission weder beschlossen noch umgesetzt werden\u201c, erkl\u00e4rt Clara B\u00fcnger,<br \/>fluchtpolitische Sprecherin der Linken im Bundestag, zu geplanten Versch\u00e4rfungen der<br \/>EU-R\u00fcckf\u00fchrungsrichtlinie. B\u00fcnger weiter:<br \/>\u201eBesonders skandal\u00f6s ist das Vorhaben, abgelehnte Asylsuchende in Drittstaaten<br \/>abzuschieben und sie dort in Abschiebelagern festzusetzen \u2013 in einem rechtlosen<br \/>Zustand und ohne jede Perspektive auf ein sicheres Leben. Alle bisherigen Versuche,<br \/>Gefl\u00fcchtete in Drittstaaten \u201aauszulagern\u2018, haben zu massiven<br \/>Menschenrechtsverletzungen gef\u00fchrt, und es gibt keinen Grund anzunehmen, dass<br \/>das k\u00fcnftig anders sein k\u00f6nnte. Deshalb m\u00fcssen diese Versuche ein f\u00fcr alle Mal<br \/>beendet werden.<\/p>\r\n<hr \/>\r\n<h5 class=\"western\">\u201cPressemitteilungvon PRO ASYL<\/h5>\r\n<h1 class=\"western\"><strong>Frauen mit Flucht- und Migrationserfahrung brauchen besseren Schutz vor Gewalt!<\/strong><\/h1>\r\n<p>07.03.2025<\/p>\r\n<strong>Zum Internationalen Frauentag am 8. M\u00e4rz 2025 kritisieren DaMigra, Frauenhauskoordinierung e.V. und PRO ASYL: Gefl\u00fcchtete und migrantische Frauen sind immer noch in besonderer Weise mit Gewalt konfrontiert und strukturelle H\u00fcrden erschweren ihnen den Weg zu ad\u00e4quater Hilfe. Deutschland muss die Istanbul-Konvention wirksam umsetzen und das Schutz- und Hilfesystem f\u00fcr Frauen mit Flucht- und Migrationserfahrung dringend verbessern.<\/strong>\r\n<p>Frauen mit Flucht- und Migrationserfahrung sind h\u00e4ufig mehrfacher Gewalt ausgesetzt: Sie erleben strukturelle Diskriminierung und sind sowohl rassistischen \u00dcbergriffen als auch geschlechtsspezifischer Gewalt ausgesetzt \u2013 sei es im \u00f6ffentlichen Raum, in Unterk\u00fcnften f\u00fcr Gefl\u00fcchtete oder im h\u00e4uslichen Umfeld. Dennoch unternimmt Deutschland nach wie vor nicht genug, um Frauen und M\u00e4dchen wirksam und umfassend vor Gewalt zu sch\u00fctzen.<\/p>\r\n<p>Die <strong>Ehebestandszeit <\/strong>zwingt gewaltbetroffene Frauen, bis zu drei Jahre in der Ehe zu verbleiben, bevor sie ein eigenst\u00e4ndiges Aufenthaltsrecht erhalten (\u00a7 31 Aufenthaltsgesetz). Ein H\u00e4rtefallantrag ist mit gro\u00dfen H\u00fcrden und unsicherem Ausgang verbunden. Zudem liegt eine hohe Beweislast bei den Betroffenen. Besonders psychische, wirtschaftliche oder digitale Gewalt wird von Beh\u00f6rden oft nicht anerkannt.<\/p>\r\n<p>Dr. Delal Atmaca vom Dachverband der Migrantinnenorganisationen DaMigra erkl\u00e4rt: \u201eDie Ehebestandszeit ist in der Praxis ein gro\u00dfes Problem. Gewaltaus\u00fcbende Partner nutzen die Vorschrift als Druckmittel und drohen der Frau im Fall der Trennung mit Abschiebung durch die Beh\u00f6rden. Vorgesehene H\u00e4rtefallregelungen scheitern oft an der Beh\u00f6rdenpraxis. Frauen und ihre Kinder verharren so oft viel zu lang in einer gef\u00e4hrlichen Situation.\u201d Viele Frauen, die sich aus schwierigen Lebenssituationen befreien wollen, m\u00fcssen erst ihren Lebensunterhalt selbst sichern, um ein Aufenthaltsrecht zu erhalten. Erschwerend hinzu kommen der Gender- und Migrations-Pay-Gap, prek\u00e4re Jobs und nicht anerkannte Abschl\u00fcsse. \u201eDie Politik fordert Eigenst\u00e4ndigkeit, h\u00e4lt Frauen aber strukturell in Abh\u00e4ngigkeit. Aufenthaltsrechtliche Sicherheit muss Vorrang haben \u2013 erst dann wird \u00f6konomische Unabh\u00e4ngigkeit m\u00f6glich.\u201d<\/p>\r\n<p>Gefl\u00fcchtete Frauen unterliegen oft einer <strong>Wohnsitzauflage<\/strong>, die ihnen den Umzug verbietet. Sibylle Schreiber von Frauenhauskoordinierung e. V. (FHK) kritisiert: \u201eDie Wohnsitzauflage verhindert oft, dass Frauen schnell und unb\u00fcrokratisch in ein Frauenhaus aufgenommen werden k\u00f6nnen. Die vorhandene H\u00e4rtefallregelung ist unzureichend. Zudem gibt es noch immer zu wenig Frauenhauspl\u00e4tze und f\u00fcr Sprachmittlung keine Finanzierung. Die durch das im Februar 2025 beschlossene Gewalthilfegesetz geplanten Verbesserungen sind sehr begr\u00fc\u00dfenswert \u2013 aber es wird noch Jahre dauern, bis sie fl\u00e4chendeckend in allen Bundesl\u00e4ndern greifen. Das System au\u00dferhalb der Schutzh\u00e4user, wie etwa die spezialisierte psychosoziale und psychologische Versorgung von Gewaltbetroffenen, ist unterfinanziert.\u201d<\/p>\r\n<p>Andrea Kothen von PRO ASYL kritisiert: \u201eDie Wohnsituation gefl\u00fcchteter Frauen ist vielerorts katastrophal und selbst strukturell gewaltvoll: Die Misere beginnt schon damit, dass sie, statt in Wohnungen leben zu k\u00f6nnen, \u00fcber viele Monate und sogar Jahre in kasernenartige Massenunterk\u00fcnfte gezwungen werden. Die Frauen leiden dort unter den beengten Wohnverh\u00e4ltnissen, fehlender Privatsph\u00e4re, einer isolierten Lage, mangelnden Beschwerdestrukturen und sogar eklatanten Sicherheitsm\u00e4ngeln wie nicht abschlie\u00dfbaren Sanit\u00e4rr\u00e4umen. Es muss endlich fl\u00e4chendeckende und verbindliche Gewaltschutzstandards\u00a0geben.\u201d<\/p>\r\n<p>Die 2024 erfolgte Versch\u00e4rfung des Asylbewerberleistungsgesetzes, wonach Gefl\u00fcchtete nun drei Jahre statt wie zuvor 18 Monate von den normalen <strong>Gesundheitsleistungen <\/strong>der Krankenkassen ausgeschlossen bleiben, verschlimmert die Lage weiter. \u201eViele gefl\u00fcchtete Frauen, auch solche mit gravierenden Gewalterfahrungen und Traumatisierungen, erhalten kaum Zugang zu medizinischer oder psychologischer Hilfe. Das ist nicht nur unzureichender Gewaltschutz \u2013 hier wird die Gesundheit und Zukunft der Frauen aufs Spiel gesetzt\u201c, beklagt Andrea Kothen von PRO\u00a0ASYL.<\/p>\r\n<p><strong>Istanbul-Konvention f\u00fcr alle Frauen in Deutschland umsetzen!<\/strong><\/p>\r\n<p>Die Istanbul-Konvention (\u201e\u00dcbereinkommen des Europarates zur Verh\u00fctung und Bek\u00e4mpfung von Gewalt gegen Frauen und h\u00e4usliche Gewalt\u201c) <a href=\"https:\/\/www.proasyl.de\/news\/grevio-bericht-was-deutschland-zum-schutz-gefluechteter-frauen-und-maedchen-tun-muss\/\">verpflichtet die Bundesrepublik<\/a> dazu, ausnahmslos alle Frauen vor Gewalt zu sch\u00fctzen und im Gewaltfall Hilfe zu gew\u00e4hren. DaMigra, FHK und PRO ASYL appellieren an die k\u00fcnftige Bundesregierung, die Verpflichtungen aus der Istanbul-Konvention schnellstm\u00f6glich anzupacken. F\u00fcr die Beseitigung konkreter Missst\u00e4nde, besonders mit Blick auf Migrierte oder Gefl\u00fcchtete, sieht das Europaratsgremium GREVIO eine <a href=\"https:\/\/rm.coe.int\/ic-cp-inf-2022-8-cop-recommendation-germany-eng\/1680a952e5\">Umsetzungsfrist <\/a><a href=\"https:\/\/rm.coe.int\/ic-cp-inf-2022-8-cop-recommendation-germany-eng\/1680a952e5\">bis Dezember 2025<\/a> vor.<\/p>\r\n<p><u>Kontakte f\u00fcr Presseanfragen<\/u><\/p>\r\nPRO ASYL: Tel. 069\u201320231430, <a class=\"moz-txt-link-freetext\" href=\"mailto:presse@proasyl.de\">presse@proasyl.de<\/a><\/div>\r\n<div>Frauenhauskoordinierung e. V.: Juliane Fiegler, Tel.: 0163\u20135142292, <a class=\"moz-txt-link-abbreviated\" href=\"mailto:presse@frauenhauskoordinierung.de\">presse@frauenhauskoordinierung.de<\/a><\/div>\r\n<div>DaMigra: Rita Stockhowe, Tel: 0159\u201304979969, <a class=\"moz-txt-link-freetext\" href=\"mailto:presse@damigra.de\">presse@damigra.de<\/a><br \/>\r\n<p>&nbsp;<\/p>\r\n<p>&nbsp;<\/p>\r\n<p><strong>Gemeinsame Presseerkl\u00e4rung von PRO ASYL und Greenpeace<br \/>6. <\/strong><strong>M\u00e4rz 2025<\/strong><\/p>\r\n<h4><strong>Asyl- und klimapolitische Forderungen der Union rechtlich nicht haltbar \u2013 <\/strong><br \/><strong>PRO ASYL und Greenpeace warnen vor Scheinl\u00f6sungen<\/strong><\/h4>\r\n<p><strong>Nach einem neuen <a href=\"https:\/\/www.proasyl.de\/wp-content\/uploads\/Kurzexpertise_Asyl_Klima_Guenther.pdf\"> Rechtsgutachten<\/a> der Kanzlei G\u00fcnther, das PRO ASYL und Greenpeace heute gemeinsam ver\u00f6ffentlichen, versto\u00dfen mehrere Vorschl\u00e4ge der Union zur Asyl- und Klimapolitik aus dem Wahlkampf gegen europ\u00e4ische und internationale Verpflichtungen.\u00a0 <\/strong><br \/><strong><br \/>Grundgesetz, Menschen und Klima sch\u00fctzen <\/strong><br \/><br \/>So sieht die Hamburger Anwaltskanzlei G\u00fcnther unbefristete Grenzkontrollen und eine pauschale Zur\u00fcckweisung von Schutzsuchenden an deutschen Grenzen als nicht rechtskonform an. \u201cNationale Alleing\u00e4nge gef\u00e4hrden den europ\u00e4ischen Zusammenhalt und bringen keine L\u00f6sungen\u201d, sagt Tareq Alaows, fl\u00fcchtlingspolitischer Sprecher von PRO ASYL. \u201cN\u00f6tig ist stattdessen die Einhaltung europ\u00e4ischer Standards, die allen Asylsuchenden ein faires Verfahren und menschenw\u00fcrdige Aufnahmebedingungen garantiert.\u201d <br \/><br \/>Dauerhafte Kontrollen versto\u00dfen gegen den Auftrag im deutschen Grundgesetz, ein vereintes Europa zu verwirklichen (Artikel 23), und sind somit voraussichtlich auch verfassungswidrig. Die Zur\u00fcckweisung an der Grenze widerspricht der Dublin-III-Verordnung, wonach gepr\u00fcft werden muss, welches europ\u00e4ische Land f\u00fcr das Asylverfahren verantwortlich ist, und dem Recht auf Asyl (Artikel 16a Grundgesetz). Auch praktisch ist dieser Vorschlag nicht umzusetzen. <br \/><br \/>Das Rechtsgutachten bewertet die Vorschl\u00e4ge der Union zum Klimaschutz, wie die angek\u00fcndigte Abschaffung des europ\u00e4ischen Zulassungsverbots f\u00fcr Neuwagen mit Verbrennungsmotor, als ebenso problematisch wie die Demontage des Geb\u00e4udeenergiegesetzes. Diese Ma\u00dfnahmen gef\u00e4hrdeten die Klimaziele und widersprechen Artikel 20a des Grundgesetzes, der den Schutz der nat\u00fcrlichen Lebensgrundlagen auch f\u00fcr zuk\u00fcnftige Generationen sichert. <br \/><br \/>Zudem f\u00fchrt die angek\u00fcndigte Abschaffung des Verbandsklagerechts f\u00fcr Infrastrukturprojekte zu massiven rechtlichen Problemen, da sie die Umweltrechtsvorgaben der Aarhus-Konvention untergr\u00e4bt und gegen die EU-Richtlinie zur \u00d6ffentlichkeitsbeteiligung verst\u00f6\u00dft. <br \/><br \/>\u201cEine Politik, die unsere Lebensgrundlagen zur Verhandlungsmasse erkl\u00e4rt, k\u00f6nnen wir uns nicht l\u00e4nger leisten. Jede Regierung muss sich an geltendes Recht halten, ob es ihr gef\u00e4llt oder nicht\u201d, sagt Baro Vicenta Ra Gabbert, Vorstandssprecherin sozial-\u00f6kologische Gerechtigkeit von Greenpeace Deutschland. <br \/><br \/><strong>Appell an die verantwortlichen Politikerinnen und Politiker<\/strong> <br \/><br \/>Die beiden Organisationen appellieren an die Union und die SPD: Setzen Sie auf eine Politik, die Probleme l\u00f6st, statt langfristige Krisen zu versch\u00e4rfen. Eine Politik, die sich an Rechtsstaatlichkeit, sozialer Gerechtigkeit und \u00f6kologischer Verantwortung orientiert, ist notwendig und machbar. Sie garantiert den sozialen Frieden und damit Sicherheit f\u00fcr die Menschen. Die aktuellen Herausforderungen unter anderem in der Migrations- und Klimapolitik erfordern rechtskonforme und umsetzbare L\u00f6sungen.<br \/><br \/><strong>R\u00fcckfragen bitte an <\/strong><br \/><strong>Tareq Alaows:<\/strong> <a href=\"mailto:presse@proasyl.de\">presse@proasyl.de<\/a>, Tel. 069-24231430 <br \/><strong>Baro Vicenta Ra Gabbert<\/strong>: \u00fcber Pressesprecherin Elena Boeck, <a href=\"mailto:baro.gabbert@greenpeace.org\">e.boeck@greenpeace.org<\/a>, Tel. 0175-194756<\/p>\r\n<hr \/>\r\n<h4><strong>Die Lehren von Auschwitz verstehen\u2026<\/strong><\/h4>\r\n<p>Am 27. Januar vor genau 80 Jahren haben Soldaten der Roten Armee die Gefangenen im Konzentrationslager von Auschwitz befreit, wo mehr als eine Million Menschen von den Nazis ermordet wurden. In Erinnerung an diese und weitere Opfer des Faschismus gelobten die V\u00e4ter und M\u00fctter des Grundgesetzes: Nie wieder soll die staatliche Gewalt in Deutschland Menschen ihrer W\u00fcrde berauben. Und nie wieder sollen diejenigen, die aus ihrem Land fl\u00fcchten m\u00fcssen, vor verschlossenen Grenzen stehen.<\/p>\r\n<p>hier geht&#8217;s weiter:<\/p>\r\n<\/div>\r\n<div class=\"postdate\"><a href=\"https:\/\/incuxhaven.de\/wp-content\/uploads\/2025\/02\/Leserbrief-Cuxhavener-Nachrichten-04.02.25-Lehren-von-Auschwitz.pdf\">Leserbrief Cuxhavener Nachrichten 04.02.25 Lehren von Auschwitz<\/a><\/div>\r\n<div><hr \/><\/div>\r\n<div class=\"postdate\">2. August 2024<\/div>\r\n<div class=\"social-box\">\u00a0<\/div>\r\n<\/div>\r\n<header class=\"entry-header\">\r\n<h3 class=\"entry-title\"><strong>Zehn Jahre nach dem V\u00f6lkermord: <br \/>Fl\u00fcchtlingsrat fordert Schutz f\u00fcr Jesid*innen<\/strong><\/h3>\r\n<\/header>\r\n<div class=\"entry-content\">\r\n<p>Am 3. August j\u00e4hrt sich der V\u00f6lkermord an den Jesid*innen im Nordirak zum zehnten Mal. Zu diesem Anlass fordert der Fl\u00fcchtlingsrat die nieders\u00e4chsische Landesregierung auf, die Abschiebungen aller Jesid*innen auszusetzen. Den \u00dcberlebenden des vom Bundestag anerkannten V\u00f6lkermordes muss Schutz geboten werden.<br \/><a href=\"https:\/\/www.nds-fluerat.org\/60004\/aktuelles\/zehn-jahre-nach-dem-voelkermord-fluechtlingsrat-fordert-schutz-fuer-jesidinnen\/\">https:\/\/www.nds-fluerat.org\/60004\/aktuelles\/zehn-jahre-nach-dem-voelkermord-fluechtlingsrat-fordert-schutz-fuer-jesidinnen\/<\/a><\/p>\r\n<\/div>\r\n<hr \/>\r\n<p><strong>Gemeinsame Presseerkl\u00e4rung<\/strong><br \/><strong>24. Juli 2024<\/strong><\/p>\r\n<h2><strong>Etappensieg im Eilverfahren gegen restriktive Bezahlkarte: <\/strong><br \/><strong>PRO ASYL und GFF unterst\u00fctzen klagende Familie<\/strong><br \/><strong><br \/><\/strong><\/h2>\r\n<p><strong>PRO ASYL und die Gesellschaft f\u00fcr Freiheitsrechte (GFF) haben gemeinsam mit einer schutzsuchenden Familie vor dem Sozialgericht Hamburg einen Erfolg gegen die restriktiven Beschr\u00e4nkungen der Bezahlkarte erzielt. Die <a href=\"https:\/\/proasylde.emlnk1.com\/lt.php?x=3TxtmrUFUqPUT55qA3P3U.lv1nyljNYkjMo0Xqc5KXbN7sB8y_~OV.eh~aAlvdBfx1O2YHYWInCd763~2NPMWOh\">Eilentscheidung des Sozialgerichts Hamburg<\/a> stellt klar: Die pauschale Festsetzung des Bargeldbetrages auf 50 Euro ohne Ber\u00fccksichtigung der pers\u00f6nlichen und \u00f6rtlichen Umst\u00e4nde der Betroffenen ist rechtswidrig. Mit der Entscheidung ist ein Schritt mehr getan, um das menschenw\u00fcrdige Leben schutzsuchender Menschen in Deutschland zu sichern.<br \/><br \/><\/strong>Das Hamburger Amt f\u00fcr Migration darf sich nach der sozialgerichtlichen Entscheidung nicht auf die Beschlussempfehlung der Ministerpr\u00e4sident*innenkonferenz berufen, die im Juni dieses Jahres eine Bargeldbeschr\u00e4nkung von 50 Euro pro Person vereinbart hatte. Das Gericht spricht der Familie zun\u00e4chst einen Bargeldbetrag von knapp 270 Euro zu.<br \/><br \/><strong>Mehrere Klagen gegen die Bezahlkarte<\/strong><br \/><br \/>PRO ASYL und die GFF zielen derzeit mit mehreren Klagen darauf ab, die Einf\u00fchrung von restriktiv ausgestalteten Bezahlkarte zu stoppen, weil sie Grundrechte von Gefl\u00fcchteten verletzen.<br \/><br \/>\u201eDie Einf\u00fchrung einer Bezahlkarte mit erheblichen Beschr\u00e4nkungen missachtet die Grundrechte der Betroffenen. Die Entscheidung aus Hamburg best\u00e4tigt, dass eine pauschale Bargeldobergrenze von maximal 50 Euro f\u00fcr Schutzsuchende nicht haltbar ist, ohne das menschenw\u00fcrdige Existenzminimum zu gef\u00e4hrden\u201c, betont Lena Frerichs, Verfahrenskoordinatorin und Juristin bei der GFF. \u201eExistenzsichernde Leistungen m\u00fcssen sich an den konkreten Bed\u00fcrfnissen und Umst\u00e4nden des Einzelfalls orientieren. Eine Mammutaufgabe f\u00fcr die Verwaltung \u2013 aber unabdingbar zur Wahrung der Grundrechte.\u201c<br \/><br \/><strong>Bezahlkarte: b\u00fcrokratischer Irrsinn<\/strong><br \/><br \/>\u201eDie Bezahlkarte in Hamburg erschwert den Alltag der Betroffenen massiv. Gefl\u00fcchtete k\u00f6nnen sich kaum angemessen versorgen. G\u00fcnstige Onlineeink\u00e4ufe oder private Gebrauchtwareneink\u00e4ufe sind mit der Bezahlkarte ebenso wenig m\u00f6glich wie der Abschluss eines Handyvertrages oder die Anmeldung im Sportverein; auch akzeptiert nicht jeder Laden die Bezahlkarte. Dass diese Unterversorgung verfassungswidrig ist, zeigt die Eilentscheidung. Die Entscheidung zeigt auch, welcher b\u00fcrokratischer Irrsinn auf die Kommunen zukommt, die eine Bezahlkarte einf\u00fchren wollen. Sie sollten sich dreimal \u00fcberlegen, ob sie sich diese Mehrbelastung ihrer Verwaltung wirklich leisten k\u00f6nnen\u201c, erkl\u00e4rt Wiebke Judith, rechtspolitische Sprecherin von PRO ASYL.<br \/><br \/><strong>Zum Fall<\/strong><br \/><br \/>Der klagenden Familie, die in einer Erstaufnahmeeinrichtung in Hamburg wohnt, steht seit Einf\u00fchrung der Bezahlkarte pauschal ein Bargeldbetrag von 110 Euro zur Verf\u00fcgung, den sie von der Bezahlkarte abheben kann. Mit diesem Betrag k\u00f6nnen die schwangere Antragstellerin, ihr Kleinkind und ihr Mann nicht die n\u00f6tigen lebensnotwendigen Eink\u00e4ufe t\u00e4tigen, die Bargeld erfordern. Die Entscheidung des Sozialgerichts Hamburg erteilt der pauschalen Bargeldobergrenze der Bezahlkarte nun eine Absage.<br \/><br \/><strong>Aktuelle Praxis der Bezahlkarte<\/strong><br \/><br \/>Bis auf Bayern und Mecklenburg-Vorpommern haben sich die Bundesl\u00e4nder auf die einheitliche Einf\u00fchrung einer Bezahlkarte verst\u00e4ndigt. Mit Beschluss der Ministerpr\u00e4sident*innenkonferenz im Juni dieses Jahres einigten sich die Bundesl\u00e4nder auf eine Bargeldobergrenze von maximal 50 Euro.<br \/><br \/>Hamburg startete im Februar 2024 als erstes Bundesland mit der Bezahlkarte in Form der Hamburger SocialCard. Das Sozialgericht Hamburg stellt nun klar, dass das Hamburger Amt f\u00fcr Migration sich bei der Festlegung der Bargeldobergrenze nicht ohne Pr\u00fcfung des Einzelfalles am empfehlenden Beschluss der Ministerpr\u00e4sident*innenkonferenz orientieren darf.<br \/><br \/>In der Konsequenz bedeutet die Einf\u00fchrung einer Bezahlkarte mit Bargeldbeschr\u00e4nkungen f\u00fcr die \u00fcberlasteten Kommunen einen erheblich gr\u00f6\u00dferen Aufwand als die Ausgabe einer Bezahlkarte ohne Bargeldbeschr\u00e4nkungen, da die Bargeldobergrenze jeweils im Einzelfall festgelegt werden muss oder Leistungen teilweise in bar ausgezahlt werden m\u00fcssen.<br \/><br \/>Das Hamburger Amt f\u00fcr Migration kann gegen die Entscheidung des Sozialgerichts Beschwerde einlegen. PRO ASYL und die GFF gehen mit weiteren Verfahren gegen restriktive Bezahlkartenregelungen vor, die den grundrechtlichen Anspruch auf ein menschenw\u00fcrdiges Existenzminimum schutzsuchender Menschen missachten.<br \/><br \/>PRO ASYL finanziert diese und weitere Klagen mit dem Rechtshilfefonds, mit dem PRO ASYL j\u00e4hrlich Hunderte von Menschen dabei unterst\u00fctzt, zu ihrem Recht zu kommen.<br \/><br \/><strong>Weitere Informationen zum Verfahren finden Sie unter:<\/strong> <br \/><a href=\"https:\/\/proasylde.emlnk1.com\/lt.php?x=3TxtmrUFUqPUT55qA3P3U.lv1nyljNYkjMo0Xqc5KXbN7sB8y_~OV.eh~aAlvdBfx1O2YHYWInCd763~2NPNU.J\"> https:\/\/freiheitsrechte.org\/bezahlkarte<\/a><br \/><br \/><br \/><strong>F\u00fcr R\u00fcckfragen:<\/strong><br \/><br \/><strong>Pressestelle von PRO ASYL<\/strong><br \/><a href=\"mailto:presse@proasyl.de\">presse@proasyl.de<\/a><br \/>Tel. 069\/24 23 14 30<br \/><br \/><strong>Pressestelle der GFF<\/strong><br \/><a href=\"mailto:presse@freiheitsrechte.org\">presse@freiheitsrechte.org<\/a><br \/>Tel. 030\/549 08 10 55<\/p>\r\n<hr \/>\r\n<h3>\u00a0<\/h3>\r\n<h3 class=\"entry-title\"><strong>Gerade jetzt: Rechtsstaat st\u00e4rken! V\u00f6lkerrechtswidrige Abschiebungen nach Afghanistan und Syrien sind damit unvereinbar<\/strong><\/h3>\r\n<\/header>\r\n<div class=\"entry-content\">\r\n<div>\r\n<p>Der Republikanische Anw\u00e4ltinnen- und Anw\u00e4lteverein (RAV), die Neue Richter*innenvereinigung (NRV), die Arbeitsgemeinschaft Migrationsrecht des Deutschen Anwaltverein (DAV), PRO ASYL und die Fl\u00fcchtlingsr\u00e4te der Bundesl\u00e4nder stehen und streiten f\u00fcr den Rechtsstaat als Grundlage unserer Demokratie. Dazu geh\u00f6rt die Wahrung v\u00f6lkerrechtlicher Grunds\u00e4tze. Bundeskanzler Scholz forderte in seiner Regierungserkl\u00e4rung, dass Menschen, die schwere Straftaten begangen haben, nach Afghanistan und Syrien abgeschoben werden sollen. In beiden L\u00e4ndern drohen jedoch Folter und andere schwere Menschenrechtsverletzungen, die Abschiebungen v\u00f6lkerrechtlich verbieten. <br \/><a href=\"https:\/\/www.nds-fluerat.org\/wp-content\/uploads\/2024\/06\/Gemeinsames-Statement_Abschiebungen-nach-Afghanistan-und-Syrien_final.pdf\" data-wpel-link=\"internal\">Erkl\u00e4rung als pdf<\/a><\/p>\r\n<\/div>\r\n<\/div>\r\n<\/div>\r\n<div><hr \/><\/div>\r\n<div class=\"social-box\"><strong>14. Mai 2024<\/strong><\/div>\r\n<\/div>\r\n<header class=\"entry-header\">\r\n<h3>\u00a0<\/h3>\r\n<h3 class=\"entry-title\"><strong>Rot-gr\u00fcne Landesregierung bricht Kirchenasyl in Bienenb\u00fcttel <br \/>(Kirchenkreis Uelzen)<\/strong><\/h3>\r\n<\/header>\r\n<p>In der Nacht vom 12. auf den 13. Mai 2024 ist die Polizei gegen 23 Uhr mit einem Durchsuchungsbefehl in die Gemeinder\u00e4ume der Kirchengemeinde Sankt Michaelis in Bienenb\u00fcttel eingedrungen und hat einen russischen Kriegsdienstverweigerer, seine Frau, den erwachsenen Sohn und die 16-j\u00e4hrige Tochter gewaltsam aus dem Kirchenasyl herausgeholt. Etwa 15 Beamte waren mit sechs Autos an der Festnahme beteiligt. Das Pfarrhaus, f\u00fcr das ebenfalls ein Durchsuchungsbeschluss vorlag, wurde abgeriegelt.<\/p>\r\n<p>Der Fl\u00fcchtlingsrat Niedersachsen \u00e4u\u00dfert sich entsetzt:<\/p>\r\n<p><a href=\"https:\/\/www.nds-fluerat.org\/59366\/aktuelles\/rot-gruene-landesregierung-bricht-kirchenasyl-in-bienenbuettel-kirchenkreis-uelzen\/#comments\">https:\/\/www.nds-fluerat.org\/59366\/aktuelles\/rot-gruene-landesregierung-bricht-kirchenasyl-in-bienenbuettel-kirchenkreis-uelzen\/<\/a><\/p>\r\n<hr \/>\r\n<h3>\u00a0<strong>Kein Schutz f\u00fcr Genozid \u00dcberlebende: <\/strong><br \/><strong>Fl\u00fcchtlingsrat kritisiert Wiederaufnahme von Abschiebungen in den Irak scharf<\/strong><\/h3>\r\n<p>Der Fl\u00fcchtlingsrat Niedersachsen kritisiert die Entscheidung des nieders\u00e4chsischen Innenministeriums, Abschiebungen in den Irak ab sofort und ohne Einschr\u00e4nkungen wieder aufzunehmen (siehe <a href=\"https:\/\/www.nds-fluerat.org\/wp-content\/uploads\/2024\/04\/20240410-Erlass_Aufhebung-Einschraenkungen-Irak.pdf\" target=\"_blank\" rel=\"nofollow noopener\">Erlass vom 10.04.2024<\/a>). Nach Ansicht des Fl\u00fcchtlingsrat ist im Irak &#8211; im Hinblick auf die Menschenrechte, die Wirtschaft und andere Gesellschaftsbereiche &#8211; keine Entwicklung erkennbar, die eine Aufhebung der bisherigen Erlasslage, die lediglich die Abschiebung von Straft\u00e4ter:innen und Gef\u00e4hrder:innen vorsah, rechtfertigen w\u00fcrde. Auch irakische \u00caz\u00eed*innen, die den Genozid durch den IS \u00fcberlebt haben, droht nun die Abschiebung.<\/p>\r\n<p>Nach Auffassung des Fl\u00fcchtlingsrats ist die Entscheidung der Landesregierung, Abschiebungen in den Irak uneingeschr\u00e4nkt zuzulassen, nicht durch Fakten geleitet. Neben dem selbst geschaffenen politischen Druck, die Abschiebungszahlen wom\u00f6glich um jeden Preis zu erh\u00f6hen, d\u00fcrfte die \u00c4nderung der Erlasslage auch &#8222;dem beispiellosen Wandel in der irakischen R\u00fcckkehr- und R\u00fccknahmepolitik&#8220; geschuldet sein, in dessen Rahmen sich die Regierung des Irak verpflichtet habe, &#8222;alle R\u00fcckf\u00fchrungen zu akzeptieren&#8220;, <a href=\"https:\/\/www.sueddeutsche.de\/politik\/migration-irak-abschiebung-1.6319843?reduced=true\" target=\"_blank\" rel=\"nofollow noopener\">wie die S\u00fcddeutsche Zeitung unter Berufung auf die EU-Kommission berichtet<\/a><\/p>\r\n<p>Die Lage im Irak ist f\u00fcr zur\u00fcckkehrende Gefl\u00fcchtete weiterhin gef\u00e4hrlich. Insbesondere f\u00fcr \u00cazid:innen ist eine R\u00fcckkehr in den Irak unzumutbar.<\/p>\r\n<p>Noch am 17. Januar 2023 hat der Deutsche Bundestag auf Antrag von SPD, CDU\/CSU, Gr\u00fcnen und der FDP einstimmig beschlossen, die Verbrechen gegen \u00caz\u00eed*innen im Irak durch den IS als Genozid anzuerkennen. &#8222;Ihre sichere R\u00fcckkehr [ist] aufgrund der hoch volatilen Sicherheitslage, die noch immer in Sinjar vorherrscht, kaum m\u00f6glich [&#8230;].&#8220; Deshalb wolle die Bundesregierung ihnen &#8222;[\u2026] weiterhin unter Ber\u00fccksichtigung ihrer nach wie vor andauernden Verfolgung und Diskriminierung im Rahmen des Asylverfahrens Schutz [&#8230;] gew\u00e4hren [\u2026]\u201c<\/p>\r\n<p>Dieses Schutzversprechen wird mit der Aufhebung aller Abschiebungsbeschr\u00e4nkungen in den Irak mit F\u00fc\u00dfen getreten. Ein erheblicher Teil der irakischen \u00caz\u00eed:innen ist in Deutschland lediglich geduldet und von einer Abschiebung bedroht. Weniger als die H\u00e4lfte der \u00caz\u00eed:innen aus dem Irak erhalten vom BAMF noch einen Schutzstatus, und fast 1500 in Deutschland als Gefl\u00fcchtete anerkannten \u00caz\u00eed:innen wurde der Schutzstatus widerrufen. Nach Auffassung des Fl\u00fcchtlingsrat konterkariert diese Politik den Beschluss des Bundestages.\u00a0 Dass sich die Sicherheitslage f\u00fcr Ezid:innen bis heute nicht verbessert hat, dokumentiert auch ein <a href=\"https:\/\/www.nds-fluerat.org\/58347\/aktuelles\/offener-brief-an-das-bmi-und-aa-abschiebung-jesiden-menschenrechte-zwischen-politischen-zustaendigkeiten-und-rechtsstaatlichkeit\/\" target=\"_blank\" rel=\"nofollow noopener\">Offener Brief von Christiane Maurer vom 05. Februar 2024 an das Bundesinnenministerium und das Ausw\u00e4rtige Amt<\/a>.<\/p>\r\n<hr \/>\r\n<h5>\u00a0<\/h5>\r\n<h5 class=\"postdate\">Presseerkl\u00e4rung des Fl\u00fcchtlingsrats Niedersachsen vom 12. April 2024<\/h5>\r\n<div class=\"social-box\">\u00a0<\/div>\r\n<\/div>\r\n<h3 class=\"entry-title\"><strong>Fl\u00fcchtlingsrat: Gleichberechtigte Teilhabe statt diskriminierender Bezahlkarte<\/strong><\/h3>\r\n<div class=\"entry-content\">\r\n<p><strong>Am Mittwoch hat der Innenausschuss \u00fcber ein sogenanntes Omnibusverfahren \u00c4nderungen am Asylbewerberleistungsgesetz (AsylbLG) und damit der bundesrechtlichen Absicherung zur Einf\u00fchrung einer Bezahlkarte f\u00fcr Asylsuchende zugestimmt. Mit dieser Karte sollen Asylsuchende k\u00fcnftig ihren monatlichen pers\u00f6nlichen Bedarf decken. Nach Aussagen der Bundesregierung sollen die Kommunen dadurch \u201evon B\u00fcrokratie entlastet\u201c werden. Offenkundig geht es bei der Bezahlkarte aber nicht um B\u00fcrokratieabbau, sondern um Diskriminierung \u2013 leider auch in Niedersachsen:<\/strong><\/p>\r\n<p>Mit Unverst\u00e4ndnis reagiert der Fl\u00fcchtlingsrat Niedersachsen auf die Pl\u00e4ne der Landesregierung, im Rahmen der Einf\u00fchrung einer Bezahlkarte Bargeldzahlungen an Gefl\u00fcchtete zu beschr\u00e4nken und ihnen \u00dcberweisungen zu verbieten. Der Fl\u00fcchtlingsrat fordert die Landesregierung auf, die Bezahlkarte nicht als Instrument zur Diskriminierung von Gefl\u00fcchteten einzusetzen, und erinnert die rot-gr\u00fcne Koalition an ihr Versprechen aus dem Koalitionsvertrag, Diskriminierungen zu beseitigen.<\/p>\r\n<p>Konkret fordert der Fl\u00fcchtlingsrat Niedersachsen, dass die Landesregierung sich ein Beispiel an der \u201eSocialcard\u201c in der Landeshauptstadt Hannover nimmt und die Bezahlkarte diskriminierungsfrei ausgestaltet. Dar\u00fcber hinaus fordert der Fl\u00fcchtlingsrat, dass das Land Niedersachsen anderen Bundesl\u00e4ndern (wie z.B. Schleswig-Holstein) folgt und auch f\u00fcr Gefl\u00fcchtete landesweit eine Gesundheitskarte einf\u00fchrt. Es mutet absurd an, wenn einerseits die Leistungen zum Lebensunterhalt ausschlie\u00dflich digital erbracht werden, w\u00e4hrend andererseits f\u00fcr Besuche bei \u00c4rzt:innen weiterhin ein Papierkrankenschein erforderlich ist, der beim Sozialamt abgeholt werden muss. Dies ist auch vor dem Hintergrund geboten, dass die Einf\u00fchrung der Bezahlkarte den b\u00fcrokratischen Aufwand der Sozial\u00e4mter verringern soll.<\/p>\r\n<p>Leider gehen die aktuellen Planungen jedoch in eine andere Richtung: Da die hannoversche Socialcard auch \u00dcberweisungen zul\u00e4sst, k\u00f6nne sie, so hei\u00dft es jetzt aus dem Innenministerium, nach der niedersachsenweiten Einf\u00fchrung der Bezahlkarte keinen Bestand mehr haben. Mit der Bezahlkarte sollen weder Inlands- noch Auslands\u00fcberweisungen m\u00f6glich sein. (Debit-Karte ohne \u00dcberweisungsm\u00f6glichkeit). Eine Gesundheitskarte, deren Einf\u00fchrung die Landesregierung laut Koalitionsvertrag eigentlich pr\u00fcfen wollte, sei dagegen nicht in Planung.<\/p>\r\n<p>Ein Bankkonto k\u00f6nnen sich alle Asylsuchenden zwar auch weiterhin selbst zulegen, aber die Sozialleistung wird nach den aktuellen Planungen der Landesregierung f\u00fcr Grundleistungsempf\u00e4nger:innen (immer und ausschlie\u00dflich) auf die Bezahlkarte \u00fcberwiesen. Von den Leistungen kann nur ein eingeschr\u00e4nkter Betrag in bar abgehoben werden. Der verf\u00fcgbare Barbetrag soll in den Erstaufnahmeeeinrichtungen (EAEs) und in den Kommunen gleich hoch sein. Da in der Erstaufnahmeeinrichtung viele Leistungen als Sachleistungen erbracht werden, soll der \u00fcber die Karte bereitgestellte Betrag f\u00fcr unbare Leistungen dort dann geringer sein.<\/p>\r\n<p>Der Ausschluss jeglicher \u00dcberweisungsm\u00f6glichkeit l\u00e4uft auf eine erhebliche Behinderung, wenn nicht Verhinderung einer Rechtsvertretung hinaus: Anwaltskanzleien m\u00fcssten sich nicht nur ein Leseger\u00e4t anschaffen, sondern auch z.B. bei Ratenzahlungen ihre Mandant:innen monatlich pers\u00f6nlich empfangen, um die Bezahlkarte einzulesen und den Ratenbetrag abzubuchen. Anwaltskanzleien, die oft mehrere hundert Mandant:innen haben, werden dies nicht leisten k\u00f6nnen. F\u00fcr die Betroffenen bedeutet dies zus\u00e4tzliche Kosten f\u00fcr Reisen, eine anwaltliche Vertretung k\u00f6nnte nur noch regional gesucht werden. Dies ist schon im Asylverfahren kaum zu realisieren, da erfahrene Asylanw\u00e4lt:innen in bestimmten Regionen einfach nicht zu finden sind. Gleiches gilt f\u00fcr Anw\u00e4lt:innen im Sozialrecht.<\/p>\r\n<p>Wenn es bei den bisherigen Planungen bleibt, werden die Betroffenen auf nicht hinnehmbare Weise aus dem gesellschaftlichen Leben ausgegrenzt: Auch Sport- und andere gemeinn\u00fctzige Vereine werden sich keine Leseger\u00e4te f\u00fcr Bezahlkarten anschaffen, um Vereinsmitgliedschaften zu erm\u00f6glichen und dann monatlich pers\u00f6nlich die Beitr\u00e4ge in Empfang zu nehmen. F\u00fcr etliche kleine L\u00e4den lohnt sich die Anschaffung eines Leseger\u00e4ts nicht, gerade in l\u00e4ndlichen Kommunen d\u00fcrfte es schwierig werden. Eine Nutzung von Online- und Gebrauchtwarenb\u00f6rsen und alle Bestellungen im Internet w\u00e4ren unm\u00f6glich. Bislang sind wir davon ausgegangen, dass es in Niedersachsen sowohl die M\u00f6glichkeit gibt, \u00dcberweisungen im Inland zu t\u00e4tigen, als auch die gew\u00e4hrte Leistung von der Bezahlkarte abzuheben. Die Verhinderung jeglicher Zahlungen durch \u00dcberweisungen und Lastschriften ist rechtlich nicht vorgeschrieben und w\u00e4re aus Sicht des Fl\u00fcchtlingsrats ausgrenzend und diskriminierend.<\/p>\r\n<p>Die Leistungen nach dem AsylbLG betragen 460 \u20ac monatlich f\u00fcr Ern\u00e4hrung, Kleidung, K\u00f6rperpflege, Haushalt, Haushaltsenergie sowie Leistungen f\u00fcr die pers\u00f6nlichen Bed\u00fcrfnisse des t\u00e4glichen Lebens (Anteil: 204 \u20ac von 460 \u20ac).\u00a0 Es spricht schon B\u00e4nde, dass die Politik sich nun schon seit Monaten darum streitet, wie man Gefl\u00fcchteten ihre ohnehin geringen Leistungen weiter reglementieren und beschr\u00e4nken kann: Wie armselig und sch\u00e4big ist das? Nach Aussagen nahezu aller Fachleute wird die Einf\u00fchrung einer Bezahlkarte ohne \u00dcberweisungsfunktion und mit eingeschr\u00e4nkter Bargeldfunktion negative Auswirkungen auf die Integration und Teilhabe der Gefl\u00fcchteten haben, zus\u00e4tzliche Kosten mit sich bringen und ihr eigentliches Ziel, die Reduzierung der Fluchtmigration, verfehlen [siehe hierzu etwa die\u00a0<a href=\"https:\/\/www.dezim-institut.de\/publikationen\/publikation-detail\/stellungnahme-wissenschaftliche-einschaetzung-der-bezahlkarte-fuer-gefluechtete\/\" target=\"_blank\" rel=\"noopener\">Stellungnahme von Prof. Herbert Br\u00fcckner zur Bezahlkarte<\/a>]. Offenkundig zielt die Einf\u00fchrung der Bezahlkarte vor allem auf die Innenpolitik: Sie signalisiert, man setze Schutzsuchenden in Deutschland Schranken und behandele sie schlechter als Einheimische. Mit solchen wohlstandschauvinistischen Bestrebungen n\u00e4hrt und bef\u00f6rdert die Politik am Ende nur das Gesch\u00e4ft der organisierten Rechtsextremisten.<\/p>\r\n<p>Das Bundesverfassungsgericht hatte in seinem wegweisenden\u00a0<a href=\"https:\/\/www.bundesverfassungsgericht.de\/SharedDocs\/Entscheidungen\/DE\/2022\/10\/ls20221019_1bvl000321.html\" target=\"_blank\" rel=\"noopener\">Urteil vom 18.07.2012<\/a>\u00a0festgestellt, dass das Existenzminimum \u201emigrationspolitisch nicht zu relativieren\u201c sei. Nun droht mit der Bezahlkarte aber genau das: Aus migrationspolitischen Erw\u00e4gungen wird die Verf\u00fcgbarkeit \u00fcber die Leistungen eingeschr\u00e4nkt. Faktisch wird das Leben f\u00fcr Gefl\u00fcchtete teurer werden. Schon die im Dezember 2023 beschlossene Verl\u00e4ngerung des Zeitraums, in dem Asylsuchende eingeschr\u00e4nkte Leistungen erhalten, von 18 auf 36 Monaten war offenkundig verfassungswidrig (siehe \u00a0<a href=\"https:\/\/www.nds-fluerat.org\/wp-content\/uploads\/2024\/01\/WD-3-138-23-AsylbLG.pdf\" target=\"_blank\" rel=\"noopener\">Gutachten des Gesetzes- und Beratungsdienstes des Bundestags<\/a>).<\/p>\r\n<\/div>\r\n<hr \/>\r\n<h3 class=\"entry-title\"><strong>Gerechtigkeit f\u00fcr Lamin Touray \u2013 Fl\u00fcchtlingsrat Niedersachsen fordert l\u00fcckenlose Aufkl\u00e4rung des t\u00f6dlichen Polizeieinsatzes<\/strong><\/h3>\r\n<\/header>\r\n<div class=\"entry-content\">\r\n<p>Am vergangenen Samstag (30. M\u00e4rz) wurde der 46-j\u00e4hrige Lamin Touray aus Gambia in Nienburg von Polizist:innen get\u00f6tet. Die Beamt:innen gaben mindestens acht Sch\u00fcsse auf den Verstorbenen ab, die ihn allesamt trafen. Ein <a href=\"https:\/\/twitter.com\/RefugeesinLibya\/status\/1774717070258671882\" target=\"_blank\" rel=\"external noopener noreferrer\" data-wpel-link=\"external\">Video, das in den sozialen Netzwerken kursiert<\/a>, <strong>[Triggerwarnung]<\/strong> zeigt, wie die Beamt:innen aus n\u00e4chster N\u00e4he auf Lamin schie\u00dfen: Zun\u00e4chst fallen zwei Sch\u00fcsse. Nach einer kurzen Feuerpause wird eine weitere Salve von f\u00fcnf Kugeln auf Lamin abgefeuert. Erneute Feuerpause. Es f\u00e4llt ein weiterer Schuss. <a href=\"https:\/\/www.tagesschau.de\/inland\/regional\/niedersachsen\/ndr-toedliche-polizeischuesse-in-nienburg-staatsanwaltschaft-aeussert-sich-100.html\" target=\"_blank\" rel=\"external noopener noreferrer\" data-wpel-link=\"external\">Laut Obduktionsbericht<\/a> waren zwei dieser Sch\u00fcsse \u2013 einer in die Leber und einer ins Herz \u2013 urs\u00e4chlich f\u00fcr den Tod Lamins.<\/p>\r\n<p>Der Fl\u00fcchtlingsrat Niedersachsen fordert, die Todesumst\u00e4nde Lamins umfassend und l\u00fcckenlos aufzukl\u00e4ren. F\u00fcr die NGO bleibt es weiterhin unbegreiflich, wieso der Polizeieinsatz eskalierte und Lamin sterben musste. Die Strafverfolgungsbeh\u00f6rden sind unter anderem Antworten auf folgende Fragen schuldig:<\/p>\r\n<p>Die Polizei wurde von Angeh\u00f6rigen Lamins dar\u00fcber informiert, dass dieser sich in einem psychischen Ausnahmezustand befand. Wurde dies im Rahmen des Einsatzes von den Polizist:innen ber\u00fccksichtigt? Falls ja, wie genau?<\/p>\r\n<p>Lamin habe die Polizei mit einem Messer bedroht, was die Polizist:innen in Gefahr gebracht habe. Weshalb haben die 14 (!) eingesetzten Polizist:innen den Druck auf Lamin erh\u00f6ht und die Situation weiter eskaliert, anstatt sich zun\u00e4chst zur\u00fcckzuziehen und die Situation \u2013 unter Hinzuziehung psychologischer Fachkr\u00e4fte \u2013 zu deeskalieren?<\/p>\r\n<p>Weshalb haben die Polizist:innen es der Freundin Lamins verwehrt, ihn zur Kooperation mit der Polizei zu bewegen?<\/p>\r\n<p>Weshalb haben die Beamt:innen den Polizeihund entleint und auf Lamin gehetzt? War dies aus Sicht der Polizei geeignet, die Situation zu deeskalieren?<\/p>\r\n<p>Weshalb sind die ersten beiden Sch\u00fcsse auf Lamin gefallen? Gab es keine milderen Mittel, mit denen die 14 (!) Polizist:innen die \u2013 vermeintliche \u2013 Gefahr h\u00e4tten abwehren k\u00f6nnen?<\/p>\r\n<p>Wie rechtfertigen sich die Sch\u00fcsse drei bis sieben sowie Schuss acht, die jeweils nach einer Feuerpause erfolgten? Weshalb sind die Polizist:innen davon ausgegangen, dass nach den ersten beiden Sch\u00fcsse, die Lamin getroffen haben, noch insgesamt sechs weitere Sch\u00fcsse erforderlich waren, um die \u2013 vermeintlich \u2013\u00a0 von im ausgehende Gefahr abzuwehren?<\/p>\r\n<p>Weshalb behaupten die Strafverfolgungsbeh\u00f6rden, Lamin habe seine Freundin mit einem Messer bedroht, obwohl die Freundin dies bestreitet?<\/p>\r\n<p>Weshalb sind immer wieder Schwarze und gefl\u00fcchtete Menschen und Personen of Color von t\u00f6dlicher Polizeigewalt betroffen? Warum werden Eins\u00e4tze bei Menschen in psychischen Ausnahmesituationen regelm\u00e4\u00dfig bis hin zum Schusswaffeneinsatz eskaliert?<\/p>\r\n<p>Der Fl\u00fcchtlingsrat Niedersachsen bedauert, dass sich die Medien \u2013 <a href=\"https:\/\/taz.de\/Toedlicher-Polizeieinsatz-in-Nienburg\/!5999138\/\" target=\"_blank\" rel=\"noopener noreferrer external\" data-wpel-link=\"external\">mit Ausnahme der taz <\/a>\u2013 bislang damit begn\u00fcgt haben, die Erkl\u00e4rungen der Strafverfolgungsbeh\u00f6rden wieder zu geben, anstatt den Sicherheitsbeh\u00f6rden diese und weitere Fragen, die sich f\u00f6rmlich aufdr\u00e4ngen, zu stellen.<\/p>\r\n<p>Mindestens f\u00fcnf Menschen mit Fluchtgeschichte starben allein in den vergangenen vier Jahren in Niedersachsen im Zusammenhang mit Polizeieins\u00e4tzen: <a href=\"https:\/\/www.nds-fluerat.org\/aktionen\/toedlicher-polizeieinsatz-in-stade\/\" target=\"_blank\" rel=\"noopener noreferrer\" data-wpel-link=\"internal\">Aman Alizada im August 2019<\/a> im Landkreis Stade, <a href=\"https:\/\/www.nds-fluerat.org\/49526\/aktuelles\/gedenken-an-mamadou-alpha-diallo\/\" target=\"_blank\" rel=\"noopener noreferrer\" data-wpel-link=\"internal\">Mamadou Alpha Diallo im Juni 2020<\/a> im Landkreis Emsland, <a href=\"https:\/\/www.nds-fluerat.org\/aktionen\/toedlicher-polizeieinsatz-in-delmenhorst\/\" target=\"_blank\" rel=\"noopener noreferrer\" data-wpel-link=\"internal\">Qosay K. im M\u00e4rz 2021<\/a> in Delmenhorst und <a href=\"https:\/\/www.nds-fluerat.org\/51177\/aktuelles\/toedlicher-polizeieinsatz-gefluechteter-in-harsefeld-erschossen\/\" target=\"_blank\" rel=\"noopener noreferrer\" data-wpel-link=\"internal\">Kamal I. im Oktober 2021<\/a> im Landkreis Stade. Am Neujahrestag 2023 starb ein Schwarzer im Polizeigewahrsam in Braunschweig.<\/p>\r\n<p>Mindestens drei dieser Menschen befanden sich \u2013 wie auch Lamin \u2013\u00a0 zum Zeitpunkt ihrer T\u00f6tung in einem psychischen Ausnahmezustand \u2013 wie die eingesetzten Polizist:innen jeweils wussten. In all diesen drei F\u00e4llen haben Menschen die Polizei kontaktiert, um Hilfe f\u00fcr ihre Freunde bzw. Angeh\u00f6rigen zu erhalten. Doch statt der ben\u00f6tigten Hilfe fanden sie den Tod. Auch Lamin Tourays Freundin stellt bitterlich fest, \u201estatt zu helfen, haben sie ihn wie ein Tier im Wald erschossen\u201c und erg\u00e4nzt: \u201eIch w\u00fcnsche mir nichts als Gerechtigkeit!\u201c<\/p>\r\n<p>Der Fl\u00fcchtlingsrat Niedersachsen erwartet von den Verantwortlichen in Politik und Verwaltung \u00fcber die umfassende und l\u00fcckenlose Aufkl\u00e4rung des tragischen Todes Lamin Tourays hinaus, dass diese endlich alles daf\u00fcr tun, damit sich derartige T\u00f6tungen niemals wiederholen.<\/p>\r\n<p><strong>Kontakt<\/strong>:<br \/>Fl\u00fcchtlingsrat Niedersachsen<br \/>Caroline Mohrs<br \/>Tel.: 0511 \u2013 98 24 60 34<br \/>E-Mail: cm(at)nds-fluerat.org, nds(at)nds-fluerat.org<\/p>\r\n<p><strong>Hintergrund<\/strong>:<br \/>Vergangenen Samstag (30. M\u00e4rz) wurde der 46-j\u00e4hrige Gambier Lamin Touray durch Sch\u00fcsse der Polizei get\u00f6tet. Die Darstellung der Polizei zu dem Einsatz und den Umst\u00e4nden des Todes wurden daraufhin tagelang unhinterfragt von der Presse wiedergegeben. So hei\u00dft es, Lamin Touray habe seine Freundin mit dem Messer bedroht. Inzwischen stellt diese gegen\u00fcber der taz klar: Sie hat die Polizei nicht wegen einer Bedrohung f\u00fcr sie gerufen, sondern weil sie in Sorge war, dass er aufgrund seines psychischen Zustands eine Gefahr f\u00fcr sich selbst sein k\u00f6nnte. Statt eines Krankenwagens kamen mehrere Polizist*innen. Doch \u201estatt zu helfen, haben sie ihn wie ein Tier im Wald erschossen\u201c, so Lamin Tourays Freundin und erg\u00e4nzt: \u201eIch w\u00fcnsche mir nichts als Gerechtigkeit!\u201c<\/p>\r\n<p>Wir stehen in voller Solidarit\u00e4t an der Seite der Familie und Freund*innen von Lamin Touray,\u00a0 der unterst\u00fctzenden Aktivist*innen und allen Getroffenen von Polizeigewalt.<\/p>\r\n<\/div>\r\n<hr \/>\r\n<h4 class=\"entry-header\" style=\"text-align: left;\"><strong>Parit\u00e4tischer gegen Bezahlkarte f\u00fcr Gefl\u00fcchtete <\/strong><\/h4>\r\n<p class=\"entry-header\" style=\"text-align: left;\">Der Parit\u00e4tische Gesamtverband lehnt die Einf\u00fchrung einer Bezahlkarte f\u00fcr Gefl\u00fcchtete grunds\u00e4tzlich ab und begr\u00fc\u00dft die Initiative von Abgeordneten der Bundestagsfraktion B\u00fcndnis 90\/Die Gr\u00fcnen, das Vorhaben noch einmal zu \u00fcberpr\u00fcfen. <br \/>Dazu hat der Wohlfahrtsverband heute Briefe an die Fraktionsvorsitzenden der Ampelkoalition geschickt, um seinen Standpunkt zu untermauern und Grundstandards zu formulieren. <br \/>\u201cWir begr\u00fc\u00dfen au\u00dferordentlich, dass Teile der Gr\u00fcnen die Diskussion um die Bezahlkarte noch einmal aufmachen, da wir die Bedenken in hohem Ma\u00dfe teilen.\u201d erkl\u00e4rte Ulrich Schneider, Hauptgesch\u00e4ftsf\u00fchrer des Parit\u00e4tischen Gesamtverbandes. Er bezieht sich auf die \u00c4u\u00dferungen des Gr\u00fcnen-Abgeordneten Audretsch, der findet, dass eine Bezahlkarte die Menschen vor ganz praktische Probleme vor Ort stellen kann und dazu ein Integrationshemmnis darstellen k\u00f6nnte. Ulrich Schneider kritisiert die Motivation hinter der Einf\u00fchrung des Kartenmodells: \u201cEs ist offenkundig\u00a0 und abzulehnen, dass hier in erster Linie ein\u00a0 Abschreckungsinstrument, basierend auf Vorurteilen gegen\u00fcber gefl\u00fcchteten Menschen geschaffen, werden soll.\u201d Es g\u00e4be keine Belege, dass Sozialleistungen von Fl\u00fcchtlingen in nennenswerter Gr\u00f6\u00dfe in die Herkunftsregionen \u00fcberwiesen werde. <br \/>Die Folgen der zahlreichen Restriktionen, die durch eine Bezahlkarte erm\u00f6glicht werden, seien noch nicht absehbar. Mit Einschr\u00e4nkungen unter anderem bei der Verf\u00fcgbarkeit von Bargeld, \u00dcberweisungen oder der r\u00e4umlichen Nutzung der Karte drohen nach Bef\u00fcrchtung des Verbandes vertiefte Armut, Teilhabehindernisse, Einschr\u00e4nkungen der Bewegungsfreiheit und in der Summe umfassende Integrationshemmnisse. <br \/>Sollte eine Karte dennoch eingef\u00fchrt werden, m\u00fcsse seitens der Bundesregierung sichergestellt werden, dass eine Karte in allen Gesch\u00e4ften, f\u00fcr alle Dienstleistungen und ohne eine r\u00e4umliche Beschr\u00e4nkung genutzt werden k\u00f6nne, schreibt der Verband. Auch Lastschriftverfahren und \u00dcberweisungen m\u00fcssen ebenso wie die unbegrenzte Bargeldabhebung m\u00f6glich sein. Dar\u00fcber hinaus m\u00fcsse der Bund bundesweite Standards gew\u00e4hrleisten, um einen Bezahlflickenteppich zu vermeiden. Die beste L\u00f6sung f\u00fcr alle Beteiligten sei \u00fcberdies die \u00dcberweisung der Leistungen auf ein Bankkonto.<\/p>\r\n<hr \/>\r\n<h5 class=\"entry-header\" style=\"text-align: center;\"><strong>09. M\u00e4rz 2024<\/strong><\/h5>\r\n<h3 class=\"entry-header\" style=\"text-align: center;\"><strong>2.000 Cuxhavenerinnen und Cuxhavener aus Stadt und Landkreis<br \/><\/strong><strong>und ihre G\u00e4ste beteiligten sich an der Kundgebung &#8222;Cuxhaven ist bunt&#8220;.<\/strong><\/h3>\r\n<p><a href=\"https:\/\/incuxhaven.de\/wp-content\/uploads\/2024\/03\/DSC01268.jpg\"><img loading=\"lazy\" decoding=\"async\" class=\"aligncenter size-full wp-image-2737\" src=\"https:\/\/incuxhaven.de\/wp-content\/uploads\/2024\/03\/DSC01268.jpg\" alt=\"\" width=\"1915\" height=\"1805\" srcset=\"https:\/\/incuxhaven.de\/wp-content\/uploads\/2024\/03\/DSC01268.jpg 1915w, https:\/\/incuxhaven.de\/wp-content\/uploads\/2024\/03\/DSC01268-300x283.jpg 300w, https:\/\/incuxhaven.de\/wp-content\/uploads\/2024\/03\/DSC01268-1024x965.jpg 1024w, https:\/\/incuxhaven.de\/wp-content\/uploads\/2024\/03\/DSC01268-768x724.jpg 768w, https:\/\/incuxhaven.de\/wp-content\/uploads\/2024\/03\/DSC01268-1536x1448.jpg 1536w, https:\/\/incuxhaven.de\/wp-content\/uploads\/2024\/03\/DSC01268-1200x1131.jpg 1200w, https:\/\/incuxhaven.de\/wp-content\/uploads\/2024\/03\/DSC01268-1400x1320.jpg 1400w\" sizes=\"auto, (max-width: 1915px) 100vw, 1915px\" \/><\/a> <a href=\"https:\/\/incuxhaven.de\/wp-content\/uploads\/2024\/03\/DSC01270-scaled.jpg\"><img loading=\"lazy\" decoding=\"async\" class=\"aligncenter size-full wp-image-2738\" src=\"https:\/\/incuxhaven.de\/wp-content\/uploads\/2024\/03\/DSC01270-scaled.jpg\" alt=\"\" width=\"2560\" height=\"1410\" srcset=\"https:\/\/incuxhaven.de\/wp-content\/uploads\/2024\/03\/DSC01270-scaled.jpg 2560w, https:\/\/incuxhaven.de\/wp-content\/uploads\/2024\/03\/DSC01270-300x165.jpg 300w, https:\/\/incuxhaven.de\/wp-content\/uploads\/2024\/03\/DSC01270-1024x564.jpg 1024w, https:\/\/incuxhaven.de\/wp-content\/uploads\/2024\/03\/DSC01270-768x423.jpg 768w, https:\/\/incuxhaven.de\/wp-content\/uploads\/2024\/03\/DSC01270-1536x846.jpg 1536w, https:\/\/incuxhaven.de\/wp-content\/uploads\/2024\/03\/DSC01270-2048x1128.jpg 2048w, https:\/\/incuxhaven.de\/wp-content\/uploads\/2024\/03\/DSC01270-1200x661.jpg 1200w, https:\/\/incuxhaven.de\/wp-content\/uploads\/2024\/03\/DSC01270-1400x771.jpg 1400w\" sizes=\"auto, (max-width: 2560px) 100vw, 2560px\" \/><\/a> <a href=\"https:\/\/incuxhaven.de\/wp-content\/uploads\/2024\/03\/DSC01273.jpg\"><img loading=\"lazy\" decoding=\"async\" class=\"aligncenter size-full wp-image-2739\" src=\"https:\/\/incuxhaven.de\/wp-content\/uploads\/2024\/03\/DSC01273.jpg\" alt=\"\" width=\"2053\" height=\"2557\" srcset=\"https:\/\/incuxhaven.de\/wp-content\/uploads\/2024\/03\/DSC01273.jpg 2053w, https:\/\/incuxhaven.de\/wp-content\/uploads\/2024\/03\/DSC01273-241x300.jpg 241w, https:\/\/incuxhaven.de\/wp-content\/uploads\/2024\/03\/DSC01273-822x1024.jpg 822w, https:\/\/incuxhaven.de\/wp-content\/uploads\/2024\/03\/DSC01273-768x957.jpg 768w, https:\/\/incuxhaven.de\/wp-content\/uploads\/2024\/03\/DSC01273-1233x1536.jpg 1233w, https:\/\/incuxhaven.de\/wp-content\/uploads\/2024\/03\/DSC01273-1644x2048.jpg 1644w, https:\/\/incuxhaven.de\/wp-content\/uploads\/2024\/03\/DSC01273-1200x1495.jpg 1200w, https:\/\/incuxhaven.de\/wp-content\/uploads\/2024\/03\/DSC01273-1400x1744.jpg 1400w, https:\/\/incuxhaven.de\/wp-content\/uploads\/2024\/03\/DSC01273-300x374.jpg 300w\" sizes=\"auto, (max-width: 2053px) 100vw, 2053px\" \/><\/a> <a href=\"https:\/\/incuxhaven.de\/wp-content\/uploads\/2024\/03\/DSC01276-scaled.jpg\"><img loading=\"lazy\" decoding=\"async\" class=\"aligncenter size-full wp-image-2741\" src=\"https:\/\/incuxhaven.de\/wp-content\/uploads\/2024\/03\/DSC01276-scaled.jpg\" alt=\"\" width=\"2560\" height=\"1155\" srcset=\"https:\/\/incuxhaven.de\/wp-content\/uploads\/2024\/03\/DSC01276-scaled.jpg 2560w, https:\/\/incuxhaven.de\/wp-content\/uploads\/2024\/03\/DSC01276-300x135.jpg 300w, https:\/\/incuxhaven.de\/wp-content\/uploads\/2024\/03\/DSC01276-1024x462.jpg 1024w, https:\/\/incuxhaven.de\/wp-content\/uploads\/2024\/03\/DSC01276-768x346.jpg 768w, https:\/\/incuxhaven.de\/wp-content\/uploads\/2024\/03\/DSC01276-1536x693.jpg 1536w, https:\/\/incuxhaven.de\/wp-content\/uploads\/2024\/03\/DSC01276-2048x924.jpg 2048w, https:\/\/incuxhaven.de\/wp-content\/uploads\/2024\/03\/DSC01276-1200x541.jpg 1200w, https:\/\/incuxhaven.de\/wp-content\/uploads\/2024\/03\/DSC01276-1400x632.jpg 1400w\" sizes=\"auto, (max-width: 2560px) 100vw, 2560px\" \/><\/a> <a href=\"https:\/\/incuxhaven.de\/wp-content\/uploads\/2024\/03\/DSC01279-scaled.jpg\"><img loading=\"lazy\" decoding=\"async\" class=\"aligncenter size-full wp-image-2742\" src=\"https:\/\/incuxhaven.de\/wp-content\/uploads\/2024\/03\/DSC01279-scaled.jpg\" alt=\"\" width=\"2560\" height=\"1289\" srcset=\"https:\/\/incuxhaven.de\/wp-content\/uploads\/2024\/03\/DSC01279-scaled.jpg 2560w, https:\/\/incuxhaven.de\/wp-content\/uploads\/2024\/03\/DSC01279-300x151.jpg 300w, https:\/\/incuxhaven.de\/wp-content\/uploads\/2024\/03\/DSC01279-1024x516.jpg 1024w, https:\/\/incuxhaven.de\/wp-content\/uploads\/2024\/03\/DSC01279-768x387.jpg 768w, https:\/\/incuxhaven.de\/wp-content\/uploads\/2024\/03\/DSC01279-1536x773.jpg 1536w, https:\/\/incuxhaven.de\/wp-content\/uploads\/2024\/03\/DSC01279-2048x1031.jpg 2048w, https:\/\/incuxhaven.de\/wp-content\/uploads\/2024\/03\/DSC01279-1200x604.jpg 1200w, https:\/\/incuxhaven.de\/wp-content\/uploads\/2024\/03\/DSC01279-1400x705.jpg 1400w\" sizes=\"auto, (max-width: 2560px) 100vw, 2560px\" \/><\/a> <a href=\"https:\/\/incuxhaven.de\/wp-content\/uploads\/2024\/03\/DSC01284-scaled.jpg\"><img loading=\"lazy\" decoding=\"async\" class=\"aligncenter size-full wp-image-2743\" src=\"https:\/\/incuxhaven.de\/wp-content\/uploads\/2024\/03\/DSC01284-scaled.jpg\" alt=\"\" width=\"2560\" height=\"1342\" srcset=\"https:\/\/incuxhaven.de\/wp-content\/uploads\/2024\/03\/DSC01284-scaled.jpg 2560w, https:\/\/incuxhaven.de\/wp-content\/uploads\/2024\/03\/DSC01284-300x157.jpg 300w, https:\/\/incuxhaven.de\/wp-content\/uploads\/2024\/03\/DSC01284-1024x537.jpg 1024w, https:\/\/incuxhaven.de\/wp-content\/uploads\/2024\/03\/DSC01284-768x403.jpg 768w, https:\/\/incuxhaven.de\/wp-content\/uploads\/2024\/03\/DSC01284-1536x805.jpg 1536w, https:\/\/incuxhaven.de\/wp-content\/uploads\/2024\/03\/DSC01284-2048x1074.jpg 2048w, https:\/\/incuxhaven.de\/wp-content\/uploads\/2024\/03\/DSC01284-1200x629.jpg 1200w, https:\/\/incuxhaven.de\/wp-content\/uploads\/2024\/03\/DSC01284-1400x734.jpg 1400w\" sizes=\"auto, (max-width: 2560px) 100vw, 2560px\" \/><\/a> <a href=\"https:\/\/incuxhaven.de\/wp-content\/uploads\/2024\/03\/DSC01286-scaled.jpg\"><img loading=\"lazy\" decoding=\"async\" class=\"aligncenter size-full wp-image-2744\" src=\"https:\/\/incuxhaven.de\/wp-content\/uploads\/2024\/03\/DSC01286-scaled.jpg\" alt=\"\" width=\"2560\" height=\"1288\" srcset=\"https:\/\/incuxhaven.de\/wp-content\/uploads\/2024\/03\/DSC01286-scaled.jpg 2560w, https:\/\/incuxhaven.de\/wp-content\/uploads\/2024\/03\/DSC01286-300x151.jpg 300w, https:\/\/incuxhaven.de\/wp-content\/uploads\/2024\/03\/DSC01286-1024x515.jpg 1024w, https:\/\/incuxhaven.de\/wp-content\/uploads\/2024\/03\/DSC01286-768x386.jpg 768w, https:\/\/incuxhaven.de\/wp-content\/uploads\/2024\/03\/DSC01286-1536x773.jpg 1536w, https:\/\/incuxhaven.de\/wp-content\/uploads\/2024\/03\/DSC01286-2048x1030.jpg 2048w, https:\/\/incuxhaven.de\/wp-content\/uploads\/2024\/03\/DSC01286-1200x604.jpg 1200w, https:\/\/incuxhaven.de\/wp-content\/uploads\/2024\/03\/DSC01286-1400x704.jpg 1400w\" sizes=\"auto, (max-width: 2560px) 100vw, 2560px\" \/><\/a><\/p>\r\n<h5 class=\"entry-header\" style=\"text-align: center;\"><strong>27. Januar 2024<\/strong><\/h5>\r\n<h3 class=\"entry-header\" style=\"text-align: center;\"><strong>4.000 Cuxhavenerinnen und Cuxhavener aus Stadt und Landkreis<br \/><\/strong><strong>und ihre G\u00e4ste beteiligten sich an der Kundgebung &#8222;Cuxhaven ist bunt&#8220;.<\/strong><\/h3>\r\n<h5 class=\"entry-header\" style=\"text-align: center;\"><a href=\"https:\/\/incuxhaven.de\/wp-content\/uploads\/2024\/02\/DSC01243-auss.jpg\"><img loading=\"lazy\" decoding=\"async\" class=\"aligncenter size-full wp-image-2715\" src=\"https:\/\/incuxhaven.de\/wp-content\/uploads\/2024\/02\/DSC01243-auss.jpg\" alt=\"\" width=\"1408\" height=\"552\" srcset=\"https:\/\/incuxhaven.de\/wp-content\/uploads\/2024\/02\/DSC01243-auss.jpg 1408w, https:\/\/incuxhaven.de\/wp-content\/uploads\/2024\/02\/DSC01243-auss-300x118.jpg 300w, https:\/\/incuxhaven.de\/wp-content\/uploads\/2024\/02\/DSC01243-auss-1024x401.jpg 1024w, https:\/\/incuxhaven.de\/wp-content\/uploads\/2024\/02\/DSC01243-auss-768x301.jpg 768w, https:\/\/incuxhaven.de\/wp-content\/uploads\/2024\/02\/DSC01243-auss-1200x470.jpg 1200w, https:\/\/incuxhaven.de\/wp-content\/uploads\/2024\/02\/DSC01243-auss-1400x549.jpg 1400w\" sizes=\"auto, (max-width: 1408px) 100vw, 1408px\" \/><\/a><\/h5>\r\n<a href=\"https:\/\/incuxhaven.de\/wp-content\/uploads\/2024\/02\/DSC01265-Ausschnitt-Int.jpg\"><img loading=\"lazy\" decoding=\"async\" class=\"aligncenter size-full wp-image-2725\" src=\"https:\/\/incuxhaven.de\/wp-content\/uploads\/2024\/02\/DSC01265-Ausschnitt-Int.jpg\" alt=\"\" width=\"1269\" height=\"904\" srcset=\"https:\/\/incuxhaven.de\/wp-content\/uploads\/2024\/02\/DSC01265-Ausschnitt-Int.jpg 1269w, https:\/\/incuxhaven.de\/wp-content\/uploads\/2024\/02\/DSC01265-Ausschnitt-Int-300x214.jpg 300w, https:\/\/incuxhaven.de\/wp-content\/uploads\/2024\/02\/DSC01265-Ausschnitt-Int-1024x729.jpg 1024w, https:\/\/incuxhaven.de\/wp-content\/uploads\/2024\/02\/DSC01265-Ausschnitt-Int-768x547.jpg 768w, https:\/\/incuxhaven.de\/wp-content\/uploads\/2024\/02\/DSC01265-Ausschnitt-Int-1200x855.jpg 1200w\" sizes=\"auto, (max-width: 1269px) 100vw, 1269px\" \/><\/a> <a href=\"https:\/\/incuxhaven.de\/wp-content\/uploads\/2024\/02\/DSC01252.jpg\"><img loading=\"lazy\" decoding=\"async\" class=\"aligncenter size-full wp-image-2718\" src=\"https:\/\/incuxhaven.de\/wp-content\/uploads\/2024\/02\/DSC01252.jpg\" alt=\"\" width=\"1408\" height=\"939\" srcset=\"https:\/\/incuxhaven.de\/wp-content\/uploads\/2024\/02\/DSC01252.jpg 1408w, https:\/\/incuxhaven.de\/wp-content\/uploads\/2024\/02\/DSC01252-300x200.jpg 300w, https:\/\/incuxhaven.de\/wp-content\/uploads\/2024\/02\/DSC01252-1024x683.jpg 1024w, https:\/\/incuxhaven.de\/wp-content\/uploads\/2024\/02\/DSC01252-768x512.jpg 768w, https:\/\/incuxhaven.de\/wp-content\/uploads\/2024\/02\/DSC01252-600x400.jpg 600w, https:\/\/incuxhaven.de\/wp-content\/uploads\/2024\/02\/DSC01252-1200x800.jpg 1200w, https:\/\/incuxhaven.de\/wp-content\/uploads\/2024\/02\/DSC01252-1400x934.jpg 1400w\" sizes=\"auto, (max-width: 1408px) 100vw, 1408px\" \/><\/a> <a href=\"https:\/\/incuxhaven.de\/wp-content\/uploads\/2024\/02\/DSC01248-rotated.jpg\"><img loading=\"lazy\" decoding=\"async\" class=\"aligncenter size-full wp-image-2717\" src=\"https:\/\/incuxhaven.de\/wp-content\/uploads\/2024\/02\/DSC01248-rotated.jpg\" alt=\"\" width=\"939\" height=\"1408\" srcset=\"https:\/\/incuxhaven.de\/wp-content\/uploads\/2024\/02\/DSC01248-rotated.jpg 939w, https:\/\/incuxhaven.de\/wp-content\/uploads\/2024\/02\/DSC01248-200x300.jpg 200w, https:\/\/incuxhaven.de\/wp-content\/uploads\/2024\/02\/DSC01248-683x1024.jpg 683w, https:\/\/incuxhaven.de\/wp-content\/uploads\/2024\/02\/DSC01248-768x1152.jpg 768w, https:\/\/incuxhaven.de\/wp-content\/uploads\/2024\/02\/DSC01248-300x450.jpg 300w\" sizes=\"auto, (max-width: 939px) 100vw, 939px\" \/><\/a> <a href=\"https:\/\/incuxhaven.de\/wp-content\/uploads\/2024\/02\/DSC01247-rotated.jpg\"><img loading=\"lazy\" decoding=\"async\" class=\"aligncenter size-full wp-image-2716\" src=\"https:\/\/incuxhaven.de\/wp-content\/uploads\/2024\/02\/DSC01247-rotated.jpg\" alt=\"\" width=\"939\" height=\"1408\" srcset=\"https:\/\/incuxhaven.de\/wp-content\/uploads\/2024\/02\/DSC01247-rotated.jpg 939w, https:\/\/incuxhaven.de\/wp-content\/uploads\/2024\/02\/DSC01247-200x300.jpg 200w, https:\/\/incuxhaven.de\/wp-content\/uploads\/2024\/02\/DSC01247-683x1024.jpg 683w, https:\/\/incuxhaven.de\/wp-content\/uploads\/2024\/02\/DSC01247-768x1152.jpg 768w, https:\/\/incuxhaven.de\/wp-content\/uploads\/2024\/02\/DSC01247-300x450.jpg 300w\" sizes=\"auto, (max-width: 939px) 100vw, 939px\" \/><\/a><br \/>\r\n<p style=\"text-align: center;\">Alle Fotos: \u00a9 Karl-Heinz Zulkowski-St\u00fcben<\/p>\r\n<hr \/>\r\n<h4>\u00a0<\/h4>\r\n<h4>Offener Brief<\/h4>\r\n<h3><strong>Gesundheit von schutzsuchenden Menschen gef\u00e4hrdet:<\/strong><\/h3>\r\n<h4>Zeitraum f\u00fcr abgesenkte Sozial- und Gesundheitsleistungen<br \/>f\u00fcr Asylsuchende (AsylbLG) darf nicht verl\u00e4ngert werden!<\/h4>\r\n<p>4. Januar 2024<\/p>\r\n<p>Sehr geehrter Herr Bundeskanzler Scholz,<br \/>sehr geehrter Herr Bundesminister Heil,<br \/>sehr geehrte Damen und Herren Abgeordnete,<\/p>\r\n<p>in gro\u00dfer Sorge um die Gesundheit schutzsuchender Menschen in Deutschland rufen wir Sie<br \/>mit aller Dringlichkeit dazu auf: <strong>Stoppen Sie sofort das Vorhaben, den Zeitraum von 18<\/strong><br \/><strong>auf 36 Monate zu verl\u00e4ngern, in dem Asylsuchende nur Anspruch auf abgesenkte<\/strong><br \/><strong>Sozial- und Gesundheitsleistungen nach dem Asylbewerberleistungsgesetz erhalten sollen!<\/strong><\/p>\r\n<p>hier gehts weiter:<\/p>\r\n<p><a href=\"https:\/\/incuxhaven.de\/wp-content\/uploads\/2024\/01\/PE_Anlage_Offener_Brief_AsylbLG-36_Monate_20240104.pdf\">PE_Anlage_Offener_Brief_AsylbLG-36_Monate_20240104<\/a><\/p>\r\n<hr \/>\r\n<h3 class=\"entry-title\"><strong>Kein Wettlauf der Sch\u00e4bigkeiten<\/strong><\/h3>\r\n<div class=\"page-header-image grid-container grid-parent generate-page-header\">\u00a0<\/div>\r\n<div class=\"entry-content\">\r\n<h4>Verb\u00e4nde und Initiativen fordern Bund und L\u00e4nder auf, bei der Leistungsgew\u00e4hrung f\u00fcr Gefl\u00fcchtete die Verfassung zu wahren und auf weitere rassistische Diskriminierungen zu verzichten<\/h4>\r\n<p align=\"justify\">Auf ihrem letzten Treffen haben die Ministerpr\u00e4sident:innen der L\u00e4nder gemeinsam mit dem Bund beraten, was getan werden kann, um die Zahl der Asylsuchenden in Deutsch\u00adland zu reduzieren. Ein Vorschlag der MPK lautet: Die Bezugsdauer f\u00fcr eingeschr\u00e4nkte Leistungen nach dem Asylbewerberleistungsgesetz soll von 18 auf 36 Monate verl\u00e4ngert werden, und die Bargeldausgabe an Asylsuchende soll \u00fcber eine sog. \u201eBezahlkarte\u201c regle\u00admentiert werden. Als Verb\u00e4nde, die im Umgang mit Asylsuchenden in Niedersachsen lange Erfahrung haben, stellen wir fest:<\/p>\r\n<h4 align=\"justify\">1) Die vorgeschlagenen Ma\u00dfnahmen sind verfassungswidrig:<\/h4>\r\n<p align=\"justify\">Mit seiner Entscheidung vom 18. Juli 2012 (<a href=\"https:\/\/www.bundesverfassungsgericht.de\/SharedDocs\/Entscheidungen\/DE\/2012\/07\/ls20120718_1bvl001010.html\" target=\"_blank\" rel=\"noopener external noreferrer\" data-wpel-link=\"external\">1 BvL 10\/10 und 1 BvL 2\/11<\/a>) hat das Bundes\u00adverfassungsgericht dem Gesetzgeber ins Stammbuch geschrieben, dass Leistungsk\u00fcrzun\u00adgen nur f\u00fcr einen kurzen Zeitraum und nur dann zul\u00e4ssig sind, wenn nachvollziehbar be\u00adrechnet und nachgewiesen werden kann, dass tats\u00e4chlich in der ersten Zeit ein geringerer Bedarf besteht. Eine solche Begr\u00fcndung fehlt nach wie vor, obwohl das <a href=\"https:\/\/www.bundesverfassungsgericht.de\/SharedDocs\/Entscheidungen\/DE\/2022\/10\/ls20221019_1bvl000321.html\" target=\"_blank\" rel=\"external noopener noreferrer\" data-wpel-link=\"external\">Bundesverfassungsgericht am 19.10.2022<\/a> seine Rechtsprechung nochmals bekr\u00e4ftigt und damit eine weitere verfassungswidrige K\u00fcrzung des Gesetzgebers aufgehoben hat.<\/p>\r\n<h4 align=\"justify\">2) Die vorgeschlagenen Ma\u00dfnahmen sorgen f\u00fcr eine Desintegration:<\/h4>\r\n<p align=\"justify\">Eine Politik der Abschreckung und \u201eVergr\u00e4mung\u201c durch Leistungsk\u00fcrzungen und sozialen Ausschluss hat f\u00fcr die hier lebenden Gefl\u00fcchteten gravierende Folgen. Der verl\u00e4ngerte Ausschluss von einer gleichberechtigten Teilhabe durch Unterschreitung des gesetzlich definierten Existenzminimums, die Versagung einer angemessenen Gesundheitsversor\u00adgung \u00fcber die Krankenkassen und technische Restriktionen \u00fcber eine \u201eBezahlkarte\u201c ge\u00adf\u00e4hrden die Gesundheit und verursachen Prozesse der Ausgrenzung und Ghettoisierung. Sie verst\u00e4rken damit rassistische Erfahrungen, die oftmals ohnehin zum Alltag Gefl\u00fcchte\u00adter geh\u00f6ren.<\/p>\r\n<h4 align=\"justify\">3) Die vorgeschlagenen Ma\u00dfnahmen verfehlen ihr Ziel:<\/h4>\r\n<p align=\"justify\">Es ist irrational zu glauben, Gefl\u00fcchtete w\u00fcrden sich durch \u201eBezahlkarten\u201c und die Ein\u00adschr\u00e4nkung von Sozialleistungen davon abschrecken lassen, in Deutschland Asyl zu beantragen:<\/p>\r\n<p align=\"justify\">Zun\u00e4chst einmal bleibt festzustellen, dass Menschen nach Deutschland kommen, weil sie Schutz vor Verfolgung, Krieg oder Krisen finden wollen. Eine Schutzquote von \u00fcber 70% in diesem Jahr macht deutlich, dass selbst nach Ansicht des Bundesamtes f\u00fcr Migration und Fl\u00fcchtlinge die meisten Asylantragsteller:innen zu Recht Schutz suchen.<\/p>\r\n<p align=\"justify\">Innerhalb der EU ist f\u00fcr Schutzsuchende Deutschland in erster Linie Zielland, weil sich bereits Familienangeh\u00f6rige und Bekannte bzw. Angeh\u00f6rige einer Community von Gefl\u00fcch\u00adteten hier aufhalten, weil sie politische, \u00f6konomische und soziale Sicherheit wollen, die Gew\u00e4hrleistung demokratischer Prinzipien und M\u00f6glichkeiten eines beruflichen Neuan\u00adfangs. Die Leistungsform und Dauer von Leistungsk\u00fcrzungen sind in der Regel gar nicht bekannt und spielen bei der Wahl des Zielstaats absolut keine Rolle.<\/p>\r\n<h4 align=\"justify\">4) Die gesetzgeberischen Tricksereien zur Unterschreitung des Existenzminimums m\u00fcssen endlich auch in Niedersachsen unterbunden werden:<\/h4>\r\n<p align=\"justify\">Trotz des Beschlusses des Bundesverfassungsgerichts vom 19.10.2022 erhalten Asylsu\u00adchende mit einer Aufenthaltszeit von unter 18 Monate in Gemeinschaftsunterk\u00fcnften in Niedersachsen nur gek\u00fcrzte Leistungen, weil das Land sich weigert, den Empfehlungen des BMAS vom 23.1.2023 und der Aufforderung der Arbeits- und Sozialministerkonferenz (ASMK) vom 03.05.2023 zu folgen und das Urteil auf alle Leistungsempf\u00e4nger:innen nach dem AsylbLG in Gemeinschaftsunterk\u00fcnften anzuwenden. In Hessen, NRW und Bayern ist dies l\u00e4ngst geschehen, der gr\u00fcne Finanzminister Niedersachsens verweigert jedoch bis heute die Korrektur der offenkundig verfassungswidrigen Praxis, um auf dem R\u00fccken von Asylsuchenden Geld einzusparen.<\/p>\r\n<p align=\"justify\">Wir fordern Bund und L\u00e4nder auf, endlich zu einer grundgesetzkonformen Ausge\u00adstaltung von Leistungen f\u00fcr Gefl\u00fcchtete zur\u00fcckzukehren, auf die Einf\u00fchrung einer diskriminierenden Bezahlkarte mit eingeschr\u00e4nkten Funktionen zu verzichten und eine angemessene gesundheitliche Versorgung f\u00fcr alle Asylsuchenden zu gew\u00e4hr\u00adleisten.<\/p>\r\n<p>Erstunterzeichnet von:<\/p>\r\n<ul>\r\n<li>Fl\u00fcchtlingsrat Niedersachsen e.V.<\/li>\r\n<li>Arbeitsgemeinschaft Migrantinnen, Migranten und Fl\u00fcchtlinge in Niedersachsen \u2013 amfn e.V.<\/li>\r\n<li>Landesvereinigung f\u00fcr Gesundheit und Akademie f\u00fcr Sozialmedizin Niedersachsen Bremen e. V.<\/li>\r\n<li>Parit\u00e4tische Wohlfahrtverband Niedersachsen e.V.<\/li>\r\n<li>AWO Bezirksverband Hannover e.V.<\/li>\r\n<li>Exil e.V. Osnabr\u00fcck<\/li>\r\n<li>Arbeitskreis Asyl Cuxhaven e.V.<\/li>\r\n<li>Bundes Roma Verband e.V.<br \/>Roma Center e.V.\/ Roma Antidiscrimination Network<\/li>\r\n<li>VVN-BdA e.V.<\/li>\r\n<li>Verein \u201eWillkommen in Lehre\u201c e.V.<\/li>\r\n<li>REFUGIUM Fl\u00fcchtlingshilfe e.V. aus Braunschweig<\/li>\r\n<li>Janusz Korczak \u2013 Humanit\u00e4re Fl\u00fcchtlingshilfe e.V.<\/li>\r\n<li>Outlaw gGmbH \u2013 Osnabr\u00fcck<\/li>\r\n<li>JANUN L\u00fcneburg e.V.<\/li>\r\n<li>mosaique \u2013 Haus der Kulturen e.V.<\/li>\r\n<li>L\u00fcneburger Netzwerk gegen Rechts<\/li>\r\n<li>IBIS-Interkulturelle Arbeitsstelle e.V.<\/li>\r\n<li>Landesjugendring Niedersachsen e.V.<\/li>\r\n<li>SJD \u2013 Die Falken, Unterbezirk Hannover<\/li>\r\n<li>Netzwerk f\u00fcr traumatisierte Fl\u00fcchtlinge in Niedersachsen \u2013 NTFN e.V.<\/li>\r\n<li>TRIVT e.V. \u2013 Welcome House und Fahrradwerkstatt<\/li>\r\n<li>ver.di Landesbezirk Niedersachsen-Bremen<\/li>\r\n<li>Verband Entwicklungspolitik Niedersachsen e.V.<\/li>\r\n<li>Verein Nieders\u00e4chsischer Bildungsinitiativen e.V. \u2013 VNB<br \/><br \/><\/li>\r\n<li>(weitere Unterst\u00fctzung m\u00f6glich)<\/li>\r\n<\/ul>\r\n<p>F\u00fcr R\u00fcckfragen wenden Sie sich bitte an: Kai Weber, Tel. 0178 &#8211; 17 32 569<\/p>\r\n<\/div>\r\n<hr \/>\r\n<h3>Am 25.11. Gro\u00df-Demonstration in Berlin<\/h3>\r\n<h2><strong>&#8222;Nein zu den Kriegen&#8220;<\/strong><\/h2>\r\n<p>Die bundesweite Demonstration wurde vor dem Hintergrund des Ukraine-Krieges geplant. Inzwischen ist mit dem Krieg in Nahost ein zweiter Brandherd dazu gekommen. Eine zentrale Forderung f\u00fcr beide Kriege ist die nach einem sofortigen Waffenstillstand. <br \/>Verbreitet bitte den Termin! Kommt, wenn m\u00f6glich, zu der Friedensdemonstration nach Berlin. N\u00e4heres findet Ihr beim Bundesausschuss Friedensratschlag (friedensratschlag.de) unter <a href=\"https:\/\/nie-wieder-krieg.org\">https:\/\/nie-wieder-krieg.org<\/a> \u00a0 <span style=\"font-size: large;\"><br \/><\/span><\/p>\r\n<h3>\u00a0<\/h3>\r\n<h3><strong>MPK: Wettlauf der Sch\u00e4bigkeiten<\/strong><\/h3>\r\n<p><strong>Der Fl\u00fcchtlingsrat Niedersachsen kritisiert die Beschl\u00fcsse der Ministerpr\u00e4sidentenkonferenz scharf:<\/strong><\/p>\r\n<p>Die deutsche Politik hat ihre im Jahr 2015 ausgerufene &#8222;Willkommenskultur&#8220; endg\u00fcltig beerdigt. In der Hoffnung, der rechtsextremen AfD W\u00e4hlerstimmen abzujagen, \u00fcberbieten auch die demokratischen Parteien einander in einem sich t\u00e4glich weiter aufschaukelnden Wettbewerb der Abschreckung. Es scheint, als w\u00fcrden diejenigen gewinnen, die Gefl\u00fcchteten am weitestgehenden entrechten und ihnen die gr\u00f6\u00dften Sch\u00e4bigkeiten zumuten wollen. Dieser Paradigmenwechsel schl\u00e4gt sich auch in der verwendeten Sprache nieder, wenn in den Debatten durchg\u00e4ngig nur noch von &#8222;irregul\u00e4rer Migration&#8220; die Rede ist. Fl\u00fcchtlinge sind keine &#8222;irregul\u00e4ren Migrant:innen&#8220;: Sie nehmen ein verfassungsrechtlich verbrieftes Recht in Anspruch, das im Rahmen regul\u00e4rer Asylverfahren gepr\u00fcft wird. Wer gegen Gefl\u00fcchtete hetzt und den Eindruck erweckt, ihre Vertreibung und Vergr\u00e4mung sei oberste Staatsr\u00e4son, legt eine Lunte an ein Pulverfass.<\/p>\r\n<p>Die beabsichtigte Absenkung der Asylbewerberleistungen ist aus unserer Sicht nicht nur &#8222;integrationspolitisch kontraproduktiv und unter Kindeswohlgesichtspunkten bedenklich&#8220;, wie die Bundesl\u00e4nder Bremen und Th\u00fcringen &#8211; leider nicht Niedersachsen &#8211; zu Protokoll gegeben haben. Es ist auch unmenschlich und unvern\u00fcnftig, Gefl\u00fcchtete absichtlich \u00fcber Jahre in Armut zu halten und ihnen erst nach 36 statt wie bisher nach 18 Monaten zumindest Leistungen auf dem Niveau der Sozialhilfe zu zahlen. Ein solcher Schritt wird die Zahl der Gefl\u00fcchteten nicht verringern, aber soziale Probleme versch\u00e4rfen. Dabei ist die Theorie, wonach Sozialleistungen einen vermeintlichen Pull-Effekt erzeugen, <a href=\"https:\/\/www.tagesschau.de\/faktenfinder\/migration-push-pull-faktoren-101.html\" target=\"_blank\" rel=\"nofollow noopener\">nie bewiesen worden und l\u00e4ngst widerlegt<\/a>.<\/p>\r\n<p>Leistungseinschr\u00e4nkungen und Sachleistungen f\u00fcr einen Zeitraum von 36 Monaten, das hatten wir alles bis zur <a href=\"https:\/\/www.bundesverfassungsgericht.de\/SharedDocs\/Entscheidungen\/DE\/2012\/07\/ls20120718_1bvl001010.html\" target=\"_blank\" rel=\"nofollow noopener\">bahnbrechenden Entscheidung des Bundesverfassungsgerichts aus dem Jahr 2012<\/a> schon einmal. Die K\u00fcrzungen sind in verfassungsrechtlicher Hinsicht mehr als fragw\u00fcrdig und zeugen von Empathielosigkeit und Unkenntnis der Lebensrealit\u00e4t gefl\u00fcchteter Menschen. Schutzsuchende Menschen werden sich nicht von der Flucht abhalten lassen, weil sie 36 statt 18 Monate eingeschr\u00e4nkte Leistungen erhalten. Aber der Beschluss wird, sollte er so umgesetzt werden, die soziale Not vergr\u00f6\u00dfern und die soziale Ausgrenzung vertiefen. Er schlie\u00dft Menschen von Ma\u00dfnahmen zur Vorbereitung und Eingliederung in den Arbeitsmarkt aus und behindert ihre Vermittlung in Arbeits- und Ausbildungsstellen. Zudem wird ihnen im Asylbewerberleistungsgesetz eine angemessene Gesundheitsversorgung verwehrt, die gerade f\u00fcr Asylsuchende, die oft traumatische Gewalt im Herklunftsland oder auf der Flucht erleiden mussten, von erhebliche Bedeutung sind. Mit dem K\u00fcrzungsbeschluss ignorieren die Ministerpr\u00e4sident:innen von Bund und L\u00e4ndern auch die Expertise und einm\u00fctige Einsch\u00e4tzung von Fachorganisationen.\u00a0 <a href=\"https:\/\/proasyl.gu-marketingsuite.com\/Prod\/link-tracker?redirectUrl=aHR0cHMlM0ElMkYlMkZ3d3cucHJvYXN5bC5kZSUyRm5ld3MlMkYzMC1qYWhyZS1hc3lsYmV3ZXJiZXJsZWlzdHVuZ3NnZXNldHotMzAtamFocmUtZGlza3JpbWluaWVydW5nLXZvbi1hbXRzLXdlZ2VuJTJGJTNGdXRtX3NvdXJjZSUzREFjdGl2ZUNhbXBhaWduJTI2dXRtX21lZGl1bSUzRGVtYWlsJTI2dXRtX2NvbnRlbnQlM0RQUk8lMkJBU1lMJTJCaXN0JTJCZW50c2V0enQlMkIlMjVDMyUyNUJDYmVyJTJCZGllJTJCQmVzY2hsJTI1QzMlMjVCQ3NzZSUyQmRlciUyQk1pbmlzdGVycHIlMjVDMyUyNUE0c2lkZW50ZW5rb25mZXJlbnolMjZ1dG1fY2FtcGFpZ24lM0RQRSUyQjclMkIxMSUyNTJDJTJCTVBL&amp;sig=4r5qfqcQfh9MRYhfnHBXKLxiwnk51EtiHK7JaHAmvxos&amp;iat=1699353108&amp;a=%7C%7C1000402738%7C%7C&amp;account=proasylde%2Eactivehosted%2Ecom&amp;email=ao1W7dSPu6HZ0%2BtWnyDoZo3C7vdm9vyr2p%2BE3oN6vxI2%3AsZVai25WAjFELkljpcTRtHI9eKaJ%2BvD0&amp;s=09420557f3553fd86d8d305947fad5f1&amp;i=653A918A8A8519\" target=\"_blank\" rel=\"nofollow noopener\" data-ac-default-color=\"1\">\u00dcber 150 Fachverb\u00e4nde und soziale Organisationen<\/a> hatten sich Anfang November gemeinsam gegen K\u00fcrzungen am Existenzminimum ausgesprochen und stattdessen f\u00fcr die sozialrechtliche Gleichstellung Gefl\u00fcchteter geworben.<\/p>\r\n<p>F\u00fcr Emp\u00f6rung sorgt beim Fl\u00fcchtlingsrat Niedersachsen auch der beabsichtigte Verzicht auf eine &#8211; im Koalitionsvertrag der Ampel fest vereinbarte &#8211; Wiederherstellung des Rechts auf Familiennachzug f\u00fcr subsidi\u00e4r Schutzberechtigte: Ehe und Familie stehen unter dem besonderen Schutz des Grundgesetzes und der Europ\u00e4ischen Menschenrechtskonvention (Art. 6 GG, Art. 8 EMRK). Es ist verst\u00f6rend und zeugt von menschlicher K\u00e4lte, wenn Politiker:innen und Parteien, die ansonsten keine Gelegenheit auslassen, die Bedeutung der Familie f\u00fcr den emotionalen, sozialen und wirtschaftlichen Schutz und ein gedeihliches Zusammenleben zu betonen, den vor oder w\u00e4hrend der Flucht unfreiwillig getrennten Familien \u00fcber Jahre eine Trennung von ihrem Liebsten zumuten.<\/p>\r\n<p>Der auf Betreiben von CDU- und Gr\u00fcn &#8211; regierten L\u00e4ndern beschlossene Pr\u00fcfauftrag f\u00fcr eine Externalisierung von Asylverfahren in Transitl\u00e4nder verdeutlicht, wie weit die Diskursverschiebung in der asylpolitischen Diskussion mittlerweile gediehen ist. Zwar hat die SPD dankenswerterweise darauf gedrungen, dass die Genfer Fl\u00fcchtlingskonvention und die Europ\u00e4ische Menschenrechtskonvention dabei zu achten sind. Der von den Ministerpr\u00e4sident:innen gleichzeitig geforderte Fortsetzung und Umsetzung des Fl\u00fcchtlingsdeals mit der T\u00fcrkei, die weder die Genfer Fl\u00fcchtlingskonvention noch die Europ\u00e4ische Menschenrechtskonvention ratifiziert hat, verdeutlicht jedoch, dass &#8222;achten&#8220; offenkundig nicht &#8222;einhalten&#8220; bedeutet.<\/p>\r\n<p><u>Hintergrund zu verringerten Leistungen nach dem Asylbewerberleistungsgesetz:<\/u><\/p>\r\n<p>Bei der Erfindung des Asylbewerberleistungsgesetzes vor genau 30 Jahren hielten Bundesregierung und Parlament eine K\u00fcrzung des sozialrechtlichen Existenzminimums f\u00fcr zw\u00f6lf Monate vertretbar, dar\u00fcber hinaus aber f\u00fcr unzumutbar. Es k\u00f6nne dann mangels &#8222;noch nicht absehbarer weiterer [Aufenthalts-]Dauer nicht mehr auf einen geringeren Bedarf abgestellt werden [&#8230;]. Insbesondere sind nunmehr Bed\u00fcrfnisse anzuerkennen, die auf eine st\u00e4rkere Angleichung an die hiesigen Lebensverh\u00e4ltnisse und auf bessere soziale Integration gerichtet sind.&#8220; (<a href=\"https:\/\/proasyl.gu-marketingsuite.com\/Prod\/link-tracker?redirectUrl=aHR0cHMlM0ElMkYlMkZkc2VydmVyLmJ1bmRlc3RhZy5kZSUyRmJ0ZCUyRjEyJTJGMDUwJTJGMTIwNTAwOC5wZGYlM0Z1dG1fc291cmNlJTNEQWN0aXZlQ2FtcGFpZ24lMjZ1dG1fbWVkaXVtJTNEZW1haWwlMjZ1dG1fY29udGVudCUzRFBSTyUyQkFTWUwlMkJpc3QlMkJlbnRzZXR6dCUyQiUyNUMzJTI1QkNiZXIlMkJkaWUlMkJCZXNjaGwlMjVDMyUyNUJDc3NlJTJCZGVyJTJCTWluaXN0ZXJwciUyNUMzJTI1QTRzaWRlbnRlbmtvbmZlcmVueiUyNnV0bV9jYW1wYWlnbiUzRFBFJTJCNyUyQjExJTI1MkMlMkJNUEs=&amp;sig=4BR4e131fQMc9N7khN2hjzufsFwnGHTR3KY25MiUAfvg&amp;iat=1699353108&amp;a=%7C%7C1000402738%7C%7C&amp;account=proasylde%2Eactivehosted%2Ecom&amp;email=ao1W7dSPu6HZ0%2BtWnyDoZo3C7vdm9vyr2p%2BE3oN6vxI2%3AsZVai25WAjFELkljpcTRtHI9eKaJ%2BvD0&amp;s=09420557f3553fd86d8d305947fad5f1&amp;i=653A918A8A8528\" target=\"_blank\" rel=\"nofollow noopener\" data-ac-default-color=\"1\">Bundestagsdrucksache 12\/5008<\/a> vom 24.5.1993). Derlei \u00dcberlegungen hielten die Regierungen dennoch nicht davon ab, die gek\u00fcrzten Leistungen nach dem Asylbewerberleistungsgesetz best\u00e4ndig zu verl\u00e4ngern.<\/p>\r\n<p>Nach dem Bundesverfassungsgericht hat jeder Mensch das Recht auf ein menschenw\u00fcrdiges physisches, aber auch soziokulturelles Existenzminimum, das die gesellschaftliche Teilhabe erm\u00f6glichen soll. Ob die gegen\u00fcber dem sozialrechtlichen Existenzminimum gek\u00fcrzten Grundleistungen des Asylbewerberleistungsgesetzes \u00fcberhaupt mit dem Verfassungsrecht vereinbar sind, ist fraglich. Nachdem das Verfassungsgericht konkrete Leistungss\u00e4tze des Asylbewerberleistungsgesetzes bereits mehrfach nach oben korrigierte und K\u00fcrzungen widersprach, ist aktuell ein weiteres Verfahren beim Bundesverfassungsgericht anh\u00e4ngig.<\/p>\r\n<p>weitere Informationen:<\/p>\r\n<p>Kai Weber, Tel. 0511 &#8211; 84 87 99 72<br \/>Muzaffer \u00d6zt\u00fcrkyilmaz, Tel. 0511 &#8211; 98 24 60 38<\/p>\r\n<header class=\"entry-header\">\r\n<div class=\"entry-meta\">\r\n<div><hr \/>\r\n<p><strong>Liebe Kolleg*innen,<\/strong><\/p>\r\n<p>die Ministerpr\u00e4sident*innen der L\u00e4nder und der Bundeskanzler haben sich in der Nacht auf ein Papier zur Migration geeinigt. Es tr\u00e4gt den originellen und irrsinnig innovativen Titel \u201e<a href=\"https:\/\/www.bundesregierung.de\/resource\/blob\/975226\/2235232\/697bfb257d9c4f697938a53c08b18812\/2023-11-07-mpk-fluechtlingspolitik-data.pdf?download=1\">Humanit\u00e4t und Ordnung<\/a>\u201c \u2013 enth\u00e4lt allerdings <strong>null Humanit\u00e4t.<\/strong><\/p>\r\n<p>So hat das Gremium der Ministerpr\u00e4sent*innen und des Kanzlers unzust\u00e4ndigkeitshalber mal eben beschlossen, in Teilen die Gesch\u00e4ftsgrundlage der Koalition abzur\u00e4umen: <em>\u201eDer Familiennachzug zu subsidi\u00e4r Schutzberechtigten wird nicht ausgeweitet\u201c, <\/em>hei\u00dft es lapidar in dem Papier. W\u00e4re interessant, was diejenigen dazu sagen, die den Koalitionsvertrag ausgehandelt haben, in dem steht: <em>\u201eWir werden die Familienzusammenf\u00fchrung zu subsi\u00addi\u00e4r Gesch\u00fctzten mit den GFK-Fl\u00fcchtlingen gleichstellen.\u201c<\/em> Es soll gepr\u00fcft werden, ob Asylverfahren nach Ruanda oder wer wei\u00df wohin ausgelagert werden k\u00f6nnen, die L\u00e4nderchef*innen und der Kanzler rufen zu unionsrechtswidrigen Grenzkontrollen und in der Regel ebenso unionsrechtswidrigen Pushbacks an den deutschen Binnengrenzen auf, die Entm\u00fcndigung und Entw\u00fcrdigung von Gefl\u00fcchteten soll durch eine \u201eBezahlkarte\u201c (also digitalisierte Sachleistungen) auf die Spitze getrieben werden. Die IT-Dienstleister scharren bereits mit den Hufen, weil sie wissen, dass sie sich eine goldene Nase verdienen werden.<\/p>\r\n<p>\u00dcberhaupt sind Leistungsk\u00fcrzungen, die gesetzlich normierte Unterschreitung eines menschenw\u00fcrdigen Existenzminimums, das Mittel der Wahl. Die Analogleistungen des AsylbLG (also das halbwegs normale Sozialhilfeniveau) sollen k\u00fcnftig nicht mehr nach 18, sondern erst nach 36 Monaten erbracht werden. Und hier haben die MPs und der Kanzler etwas vereinbart, das <strong>recht sicher verfassungswidrig<\/strong> sein d\u00fcrfte.<\/p>\r\n<p>Denn das hie\u00dfe: S\u00e4mtliche Menschen mit Duldung und Aufenthaltsgestattung werden drei Jahre lang Leistungen nach dem AsylbLG-Sondersystem erhalten, das nicht nur eine menschenrechtswidrige Notfallmedizin bedeutet, sondern aus dem bestimmte Bedarfe willk\u00fcrlich herausgerechnet worden sind. Unter anderem sind die Anteile f\u00fcr Computer, Fernseher, elektronische Ger\u00e4te, Musikinstrumente, Sport, Erholung, au\u00dferschulischen Unterricht usw. in den Grundleistungen gestrichen worden, weil ja von einem \u201enur kurzfristigen Aufenthalt\u201c auszugehen sei (<a href=\"https:\/\/dserver.bundestag.de\/btd\/18\/075\/1807538.pdf\">BT-Drs. 18\/7538<\/a>, S. 21).<\/p>\r\n<p>Das ist nat\u00fcrlich eine objektiv falsche Annahme, weil ein gro\u00dfer Teil der Menschen im Asylverfahren sich von Anfang an <strong>voraussichtlich dauerhaft<\/strong> in Deutschland aufhalten wird; 70 Prozent der inhaltlichen BAMF-Entscheidungen ergeben einen Schutzstatus. Auch bei Menschen mit Duldung besteht aus den unterschiedlichsten Gr\u00fcnden oftmals eine hohe Bleibewahrscheinlichkeit.<\/p>\r\n<p>Das Bundesverfassungsgericht hat am 18. Juli 2012 (<a href=\"https:\/\/www.bundesverfassungsgericht.de\/SharedDocs\/Entscheidungen\/DE\/2012\/07\/ls20120718_1bvl001010.html\">1 BvL 10\/10 und 1 BvL 2\/11<\/a>)\u00a0 zur Frage der H\u00f6he und Dauer der Grundleistungen folgendes entschieden:<\/p>\r\n<p><em>\u201eLassen sich tats\u00e4chlich spezifische Minderbedarfe bei einem nur kurzfristigen, nicht auf Dauer angelegten Aufenthalt feststellen, und will der Gesetzgeber die existenznotwendigen Leistungen f\u00fcr eine Personengruppe deshalb gesondert bestimmen, muss er sicherstellen, dass die gesetzliche Umschreibung dieser Gruppe hinreichend zuverl\u00e4ssig tats\u00e4chlich nur diejenigen erfasst, die sich regelm\u00e4\u00dfig nur kurzfristig in Deutschland aufhalten. Dies l\u00e4sst sich zu Beginn des Aufenthalts nur anhand einer Prognose beurteilen. Diese bemisst sich zwar nicht allein, aber auch am jeweiligen Aufenthaltsstatus. Dabei ist stets dessen Einbindung in die tats\u00e4chlichen Verh\u00e4ltnisse zu ber\u00fccksichtigen. <\/em><\/p>\r\n<p><em>Eine Beschr\u00e4nkung auf ein durch etwaige Minderbedarfe f\u00fcr Kurzaufenthalte gepr\u00e4gtes Existenzminimum ist unabh\u00e4ngig vom jeweiligen Aufenthaltsstatus und ohne R\u00fccksicht auf die Berechtigung einer urspr\u00fcnglich gegenteiligen Prognose jedenfalls dann nicht mehr gerechtfertigt, wenn der tats\u00e4chliche Aufenthalt die Spanne eines Kurzaufenthalts deutlich \u00fcberschritten hat. F\u00fcr diese F\u00e4lle ist ein zeitnaher, an den Gr\u00fcnden des unterschiedlichen Bedarfs orientierter \u00dcbergang von den existenzsichernden Leistungen f\u00fcr Kurzaufenthalte zu den Normalf\u00e4llen im Gesetz vorzusehen.\u201c <\/em>(Randnummer 75 und 76)<\/p>\r\n<p>Also:<\/p>\r\n<ul>\r\n<li>Leistungen unterhalb des normalen Sozialhilfeniveaus sind nach BVerfG nur dann zul\u00e4ssig, wenn <strong>nachvollziehbar berechnet und nachgewiesen<\/strong> wurde, dass <strong><em>tats\u00e4chlich<\/em><\/strong> in der ersten Zeit ein <strong>geringerer Bedarf<\/strong> Dies ist indes nicht geschehen. Die K\u00fcrzung der Grundleistungen um die Bedarfe f\u00fcr Computer usw. ist ohne transparente nachvollziehbare Begr\u00fcndung und ohne Beleg eines tats\u00e4chlichen Minderbedarfs erfolgt. Au\u00dferdem hat die Gesetzgeberin bzw. die Bundesregierung nicht gepr\u00fcft, ob auf der anderen Seite in der ersten Zeit nicht auch besondere Mehrbedarfe entstehen<\/li>\r\n<li>Betroffen von den auf 36 Monate verl\u00e4ngerten Grundleistungen (also einem Niveau unterhalb der normalen Sozialhilfe) w\u00e4ren alle Personen, <strong>unabh\u00e4ngig davon<\/strong>, ob sie sich <strong>voraussichtlich dauerhaft<\/strong> oder voraussichtlich nicht dauerhaft in Deutschland aufhalten werden. Die Vorgabe des Bundesverfassungsgerichts, nur diejenigen zu erfassen, die <strong><em>tats\u00e4chlich<\/em> nur kurzfristig<\/strong> in Deutschland sein werden, ist nicht ansatzweise erf\u00fcllt.<\/li>\r\n<li>Und schlie\u00dflich ist auch die Vorgabe nicht erf\u00fcllt, bei mehr als einem <strong>\u201eKurzaufenthalt\u201c<\/strong> zeitnah das normale Niveau der Existenzsicherung f\u00fcr alle zu gew\u00e4hrleisten. Drei Jahre ist definitiv mehr als ein \u201eKurzaufenthalt\u201c; von einem \u201eKurzaufenthalt\u201c kann man wohl allenfalls bei wenigen Monaten ausgehen. Nach drei Jahren kann in anderen Konstellationen eine Niederlassungserlaubnis erteilt werden, sogar eine Einb\u00fcrgerung soll zuk\u00fcnftig nach drei Jahren m\u00f6glich sein. Dass bei dieser Zeitspanne ein \u201eKurzaufenthalt\u201c konstruiert wird, ist schlicht abwegig.<\/li>\r\n<\/ul>\r\n<p>Es spricht viel daf\u00fcr, dass schon die aktuelle Rechtslage des AsylbLG hinsichtlich der H\u00f6he der Grundleistungen (vgl. Vorlagebeschluss des LSG Niedersachsen an das Bundesverfassungsgericht vom 13. Januar 2021, <a href=\"https:\/\/voris.wolterskluwer-online.de\/browse\/document\/43ba6427-09b6-46f4-8f5e-aa48b49c5fac\"> Az.: L 8 AY 21\/19<\/a>) und der 18-monatigen Wartezeit f\u00fcr die Analogleistungen verfassungswidrig ist; die K\u00fcrzungen nach \u00a7 1a AsylbLG sind es nat\u00fcrlich ohnehin! Die 18 Monate werden aktuell damit begr\u00fcndet, dass f\u00fcr diese Zeit regelm\u00e4\u00dfig eine Unterbringung in einer Aufnahmeeinrichtung bestehe (<a href=\"https:\/\/dserver.bundestag.de\/btd\/19\/107\/1910706.pdf\">BT-Drs. 19\/10706, S. 17<\/a> f) \u2013 was bereit jetzt sehr oft nicht zutrifft, insbesondere f\u00fcr Familien mit Kindern. Wie die Bundesregierung zuk\u00fcnftig eine objektiv nachvollziehbare Begr\u00fcndung f\u00fcr einen dreij\u00e4hrigen \u201eKurzaufenthalt\u201c konstruieren will, ist v\u00f6llig schleierhaft.<\/p>\r\n<p>Noch schleierhafter wird das Ganze \u00fcbrigens, wenn die Ministerpr\u00e4sident*innen und der Kanzler an anderer Stelle selbst schreiben, dass bei Gefl\u00fcchteten im Asylverfahren oftmals eine \u201erechtlich gesicherte Bleibeperspektive\u201c bestehe. F\u00fcr diese solle n\u00e4mlich der Arbeitsmarktzugang rechtlich ge\u00f6ffnet werden. Schon Interessant: Gefl\u00fcchtete haben bereits w\u00e4hrend des Asylverfahrens eine \u201erechtlich gesicherte Bleibeperspektive\u201c und sollen daher leichter eine Arbeitserlaubnis bekommen k\u00f6nnen. Sie haben zugleich aber einen \u201enur kurzfristigen Aufenthalt\u201c und sollen deshalb Leistungen unterhalb des menschenw\u00fcrdigen Existenzminimums bekommen.<\/p>\r\n<p>Offensichtlich sind den Ministerpr\u00e4sident*innen und dem Kanzler verfassungsrechtliche Erw\u00e4gungen relativ egal, ihnen geht es in erster Linie um fiskalische und migrationspolitische Ziele \u2013 und um das populistische Signal an die interessierte \u00d6ffentlichkeit: \u201eJetzt k\u00fcrzen wir den Fl\u00fcchtlingen ihr Geld!\u201c Im Bund-L\u00e4nder-Papier hei\u00dft es<em>: \u201eDer Bundeskanzler und die Regierungschefinnen und Regierungschefs der L\u00e4nder sind der Auffassung, dass die Anreize f\u00fcr eine Sekund\u00e4rmigration innerhalb Europas nach Deutschland gesenkt werden m\u00fcssen.\u201c<\/em><\/p>\r\n<p>Das ist eine hochgradig bedenkliche Grundhaltung gegen\u00fcber den Vorgaben unserer Verfassung und spricht weder f\u00fcr Humanit\u00e4t noch f\u00fcr Ordnung.<\/p>\r\n<p>Claudius Voigt<br \/>Projekt Q \u2013 B\u00fcro zur Qualifizierung der Fl\u00fcchtlings- und Migrationsberatung<br \/>Tel.: 0251 14486 \u2013 26<br \/>Mob.: 01578\u00a0 0497423<\/p>\r\n<p>Gemeinn\u00fctzige Gesellschaft zur Unterst\u00fctzung Asylsuchender e. V.<br \/>Hafenstra\u00dfe 3 &#8211; 5<br \/>48153 M\u00fcnster<\/p>\r\n<p>Tel.: 0251 14486 \u2013 0<br \/>Fax: 0251 14486 \u2013 10<\/p>\r\n<p><a href=\"http:\/\/www.ggua.de\/\">www.ggua.de<\/a><\/p>\r\n<hr \/>\r\n<h2>\u00a0<\/h2>\r\n<h2><strong>Ermutigung<\/strong><\/h2>\r\n<h3 class=\"articleHeader headline\"><strong>Migrationskrise? Eine Gemeinde zeigt, wie es geht<\/strong><\/h3>\r\n<p><a href=\"https:\/\/www1.wdr.de\/daserste\/monitor\/videos\/migrationskrise-eine-gemeinde-zeigt-wie-es-geht-104.html\">https:\/\/www1.wdr.de\/daserste\/monitor\/videos\/migrationskrise-eine-gemeinde-zeigt-wie-es-geht-104.html<\/a><\/p>\r\n<hr \/>\r\n<h3><strong>90 Jahre rechtswidrige Abschiebungshaft &#8211; und jetzt das: <br \/>&#8222;R\u00fcckf\u00fchrungsoffensive meets R\u00fcckf\u00fchrungsverbesserung&#8220;<\/strong><\/h3>\r\n<p>Aus aktuellem Anlass hier meine neuesten Zahlen zur rechtsstaatswidrigen Anordnungspraxis von Abschiebungshaft in Deutschland <br \/>(<strong>Stand 25.10.2023<\/strong>):<\/p>\r\n<ul>\r\n<li>Seit 2001 habe ich bundesweit 2.458 Menschen in Abschiebungshaftverfahren vertreten (in rund 22 Jahren etwa alle 3 \u2013 4 Tage ein neues Mandat).<\/li>\r\n<li>1.283 dieser Menschen (dh 52,2 %) wurden nach den hier vorliegenden rechtskr\u00e4ftigen Entscheidungen rechtswidrig inhaftiert (manche &#8222;nur&#8220; einen Tag, andere monatelang).<\/li>\r\n<li>Zusammengez\u00e4hlt kommen auf die 1.283 Gefangenen 33.116 rechtswidrige Hafttage (etwas plastischer: Das sind 90 Jahre rechtswidrige Haft!).<\/li>\r\n<li>Im Durchschnitt befand sich jede\/r Mandant\/in genau 25,8 Tage zu Unrecht in Haft.<\/li>\r\n<\/ul>\r\n<p>Ob die Bundesregierung ernsthaft glaubt, dass die im \u201eGute-R\u00fcckf\u00fchrung-Gesetz\u201c beschlossenen Ma\u00dfnahmen \u201e<em>zur Bew\u00e4ltigung der hohen Zuzugszahlen<\/em>\u201c in sp\u00fcrbarer Form beizutragen geeignet sind, kann sie nur selbst beantworten. Eins aber \u2013 das lehrt die jahrelange Vertretung von Betroffenen- ist sicher: <strong>Mehr Haft wird zu mehr rechtswidriger Haft f\u00fchren<\/strong>. Da die Bundesregierung im Entwurf zum \u201eGute-R\u00fcckf\u00fchrung-Gesetz\u201c erneut keinen Gedanken daran verschwendet hat, von Abschiebungshaft Betroffenen einen Pflichtanwalt zur Seite zu stellen, scheint sie diese Sorge nicht umzutreiben \u2013 oder aber das Ganze (als Kollateralschaden?) in Kauf zu nehmen.<\/p>\r\n<p>Bedr\u00fcckte Gr\u00fc\u00dfe<\/p>\r\n<p>Peter Fahlbusch<br \/>Rechtsanwalt<\/p>\r\n<hr \/>\r\n<h3><strong><a href=\"https:\/\/incuxhaven.de\/wp-content\/uploads\/2023\/10\/Flyer-Bund-Soziale-Rechte-fuer-Alle.pdf\">Flyer-Bund Soziale Rechte f\u00fcr Alle<\/a><\/strong><\/h3>\r\n<hr \/>\r\n<h3><strong>Harsche Kritik an Faesers Abschiebepl\u00e4nen<\/strong><\/h3>\r\n<h3><a href=\"https:\/\/www.ndr.de\/nachrichten\/info\/Harsche-Kritik-an-Faesers-Abschiebeplaenen,audio1440900.html\">https:\/\/www.ndr.de\/nachrichten\/info\/Harsche-Kritik-an-Faesers-Abschiebeplaenen,audio1440900.html<\/a><\/h3>\r\n<hr \/>\r\n<h3 class=\"entry-title\"><strong>Friedrich Merz missbraucht das Leid der Verletzlichsten<\/strong><\/h3>\r\n<p>Kommentar des Fl\u00fcchtlingsrat Niedersachsen zu den Aussagen des <a href=\"https:\/\/www.youtube.com\/watch?v=mGz-8vNk6jA\" target=\"_blank\" rel=\"external noopener noreferrer\" data-wpel-link=\"external\">CDU-Bundesvorsitzenden Friedrich Merz im ZDF-Sommerinterview<\/a><\/p>\r\n<p style=\"text-align: left;\">\u201e<em>Anstatt Brandmauern aufrechtzuerhalten, baut Merz der AfD Br\u00fccken. Es gibt keinen Missbrauch des Asylrechts. Die Anerkennungsquote von Asylantr\u00e4gen ist auf einem historischen H\u00f6chststand. Es ist scheinheilig, wie der CDU-Vorsitzende das Leid der Verletzlichsten missbraucht und seinen Angriff gegen das Fl\u00fcchtlingsrecht fortsetzt, indem er die Aufnahme von Frauen bzw. Kindern fordert und M\u00e4nnern gleichzeitig das Recht auf Schutz abspricht. Nach dem EU- und V\u00f6lkerrecht ist es nicht zul\u00e4ssig, das individuelle Recht auf Asyl durch Aufnahmekontingente zu ersetzen. Auch ist die Einreise von Gefl\u00fcchteten nicht illegal, wenn sie im Anschluss Asyl beantragen. <\/em><em>Es ist perfide, gerade Gefl\u00fcchtete, die am h\u00e4ufigsten von dem grassierenden Rassismus betroffene Personengruppe, zu S\u00fcndenb\u00f6cken f\u00fcr die Wahlerfolge der AfD zu erkl\u00e4ren. Die Strategie der Union gegen den Rechtsruck beschr\u00e4nkt sich anscheinend darauf, Gefl\u00fcchtete zu d\u00e4monisieren und der AfD in nichts nachzustehen oder neuerdings gleich gemeinsame Sache mit ihr zu machen.\u201c<\/em><\/p>\r\n<h3><strong>Hintergrund<\/strong><\/h3>\r\n<p><a href=\"https:\/\/www.nds-fluerat.org\/56885\/aktuelles\/friedrich-merz-missbraucht-das-leid-der-verletzlichsten\/\">https:\/\/www.nds-fluerat.org\/56885\/aktuelles\/friedrich-merz-missbraucht-das-leid-der-verletzlichsten\/<\/a><\/p>\r\n<hr \/>\r\n<h3><strong>Die Bundesregierung und ihre Sch\u00f6nrednerei im Faktencheck<\/strong><\/h3>\r\n<h4>Schon seit der Entscheidung \u00fcber die EU-Asylreform im Europ\u00e4ischen Rat der EU versuchen Mitglieder der Bundesregierung, die Zustimmung zu rechtfertigen \u2013 und greifen dabei immer wieder auf Falschdarstellungen zur\u00fcck.<\/h4>\r\n<br \/>\r\n<h3>PRO ASYL hat einen Faktencheck zu GEAD online gestellt. Er ist hier zu finden:<\/h3>\r\n<p><a href=\"https:\/\/www.proasyl.de\/news\/die-bundesregierung-und-ihre-schoenrednerei-im-faktencheck\/\">https:\/\/www.proasyl.de\/news\/die-bundesregierung-und-ihre-schoenrednerei-im-faktencheck\/<\/a><\/p>\r\n<h3>\u00a0<\/h3>\r\n<h3 class=\"header\">ttt <span style=\"font-size: large;\">\u00fcber den Zusammenhang des systematischen Abbaus von Rechtstaatlichkeit an den Grenzen Europas mit zunehmender rechtsextremer Mobilisierung <br \/>im Innern. Rassismus als Fortsetzung der Anstrengung, die Grenzen f\u00fcr bestimmte Gruppen nach au\u00dfen zu schlie\u00dfen <\/span><\/h3>\r\n<h3 class=\"header\"><a href=\"https:\/\/www.ardmediathek.de\/video\/ttt-titel-thesen-temperamente\/das-buch-hinter-mauern\/das-erste\/Y3JpZDovL2Rhc2Vyc3RlLmRlL3R0dCAtIHRpdGVsIHRoZXNlbiB0ZW1wZXJhbWVudGUvYTBjMzgyOWItN2E1Ny00YTBkLTk2MzQtNGY4MmQwZWE1NmFm\">https:\/\/www.ardmediathek.de\/video\/ttt-titel-thesen-temperamente\/das-buch-hinter-mauern\/das-erste\/Y3JpZDovL2Rhc2Vyc3RlLmRlL3R0dCAtIHRpdGVsIHRoZXNlbiB0ZW1wZXJhbWVudGUvYTBjMzgyOWItN2E1Ny00YTBkLTk2MzQtNGY4MmQwZWE1NmFm<\/a><\/h3>\r\n<div class=\"footer\"><hr \/>\r\n<p>&nbsp;<\/p>\r\n<p><span class=\"news-list-date\"><time datetime=\"2023-05-09\">09.05.2023 <\/time><\/span><\/p>\r\n<\/div>\r\n<div class=\"teaser-text\">Pressemitteilung 3\/23 vom 9.5.23<\/div>\r\n<div class=\"news-text-wrap\">\r\n<p>Wir lehnen die de facto Abschaffung des Asylrechts durch die Ampel ab.<\/p>\r\n<p>Mit den Beschlussvorschl\u00e4gen zum Europ\u00e4ischen Asylrecht aus dem Bundeskanzleramt bricht die Ampelkoalition mit dem bisherigen Konsens der Politik in Deutschland nach 1945.<br \/>Die Lehre aus dem Faschismus war die Genfer Fl\u00fcchtlingskonvention und Art. 16a Grundgesetz.<\/p>\r\n<p>Nun ist die einzige Antwort der Ampel:<br \/>&#8211; Abschottung nach Au\u00dfen,<br \/>&#8211; Ausweitung der Repression in Hinblick auf Ankerzentren und<br \/>&#8211; Abschiebehaft im Inneren.<\/p>\r\n<p>Es geht hier nicht um Ideologie, sondern um unsere Unmenschlichkeit, die sich zeigt im Umgang mit Schutzsuchenden.<br \/>Es geht hier darum, dass wir das Recht beliebig relativieren, je nachdem, wer es in Anspruch nimmt.<\/p>\r\n<p>Dieses Unrecht greift die Grundlagen unserer Gesellschaft an. Kein Kompromiss kann dies rechtfertigen. Es ist Zeit, andere Wege zu gehen, statt immer wieder gescheiterte Abschottungsstrategien zu verfolgen.<\/p>\r\n<p>Z<strong>um morgigen Fl\u00fcchtlingsgipfel fordern wir ein Ende der Zwangskasernierung von schutzsuchenden Menschen und die Streichung der Arbeitsverbote. Statt Symbolpolitik, wie die Ausweitung der sicheren Herkunftsstaaten, braucht es einen Aufbruch, der die Unteilbarkeit der Welt und die nicht nach Herkunft und Identit\u00e4t relativierte Menschenw\u00fcrde ins Zentrum politischen Handelns r\u00fcckt.<\/strong><\/p>\r\n<p><strong>Die Vertretung von egoistischen Partikularinteressen und staatliche Aufr\u00fcstung, Gewalt und Abschottung von Schutzsuchenden ist eine r\u00fcckw\u00e4rtsgewandte Politik, die wir ablehnen.<\/strong><\/p>\r\n<p>&#8212;&#8212;&#8212;&#8212;<\/p>\r\n<p>Interviewanfragen k\u00f6nnen \u00fcber die Gesch\u00e4ftsstelle vermittelt werden: 030.417 235 55 \/ <a>kontakt@rav.de<\/a><\/p>\r\n<p>PM als <a href=\"https:\/\/www.rav.de\/fileadmin\/user_upload\/rav\/pressemitteilungen\/230509_PM_Erkl%C3%A4rung_des_RAV_anl%C3%A4sslich_des_Fl%C3%BCchtlingsgipfels.pdf\">PDF<\/a><\/p>\r\n<\/div>\r\n<hr \/>\r\n<h5 class=\"western\"><strong>Pressemitteilungvon PRO ASYL vom 25.04.23<\/strong><\/h5>\r\n<h3 class=\"western\"><strong>PRO ASYL ist entsetzt: Litauen legalisiert Pushbacks<\/strong><\/h3>\r\n<h5><b>Am heutigen Dienstagvormittag stimmte das litauische Parlament einer Gesetzes\u00e4nderung zu, die nationalrechtlich die v\u00f6lkerrechtswidrige Praxis der Pushbacks im Fall eines nationalen Notstands legalisiert.<\/b><\/h5>\r\n<p>Die Abstimmung heute war der formelle letzte Schritt des Gesetzgebungsprozesses, bereits am Donnerstag, 20. April, war der Gesetzesvorsto\u00df per Schnellverfahren angenommen worden. Am 1. Juni 2023 soll das eindeutig menschenrechtswidrige Gesetz dann in Kraft treten.<\/p>\r\n<p>\u201eDie heutige Entscheidung des litauischen Parlaments, Pushbacks im nationalen Recht zu legalisieren, ist eine weitere Bankrotterkl\u00e4rung f\u00fcr den Fl\u00fcchtlingsschutz in Europa. Wie bereits in Polen und Ungarn soll auch hier eine Praxis zum Gesetz werden, die erst k\u00fcrzlich vom Europarat als Folter eingestuft wurde. Die Talfahrt des Fl\u00fcchtlingsschutzes in der EU h\u00e4lt an. Die Gesetzes\u00e4nderung gef\u00e4hrdet das Leben von Menschen auf der Flucht und bricht europ\u00e4isches und internationales Recht. Es braucht einen Aufschrei der Bundesregierung und der anderen Mitgliedstaaten, der Europ\u00e4ischen Kommission und des Parlaments. Ein solches menschenrechtswidriges Gesetz darf nicht toleriert werden. Politischer Druck, Vertragsverletzungsverfahren und finanzielle Sanktionen m\u00fcssen die Folge sein\u201c, kommentiert Wiebke Judith, rechtspolitische Sprecherin von PRO\u00a0ASYL.<\/p>\r\n<p><strong>Ohne Asylantrag zur\u00fcck nach Belarus<\/strong><\/p>\r\n<p>Die \u00c4nderung sieht vor, dass Schutzsuchende, die innerhalb einer F\u00fcnf-Kilometer-Zone aufgegriffen werden, nach Belarus zur\u00fcckgebracht werden k\u00f6nnen, ohne zuvor einen Asylantrag stellen zu k\u00f6nnen und ohne weitere Pr\u00fcfung. Zuletzt wurden auf Vorschlag des litauischen Menschenrechtsausschusses Ausnahmen f\u00fcr schutzbed\u00fcrftige Menschen wie Kriegsfl\u00fcchtlinge eingef\u00fchrt \u2013 doch ob und wie das in der Praxis greifen w\u00fcrde ist mehr als fraglich. Nachweislich droht fliehenden Menschen bei R\u00fcckf\u00fchrung unmenschliche und erniedrigende Behandlung durch belarussische Einheiten sowie die Verelendung im Grenzgebiet.<\/p>\r\n<p>Zudem wird durch die Gesetzes\u00e4nderung der Einsatz sogenannter Paten erlaubt, die als Freiwillige an der Grenze patrouillieren und Amtshilfe unter anderem bei Verhaftungen von Fliehenden leisten d\u00fcrfen. Dabei gibt es keine Beschr\u00e4nkung f\u00fcr \u201ePaten\u201c aus dem Ausland \u2013 auch rechtsradikale Gruppierungen d\u00fcrfen sich also dem litauischen Grenzschutz anschlie\u00dfen. Zwar soll das Pushback-Gesetz auf \u201estaatliche Notsituationen\u201c beschr\u00e4nkt sein, jedoch wird diese seit dem Sommer 2021 regelm\u00e4\u00dfig festgestellt, womit von einer unbegrenzten Anwendung auszugehen ist. <a href=\"https:\/\/proasyl.gu-marketingsuite.com\/Prod\/link-tracker?redirectUrl=aHR0cHMlM0ElMkYlMkZ3d3cuc2NoZW5nZW52aXNhaW5mby5jb20lMkZuZXdzJTJGbGl0aHVhbmlhLXByb2xvbmdzLXN0YXRlLW9mLWVtZXJnZW5jeS1hdC1ib3JkZXItd2l0aC1iZWxhcnVzLWthbGluaW5ncmFkLXJlZ2lvbi11bnRpbC1tYXktMjAyMyUyRiUzRnV0bV9zb3VyY2UlM0RBY3RpdmVDYW1wYWlnbiUyNnV0bV9tZWRpdW0lM0RlbWFpbCUyNnV0bV9jb250ZW50JTNEUFJPJTJCQVNZTCUyQmlzdCUyQmVudHNldHp0JTI1M0ElMkJMaXRhdWVuJTJCbGVnYWxpc2llcnQlMkJQdXNoYmFja3MlMjZ1dG1fY2FtcGFpZ24lM0RQRSUyQjI1JTJCMDQlMkIyMDIzX0tyb2F0aWVuX0dlc2V0emVzJTI1QzMlMjVBNG5kZXJ1bmc=&amp;sig=Cmr5Uosfd3EbJGdnx1MuYDRRdt84B51mzv9juggVSeUu&amp;iat=1682412511&amp;a=%7C%7C1000402738%7C%7C&amp;account=proasylde%2Eactivehosted%2Ecom&amp;email=Vyu5Fv5KM0%2F83Mo9omS%2B8JmXyaAkufDj5kuakL2uE%2F1R%3ANk5uImV5D35Z4iOnGPgstKOPvvYBhj0b&amp;s=09420557f3553fd86d8d305947fad5f1&amp;i=533A768A8A7224\" target=\"_blank\" rel=\"noopener\">Zuletzt<\/a> wurde der Notstand entlang der Grenze zu Belarus bis Mai 2023 verl\u00e4ngert.<\/p>\r\n<p><strong>EuGH verurteilte Litauens V\u00f6lkerrechtsbr\u00fcche bereits im Juni\u00a02022\u00a0<\/strong><\/p>\r\n<p>Bereits seit Sommer 2021 sind <a href=\"https:\/\/proasyl.gu-marketingsuite.com\/Prod\/link-tracker?redirectUrl=aHR0cHMlM0ElMkYlMkZ3d3cuYW1uZXN0eS5kZSUyRnNpdGVzJTJGZGVmYXVsdCUyRmZpbGVzJTJGMjAyMi0wNiUyRkFtbmVzdHktQmVyaWNodC1MaXRhdWVuLVB1c2JhY2tzLU1pc3NoYW5kbHVuZy12b24tU2NodXR6c3VjaGVuZGVuLUp1bmktMjAyMi5wZGYlM0Z1dG1fc291cmNlJTNEQWN0aXZlQ2FtcGFpZ24lMjZ1dG1fbWVkaXVtJTNEZW1haWwlMjZ1dG1fY29udGVudCUzRFBSTyUyQkFTWUwlMkJpc3QlMkJlbnRzZXR6dCUyNTNBJTJCTGl0YXVlbiUyQmxlZ2FsaXNpZXJ0JTJCUHVzaGJhY2tzJTI2dXRtX2NhbXBhaWduJTNEUEUlMkIyNSUyQjA0JTJCMjAyM19Lcm9hdGllbl9HZXNldHplcyUyNUMzJTI1QTRuZGVydW5n&amp;sig=AbYs2UmtGL6k9ffEC1DZ5JnC4p53GjVoy2xu3EuAqSfi&amp;iat=1682412511&amp;a=%7C%7C1000402738%7C%7C&amp;account=proasylde%2Eactivehosted%2Ecom&amp;email=Vyu5Fv5KM0%2F83Mo9omS%2B8JmXyaAkufDj5kuakL2uE%2F1R%3ANk5uImV5D35Z4iOnGPgstKOPvvYBhj0b&amp;s=09420557f3553fd86d8d305947fad5f1&amp;i=533A768A8A7225\" target=\"_blank\" rel=\"noopener\">Pushbacks <\/a>an der belarussisch-litauischen Grenze und willk\u00fcrliche Inhaftierungen an der Tagesordnung. Schutzsuchenden wird in Litauen der Zugang zum Asylverfahren verwehrt und sie werden in Haftzentren untergebracht, in denen sie laut Recherchen von Amnesty International Misshandlungen ausgesetzt\u00a0sind.<\/p>\r\n<p>Der <a href=\"https:\/\/proasyl.gu-marketingsuite.com\/Prod\/link-tracker?redirectUrl=aHR0cHMlM0ElMkYlMkZ3d3cudGFnZXNzY2hhdS5kZSUyRmF1c2xhbmQlMkZldXJvcGElMkZldWdoLWFzeWxub3RzdGFuZC0xMDEuaHRtbCUzRnV0bV9zb3VyY2UlM0RBY3RpdmVDYW1wYWlnbiUyNnV0bV9tZWRpdW0lM0RlbWFpbCUyNnV0bV9jb250ZW50JTNEUFJPJTJCQVNZTCUyQmlzdCUyQmVudHNldHp0JTI1M0ElMkJMaXRhdWVuJTJCbGVnYWxpc2llcnQlMkJQdXNoYmFja3MlMjZ1dG1fY2FtcGFpZ24lM0RQRSUyQjI1JTJCMDQlMkIyMDIzX0tyb2F0aWVuX0dlc2V0emVzJTI1QzMlMjVBNG5kZXJ1bmc=&amp;sig=QK7arkjMty4k7Ao2fPa9kjsiizBYF5Fkh5PkFLWCcBA&amp;iat=1682412511&amp;a=%7C%7C1000402738%7C%7C&amp;account=proasylde%2Eactivehosted%2Ecom&amp;email=Vyu5Fv5KM0%2F83Mo9omS%2B8JmXyaAkufDj5kuakL2uE%2F1R%3ANk5uImV5D35Z4iOnGPgstKOPvvYBhj0b&amp;s=09420557f3553fd86d8d305947fad5f1&amp;i=533A768A8A7226\" target=\"_blank\" rel=\"noopener\">Gerichtshof der Europ\u00e4ischen Union<\/a> verurteilte schon im Juni 2022 die durch vorherige Gesetzes\u00e4nderungen kodifizierten V\u00f6lkerrechtsbr\u00fcche Litauens: Auch beim Vorliegen von \u201eau\u00dfergew\u00f6hnlichen Umst\u00e4nden\u201c oder einem \u201emassiven Zustrom\u201c von Schutzsuchenden darf das grunds\u00e4tzliche Recht auf Zugang zu einem Asylverfahren nicht ausgehebelt werden. Das schlie\u00dft auch das Verbot der Zur\u00fcckweisung und der willk\u00fcrlichen, systematischen Inhaftierung von Gefl\u00fcchteten ein. Zus\u00e4tzlich wies der Gerichthof die automatische Inhaftierung von Schutzsuchenden als europarechtswidrig zur\u00fcck. Litauen hielt dennoch an der Praxis\u00a0fest.<\/p>\r\n<p><strong>Menschenrechtswidrige Praxis an den Grenzen Europas wird verankert<\/strong><\/p>\r\n<p>Erst vor wenigen Wochen ver\u00f6ffentlichte der <a href=\"https:\/\/proasyl.gu-marketingsuite.com\/Prod\/link-tracker?redirectUrl=aHR0cHMlM0ElMkYlMkZybS5jb2UuaW50JTJGMTY4MGFhYmUyYiUzRnV0bV9zb3VyY2UlM0RBY3RpdmVDYW1wYWlnbiUyNnV0bV9tZWRpdW0lM0RlbWFpbCUyNnV0bV9jb250ZW50JTNEUFJPJTJCQVNZTCUyQmlzdCUyQmVudHNldHp0JTI1M0ElMkJMaXRhdWVuJTJCbGVnYWxpc2llcnQlMkJQdXNoYmFja3MlMjZ1dG1fY2FtcGFpZ24lM0RQRSUyQjI1JTJCMDQlMkIyMDIzX0tyb2F0aWVuX0dlc2V0emVzJTI1QzMlMjVBNG5kZXJ1bmc=&amp;sig=H26pDh8NrYdj54k7BoYb5yRvWueyP8pPPcWAjF13Nhaq&amp;iat=1682412511&amp;a=%7C%7C1000402738%7C%7C&amp;account=proasylde%2Eactivehosted%2Ecom&amp;email=Vyu5Fv5KM0%2F83Mo9omS%2B8JmXyaAkufDj5kuakL2uE%2F1R%3ANk5uImV5D35Z4iOnGPgstKOPvvYBhj0b&amp;s=09420557f3553fd86d8d305947fad5f1&amp;i=533A768A8A7227\" target=\"_blank\" rel=\"noopener\">Ausschuss zur Verh\u00fctung von Folter des Europarats<\/a> einen Bericht dar\u00fcber, dass L\u00e4nder wie Litauen mit ihrem Vorgehen gegen schutzsuchende Menschen an der europ\u00e4ischen Grenze Praktiken angewendet haben, die den Tatbestand der Folter erf\u00fcllen. Die <a href=\"https:\/\/proasyl.gu-marketingsuite.com\/Prod\/link-tracker?redirectUrl=aHR0cHMlM0ElMkYlMkZ3d3cuYWdlbnNpci5pdCUyRnF1b3RpZGlhbm8lMkYyMDIzJTJGNCUyRjI0JTJGY291bmNpbC1vZi1ldXJvcGUtY2FsbC1vbi1saXRodWFuaWEtZG8tbm90LXB1c2gtYmFjay1wZW9wbGUtaW4tbmVlZC1vZi1pbnRlcm5hdGlvbmFsLXByb3RlY3Rpb24taHVtYW4tcmlnaHRzLXZpb2xhdGlvbnMlMkYlM0Z1dG1fc291cmNlJTNEQWN0aXZlQ2FtcGFpZ24lMjZ1dG1fbWVkaXVtJTNEZW1haWwlMjZ1dG1fY29udGVudCUzRFBSTyUyQkFTWUwlMkJpc3QlMkJlbnRzZXR6dCUyNTNBJTJCTGl0YXVlbiUyQmxlZ2FsaXNpZXJ0JTJCUHVzaGJhY2tzJTI2dXRtX2NhbXBhaWduJTNEUEUlMkIyNSUyQjA0JTJCMjAyM19Lcm9hdGllbl9HZXNldHplcyUyNUMzJTI1QTRuZGVydW5n&amp;sig=6SUSQ4YvQgA3zmo4X2VkmVdCMtsskrKUXdtXNCcXcm4p&amp;iat=1682412511&amp;a=%7C%7C1000402738%7C%7C&amp;account=proasylde%2Eactivehosted%2Ecom&amp;email=Vyu5Fv5KM0%2F83Mo9omS%2B8JmXyaAkufDj5kuakL2uE%2F1R%3ANk5uImV5D35Z4iOnGPgstKOPvvYBhj0b&amp;s=09420557f3553fd86d8d305947fad5f1&amp;i=533A768A8A7228\" target=\"_blank\" rel=\"noopener\">Menschenrechtskommissarin des Europarates<\/a>, Dunja Mijatovi\u0107, forderte das litauische Parlament auf, gegen den Gesetzentwurf zu stimmen.<\/p>\r\n<p>\u201eDiese Stoppsignale scheinen in Litauen nicht angekommen zu sein. Stattdessen wird eine menschenrechtswidrige Praxis an den Grenzen Europas verankert. Die Liste der EU-L\u00e4nder, die sich fundamental von der Genfer Fl\u00fcchtlingskonvention und der Europ\u00e4ischen Menschenrechtskonvention abwenden, wird immer l\u00e4nger. Ohne starke Intervention aus Br\u00fcssel k\u00f6nnte diese Abw\u00e4rtsspirale von Rechtsstaat, Menschenrechten und Fl\u00fcchtlingsschutz kaum noch aufzuhalten sein\u201c, bef\u00fcrchtet Karl Kopp, Leiter der Europa-Abteilung von PRO\u00a0ASYL.<\/p>\r\n<hr \/>\r\n<h5><strong>\u201eHeute j\u00e4hrt sich der Einmarsch der t\u00fcrkischen Armee in die kurdische Region Afrin, Syrien, <br \/>zum 5. Mal. Wir verurteilen diesen v\u00f6lkerrechtswidrigen Angriff und fordern den Abzug der t\u00fcrkischen Truppen. Freiheit f\u00fcr Afrin! Frieden f\u00fcr Afrin!\u201c<\/strong><\/h5>\r\n<h5><strong>#FreedomforAfrin<\/strong><\/h5>\r\n<hr \/>\r\n<h3><strong>\u00bbAsylbewerberleistungsgesetz nicht fortentwickeln, sondern abschaffen\u00ab<\/strong><\/h3>\r\n<h5><strong>Leistungsk\u00fcrzungen f\u00fcr alleinstehende und alleinerziehende Gefl\u00fcchtete im AsylbLG sind verfassungswidrig. Zum Beschluss des Bundesverfassungsgerichts ein Interview von PRO ASYL mit der prozessbeteiligten Rechtsanw\u00e4ltin Eva Steffens<\/strong><\/h5>\r\n<br \/><b>Dass die Leistungen f\u00fcr alleinstehende und alleinerziehende Asylsuchende und Geduldete in Sammelunterk\u00fcnften seit 2019 um zehn Prozent gek\u00fcrzt werden, ist verfassungswidrig. Das hat das Bundesverfassungsgericht heute bekannt gegeben. Geklagt hat ein geduldeter Mann aus Sri Lanka, PRO ASYL hat das Verfahren unterst\u00fctzt. Vertreten wurde der Mann von Rechtsanw\u00e4ltin Eva Steffen aus Minden, Sozialrechtsexpertin und langj\u00e4hrige Streiterin f\u00fcr menschenw\u00fcrdige Sozialleistungen. Sie hat mit uns dar\u00fcber gesprochen, was der\u00a0 Beschluss des Bundesverfassungsgerichts vom 19.10.2022 bedeutet.<\/b><br \/><br \/><br \/><b>Das Bundesverfassungsgericht hat eine Leistungsk\u00fcrzung nach dem Asylbewerberleistungsgesetz f\u00fcr Alleinstehende und Alleinerziehende in Sammelunterk\u00fcnften f\u00fcr verfassungswidrig erkl\u00e4rt. Worum genau ging es in dem Verfahren genau?<\/b>\r\n<p>Der Gesetzgeber hatte von den in Sammelunterk\u00fcnften untergebrachten Menschen verlangt, wie in einer Ehe oder Partnerschaft f\u00fcreinander einzustehen, gemeinsam zu wirtschaften und dadurch Ausgaben einsparen. Hierzu hat das Bundesverfassungsgericht unmissverst\u00e4ndlich klargestellt, dass der Gesetzgeber zwar\u00a0 verlangen kann, alle erforderlichen und zumutbare M\u00f6glichkeiten zu ergreifen, um eine Hilfebed\u00fcrftigkeit zu vermindern.\u00a0 Eine pauschale Absenkung existenzieller Leistungen kann jedoch nur verlangt werden, wenn diese Pflichten tats\u00e4chlich erf\u00fcllbar sind und\u00a0 der Bedarf auch nachweisbar gedeckt wird. Leistungen d\u00fcrfen nicht auf der Grundlage einer reinen Vermutung\u00a0 von Einspareffekten abgesenkt werden, ohne dies f\u00fcr die konkreten Verh\u00e4ltnisse hinreichend tragf\u00e4hig zu belegen. Es liegen aber keinerlei Erkenntnisse vor, wonach alleinstehende Bed\u00fcrftige in den Sammelunterk\u00fcnften gemeinsam wirtschaften und dadurch relevante Einsparungen erzielen. Dies kann auch nicht von ihnen erwartet werden. <br \/>Das Bundesverfassungsgericht hatte dem Gesetzgeber schon im Juli 2012 genaue Vorgaben an die Bemessung der Leistungen nach dem Asylbewerberleistungsgesetz gemacht. Diese Vorgaben hat der Gesetzgeber nicht nur mit der heute f\u00fcr verfassungswidrig erkl\u00e4rten Regelung eindeutig und offenkundig ignoriert. Die Bundesregierung hat zur Einf\u00fchrung der Regelung 2019 gesch\u00e4tzt, dass die Kosten um rund 40 Millionen Euro sinken w\u00fcrden. Der Gesetzgeber hat hier ersichtlich seinen Gestaltungs &#8211; und Beurteilungsspielraum missbraucht, um Geld zu sparen.<\/p>\r\n<p><b>Die Entscheidung des Bundesverfassungsgerichts ist also ein wichtiger Erfolg. Was haben die Betroffenen von der Entscheidung und wie geht es deinem Mandanten jetzt?<\/b><\/p>\r\n<p>Die Betroffenen werden k\u00fcnftig wieder die ungek\u00fcrzten Leistungen in H\u00f6he von 100 % statt nur 90 % der Leistungen erhalten. Dies gilt sogar r\u00fcckwirkend ab September 2019, aber nur f\u00fcr diejenigen Zeitr\u00e4ume, die zum Datum der Entscheidung des Bundesverfassungsgerichts am 19.10.2022 noch nicht bestandskr\u00e4ftig waren. Mein Mandant und diejenigen, die Rechtsmittel gegen die Gew\u00e4hrung der Leistungen eingelegt haben \u2013 also noch laufende Widerspruchs- oder Klageverfahren haben \u2013, erhalten daher eine Nachzahlung. Sofern es noch rechtsmittelf\u00e4hige leistungsrechtliche Entscheidungen gibt, z.B. weil die Leistungen ohne einen schriftlichen Bescheid gew\u00e4hrt wurden, k\u00f6nnen diese Zeitr\u00e4ume unter Umst\u00e4nden auch heute noch wirksam angefochten werden. Hierzu sollten die Menschen anwaltlichen Rat einholen.<\/p>\r\n<p>Mein\u00a0 Mandant bezieht inzwischen keine Leistungen mehr nach dem AsylbLG mehr. Er lebt zwar noch in einer Sammelunterkunft, hat aber inzwischen eine Aufenthaltserlaubnis und erh\u00e4lt neben seinem Minijob aufstockende Hartz-IV Leistungen. Ich habe ihn kurz telefonisch von dem Ausgang des Verfahrens informiert. Er hat sich sehr gefreut.<\/p>\r\n<p><b>Die heutige Entscheidung des Bundesverfassungsgerichts betrifft alleinstehende und alleinerziehende Gefl\u00fcchtete, die in Sammelunterk\u00fcnften untergebracht sind \u2013 aber nicht alle. <\/b><\/p>\r\n<p>Richtig. Die Entscheidung betrifft zun\u00e4chst\u00a0 \u00bbnur\u00ab den Kreis der Leistungsberechtigten nach \u00a7 2 AsylbLG,\u00a0 also Menschen, die sich schon l\u00e4nger als 18 Monate hier aufhalten und h\u00f6here AsylbLG-Leistungen beziehen. Aber auch f\u00fcr den ersten Zeitraum des Aufenthalts gibt es im AsylbLG eine nahezu identische K\u00fcrzungsregelung in \u00a7 3 a AsylbLG f\u00fcr die sogenannten ohnehin schon herabgesenkten Grundleistungen. Sie bilden den weitaus gr\u00f6\u00dferen Kreis der Leistungsempf\u00e4nger. Die f\u00fcr sie geltende K\u00fcrzungsregelung war aber leider (noch) nicht Gegenstand des Verfahrens vor dem Bundesverfassungsgericht.\u00a0 Nat\u00fcrlich bedeu-tet die heutige Entscheidung des Verfassungsgerichts aber, dass die entsprechende K\u00fcrzungs-Regelung in \u00a7 3 \/ 3 a AsylbLG ebenfalls verfassungswidrig ist.<\/p>\r\n<p><b>K\u00f6nnen dann auch Grundleistungsempf\u00e4nger:innen von der Entscheidung profitieren?<\/b><\/p>\r\n<p>Die Bundesregierung ist aufgefordert, sofort t\u00e4tig zu werden und die K\u00fcrzung, die das Bundesverfassungsgericht bei \u00a7 2 AsylbLG f\u00fcr verfassungswidrig erkl\u00e4rt hat, auch f\u00fcr Grundleistungsempf\u00e4nger:innen nach \u00a7 3 \/ 3 a AsylbLG zu streichen. Wenn die Verantwortlichen hier nicht umgehend t\u00e4tig werden, halten sie sehenden Auges eine verfassungswidrige Regelung weiter aufrecht. Die Betroffenen sollten unbedingt, sofern sie das nicht schon getan haben, Widerspruch und Klage gegen die gek\u00fcrzten Leistungen einlegen. <br \/><br \/>Das gilt \u00fcbrigens f\u00fcr fast alle AsylbLG-Bezieher:innen \u2013 auch wenn es nicht um die konkrete Regelung f\u00fcr Alleinstehende geht: Es gibt noch weitere durchgreifende verfassungsrechtliche Bedenken an bestehenden Regelungen des AsylbLG \u2013 wie auch \u00fcberhaupt an dem gesamten Gesetz. \u00dcberdies ist eine erhebliche Anzahl der Bescheide schon nach geltendem Recht fehlerhaft. Deshalb ist nahezu jeder und jedem zu raten, Rechtsmittel gegen die Gew\u00e4hrung dieser Leistungen einzulegen. Kompetente Sozialrechtsanw\u00e4ltinnen k\u00f6nnen h\u00e4ufig helfen \u2013 und auch ohne Kosten zu verursachen, weil es in sozialrechtlichen Verfahren Beratungshilfe und Prozesskostenhilfe gibt. \u00a0<br \/><br \/><b>Vor mehr als zehn Jahren, 2012, hast du bereits einmal eine f\u00fcr sehr viele Menschen wichtige Entscheidung zum AsylbLG vor dem Bundesverfassungsgericht erstritten. Heute stand \u00bbnur\u00ab eine relativ neue K\u00fcrzung auf dem Pr\u00fcfstand \u2013 und wieder hast du Recht bekommen. Wie f\u00fchlt sich der langj\u00e4hrige juristische Kampf gegen das AsylbLG aus heutiger Perspektive an?<\/b><\/p>\r\n<p>Nat\u00fcrlich ist es ein gro\u00dfartiger Erfolg, dass in verh\u00e4ltnism\u00e4\u00dfig kurzer Zeit auf der Grundlage der Vorlage des Sozialgerichts D\u00fcsseldorf aus April 2021 bereits im November 2022 eine Entscheidung des Bundesverfassungsgerichts vorliegt. Dies ist aber ein Erfolg aller daran Beteiligter vor allem auch der Gesellschaft f\u00fcr Freiheitsrechte e.V , die eine sogenannte Richtervorlage verfasst haben, aber auch der Verb\u00e4nde wie u.a. Pro Asyl, der Diakonie, dem Deutschen Institut f\u00fcr Menschenrechte, Amnesty oder dem EKG, aber auch den Fl\u00fcchtlingsr\u00e4ten und weiteren unerm\u00fcdlichen kritischen Stimmen, die damit Geh\u00f6r gefunden haben. Bundesau\u00dfenminister Heil, der damals wie heute verantwortlicher Minister war, hatte gegen\u00fcber dem Verfassungsgericht\u00a0 angek\u00fcndigt, \u00bbnoch in diesem Kalenderjahr entsprechend der Koalitionsvereinbarung das Asylbewerberleistungsgesetz im Lichte der Rechtsprechung des Bundesverfassungsgerichts fortzuentwickeln\u00ab. Abgesehen, davon, dass er dieses Zeitfenster wohl kaum einhalten kann, ist zu hoffen, dass diese Entscheidung des Bundesverfassungsgerichts dazu verhilft, das AsylbLG nicht fortzuentwickeln, sondern abzuschaffen.<\/p>\r\n<\/div>\r\n<p>Andrea Kothen f\u00fcr PRO ASYL<\/p>\r\n<div>\u00a0<\/div>\r\n<div><hr \/><\/div>\r\n<div class=\"postdate\">7. September 2022<\/div>\r\n<a class=\"btn_comments\" href=\"https:\/\/www.nds-fluerat.org\/54313\/aktuelles\/fluechtlingsrat-stellt-forderungen-an-die-naechste-landesregierung\/#comments\">https:\/\/www.nds-fluerat.org\/54313\/aktuelles\/fluechtlingsrat-stellt-forderungen-an-die-naechste-landesregierung\/<\/a>\r\n<div class=\"social-box\">\u00a0<\/div>\r\n<\/div>\r\n<header class=\"entry-header\">\r\n<h4 class=\"entry-title\"><strong>Fl\u00fcchtlingsrat stellt Forderungen an die n\u00e4chste Landesregierung<\/strong><\/h4>\r\n<\/header>\r\n<div class=\"page-header-image grid-container grid-parent\r\n          generate-page-header\">\u00a0<\/div>\r\n<h5><strong>Einen Monat vor der kommenden Landtagswahl ver\u00f6ffentlicht der Fl\u00fcchtlingsrat Forderungen an die kommende Landesregierung<\/strong><\/h5>\r\n<p><a href=\"https:\/\/www.nds-fluerat.org\/wp-content\/uploads\/2022\/09\/Forderungen-zur-Landtagswahl_final.pdf\" data-wpel-link=\"internal\">Forderungen zur Landtagswahl<\/a><\/p>\r\n<p>Der Angriffskrieg auf die Ukraine verdeutlicht uns allen erneut und auf eindringliche Weise, dass die Aufnahme von Gefl\u00fcchteten eine Aufgabe und Herausforderung darstellt, der wir uns dauerhaft stellen wollen und auf die die Politik angemessene Antworten entwickeln muss. Wir stehen in Solidarit\u00e4t mit allen Menschen, die ihr Herkunftsland aufgrund von Krieg und Verfolgung verlassen m\u00fcssen. Wir fordern einen grundlegenden Paradigmenwechsel in der nieders\u00e4chsischen Asyl- und Migrationspolitik f\u00fcr alle Gefl\u00fcchteten: Weg von einer Politik, die Schutzsuchende durch Lagerunterbringung, Fremdbestimmung und Barrieren etwa beim Zugang zu Gesundheitsversorgung diskriminiert, hin zu einer Politik der gleichberechtigten gesellschaftlichen Teilhabe, die Br\u00fccken baut, Chancen er\u00f6ffnet und Bleibeperspektiven f\u00fcr alle Menschen schafft, die ihren Lebensmittelpunkt in Niedersachsen gefunden haben.<\/p>\r\n<p>Gefl\u00fcchtete Menschen aus der Ukraine werden auch in Niedersachsen mit offenen Armen empfangen und willkommen gehei\u00dfen. Im Umgang mit den Kriegsfl\u00fcchtlingen aus der Ukraine beweisen die deutsche und die nieders\u00e4chsische Politik ihre Solidarit\u00e4t in beeindruckender Weise. In k\u00fcrzester Zeit wurden gesetzliche und verwaltungstechnische Ma\u00dfnahmen ergriffen, um tausenden Opfern von Krieg und Verfolgung unb\u00fcrokratisch Aufenthaltssicherheit, eine Wohnung, Arbeitsangebote und volle soziale Leistungen zu verschaffen.<\/p>\r\n<p>Wir begr\u00fc\u00dfen diese Politik. Allerdings fragen wir uns, warum die ergriffenen Ma\u00dfnahmen nicht auch auf andere Schutzsuchende angewandt werden, die auf der Flucht vor Krieg und Verfolgung in Deutschland ankommen. Daher fordert der Fl\u00fcchtlingsrat Niedersachsen von der Bundes- und Landesregierung eine Neuorientierung der Fl\u00fcchtlingspolitik.<\/p>\r\n<p>Es wird Zeit, den Reformstau zu \u00fcberwinden, der in den vergangenen f\u00fcnf Jahren unter einer gro\u00dfen Koalition auch in Niedersachsen entstanden ist. Dazu geh\u00f6rt, dass Niedersachsen sich als vielf\u00e4ltiges Land definiert, in dem Diversit\u00e4t nicht als Manko, sondern als St\u00e4rke begriffen wird. Alle Gefl\u00fcchteten sollen in Niedersachsen angenommen und wertgesch\u00e4tzt werden.\u00a0Unter Bezugnahme auf die konkreten Reformen, die gestartet wurden, um den gefl\u00fcchteten Menschen aus der Ukraine einen Neustart in Niedersachsen zu erleichtern, und ankn\u00fcpfend an die in der Koalitionsvereinbarung der Bundesregierung ausgebreiteten Agenda wollen wir die Rechte von Gefl\u00fcchteten st\u00e4rken und Bleiberechtsperspektiven absichern.<\/p>\r\n<p><strong>An die neue Landesregierung haben wir hohe Erwartungen: <\/strong><\/p>\r\n<ul>\r\n<li>Wir wollen eine Aufnahmepolitik, die Gefl\u00fcchtete Willkommen hei\u00dft und ihnen nach kurzer Registrierung schnellstm\u00f6glich eine gleichberechtigte gesellschaftliche Teilhabe (Wohnen, Arbeiten, Partizipation) erm\u00f6glicht<\/li>\r\n<li>Niedersachsen ist ein offenes Land. Viele Kommunen haben ihre Aufnahmebereitschaft erkl\u00e4rt. Es braucht ein nieders\u00e4chsisches Aufnahmeprogramm f\u00fcr gef\u00e4hrdete Gefl\u00fcchtete<\/li>\r\n<li>Familien geh\u00f6ren zusammen! Der Familiennachzug muss durch die Ausl\u00e4nderbeh\u00f6rden unterst\u00fctzt statt aufgehalten und behindert werden.<\/li>\r\n<li>Familie ist mehr als die Ehe! So ist beispielsweise in vielen L\u00e4ndern, aus denen Gefl\u00fcchtete kommen, keine gleichgeschlechtliche Ehe m\u00f6glich. Hier braucht es einen \u00dcbertrag in das deutsche Rechtssystem und eine Abkehr von der Fixierung auf den Ehebegriff als Grundlage der Familiendefinition, wenn es zum Beispiel um Familiennachzug geht.<\/li>\r\n<li>Wir brauchen Mindeststandards zur Gew\u00e4hrleistung von Gewaltschutz \u2013 auch f\u00fcr Gefl\u00fcchtete. Vulnerable Gefl\u00fcchtete m\u00fcssen zeitnah identifiziert werden und haben Anspruch auf besondere Hilfen.<\/li>\r\n<li>Fragw\u00fcrdige Beschr\u00e4nkungen der Freiz\u00fcgigkeit (durch Wohnverpflichtungen) und der Besch\u00e4ftigung (durch Arbeitsverbote) f\u00fcr Gefl\u00fcchtete lehnen wir ab.<\/li>\r\n<li>Die Diskriminierung von Asylsuchenden im Bereich des Leistungsrechts muss ein Ende haben: Alle Gefl\u00fcchteten \u2013 und nicht nur die Vertriebenen aus der Ukraine \u2013 m\u00fcssen einen Anspruch auf Hartz 4 \u2013 Leistungen und gleichberechtigte medizinische Leistungen erhalten.<\/li>\r\n<li>Die von der Bundesregierung angek\u00fcndigte Bleiberechtsregelung muss unb\u00fcrokratisch und vollst\u00e4ndig in Niedersachsen umgesetzt werden. Die Ausl\u00e4nderbeh\u00f6rden sollen die Aufgabe erhalten, Langzeitgeduldete zu unterst\u00fctzen statt zu behindern und Wege ins Bleiberecht zu er\u00f6ffnen. Das Asylbewerberleistungsgesetz muss abgeschafft werden.<\/li>\r\n<li>Es muss endlich Schluss sein mit \u00fcberfallartigen Abschiebungen zur Nachtzeit. Familien d\u00fcrfen durch Abschiebungen nicht getrennt werden. Humanit\u00e4t im Umgang mit Gefl\u00fcchteten muss wiederhergestellt werden!<\/li>\r\n<li>Wir fordern, die Abschiebungshaftanstalt in Langenhagen zu schlie\u00dfen. Solange es sie gibt, m\u00fcssen Abschiebungsgefangene Anspruch auf eine soziale, medizinische und juristische Beratung und Unterst\u00fctzung haben. Rechtswidrige Inhaftierungen soll es nicht mehr geben.<\/li>\r\n<\/ul>\r\n<p>Wir erkennen an, dass die Landesregierung durch Gew\u00e4hrleistung einer Migrationsberatung sowie die Bereitstellung von Sprachkursen f\u00fcr alle Asylsuchenden ohne Ansehen ihres Status wesentliche Bedingungen daf\u00fcr geschaffen hat, dass ein Neustart in Niedersachsen gelingen kann. Das allein reicht aber nicht, wenn und solange Gefl\u00fcchtete jahrelang in Unsicherheit \u00fcber ihr Aufenthaltsrecht gehalten werden. Was jetzt gebraucht wird, ist ein Paradigmenwechsel weg von ordnungspolitisch motivierten Versuchen einer Reglementierung und Ausgrenzung, hin zu einer Politik der Erm\u00f6glichung und des Empowerments.<\/p>\r\n<hr \/>\r\n<h5>09. September 22<\/h5>\r\n<h2 class=\"entry-title\"><strong><a href=\"https:\/\/www.nds-fluerat.org\/54325\/aktuelles\/eu-verordnung-ist-frontalangriff-auf-das-europaeische-asylrecht\/\" rel=\"bookmark\" data-wpel-link=\"internal\">EU-Verordnung ist Frontalangriff auf das europ\u00e4ische Asylrecht<\/a><\/strong><\/h2>\r\n<\/header>\r\n<div class=\"excerpt-box\">\r\n<div class=\"entry-summary\">PRO ASYL und rund 60 NGOs aus ganz Europa warnen in einem Brandbrief vom 8. September angesichts einer derzeit diskutierten EU-Verordnung vor einer weitreichenden Aushebelung des europ\u00e4ischen Asylrechts. In Br\u00fcssel und den europ\u00e4ischen Hauptst\u00e4dten&#8230;<\/div>\r\n<\/div>\r\n<hr \/>\r\n<p>Gemeinsame Presseerkl\u00e4rung von PRO ASYL und Fl\u00fcchtlingsr\u00e4ten<\/p>\r\n<p>29. Juni 2022<\/p>\r\n<h4><strong>Melilla: Bundesregierung muss sich einsetzen f\u00fcr die Beendigung <br \/>der t\u00f6dlichen EU-Kooperation mit Marokko bei der Grenzabwehr<\/strong><\/h4>\r\n<p>Landesfl\u00fcchtlingsr\u00e4te und PRO ASYL begr\u00fc\u00dfen, dass die spanische Justiz die brutale Gewalt gegen Schutzsuchende an der Grenze zur spanischen Exklave Melilla untersuchen will. Die Organisationen verurteilen die Gewalteskalation der Grenzkr\u00e4fte und Verharmlosung durch den spanischen Regierungschef Sanchez und EU-Ratspr\u00e4sident Charles Michel aufs Sch\u00e4rfste \u2013 und fordern von der Bundesregierung, dies ebenfalls zu verurteilen.<\/p>\r\n<p>Nachdem Grenzkr\u00e4fte an den europ\u00e4ischen Au\u00dfengrenzen in Melilla auf Schutzsuchende eingepr\u00fcgelt haben, Hunderte schwer verletzt zur\u00fccklie\u00dfen und\u00a0 dabei mindestens 23 Menschen zu Tode kamen, erkl\u00e4rt Karl Kopp, Leiter der Europa-Abteilung bei PRO ASYL: &#8222;Nicht nur ist die Gewalt, mit der die Grenzkr\u00e4fte in Melilla gegen Schwarze Menschen auf der Flucht vorgegangen sind, v\u00f6llig au\u00dfer Kontrolle geraten. Auch die politischen Reaktionen sind au\u00dfer Kontrolle: Sie zeigen die Menschenverachtung, die Verantwortliche nutzen, um das Geschehene zu legitimieren. In Melilla fallen die letzten Tabus in der europ\u00e4ischen Abwehrpolitik. Das Recht auf Leben und auf Schutz sowie die Menschenw\u00fcrde l\u00f6sen sich auf.&#8220; So lobte der spanische Ministerpr\u00e4sident Sanchez das Vorgehen der Sicherheitskr\u00e4fte, und\u00a0 EU-Ratspr\u00e4sident Charles Michel sagte den spanischen Beh\u00f6rden seine volle Unterst\u00fctzung zu.<\/p>\r\n<p>Es ist wichtig, dass zumindest die spanische Justiz zu erkennen scheint, dass hier die Menschen- und Grundrechte der Schutzsuchenden verletzt wurden. Auch mehrere UN-Organisationen und die Afrikanische Union hatten eine Untersuchung gefordert. Doch das reicht nicht. Von der Bundesregierung fordern Landesfl\u00fcchtlingsr\u00e4te und PRO ASYL eine deutliche Verurteilung der Brutalit\u00e4t an der Grenze und eine klare Positionierung gegen dieses t\u00f6dliche europ\u00e4ische Grenzregime. Karl Kopp dazu: &#8222;Von einer Bundesregierung, die nach eigenen Aussagen das Leid und den Tod an den Au\u00dfengrenzen beenden will, erwarten wir eine klare Verurteilung dieser Menschenrechtsverletzungen. Zudem muss sie sich daf\u00fcr einsetzen, die t\u00f6dliche EU-Kooperation mit Marokko bei der Grenzabwehr zu beenden. Die Normalisierung von Gewalt gegen Gefl\u00fcchtete an den EU-Au\u00dfengrenzen muss ein Ende finden.&#8220;<\/p>\r\n<p>Die Eskalation am Wochenende reiht sich ein in die massive Gewalt gegen Schutzsuchende an den EU-Au\u00dfengrenzen \u2013 und muss doch endlich eine Z\u00e4sur darstellen! &#8222;Man liest dieser Tage von ,erneuter\u2018 oder ,wiederholter\u2018 Gewalt. Die Formulierungen treffen zu und bagatellisieren doch den in Kauf genommenen Tod von Schutzsuchenden. Sie werden seit Jahren vor aller Augen im Mittelmeer, bei illegalen Pushbacks, in polnischen W\u00e4ldern und an nahezu allen anderen Au\u00dfengrenzen der EU t\u00f6dlichen Gefahren ausgesetzt. Das Verpr\u00fcgeln von Schwerverletzten ist aber zweifelsohne eine neue Stufe der Barbarei, vor allem, wenn diese von politisch Verantwortlichen gelobt wird&#8220;, so Dave Schmidtke, Pressesprecher des S\u00e4chsischen Fl\u00fcchtlingsrats.<\/p>\r\n<p>Dabei ist die Lage im marokkanischen Nador und der spanischen Enklave Melilla seit Jahren komprimiertes Sinnbild einer gescheiterten Asylpolitik der EU. Frustriert, ersch\u00f6pft und am Existenzminimum warten Schutzsuchende dort jahrelang auf die M\u00f6glichkeit, in Europa Schutz zu beantragen \u2013 meist ohne Erfolg. L\u00e4ngst stellt sich nicht mehr die Frage, &#8222;ob&#8220; Schutzsuchende daran gehindert werden, ihr Recht auf Asylantragsstellung wahrzunehmen, sondern nur noch, auf welche unmenschliche Art und Weise. Auch die j\u00fcngste Medienberichte zu Griechenlands Vorgehen, Fl\u00fcchtende dazu zu missbrauchen, sich an Pushbacks gegen Fl\u00fcchtende zu beteiligen, zeigen eine weitere Stufe der Perfidit\u00e4t.<\/p>\r\n<p>Zur Information: <br \/>PRO ASYL, der Hessische Fl\u00fcchtlingsrat und Seebr\u00fccke Frankfurt rufen zur Demonstration gegen das brutale Vorgehen der Grenzbeamten in Melilla und Nador auf: am Freitag, 1. Juli, 17 Uhr vor dem marokkanischen Generalkonsulat in der Ostparkstra\u00dfe 35, 60385 Frankfurt.<\/p>\r\n<p>&nbsp;<\/p>\r\n<hr \/>\r\n<h3>\u00a0<\/h3>\r\n<h3 class=\"entry-title\"><strong>Zugang zu notwendiger medizinischer Versorgung <br \/>f\u00fcr alle Gefl\u00fcchteten sicherstellen<\/strong><\/h3>\r\n<\/header>\r\n<div class=\"page-header-image grid-container grid-parent\r\n      generate-page-header\">\u00a0<\/div>\r\n<div class=\"entry-content\">\r\n<p>Sehr geehrter Herr Bundesminister Heil,<\/p>\r\n<p>wir wenden uns als Vertreter*innen von 57 Organisationen und Verb\u00e4nden aus den Bereichen Flucht und Gesundheit an Sie, weil wir beim Zugang zu Gesundheitsversorgung eine menschenrechtswidrige Ungleichbehandlung zwischen gefl\u00fcchteten Menschen und eine medizinische Unterversorgung hunderttausender Menschen beobachten.<\/p>\r\n<p>Seit dem \u00dcberfall Russlands auf die Ukraine am 24.02.2022 sind nach Angaben des Bundesamts f\u00fcr Migration und Fl\u00fcchtlinge rund 600.000 ukrainische Gefl\u00fcchtete in Deutschland angekommen. All diese Menschen \u2013 unter ihnen \u00fcberwiegend Frauen, Kinder und alte Menschen \u2013 brauchen Zugang zu einer Gesundheitsversorgung, die auch die Behandlung psychischer und chronischer Erkrankungen und notwendige Vorsorgeuntersuchungen einschlie\u00dft.<\/p>\r\n<p>Gefl\u00fcchtete in Deutschland haben nach \u00a7\u00a7 4, 6 AsylbLG in den ersten 18 Monaten ihres Aufenthaltes aktuell nur Anspruch auf eingeschr\u00e4nkte Gesundheitsleistungen. Das Asylbewerberleistungsgesetz garantiert nur die Behandlung bei akuten Krankheiten und Schmerzzust\u00e4nden. Alle weiteren Behandlungen, unter anderem von chronischen oder psychischen Erkrankungen, bed\u00fcrfen einer oftmals langwierigen Einzelfallentscheidung durch das Sozial- und Gesundheitsamt. Dies f\u00fchrt zu einer massiven gesundheitlichen Unter- und Fehlversorgung. Die gesetzlichen Anspr\u00fcche Gefl\u00fcchteter liegen deutlich unter dem Niveau, das im GKV-Leistungskatalog nach SGB V als das \u201eMa\u00df des Notwendigen\u201c definiert ist.<\/p>\r\n<p>Vor diesem Hintergrund begr\u00fc\u00dfen wir die Entscheidung des Bundeskanzlers und der Regierungschefs und -chefinnen der L\u00e4nder vom 07.04.2022, Gefl\u00fcchteten nach \u00a7 24 AufenthG aus der Ukraine ab dem 01.06.2022 Zugang zu Sozialleistungen nach SGB II und XII und damit zu umfassenden Gesundheitsleistungen nach GKV-Leistungskatalog zu gew\u00e4hren. Dies ist ein richtiger und wichtiger Schritt.<\/p>\r\n<p>Mit gro\u00dfer Sorge erf\u00fcllt uns jedoch die Ungleichbehandlung gefl\u00fcchteter Menschen in Deutschland, die wir in Bezug auf Aufenthaltsrecht, Zugang zu Sozial- und Integrationsleistungen sowie zum Arbeitsmarkt, insbesondere aber auch in der gesundheitlichen Versorgung beobachten.<br \/>Wir sehen dies zum einen in der Praxis auf kommunaler Ebene. An mehreren Orten mussten Kriegsfl\u00fcchtlinge aus Syrien, dem Irak, aus Afghanistan oder dem Jemen aus ihren Unterk\u00fcnften weichen und an Orte mit schlechter psychosozialer und medizinischer Versorgungsstruktur umziehen, um Platz zu machen f\u00fcr Gefl\u00fcchtete aus der Ukraine. In einigen Kommunen ist es Gefl\u00fcchteten aus der Ukraine m\u00f6glich, kostenlos den Nahverkehr zu nutzen, w\u00e4hrend Gefl\u00fcchtete aus anderen L\u00e4ndern oft Schwierigkeiten haben, eine Arztpraxis aufzusuchen, weil sie sich die Transportkosten nicht leisten k\u00f6nnen.<\/p>\r\n<p>Zum anderen besteht auf Bundesebene der Anspruch auf umfassende Gesundheitsversorgung nach dem Beschluss vom 07.04.22 nur f\u00fcr hilfsbed\u00fcrftige Menschen aus der Ukraine, die einen Aufenthaltstitel nach \u00a7 24 AufenthG haben. Damit sind sowohl aus der Ukraine gefl\u00fcchtete Staatenlose und Drittstaatsangeh\u00f6rige ohne Daueraufenthaltsrecht in der Ukraine potenziell ausgeschlossen als auch Gefl\u00fcchtete aus anderen Staaten, die weiterhin nur eingeschr\u00e4nkte Leistungsanspr\u00fcche haben.<\/p>\r\n<p>Alle Menschen in Deutschland brauchen eine Gesundheitsversorgung auf dem Niveau des GKV-Leistungskatalogs. Es gibt keinen Grund anzunehmen, dass der Bedarf Gefl\u00fcchteter aus anderen L\u00e4ndern als der Ukraine \u2013 oder von Gefl\u00fcchteten aus der Ukraine, die keinen Aufenthaltstitel nach \u00a7 24 bekommen \u2013 niedriger sei als das im Leistungskatalog der GKV festgelegte \u201eMa\u00df des Notwendigen\u201c.<\/p>\r\n<p>Deutschland hat sich v\u00f6lkerrechtlich verbindlich verpflichtet, einen diskriminierungsfreien Zugang zu Gesundheitsversorgung sicherzustellen. Unterschiedliche Niveaus im Anspruch auf Gesundheitsversorgung sind daher nicht zu rechtfertigen. Bereits 2018 wurde Deutschland von dem UN-Ausschuss f\u00fcr wirtschaftliche, soziale und kulturelle Rechte in seinen abschlie\u00dfenden Bemerkungen zum Staatenbericht eindringlich aufgefordert, die Einschr\u00e4nkungen im Asylbewerberleistungsgesetz abzuschaffen. Auch aus \u00f6konomischer Perspektive ist der eingeschr\u00e4nkte Zugang zur Gesundheitsversorgung nachteilig. Eine Studie von Kayvan Bozorgmehr und Oliver Razum hat bereits 2015 zeigen k\u00f6nnen, dass der Ausschluss von Asylsuchenden in Deutschland h\u00f6here Kosten verursacht als deren Einbezug in die Regelversorgung.<\/p>\r\n<p><strong>Wir m\u00f6chten Sie daher dringend auffordern, die aktuell bestehende Ungleichbehandlung zu beenden und sie zum Anlass zu nehmen, Einschr\u00e4nkungen im Asylbewerberleistungsgesetz f\u00fcr alle Gefl\u00fcchteten abzuschaffen. Denn alle Menschen in Deutschland m\u00fcssen ihr Recht auf diskriminierungsfreien Zugang zu Gesundheitsversorgung wahrnehmen k\u00f6nnen.<br \/>Um dies tats\u00e4chlich zu gew\u00e4hrleisten, ist es zudem notwendig, dass Gefl\u00fcchtete bundesweit \u00fcber eine elektronische Gesundheitskarte einen unb\u00fcrokratischen Zugang erhalten. Zudem m\u00fcssen Angebote der Gesundheitsversorgung, insbesondere im Bereich der psychischen Gesundheit, bedarfsgerecht ausgebaut und angepasst werden. Hierzu geh\u00f6rt auch, qualifizierte Sprachmittlung zu gew\u00e4hrleisten. Die Bundesregierung hat in ihrem Koalitionsvertrag bereits angek\u00fcndigt, das Asylbewerberleistungsgesetz zu \u00fcberarbeiten, einen unb\u00fcrokratischeren Zugang zu Gesundheitsversorgung f\u00fcr Gefl\u00fcchtete sicherzustellen und Sprachmittlung im Kontext notwendiger medizinischer Behandlung als Bestandteil des SGB V zu verankern. Wir bitten Sie, sich innerhalb der Bundesregierung daf\u00fcr einzusetzen, dass diese Vorhaben schnellstm\u00f6glich angegangen werden, damit alle schutzsuchenden Menschen in Deutschland Zugang zu notwendiger medizinischer Versorgung im Rahmen des Regelgesundheitssystems erhalten.<\/strong><\/p>\r\n<p>Gerne stehen wir Ihnen f\u00fcr weiterf\u00fchrende Gespr\u00e4che und R\u00fcckfragen zur Verf\u00fcgung.<\/p>\r\n<p>Mit herzlichem Dank und freundlichen Gr\u00fc\u00dfen<br \/>1. Fran\u00e7ois De Keersmaeker, Direktor, \u00c4rzte der Welt e. V.<br \/>2. G\u00fcnter Burkhardt, Gesch\u00e4ftsf\u00fchrer, PRO ASYL Bundesweite Arbeitsgemeinschaft f\u00fcr Fl\u00fcchtlinge e.V.<br \/>3. Maria Loheide, Vorstand Sozialpolitik, Diakonie Deutschland<br \/>4. Prof. Dr. med. Ansgar Gerhardus, Vorsitzender, Deutsche Gesellschaft f\u00fcr Public Health<br \/>5. Sylvia Urban, Bundesvorstand, Deutsche Aidshilfe<br \/>6. Elise Bittenbinder, Vorstandsvorsitzende, Bundesweite Arbeitsgemeinschaft der Psychosozialen Zentren f\u00fcr Fl\u00fcchtlinge und Folteropfer (BAfFe.V.)<br \/>7. Prof. Dr. med. Gerhard Trabert, Vorsitzender, Armut und Gesundheit e. V.<br \/>8. Dr. Felix Kolb, Gesch\u00e4ftsf\u00fchrender Vorstand Campact e. V.<br \/>9. Torsten J\u00e4ger, Gesch\u00e4ftsf\u00fchrer, Initiativausschuss f\u00fcr Migrationspolitik in Rheinland-Pfalz<br \/>10. Dr. med. Angelika Clau\u00dfen, Co-Vorsitzende, Deutsche Sektion der Internationalen \u00c4rzt*innen zur Verh\u00fctung des Atomkriegs\/\u00c4rzt*innen in sozialer Verantwortung e.V.<br \/>11. J\u00f6rg Schaaber, Gesch\u00e4ftsf\u00fchrer, BUKO Pharma-Kampagne<br \/>12. Dr. Inez Kipfer-Didavi, Gesch\u00e4ftsf\u00fchrerin, Handicap International e. V.<br \/>13. Noah Peitzmann, Gesch\u00e4ftsf\u00fchrer, Anonymer Krankenschein Bonn e.V.<br \/>14. Janina Meyeringh, Kinder- und Jugendlichen-Psychotherapeutin und Leitung, XENION \u2013 Psychosoziale Hilfen f\u00fcr politisch Verfolgte e.V.<br \/>15. Dr. med. Gerhard Bonnekamp, Vorstandsmitglied, Medinetz Essen e.V.<br \/>16. Felix Ahls, Ko-Vorsitzender, Verein demokratischer \u00c4rzt*innen 17. Medinetz Karlsruhe e. V.<br \/>18. Dr. med. Roland Fressle, Vorsitzender, Refudocs Freiburg e.V. 19. Medib\u00fcro Berlin e. V.<br \/>20. Sophia Wirsching, Gesch\u00e4ftsf\u00fchrerin, KOK \u2013 Bundesweiter Koordinierungskreis gegen Menschenhandel e.V.<br \/>21. MediNetz Bielefeld e. V.<br \/>22. Mona Golla, Medib\u00fcro Kiel e. V.<br \/>23. Prof. Dr. Karin Weiss, Gesch\u00e4ftsf\u00fchrerin, Zentrum \u00dcBERLEBEN gGmbH<br \/>24. Johanna Schwarz, Vorstandsmitglied, Medinetz Mainz e.V.<br \/>25. Nele Wilk, Clearingstelle Krankenversicherung RLP<br \/>26. Julia Helm, Vorstandsmitglied, Medib\u00fcro L\u00fcbeck e.V.<br \/>27. Pater Claus Pfuff SJ, Direktor, Jesuiten-Fl\u00fcchtlingsdienst Deutschland<br \/>28. Prof. Dr. Katrin Keller, Vorsitzende, IN VIA Katholischer Verband f\u00fcr M\u00e4dchen- und Frauensozialarbeit \u2013 Deutschland e.V.<br \/>29. Susanne Kahl-Passoth, Vorsitzende, Evangelische Frauen in Deutschland e.V.<br \/>30. Eva Klotz, Projektkoordination, Clearingstelle und Anonymer Behandlungsschein Leipzig e.V.<br \/>31. Claudius Voigt, Vorstandsmitglied, Gemeinn\u00fctzige Gesellschaft zur Unterst\u00fctzung Asylsuchender e.V. (GGUA)<br \/>32. Nicolay B\u00fcttner, Politische Arbeit und Advocay, Berliner Netzwerk f\u00fcr besonders schutzbed\u00fcrftige gefl\u00fcchtete Menschen<br \/>33. Medinetz Halle\/Saale e.V.<br \/>34. Thomas Hammer, Vorstand, Verein demokratischer Pharmazeutinnen und Pharmazeuten e.V. (VdPP)<br \/>35. Medib\u00fcro Chemnitz e. V.<br \/>36. Naciye Demirbilek, Gesch\u00e4ftsf\u00fchrung, Frauenperspektiven e.V.<br \/>37. Bayerischer Fl\u00fcchtlingsrat e. V.<br \/>38. Dr. Elizabeth Beloe, Vorstandsvorsitzende, moveGLOBAL e.V.<br \/>39. Dr. Claudia Tamm, Vorsitzende, MediNetz Koblenz e. V.<br \/>40. Jasper Steingr\u00fcber, Vorstand, MediNetz Jena e.V.<br \/>41. Kai Weber, Gesch\u00e4ftsf\u00fchrer, Fl\u00fcchtlingsrat Niedersachsen e.V.<br \/>42. Wolfgang Kramer, Vorstandsvorsitzender, refugio stuttgart e. V.<br \/>43. Achim Meis und Wolfgang Schwarz, Leitung soziale Dienste, Caritasverband Koblenz e.V.<br \/>44. Hannes Str\u00f6hlein, Aktion Grenzenlos e.V.\/Medizinische Fl\u00fcchtlingshilfe N\u00fcrnberg + F\u00fcrth<br \/>45. Jugendliche ohne Grenzen<br \/>46. Valentin Senft, Vorsitzender, MediNetz Bonn e. V.<br \/>47. Medib\u00fcro Hamburg e. V.<br \/>48. Holger F\u00f6rster, Gesch\u00e4ftsf\u00fchrer, Verband f\u00fcr Interkulturelle Arbeit (VIA) Regionalverband Berlin\/Brandenburg e.V.<br \/>49. Franek Machowski, Projektkoordinator Gemeinsam. Schaffen.Teilhabe durch Patenschaften, Polnischer Sozialrat e.V.<br \/>50. Eva Weise, 1. Vorsitzende, Psychosoziales Zentrum f\u00fcr Fl\u00fcchtlinge D\u00fcsseldorf e.V.<br \/>51. FRABS e. V. (Freiburger Anonymisierter Behandlungsschein)<br \/>52. Medinetz Freiburg e. V.<br \/>53. Christin Hempeler, 1. Vorsitzende, Medinetz Hannover e.V.<br \/>54. Dr. Doris Felbinger, Gesch\u00e4ftsf\u00fchrung, BIG e. V. \u2013 Berliner Initiative gegen Gewalt an Frauen<br \/>55. Katrin Bahr und Frederik Kronthaler, Gesch\u00e4ftsf\u00fchrender Vorstand, Condrobs e.V. (mit der Condrobs Clearingstelle Gesundheit)<br \/>56. medinetz Gie\u00dfen<br \/>57. Michael Knecht, Gesch\u00e4ftsf\u00fchrer Ambulante Hilfe<\/p>\r\n<p><a href=\"https:\/\/www.nds-fluerat.org\/wp-content\/uploads\/2022\/05\/Brief_Asylblg_Heil_final_layout.pdf\" data-wpel-link=\"internal\">(Der Brief als PDF)<\/a><\/p>\r\n<p>Kai Weber<br \/>Gesch\u00e4ftsf\u00fchrer<br \/>Fl\u00fcchtlingsrat Niedersachsen e.V.<br \/>R\u00f6pkestr. 12<br \/>30173 Hannover<br \/>Tel.: 0511\/98 24 60 30 Mo-Fr: 10.00 bis 12.30, Di+Do: 14.00 bis 16.00<br \/>Fax: 0511\/98 24 60 31<br \/>Mail: <a class=\"moz-txt-link-abbreviated\" href=\"mailto:nds@nds-fluerat.org\">nds@nds-fluerat.org<\/a><\/p>\r\n<\/div>\r\n<hr \/>\r\n<h4><strong>T\u00f6dlicher Polizeieinsatz gegen Gefl\u00fcchteten: <\/strong><\/h4>\r\n<h4><strong>Staatsanwaltschaft stellt Ermittlungen ein<\/strong><\/h4>\r\n<h4 class=\"entry-meta\"><strong>ENOUGH IS ENOUGH! BLACK LIVES MATTER!<\/strong><\/h4>\r\n<p>Die Staatsanwaltschaft Stade teilt heute in einer Presseerkl\u00e4rung (siehe Anhang) mit, dass sie die Ermittlungen gegen die Beamt:innen, die bei einem Einsatz in einer Gefl\u00fcchtetenunterkunft in Harsefeld in Landkreis Stade am<a href=\"https:\/\/www.nds-fluerat.org\/51378\/aktuelles\/tod-von-kamal-ibrahim-forderung-nach-vollstaendiger-aufklaerung\/\"> 03.10.2021 den aus dem Sudane geflohenen Kamal I. erschossen<\/a>, eingestellt hat. Damit unterbindet dieselbe Staatsanwaltschaft, die bereits den t\u00f6dlichen Polizeieinsatz gegen Aman Alizada im August 2019 nicht zur Anklage bringen wollte, erneut eine weitergehende Aufarbeitung t\u00f6dlicher Polizeigewalt, mit der Begr\u00fcndung, dass angeblich Notwehr bzw. Nothilfe vorlag. Das ist angesichts der Faktenlage nur schwer zu ertragen.<\/p>\r\n<p>Der Fl\u00fcchtlingsrat Niedersachsen ist entsetzt \u00fcber die Entscheidung der Staatsanwaltschaft, das Ermittlungsverfahren einzustellen, und fordert eine gerichtliche Kl\u00e4rung der Todesumst\u00e4nde von Kamal I., dem elf Kugeln aus der Waffen von drei Polizist:innen den Tod brachten.<\/p>\r\n<p>Sigmar Walbrecht, Referent des Fl\u00fcchtlingsrat Niedersachsen<\/p>\r\n<blockquote>\r\n<p>\u201eAngesichts der Faktenlage ist es absolut unbegreiflich, weshalb die vier Polizeibeamt:innen keine andere M\u00f6glichkeit gesehen haben, als auf Kamal I. zu schie\u00dfen, um die Situation zu bew\u00e4ltigen. Deshalb halten wir es f\u00fcr dringend notwendig, dass die Todesumst\u00e4nde vor Gericht \u00f6ffentlich und transparent aufgekl\u00e4rt werden. Es darf nicht sein, dass Ermittlungen zu einem t\u00f6dlichen Polizeieinsatz bei der Staatsanwaltschaft Stade erneut in einer Sackgasse verlaufen. Der Staatsanwaltschaft fehlt es ganz offensichtlich am n\u00f6tigen Aufkl\u00e4rungswillen gegen\u00fcber Ihren Kolleg:innen von der Polizei, mit denen sie tagt\u00e4glich Zusammenarbeit.\u201c<\/p>\r\n<\/blockquote>\r\n<p><strong>Presseerkl\u00e4rung der Staatsanwaltschaft Stade<\/strong><\/p>\r\n<p><a href=\"https:\/\/incuxhaven.de\/wp-content\/uploads\/2022\/04\/PM_StW_Einstllng_Ermttlng_06-04-2022.pdf\">PM_StW_Einstllng_Ermttlng_06-04-2022<\/a><\/p>\r\n<p><strong>Die BI Menschenw\u00fcrde aus Stade hat dazu bereits eine Pressemitteilung verfasst<\/strong><\/p>\r\n<p><a href=\"https:\/\/incuxhaven.de\/wp-content\/uploads\/2022\/04\/PM_BI_Menschenwuerde_Verfahrenseinstellung_06-04-2022.pdf\">PM_BI_Menschenwuerde_Verfahrenseinstellung_06-04-2022<\/a><\/p>\r\n<p><strong>ENOUGH IS ENOUGH! BLACK LIVES MATTER!<\/strong><\/p>\r\n<p>Mit einer Kundgebung in Stade gedachten rund 80 Menschen, ehemalige Mitbewohner, Freunde und Unterst\u00fctzer verschiedener Initiativen und auch des Fl\u00fcchtlingsrates Niedersachsen, Kamal Ibrahim, der nach einem Polizeieinsatz in Harsefeld (Landkreis Stade) am 03. Oktober seinen Verletzungen erlegen war. Es war bereits der zweite, t\u00f6dliche Polizeieinsatz innerhalb von zwei Jahren im Landkreis Stade. Die Kundgebungsteilnehmer forderten eine gr\u00fcndliche Aufkl\u00e4rung sowohl des Todes von Kamal Ibrahim als auch des Todes von Aman Alizada, der im August 2019 ebenfalls durch Polizeisch\u00fcsse zu Tode gekommen war und dessen Verfahren durch die Staatsanwaltschaft eingestellt wurde. Eine der Hauptforderungen war deshalb, dass beide Vorg\u00e4nge \u00f6ffentlich durch eine Gerichtsverhandlung gekl\u00e4rt werden m\u00fc\u00dften und nicht allein der Staatsanwaltschaft \u00fcberlassen werden d\u00fcrften.<\/p>\r\n<div id='gallery-1' class='gallery galleryid-130 gallery-columns-3 gallery-size-thumbnail'><figure class='gallery-item'>\n\t\t\t<div class='gallery-icon landscape'>\n\t\t\t\t<a href='https:\/\/incuxhaven.de\/?attachment_id=2196'><img loading=\"lazy\" decoding=\"async\" width=\"200\" height=\"200\" src=\"https:\/\/incuxhaven.de\/wp-content\/uploads\/2021\/10\/Aus-PA230152-200x200.jpg\" class=\"attachment-thumbnail size-thumbnail\" alt=\"\" aria-describedby=\"gallery-1-2196\" \/><\/a>\n\t\t\t<\/div>\n\t\t\t\t<figcaption class='wp-caption-text gallery-caption' id='gallery-1-2196'>\n\t\t\t\tOLYMPUS DIGITAL CAMERA\n\t\t\t\t<\/figcaption><\/figure><figure class='gallery-item'>\n\t\t\t<div class='gallery-icon landscape'>\n\t\t\t\t<a href='https:\/\/incuxhaven.de\/?attachment_id=2197'><img loading=\"lazy\" decoding=\"async\" width=\"200\" height=\"200\" src=\"https:\/\/incuxhaven.de\/wp-content\/uploads\/2021\/10\/PA230084-200x200.jpg\" class=\"attachment-thumbnail size-thumbnail\" alt=\"\" aria-describedby=\"gallery-1-2197\" srcset=\"https:\/\/incuxhaven.de\/wp-content\/uploads\/2021\/10\/PA230084-200x200.jpg 200w, https:\/\/incuxhaven.de\/wp-content\/uploads\/2021\/10\/PA230084-600x600.jpg 600w\" sizes=\"auto, (max-width: 200px) 100vw, 200px\" \/><\/a>\n\t\t\t<\/div>\n\t\t\t\t<figcaption class='wp-caption-text gallery-caption' id='gallery-1-2197'>\n\t\t\t\tOLYMPUS DIGITAL CAMERA\n\t\t\t\t<\/figcaption><\/figure><figure class='gallery-item'>\n\t\t\t<div class='gallery-icon landscape'>\n\t\t\t\t<a href='https:\/\/incuxhaven.de\/?attachment_id=2198'><img loading=\"lazy\" decoding=\"async\" width=\"200\" height=\"200\" src=\"https:\/\/incuxhaven.de\/wp-content\/uploads\/2021\/10\/PA230087-200x200.jpg\" class=\"attachment-thumbnail size-thumbnail\" alt=\"\" aria-describedby=\"gallery-1-2198\" srcset=\"https:\/\/incuxhaven.de\/wp-content\/uploads\/2021\/10\/PA230087-200x200.jpg 200w, https:\/\/incuxhaven.de\/wp-content\/uploads\/2021\/10\/PA230087-600x600.jpg 600w\" sizes=\"auto, (max-width: 200px) 100vw, 200px\" \/><\/a>\n\t\t\t<\/div>\n\t\t\t\t<figcaption class='wp-caption-text gallery-caption' id='gallery-1-2198'>\n\t\t\t\tOLYMPUS DIGITAL CAMERA\n\t\t\t\t<\/figcaption><\/figure><figure class='gallery-item'>\n\t\t\t<div class='gallery-icon portrait'>\n\t\t\t\t<a href='https:\/\/incuxhaven.de\/?attachment_id=2199'><img loading=\"lazy\" decoding=\"async\" width=\"200\" height=\"200\" src=\"https:\/\/incuxhaven.de\/wp-content\/uploads\/2021\/10\/PA230089-200x200.jpg\" class=\"attachment-thumbnail size-thumbnail\" alt=\"\" aria-describedby=\"gallery-1-2199\" srcset=\"https:\/\/incuxhaven.de\/wp-content\/uploads\/2021\/10\/PA230089-200x200.jpg 200w, https:\/\/incuxhaven.de\/wp-content\/uploads\/2021\/10\/PA230089-600x600.jpg 600w\" sizes=\"auto, (max-width: 200px) 100vw, 200px\" \/><\/a>\n\t\t\t<\/div>\n\t\t\t\t<figcaption class='wp-caption-text gallery-caption' id='gallery-1-2199'>\n\t\t\t\tOLYMPUS DIGITAL CAMERA\n\t\t\t\t<\/figcaption><\/figure><figure class='gallery-item'>\n\t\t\t<div class='gallery-icon portrait'>\n\t\t\t\t<a href='https:\/\/incuxhaven.de\/?attachment_id=2200'><img loading=\"lazy\" decoding=\"async\" width=\"200\" height=\"200\" src=\"https:\/\/incuxhaven.de\/wp-content\/uploads\/2021\/10\/PA230091-200x200.jpg\" class=\"attachment-thumbnail size-thumbnail\" alt=\"\" aria-describedby=\"gallery-1-2200\" srcset=\"https:\/\/incuxhaven.de\/wp-content\/uploads\/2021\/10\/PA230091-200x200.jpg 200w, https:\/\/incuxhaven.de\/wp-content\/uploads\/2021\/10\/PA230091-600x600.jpg 600w\" sizes=\"auto, (max-width: 200px) 100vw, 200px\" \/><\/a>\n\t\t\t<\/div>\n\t\t\t\t<figcaption class='wp-caption-text gallery-caption' id='gallery-1-2200'>\n\t\t\t\tOLYMPUS DIGITAL CAMERA\n\t\t\t\t<\/figcaption><\/figure><figure class='gallery-item'>\n\t\t\t<div class='gallery-icon landscape'>\n\t\t\t\t<a href='https:\/\/incuxhaven.de\/?attachment_id=2201'><img loading=\"lazy\" decoding=\"async\" width=\"200\" height=\"200\" src=\"https:\/\/incuxhaven.de\/wp-content\/uploads\/2021\/10\/PA230092-200x200.jpg\" class=\"attachment-thumbnail size-thumbnail\" alt=\"\" aria-describedby=\"gallery-1-2201\" srcset=\"https:\/\/incuxhaven.de\/wp-content\/uploads\/2021\/10\/PA230092-200x200.jpg 200w, https:\/\/incuxhaven.de\/wp-content\/uploads\/2021\/10\/PA230092-600x600.jpg 600w\" sizes=\"auto, (max-width: 200px) 100vw, 200px\" \/><\/a>\n\t\t\t<\/div>\n\t\t\t\t<figcaption class='wp-caption-text gallery-caption' id='gallery-1-2201'>\n\t\t\t\tOLYMPUS DIGITAL CAMERA\n\t\t\t\t<\/figcaption><\/figure><figure class='gallery-item'>\n\t\t\t<div class='gallery-icon portrait'>\n\t\t\t\t<a href='https:\/\/incuxhaven.de\/?attachment_id=2202'><img loading=\"lazy\" decoding=\"async\" width=\"200\" height=\"200\" src=\"https:\/\/incuxhaven.de\/wp-content\/uploads\/2021\/10\/PA230093-200x200.jpg\" class=\"attachment-thumbnail size-thumbnail\" alt=\"\" aria-describedby=\"gallery-1-2202\" srcset=\"https:\/\/incuxhaven.de\/wp-content\/uploads\/2021\/10\/PA230093-200x200.jpg 200w, https:\/\/incuxhaven.de\/wp-content\/uploads\/2021\/10\/PA230093-600x600.jpg 600w\" sizes=\"auto, (max-width: 200px) 100vw, 200px\" \/><\/a>\n\t\t\t<\/div>\n\t\t\t\t<figcaption class='wp-caption-text gallery-caption' id='gallery-1-2202'>\n\t\t\t\tOLYMPUS DIGITAL CAMERA\n\t\t\t\t<\/figcaption><\/figure><figure class='gallery-item'>\n\t\t\t<div class='gallery-icon landscape'>\n\t\t\t\t<a href='https:\/\/incuxhaven.de\/?attachment_id=2203'><img loading=\"lazy\" decoding=\"async\" width=\"200\" height=\"200\" src=\"https:\/\/incuxhaven.de\/wp-content\/uploads\/2021\/10\/PA230098-200x200.jpg\" class=\"attachment-thumbnail size-thumbnail\" alt=\"\" aria-describedby=\"gallery-1-2203\" srcset=\"https:\/\/incuxhaven.de\/wp-content\/uploads\/2021\/10\/PA230098-200x200.jpg 200w, https:\/\/incuxhaven.de\/wp-content\/uploads\/2021\/10\/PA230098-600x600.jpg 600w\" sizes=\"auto, (max-width: 200px) 100vw, 200px\" \/><\/a>\n\t\t\t<\/div>\n\t\t\t\t<figcaption class='wp-caption-text gallery-caption' id='gallery-1-2203'>\n\t\t\t\tOLYMPUS DIGITAL CAMERA\n\t\t\t\t<\/figcaption><\/figure><figure class='gallery-item'>\n\t\t\t<div class='gallery-icon landscape'>\n\t\t\t\t<a href='https:\/\/incuxhaven.de\/?attachment_id=2204'><img loading=\"lazy\" decoding=\"async\" width=\"200\" height=\"200\" src=\"https:\/\/incuxhaven.de\/wp-content\/uploads\/2021\/10\/PA230102-200x200.jpg\" class=\"attachment-thumbnail size-thumbnail\" alt=\"\" aria-describedby=\"gallery-1-2204\" srcset=\"https:\/\/incuxhaven.de\/wp-content\/uploads\/2021\/10\/PA230102-200x200.jpg 200w, https:\/\/incuxhaven.de\/wp-content\/uploads\/2021\/10\/PA230102-600x600.jpg 600w\" sizes=\"auto, (max-width: 200px) 100vw, 200px\" \/><\/a>\n\t\t\t<\/div>\n\t\t\t\t<figcaption class='wp-caption-text gallery-caption' id='gallery-1-2204'>\n\t\t\t\tOLYMPUS DIGITAL CAMERA\n\t\t\t\t<\/figcaption><\/figure><figure class='gallery-item'>\n\t\t\t<div class='gallery-icon portrait'>\n\t\t\t\t<a href='https:\/\/incuxhaven.de\/?attachment_id=2205'><img loading=\"lazy\" decoding=\"async\" width=\"200\" height=\"200\" src=\"https:\/\/incuxhaven.de\/wp-content\/uploads\/2021\/10\/PA230105-200x200.jpg\" class=\"attachment-thumbnail size-thumbnail\" alt=\"\" aria-describedby=\"gallery-1-2205\" srcset=\"https:\/\/incuxhaven.de\/wp-content\/uploads\/2021\/10\/PA230105-200x200.jpg 200w, https:\/\/incuxhaven.de\/wp-content\/uploads\/2021\/10\/PA230105-600x600.jpg 600w\" sizes=\"auto, (max-width: 200px) 100vw, 200px\" \/><\/a>\n\t\t\t<\/div>\n\t\t\t\t<figcaption class='wp-caption-text gallery-caption' id='gallery-1-2205'>\n\t\t\t\tOLYMPUS DIGITAL CAMERA\n\t\t\t\t<\/figcaption><\/figure><figure class='gallery-item'>\n\t\t\t<div class='gallery-icon portrait'>\n\t\t\t\t<a href='https:\/\/incuxhaven.de\/?attachment_id=2206'><img loading=\"lazy\" decoding=\"async\" width=\"200\" height=\"200\" src=\"https:\/\/incuxhaven.de\/wp-content\/uploads\/2021\/10\/PA230106-200x200.jpg\" class=\"attachment-thumbnail size-thumbnail\" alt=\"\" aria-describedby=\"gallery-1-2206\" srcset=\"https:\/\/incuxhaven.de\/wp-content\/uploads\/2021\/10\/PA230106-200x200.jpg 200w, https:\/\/incuxhaven.de\/wp-content\/uploads\/2021\/10\/PA230106-600x600.jpg 600w\" sizes=\"auto, (max-width: 200px) 100vw, 200px\" \/><\/a>\n\t\t\t<\/div>\n\t\t\t\t<figcaption class='wp-caption-text gallery-caption' id='gallery-1-2206'>\n\t\t\t\tOLYMPUS DIGITAL CAMERA\n\t\t\t\t<\/figcaption><\/figure><figure class='gallery-item'>\n\t\t\t<div class='gallery-icon portrait'>\n\t\t\t\t<a href='https:\/\/incuxhaven.de\/?attachment_id=2207'><img loading=\"lazy\" decoding=\"async\" width=\"200\" height=\"200\" src=\"https:\/\/incuxhaven.de\/wp-content\/uploads\/2021\/10\/PA230107-200x200.jpg\" class=\"attachment-thumbnail size-thumbnail\" alt=\"\" aria-describedby=\"gallery-1-2207\" srcset=\"https:\/\/incuxhaven.de\/wp-content\/uploads\/2021\/10\/PA230107-200x200.jpg 200w, https:\/\/incuxhaven.de\/wp-content\/uploads\/2021\/10\/PA230107-600x600.jpg 600w\" sizes=\"auto, (max-width: 200px) 100vw, 200px\" \/><\/a>\n\t\t\t<\/div>\n\t\t\t\t<figcaption class='wp-caption-text gallery-caption' id='gallery-1-2207'>\n\t\t\t\tOLYMPUS DIGITAL CAMERA\n\t\t\t\t<\/figcaption><\/figure><figure class='gallery-item'>\n\t\t\t<div class='gallery-icon landscape'>\n\t\t\t\t<a href='https:\/\/incuxhaven.de\/?attachment_id=2208'><img loading=\"lazy\" decoding=\"async\" width=\"200\" height=\"200\" src=\"https:\/\/incuxhaven.de\/wp-content\/uploads\/2021\/10\/PA230108-200x200.jpg\" class=\"attachment-thumbnail size-thumbnail\" alt=\"\" aria-describedby=\"gallery-1-2208\" srcset=\"https:\/\/incuxhaven.de\/wp-content\/uploads\/2021\/10\/PA230108-200x200.jpg 200w, https:\/\/incuxhaven.de\/wp-content\/uploads\/2021\/10\/PA230108-600x600.jpg 600w\" sizes=\"auto, (max-width: 200px) 100vw, 200px\" \/><\/a>\n\t\t\t<\/div>\n\t\t\t\t<figcaption class='wp-caption-text gallery-caption' id='gallery-1-2208'>\n\t\t\t\tOLYMPUS DIGITAL CAMERA\n\t\t\t\t<\/figcaption><\/figure><figure class='gallery-item'>\n\t\t\t<div class='gallery-icon portrait'>\n\t\t\t\t<a href='https:\/\/incuxhaven.de\/?attachment_id=2209'><img loading=\"lazy\" decoding=\"async\" width=\"200\" height=\"200\" src=\"https:\/\/incuxhaven.de\/wp-content\/uploads\/2021\/10\/PA230112-200x200.jpg\" class=\"attachment-thumbnail size-thumbnail\" alt=\"\" aria-describedby=\"gallery-1-2209\" srcset=\"https:\/\/incuxhaven.de\/wp-content\/uploads\/2021\/10\/PA230112-200x200.jpg 200w, https:\/\/incuxhaven.de\/wp-content\/uploads\/2021\/10\/PA230112-600x600.jpg 600w\" sizes=\"auto, (max-width: 200px) 100vw, 200px\" \/><\/a>\n\t\t\t<\/div>\n\t\t\t\t<figcaption class='wp-caption-text gallery-caption' id='gallery-1-2209'>\n\t\t\t\tOLYMPUS DIGITAL CAMERA\n\t\t\t\t<\/figcaption><\/figure><figure class='gallery-item'>\n\t\t\t<div class='gallery-icon landscape'>\n\t\t\t\t<a href='https:\/\/incuxhaven.de\/?attachment_id=2210'><img loading=\"lazy\" decoding=\"async\" width=\"200\" height=\"200\" src=\"https:\/\/incuxhaven.de\/wp-content\/uploads\/2021\/10\/PA230126-200x200.jpg\" class=\"attachment-thumbnail size-thumbnail\" alt=\"\" aria-describedby=\"gallery-1-2210\" srcset=\"https:\/\/incuxhaven.de\/wp-content\/uploads\/2021\/10\/PA230126-200x200.jpg 200w, https:\/\/incuxhaven.de\/wp-content\/uploads\/2021\/10\/PA230126-600x600.jpg 600w\" sizes=\"auto, (max-width: 200px) 100vw, 200px\" \/><\/a>\n\t\t\t<\/div>\n\t\t\t\t<figcaption class='wp-caption-text gallery-caption' id='gallery-1-2210'>\n\t\t\t\tOLYMPUS DIGITAL CAMERA\n\t\t\t\t<\/figcaption><\/figure><figure class='gallery-item'>\n\t\t\t<div class='gallery-icon landscape'>\n\t\t\t\t<a href='https:\/\/incuxhaven.de\/?attachment_id=2211'><img loading=\"lazy\" decoding=\"async\" width=\"200\" height=\"200\" src=\"https:\/\/incuxhaven.de\/wp-content\/uploads\/2021\/10\/PA230132-200x200.jpg\" class=\"attachment-thumbnail size-thumbnail\" alt=\"\" aria-describedby=\"gallery-1-2211\" srcset=\"https:\/\/incuxhaven.de\/wp-content\/uploads\/2021\/10\/PA230132-200x200.jpg 200w, https:\/\/incuxhaven.de\/wp-content\/uploads\/2021\/10\/PA230132-600x600.jpg 600w\" sizes=\"auto, (max-width: 200px) 100vw, 200px\" \/><\/a>\n\t\t\t<\/div>\n\t\t\t\t<figcaption class='wp-caption-text gallery-caption' id='gallery-1-2211'>\n\t\t\t\tOLYMPUS DIGITAL CAMERA\n\t\t\t\t<\/figcaption><\/figure><figure class='gallery-item'>\n\t\t\t<div class='gallery-icon landscape'>\n\t\t\t\t<a href='https:\/\/incuxhaven.de\/?attachment_id=2212'><img loading=\"lazy\" decoding=\"async\" width=\"200\" height=\"200\" src=\"https:\/\/incuxhaven.de\/wp-content\/uploads\/2021\/10\/PA230134-200x200.jpg\" class=\"attachment-thumbnail size-thumbnail\" alt=\"\" aria-describedby=\"gallery-1-2212\" srcset=\"https:\/\/incuxhaven.de\/wp-content\/uploads\/2021\/10\/PA230134-200x200.jpg 200w, https:\/\/incuxhaven.de\/wp-content\/uploads\/2021\/10\/PA230134-600x600.jpg 600w\" sizes=\"auto, (max-width: 200px) 100vw, 200px\" \/><\/a>\n\t\t\t<\/div>\n\t\t\t\t<figcaption class='wp-caption-text gallery-caption' id='gallery-1-2212'>\n\t\t\t\tOLYMPUS DIGITAL CAMERA\n\t\t\t\t<\/figcaption><\/figure><figure class='gallery-item'>\n\t\t\t<div class='gallery-icon portrait'>\n\t\t\t\t<a href='https:\/\/incuxhaven.de\/?attachment_id=2213'><img loading=\"lazy\" decoding=\"async\" width=\"200\" height=\"200\" src=\"https:\/\/incuxhaven.de\/wp-content\/uploads\/2021\/10\/PA230138-200x200.jpg\" class=\"attachment-thumbnail size-thumbnail\" alt=\"\" aria-describedby=\"gallery-1-2213\" srcset=\"https:\/\/incuxhaven.de\/wp-content\/uploads\/2021\/10\/PA230138-200x200.jpg 200w, https:\/\/incuxhaven.de\/wp-content\/uploads\/2021\/10\/PA230138-600x600.jpg 600w\" sizes=\"auto, (max-width: 200px) 100vw, 200px\" \/><\/a>\n\t\t\t<\/div>\n\t\t\t\t<figcaption class='wp-caption-text gallery-caption' id='gallery-1-2213'>\n\t\t\t\tOLYMPUS DIGITAL CAMERA\n\t\t\t\t<\/figcaption><\/figure><figure class='gallery-item'>\n\t\t\t<div class='gallery-icon landscape'>\n\t\t\t\t<a href='https:\/\/incuxhaven.de\/?attachment_id=2214'><img loading=\"lazy\" decoding=\"async\" width=\"200\" height=\"200\" src=\"https:\/\/incuxhaven.de\/wp-content\/uploads\/2021\/10\/PA230140-200x200.jpg\" class=\"attachment-thumbnail size-thumbnail\" alt=\"\" aria-describedby=\"gallery-1-2214\" srcset=\"https:\/\/incuxhaven.de\/wp-content\/uploads\/2021\/10\/PA230140-200x200.jpg 200w, https:\/\/incuxhaven.de\/wp-content\/uploads\/2021\/10\/PA230140-600x600.jpg 600w\" sizes=\"auto, (max-width: 200px) 100vw, 200px\" \/><\/a>\n\t\t\t<\/div>\n\t\t\t\t<figcaption class='wp-caption-text gallery-caption' id='gallery-1-2214'>\n\t\t\t\tOLYMPUS DIGITAL CAMERA\n\t\t\t\t<\/figcaption><\/figure><figure class='gallery-item'>\n\t\t\t<div class='gallery-icon portrait'>\n\t\t\t\t<a href='https:\/\/incuxhaven.de\/?attachment_id=2215'><img loading=\"lazy\" decoding=\"async\" width=\"200\" height=\"200\" src=\"https:\/\/incuxhaven.de\/wp-content\/uploads\/2021\/10\/PA230141-200x200.jpg\" class=\"attachment-thumbnail size-thumbnail\" alt=\"\" aria-describedby=\"gallery-1-2215\" srcset=\"https:\/\/incuxhaven.de\/wp-content\/uploads\/2021\/10\/PA230141-200x200.jpg 200w, https:\/\/incuxhaven.de\/wp-content\/uploads\/2021\/10\/PA230141-600x600.jpg 600w\" sizes=\"auto, (max-width: 200px) 100vw, 200px\" \/><\/a>\n\t\t\t<\/div>\n\t\t\t\t<figcaption class='wp-caption-text gallery-caption' id='gallery-1-2215'>\n\t\t\t\tOLYMPUS DIGITAL CAMERA\n\t\t\t\t<\/figcaption><\/figure><figure class='gallery-item'>\n\t\t\t<div class='gallery-icon portrait'>\n\t\t\t\t<a href='https:\/\/incuxhaven.de\/?attachment_id=2216'><img loading=\"lazy\" decoding=\"async\" width=\"200\" height=\"200\" src=\"https:\/\/incuxhaven.de\/wp-content\/uploads\/2021\/10\/PA230149-200x200.jpg\" class=\"attachment-thumbnail size-thumbnail\" alt=\"\" aria-describedby=\"gallery-1-2216\" srcset=\"https:\/\/incuxhaven.de\/wp-content\/uploads\/2021\/10\/PA230149-200x200.jpg 200w, https:\/\/incuxhaven.de\/wp-content\/uploads\/2021\/10\/PA230149-600x600.jpg 600w\" sizes=\"auto, (max-width: 200px) 100vw, 200px\" \/><\/a>\n\t\t\t<\/div>\n\t\t\t\t<figcaption class='wp-caption-text gallery-caption' id='gallery-1-2216'>\n\t\t\t\tOLYMPUS DIGITAL CAMERA\n\t\t\t\t<\/figcaption><\/figure><figure class='gallery-item'>\n\t\t\t<div class='gallery-icon landscape'>\n\t\t\t\t<a href='https:\/\/incuxhaven.de\/?attachment_id=2217'><img loading=\"lazy\" decoding=\"async\" width=\"200\" height=\"200\" src=\"https:\/\/incuxhaven.de\/wp-content\/uploads\/2021\/10\/PA230151-200x200.jpg\" class=\"attachment-thumbnail size-thumbnail\" alt=\"\" aria-describedby=\"gallery-1-2217\" srcset=\"https:\/\/incuxhaven.de\/wp-content\/uploads\/2021\/10\/PA230151-200x200.jpg 200w, https:\/\/incuxhaven.de\/wp-content\/uploads\/2021\/10\/PA230151-600x600.jpg 600w\" sizes=\"auto, (max-width: 200px) 100vw, 200px\" \/><\/a>\n\t\t\t<\/div>\n\t\t\t\t<figcaption class='wp-caption-text gallery-caption' id='gallery-1-2217'>\n\t\t\t\tOLYMPUS DIGITAL CAMERA\n\t\t\t\t<\/figcaption><\/figure>\n\t\t<\/div>\n\r\n<p>&nbsp;<\/p>\r\n<p>&nbsp;<\/p>\r\n<h5>\u00a0<\/h5>\r\n<h5>\u00a0<\/h5>\r\n<h5><a href=\"https:\/\/incuxhaven.de\/wp-content\/uploads\/2021\/09\/Flyer-Luftbruecken-Afghanistan.jpg\"><img loading=\"lazy\" decoding=\"async\" class=\"aligncenter size-full wp-image-2169\" src=\"https:\/\/incuxhaven.de\/wp-content\/uploads\/2021\/09\/Flyer-Luftbruecken-Afghanistan.jpg\" alt=\"\" width=\"874\" height=\"1240\" srcset=\"https:\/\/incuxhaven.de\/wp-content\/uploads\/2021\/09\/Flyer-Luftbruecken-Afghanistan.jpg 874w, https:\/\/incuxhaven.de\/wp-content\/uploads\/2021\/09\/Flyer-Luftbruecken-Afghanistan-211x300.jpg 211w, https:\/\/incuxhaven.de\/wp-content\/uploads\/2021\/09\/Flyer-Luftbruecken-Afghanistan-722x1024.jpg 722w, https:\/\/incuxhaven.de\/wp-content\/uploads\/2021\/09\/Flyer-Luftbruecken-Afghanistan-768x1090.jpg 768w, https:\/\/incuxhaven.de\/wp-content\/uploads\/2021\/09\/Flyer-Luftbruecken-Afghanistan-300x426.jpg 300w\" sizes=\"auto, (max-width: 874px) 100vw, 874px\" \/><\/a><\/h5>\r\n<hr \/>\r\n<p><a href=\"https:\/\/incuxhaven.de\/wp-content\/uploads\/2021\/09\/P8210029.png\"><img loading=\"lazy\" decoding=\"async\" class=\"aligncenter size-full wp-image-2184\" src=\"https:\/\/incuxhaven.de\/wp-content\/uploads\/2021\/09\/P8210029.png\" alt=\"\" width=\"889\" height=\"1185\" srcset=\"https:\/\/incuxhaven.de\/wp-content\/uploads\/2021\/09\/P8210029.png 889w, https:\/\/incuxhaven.de\/wp-content\/uploads\/2021\/09\/P8210029-225x300.png 225w, https:\/\/incuxhaven.de\/wp-content\/uploads\/2021\/09\/P8210029-768x1024.png 768w, https:\/\/incuxhaven.de\/wp-content\/uploads\/2021\/09\/P8210029-300x400.png 300w\" sizes=\"auto, (max-width: 889px) 100vw, 889px\" \/><\/a> <a href=\"https:\/\/incuxhaven.de\/wp-content\/uploads\/2021\/09\/P8210027.png\"><img loading=\"lazy\" decoding=\"async\" class=\"aligncenter size-full wp-image-2185\" src=\"https:\/\/incuxhaven.de\/wp-content\/uploads\/2021\/09\/P8210027.png\" alt=\"\" width=\"1185\" height=\"889\" srcset=\"https:\/\/incuxhaven.de\/wp-content\/uploads\/2021\/09\/P8210027.png 1185w, https:\/\/incuxhaven.de\/wp-content\/uploads\/2021\/09\/P8210027-300x225.png 300w, https:\/\/incuxhaven.de\/wp-content\/uploads\/2021\/09\/P8210027-1024x768.png 1024w, https:\/\/incuxhaven.de\/wp-content\/uploads\/2021\/09\/P8210027-768x576.png 768w\" sizes=\"auto, (max-width: 1185px) 100vw, 1185px\" \/><\/a><\/p>\r\n<h5><a href=\"https:\/\/incuxhaven.de\/wp-content\/uploads\/2021\/08\/Ashampoo_Snap_Freitag-20.-August-2021_12h41m31s_001_.jpg\"><img loading=\"lazy\" decoding=\"async\" class=\"aligncenter size-full wp-image-2165\" src=\"https:\/\/incuxhaven.de\/wp-content\/uploads\/2021\/08\/Ashampoo_Snap_Freitag-20.-August-2021_12h41m31s_001_.jpg\" alt=\"\" width=\"316\" height=\"319\" srcset=\"https:\/\/incuxhaven.de\/wp-content\/uploads\/2021\/08\/Ashampoo_Snap_Freitag-20.-August-2021_12h41m31s_001_.jpg 316w, https:\/\/incuxhaven.de\/wp-content\/uploads\/2021\/08\/Ashampoo_Snap_Freitag-20.-August-2021_12h41m31s_001_-297x300.jpg 297w, https:\/\/incuxhaven.de\/wp-content\/uploads\/2021\/08\/Ashampoo_Snap_Freitag-20.-August-2021_12h41m31s_001_-300x303.jpg 300w\" sizes=\"auto, (max-width: 316px) 100vw, 316px\" \/><\/a><\/h5>\r\n<h5><strong>Demonstration in Gedenken an Aman Alizada und f\u00fcr die Rettung, den Schutz und Sicherheit aller bedrohten Menschen aus Afghanistan<br \/><\/strong><\/h5>\r\n<p>Gemeinsam mit der Intiative Aman Alizada, Freund:innen, Angeh\u00f6rigen und Unterst\u00fctzenden von Aman, den Falken Niederelbe und der SKF Sauerkrautfabrik Harburg rufen wir zur Teilnahme an der Demonstration auf.<\/p>\r\n<div><strong>Samstag, 21.08.2021<\/strong><\/div>\r\n<div><strong>Start: 14 Uhr<\/strong><\/div>\r\n<div><strong>Ort: Pferdemarkt, Stade<\/strong><\/div>\r\n<p>Aufruf und weitere Informationen zur Demonstration finden sich unter: <a href=\"https:\/\/initiativeamanalizada.blackblogs.org\/\" target=\"_blank\" rel=\"nofollow noopener noreferrer\" data-wpel-link=\"external\">www.initiativeamanalizada.blackblogs.org <\/a>und auf der <a href=\"https:\/\/www.nds-fluerat.org\/veranstaltungen\/demonstration-in-gedenken-aman-alizada\/\" target=\"_blank\" rel=\"nofollow noopener noreferrer\" data-wpel-link=\"internal\">Homepage des Fl\u00fcchtlingsrats Niedersachsen<\/a><\/p>\r\n<hr \/>\r\n<h4 class=\"text-build-content\" data-testid=\"ZmwYgsCMX\"><b>Bundestagsabgeordnete und die t\u00fcrkische Opposition prangern Menschenrechtsverletzungen <\/b><b>unter Erdo\u011fan an und fordern <br \/><\/b><b>&#8222;Klares Signal der EU gegen\u00fcber der T\u00fcrkei!&#8220;<\/b><\/h4>\r\n<h4 class=\"entry-meta\"><a href=\"http:\/\/ul84.mjt.lu\/nl2\/ul84\/m6ppz.html?m=AVEAACevfTUAAcpWHUwAALvFn0IAAP-JA00AJP3jAAVv4ABgWyENHXZH9rOdTBKJQdO9H1orTwAFNro&amp;b=02815f65&amp;e=3f19553f&amp;x=oYHrK9kdRJK447uoEiiVHPUH1UIgVtxn8xSB72UkZB0\">http:\/\/ul84.mjt.lu\/nl2\/ul84\/m6ppz.html?m=AVEAACevfTUAAcpWHUwAALvFn0IAAP-JA00AJP3jAAVv4ABgWyENHXZH9rOdTBKJQdO9H1orTwAFNro&amp;b=02815f65&amp;e=3f19553f&amp;x=oYHrK9kdRJK447uoEiiVHPUH1UIgVtxn8xSB72UkZB0<\/a><\/h4>\r\n<hr \/>\r\n<h4><b>Aufruf <br \/><\/b><b>\u201eLipa: grausame Folge der europ\u00e4ischen Abschottungspolitik. <br \/>Evakuierung und Aufnahme jetzt!\u201c<\/b>,<\/h4>\r\n<div>initiiert von Seebr\u00fccke, Balkanbr\u00fccke und PRO ASYL<\/div>\r\n<div>\u00a0<\/div>\r\n<div>\r\n<h6><b><a href=\"https:\/\/incuxhaven.de\/wp-content\/uploads\/2021\/01\/2021-01-20-Bosnien-AppellOrganisationen-1.pdf\">2021-01-20-Bosnien-AppellOrganisationen-1<\/a><\/b><\/h6>\r\n<\/div>\r\n<div><hr \/><\/div>\r\n<div class=\"postdate\">Presseerkl\u00e4rung 11. Januar 2021<\/div>\r\n<header class=\"entry-header\">\r\n<h4 class=\"entry-title\"><u>Asylzahlen auf historischem Tiefstand<\/u><\/h4>\r\n<h4><strong>Fl\u00fcchtlingsrat Niedersachsen kritisiert Verletzung internationales Rechts<\/strong><\/h4>\r\n<h5><strong>&#8222;Die Friedensnobelpreistr\u00e4gerin EU verletzt systematisch das Non-Refoulement-Gebot der GFK&#8220;<\/strong><\/h5>\r\n<\/header>\r\n<div class=\"entry-content\">\r\n<p>Die Zahl der in Deutschland gestellten Asylantr\u00e4ge ist im Jahr 2020 so tief gefallen wie seit sieben Jahren nicht mehr: Nach den jetzt ver\u00f6ffentlichten <a href=\"https:\/\/www.bamf.de\/SharedDocs\/Anlagen\/DE\/Statistik\/Asylgeschaeftsstatistik\/hkl-antrags-entscheidungs-bestandsstatistikl-kumuliert-2020.pdf?__blob=publicationFile&amp;v=24\" target=\"_blank\" rel=\"noopener noreferrer external\" data-wpel-link=\"external\">Asylzahlen des Bundesamtes f\u00fcr Migration und Fl\u00fcchtlinge (BAMF)<\/a> f\u00fcr 2020 wurden 102.581 Erstantr\u00e4ge auf Asyl gestellt. Das waren 28 Prozent weniger als im Vorjahr (142.509). Bundesinnenminister Seehofer feiert den R\u00fcckgang der Asylzahlen als Erfolg: Der R\u00fcckgang der Asylantr\u00e4ge sei nicht allein auf die Corona-Pandemie zur\u00fcckzuf\u00fchren, auch die Ma\u00dfnahmen zur Steuerung der Migration wirkten.<\/p>\r\n<p>Der Zynismus dieser \u201eErfolgsmeldung\u201c ist augenf\u00e4llig: Dass die Zahl der Fl\u00fcchtlinge in Europa um rund ein Drittel sinkt, ist die direkte Folge der europ\u00e4ischen Abschottungspolitik. Mit systematischer Gewalt und unter Bruch von nationalem, europ\u00e4ischem und internationalem Recht werden Fl\u00fcchtlinge daran gehindert, Schutz in Europa zu finden.<\/p>\r\n<ul>\r\n<li>In der \u00c4g\u00e4is f\u00e4ngt die griechische K\u00fcstenwache Schutzsuchende ab, zwingt sie in unsichere Rettungsinseln und l\u00e4sst sie Richtung T\u00fcrkei zur\u00fccktreiben.<\/li>\r\n<li>Im zentralen Mittelmeer blockieren die EU-Staaten die zivile Seenotrettung und finanzieren libyische Milizen (\u201eK\u00fcstenwache\u201c), die Menschen auf der Flucht nach Europa abf\u00e4ngt und zur\u00fcck in die Internierungslager verschleppt.<\/li>\r\n<li>An der kroatisch-bosnischen Grenze pr\u00fcgelt die kroatische Grenzpolizei die auch mit deutschen W\u00e4rmebildkameras gefundenen Fl\u00fcchtlinge zur\u00fcck nach Bosnien.<\/li>\r\n<\/ul>\r\n<p>Wer also versucht, nach Europa zu fliehen, wird mit Gewalt daran gehindert, trotz winterlicher Temperaturen in Elendslagern und Zelten vor unseren Toren isoliert und zerm\u00fcrbt oder zur\u00fcckgeschoben.<\/p>\r\n<p>Kai Weber, Gesch\u00e4ftsf\u00fchrer des Fl\u00fcchtlingsrat Niedersachsen, kommentiert:<\/p>\r\n<p>&#8222;Die Praxis europ\u00e4ischer Grenzstaaten, Fl\u00fcchtlinge in v\u00f6lkerrechtswidrigen Push-Back-Aktionen mit Gewalt in Staaten zur\u00fcckzubringen, in denen sie vor Verfolgung und Menschenrechtsverletzungen nicht sicher sind, ist v\u00f6lkerrechtswidrig. Fl\u00fcchtlinge haben an den europ\u00e4ischen Au\u00dfengrenzen einen Anspruch auf die individuelle Pr\u00fcfung ihrer Fluchtgr\u00fcnde. Die Friedensnobelpreistr\u00e4gerin Europ\u00e4ische Union verletzt systematisch das Non-Refoulement-Gebot der Genfer Fl\u00fcchtlingskonvention. Wenn die Bundesregierung die rechtswidrige Abschiebungspraxis an den europ\u00e4ischen Au\u00dfengrenzen durch gemeinsame Frontex-Eins\u00e4tze und die Lieferung von Polizeitechnik deckt und unterst\u00fctzt, macht sie sich mitschuldig.&#8220;<\/p>\r\n<p>Nur aufgrund der v\u00f6lkerrechtswidrigen Vertreibung und Verschleppung von Schutzsuchenden in Anrainerstaaten sinkt die Zahl der Asylantr\u00e4ge in Europa, w\u00e4hrend die Zahl der Fl\u00fcchtlinge weltweit steigt: Sie bel\u00e4uft sich derzeit <a href=\"https:\/\/www.unhcr.org\/dach\/de\/55847-ueber-80-millionen-menschen-mitte-2020-auf-der-flucht.html\" target=\"_blank\" rel=\"noopener noreferrer external\" data-wpel-link=\"external\">auf \u00fcber 80 Millionen Menschen<\/a>.<\/p>\r\n<h3>Die Asylantr\u00e4ge im Detail<\/h3>\r\n<p>Etwa ein Viertel der Asylerstantr\u00e4ge im Jahr 2020 (26.520) entfiel auf hier geborene Kinder von Gefl\u00fcchteten, die bereits in Deutschland leben. Lediglich 76.061 Fl\u00fcchtlinge sind also neu ins Land gekommen (sog. \u201egrenz\u00fcberschreitende Asylantr\u00e4ge\u201c), darunter etliche, die im Rahmen des Familiennachzugs regul\u00e4r einreisen konnten. Insgesamt wurden 122.170 Asylantr\u00e4ge gestellt. Darin sind auch Folgeantr\u00e4ge enthalten. Die Hauptherkunftsl\u00e4nder der Erstantragsteller_innen waren 2020 Syrien (36.433), Afghanistan (9.901), Irak (9.846) und T\u00fcrkei (5.778).<\/p>\r\n<p>Insgesamt hat das BAMF im vergangenen Jahr \u00fcber die Antr\u00e4ge von 145.071 Personen entschieden: 38.883 weniger als 2019, was ein Minus von rund 21 Prozent bedeutet. 26,1 Prozent (37.818) wurden als Fl\u00fcchtling nach der Genfer Konvention anerkannt, 18.950 Personen (13,1 Prozent) erhielten subsidi\u00e4ren Schutz. Dar\u00fcber hinaus stellte das BAMF bei 5702 Personen (3,9 Prozent) Abschiebungsverbote fest. Damit ist die Gesamtschutzquote auf (unbereinigt) 43 Prozent gestiegen (2019: 38 Prozent). Abgelehnt wurden 46.586 Antr\u00e4ge (32,1%), anderweitig erledigt weitere 36.015 (24,8%) \u2013 etwa weil ein anderes EU-Land als zust\u00e4ndig betrachtet wurde oder das Verfahren nicht weiter betrieben wurde.<\/p>\r\n<p>Um die tats\u00e4chliche Schutzquote zu berechnen, m\u00fcssen die \u201eanderweitig erledigten\u201c F\u00e4lle herausgerechnet und nur die Asylverfahren ber\u00fccksichtigt werden, in denen das BAMF eine inhaltliche Entscheidung getroffen hat. In diesem Fall liegt die Schutzquote bei 57% (sogenannte bereinigte Schutzquote). Diese hohe Schutzquote ist erfreulich, allerdings muss in Rechnung gestellt werden, dass viele der als Fl\u00fcchtlinge Anerkannten hier geborene oder nachgezogene Familienangeh\u00f6rige von bereits im Bundesgebiet lebenden Gefl\u00fcchteten sind und im Rahmen des sogenannten Familienasyls von Amts wegen Asyl erhalten. Die Zahl der noch nicht entschiedenen Antr\u00e4ge lag laut dem Ministerium Ende Dezember bei 52.056.<\/p>\r\n<\/div>\r\n<hr \/>\r\n<h4><a href=\"https:\/\/incuxhaven.de\/wp-content\/uploads\/2020\/12\/AK-Asyl-Neujahrskarte-21.jpg\"><u><strong>Appell an Ministerpr\u00e4sident Weil und Innenminister Pistorius<br \/><\/strong><\/u><\/a><\/h4>\r\n<div class=\"moz-forward-container\">\r\n<p class=\"kicker\"><strong>Fl\u00fcchtlingsrat Niedersachsen fordert die Aufnahme Gefl\u00fcchteter aus dem niedergebrannten Lager Lipa in Bosnien<\/strong><\/p>\r\n<p class=\"kicker\"><strong>42 St\u00e4dte, Landkreise und Gemeinden in Niedersachsen<\/strong> <strong>haben sich<\/strong> <strong><a href=\"https:\/\/www.nds-fluerat.org\/aktionen\/sichererhafen\/sichere-haefen-niedersachsen\/\" target=\"_blank\" rel=\"nofollow noopener noreferrer\" data-wpel-link=\"internal\">zu Sicheren H\u00e4fen erkl\u00e4rt<\/a><\/strong><\/p>\r\nIn Bosnien sind seit dem 23. Dezember rund 900 Gefl\u00fcchtete in den Ruinen des abgebrannten Camps Lipa bei Bihac dem bosnischen Winter schutzlos ausgeliefert. Vor Silvester war ihre Evakuierung in eine als Notunterkunft geplanten ehemaligen Kaserne s\u00fcdlich von Sarajevo an innerbosnischen Konflikten gescheitert. Dar\u00fcber hinaus m\u00fcssen tausende weitere Schutzsuchende im Norden Bosniens bei klirrender K\u00e4lte in wilden Camps, Ruinen oder Zelten ausharren.\r\n<p>Der Fl\u00fcchtlingsrat Niedersachsen appelliert vor diesem Hintergrund an Ministerpr\u00e4sident Weil und Innenminister Pistorius, umgehend die in Lipa und in den weiteren Camps im Norden Bosniens Hunger und K\u00e4lte schutzlos ausgesetzten Gefl\u00fcchteten in Niedersachsen aufzunehmen und daf\u00fcr ein entsprechendes Landesaufnahmeprogramm vorzulegen.<\/p>\r\n<p>Sascha Schie\u00dfl vom Fl\u00fcchtlingsrat Niedersachsen:<\/p>\r\n<p>&#8222;Seit Jahren riegelt die EU die kroatisch-bosnische Grenze ab, dr\u00e4ngt Schutzsuchende mit Gewalt nach Bosnien zur\u00fcck und schiebt so die Verantwortung f\u00fcr die Schutzsuchenden auf den ohnehin kaum funktionierenden bosnischen Staat ab. Damit hat die EU die humanit\u00e4re Notlage in Lipa und anderen Orten Bosniens \u00fcberhaupt erst geschaffen. Die europ\u00e4ischen Staaten m\u00fcssen nun endlich ihrer Verantwortung gerecht werden und die Schutzsuchenden aufnehmen. Dazu muss auch Niedersachsen seinen Beitrag leisten.&#8220;<\/p>\r\n<p>Allein in Niedersachsen haben sich <a href=\"https:\/\/seebruecke.org\/sichere-haefen\/sichere-haefen\/\" target=\"_blank\" rel=\"nofollow noopener noreferrer\">42 St\u00e4dte, Gemeinden und Kommunen zu Sicheren H\u00e4fen<\/a> erkl\u00e4rt, verf\u00fcgen \u00fcber Unterbringungskapazit\u00e4ten und stehen zur Aufnahme bereit. Die Bereitschaft, Gefl\u00fcchtete aus den Elendslagern an den europ\u00e4ischen Au\u00dfengrenzen aufzunehmen, ist also enorm. Auch in den Landesunterk\u00fcnften sind <a href=\"part3.449DFE7E.44425523@nds-fluerat.org\" target=\"_blank\" rel=\"nofollow noopener noreferrer\">laut dem nieders\u00e4chsischen Innenministerium derzeit rund 3.000 Aufnahmepl\u00e4tze ungenutzt<\/a>. Der Fl\u00fcchtlingsrat Niedersachsen erinnert auch daran, dass die allermeisten Menschen, die jetzt in Bosnien gestrandet sind, zuvor Schutzsuchende in Griechenland waren und dort schon von den Beh\u00f6rden sich selbst \u00fcberlassen worden. Die Balkanroute blieb f\u00fcr die Schutzsuchenden dann der einzige Ausweg.\u00a0<\/p>\r\n<p>Als emp\u00f6rend und absolut unzureichend kritisiert Pro Asyl \u2013 Gesch\u00e4ftsf\u00fchrer G\u00fcnter Burkhardt das Nichthandeln der Europ\u00e4ischen Union und der EU-Staaten. \u201eWir erleben ein Totalversagen der Europ\u00e4ischen Union und der EU-Mitgliedsstaaten. Kroatien pr\u00fcgelt die Schutzsuchenden an der EU-Grenze zur\u00fcck, die gesamte EU schaut tatenlos zu. Deutschland, \u00d6sterreich und Italien beraten nun nur \u00fcber Notfallma\u00dfnahmen vor Ort. Es gibt in Zelten vor den Toren der EU aber keine Chance auf Schutz und Asyl. Die Grenzen m\u00fcssen ge\u00f6ffnet und die frierenden Menschen innerhalb der EU aufgenommen werden. Die Situation ist eine unmittelbare Folge der illegalen Push Backs und der Mi\u00dfachtung des EU-Rechts an der Grenze durch Kroatien. Jeder Tag z\u00e4hlt.\u201c<\/p>\r\n<p><strong>Hintergrund<\/strong><\/p>\r\n<p>Am 23, Dezember 2020 hat sich die Internationale Organisation f\u00fcr Migration (IOM), die die meisten Notunterk\u00fcnfte in dem Land leitet, aus dem Camp Lipa bei Bihac im Norden Bosniens zur\u00fcckgezogen, weil die Bedingungen v\u00f6llig unzumutbar waren und das Lager zu keinem Zeitpunkt winterfest war. Von Beginn an fehlten Strom, Heizung und flie\u00dfendes Wasser. Das Gel\u00e4nde war niemals f\u00fcr eine Unterbringung von Menschen im bosnischen Winter geeignet. Das Camp wurde anschlie\u00dfend von den bosnischen Beh\u00f6rden ger\u00e4umt, die Schutzsuchenden wurden sich selbst \u00fcberlassen. W\u00e4hrend der R\u00e4umung ist das Camp auch noch abgebrannt. Die bosnische Polizei hat in den Tagen danach verhindert, dass die Menschen das Gel\u00e4nde verlassen. Seither wurde um eine alternative Unterbringung der Menschen gerungen. Bei der immer wieder genannten Alternative. das geschlossene IOM-Camp Bira in Biha\u0107 wiederzuer\u00f6ffnen, stellt sich die Stadt Bihac quer. Ohnehin haben NGOs das Camp Bira (eine gro\u00dfe Lagerhalle) wegen der schlechten Bedingungen immer wieder kritisiert. Seit Anfang diesen Jahres bauen die bosnischen Beh\u00f6rden das Camp Lipa nun erneut auf. Auch dabei ist klar, dass Lipa kein winterfestes Camp werden wird.<\/p>\r\n<p>weitere Informationen: <br \/>Sascha Schie\u00dfl, Tel. 0511 &#8211; 8564 5459<br \/>Kai Weber, Tel. 0511 &#8211; 8487 9972<\/p>\r\n<hr \/>\r\n<p>&nbsp;<\/p>\r\n<\/div>\r\n<h4><a href=\"https:\/\/incuxhaven.de\/wp-content\/uploads\/2020\/12\/AK-Asyl-Neujahrskarte-21.jpg\"><img loading=\"lazy\" decoding=\"async\" class=\"aligncenter size-full wp-image-2141\" src=\"https:\/\/incuxhaven.de\/wp-content\/uploads\/2020\/12\/AK-Asyl-Neujahrskarte-21.jpg\" alt=\"\" width=\"874\" height=\"620\" srcset=\"https:\/\/incuxhaven.de\/wp-content\/uploads\/2020\/12\/AK-Asyl-Neujahrskarte-21.jpg 874w, https:\/\/incuxhaven.de\/wp-content\/uploads\/2020\/12\/AK-Asyl-Neujahrskarte-21-300x213.jpg 300w, https:\/\/incuxhaven.de\/wp-content\/uploads\/2020\/12\/AK-Asyl-Neujahrskarte-21-768x545.jpg 768w\" sizes=\"auto, (max-width: 874px) 100vw, 874px\" \/><\/a><\/h4>\r\n<h4><a href=\"https:\/\/incuxhaven.de\/wp-content\/uploads\/2020\/12\/AK-Asyl-Neujahrskarte-212.jpg\"><img loading=\"lazy\" decoding=\"async\" class=\"aligncenter size-full wp-image-2142\" src=\"https:\/\/incuxhaven.de\/wp-content\/uploads\/2020\/12\/AK-Asyl-Neujahrskarte-212.jpg\" alt=\"\" width=\"874\" height=\"620\" srcset=\"https:\/\/incuxhaven.de\/wp-content\/uploads\/2020\/12\/AK-Asyl-Neujahrskarte-212.jpg 874w, https:\/\/incuxhaven.de\/wp-content\/uploads\/2020\/12\/AK-Asyl-Neujahrskarte-212-300x213.jpg 300w, https:\/\/incuxhaven.de\/wp-content\/uploads\/2020\/12\/AK-Asyl-Neujahrskarte-212-768x545.jpg 768w\" sizes=\"auto, (max-width: 874px) 100vw, 874px\" \/><\/a><\/h4>\r\n<hr \/>\r\n<h4>\u00a0<\/h4>\r\n<h4><a href=\"https:\/\/incuxhaven.de\/wp-content\/uploads\/2020\/10\/roubela-bei-oma-und-opa.jpg\"><img loading=\"lazy\" decoding=\"async\" class=\"aligncenter size-full wp-image-1991\" src=\"https:\/\/incuxhaven.de\/wp-content\/uploads\/2020\/10\/roubela-bei-oma-und-opa.jpg\" alt=\"\" width=\"1313\" height=\"1687\" srcset=\"https:\/\/incuxhaven.de\/wp-content\/uploads\/2020\/10\/roubela-bei-oma-und-opa.jpg 1313w, https:\/\/incuxhaven.de\/wp-content\/uploads\/2020\/10\/roubela-bei-oma-und-opa-233x300.jpg 233w, https:\/\/incuxhaven.de\/wp-content\/uploads\/2020\/10\/roubela-bei-oma-und-opa-797x1024.jpg 797w, https:\/\/incuxhaven.de\/wp-content\/uploads\/2020\/10\/roubela-bei-oma-und-opa-768x987.jpg 768w, https:\/\/incuxhaven.de\/wp-content\/uploads\/2020\/10\/roubela-bei-oma-und-opa-1195x1536.jpg 1195w, https:\/\/incuxhaven.de\/wp-content\/uploads\/2020\/10\/roubela-bei-oma-und-opa-1200x1542.jpg 1200w, https:\/\/incuxhaven.de\/wp-content\/uploads\/2020\/10\/roubela-bei-oma-und-opa-300x385.jpg 300w\" sizes=\"auto, (max-width: 1313px) 100vw, 1313px\" \/><\/a><\/h4>\r\n<hr \/>\r\n<h4><strong>Stadt und Landkreis Cuxhaven: 50 Fl\u00fcchtlinge k\u00f6nnten kommen<\/strong><\/h4>\r\n<h4><a href=\"https:\/\/incuxhaven.de\/wp-content\/uploads\/2020\/09\/CN-150920-LK-und-OB-50-k\u00f6nnten-kommen.jpg\"><img loading=\"lazy\" decoding=\"async\" class=\"aligncenter size-full wp-image-1986\" src=\"https:\/\/incuxhaven.de\/wp-content\/uploads\/2020\/09\/CN-150920-LK-und-OB-50-k\u00f6nnten-kommen.jpg\" alt=\"\" width=\"1313\" height=\"1417\" srcset=\"https:\/\/incuxhaven.de\/wp-content\/uploads\/2020\/09\/CN-150920-LK-und-OB-50-k\u00f6nnten-kommen.jpg 1313w, https:\/\/incuxhaven.de\/wp-content\/uploads\/2020\/09\/CN-150920-LK-und-OB-50-k\u00f6nnten-kommen-278x300.jpg 278w, https:\/\/incuxhaven.de\/wp-content\/uploads\/2020\/09\/CN-150920-LK-und-OB-50-k\u00f6nnten-kommen-949x1024.jpg 949w, https:\/\/incuxhaven.de\/wp-content\/uploads\/2020\/09\/CN-150920-LK-und-OB-50-k\u00f6nnten-kommen-768x829.jpg 768w, https:\/\/incuxhaven.de\/wp-content\/uploads\/2020\/09\/CN-150920-LK-und-OB-50-k\u00f6nnten-kommen-1200x1295.jpg 1200w, https:\/\/incuxhaven.de\/wp-content\/uploads\/2020\/09\/CN-150920-LK-und-OB-50-k\u00f6nnten-kommen-300x324.jpg 300w\" sizes=\"auto, (max-width: 1313px) 100vw, 1313px\" \/><\/a><strong>Auch Cuxhaven zeigte Gesicht \u2013 <\/strong><br \/><strong>in Solidarit\u00e4t mit den Gefl\u00fcchteten in den griechischen Lagern<\/strong><\/h4>\r\n<p><a href=\"https:\/\/incuxhaven.de\/wp-content\/uploads\/2020\/09\/CN-140920-Mahnwche-Moria.jpg\"><img loading=\"lazy\" decoding=\"async\" class=\"aligncenter size-full wp-image-1982\" src=\"https:\/\/incuxhaven.de\/wp-content\/uploads\/2020\/09\/CN-140920-Mahnwche-Moria.jpg\" alt=\"\" width=\"1304\" height=\"1436\" srcset=\"https:\/\/incuxhaven.de\/wp-content\/uploads\/2020\/09\/CN-140920-Mahnwche-Moria.jpg 1304w, https:\/\/incuxhaven.de\/wp-content\/uploads\/2020\/09\/CN-140920-Mahnwche-Moria-272x300.jpg 272w, https:\/\/incuxhaven.de\/wp-content\/uploads\/2020\/09\/CN-140920-Mahnwche-Moria-930x1024.jpg 930w, https:\/\/incuxhaven.de\/wp-content\/uploads\/2020\/09\/CN-140920-Mahnwche-Moria-768x846.jpg 768w, https:\/\/incuxhaven.de\/wp-content\/uploads\/2020\/09\/CN-140920-Mahnwche-Moria-1200x1321.jpg 1200w, https:\/\/incuxhaven.de\/wp-content\/uploads\/2020\/09\/CN-140920-Mahnwche-Moria-300x330.jpg 300w\" sizes=\"auto, (max-width: 1304px) 100vw, 1304px\" \/><\/a>aus den Cuxhavener Nachrichten vom 14.09.20<\/p>\r\n<p>&nbsp;<\/p>\r\n<p>Alle Fotos: Karl-Heinz Zulkowski-St\u00fcben<\/p>\r\n<article id=\"post-44399\" class=\"post-44399 post type-post status-publish format-standard hentry category-aktuelles tag-afghanistan tag-gesundheit tag-rassismus tag-recht\">\r\n<div class=\"inside-article\">\r\n<div id='gallery-2' class='gallery galleryid-130 gallery-columns-3 gallery-size-medium'><figure class='gallery-item'>\n\t\t\t<div class='gallery-icon portrait'>\n\t\t\t\t<a href='https:\/\/incuxhaven.de\/?attachment_id=1966'><img loading=\"lazy\" decoding=\"async\" width=\"225\" height=\"300\" src=\"https:\/\/incuxhaven.de\/wp-content\/uploads\/2020\/09\/ZSTU8081-225x300.png\" class=\"attachment-medium size-medium\" alt=\"\" srcset=\"https:\/\/incuxhaven.de\/wp-content\/uploads\/2020\/09\/ZSTU8081-225x300.png 225w, https:\/\/incuxhaven.de\/wp-content\/uploads\/2020\/09\/ZSTU8081-300x400.png 300w, https:\/\/incuxhaven.de\/wp-content\/uploads\/2020\/09\/ZSTU8081.png 569w\" sizes=\"auto, (max-width: 225px) 100vw, 225px\" \/><\/a>\n\t\t\t<\/div><\/figure><figure class='gallery-item'>\n\t\t\t<div class='gallery-icon landscape'>\n\t\t\t\t<a href='https:\/\/incuxhaven.de\/?attachment_id=1964'><img loading=\"lazy\" decoding=\"async\" width=\"300\" height=\"225\" src=\"https:\/\/incuxhaven.de\/wp-content\/uploads\/2020\/09\/ZSTU8077-300x225.png\" class=\"attachment-medium size-medium\" alt=\"\" srcset=\"https:\/\/incuxhaven.de\/wp-content\/uploads\/2020\/09\/ZSTU8077-300x225.png 300w, https:\/\/incuxhaven.de\/wp-content\/uploads\/2020\/09\/ZSTU8077.png 759w\" sizes=\"auto, (max-width: 300px) 100vw, 300px\" \/><\/a>\n\t\t\t<\/div><\/figure><figure class='gallery-item'>\n\t\t\t<div class='gallery-icon landscape'>\n\t\t\t\t<a href='https:\/\/incuxhaven.de\/?attachment_id=1973'><img loading=\"lazy\" decoding=\"async\" width=\"300\" height=\"225\" src=\"https:\/\/incuxhaven.de\/wp-content\/uploads\/2020\/09\/ZSTU8096-300x225.png\" class=\"attachment-medium size-medium\" alt=\"\" srcset=\"https:\/\/incuxhaven.de\/wp-content\/uploads\/2020\/09\/ZSTU8096-300x225.png 300w, https:\/\/incuxhaven.de\/wp-content\/uploads\/2020\/09\/ZSTU8096.png 759w\" sizes=\"auto, (max-width: 300px) 100vw, 300px\" \/><\/a>\n\t\t\t<\/div><\/figure><figure class='gallery-item'>\n\t\t\t<div class='gallery-icon landscape'>\n\t\t\t\t<a href='https:\/\/incuxhaven.de\/?attachment_id=1965'><img loading=\"lazy\" decoding=\"async\" width=\"300\" height=\"225\" src=\"https:\/\/incuxhaven.de\/wp-content\/uploads\/2020\/09\/ZSTU8080-300x225.png\" class=\"attachment-medium size-medium\" alt=\"\" srcset=\"https:\/\/incuxhaven.de\/wp-content\/uploads\/2020\/09\/ZSTU8080-300x225.png 300w, https:\/\/incuxhaven.de\/wp-content\/uploads\/2020\/09\/ZSTU8080.png 759w\" sizes=\"auto, (max-width: 300px) 100vw, 300px\" \/><\/a>\n\t\t\t<\/div><\/figure><figure class='gallery-item'>\n\t\t\t<div class='gallery-icon landscape'>\n\t\t\t\t<a href='https:\/\/incuxhaven.de\/?attachment_id=1970'><img loading=\"lazy\" decoding=\"async\" width=\"300\" height=\"225\" src=\"https:\/\/incuxhaven.de\/wp-content\/uploads\/2020\/09\/ZSTU8090-300x225.png\" class=\"attachment-medium size-medium\" alt=\"\" srcset=\"https:\/\/incuxhaven.de\/wp-content\/uploads\/2020\/09\/ZSTU8090-300x225.png 300w, https:\/\/incuxhaven.de\/wp-content\/uploads\/2020\/09\/ZSTU8090.png 759w\" sizes=\"auto, (max-width: 300px) 100vw, 300px\" \/><\/a>\n\t\t\t<\/div><\/figure><figure class='gallery-item'>\n\t\t\t<div class='gallery-icon landscape'>\n\t\t\t\t<a href='https:\/\/incuxhaven.de\/?attachment_id=1968'><img loading=\"lazy\" decoding=\"async\" width=\"300\" height=\"225\" src=\"https:\/\/incuxhaven.de\/wp-content\/uploads\/2020\/09\/ZSTU8084-300x225.png\" class=\"attachment-medium size-medium\" alt=\"\" srcset=\"https:\/\/incuxhaven.de\/wp-content\/uploads\/2020\/09\/ZSTU8084-300x225.png 300w, https:\/\/incuxhaven.de\/wp-content\/uploads\/2020\/09\/ZSTU8084.png 759w\" sizes=\"auto, (max-width: 300px) 100vw, 300px\" \/><\/a>\n\t\t\t<\/div><\/figure><figure class='gallery-item'>\n\t\t\t<div class='gallery-icon landscape'>\n\t\t\t\t<a href='https:\/\/incuxhaven.de\/?attachment_id=1969'><img loading=\"lazy\" decoding=\"async\" width=\"300\" height=\"225\" src=\"https:\/\/incuxhaven.de\/wp-content\/uploads\/2020\/09\/ZSTU8088-300x225.png\" class=\"attachment-medium size-medium\" alt=\"\" srcset=\"https:\/\/incuxhaven.de\/wp-content\/uploads\/2020\/09\/ZSTU8088-300x225.png 300w, https:\/\/incuxhaven.de\/wp-content\/uploads\/2020\/09\/ZSTU8088.png 759w\" sizes=\"auto, (max-width: 300px) 100vw, 300px\" \/><\/a>\n\t\t\t<\/div><\/figure><figure class='gallery-item'>\n\t\t\t<div class='gallery-icon landscape'>\n\t\t\t\t<a href='https:\/\/incuxhaven.de\/?attachment_id=1977'><img loading=\"lazy\" decoding=\"async\" width=\"300\" height=\"225\" src=\"https:\/\/incuxhaven.de\/wp-content\/uploads\/2020\/09\/ZSTU8094-auss-300x225.png\" class=\"attachment-medium size-medium\" alt=\"\" srcset=\"https:\/\/incuxhaven.de\/wp-content\/uploads\/2020\/09\/ZSTU8094-auss-300x225.png 300w, https:\/\/incuxhaven.de\/wp-content\/uploads\/2020\/09\/ZSTU8094-auss.png 670w\" sizes=\"auto, (max-width: 300px) 100vw, 300px\" \/><\/a>\n\t\t\t<\/div><\/figure><figure class='gallery-item'>\n\t\t\t<div class='gallery-icon portrait'>\n\t\t\t\t<a href='https:\/\/incuxhaven.de\/?attachment_id=1967'><img loading=\"lazy\" decoding=\"async\" width=\"225\" height=\"300\" src=\"https:\/\/incuxhaven.de\/wp-content\/uploads\/2020\/09\/ZSTU8082-225x300.png\" class=\"attachment-medium size-medium\" alt=\"\" srcset=\"https:\/\/incuxhaven.de\/wp-content\/uploads\/2020\/09\/ZSTU8082-225x300.png 225w, https:\/\/incuxhaven.de\/wp-content\/uploads\/2020\/09\/ZSTU8082-300x400.png 300w, https:\/\/incuxhaven.de\/wp-content\/uploads\/2020\/09\/ZSTU8082.png 569w\" sizes=\"auto, (max-width: 225px) 100vw, 225px\" \/><\/a>\n\t\t\t<\/div><\/figure><figure class='gallery-item'>\n\t\t\t<div class='gallery-icon landscape'>\n\t\t\t\t<a href='https:\/\/incuxhaven.de\/?attachment_id=1972'><img loading=\"lazy\" decoding=\"async\" width=\"300\" height=\"225\" src=\"https:\/\/incuxhaven.de\/wp-content\/uploads\/2020\/09\/ZSTU8092-300x225.png\" class=\"attachment-medium size-medium\" alt=\"\" srcset=\"https:\/\/incuxhaven.de\/wp-content\/uploads\/2020\/09\/ZSTU8092-300x225.png 300w, https:\/\/incuxhaven.de\/wp-content\/uploads\/2020\/09\/ZSTU8092.png 759w\" sizes=\"auto, (max-width: 300px) 100vw, 300px\" \/><\/a>\n\t\t\t<\/div><\/figure>\n\t\t<\/div>\n\r\n<p>Samstag, den 12.09.2020<\/p>\r\n<h4><strong>Auch Cuxhaven zeigte Gesicht \u2013 <\/strong><br \/><strong>in Solidarit\u00e4t mit den Gefl\u00fcchteten in den griechischen Lagern<\/strong><\/h4>\r\n<p>Mehr als 80 B\u00fcrgerInnen, (unter ihnen auch 2 Fl\u00fcchtlingsfamilien, Roma bzw. Kurden mit ihren Kindern) waren dem gemeinsamen Aufruf von Arbeitskreis Asyl Cuxhaven e.V., B\u00fcndnis 90 \/ Die Gr\u00fcnen OV Cuxhaven, DIE LINKE. Hadeln-Osteland und DIE LINKE. Cuxhaven gefolgt und forderten u.a. eine sofortige Aufnahme einer gro\u00dfen Zahl von Gefl\u00fcchteten aus dem Lager Moria und die Evakuierung aller Fl\u00fcchtlingslager in Griechenland.<br \/>In einem gro\u00dfen Kreis mit dem zugeh\u00f6rigen \u201eCoronaabstand\u201c und mit Mund- und Nasenschutz hatten sie sich mitten in der Einkaufszone versammelt, um ihrem Protest Aufmerksamkeit zu verleihen.<br \/>Auch eine ganze Reihe Passanten blieb stehen, um den kurzen aber intensiven Redebeitr\u00e4gen zu lauschen.<br \/>Der Sprecher des Arbeitskreises Asyl bezeichnete den bisherigen Umgang der politisch Verantwortlichen (aus der Europ\u00e4ischen Union, der Regierung in Griechenland aber auch der Bundesrepublik Deutschland) mit den Fl\u00fcchtlingslagern in Griechenland als gro\u00dfe Schweinerei. Sie alle h\u00e4tten die gegenw\u00e4rtige Situation nicht nur in Kauf genommen, sondern im Gegenteil durch aktives Verhalten geradezu bef\u00f6rdert. Das Lager Moria war von Beginn an nicht als Schutz f\u00fcr Fl\u00fcchtlinge gedacht sondern als die \u201eAbschreckungswaffe\u201c schlechthin. Der Innenminister Horst Seehofer solle seine Blockadehaltung ab sofort aufgeben und sich ebenfalls f\u00fcr die Aufnahme der Fl\u00fcchtlinge aus dem Lager Moria einsetzen.<\/p>\r\n<p>Der Cuxhavener Oberb\u00fcrgermeister Uwe Santjer nahm ebenfalls an der Mahnwache teil und bekr\u00e4ftigte noch einmal, dass die Stadt Cuxhaven, als Mitglied der SEEBR\u00dcCKE bereit ist, zus\u00e4tzliche Fl\u00fcchtlinge aufzunehmen.<\/p>\r\n<p>Die Rojava Solidarit\u00e4tsgruppe Land Hadeln wies auf die Notwendigkeit hin, demokratische, gesellschaftliche Entwicklungen wie in der Region Rojava in Nordsyrien zu unterst\u00fctzen, um auch damit einen Beitrag gegen &#8222;Fluchtursachen&#8220; zu leisten.<\/p>\r\n<p>Der Sprecher der Amnesty Gruppe Cuxhaven bedankte sich noch einmal bei der Stadt, bzw. den Stadtratsmitgliedern, die dem St\u00e4dteb\u00fcndnis &#8222;St\u00e4dte f\u00fcr das Leben &#8211; St\u00e4dte gegen die Todestrafe&#8220; beigetreten sei. In seinen Augen bedeute das Lager Moria aber eine Todesstrafe auf Raten.<\/p>\r\n<p>Einige Teilnehmer der Mahnwache riefen in sehr pers\u00f6nlich gehaltenen Appellen dazu auf, sich auch weiterhin solidarisch zu zeigen und gemeinsam f\u00fcr eine \u201ehumane Fl\u00fcchtlingspolitik\u201c zu streiten, die diesen Namen auch verdient.<\/p>\r\n<h4>\u00a0<\/h4>\r\n<h4><b>Solidarit\u00e4t mit den Gefl\u00fcchteten in den griechischen Lagern \u2013 <\/b><\/h4>\r\n<h4><b>am Samstag, den 12.9.2020 11:30, <\/b><\/h4>\r\n<h4><b>Protestaktion in der Nordersteinstra\u00dfe, Penzancer-Platz, Cuxhaven<br \/><\/b><\/h4>\r\n<p><b>Pressemitteilung<br \/><\/b><b>des Arbeitskreis Asyl Cuxhaven e.V., B\u00fcndnis 90 \/ Die Gr\u00fcnen OV Cuxhaven, DIE LINKE. Hadeln-Osteland, DIE LINKE. Cuxhaven.<\/b><\/p>\r\n<h3 align=\"JUSTIFY\"><strong>Moria: Europas Glaubw\u00fcrdigkeit und Gewissen verbrannt!!!<\/strong><\/h3>\r\n<p align=\"JUSTIFY\">Der verheerende Brand im griechischen Fl\u00fcchtlingslager Moria ist der Tiefpunkt der nun endg\u00fcltig gescheiterten europ\u00e4ischen Fl\u00fcchtlingspolitik. Die Zust\u00e4nde in Moria und den anderen Lagern auf den griechischen Inseln sind seit Jahren menschenunw\u00fcrdig und katastrophal und ebenso lang wurden die Warnungen von Menschenrechtsorganisationen in den Wind geschlagen.<\/p>\r\n<p align=\"JUSTIFY\">Wir sehen Deutschland, welches aktuell die europ\u00e4ische Ratspr\u00e4sidentschaft innehat, jetzt erst Recht in der Pflicht, eine sofortige Evakuierung und Aufnahme der Gefl\u00fcchteten aus Moria zu organisieren.<\/p>\r\n<p align=\"JUSTIFY\">Moria war bereits vor dem Brand mit rund 13.000 Menschen heillos \u00fcberf\u00fcllt, Trinkwasser und Nahrungsmittel waren knapp, die \u00f6ffentliche M\u00fcllentsorgung fand einfach nicht statt und auch die medizinische Versorgung lag in den H\u00e4nden von Menschenrechtsorganisationen wie \u00c4rzte ohne Grenzen.<\/p>\r\n<p align=\"JUSTIFY\">Dann folgte noch der Corona Ausbruch. Statt die Infizierten au\u00dferhalb des Lagers zu behandeln, sollte das ganze Lager isoliert und von allen Kontakten nach Au\u00dfen abgeschnitten werden.<\/p>\r\n<p align=\"JUSTIFY\">In dieser Situation war es nur eine Frage der Zeit, wann es zur Katastrophe kommen mu\u00dfte.<\/p>\r\n<p align=\"JUSTIFY\">Auch wenn in den letzten Monaten knapp 500 Kinder, unbegleitete minderj\u00e4hrige Jugendliche und einige kranke Menschen aufgenommen wurden, weigert sich die Bundesregierung bis heute zus\u00e4tzlich Gefl\u00fcchtete aufzunehmen. Sie verweist wie der Innenminister Horst Seehofer auf die Verantwortung der Europ\u00e4ischen Union, wohl wissend, dass eine Zustimmung aller L\u00e4nder niemals zu erreichen sein wird.<\/p>\r\n<p align=\"JUSTIFY\">Dies obwohl 170 St\u00e4dte und Kommunen in Deutschland seit Monaten ihre Bereitschaft zur Aufnahme von Gefl\u00fcchteten angezeigt, die L\u00e4nder Berlin und Th\u00fcringen dies sogar explizit gefordert haben. Auch die Stadt und der Landkreis Cuxhaven haben sich im Rahmen der SEEBR\u00dcCKE bereit erkl\u00e4rt, zus\u00e4tzlich Gefl\u00fcchtete aufzunehmen.<\/p>\r\n<p><b>Wir rufen deshalb \u2013 in Solidarit\u00e4t mit den Gefl\u00fcchteten in den griechischen Lagern \u2013 am Samstag, den 12.9.2020 11:30 zu einer Protestaktion in der Nordersteinstra\u00dfe, Penzancer-Platz auf.<\/b><\/p>\r\n<p>Unser Ziel:<\/p>\r\n<ul>\r\n<li>sofortige Aufnahme einer gro\u00dfen Zahl von Gefl\u00fcchteten aus dem Lager Moria<\/li>\r\n<li>die Evakuierung und Aufl\u00f6sung aller Lager in Griechenland<\/li>\r\n<li>eine \u00fcberf\u00e4llige Neuausrichtung der deutschen und europ\u00e4ischen Fl\u00fcchtlingspolitik<\/li>\r\n<li>Aufl\u00f6sung des menschenunw\u00fcrdigen EU-Hotspot-Systems<\/li>\r\n<\/ul>\r\n<p>PS: <b>Mund- und Nasenschutz nicht vergessen!<\/b><\/p>\r\n<hr \/>\r\n<div id=\"attachment_1896\" style=\"width: 712px\" class=\"wp-caption aligncenter\"><a href=\"https:\/\/incuxhaven.de\/wp-content\/uploads\/2020\/08\/ZSTU7736-aus-rotated-e1598188418915.jpg\"><img loading=\"lazy\" decoding=\"async\" aria-describedby=\"caption-attachment-1896\" class=\"size-full wp-image-1896\" src=\"https:\/\/incuxhaven.de\/wp-content\/uploads\/2020\/08\/ZSTU7736-aus-rotated-e1598188418915.jpg\" alt=\"\" width=\"702\" height=\"421\" srcset=\"https:\/\/incuxhaven.de\/wp-content\/uploads\/2020\/08\/ZSTU7736-aus-rotated-e1598188418915.jpg 702w, https:\/\/incuxhaven.de\/wp-content\/uploads\/2020\/08\/ZSTU7736-aus-rotated-e1598188418915-300x180.jpg 300w\" sizes=\"auto, (max-width: 702px) 100vw, 702px\" \/><\/a><p id=\"caption-attachment-1896\" class=\"wp-caption-text\">OLYMPUS DIGITAL CAMERA<\/p><\/div>\r\n<h5>Stade, 22.08.2020<\/h5>\r\n<h4><strong>Demonstration zum Gedenken an Aman Alizada, <br \/>der am 17. August 2019 in Stade von der Polizei erschossen wurde.<\/strong><\/h4>\r\n<p>Die Staatsanwaltschaft hatte ihre Ermittlungen gegen den Polizisten bereits eingestellt, es sollte also nicht zu einem Prozess gegen den Sch\u00fctzen kommen. Aber f\u00fcr viele wirft der Tod des jungen Gefl\u00fcchteten weiterhin viele Fragen auf, die so nie beantwortet werden k\u00f6nnen.<\/p>\r\n<p>Der Arbeitskreis Asyl Cuxhaven e.V. begr\u00fc\u00dft gemeinsam mit dem Fl\u00fcchtlingsrat Niedersachsen die j\u00fcngste Entscheidung der Generalstaatsanwaltschaft Celle, dass die Ermittlungen zum Polizeieinsatz wieder aufgenommen werden. Die Abl\u00e4ufe m\u00fcssen restlos aufgekl\u00e4rt werden.<\/p>\r\n<a href=\"https:\/\/www.nds-fluerat.org\/aktionen\/toedlicher-polizeieinsatz-in-stade\/\" target=\"_blank\" rel=\"noopener noreferrer\">Weitere Hintergrundinformationen zu dem t\u00f6dlichen Polizeieinsatz in Stade<\/a>\r\n<p><a href=\"https:\/\/www.nds-fluerat.org\/46175\/aktuelles\/aman-alizada-starb-vor-einem-jahr-durch-polizeischuesse-in-stade\/\">https:\/\/www.nds-fluerat.org\/46175\/aktuelles\/aman-alizada-starb-vor-einem-jahr-durch-polizeischuesse-in-stade\/<\/a><\/p>\r\n<\/div>\r\n<p><a href=\"https:\/\/www.akweb.de\/politik\/aman-a-aus-stade-erschossen-von-deutschen-polizisten\/\">https:\/\/www.akweb.de\/politik\/aman-a-aus-stade-erschossen-von-deutschen-polizisten\/<\/a><\/p>\r\n<div class=\"inside-article\">\r\n<h6 class=\"mceTemp\"><strong>Alle Fotos: Karl-Heinz Zulkowski-St\u00fcben<\/strong><\/h6>\r\n<header class=\"entry-header\">\r\n<div id='gallery-3' class='gallery galleryid-130 gallery-columns-3 gallery-size-thumbnail'><figure class='gallery-item'>\n\t\t\t<div class='gallery-icon landscape'>\n\t\t\t\t<a href='https:\/\/incuxhaven.de\/?attachment_id=1892'><img loading=\"lazy\" decoding=\"async\" width=\"200\" height=\"200\" src=\"https:\/\/incuxhaven.de\/wp-content\/uploads\/2020\/08\/ZSTU7751-200x200.png\" class=\"attachment-thumbnail size-thumbnail\" alt=\"\" \/><\/a>\n\t\t\t<\/div><\/figure><figure class='gallery-item'>\n\t\t\t<div class='gallery-icon portrait'>\n\t\t\t\t<a href='https:\/\/incuxhaven.de\/?attachment_id=1875'><img loading=\"lazy\" decoding=\"async\" width=\"200\" height=\"200\" src=\"https:\/\/incuxhaven.de\/wp-content\/uploads\/2020\/08\/ZSTU7743-ger-200x200.png\" class=\"attachment-thumbnail size-thumbnail\" alt=\"\" \/><\/a>\n\t\t\t<\/div><\/figure><figure class='gallery-item'>\n\t\t\t<div class='gallery-icon landscape'>\n\t\t\t\t<a href='https:\/\/incuxhaven.de\/?attachment_id=1893'><img loading=\"lazy\" decoding=\"async\" width=\"200\" height=\"200\" src=\"https:\/\/incuxhaven.de\/wp-content\/uploads\/2020\/08\/ZSTU7767-200x200.png\" class=\"attachment-thumbnail size-thumbnail\" alt=\"\" \/><\/a>\n\t\t\t<\/div><\/figure><figure class='gallery-item'>\n\t\t\t<div class='gallery-icon landscape'>\n\t\t\t\t<a href='https:\/\/incuxhaven.de\/?attachment_id=1876'><img loading=\"lazy\" decoding=\"async\" width=\"200\" height=\"200\" src=\"https:\/\/incuxhaven.de\/wp-content\/uploads\/2020\/08\/ZSTU7755-ger-200x200.png\" class=\"attachment-thumbnail size-thumbnail\" alt=\"\" \/><\/a>\n\t\t\t<\/div><\/figure><figure class='gallery-item'>\n\t\t\t<div class='gallery-icon landscape'>\n\t\t\t\t<a href='https:\/\/incuxhaven.de\/?attachment_id=1877'><img loading=\"lazy\" decoding=\"async\" width=\"200\" height=\"200\" src=\"https:\/\/incuxhaven.de\/wp-content\/uploads\/2020\/08\/ZSTU7771-ger-200x200.png\" class=\"attachment-thumbnail size-thumbnail\" alt=\"\" \/><\/a>\n\t\t\t<\/div><\/figure><figure class='gallery-item'>\n\t\t\t<div class='gallery-icon portrait'>\n\t\t\t\t<a href='https:\/\/incuxhaven.de\/?attachment_id=1870'><img loading=\"lazy\" decoding=\"async\" width=\"200\" height=\"200\" src=\"https:\/\/incuxhaven.de\/wp-content\/uploads\/2020\/08\/ZSTU7733-ger-200x200.png\" class=\"attachment-thumbnail size-thumbnail\" alt=\"\" \/><\/a>\n\t\t\t<\/div><\/figure><figure class='gallery-item'>\n\t\t\t<div class='gallery-icon portrait'>\n\t\t\t\t<a href='https:\/\/incuxhaven.de\/?attachment_id=1871'><img loading=\"lazy\" decoding=\"async\" width=\"200\" height=\"200\" src=\"https:\/\/incuxhaven.de\/wp-content\/uploads\/2020\/08\/ZSTU7734-ger-200x200.png\" class=\"attachment-thumbnail size-thumbnail\" alt=\"\" \/><\/a>\n\t\t\t<\/div><\/figure><figure class='gallery-item'>\n\t\t\t<div class='gallery-icon portrait'>\n\t\t\t\t<a href='https:\/\/incuxhaven.de\/?attachment_id=1872'><img loading=\"lazy\" decoding=\"async\" width=\"200\" height=\"200\" src=\"https:\/\/incuxhaven.de\/wp-content\/uploads\/2020\/08\/ZSTU7740-ger-200x200.png\" class=\"attachment-thumbnail size-thumbnail\" alt=\"\" \/><\/a>\n\t\t\t<\/div><\/figure><figure class='gallery-item'>\n\t\t\t<div class='gallery-icon portrait'>\n\t\t\t\t<a href='https:\/\/incuxhaven.de\/?attachment_id=1873'><img loading=\"lazy\" decoding=\"async\" width=\"200\" height=\"200\" src=\"https:\/\/incuxhaven.de\/wp-content\/uploads\/2020\/08\/ZSTU7741-ger-200x200.png\" class=\"attachment-thumbnail size-thumbnail\" alt=\"\" \/><\/a>\n\t\t\t<\/div><\/figure><figure class='gallery-item'>\n\t\t\t<div class='gallery-icon portrait'>\n\t\t\t\t<a href='https:\/\/incuxhaven.de\/?attachment_id=1874'><img loading=\"lazy\" decoding=\"async\" width=\"200\" height=\"200\" src=\"https:\/\/incuxhaven.de\/wp-content\/uploads\/2020\/08\/ZSTU7742-ger-200x200.png\" class=\"attachment-thumbnail size-thumbnail\" alt=\"\" \/><\/a>\n\t\t\t<\/div><\/figure><figure class='gallery-item'>\n\t\t\t<div class='gallery-icon landscape'>\n\t\t\t\t<a href='https:\/\/incuxhaven.de\/?attachment_id=1881'><img loading=\"lazy\" decoding=\"async\" width=\"200\" height=\"200\" src=\"https:\/\/incuxhaven.de\/wp-content\/uploads\/2020\/08\/ZSTU7792-ger-200x200.png\" class=\"attachment-thumbnail size-thumbnail\" alt=\"\" \/><\/a>\n\t\t\t<\/div><\/figure><figure class='gallery-item'>\n\t\t\t<div class='gallery-icon portrait'>\n\t\t\t\t<a href='https:\/\/incuxhaven.de\/?attachment_id=1882'><img loading=\"lazy\" decoding=\"async\" width=\"200\" height=\"200\" src=\"https:\/\/incuxhaven.de\/wp-content\/uploads\/2020\/08\/ZSTU7796-ger-200x200.png\" class=\"attachment-thumbnail size-thumbnail\" alt=\"\" \/><\/a>\n\t\t\t<\/div><\/figure><figure class='gallery-item'>\n\t\t\t<div class='gallery-icon portrait'>\n\t\t\t\t<a href='https:\/\/incuxhaven.de\/?attachment_id=1883'><img loading=\"lazy\" decoding=\"async\" width=\"200\" height=\"200\" src=\"https:\/\/incuxhaven.de\/wp-content\/uploads\/2020\/08\/ZSTU7798-ger-200x200.png\" class=\"attachment-thumbnail size-thumbnail\" alt=\"\" \/><\/a>\n\t\t\t<\/div><\/figure><figure class='gallery-item'>\n\t\t\t<div class='gallery-icon landscape'>\n\t\t\t\t<a href='https:\/\/incuxhaven.de\/?attachment_id=1884'><img loading=\"lazy\" decoding=\"async\" width=\"200\" height=\"200\" src=\"https:\/\/incuxhaven.de\/wp-content\/uploads\/2020\/08\/ZSTU7799-ger-200x200.png\" class=\"attachment-thumbnail size-thumbnail\" alt=\"\" \/><\/a>\n\t\t\t<\/div><\/figure><figure class='gallery-item'>\n\t\t\t<div class='gallery-icon portrait'>\n\t\t\t\t<a href='https:\/\/incuxhaven.de\/?attachment_id=1880'><img loading=\"lazy\" decoding=\"async\" width=\"200\" height=\"200\" src=\"https:\/\/incuxhaven.de\/wp-content\/uploads\/2020\/08\/ZSTU7788-ger-200x200.png\" class=\"attachment-thumbnail size-thumbnail\" alt=\"\" \/><\/a>\n\t\t\t<\/div><\/figure><figure class='gallery-item'>\n\t\t\t<div class='gallery-icon landscape'>\n\t\t\t\t<a href='https:\/\/incuxhaven.de\/?attachment_id=1879'><img loading=\"lazy\" decoding=\"async\" width=\"200\" height=\"200\" src=\"https:\/\/incuxhaven.de\/wp-content\/uploads\/2020\/08\/ZSTU7781-ger-200x200.png\" class=\"attachment-thumbnail size-thumbnail\" alt=\"\" \/><\/a>\n\t\t\t<\/div><\/figure><figure class='gallery-item'>\n\t\t\t<div class='gallery-icon landscape'>\n\t\t\t\t<a href='https:\/\/incuxhaven.de\/?attachment_id=1885'><img loading=\"lazy\" decoding=\"async\" width=\"200\" height=\"200\" src=\"https:\/\/incuxhaven.de\/wp-content\/uploads\/2020\/08\/ZSTU7800-200x200.png\" class=\"attachment-thumbnail size-thumbnail\" alt=\"\" \/><\/a>\n\t\t\t<\/div><\/figure><figure class='gallery-item'>\n\t\t\t<div class='gallery-icon portrait'>\n\t\t\t\t<a href='https:\/\/incuxhaven.de\/?attachment_id=1886'><img loading=\"lazy\" decoding=\"async\" width=\"200\" height=\"200\" src=\"https:\/\/incuxhaven.de\/wp-content\/uploads\/2020\/08\/ZSTU7803-200x200.png\" class=\"attachment-thumbnail size-thumbnail\" alt=\"\" \/><\/a>\n\t\t\t<\/div><\/figure><figure class='gallery-item'>\n\t\t\t<div class='gallery-icon landscape'>\n\t\t\t\t<a href='https:\/\/incuxhaven.de\/?attachment_id=1887'><img loading=\"lazy\" decoding=\"async\" width=\"200\" height=\"200\" src=\"https:\/\/incuxhaven.de\/wp-content\/uploads\/2020\/08\/ZSTU7807-ger-200x200.png\" class=\"attachment-thumbnail size-thumbnail\" alt=\"\" \/><\/a>\n\t\t\t<\/div><\/figure><figure class='gallery-item'>\n\t\t\t<div class='gallery-icon landscape'>\n\t\t\t\t<a href='https:\/\/incuxhaven.de\/?attachment_id=1888'><img loading=\"lazy\" decoding=\"async\" width=\"200\" height=\"200\" src=\"https:\/\/incuxhaven.de\/wp-content\/uploads\/2020\/08\/ZSTU7813-200x200.png\" class=\"attachment-thumbnail size-thumbnail\" alt=\"\" \/><\/a>\n\t\t\t<\/div><\/figure><figure class='gallery-item'>\n\t\t\t<div class='gallery-icon landscape'>\n\t\t\t\t<a href='https:\/\/incuxhaven.de\/?attachment_id=1889'><img loading=\"lazy\" decoding=\"async\" width=\"200\" height=\"200\" src=\"https:\/\/incuxhaven.de\/wp-content\/uploads\/2020\/08\/ZSTU7818-200x200.png\" class=\"attachment-thumbnail size-thumbnail\" alt=\"\" \/><\/a>\n\t\t\t<\/div><\/figure><figure class='gallery-item'>\n\t\t\t<div class='gallery-icon portrait'>\n\t\t\t\t<a href='https:\/\/incuxhaven.de\/?attachment_id=1890'><img loading=\"lazy\" decoding=\"async\" width=\"200\" height=\"200\" src=\"https:\/\/incuxhaven.de\/wp-content\/uploads\/2020\/08\/ZSTU7833-ger-200x200.png\" class=\"attachment-thumbnail size-thumbnail\" alt=\"\" \/><\/a>\n\t\t\t<\/div><\/figure><figure class='gallery-item'>\n\t\t\t<div class='gallery-icon landscape'>\n\t\t\t\t<a href='https:\/\/incuxhaven.de\/?attachment_id=1891'><img loading=\"lazy\" decoding=\"async\" width=\"200\" height=\"200\" src=\"https:\/\/incuxhaven.de\/wp-content\/uploads\/2020\/08\/ZSTU7838-ger-200x200.png\" class=\"attachment-thumbnail size-thumbnail\" alt=\"\" \/><\/a>\n\t\t\t<\/div><\/figure>\n\t\t<\/div>\n\r\n<\/header><hr \/>\r\n<h3>Redebeitrag des Fl\u00fcchtlingsrats<\/h3>\r\n<p>Nachfolgend dokumentieren wir den <a href=\"https:\/\/www.nds-fluerat.org\/wp-content\/uploads\/2020\/08\/Rede-Fl\u00fcchtlingsratNDS_21_22.08.2020.pdf\">Redebeitrag<\/a> von D\u00f6rthe Hinz f\u00fcr den Fl\u00fcchtlingsrat Niedersachsen:<\/p>\r\n<p><a href=\"https:\/\/incuxhaven.de\/wp-content\/uploads\/2020\/08\/ZSTU7771-ger.png\"><img loading=\"lazy\" decoding=\"async\" class=\"aligncenter wp-image-1877 size-full\" src=\"https:\/\/incuxhaven.de\/wp-content\/uploads\/2020\/08\/ZSTU7771-ger.png\" alt=\"\" width=\"759\" height=\"569\" srcset=\"https:\/\/incuxhaven.de\/wp-content\/uploads\/2020\/08\/ZSTU7771-ger.png 759w, https:\/\/incuxhaven.de\/wp-content\/uploads\/2020\/08\/ZSTU7771-ger-300x225.png 300w\" sizes=\"auto, (max-width: 759px) 100vw, 759px\" \/><\/a><\/p>\r\n<p>Ein Jahr ist vergangen seit dem tragischen Tod des 19 j\u00e4hrigen Aman Alizada. Tod durch Sch\u00fcsse aus der Pistole eines Polizisten. Der Tod von Aman Alizada bei einem Polizeiansatz am 17. August letzten Jahres in Stade wirft weiterhin Fragen auf, die beantwortet werden m\u00fcssen.<\/p>\r\n<p>Auch heute machen das Geschehen, der Tod, die Todesumst\u00e4nde, die Erinnerung tief betroffen und traurig. Es bleibt unbegreiflich, dass dieser junger Mensch gestorben ist, gestorben im Rahmen eines Polizeieinsatzes, der bis heute nicht l\u00fcckenlos aufgekl\u00e4rt ist.<\/p>\r\n<p>Neben der Trauer macht das Geschehen aber auch w\u00fctend. W\u00fctend, dass im Falle Amans, wie auch in vielen Weiteren \u00e4hnlichen F\u00e4llen, die Ermittlungen eingestellt wurden bzw. werden sollten. Diese Entscheidung der Stader Staatsanwaltschaft lie\u00df aus Sicht des Fl\u00fcchtlingsrates nicht nur etliche Fragen unbeantwortet, vielmehr wurden sogar weitere Fragen aufgeworfen. Es war zwingend n\u00f6tig, dass die Generalstaatsanwaltschaft Celle die Staatsanwaltschaft in Stade zur erneuten Aufnahme der Ermittlungen aufforderte und die Ermittlungen jetzt weitergehen m\u00fcssen. Denn die Antworten und Einsch\u00e4tzungen, die die Staatsanwaltschaft lieferte, sind besch\u00e4mend und zeugen nicht von einer gr\u00fcndlichen Ermittlungsarbeit. (\u2026) Unsere Forderung nach l\u00fcckenloser und auch transparenter Aufkl\u00e4rung hat damit weiterhin Bestand.<\/p>\r\n<p>\u201eWarum eigentlich? Warum?\u201c, fragt sich sein Bruder Rahmat, \u201ewarum fand mein j\u00fcngerer Bruder in einem der sichersten L\u00e4nder der Welt den Tod durch einen Polizisten, vier Jahre nach seiner Flucht aus einer der gef\u00e4hrlichsten Regionen der Erde?\u201c<\/p>\r\n<p>Aman Alizada floh mit 15 Jahren ohne seine Eltern aus Afghanistan. Er suchte Schutz vor Verfolgung, Schutz vor Krieg. Die ersten zwei Jahre in Deutschland wohnte er mit 70 anderen Minderj\u00e4hrigen in einer Turnhalle statt in einer jugendgerechten Unterkunft. Kurz vor seinem 18. Geburtstag wurde sein Asylantrag abgelehnt. Kurz danach wurde auch die Unterst\u00fctzung seitens der Jugendhilfe eingestellt. Sein psychischer Zustand wurde zunehmend schlechter. Er wurde krank. Er ben\u00f6tigte Hilfe \u2013 Hilfe, die er nicht bekam.<\/p>\r\n<p>Der Polizei war Amans psychischer Krankheitzustand bekannt, als sie am Abend des 17.8. 2019 zu seiner Unterkunft fuhr. Wieso stirbt ein junger Mann, der sich allein in einem Zimmer befindet, wo keine weitere Person in Gefahr schwebt, der keine unmittelbar t\u00f6dliche Waffe bei sich tr\u00e4gt \u2013 Wieso stirbt er umgeben von vier Polizisten und Polizistinnen?<\/p>\r\n<p>Die uns bekannten Fakten lassen alles andere zu als den Schluss, dass die f\u00fcnf Sch\u00fcsse, in \u201eglasklarer Notwehr\u201c abgegeben wurden. Nach den uns bekannten Zeug_innen-Aussagen hat sich der Polizist selbst in eine Lage gebracht, die m\u00f6glicherweise f\u00fcr ihn bedrohlich wurde, obgleich zuvor f\u00fcr keinen Menschen eine Gefahr bestand. Der Beamte hat die T\u00fcr des Zimmers, in dem sich Aman Alizada allein befand, aufgetreten und ist in das Zimmer vorgedrungen. Man kann sicher allein deshalb nicht mehr von Notwehr sprechen. Die Situation war von den zwei drau\u00dfen befindlichen Polizist_innen \u00fcberwiegend einsehbar. Die Eskalation einer zuvor kontrollierbaren Situation bleibt unbegreiflich.<\/p>\r\n<p>Es hei\u00dft, es habe einen Angriffsversuch von Aman gegeben. Ein Gutachten, dass die abgegebenen Sch\u00fcsse untersucht hat, kommt allerdings zu der Erkenntnis, dass zwei Sch\u00fcsse, von denen mindestens einer t\u00f6dlich war, in H\u00f6he des Brustbeins in Aman Alizadas K\u00f6rper eintraten. Die Ergebnisse zu den Schusswinkeln legen nahe, dass Aman sich in einer sitzenden Position befunden hat, wie er es zuvor laut Zeug_innen-Aussagen auch getan hat, und dass er damit nicht in Angriffshaltung dem Polizisten gegen\u00fcberstanden haben kann. Notwehr \u2013 oder doch Totschlag? (\u2026) Notwehr ist nur dann gegeben, wenn es keine andere M\u00f6glichkeit gegeben hat, aus der lebensbedrohlichen Situation anders herauszukommen.<\/p>\r\n<p><strong>Wir fragen:<\/strong><\/p>\r\n<ul>\r\n<li>Die psychische Erkrankung von Aman war bekannt. Warum wurden nicht fr\u00fchzeitig der sozialpsychiatrische Dienst, psychologische Fachleute oder andere medizinische Hilfe eingebunden?<\/li>\r\n<li>Wieso haben die beiden Beamten, die sich im Haus befanden, sich gewaltsam Zutritt zum Zimmer verschafft und damit nach dem bisherigen Erkenntnisstand ganz eindeutig die Gefahrensituation versch\u00e4rft?<\/li>\r\n<li>Lag auch danach \u00fcberhaupt eine Notwehrsituation vor? Nicht zuletzt die Ergebnisse zu den Einschusswinkeln lassen einen anderen Schluss zu.<\/li>\r\n<li>Warum wurden nicht weitere Einsatzkr\u00e4fte angefordert?<\/li>\r\n<li>Warum wurde nicht in Arm oder Bein geschossen?<\/li>\r\n<\/ul>\r\n<p>Ist die Staatsanwaltschaft vertrauensw\u00fcrdig, wenn sie einseitig ermittelt und diese Fragen nicht stellt?\u00a0 (\u2026) Der Tod von Aman Alizada, aber auch viele weitere bedenkliche Polizeieins\u00e4tze in den letzten Wochen und Monaten zeigen: Es muss sich etwas \u00e4ndern bei Polizeieins\u00e4tzen. Notwendig sind Konsequenzen bei den Einsatzstrategien der Polizei. Bei Eins\u00e4tzen wie in Stade muss die Polizei anders vorgehen und sicherstellen, dass niemand dabei stirbt.<\/p>\r\n<p>Eine aktuelle Statistik zeigt auf, dass 8 von 10 Menschen, die durch Polizeieins\u00e4tze sterben, psychisch krank sind. Eine alarmierende Zahl. Es ist Unwissenheit und \u00dcberforderung, die mitunter in solchen F\u00e4llen dazu f\u00fchrt, das Polizist_innen nicht entsch\u00e4rfen, sondern vielmehr zur Eskalation beitragen. Psychisch erkrankte Menschen mit gezogener Waffe zu konfrontieren, f\u00fchrt oft unweigerlich zur Eskalation der Situation. Das ist alles nicht neu; umso unbegreiflicher ist es, dass es offensichtlich weiterhin an Handlungswissen mangelt und die Einbeziehung von psychologischen Fachleuten nicht standardm\u00e4\u00dfig vorgenommen wird.<\/p>\r\n<p>Hier ist auch die Politik gefragt. Es ist auch ihre Aufgabe, Rahmenbedingungen zu schaffen, Strukturen zu hinterfragen und sie zu ver\u00e4ndern, so dass junge Menschen wie Aman und viele andere Schutz, Sicherheit und Hilfe bekommen. Die Einrichtung unabh\u00e4ngiger Beschwerdestellen, an die sich Menschen richten k\u00f6nnen, ist ein wichtiger Schritt, um willk\u00fcrliches Handeln in der Polizei einzuschr\u00e4nken und Sicherheitsbeh\u00f6rden demokratischer zu machen. Eine unabh\u00e4ngige Beschwerdestelle gibt es in Niedersachsen nicht. Sowohl die Stelle als auch die Polizei sind dem gleichen Ministerium untergestellt.<\/p>\r\n<p><img loading=\"lazy\" decoding=\"async\" class=\"alignleft wp-image-1896 \" src=\"https:\/\/incuxhaven.de\/wp-content\/uploads\/2020\/08\/ZSTU7736-aus-rotated-e1598188418915.jpg\" sizes=\"auto, (max-width: 702px) 100vw, 702px\" srcset=\"https:\/\/incuxhaven.de\/wp-content\/uploads\/2020\/08\/ZSTU7736-aus-rotated-e1598188418915.jpg 702w, https:\/\/incuxhaven.de\/wp-content\/uploads\/2020\/08\/ZSTU7736-aus-rotated-e1598188418915-300x180.jpg 300w\" alt=\"\" width=\"350\" height=\"210\" \/>Es ist schon lange Zeit zu handeln. Doch was wir erleben ist eine aggressive Abwehrhaltung von kritischer Begleitung solcher Todesf\u00e4lle. Abwehr tr\u00e4gt wenig dazu bei, fortschrittliche und notwendige Ver\u00e4nderungen in den Sicherheitsorganen voranzubringen. \u00c4hnliches l\u00e4sst sich auch bei der aktuellen Debatte um die Untersuchung zum Thema \u201eRassismus in der Polizei\u201c beobachten. Es sollte doch im Interesse aller sein, dass das Handeln von Beh\u00f6rden st\u00e4ndig \u00fcberpr\u00fcft und von Politik und den Beh\u00f6rden selbstkritisch reflektiert und, wo n\u00f6tig, auch nachgebessert wird. Nur so kann das Vertrauen jedes einzelnen Menschen, der hier lebt, in die Beh\u00f6rden hergestellt werden.<\/p>\r\n<p>Wir werden an diesem Fall hier dranbleiben, wir werden solange Aufkl\u00e4rung fordern, wie es n\u00f6tig ist. Wir werden gemeinsam eine \u00f6ffentliche Sichtbarkeit schaffen f\u00fcr Geschehnisse wie diese und f\u00fcr Menschen, die unsichtbar gemacht werden sollen. Es geh\u00f6rt zu den Grundvoraussetzungen einer Demokratie, dass sich die Polizei Fragen gefallen lassen muss, wenn bei ihren Eins\u00e4tzen Menschen gesch\u00e4digt oder gar get\u00f6tet werden. Und diese Fragen m\u00fcssen auch beantwortet werden. Dies gilt umso mehr in Zeiten, in denen immer h\u00e4ufiger rechte Netzwerke und Rassismus in Sicherheitsorganen bekannt werden.<\/p>\r\n<p>Wir erinnern heute auch daran, dass Aman Alizada als unbegleiteter minderj\u00e4hriger Fl\u00fcchtling nach Niedersachsen kam. Wir erinnern daran, dass er trotz psychischer Erkrankung, trotz weiterer Unterst\u00fctzungsbedarfe mit 18 Jahren aus der Jugendhilfe verwiesen wurde. Es ist inakzeptabel, dass weiterhin zu viele Jugend\u00e4mter in Niedersachsen nach Vollendung der Vollj\u00e4hrigkeit die Unterst\u00fctzung einstellen. Eine Hilfe, die im Regelfall vorgesehen ist und so oft dringend ben\u00f6tigt wird. Der Alltag junger Fl\u00fcchtlinge ist bereits vielfach belastet durch Flucht und Trennung von der Familie, er ist dominiert von \u00c4ngsten, Unwissenheit und Unsicherheiten der Betroffenen \u00fcber ihre aufenthaltsrechtliche Situation und ihre Zukunft in Deutschland. Sie in dieser Situation alleine zu lassen ist fatal.<\/p>\r\n<p>Im letzten Jahr haben wir die bestehenden Versorgungsdefizite in Stade identifiziert und benannt. Es fehlt jedoch bis heute in Stade eine den Bedarf deckenden psychosoziale und psychologische Versorgungsstruktur, es fehlen bed\u00fcrfnisorientierte Angebote und Anlaufstellen f\u00fcr (junge) gefl\u00fcchtete Menschen. Statt sich mit der Kritik auseinanderzusetzen wurde sie gr\u00f6\u00dftenteils abgewehrt. Es ist f\u00fcr uns unbegreiflich, dass es nach der Kritik von mehreren Seiten bislang keine erkennbaren Verbesserungen oder Ver\u00e4nderungen gibt. Wir appellieren heute erneut eindringlich an Politik und Verwaltung in Stade, die notwendigen Konsequenzen zu ziehen und die Versorgungsdefizite abzuschaffen.<\/p>\r\n<p>An dem tragischen Tod von Aman Alizada k\u00f6nnen wir leider nichts mehr \u00e4ndern. Aber wir k\u00f6nnen und m\u00fcssen gemeinsam in all unseren unterschiedlichen Rollen, Funktionen, Verantwortlichkeiten Konsequenzen ziehen, bestehende Strukturen und das eigene Handeln hinterfragen und unter Einbeziehung von gefl\u00fcchteten Menschen aus Stade eine tats\u00e4chlich offene und vielf\u00e4ltige Stadt gestalten, die Menschen willkommen hei\u00dft, in denen sich Menschen willkommen f\u00fchlen\u2026 und in denen Menschen wie Aman, die als Kinder oder Jugendliche aus Kriegssituationen allein fliehen m\u00fcssen, sich gesch\u00fctzt und sicher f\u00fchlen k\u00f6nnen. Das ist unsere Aufgabe und Verantwortung, egal ob wir jetzt im Auftrag der Bundesregierung\/des Staates arbeiten oder in einer unabh\u00e4ngigen Menschenrechtsorganisation t\u00e4tig sind.<\/p>\r\n<h3><strong>Einzelne Redebeitr\u00e4ge der Kundgebung und Demonstration<\/strong><\/h3>\r\n<p><a href=\"https:\/\/incuxhaven.de\/wp-content\/uploads\/2020\/08\/ZSTU7796-ger.png\"><img loading=\"lazy\" decoding=\"async\" class=\"aligncenter size-full wp-image-1882\" src=\"https:\/\/incuxhaven.de\/wp-content\/uploads\/2020\/08\/ZSTU7796-ger.png\" alt=\"\" width=\"569\" height=\"759\" srcset=\"https:\/\/incuxhaven.de\/wp-content\/uploads\/2020\/08\/ZSTU7796-ger.png 569w, https:\/\/incuxhaven.de\/wp-content\/uploads\/2020\/08\/ZSTU7796-ger-225x300.png 225w, https:\/\/incuxhaven.de\/wp-content\/uploads\/2020\/08\/ZSTU7796-ger-300x400.png 300w\" sizes=\"auto, (max-width: 569px) 100vw, 569px\" \/><\/a><\/p>\r\n<p><a href=\"https:\/\/www.nds-fluerat.org\/wp-content\/uploads\/2020\/08\/Rede-Ramat-Alizada.odt\">Rede des Bruders Rahmat Alizada<\/a><\/p>\r\nGoodafternoon everyone. My name is Rahmat. And I am the older brother of Aman who was killed in his refugee accommodation by a police officer last year.<\/div>\r\n<div class=\"inside-article\">His death should never have happened. To begin, I would like to thank all of you for coming. In doing so, you are paying respect to my brother, and to others like him. Like me, you want change so that others don\u2019t suffer the same fate. I want to sincerely thank individuals, groups, organisations, community advocates, and refugee supporters who have worked tirelessly to organise today\u2019s event.<\/div>\r\n<div class=\"inside-article\">I want to thank media when it truthfully reported what happened on that fateful night. Thank you for helping to expose where wrong has been committed, particularly against vulnerable and innocent people.<\/div>\r\n<div class=\"inside-article\">It is not my place here to go into detail about what happened. I wasn\u2019t there. But I believe I have the right, as we all do, to demand honest answers. And to expect a fully independent investigation. I believe that my brother was killed by an indiscriminate abuse of force, committed on a vulnerable youth who was struggling to find his way in a new land that he\u2019d come to love as his own.<\/div>\r\n<div class=\"inside-article\">To my mind it was an over-reaction, an excessive use of force, a cowardly act, and a show of needless brutality in a perfectly harmless situation. I can\u2019t explain how many tears I\u2019ve shed over my brother\u2019s death, and how it has driven a sword into the heart of our little family, forcibly scattered across the world. We are scattered because it is the only way we\u2019ve known how to survive. While I was in Germany visiting my brother\u2019s grave, after burying him, I met others who also claimed they had suffered from needless police brutality. Today, I call on all of them, and other like them, to step forward and demand justice for the sake of all. <br \/>My brother Aman and I are from Afghanistan. We are Hazaras. For generations, the Hazaras have suffered racism, massacres, and abuse. Aman and I fled the Taliban into Pakistan before things became too dangerous there too, and this time it was the Pakistani Taliban that started attacking Hazaras. I fled then to Australia, while I could, before my brother found his way to Germany, after first trying to sustain himself in Iran. As an asylum seeker he was happy in Germany. He was loved and supported. One night I asked him about his visa. He laughed, and said to me, \u201cLook brother, I live in this great country Germany. I feel safe. They give me the right to study and the right to work. Then, why I should worry about my visa? They will give me my visa sooner or later\u201d.<\/div>\r\n<div class=\"inside-article\">Aman was a humble, loyal, kind, and respectful young man. His friends and teachers will tell you that too. The night before he was killed, he said to me, \u201cBrother, today I cleaned my room, washed my clothes, and I am going to be very busy because I got a job at Amazon, and on Monday I am going to work\u201d. I was so happy for him. That was our last conversation. The next night, all his wishes, his dreams and his hopes were taken in a moment. If you can imagine this was your child, your brother or member of your family. That\u2019s what it has been like for us. You would be devastated. You too would be heartbroken. My heart burns for my brother Aman; my friend Aman. And I am left with these questions: Why? And, how could it have happened? I will fight for answers and for change.<\/div>\r\n<div class=\"inside-article\">Thank you for joining the fight.<\/div>\r\n<div class=\"inside-article\">Thank you for your compassion.<\/div>\r\n<div class=\"inside-article\">Thank you for listening.<\/div>\r\n<div class=\"inside-article\">\r\n<h6>\u00a0<\/h6>\r\n<h6><a href=\"https:\/\/www.nds-fluerat.org\/wp-content\/uploads\/2020\/08\/Redebeitrag_Dorothea-Hoffmann.pdf\">Redebeitrag Dorothea Hoffmann, Betreuerin<\/a><\/h6>\r\n<p>Liebe Freunde, liebe Gemeinschaft!<\/p>\r\n<p>Wir haben uns hier gemeinsam zusammengefunden, um eines jungen Menschen zu gedenken, der auf eine tragische und furchtbare Weise sein Leben mit nur 19 Jahren verlor.<\/p>\r\n<p>Als ich Aman kennenlernte, wohnte er noch in einer Inobhutnahme und war zu dem Zeitpunkt als unbegleiteter minderj\u00e4hriger Asylsuchender, registriert. Er lebte damals mit 80 weiteren Jugendlichen in einer Turnhalle, in der sich mit Holzw\u00e4nden voneinander getrennte R\u00e4ume befanden, die in den meisten F\u00e4llen von zwei Jugendlichen bewohnt wurden. Diese R\u00e4ume waren sehr hellh\u00f6rig und besa\u00dfen weder eine Zimmerdecke, noch einen Zimmerschl\u00fcssel.<\/p>\r\n<p>Wenn man nachts die konstruierten G\u00e4nge betrat, sprangen durch einen Bewegungsmelder grelle Lichter an, die nicht nur den Gang erhellten, sondern auch alle angrenzenden Zimmer. Chronische Unruhe bei den jungen Menschen, die gro\u00dfe Probleme hatten schon tags\u00fcber Ruhe zu \ufb01nden, war l\u00e4ngerfristig die Folge. Sie k\u00f6nnen sich vorstellen, was diese Art zu leben von einem jungen Menschen abverlangen kann, der seiner Integrations- und Schulp\ufb02icht nachkommen muss. Viele Jugendliche litten unter Schlafmangel, Antriebsst\u00f6rungen und schlechter Laune\u2026<\/p>\r\n<p>&#8230;Nicht so Aman! Wenn andere mit Freunden unterwegs waren, um altersgem\u00e4\u00df ihren Aktivit\u00e4ten nachzugehen, machte Aman seine Hausaufgaben, auch wenn es bedeutete, dass er die Betreuer bis 1 Uhr morgens mit Hausaufgaben qu\u00e4lte. Wenn andere Jugendliche sich gegenseitig neckten und Scherze miteinander machten, beobachtete Aman die Gruppen. Wenn jemand traurig aus der Scherzerei in sein Zimmer ging, ging Aman ihm nach und redete mit ihm.<\/p>\r\n<p>Aman half seinen Freunden wo er nur konnte; bei Schularbeiten, aber auch beim malen und singen. Er war eben ein Naturtalent! Hochbegabt und hochintelligent mit einem Einf\u00fchlungsverm\u00f6gen, dass f\u00fcr sein Alter ungew\u00f6hnlich stark ausgepr\u00e4gt war.<\/p>\r\n<p>Dabei war Aman auch konsequent und lie\u00df sich nicht beirren. Wenn er sich etwas in den Kopf gesetzt hatte, musste man ihm schon kluge Argumente liefern, die ihn beeindruckten.<\/p>\r\n<p>Aman wirkte immer, als habe er den absoluten \u00dcberblick und k\u00f6nne Hebel in Bewegung setzen, von denen keiner auch nur einen blassen Schimmer hatte.<\/p>\r\n<p>Und das tat er auch, innerhalb von wenigen Monaten lernte er die deutsche Sprache flie\u00dfend, er war ein absolutes Ass in Mathe und hatte vor allem f\u00fcr die Naturwissenschaft ein ausgezeichnetes Talent.<\/p>\r\n<p>Umso mehr treibt mich und auch andere Bezugspersonen die Frage um, ob wir ihm nicht zu viel \u201eErwachsensein\u201c zugemutet haben. Wir haben das Bild eines reifen und abgekl\u00e4rten Erwachsenen wahrgenommen. So wollte Aman auch wahrgenommen werden, nur war er grade mal 17\/18 Jahre alt!<\/p>\r\n<p>Aman funktionierte in diesem Konstrukt auffallend gut. Er war nun mal geschickt in den Dingen, die er anpackte! Er erledigte seine Aufgaben und vermittelte zwischen den Menschen, das war eben eine gute Sache, so etwas war gewollt und gew\u00fcnscht.<\/p>\r\n<p>Ich habe Aman niemals \u00fcber SEINE Sorgen und N\u00f6te sprechen h\u00f6ren! Er war ja immer so bescheiden!<br \/>Ich habe Aman auch niemals \u00fcber seine verst\u00f6renden Erfahrungen reden h\u00f6ren! Er war sehr vorsichtig und zur\u00fcckhaltend. Seine Verletzlichkeit, seine Angst, seine Trauer und seinen chronischen seelischen Schmerz behielt er f\u00fcr sich.<\/p>\r\n<p>Er war eben ein Macher, ein Mensch, der nach vorne blickt und Dinge in die Hand nahm.<br \/>Er funktionierte eben! <br \/>Dass Aman unter einer schweren psychischen Erkrankung litt, dass er mit all den vergangenen Traumata eben so wie die anderen zu k\u00e4mpfen hatte, trat nicht in sein Erscheinungsbild.<br \/><br \/>Ich appelliere in erster Linie an die Menschlichkeit, die Menschlichkeit, die uns sensibilisieren kann. <br \/>Ich appelliere an die gegenseitige Wertsch\u00e4tzung, eine bedingungslose Wertsch\u00e4tzung, die es m\u00f6glich macht, seinem Gegen\u00fcber angemessen und offen zu begegnen.<br \/><br \/>Ich appelliere an eine gegenseitige Achtung, eine Achtung vor dem wahren Wesen des Menschen. <br \/>Dazu geh\u00f6rt Vertrauen, Mut und Wertsch\u00e4tzung, f\u00fcr das, was der Mensch mit seinen M\u00f6glichkeiten leisten kann.<\/p>\r\n<p>Wenn all das ein fester Bestandteil unseres Systems ist, w\u00e4re es dann nicht denkbar, menschenverachtende Systeme, im Keim zu ersticken?<\/p>\r\n<p>Also Menschlichkeit, Achtung und Wertsch\u00e4tzung als t\u00e4glichen Begleiter anzunehmen; daf\u00fcr appelliere ich an jeden von uns und vor allem an die, die Positionen einnehmen, die ein hohes Ma\u00df an Empathief\u00e4higkeit abverlangen!<br \/><br \/>Diejenigen, die mit Menschen tagt\u00e4glich zu tun haben, die Leid tagt\u00e4glich sehen.<br \/>Denn wir sind alle Teil des Systems und haben Verantwortung in jeder Sekunde unseres Seins, Verantwortung uns und unserem N\u00e4chsten gegen\u00fcber; das ist N\u00e4chstenliebe<\/p>\r\n<p>Danke!<\/p>\r\n<br \/>\r\n<p>Rede von Ralf Poppe, Mitglied der BI Menschenw\u00fcrde und Vorstandssprecher der Gr\u00fcnen im KV Stade, Ex-Polizist (wird noch nachgereicht)<\/p>\r\n<hr \/><\/div>\r\n<p>&nbsp;<\/p>\r\n<div class=\"inside-article\"><a href=\"https:\/\/incuxhaven.de\/wp-content\/uploads\/2020\/08\/2.-August-Auschwitz.png\"><img loading=\"lazy\" decoding=\"async\" class=\"size-full wp-image-1851 aligncenter\" src=\"https:\/\/incuxhaven.de\/wp-content\/uploads\/2020\/08\/2.-August-Auschwitz.png\" alt=\"\" width=\"675\" height=\"414\" srcset=\"https:\/\/incuxhaven.de\/wp-content\/uploads\/2020\/08\/2.-August-Auschwitz.png 675w, https:\/\/incuxhaven.de\/wp-content\/uploads\/2020\/08\/2.-August-Auschwitz-300x184.png 300w\" sizes=\"auto, (max-width: 675px) 100vw, 675px\" \/><\/a><header class=\"entry-header\">\r\n<h5 data-testid=\"s6HKLkmVOxfQ\">\u00a0<\/h5>\r\n<h5 class=\"text-build-content\" data-testid=\"s6HKLkmVOxfQ\"><strong>2. August: Warum m\u00fcssen wir gedenken? Film &amp; Diskussion<\/strong><\/h5>\r\n<p class=\"text-build-content\" data-testid=\"s6HKLkmVOxfQ\">Am 2. August 1944 wurden die letzten ca. 4300 Roma und Sinti, die in Auschwitz-Birkenau inhaftiert waren und bis dahin \u00fcberlebt hatten, ermordet. Daher gedenken Roma j\u00e4hrlich am 2. August ihrer im Nationalsozialismus verfolgten und ermordeten Vorfahren und Angeh\u00f6rigen. Ein zentraler Ort des Gedenkens, <a href=\"http:\/\/x618h.mjt.lu\/lnk\/AM0AAHoTWmYAAAAEC4wAAAeQxR0AAAAAhroAAF3-ABPXzQBfJd1ZiC1kWvW9RqyfoOOkW-SUCgATvYQ\/2\/sutY_swE7Cr25-DqYptuoA\/aHR0cHM6Ly9yYW4uZXUuY29tL3ByZXNzZW1pdHRlaWx1bmctZGFzLW1haG5tYWwtYmxlaWJ0LWJ5LWFueS1tZWFucy1uZWNlc3Nhcnkv\" target=\"_blank\" rel=\"noopener noreferrer\"><u>das Mahnmal f\u00fcr die im NS ermordeten Sinti und Roma Europas<\/u><\/a>, ist derzeit durch die Pl\u00e4ne der Deutschen Bahn und der Stadt Berlin, in seiner Existenz bedroht. Vor dem Hintergrund dieser geschichtsvergessen Aggression und der Frage Warum m\u00fcssen wir gedenken? begeben wir uns mit einem Film auf eine Zeitreise. Sie beginnt mit dem zentralen Ort der Vernichtung und seinen \u00dcberlebenden: Anna Mettbach, Ceija Stojka und Hugo H\u00f6llenreiner&#8230;<\/p>\r\n<p data-testid=\"s6HKLkmVOxfQ\"><a href=\"https:\/\/www.facebook.com\/Roma-Antidiscrimination-Network-RAN-1160540740639190\/videos\/891183024705817\">https:\/\/www.facebook.com\/Roma-Antidiscrimination-Network-RAN-1160540740639190\/videos\/891183024705817<\/a><\/p>\r\n<hr \/>\r\n<h5><strong>Fl\u00fcchtlingsrat Niedersachsen<br \/><\/strong>24. Juni 2020<\/h5>\r\n<h3 class=\"entry-title\"><strong>Tod von Aman Alizada in Stade: <\/strong><br \/><strong>Staatsanwaltschaft stellt Verfahren gegen Polizisten ein<\/strong><\/h3>\r\n<\/header>\r\n<div class=\"page-header-image grid-container grid-parent generate-page-header\"><strong>Was bleibt, sind viele offene Fragen und Zweifel<\/strong><\/div>\r\n<div class=\"entry-content\">\r\n<p>Die Staatsanwaltschaft Stade hat das Ermittlungsverfahren gegen den Polizisten eingestellt, der am 17. August letzten Jahres den afghanischen Jugendlichen Aman Alizada bei einem Einsatz erschossen hatte (siehe u.a. Stader Tageblatt, <a href=\"https:\/\/www.sueddeutsche.de\/politik\/ermittlungen-eingestellt-fuenf-kugeln-viele-fragen-1.4945265\" target=\"_blank\" rel=\"noopener noreferrer\">S\u00fcddeutsche Zeitung<\/a> und <a href=\"https:\/\/www.kreiszeitung-wochenblatt.de\/stade\/c-blaulicht\/erschossener-fluechtling-19-polizist-handelte-in-notwehr_a170357\" target=\"_blank\" rel=\"noopener noreferrer\">Kreiszeitung-Wochenblatt<\/a>, mehr zum Hintergrund des Falles <a href=\"https:\/\/www.nds-fluerat.org\/aktionen\/toedlicher-polizeieinsatz-in-stade\/\" target=\"_blank\" rel=\"noopener noreferrer\">hier<\/a>). Nach Angaben der Staatsanwaltschaft habe es sich bei den f\u00fcnf vom Beamten abgegebenen Sch\u00fcssen, von denen einer t\u00f6dlich war, um \u201eglasklare Notwehr\u201c gehandelt. Ein Anklageverfahren wegen Totschlags d\u00fcrfe somit laut Staatsanwaltschaft nicht er\u00f6ffnet werden.<\/p>\r\n<p>Mit einem Gerichtsverfahren h\u00e4tten vermutlich einige Ungereimtheiten gekl\u00e4rt werden k\u00f6nnen. Nicht nur bleiben aus Sicht des Fl\u00fcchtlingsrates mit der Einstellung des Verfahrens etliche Fragen unbeantwortet, vielmehr werden sogar weitere Fragen aufgeworfen.<\/p>\r\n<p>Es beginnt damit, dass die Staatsanwaltschaft nach Auskunft von Journalist_innen bereits am 15.06.2020 das Verfahren eingestellt hat, ihr dies aber (bis heute) nicht mal eine Pressemeldung wert war, in einem Fall, der bundesweit f\u00fcr Aufsehen gesorgt hat und in dem es die Ermittlungsbeh\u00f6rden sowohl den Hinterbliebenen wie Aman Alizadas Bruder, als auch der \u00d6ffentlichkeit schuldig sind, f\u00fcr Aufkl\u00e4rung zu sorgen.<\/p>\r\n<p>Die Staatsanwaltschaft hat das Verfahren eingestellt, nachdem nun ein forensisches Gutachten zu den abgegebenen Sch\u00fcssen vorliegt. F\u00fcr die Beurteilung der Frage, ob der Polizist in Notwehr geschossen haben k\u00f6nnte, ist das Gutachten nach Ansicht des Anwalts \u2013 auch weil es sonst nur Polizist_innen als Zeug_innen gibt \u2013 von gro\u00dfer Bedeutung. Wie die Anwaltskanzlei mitteilt, l\u00e4sst dieses Gutachten aber alles andere als den Schluss zu, dass es sich um \u201eglasklare Notwehr\u201c gehandelt habe.<\/p>\r\n<p>Hinzu kommt, dass die Staatsanwaltshaft nun verlautbaren l\u00e4sst, dass ein t\u00fcrkischer Nachbar, der sich durch Aman bedroht f\u00fchlte, die Polizei gerufen habe. Dass er T\u00fcrke ist, sei wichtig, weil das Grund f\u00fcr eine Bedrohung seitens Aman A.s gegen den Nachbarn gewesen sei. Der Nachbar habe zitternd vor den Polizist_innen gestanden, gibt das Wochenblatt die Staatsanwaltschaft wieder. Nach den dem Fl\u00fcchtlingsrat und dem Anwalt vorliegenden Informationen hat der damalige afghanische Mitbewohner von Aman A. die Polizei gerufen. Von einem t\u00fcrkischen Nachbarn war bisher nie die Rede.<\/p>\r\n<p>Die psychische Erkrankung von Aman A. ist laut Medienberichten der Polizei bekannt gewesen. Warum hat man dann nicht versucht, zusammen mit dem sozialpsychiatrischen Dienst die Situation zu l\u00f6sen? Nach Darstellungen in den Medien als auch nach Auskunft der Anwaltskanzlei, befand sich niemand au\u00dfer Aman A. in dem Zimmer, als die Polizei dort anscheinend gewaltsam (indem sie die T\u00fcr eintrat) eindrang. Es h\u00e4tte somit keine Person (mehr) gegeben, die unmittelbar durch Aman A. gef\u00e4hrdet war. Wieso haben der Polizist und seine Kollegin dann das Zimmer gest\u00fcrmt und sich in diese Lage gebracht? Es ist auch nicht nachvollziehbar, dass der Einsatz von Pfefferspray beruhigen kann. Die Polizei habe aber \u2013 so wie das Stader Tageblatt die Staatsanwaltschaft wiedergibt \u2013 versucht, beruhigend auf Aman A. einzuwirken. Und ist es dann wirklich denkbar, dass Aman Alizada trotz des Pfefferspraynebels, in den er geh\u00fcllt worden sei, einen Angriff starten konnte?<\/p>\r\n<p>Es bleiben also viele Fragen offen, die aber unbedingt beantwortet werden m\u00fcssen, um den Hergang des Vorfalls verstehen zu k\u00f6nnen und um Zweifel an der Version, die der \u00d6ffentlichkeit nun pr\u00e4sentiert wird, auszur\u00e4umen.<\/p>\r\n<p>Der Anwalt des Bruders von Aman A. wird Beschwerde gegen die Einstellung des Verfahrens einlegen. Sollte die Beschwerde abgelehnt werden, bliebe noch die M\u00f6glichkeit eines Klageerzwingungsverfahrens, um den Fall vor Gericht zu bringen.<\/p>\r\n<p>In jedem Fall wird der Fl\u00fcchtlingsrat auch weiterhin die Aufarbeitung des t\u00f6dlichen Polizeieinsatzes gegen Aman Alizada intensiv verfolgen.<\/p>\r\n<h3>Pressemitteilung der BI Menschenw\u00fcrde vom 25.06.2020:<\/h3>\r\n<p>Auch die B\u00fcrgerinitiative \u201eMenschenw\u00fcrde\u201c aus Stade, die sich im letzten Jahr bereits fr\u00fch darum bem\u00fcht, dass der t\u00f6dliche Polizeieinsatz gegen den Jugendlichen Aman Alizada umfassend aufgekl\u00e4rt wird, ist emp\u00f6rt \u00fcber die Einstellung und hat viele Fragen, die sie in einer Pressemitteilung zum Ausdruck gebracht hat, <a href=\"https:\/\/www.nds-fluerat.org\/wp-content\/uploads\/2020\/06\/PM_BI_Aman_Alizada_Verfahrenseinstellung_24-06-2020.pdf\" target=\"_blank\" rel=\"noopener noreferrer\">siehe hier<\/a>.<\/p>\r\n<h3>Mehr:<\/h3>\r\n<p><a href=\"https:\/\/www.nds-fluerat.org\/aktionen\/toedlicher-polizeieinsatz-in-stade\/\" target=\"_blank\" rel=\"noopener noreferrer\">T\u00f6dlicher Polizeieinsatz in Stade<\/a><\/p>\r\n<\/div>\r\n<\/div>\r\n<\/article>\r\n<div class=\"comments-area\">\r\n<div id=\"comments\">\r\n<h5 class=\"comments-title\">Ein Gedanke zu \u201eTod von Aman Alizada in Stade: <br \/>Staatsanwaltschaft stellt Verfahren gegen Polizisten ein\u201c<\/h5>\r\n<ol class=\"comment-list\">\r\n<li id=\"comment-16683\" class=\"comment even thread-even depth-1\">\r\n<article id=\"div-comment-16683\" class=\"comment-body\"><footer class=\"comment-meta\">\r\n<div class=\"comment-author-info\">\r\n<div class=\"comment-author vcard\"><cite class=\"fn\">Karl Heinz Holst<\/cite><\/div>\r\n<div class=\"entry-meta comment-metadata\"><a href=\"https:\/\/www.nds-fluerat.org\/44399\/aktuelles\/tod-von-aman-alizada-in-stade-staatsanwaltschaft-stellt-verfahren-gegen-polizisten-ein\/#comment-16683\"> <time datetime=\"2020-06-26T06:44:49+01:00\"> 26. Juni 2020 um 06:44 <\/time> <\/a><\/div>\r\n<\/div>\r\n<\/footer>\r\n<div class=\"comment-content\">\r\n<p>Lieber Fl\u00fcchtlingsrat,<br \/>was f\u00fcr eine Trag\u00f6die! Auch wenn ich niemanden b\u00f6se Absichten unterstellen will, so hat am Ende doch ein junger Mann sein Leben verloren. Die Entscheidung der Staatsanwaltschaft, die vielen offenen Fragen nicht in einem Gerichtsverfahren kl\u00e4ren zu lassen kann ich nicht nachvollziehen. Aber vor allen Dingen danke ich Euch und der BI-Menschenw\u00fcrde aus Stade f\u00fcr den sachlichen Umgang mit dieser Meldung. Leider sind die Kommentare in den sozialen Medien oft voller Hass und Emotionen. Sie spiegeln wider, wie sehr sich unser Land in den letzten Jahren radikalisiert hat. Es ist h\u00f6chste Zeit freundlich, aber bestimmtent f\u00fcr eine offene Gesellschaft und unsere freiheitlichen Werte einzustehen.<\/p>\r\n<\/div>\r\n<\/article>\r\n<\/li>\r\n<\/ol>\r\n<\/div>\r\n<\/div>\r\n<hr \/>\r\n<p><a href=\"https:\/\/incuxhaven.de\/wp-content\/uploads\/2020\/07\/ZSTU6564-opt-auss.png\"><img loading=\"lazy\" decoding=\"async\" class=\"aligncenter size-full wp-image-1833\" src=\"https:\/\/incuxhaven.de\/wp-content\/uploads\/2020\/07\/ZSTU6564-opt-auss.png\" alt=\"\" width=\"1964\" height=\"943\" srcset=\"https:\/\/incuxhaven.de\/wp-content\/uploads\/2020\/07\/ZSTU6564-opt-auss.png 1964w, https:\/\/incuxhaven.de\/wp-content\/uploads\/2020\/07\/ZSTU6564-opt-auss-300x144.png 300w, https:\/\/incuxhaven.de\/wp-content\/uploads\/2020\/07\/ZSTU6564-opt-auss-1024x492.png 1024w, https:\/\/incuxhaven.de\/wp-content\/uploads\/2020\/07\/ZSTU6564-opt-auss-768x369.png 768w, https:\/\/incuxhaven.de\/wp-content\/uploads\/2020\/07\/ZSTU6564-opt-auss-1536x737.png 1536w, https:\/\/incuxhaven.de\/wp-content\/uploads\/2020\/07\/ZSTU6564-opt-auss-1200x576.png 1200w, https:\/\/incuxhaven.de\/wp-content\/uploads\/2020\/07\/ZSTU6564-opt-auss-1400x672.png 1400w\" sizes=\"auto, (max-width: 1964px) 100vw, 1964px\" \/><\/a><\/p>\r\n<h5><span class=\"oi732d6d ik7dh3pa d2edcug0 qv66sw1b c1et5uql a8c37x1j muag1w35 ew0dbk1b jq4qci2q a3bd9o3v knj5qynh oo9gr5id\" dir=\"auto\"><a class=\"oajrlxb2 g5ia77u1 qu0x051f esr5mh6w e9989ue4 r7d6kgcz rq0escxv nhd2j8a9 nc684nl6 p7hjln8o kvgmc6g5 cxmmr5t8 oygrvhab hcukyx3x jb3vyjys rz4wbd8a qt6c0cv9 a8nywdso i1ao9s8h esuyzwwr f1sip0of lzcic4wl oo9gr5id gpro0wi8 lrazzd5p\" tabindex=\"0\" role=\"link\" href=\"https:\/\/www.facebook.com\/hashtag\/leavenoonebehind?__eep__=6&amp;__cft__[0]=AZV5UOhBXvB0Gz0I_0Szsn-vZguMM1jY5rxWnmuBL4sB0res7BJcLiVpMvbIQjhEdeCDNRoZEWhrPi3ZMvwf91rpdJ7F5pPZ0yEbDBD2XdsWn4nsUtysf8kyVnS28nb0uhz78xSnsmj5LVLf825KOsZ_6hqOEksA_0INmapXV1I4y0uZB9ilyv1RpEJHA_xmOx0&amp;__tn__=*NK*F\">#LeaveNoOneBehind<\/a><br \/>23.05.20 Wochenmarkt in Cuxhaven<br \/><strong>Wir haben Platz! &#8211; Aufnahme jetzt!<\/strong><br \/>F\u00fcr humane Aufnahme &#8211; Gegen rassistische Abschottung!<br \/><\/span><\/h5>\r\n<h5><span class=\"oi732d6d ik7dh3pa d2edcug0 qv66sw1b c1et5uql a8c37x1j muag1w35 ew0dbk1b jq4qci2q a3bd9o3v knj5qynh oo9gr5id\" dir=\"auto\">Banner der Seebr\u00fccke Cuxhaven &amp; Arbeitskreis Asyl Cuxhaven e.V. mit Unterst\u00fctzung der Parteien die Linke und B\u00fcndnis 90\/Die Gr\u00fcnen<\/span><\/h5>\r\n<hr \/>\r\n<h5>\u00a0<\/h5>\r\n<h5><strong>Offener Brief an den Cuxhavener Oberb\u00fcrgermeister Uwe Santjer und den Landrat des Landkreises Cuxhaven, Kai-Uwe Bielefeld<\/strong><\/h5>\r\n<p>Cuxhaven, 20.04.2020<\/p>\r\n<p>Sehr geehrter Oberb\u00fcrgermeister Santjer, sehr geehrter Landrat Bielefeld,<\/p>\r\n<p>am 2.5.2019 hat der Rat die Stadt Cuxhaven und am 12.6.2019 hat der Kreistag den Landkreis zu einem \u201eSicheren Hafen\u201c erkl\u00e4rt. Beide unterst\u00fctzen damit mindestens eine Forderung der Initiative SEEBR\u00dcCKE. (seebruecke.org) Im Antrag der SPD-Fraktion und der Gr\u00fcnen-Fraktion hei\u00dft es:<br \/>\u201eWir betonen, dass wir auch in Cuxhaven einen Beitrag leisten wollen, um in Seenot geratenen Menschen einen sicheren Hafen zu bieten, wir bieten an, Fl\u00fcchtlinge aufzunehmen und bieten ihnen Hilfe und Unterst\u00fctzung an.\u201c<br \/>Mit Bedauern m\u00fcssen wir nun fast ein Jahr sp\u00e4ter feststellen, dass der lobenswerten Erkl\u00e4rung keine Taten gefolgt sind, dass sowohl die Stadt als auch der Kreis in der aktuellen Krisensituation keinen sichtbaren Beitrag zur Unterst\u00fctzung schutzbed\u00fcrftiger Menschen auf der Flucht leisten, weder im Mittelmeer, wo hunderte Fl\u00fcchtlinge dem Ertrinken ausgeliefert sind, noch in den griechischen Fl\u00fcchtlingslagern.<br \/>Zur Zeit sitzen ca. 42.000 Menschen unter katastrophalen Bedingen in den Lagern der \u00c4g\u00e4is fest &#8211; unter ihnen ca. 14.000 Kinder und Jugendliche. Sie haben keine sichere Wasser- und keine Medikamentenversorgung. Nicht nur wir, sondern auch \u201e\u00c4rzte Ohne Grenzen\u201c appellieren seit Monaten an die EU und auch die deutsche Regierung endlich Verantwortung zu \u00fcbernehmen und die Menschen zu evakuieren. <br \/>Vor der drohenenden Gefahr eines Corona Ausbruchs, ist die Aufnahme von 47 unbegleiteten minderj\u00e4hrigen Fl\u00fcchtlingen in der BRD l\u00e4cherlich gering. <br \/>Wir gehen davon aus, dass Ihre Empathie nicht nur bis an die Stadt- bzw. Landkreisgrenzen reicht. Gerade deshalb sind wir entt\u00e4uscht, haben aber noch nicht aufgegeben.<br \/>Wir m\u00f6chten von Ihnen wissen:<br \/>&#8211; Warum unterst\u00fctzen Sie nicht die Initiative des Nieders\u00e4chsischen Innenministers Boris Pistorius, der nach einem Besuch der Elendslager bereit ist, 500 Kinder in Niedersachsen aufzunehmen? <br \/>&#8211; Warum schlie\u00dfen Sie sich nicht den Oberb\u00fcrgermeistern verschiedener St\u00e4dt wie z.B. Oldenburg und Osnabr\u00fcck an, die sich ebenfalls zur Aufnahme von Kindern einsetzen. \u201eDie humanit\u00e4re Katastrophe, die sich auf den griechischen Inseln abspielt, ist ein Armutszeugnis f\u00fcr Europa. Wir brauchen ein entschlossenes und gemeinsames Handeln. Wir wollen mit gutem Beispiel vorangehen und konkrete Hilfe anbieten\u201c \u201eWir wissen, dass dies nur ein kleiner Beitrag sein wird. Hoffen jedoch, dass sich viele Kommunen diesem Beispiel anschlie\u00dfen werden\u201c, so der Oldenburger OB Krogmann.<br \/>&#8211; Gelten die Menschenrechte nicht universell und gilt das Recht auf Gesundheit und k\u00f6rperliche Unversertheit nicht auch f\u00fcr die Menschen in den Elendslagern wie Moria, das f\u00fcr 3.000 Menschen errichtet, in dem aber seit vielen Monaten weit \u00fcber 20.000 Menschen zusammengepfercht dahinvegetieren m\u00fcssen?<br \/>&#8211; Gerade erst hat Ministerpr\u00e4sident Stefan Weil zum 75. Jahrestag der Befreiung des Konzentrationslagers Bergen Belsen daran erinnert, dass Bergen-Belsen eine offene Wunde in der Geschichte bleibe \u201eWir gedenken in tiefer Trauer und in tiefer Scham der Opfer.\u201c M\u00fcssen wir nicht auch die griechischen Lager befreien? nicht milit\u00e4risch sondern durch Menschlichkeit, durch Evakuierung. Oder soll das Lager Moria auch zu einer offenen Wunde f\u00fcr uns als Europ\u00e4er werden?<\/p>\r\n<p>Wir fordern Zusammenhalt, Toleranz und Solidarit\u00e4t gegen\u00fcber Menschen, die alles verloren haben und jetzt Gefahr laufen, auch noch ihr Leben zu verlieren.<\/p>\r\n<p>Mit der Hoffnung auf solidarisches Handeln<\/p>\r\n<p>Arbeitskreis Asyl Cuxhaven e.V.<br \/>B\u00fcndnis 90 \/ Die Gr\u00fcnen, Kreisverband Cuxhaven<br \/>Caritasverband Cuxhaven<br \/>Die LINKE. Kreisverband Cuxhaven<br \/>Initiative \u201eOffenes Herz Altenwalde\u201c<\/p>\r\n<p><a href=\"http:\/\/incuxhaven.de\/wp-content\/uploads\/2020\/04\/AK-Asyl-Gemeinsame-Presseerkl\u00e4rung-offener-Brief-an-Santjer-und-Bielefeld.pdf\">AK Asyl Gemeinsame Presseerkl\u00e4rung offener Brief an Santjer und Bielefeld<\/a><\/p>\r\n<div class=\"\" dir=\"auto\">\r\n<div class=\"\" dir=\"auto\">\r\n<div class=\"ecm0bbzt hv4rvrfc ihqw7lf3 dati1w0a\" data-ad-comet-preview=\"message\" data-ad-preview=\"message\">\r\n<div class=\"j83agx80 cbu4d94t ew0dbk1b irj2b8pg\">\r\n<div class=\"qzhwtbm6 knvmm38d\">\r\n<div class=\"kvgmc6g5 cxmmr5t8 oygrvhab hcukyx3x c1et5uql ii04i59q\">\r\n<div dir=\"auto\"><strong>Antwort von OB Uwe Santjer auf Facebook vom 25.04.2020<\/strong><\/div>\r\n<div dir=\"auto\">\u00a0<\/div>\r\n<div dir=\"auto\">Auch in Corona Zeiten darf die Humanit\u00e4t nicht aussetzen!<\/div>\r\n<\/div>\r\n<div class=\"o9v6fnle cxmmr5t8 oygrvhab hcukyx3x c1et5uql ii04i59q\">\r\n<div dir=\"auto\">Deshalb bieten wir als Stadt Cuxhaven dem Nieders\u00e4chsischem Ministerium f\u00fcr Inneres und Sport bei der Aufnahme von Minderj\u00e4hrigen aus Fl\u00fcchtlingslagern unsere Hilfe und Unterst\u00fctzung an.<\/div>\r\n<\/div>\r\n<div class=\"o9v6fnle cxmmr5t8 oygrvhab hcukyx3x c1et5uql ii04i59q\">\r\n<div dir=\"auto\">Der Rat der Stadt Cuxhaven hat am 02. Mai 2019 mehrheitlich beschlossen, dass die Stadt Cuxhaven sich der internationalen Initiative \u201eSeebr\u00fccke\u201c anschlie\u00dft.<\/div>\r\n<\/div>\r\n<div class=\"o9v6fnle cxmmr5t8 oygrvhab hcukyx3x c1et5uql ii04i59q\">\r\n<div dir=\"auto\">Dem Bundesinnenministerium und der Bundesregierung ist daraufhin seitens der Stadt Cuxhaven mitgeteilt worden, dass die Stadt Cuxhaven bereit ist, Menschen, die im Mittelmeer aus Seenot gerettet wurden, aufzunehmen und alle Bem\u00fchungen der Bundesregierung auf dem Weg zu einer solidarischen, humanit\u00e4ren und europ\u00e4ischen Fl\u00fcchtlingspolitik unterst\u00fctzt, soweit es in ihren M\u00f6glichkeiten liegt.<\/div>\r\n<\/div>\r\n<div class=\"o9v6fnle cxmmr5t8 oygrvhab hcukyx3x c1et5uql ii04i59q\">\r\n<div dir=\"auto\">Cuxhavens Oberb\u00fcrgermeister Uwe Santjer teilt mit, dass die Stadt Cuxhaven ausdr\u00fccklich die Initiative des Nieders\u00e4chsischen Innenministeriums, Kinder aus dem griechischen Fl\u00fcchtlingslager in Niedersachsen aufzunehmen, unterst\u00fctzt.<\/div>\r\n<\/div>\r\n<div class=\"o9v6fnle cxmmr5t8 oygrvhab hcukyx3x c1et5uql ii04i59q\">\r\n<div dir=\"auto\">Die Mitglieder des Verwaltungsausschusses haben sich in ihrer Sitzung am 23.04.2020 erneut zu ihrer Verantwortung bekannt und den Ratsbeschluss vom 02. Mai 2019 bekr\u00e4ftigt.<\/div>\r\n<\/div>\r\n<div class=\"o9v6fnle cxmmr5t8 oygrvhab hcukyx3x c1et5uql ii04i59q\">\r\n<div dir=\"auto\">Die Stadt Cuxhaven ist bereit, besonders schutzbed\u00fcrftige unbegleitete Minderj\u00e4hrigen aus dem griechischen Fl\u00fcchtlingslager in Cuxhaven aufzunehmen und ihnen eine Perspektive f\u00fcr ein neues, beh\u00fctetes Leben in sicherer Umgebung zu bieten.<\/div>\r\n<\/div>\r\n<\/div>\r\n<\/div>\r\n<\/div>\r\n<\/div>\r\n<\/div>\r\n<div class=\"col_1c\"><header class=\"entry-header\">\r\n<div class=\"post-content\"><hr \/>\r\n<h5 style=\"text-align: center;\"><strong>Zur Zeit kein Treffen des Arbeitskreis Asyl wegen &#8222;Corona&#8220;<\/strong><\/h5>\r\n<\/div>\r\n<\/header><\/div>\r\n<div>\u00a0<\/div>\r\n<div>\r\n<h5><strong>8. April 2020. Der Internationale Roma-Tag<\/strong><\/h5>\r\n<p>Seit 1971 ist der Internationale Roma-Tag der wichtigste Tag, an dem Roma gegen Diskriminierung, Rassismus und Verfolgung und f\u00fcr Gleichberechtigung k\u00e4mpfen. Nachfolgend dokumentieren wir aus diesem Anlass \u2013 leicht gek\u00fcrzt \u2013 eine Erkl\u00e4rung des F\u00f6rdervereins Roma e.V. Frankfurt:<\/p>\r\n<header>\r\n<div>_____________________________________________________<\/div>\r\n<div class=\"documentDescription description\"><strong>Ausgrenzung und Rassismus vor dem Hintergrund des Corona-Virus<\/strong><\/div>\r\n<\/header>\r\n<div id=\"content-core\">\r\n<div id=\"parent-fieldname-text\" class=\"\">\r\n<p>Anl\u00e4sslich des Welt-Rom-Tages am 8.4. weist der F\u00f6rderverein Roma auf die verst\u00e4rkte Ausgrenzung und Diskriminierung der Roma und Sinti hin. Alarmierende Nachrichten informieren \u00fcber die Lage der Minderheit in Osteuropa. In Bulgarien werden Roma-Viertel isoliert, da ihnen die Infizierung und Verbreitung des Virus unterstellt werden. Eine Ma\u00dfnahme, mit der keine andere Bev\u00f6lkerungsgruppe des Landes konfrontiert wird. Im Kosovo bem\u00e4ngeln Roma-Politiker die mangelnde Information und Unterst\u00fctzung und greifen auf eigene Initiativen zur\u00fcck. Aktivisten aus Bosnien-Herzegowina berichten \u00fcber die zunehmende Verelendung, weil wesentliche Einnahmequellen, n\u00e4mlich die Sammlung und Verwertung von Wertstoffen nicht mehr m\u00f6glich sind; \u00f6ffentliche Hilfe bleibt aus. In Albanien protestiert die Roma Community \u00fcber Verarmung aufgrund der Ausgangssperre. Bei der Verteilung von Lebensmittelpaketen werden Roma benachteiligt, medizinische und finanzielle Hilfen bleiben aus. In Nord-Mazedonien wurden Roma Musiker im Gegensatz zu anderen Einreisenden in Zwangsquarant\u00e4ne genommen; infiziert waren die Betroffenen nicht. In der Slowakei werden landesweit mit Hilfe des Milit\u00e4rs ausschlie\u00dflich Roma Siedlung getestet, ohne konkrete Anhaltspunkte f\u00fcr eine Erkrankung zu haben. Die ungarische Regierung instrumentalisiert die Corona Pandemie, hetzt gegen Roma und verweigert Entsch\u00e4digungen, die ihnen aufgrund von Segregationen im Schulbetrieb seit Monaten h\u00f6chstrichterlich zustehen. Die Erkl\u00e4rung des Ausnahmezustandes in Ungarn findet ihre Begr\u00fcndung u. a. in der breiten Diffamierung von Roma.<\/p>\r\n<p>Anstatt schnell und angemessen Unterk\u00fcnfte f\u00fcr obdachlose Roma zur Verf\u00fcgung zu stellen, lassen sich auch viele westeurop\u00e4ische St\u00e4dte Zeit. (\u2026) Nicht zuletzt Roma, die gezwungen sind, auf der Stra\u00dfe zu leben, ihre Existenz durch Musik, das Sammeln von Pfandflaschen, durch Betteln und Tagesjobs notd\u00fcrftig sichern, sind durch das weitgehende Einstellen des \u00f6ffentlichen Lebens betroffen. Ihnen muss Aufmerksamkeit, Schutz und Hilfe zukommen. Menschen, die bereits durch ein Leben am Rande der Gesellschaft, durch chronische Krankheiten und eine umf\u00e4ngliche Form der Ausgrenzung gezeichnet sind, sind einem erh\u00f6hten Infektionsrisiko ausgesetzt. Angesichts geschlossener Grenzen und humanit\u00e4rer Notwendigkeit muss sich Verwaltungshandeln an unb\u00fcrokratischer menschlicher Unterst\u00fctzung orientieren. Statt der Verweigerung von Hilfe, wie beispielsweise der erfolglosen Suche nach eingestellten europ\u00e4ischen Bahnverbindungen zwecks EU-interner Ausweisung oder der Abschiebung von Fl\u00fcchtlingen in Kriegs- und Krisengebiete, ist die schnelle Bereitstellung von Wohnraum, die gesicherte gesundheitliche und allt\u00e4gliche Versorgung und die Umsetzung von erforderlichen Hygienestandards geboten \u2013 und dies insbesondere im Hinblick auf die Minderheit Roma.<\/p>\r\n<p>Am Welt Roma Tag erinnert der F\u00f6rderverein Roma an die Zunahme von neonazistischen und rechtsradikalen Morden und \u00dcberf\u00e4llen, an die Verweigerung staatlicher Beh\u00f6rden, zielgerichtet und effektiv zu ermitteln und zu ahnden. Der Anschlag auf den Regierungspr\u00e4sidenten L\u00fcbke, die Drohbriefe aus dem 1. Polizei-Revier an die Frankfurter Rechtsanw\u00e4ltin Basay-Yildiz, die NSU-Morde und die \u00fcber 300, dem rechten Spektrum zugeordneten Morde in den letzten 30 Jahren sind angesichts gegenw\u00e4rtiger Probleme nicht zu vergessen. Die Opfer des rassistischen Anschlags in Hanau, drei von ihnen waren Roma, vermitteln ein genaues Bild davon, was es bedeutet, einer Minderheit anzugeh\u00f6ren, die von der \u00fcberwiegenden Mehrheit abgelehnt wird und deren Existenz aktuell mehr denn je dazu dient, der Bev\u00f6lkerung vermeintlich Schuldige f\u00fcr die Verbreitung des Corona-Virus zu pr\u00e4sentieren.<\/p>\r\n<p>Gleichheit vor dem Virus existiert nicht. Die sozialen und \u00f6konomischen Unterschiede markieren dies ebenso wie tief verwurzelte menschenverachtende Vorurteilsstrukturen. Selbst unter marginalisierten Menschen bleibt die Option der Diskriminierung und trifft vorrangig Juden, Roma und Muslime. Die den Roma und Sinti seit Jahrhunderten zugewiesene \u201eSchuldenbock\u201c Rolle funktioniert in einer daf\u00fcr empf\u00e4nglichen Gesellschaft aktuell perfekter denn je. Dies zu verschweigen und der allgemeinen Betroffenheit und Solidarit\u00e4t unkritisch das Wort zu reden, ist eine der ersten Voraussetzungen daf\u00fcr, dass letztlich Diffamierung und Unrecht dominieren. Um dieses Stigma zu durchbrechen, bedarf es Engagement und Sensibilit\u00e4t, die differenziert, die Ungleichheit benennt. Insbesondere dann, wenn die Covid 19 Meinungsmache erneut auf rassistische Argumentationsmuster gegen\u00fcber Roma und Sinti und auf Antisemitismus abhebt.<\/p>\r\n<p><em>F\u00f6rderverein Roma e.V., Pressemitteilung, 7. April 2020<\/em><\/p>\r\n<\/div>\r\n<\/div>\r\n<\/div>\r\n<div><hr \/><\/div>\r\n<div class=\"col_1c\"><header class=\"entry-header\">\r\n<p><a href=\"http:\/\/incuxhaven.de\/wp-content\/uploads\/2020\/04\/ZSTU5746-evakuiert.png\"><img loading=\"lazy\" decoding=\"async\" class=\"aligncenter size-full wp-image-1631\" src=\"http:\/\/incuxhaven.de\/wp-content\/uploads\/2020\/04\/ZSTU5746-evakuiert.png\" alt=\"\" width=\"1010\" height=\"1346\" srcset=\"https:\/\/incuxhaven.de\/wp-content\/uploads\/2020\/04\/ZSTU5746-evakuiert.png 1010w, https:\/\/incuxhaven.de\/wp-content\/uploads\/2020\/04\/ZSTU5746-evakuiert-225x300.png 225w, https:\/\/incuxhaven.de\/wp-content\/uploads\/2020\/04\/ZSTU5746-evakuiert-768x1024.png 768w, https:\/\/incuxhaven.de\/wp-content\/uploads\/2020\/04\/ZSTU5746-evakuiert-300x400.png 300w\" sizes=\"auto, (max-width: 1010px) 100vw, 1010px\" \/><\/a>gesehen am Elberadweg bei Cuxhaven-Altenbruch, 05.04.2020:<\/p>\r\n<h5><strong>&#8222;Evakuiert die Lager in Griechenland, #LeaveNoOneBehind&#8220;<\/strong><\/h5>\r\n<div class=\"post-content\"><header class=\"entry-header\"><hr \/>\r\n<p style=\"text-align: center;\">Live Schaltung zu S\u00f6ren Moje auf der Sea-Watch 3 am 12.03.20<\/p>\r\n<p><a href=\"http:\/\/incuxhaven.de\/wp-content\/uploads\/2020\/03\/S\u00f6ren-Moje.png\"><img loading=\"lazy\" decoding=\"async\" class=\"aligncenter size-full wp-image-1604\" src=\"http:\/\/incuxhaven.de\/wp-content\/uploads\/2020\/03\/S\u00f6ren-Moje.png\" alt=\"\" width=\"425\" height=\"405\" srcset=\"https:\/\/incuxhaven.de\/wp-content\/uploads\/2020\/03\/S\u00f6ren-Moje.png 425w, https:\/\/incuxhaven.de\/wp-content\/uploads\/2020\/03\/S\u00f6ren-Moje-300x286.png 300w\" sizes=\"auto, (max-width: 425px) 100vw, 425px\" \/><\/a><\/p>\r\n<p>&nbsp;<\/p>\r\n<p><a href=\"http:\/\/incuxhaven.de\/wp-content\/uploads\/2020\/03\/ZSTU5572opt-Infostand-070320-int.png\"><img loading=\"lazy\" decoding=\"async\" class=\"aligncenter size-full wp-image-1588\" src=\"http:\/\/incuxhaven.de\/wp-content\/uploads\/2020\/03\/ZSTU5572opt-Infostand-070320-int.png\" alt=\"\" width=\"1042\" height=\"669\" srcset=\"https:\/\/incuxhaven.de\/wp-content\/uploads\/2020\/03\/ZSTU5572opt-Infostand-070320-int.png 1042w, https:\/\/incuxhaven.de\/wp-content\/uploads\/2020\/03\/ZSTU5572opt-Infostand-070320-int-300x193.png 300w, https:\/\/incuxhaven.de\/wp-content\/uploads\/2020\/03\/ZSTU5572opt-Infostand-070320-int-768x493.png 768w, https:\/\/incuxhaven.de\/wp-content\/uploads\/2020\/03\/ZSTU5572opt-Infostand-070320-int-1024x657.png 1024w\" sizes=\"auto, (max-width: 1042px) 100vw, 1042px\" \/><\/a>07. M\u00e4rz 2020 Mitglieder des AK Asyl und Unterst\u00fctzer aus der Linkspartei und B\u00fcndnis 90 \/ Die Gr\u00fcnen fordern die sofortige Aufnahme von Fl\u00fcchtlingskindern aus Griechenland<\/p>\r\n<p>&nbsp;<\/p>\r\n<p><a href=\"http:\/\/incuxhaven.de\/wp-content\/uploads\/2020\/03\/Banner-wir-haben-Platz-klein.jpg\"><img loading=\"lazy\" decoding=\"async\" class=\"aligncenter size-full wp-image-1582\" src=\"http:\/\/incuxhaven.de\/wp-content\/uploads\/2020\/03\/Banner-wir-haben-Platz-klein.jpg\" alt=\"\" width=\"1418\" height=\"284\" srcset=\"https:\/\/incuxhaven.de\/wp-content\/uploads\/2020\/03\/Banner-wir-haben-Platz-klein.jpg 1418w, https:\/\/incuxhaven.de\/wp-content\/uploads\/2020\/03\/Banner-wir-haben-Platz-klein-300x60.jpg 300w, https:\/\/incuxhaven.de\/wp-content\/uploads\/2020\/03\/Banner-wir-haben-Platz-klein-768x154.jpg 768w, https:\/\/incuxhaven.de\/wp-content\/uploads\/2020\/03\/Banner-wir-haben-Platz-klein-1024x205.jpg 1024w, https:\/\/incuxhaven.de\/wp-content\/uploads\/2020\/03\/Banner-wir-haben-Platz-klein-1200x240.jpg 1200w, https:\/\/incuxhaven.de\/wp-content\/uploads\/2020\/03\/Banner-wir-haben-Platz-klein-1400x280.jpg 1400w\" sizes=\"auto, (max-width: 1418px) 100vw, 1418px\" \/>Liebe Mitstreiter*innen,<br \/>der Arbeitskreis Asyl hat f\u00fcr morgen Samstag 11.00 -13.00 Uhr eine Mahnwache (Kundgebung und Infotisch) angemeldet<br \/>und die entsprechende Erlaubnis erhalten. Wir w\u00fcrden uns freuen, wenn viele Menschen uns unterst\u00fctzen und teilnehmen <br \/>und \u00fcber ihren E-Mail-Verteiler bzw. Soziale Medien zur Teilnahme aufrufen w\u00fcrden.<br \/>Ort: Penzancer Platz (Nordersteinstr. neben Jack Wolfskin, ehemals rote Telefonzelle).<br \/><\/a><\/p>\r\n<h1 class=\"v2-header-single__title\">F\u00fcr humane Aufnahme \u2013 gegen rassistische Abschottung!<\/h1>\r\n<p>Seit fast einer Woche werden die Menschenrechte in Griechenland f\u00fcr Schutzsuchende ausgesetzt, gelten sie nicht f\u00fcr alle, gelten sie f\u00fcr keinen. Wir sind w\u00fctend und werden niemals still sein, wenn Menschen an der Grenze ermordet werden. In nur wenigen Tagen gab es fast 50 Demonstrationen, weitere sind geplant. Wir sehen eine unmenschliche Eskalation, getragen durch SPD, CDU und die EU-Kommission. Werdet aktiv, startet Aktionen, lasst das Unrecht nicht unbeantwortet. Es gibt mehr als 140 St\u00e4dte sichere H\u00e4fen, sie alle stehen f\u00fcr eine Gesellschaft, die diese rassistische Abschottung nicht mittragen will. Jetzt m\u00fcssen wir uns dem gemeinsam entgegenstellen, auf der Stra\u00dfe, in den Rath\u00e4usern, in den Landtagen und in unseren Nachbarschaften. F\u00fcr eine humane Aufnahme und gegen die rassistische Abschottung!<\/p>\r\n<hr \/>\r\n<h5><a href=\"http:\/\/incuxhaven.de\/wp-content\/uploads\/2020\/02\/Veranstaltung-Seenotrettung-Absage.jpg\">Statt S\u00f6ren Moje &#8211; zeigen wir den Film Lifeboat, ein Doku-Film<\/a><\/h5>\r\n<h5><a href=\"http:\/\/incuxhaven.de\/wp-content\/uploads\/2020\/02\/Veranstaltung-Seenotrettung-Absage.jpg\">\u00fcber die Freiwilligen auf der Sea-Watch. Der Film war im Jahr<\/a><\/h5>\r\n<h5><a href=\"http:\/\/incuxhaven.de\/wp-content\/uploads\/2020\/02\/Veranstaltung-Seenotrettung-Absage.jpg\">2019 f\u00fcr den Oskar nominiert, als bester Dokumentar-Kurzfilm.<\/a><\/h5>\r\n<h5><a href=\"http:\/\/incuxhaven.de\/wp-content\/uploads\/2020\/02\/Veranstaltung-Seenotrettung-Absage.jpg\"><img loading=\"lazy\" decoding=\"async\" class=\"aligncenter size-full wp-image-1579\" src=\"http:\/\/incuxhaven.de\/wp-content\/uploads\/2020\/02\/Veranstaltung-Seenotrettung-Absage.jpg\" alt=\"\" width=\"945\" height=\"732\" srcset=\"https:\/\/incuxhaven.de\/wp-content\/uploads\/2020\/02\/Veranstaltung-Seenotrettung-Absage.jpg 945w, https:\/\/incuxhaven.de\/wp-content\/uploads\/2020\/02\/Veranstaltung-Seenotrettung-Absage-300x232.jpg 300w, https:\/\/incuxhaven.de\/wp-content\/uploads\/2020\/02\/Veranstaltung-Seenotrettung-Absage-768x595.jpg 768w\" sizes=\"auto, (max-width: 945px) 100vw, 945px\" \/><\/a><\/h5>\r\n<hr \/>\r\n<h5><strong>Mahnwache in Cuxhaven<\/strong><\/h5>\r\n<p>Auch in Cuxhaven nahmen mehrere hundert Menschen an einer Mahnwache zum Gedenken der Opfer des rassistischen Angriffs in Hanau teil. Die Veranstalter und Teilnehmer wollen sich f\u00fcr &#8222;Respekt und Menschenw\u00fcrde in Cuxhaven, unserem Land und Europa einsetzen&#8220;.<\/p>\r\n<p>&nbsp;<\/p>\r\n<p><a href=\"http:\/\/incuxhaven.de\/wp-content\/uploads\/2020\/02\/ZSTU5506-opt.jpg\"><img loading=\"lazy\" decoding=\"async\" class=\"size-full wp-image-1566\" src=\"http:\/\/incuxhaven.de\/wp-content\/uploads\/2020\/02\/ZSTU5506-opt.jpg\" alt=\"\" width=\"1106\" height=\"830\" srcset=\"https:\/\/incuxhaven.de\/wp-content\/uploads\/2020\/02\/ZSTU5506-opt.jpg 1106w, https:\/\/incuxhaven.de\/wp-content\/uploads\/2020\/02\/ZSTU5506-opt-300x225.jpg 300w, https:\/\/incuxhaven.de\/wp-content\/uploads\/2020\/02\/ZSTU5506-opt-768x576.jpg 768w, https:\/\/incuxhaven.de\/wp-content\/uploads\/2020\/02\/ZSTU5506-opt-1024x768.jpg 1024w\" sizes=\"auto, (max-width: 1106px) 100vw, 1106px\" \/><\/a><\/p>\r\n<p><a href=\"http:\/\/incuxhaven.de\/wp-content\/uploads\/2020\/02\/ZSTU5514-opt.jpg\"><img loading=\"lazy\" decoding=\"async\" class=\"size-full wp-image-1567\" src=\"http:\/\/incuxhaven.de\/wp-content\/uploads\/2020\/02\/ZSTU5514-opt.jpg\" alt=\"\" width=\"1106\" height=\"830\" srcset=\"https:\/\/incuxhaven.de\/wp-content\/uploads\/2020\/02\/ZSTU5514-opt.jpg 1106w, https:\/\/incuxhaven.de\/wp-content\/uploads\/2020\/02\/ZSTU5514-opt-300x225.jpg 300w, https:\/\/incuxhaven.de\/wp-content\/uploads\/2020\/02\/ZSTU5514-opt-768x576.jpg 768w, https:\/\/incuxhaven.de\/wp-content\/uploads\/2020\/02\/ZSTU5514-opt-1024x768.jpg 1024w\" sizes=\"auto, (max-width: 1106px) 100vw, 1106px\" \/><\/a><\/p>\r\n<p><a href=\"http:\/\/incuxhaven.de\/wp-content\/uploads\/2020\/02\/ZSTU5519-opt.jpg\"><img loading=\"lazy\" decoding=\"async\" class=\"size-full wp-image-1568\" src=\"http:\/\/incuxhaven.de\/wp-content\/uploads\/2020\/02\/ZSTU5519-opt.jpg\" alt=\"\" width=\"830\" height=\"1106\" srcset=\"https:\/\/incuxhaven.de\/wp-content\/uploads\/2020\/02\/ZSTU5519-opt.jpg 830w, https:\/\/incuxhaven.de\/wp-content\/uploads\/2020\/02\/ZSTU5519-opt-225x300.jpg 225w, https:\/\/incuxhaven.de\/wp-content\/uploads\/2020\/02\/ZSTU5519-opt-768x1024.jpg 768w, https:\/\/incuxhaven.de\/wp-content\/uploads\/2020\/02\/ZSTU5519-opt-300x400.jpg 300w\" sizes=\"auto, (max-width: 830px) 100vw, 830px\" \/><\/a><\/p>\r\n<p><a href=\"http:\/\/incuxhaven.de\/wp-content\/uploads\/2020\/02\/ZSTU5521-opt.jpg\"><img loading=\"lazy\" decoding=\"async\" class=\"size-full wp-image-1569\" src=\"http:\/\/incuxhaven.de\/wp-content\/uploads\/2020\/02\/ZSTU5521-opt.jpg\" alt=\"\" width=\"830\" height=\"1106\" srcset=\"https:\/\/incuxhaven.de\/wp-content\/uploads\/2020\/02\/ZSTU5521-opt.jpg 830w, https:\/\/incuxhaven.de\/wp-content\/uploads\/2020\/02\/ZSTU5521-opt-225x300.jpg 225w, https:\/\/incuxhaven.de\/wp-content\/uploads\/2020\/02\/ZSTU5521-opt-768x1024.jpg 768w, https:\/\/incuxhaven.de\/wp-content\/uploads\/2020\/02\/ZSTU5521-opt-300x400.jpg 300w\" sizes=\"auto, (max-width: 830px) 100vw, 830px\" \/><\/a><\/p>\r\n<p><a href=\"http:\/\/incuxhaven.de\/wp-content\/uploads\/2020\/02\/ZSTU5523-opt.jpg\"><img loading=\"lazy\" decoding=\"async\" class=\"size-full wp-image-1570\" src=\"http:\/\/incuxhaven.de\/wp-content\/uploads\/2020\/02\/ZSTU5523-opt.jpg\" alt=\"\" width=\"1106\" height=\"830\" srcset=\"https:\/\/incuxhaven.de\/wp-content\/uploads\/2020\/02\/ZSTU5523-opt.jpg 1106w, https:\/\/incuxhaven.de\/wp-content\/uploads\/2020\/02\/ZSTU5523-opt-300x225.jpg 300w, https:\/\/incuxhaven.de\/wp-content\/uploads\/2020\/02\/ZSTU5523-opt-768x576.jpg 768w, https:\/\/incuxhaven.de\/wp-content\/uploads\/2020\/02\/ZSTU5523-opt-1024x768.jpg 1024w\" sizes=\"auto, (max-width: 1106px) 100vw, 1106px\" \/><\/a><\/p>\r\n<p>&nbsp;<\/p>\r\n<div id=\"attachment_1571\" style=\"width: 1116px\" class=\"wp-caption aligncenter\"><a href=\"http:\/\/incuxhaven.de\/wp-content\/uploads\/2020\/02\/ZSTU5527-opt.jpg\"><img loading=\"lazy\" decoding=\"async\" aria-describedby=\"caption-attachment-1571\" class=\"size-full wp-image-1571\" src=\"http:\/\/incuxhaven.de\/wp-content\/uploads\/2020\/02\/ZSTU5527-opt.jpg\" alt=\"\" width=\"1106\" height=\"830\" srcset=\"https:\/\/incuxhaven.de\/wp-content\/uploads\/2020\/02\/ZSTU5527-opt.jpg 1106w, https:\/\/incuxhaven.de\/wp-content\/uploads\/2020\/02\/ZSTU5527-opt-300x225.jpg 300w, https:\/\/incuxhaven.de\/wp-content\/uploads\/2020\/02\/ZSTU5527-opt-768x576.jpg 768w, https:\/\/incuxhaven.de\/wp-content\/uploads\/2020\/02\/ZSTU5527-opt-1024x768.jpg 1024w\" sizes=\"auto, (max-width: 1106px) 100vw, 1106px\" \/><\/a><p id=\"caption-attachment-1571\" class=\"wp-caption-text\">alle Fotos: Karl-Heinz Zulkowski-St\u00fcben<\/p><\/div>\r\n<hr \/>\r\n<p><a href=\"http:\/\/incuxhaven.de\/wp-content\/uploads\/2019\/12\/ZSTU5270-int.png\"><img loading=\"lazy\" decoding=\"async\" class=\"aligncenter size-full wp-image-1546\" src=\"http:\/\/incuxhaven.de\/wp-content\/uploads\/2019\/12\/ZSTU5270-int.png\" alt=\"\" width=\"966\" height=\"725\" srcset=\"https:\/\/incuxhaven.de\/wp-content\/uploads\/2019\/12\/ZSTU5270-int.png 966w, https:\/\/incuxhaven.de\/wp-content\/uploads\/2019\/12\/ZSTU5270-int-300x225.png 300w, https:\/\/incuxhaven.de\/wp-content\/uploads\/2019\/12\/ZSTU5270-int-768x576.png 768w\" sizes=\"auto, (max-width: 966px) 100vw, 966px\" \/>W\u00e4hrend der Fahrraddemo von Fridays for Future vor dem B\u00fcrgerbahnhof Cuxhaven<\/a><\/p>\r\n<hr \/>\r\n<h5><strong>BAMF und der leichtfertige Umgang der Beh\u00f6rde mit vertraulichen und sensiblen Unterlagen<\/strong><\/h5>\r\n<p><a class=\"moz-txt-link-freetext\" href=\"https:\/\/www.nds-fluerat.org\/40935\/aktuelles\/auch-leyla-birliks-akte-landete-beim-tuerkischen-geheimdienst\/\">https:\/\/www.nds-fluerat.org\/40935\/aktuelles\/auch-leyla-birliks-akte-landete-beim-tuerkischen-geheimdienst\/<\/a><\/p>\r\n<div class=\"entry-content\">\r\n<p>Wie die <a href=\"https:\/\/www.tagesschau.de\/ausland\/anwalt-tuerkei-103.html\" target=\"_blank\" rel=\"noopener noreferrer\">tagesschau vom 24.11.2019<\/a> berichtet, wurde auch die Akte der bekannten ehemaligen HDP-Abgeordneten Leyla Birlik zur Pr\u00fcfung an die deutsche Botschaft in Ankara gesandt \u2013 und landete nach der Festnahme des Vertrauensanwalts der Botschaft, Yilmaz S., in den H\u00e4nden des t\u00fcrkischen Geheimdienstes. Yilmaz S. sitzt dem Bericht zufolge in \u201eerschwerter Einzelhaft\u201c.<\/p>\r\n<p>Der \u00dcberpr\u00fcfungswahn des BAMF und der leichtfertige Umgang der Beh\u00f6rde mit vertraulichen und sensiblen Unterlagen verfolgter Fl\u00fcchtlinge wird am Beispiel von Leyla Birlik besonders deutlich: Ein Blick ins Internet h\u00e4tte gereicht, um festzustellen, dass die HDP-Politikerin mitsamt ihrer Familie in der T\u00fcrkei verfolgt und bedroht wird. Die \u00dcberpr\u00fcfung ihrer Akte war so \u00fcberfl\u00fcssig wie ein Kropf.<\/p>\r\n<p>Das deutsche Asylverfahren verlangt von Asylsuchenden lediglich eine \u201eGlaubhaftmachung\u201c von Verfolgung. Damit wird dem Umstand Rechnung getragen, dass Verfolgte ihre Verfolgung oftmals nicht nachweisen k\u00f6nnen. \u201eDie Asylrechtgew\u00e4hrung ist immer eine Frage der Generosit\u00e4t, und wenn man gener\u00f6s sein will, muss man riskieren, sich gegebenenfalls in der Person geirrt zu haben\u201c, erkl\u00e4rte Vorsitzende des Parlamentarischen Rates Dr. Carlo Schmid 1949 zur Begr\u00fcndung. Unter F\u00fchrung ihre Pr\u00e4sidenten Dr. Sommer hat sich der Umgang des BAMF mit Gefl\u00fcchteten jedoch radikal ge\u00e4ndert: Die Beh\u00f6rde begegnet Gefl\u00fcchteten mit strukturellem Misstrauen, bestreitet Verfolgungstatbest\u00e4nde selbst bei einer sich aufdr\u00e4ngenden Evidenz der get\u00e4tigten Aussagen und \u00fcberpr\u00fcft, was sich nur irgendwie \u00fcberpr\u00fcfen l\u00e4sst. Entsprechend ist die Zahl der Anfragen an das Ausw\u00e4rtige Amt in den letzten zwei Jahren geradezu explodiert. Dieser \u00dcberpr\u00fcfungswahn des BAMF unter Inkaufnahme einer Gef\u00e4hrdung von Menschen, die sich in Deutschland Schutz vor Verfolgung versprechen, ist der eigentliche \u201eT\u00fcrkei-Skandal\u201c.<\/p>\r\n<p>Dazu passt, dass BAMF-Chef Sommer die Zusammenarbeit mit der T\u00fcrkei in der Fl\u00fcchtlingspolitik trotz der Festnahme des Vertrauensanwalts Yilmaz S. \u00fcber den gr\u00fcnen Klee lobt: \u201eDie T\u00fcrkei ist in der Migrationspolitik ein verl\u00e4sslicher Partner\u201c, sagte Sommer laut <a href=\"https:\/\/www.nrz.de\/politik\/bamf-chef-sommer-nennt-tuerkei-verlaesslichen-partner-id227726641.html\" target=\"_blank\" rel=\"noopener noreferrer\">NRZ<\/a>. \u201eIch sehe keinen Grund, \u00d6l ins Feuer zu gie\u00dfen.&#8220; Offenkundig sorgt sich Sommer vor allem um den Fortbestand des v\u00f6lkerrechtswidrigen T\u00fcrkei-Deals:\u00a0 \u201eDas Land hat mehr als drei Millionen Kriegsfl\u00fcchtlinge aus Syrien aufgenommen. Das ist eine Leistung, die wir anerkennen m\u00fcssen.\u201c Er nehme keinen Kurswechsel in Ankara wahr, betonte Sommer. \u201eDie T\u00fcrkei ist weiterhin bereit, die Fl\u00fcchtlinge aus Syrien aufzunehmen.&#8220; Die <a href=\"https:\/\/www.tagesschau.de\/ausland\/amnesty-illegale-abschiebung-101.html\" target=\"_blank\" rel=\"noopener noreferrer\">wiederholten Hinweise von amnesty international auf push-backs und rechtswidrige Abschiebungen an der t\u00fcrkisch-syrischen Grenze<\/a> werden von Sommer ignoriert: &#8222;Wir haben keine Erkenntnisse, dass die T\u00fcrkei Syrer gegen ihren Willen nach Syrien zur\u00fcckschickt.\u201c<\/p>\r\n<p>Die Festnahme des Anwalts kritisierte der Bamf-Chef nur zur\u00fcckhaltend. \u201eDass nun der Anwalt verhaftet worden ist, ist schon ein Problem. Das ber\u00fchrt uns, das ber\u00fchrt auch die Gerichte\u201c, sagte Sommer. Mit Asylverfahren und Innenpolitik hat das angeblich nichts zu tun: &#8222;Es ist aber zun\u00e4chst Aufgabe des Ausw\u00e4rtigen Amtes, mit diesem Fall umzugehen.\u201c<\/p>\r\n<\/div>\r\n<pre class=\"moz-signature\">-- \r\nKai Weber\r\nGesch\u00e4ftsf\u00fchrer\r\nFl\u00fcchtlingsrat Niedersachsen e.V.\r\nR\u00f6pkestr. 12\r\n30173 Hannover<\/pre>\r\n<hr \/>\r\n<h6>20. November 2019<\/h6>\r\n<h5 class=\"entry-title\"><strong>Festnahme eines t\u00fcrkischen Vertrauensanwalts der deutschen Botschaft gef\u00e4hrdet Tausende von Gefl\u00fcchteten in Deutschland<\/strong><\/h5>\r\n<\/header>\r\n<div class=\"page-header-image grid-container grid-parent generate-page-header\">\u00a0<\/div>\r\n<div class=\"entry-content\">\r\n<h6 align=\"LEFT\">Fl\u00fcchtlingsrat fordert das BAMF auf, alle betroffenen Fl\u00fcchtlinge anzuerkennen und zuk\u00fcnftig sensibler mit Beweisunterlagen umzugehen.<\/h6>\r\n<p align=\"LEFT\">Rund 200 Gefl\u00fcchtete aus der T\u00fcrkei, die derzeit vor dem Verwaltungsgericht gegen die Ablehnung ihres Asylantrags klagen, erhalten in diesen Tagen Besuch vom Verfassungsschutz: Der t\u00fcrkische Geheimdienst MIT habe sie im Visier, so die Warnung. Sie sollten vorsichtig sein. Das Bundesamt f\u00fcr Migration und Fl\u00fcchtlinge (BAMF) hat die Betroffenen zuvor im Asylverfahren als \u201eunglaubw\u00fcrdig\u201c abgelehnt.<\/p>\r\n<p align=\"LEFT\">Hintergrund der Warnungen: Ein Vertrauensanwalt der deutschen Botschaft in Ankara wurde in der T\u00fcrkei wegen \u201eSpionage\u201c festgenommen. Dieser Anwalt war beauftragt, Dokumente und Unterlagen zu pr\u00fcfen, die aus der T\u00fcrkei nach Deutschland geflohene t\u00fcrkische Staatsb\u00fcrger_innen zum Beleg ihrer Verfolgung vorgelegt hatten. Die Rechercheunterlagen des Anwalts befinden sich nun in den H\u00e4nden des t\u00fcrkischen Geheimdienstes MIT. Betroffen hiervon k\u00f6nnten \u2013 \u00fcber die vom Verfassungsschutz vorgewarnten 200 Personen hinaus \u2013 Tausende weitere Gefl\u00fcchtete sein, deren Verfolgung der Vertrauensanwalt in den letzten Jahren recherchiert hat.<\/p>\r\n<p align=\"LEFT\">D\u00fcndar Kelloglu vom Vorstand des Fl\u00fcchtlingsrat erkl\u00e4rt dazu:<\/p>\r\n<p align=\"LEFT\"><em>\u201eIch fordere das BAMF auf, zuk\u00fcnftig sensibler mit Beweisunterlagen umzugehen. Es ist unertr\u00e4glich, wenn die Beh\u00f6rde, die f\u00fcr die Anerkennung von Fluchtgr\u00fcnden zust\u00e4ndig ist, daf\u00fcr sorgt, dass zus\u00e4tzliche Verfolgungsgr\u00fcnde entstehen. Die Bescheide des BAMF sind in vielen F\u00e4llen bodenlos schlecht, weil vorgelegte Beweismittel nicht gew\u00fcrdigt werden.\u201c<\/em><\/p>\r\n<p align=\"LEFT\">Dass unz\u00e4hlige Fl\u00fcchtlinge bef\u00fcrchten m\u00fcssen, vom t\u00fcrkischen Geheimdienst observiert und verfolgt zu werden, hat vor allem mit einer fragw\u00fcrdigen Verwaltungs- und Entscheidungspraxis des BAMF zu tun: Das Bundesamt begegnet Gefl\u00fcchteten aus der T\u00fcrkei in einer Vielzahl von F\u00e4llen mit strukturellem Misstrauen. Statt die von Betroffenen vorgelegten Unterlagen \u00fcber Anklagen und Gerichtsverfahren zu pr\u00fcfen und zu bewerten, lehnt die Beh\u00f6rde Asylantr\u00e4ge oftmals ohne jede inhaltliche Auseinandersetzung mit den Dokumenten ab und klassifiziert die Asylantr\u00e4ge pauschal als \u201eunglaubhaft\u201c. Die Verwaltungsgerichte in Deutschland sehen sich wegen der ablehnenden Entscheidung des BAMF regelm\u00e4\u00dfig gezwungen, das Ausw\u00e4rtige Amt um Pr\u00fcfung der Echtheit der vorgelegten Dokumente zu bitten. Bis vor kurzen waren solche Recherchen die Ausnahme, aktuell wird nahezu jeder zweite Fall aus der T\u00fcrkei dem Ausw\u00e4rtigen Amt zur Pr\u00fcfung vorgelegt. Bei den Verwaltungsgerichten ist die Emp\u00f6rung \u00fcber die mangelhafte Qualit\u00e4t der BAMF-Bescheide gro\u00df.<\/p>\r\n<p align=\"LEFT\">D\u00fcndar Kelloglu:<\/p>\r\n<p align=\"LEFT\"><em>\u201eWir fordern eine Kehrtwende des BAMF bei der Bewertung der Asylantr\u00e4ge von Fl\u00fcchtlingen aus der T\u00fcrkei. Oppositionelle und vermeintliche Regimegegner k\u00f6nnen aus nichtigem Anlass in den Fokus der t\u00fcrkischen Verfolgungsbeh\u00f6rden gelangen. Ganz offenbar werden die Leits\u00e4tze des BAMF dieser traurigen Realit\u00e4t in der T\u00fcrkei nicht gerecht.\u201c<\/em><\/p>\r\n<p align=\"LEFT\"><strong>Beispielfall:<\/strong><\/p>\r\n<p align=\"LEFT\">Z. floh am 02.02.2018 in das Bundesgebiet und stellte einen Asylantrag. Seine Verfolgung bewies Z. durch zahlreiche gerichtliche Urkunden. Das Bundesamt pr\u00fcfte den Asylantrag nur oberfl\u00e4chlich, verzichtete auf eine inhaltliche W\u00fcrdigung der vorgelegten Urkunden und lehnte den Asylantrag am 08.06.2018 mit der Begr\u00fcndung ab, der Vortrag sei unglaubhaft, da nicht vorstellbar sei, dass ein unpolitischer Mensch wie der Antragsteller von staatlichen Verfolgungsma\u00dfnahmen betroffen sei.<\/p>\r\n<p align=\"LEFT\">Am 21.06.2018 erhob der Kl\u00e4ger gegen den Bescheid Klage und verwies auf die drohende Verfolgung, die sich aus den vorgelegten Unterlagen zweifelsfrei ergab. Das Bundesamt hielt dennoch an seinem offensichlich mangelhaften Bescheid fest. Obwohl nichts f\u00fcr eine F\u00e4lschung der vorgelegten Unterlagen sprach, sah sich das Verwaltungsgericht Hannover daher gen\u00f6tigt, mit Beweisbeschluss vom 12.11.2018 eine Auskunft des Ausw\u00e4rtigen Amtes einzuholen, ob die eingereichen gerichtlichen Urkunden echt sind.<\/p>\r\n<p>Mit Schreiben vom 05.09.2019 an das VG Hannover best\u00e4tigte das Ausw\u00e4rtige Amt die Echtheit der von Herrn Z. eingereichten Papiere. Herr Z. m\u00fcsse, so das Ausw\u00e4rtige Amt, bei einer R\u00fcckkehr mit Verhaftung rechnen. Daraufhin verpflichtete das VG Hannover das Bundesamt mit Urteil vom 07.11.2019 ohne m\u00fcndliche Verhandlung zu einer Fl\u00fcchtlingsanerkennung.<\/p>\r\n<h4>Medienberichte zur Festnahme des Anwalts in der T\u00fcrkei:<\/h4>\r\n<p><a href=\"https:\/\/www.spiegel.de\/politik\/ausland\/tuerkei-anwalt-der-deutschen-botschaft-in-ankara-festgenommen-a-1297452.html\" target=\"_blank\" rel=\"noopener noreferrer\">Spiegel-online<\/a><\/p>\r\n<p><a href=\"https:\/\/www.deutschlandfunk.de\/tuerkei-anwalt-des-auswaertigen-amtes-in-tuerkei.2932.de.html?drn:news_id=1072275\" target=\"_blank\" rel=\"noopener noreferrer\">Deutschlandfunk<\/a><\/p>\r\n<p><a href=\"https:\/\/www.tagesschau.de\/investigativ\/ndr-wdr\/anwalt-botschaft-ankara-101.html\" target=\"_blank\" rel=\"noopener noreferrer\">Tagesschau<\/a><\/p>\r\n<p><a href=\"https:\/\/www.nds-fluerat.org\/40890\/aktuelles\/festnahme-eines-tuerkischen-vertrauensanwalts-der-deutschen-botschaft-gefaehrdet-tausende-von-gefluechteten-in-deutschland\/\">https:\/\/www.nds-fluerat.org\/40890\/aktuelles\/festnahme-eines-tuerkischen-vertrauensanwalts-der-deutschen-botschaft-gefaehrdet-tausende-von-gefluechteten-in-deutschland\/<\/a><\/p>\r\n<\/div>\r\n<hr \/>\r\n<h3><a href=\"http:\/\/incuxhaven.de\/wp-content\/uploads\/2019\/10\/Banner-Soli-rojava-300-x-90-vers.-2.jpg\"><img loading=\"lazy\" decoding=\"async\" class=\"aligncenter size-full wp-image-1504\" src=\"http:\/\/incuxhaven.de\/wp-content\/uploads\/2019\/10\/Banner-Soli-rojava-300-x-90-vers.-2.jpg\" alt=\"\" width=\"1141\" height=\"340\" srcset=\"https:\/\/incuxhaven.de\/wp-content\/uploads\/2019\/10\/Banner-Soli-rojava-300-x-90-vers.-2.jpg 1141w, https:\/\/incuxhaven.de\/wp-content\/uploads\/2019\/10\/Banner-Soli-rojava-300-x-90-vers.-2-300x89.jpg 300w, https:\/\/incuxhaven.de\/wp-content\/uploads\/2019\/10\/Banner-Soli-rojava-300-x-90-vers.-2-768x229.jpg 768w, https:\/\/incuxhaven.de\/wp-content\/uploads\/2019\/10\/Banner-Soli-rojava-300-x-90-vers.-2-1024x305.jpg 1024w\" sizes=\"auto, (max-width: 1141px) 100vw, 1141px\" \/><\/a><\/h3>\r\n<\/div>\r\n<\/header><header class=\"entry-header\">\r\n<div class=\"post-content\">\r\n<h3 class=\"entry-title\"><strong>Experten: T\u00fcrkei setzt Phosphorbomben ein<\/strong><\/h3>\r\n<p class=\"entry-lead\">Es mehren sich die Hinweise, dass die T\u00fcrkei bei ihrer v\u00f6lkerrechtswidrigen Invasion in Nordsyrien Phosphorbomben verwendet. Aufnahmen von Kindern und Erwachsenen mit verbrannten und ver\u00e4tzten K\u00f6rperteilen sprechen f\u00fcr sich.<\/p>\r\n<p>Es sind verst\u00f6rende Aufnahmen von Kindern und Erwachsenen mit verbrannten und ver\u00e4tzten K\u00f6rperteilen, die klar auf den Einsatz chemischer Substanzen hindeuten. Sowohl lokale \u00c4rzte als auch internationale Experten gehen von Phosphorbomben aus. Der britische Experte f\u00fcr chemische Waffen, Hamish de Bretton-Gordon, erkl\u00e4rte gegen\u00fcber der Zeitung <em>The Times:<\/em>\u00a0\u201eEs sieht so aus, als w\u00e4ren die Verletzungen durch wei\u00dfen Phosphor verursacht worden. In den letzten 24 Stunden wurden mir mehr Fotos mit Verbrennungen dieser Art gezeigt als in irgendeiner anderen Phase des syrischen Krieges.\u201d<\/p>\r\n<h5><strong>Bericht aus der Zeitung Newsweek<\/strong><\/h5>\r\n<\/div>\r\n<p><a href=\"https:\/\/www.newsweek.com\/exclusive-photos-turkey-white-phosphorus-weapons-syria-pictures-1466555\">https:\/\/www.newsweek.com\/exclusive-photos-turkey-white-phosphorus-weapons-syria-pictures-1466555<\/a><\/p>\r\n<hr \/>\r\n<p><a class=\"aligncenter size-full wp-image-1456\" href=\"http:\/\/incuxhaven.de\/wp-content\/uploads\/2019\/10\/ZSTU5010.png\"><img loading=\"lazy\" decoding=\"async\" class=\"aligncenter size-full wp-image-1448\" src=\"http:\/\/incuxhaven.de\/wp-content\/uploads\/2019\/10\/ZSTU5010.png\" alt=\"Demonstration Verteidigt Rojava\" width=\"1012\" height=\"759\" srcset=\"https:\/\/incuxhaven.de\/wp-content\/uploads\/2019\/10\/ZSTU5010.png 1012w, https:\/\/incuxhaven.de\/wp-content\/uploads\/2019\/10\/ZSTU5010-300x225.png 300w, https:\/\/incuxhaven.de\/wp-content\/uploads\/2019\/10\/ZSTU5010-768x576.png 768w\" sizes=\"auto, (max-width: 1012px) 100vw, 1012px\" \/><\/a><\/p>\r\n<p>Copyright f\u00fcr alle Fotos: Karl-Heinz Zulkowski-St\u00fcben<\/p>\r\n<p>Auch in Hamburg demonstrierten am 19.10. tausende Menschen gegen den Angriffskrieg der T\u00fcrkei in Rojava\/Nordsyrien. Die Demonstration f\u00fchrte am Millerntor-Stadion vorbei, wo sich eine Vielzahl an St. Pauli Fans anschlossen. Im Vorfeld zeigten sich St. Pauli Fans mit einer Choreografie und einem Farbenmeer solidarisch mit Rojava.<\/p>\r\n<p>Redebeitr\u00e4ge auf der Demonstration von: Yavuz Fersoglu, Sprecher der Veranstalter, <br \/>Ali Ertan Toprak, Vorsitzender der Kurdischen Gemeinde in Deutschland, Wolfgang Rose, SPD-B\u00fcrgerschaftsfraktion Hamburg, Antje M\u00f6ller, GR\u00dcNE-B\u00fcrgerschaftsfraktion Hamburg und Bernd Riexinger, <span class=\"LrzXr kno-fv\">Parteivorsitzender Die Linke<\/span><\/p>\r\n<p>Weitere Reden kamen von dem Hamburger Forum f\u00fcr Frieden, DIDIF, MLPD, der iL, Ende Gel\u00e4nde, der feministischen Kampagne \u201eGemeinsam k\u00e4mpfen\u201c und anderen.<\/p>\r\n<p>Es wurde ein Ende des v\u00f6lkerrechtswidrigen Angriffskrieges gefordert, totales Waffenembargo und wirtschaftliche Sanktionen als Druckmittel. Von den kurdischen Organisationen wurde die Einheit untereinander gegen den Angriffskrieg auf Rojava betont.<\/p>\r\n<p>&nbsp;<\/p>\r\n<p><a href=\"http:\/\/incuxhaven.de\/wp-content\/uploads\/2019\/10\/ZSTU4970.png\"><img loading=\"lazy\" decoding=\"async\" class=\"aligncenter size-full wp-image-1456\" src=\"http:\/\/incuxhaven.de\/wp-content\/uploads\/2019\/10\/ZSTU4970.png\" alt=\"\" width=\"759\" height=\"1012\" srcset=\"https:\/\/incuxhaven.de\/wp-content\/uploads\/2019\/10\/ZSTU4970.png 759w, https:\/\/incuxhaven.de\/wp-content\/uploads\/2019\/10\/ZSTU4970-225x300.png 225w, https:\/\/incuxhaven.de\/wp-content\/uploads\/2019\/10\/ZSTU4970-300x400.png 300w\" sizes=\"auto, (max-width: 759px) 100vw, 759px\" \/><\/a><\/p>\r\n<div id=\"attachment_1459\" style=\"width: 769px\" class=\"wp-caption aligncenter\"><a href=\"http:\/\/incuxhaven.de\/wp-content\/uploads\/2019\/10\/ZSTU4953.png\"><img loading=\"lazy\" decoding=\"async\" aria-describedby=\"caption-attachment-1459\" class=\"wp-image-1459 size-full\" src=\"http:\/\/incuxhaven.de\/wp-content\/uploads\/2019\/10\/ZSTU4953.png\" alt=\"\" width=\"759\" height=\"1012\" srcset=\"https:\/\/incuxhaven.de\/wp-content\/uploads\/2019\/10\/ZSTU4953.png 759w, https:\/\/incuxhaven.de\/wp-content\/uploads\/2019\/10\/ZSTU4953-225x300.png 225w, https:\/\/incuxhaven.de\/wp-content\/uploads\/2019\/10\/ZSTU4953-300x400.png 300w\" sizes=\"auto, (max-width: 759px) 100vw, 759px\" \/><\/a><p id=\"caption-attachment-1459\" class=\"wp-caption-text\">Yavuz Fersoglu<\/p><\/div>\r\n<div id=\"attachment_1458\" style=\"width: 1022px\" class=\"wp-caption aligncenter\"><a href=\"http:\/\/incuxhaven.de\/wp-content\/uploads\/2019\/10\/ZSTU4957.png\"><img loading=\"lazy\" decoding=\"async\" aria-describedby=\"caption-attachment-1458\" class=\"wp-image-1458 size-full\" src=\"http:\/\/incuxhaven.de\/wp-content\/uploads\/2019\/10\/ZSTU4957.png\" alt=\"\" width=\"1012\" height=\"759\" srcset=\"https:\/\/incuxhaven.de\/wp-content\/uploads\/2019\/10\/ZSTU4957.png 1012w, https:\/\/incuxhaven.de\/wp-content\/uploads\/2019\/10\/ZSTU4957-300x225.png 300w, https:\/\/incuxhaven.de\/wp-content\/uploads\/2019\/10\/ZSTU4957-768x576.png 768w\" sizes=\"auto, (max-width: 1012px) 100vw, 1012px\" \/><\/a><p id=\"caption-attachment-1458\" class=\"wp-caption-text\">Ali Ertan Toprak<\/p><\/div>\r\n<div id=\"attachment_1457\" style=\"width: 1022px\" class=\"wp-caption aligncenter\"><a href=\"http:\/\/incuxhaven.de\/wp-content\/uploads\/2019\/10\/ZSTU4964.png\"><img loading=\"lazy\" decoding=\"async\" aria-describedby=\"caption-attachment-1457\" class=\"wp-image-1457 size-full\" src=\"http:\/\/incuxhaven.de\/wp-content\/uploads\/2019\/10\/ZSTU4964.png\" alt=\"\" width=\"1012\" height=\"759\" srcset=\"https:\/\/incuxhaven.de\/wp-content\/uploads\/2019\/10\/ZSTU4964.png 1012w, https:\/\/incuxhaven.de\/wp-content\/uploads\/2019\/10\/ZSTU4964-300x225.png 300w, https:\/\/incuxhaven.de\/wp-content\/uploads\/2019\/10\/ZSTU4964-768x576.png 768w\" sizes=\"auto, (max-width: 1012px) 100vw, 1012px\" \/><\/a><p id=\"caption-attachment-1457\" class=\"wp-caption-text\">Wofgang Rose<\/p><\/div>\r\n<p>&nbsp;<\/p>\r\n<div id=\"attachment_1455\" style=\"width: 1022px\" class=\"wp-caption aligncenter\"><a href=\"http:\/\/incuxhaven.de\/wp-content\/uploads\/2019\/10\/ZSTU4977.png\"><img loading=\"lazy\" decoding=\"async\" aria-describedby=\"caption-attachment-1455\" class=\"wp-image-1455 size-full\" src=\"http:\/\/incuxhaven.de\/wp-content\/uploads\/2019\/10\/ZSTU4977.png\" alt=\"\" width=\"1012\" height=\"759\" srcset=\"https:\/\/incuxhaven.de\/wp-content\/uploads\/2019\/10\/ZSTU4977.png 1012w, https:\/\/incuxhaven.de\/wp-content\/uploads\/2019\/10\/ZSTU4977-300x225.png 300w, https:\/\/incuxhaven.de\/wp-content\/uploads\/2019\/10\/ZSTU4977-768x576.png 768w\" sizes=\"auto, (max-width: 1012px) 100vw, 1012px\" \/><\/a><p id=\"caption-attachment-1455\" class=\"wp-caption-text\">Antje M\u00f6ller<\/p><\/div>\r\n<div id=\"attachment_1454\" style=\"width: 1022px\" class=\"wp-caption aligncenter\"><a href=\"http:\/\/incuxhaven.de\/wp-content\/uploads\/2019\/10\/ZSTU4980.png\"><img loading=\"lazy\" decoding=\"async\" aria-describedby=\"caption-attachment-1454\" class=\"wp-image-1454 size-full\" src=\"http:\/\/incuxhaven.de\/wp-content\/uploads\/2019\/10\/ZSTU4980.png\" alt=\"\" width=\"1012\" height=\"759\" srcset=\"https:\/\/incuxhaven.de\/wp-content\/uploads\/2019\/10\/ZSTU4980.png 1012w, https:\/\/incuxhaven.de\/wp-content\/uploads\/2019\/10\/ZSTU4980-300x225.png 300w, https:\/\/incuxhaven.de\/wp-content\/uploads\/2019\/10\/ZSTU4980-768x576.png 768w\" sizes=\"auto, (max-width: 1012px) 100vw, 1012px\" \/><\/a><p id=\"caption-attachment-1454\" class=\"wp-caption-text\">Bernd Riexinger<\/p><\/div>\r\n<hr \/><\/header>\r\n<h3><strong><span class=\"headline\">Erdogans Beziehungen zum IS<\/span><\/strong><\/h3>\r\n<p><a href=\"https:\/\/www.tagesschau.de\/ausland\/tuerkei-syrien-is-107.html\">https:\/\/www.tagesschau.de\/ausland\/tuerkei-syrien-is-107.html<\/a><\/p>\r\n<header class=\"entry-header\"><hr \/>\r\n<p>Siegmar Gabriel fand kein kritisches Wort in der Sendung des ZDF vom 17.10.19 &#8222;Maybritt Illner&#8220;. Seine Beitr\u00e4ge waren voller Verst\u00e4ndnis f\u00fcr die t\u00fcrkische Politik.<br \/>Schon der Einmarsch der t\u00fcrkischen Truppen und mit ihnen verb\u00fcndeter dschihadistischer Milizen in Afrin und die bis heute andauernde Besatzung wurde von der Bundesregierung bis heute nicht als v\u00f6lkerrechtswidrig verurteilt. Auch ein Verdienst des ehemaligen deutschen Au\u00dfenministers. Wie weit ist Gabriel bereit zu gehen?<\/p>\r\n<p><a href=\"https:\/\/www.zdf.de\/politik\/maybrit-illner\/erdogans-krieg-wie-machtlos-ist-europa-sendung-vom-17-oktober-2019-100.html\">https:\/\/www.zdf.de\/politik\/maybrit-illner\/erdogans-krieg-wie-machtlos-ist-europa-sendung-vom-17-oktober-2019-100.html<\/a><\/p>\r\n<p>Zur Einnerung an die SPD<\/p>\r\n<p>Das Solidarit\u00e4tslied &#8211; Melodie<i>, Hanns Eisler, 1931<\/i>, Text Bertolt Brecht<\/p>\r\n<hr \/>\r\n<p><strong>Infos zu Kurdistan \/ Rojava finden Sie in der Rubrik: Solidarit\u00e4t mit Rojava<\/strong><\/p>\r\n<h4><strong>Gegen den t\u00fcrkischen Angriffskrieg in Nord-Syrien \u2013 Solidarit\u00e4t mit Rojava<\/strong><\/h4>\r\n<p><strong>Aufruf zu Anti-Kriegs-Demonstrationen am 19. Oktober 2019 <br \/>in vielen St\u00e4dten der BRD<\/strong><\/p>\r\n<p>Der Arbeitskreis Asyl Cuxhaven ruft zur Teilnahme in Hamburg auf.<br \/>Wir fahren mit dem Niedersachsenticket und treffen uns um 11.50 Uhr am B\u00fcrgerbahnhof Cuxhaven. Die Demonstration in Hamburg beginnt um 15.00 Uhr<br \/>am S-Bahnhof Sternschanze.<\/p>\r\n<p><a href=\"https:\/\/solidaritaetmitrojava.wordpress.com\/aufruf\/\">https:\/\/solidaritaetmitrojava.wordpress.com\/aufruf\/<\/a><\/p>\r\n<hr \/>\r\n<p><strong>Sonntag 13.10. um 18.30 Uhr <\/strong><\/p>\r\n<h4><strong>Lichterkette am B\u00fcrgerbahnhof Cuxhaven<\/strong><\/h4>\r\n<p><a href=\"http:\/\/incuxhaven.de\/wp-content\/uploads\/2019\/10\/Kurdistan-Lichterkette-Cuxhaven-131019-int.png\"><img loading=\"lazy\" decoding=\"async\" class=\"aligncenter size-full wp-image-1389\" src=\"http:\/\/incuxhaven.de\/wp-content\/uploads\/2019\/10\/Kurdistan-Lichterkette-Cuxhaven-131019-int.png\" alt=\"\" width=\"762\" height=\"404\" srcset=\"https:\/\/incuxhaven.de\/wp-content\/uploads\/2019\/10\/Kurdistan-Lichterkette-Cuxhaven-131019-int.png 762w, https:\/\/incuxhaven.de\/wp-content\/uploads\/2019\/10\/Kurdistan-Lichterkette-Cuxhaven-131019-int-300x159.png 300w\" sizes=\"auto, (max-width: 762px) 100vw, 762px\" \/><\/a>Foto: Karl-Heinz Zulkowski-St\u00fcben<\/p>\r\n<p>Rund 120 Menschen, darunter viele kurdische Fl\u00fcchtlinge aus Rojava\/Syrien<br \/>beteiligten sich an der Lichterkette in Cuxhaven und forderten:<\/p>\r\n<h5><strong>H\u00e4nde weg von Rojava! <\/strong><\/h5>\r\n<h5><strong>T\u00fcrkische Armee raus aus Syrien!<br \/><\/strong><\/h5>\r\n<h5><strong>Sofortiger Stopp aller Waffenlieferungen durch die Bundesregierung!<\/strong><\/h5>\r\n<h5><strong>Stoppt Erdogan!<\/strong><\/h5>\r\n<p>Organisiert war die Protestaktion vom Arbeitskreis Asyl Cuxhaven e.V. und der Ortsgruppe der Partei &#8222;Die Linke&#8220; Cuxhaven. Die Cuxhavener Nachrichten, die einzige lokale Zeitung hatte unsere Pressemitteilung nicht ver\u00f6ffentlicht, so dass diese gro\u00dfe Zahl an Teilnehmern, allein durch Mundpropaganda mobilisiert, uns sehr erfreut hat.<\/p>\r\n<p>Liebe Freund*innen,<br \/>Liebe Mitb\u00fcrger*innen<br \/>Liebe G\u00e4ste der Stadt Cuxhaven<\/p>\r\n<p>Am letzten Mittwoch hat das t\u00fcrkische Milit\u00e4r eine erneute v\u00f6lkerrechtswidrige Invasion in Nordsyrien begonnen. Vor wenigen Stunden bombardierten Bomber und Artillerie St\u00e4dte &#8211; nicht nur entlang der syrisch-t\u00fcrkischen Grenze, sondern auch die Stadt Ayn Isa, die 50 km im Landesinneren liegt. W\u00e4hrend die Zivilbev\u00f6lkerung vor den Angriffen flieht, str\u00f6men die Selbstverteidigungseinheiten der Demokratischen Kr\u00e4fte Syriens an die Grenze, um dem Einmarsch des Milit\u00e4rs und mit dem t\u00fcrkischen Regime verb\u00fcndeter islamistischer Milizen Einhalt zu gebieten.<br \/>Noch nicht mal vor einer Woche war Bundesinnenminister Horst Seehofer in der T\u00fcrkei, um Erdogan weitere Unterst\u00fctzung bei der Versorgung von Gefl\u00fcchteten zuzusagen. Jetzt schafft Erdogan durch die Invasion weitere Millionen Fl\u00fcchtlinge und destabilisiert die bisher sichersten Regionen Syriens, wie er es bereits 2018 in Afrin getan hat. <br \/>Der milit\u00e4risch weitestgehend geschlagene Islamische Staat (IS) organisiert sich im Schatten der Invasion erneut und hat bereits neue Anschl\u00e4ge in Raqqa und Deir a Zor ver\u00fcbt. Die Eskalation in Nordsyrien wird die gesamte Region in neues Chaos st\u00fcrzen.<br \/>Weltweit protestieren kurdische und mit Rojava solidarische Organisationen und Menschen gegen den Einmarsch des t\u00fcrkischen Milit\u00e4rs. Unterst\u00fctzen Sie unseren Protest, schreiben Sie Leser*innen-, H\u00f6rer*innen- oder Zuschauer*innen-Emails an die Redaktionen der Medien, um eine kritische Berichterstattung \u00fcber die Ereignisse vor Ort einzufordern.<\/p>\r\n<p>Die Kampagne \u201eMACHT FRIEDEN. Zivile L\u00f6sungen f\u00fcr Syrien\u201c hat &#8211; anl\u00e4sslich des begonnenen Milit\u00e4reinsatzes der T\u00fcrkei in Nordsyrien &#8211; eine Petition gestartet. <br \/>Das Formular zum Unterschreiben findet ihr auf der Website der MACHT FRIEDEN.-Kampagne unter <a href=\"http:\/\/www.macht-frieden.de\/jetzt-unterschreiben-tuerkische-militaeroffensive-syrien-stoppen\">http:\/\/www.macht-frieden.de\/jetzt-unterschreiben-tuerkische-militaeroffensive-syrien-stoppen<\/a><\/p>\r\n<p>oder dem Netzwerk Friedenskooperative unter <br \/><a href=\"https:\/\/www.friedenskooperative.de\/tuerkische-offensive-stoppen\">https:\/\/www.friedenskooperative.de\/tuerkische-offensive-stoppen<\/a><\/p>\r\n<p>Die Unterschriftenaktion l\u00e4uft bis zum 17. Oktober 2019. Wir freuen uns, wenn ihr die Petition mit euren Unterschriften unterst\u00fctzt und in den Sozialen Medien, auf euren Webseiten oder \u00fcber entsprechende Verteilerlisten weiter verbreitet!<\/p>\r\n<p>Der Appell im Wortlaut:<\/p>\r\n<p>Ich unterzeichne den Appell und fordere die Bundesregierung und die Abgeordneten des Deutschen Bundestages auf:<br \/>\u25cf die diplomatischen und wirtschaftlichen Beziehungen zwischen Deutschland und der T\u00fcrkei f\u00fcr bilaterale Gespr\u00e4che zu nutzen, um von der t\u00fcrkischen Regierung einen Stopp des Milit\u00e4reinsatzes zu fordern;<br \/>\u25cf alle deutschen R\u00fcstungsexporte in die T\u00fcrkei umgehend und vollst\u00e4ndig zu stoppen;<br \/>\u25cf ihren Einfluss im UN-Sicherheitsrat geltend zu machen und gemeinsam mit anderen Mitgliedsstaaten den v\u00f6lkerrechtswidrigen Milit\u00e4reinsatz nicht nur zu verurteilen, sondern alle verf\u00fcgbaren diplomatischen Mittel auszusch\u00f6pfen, um diesen zu stoppen;<br \/>\u25cf gleichzeitig die milit\u00e4rische Zusammenarbeit mit der T\u00fcrkei als ein Land, das einen Angriffskrieg f\u00fchrt, im Rahmen der NATO in Frage zu stellen;<br \/>\u25cf die Friedensprozesse in Syrien durch den Ansto\u00df einer Konferenz f\u00fcr Sicherheit und Zusammenarbeit in der Region zu st\u00e4rken.<\/p>\r\n<p><strong>Infos zu Kurdistan \/ Rojava finden Sie in der Rubrik: Solidarit\u00e4t mit Rojava<\/strong><\/p>\r\n<h4><strong>Gegen den t\u00fcrkischen Angriffskrieg in Nord-Syrien \u2013 Solidarit\u00e4t mit Rojava<\/strong><\/h4>\r\n<p><strong>Aufruf zu Anti-KriegsDemonstrationen am 19. Oktober 2019 <br \/>in vielen St\u00e4dten der BRD<\/strong><\/p>\r\n<p>Der Arbeitskreis Asyl Cuxhaven ruft zur Teilnahme in Hamburg auf.<br \/>Wir fahren mit dem Niedersachsenticket und treffen uns um 11.50 Uhr am B\u00fcrgerbahnhof Cuxhaven. Die Demonstration in Hamburg beginnt um 15.00 Uhr<br \/>am S-Bahnhof Sternschanze.<\/p>\r\n<\/header><\/div>\r\n<hr \/>\r\n<p><!--StartFragment --><\/p>\r\n<h5><strong>Zur Erinnerung<\/strong><\/h5>\r\n<h5><strong><a href=\"http:\/\/incuxhaven.de\/wp-content\/uploads\/2019\/10\/Erdogan-die-Paradise-Papers-und-sein-Korruptionssumpf-Telepolis.pdf\">Erdogan, die Paradise Papers und sein Korruptionssumpf <\/a><\/strong><\/h5>\r\n<h5><strong><a href=\"http:\/\/incuxhaven.de\/wp-content\/uploads\/2019\/10\/Erdogan-die-Paradise-Papers-und-sein-Korruptionssumpf-Telepolis.pdf\">Telepolis<\/a><\/strong><\/h5>\r\n<h5>\u00a0<\/h5>\r\n<h5><strong><a href=\"http:\/\/incuxhaven.de\/wp-content\/uploads\/2019\/10\/Paradise-Papers-in-der-T\u00fcrkei-Retourkutsche-f\u00fcr-Recherchen-Tagesschau-de.pdf\">Paradise Papers in der T\u00fcrkei Retourkutsche f\u00fcr Recherchen<\/a><\/strong><\/h5>\r\n<h5><strong><a href=\"http:\/\/incuxhaven.de\/wp-content\/uploads\/2019\/10\/Paradise-Papers-in-der-T\u00fcrkei-Retourkutsche-f\u00fcr-Recherchen-Tagesschau-de.pdf\">Tagesschau de<\/a><\/strong><\/h5>\r\n<div class=\"col_1c\"><header class=\"entry-header\"><hr \/>\r\n<p><a href=\"https:\/\/www.cnv-medien.de\/news\/abschiebung-verhindert-lehrerin-aus-schiffdorf-soll-strafe-zahlen.html?L=0\">https:\/\/www.cnv-medien.de\/news\/abschiebung-verhindert-lehrerin-aus-schiffdorf-soll-strafe-zahlen.html?L=0<\/a><\/p>\r\n<h5><strong>Abschiebung verhindert: Lehrerin aus Schiffdorf soll Strafe zahlen<\/strong><\/h5>\r\n<div class=\"cnv-news-meta\"><span class=\"cnv-news-date\"> 03.10.2019 <\/span><\/div>\r\n<h5 class=\"cnv-news-teaser\"><strong>SCHIFFDORF. Einsatz mit Folgen: Als zwei Zivilfahnder der Polizei im M\u00e4rz den sudanesischen Fl\u00fcchtling Mammoud F. in der Max-Eyth-Schule in Schiffdorf festnehmen wollen, stellt sich ihnen eine Lehrerin in den Weg.<\/strong><\/h5>\r\n<div class=\"cnv-news-content\">\r\n<p>Sie will verhindern, dass der 28-J\u00e4hrige abgeschoben wird. Dieses Verhalten wertet die Staatsanwaltschaft in Stade als &#8222;Widerstand gegen Vollstreckungsbeamte&#8220;. Daf\u00fcr soll die Frau 5000 Euro Strafe zahlen. Mammoud F. ist mittlerweile &#8222;abgetaucht&#8220;. Der Landkreis hat ihn zur Fahndung ausgeschrieben.<\/p>\r\n<p><span class=\"cnv-text-em\">In falschen Raum geschickt<\/span><\/p>\r\n<p>Oberstaatsanwalt Kai Thomas Breas in Stade best\u00e4tigt den Strafbefehl gegen die Lehrerin &#8211; nach Informationen unserer Zeitung wohnt sie in Schiffdorf &#8211; und blickt in die Unterlagen. Demnach h\u00e4tten die Polizeibeamten die Lehrerin in der Schule gefragt, wo der Raum sei, in dem sich der Fl\u00fcchtling aufhalte. &#8222;Die Lehrerin hat die Beamten zuerst in einen anderen Raum geschickt&#8220;, sagt Breas.<\/p>\r\n<p>Im &#8222;richtigen&#8220; Raum dann habe besagte P\u00e4dagogin sich den Polizisten in den Weg gestellt, um die Festnahme des Sudanesen zu verhindern. &#8222;Daraufhin hat ihr die Polizei einen Platzverweis erteilt, den sie nicht akzeptierte&#8220;, berichtet Breas. Als die beiden Beamten die Lehrerin dann zum Ausgang der Schule bringen wollten, h\u00e4tte sie sich losgerissen. All das rechtfertige aus Sicht des Oberstaatsanwalts die Zahlung von 50 Tagess\u00e4tzen \u00e0 100 Euro.<\/p>\r\n<p><span class=\"cnv-text-em\">Einspruch eingelegt<\/span><\/p>\r\n<p>Das Amtsgericht Geestland hat auf Antrag der Staatsanwaltschaft Stade den Strafbefehl wegen &#8222;Widerstands gegen Vollstreckungsbeamte&#8220; erlassen. Dies erkl\u00e4rt Amtsgerichtsdirektor Axel D\u00f6scher. Der Strafbefehl sei dem Verteidiger der Lehrerin in der letzten Augustwoche zugestellt worden. &#8222;Fristgerecht hat der Verteidiger Einspruch eingelegt, sodass es zu einer Hauptverhandlung vor dem Strafrichter des Amtsgerichts Geestland kommen wird&#8220;, f\u00fchrt D\u00f6scher weiter aus. Eine Terminierung der Verhandlung sei noch nicht erfolgt. (as)<\/p>\r\n<p><time class=\"entry-date published\" datetime=\"2019-03-07T10:02:15+02:00\">7. M\u00e4rz 2019<\/time><\/p>\r\n<h5 class=\"entry-title\"><strong><a href=\"https:\/\/nord24.de\/landkreis-cuxhaven\/schiffdorf-polizei-einsatz-um-fluechtling-sorgt-fuer-aufregung\" rel=\"bookmark\">Schiffdorf: Polizei-Einsatz um Fl\u00fcchtling sorgt f\u00fcr Aufregung<\/a><\/strong><\/h5>\r\n<p><strong>F\u00fcr helle Aufregung hat die vor\u00fcbergehende Festnahme eines Fl\u00fcchtlings an der Max-Eyth-Schule in Schiffdorf gesorgt. Beim Einsatz der bewaffneten Zivilfahnder soll eine Lehrerin verletzt worden sein, die sich sch\u00fctzend vor den jungen Mann aus dem Sudan gestellt haben soll.<\/strong><\/p>\r\n<hr \/><\/div>\r\n<h5 class=\"entry-title\" style=\"text-align: center;\"><strong>Nach t\u00f6dlichem Polizeieinsatz in Stade: <\/strong><\/h5>\r\n<h5 class=\"entry-title\" style=\"text-align: center;\"><strong>Demonstration in Gedenken an Aman<\/strong><\/h5>\r\n<\/header>\r\n<div class=\"entry-content\">\r\n<p><a href=\"http:\/\/incuxhaven.de\/wp-content\/uploads\/2019\/10\/Gedenken-an-Aman-Alizada.jpg\"><img loading=\"lazy\" decoding=\"async\" class=\"size-full wp-image-1366 aligncenter\" src=\"http:\/\/incuxhaven.de\/wp-content\/uploads\/2019\/10\/Gedenken-an-Aman-Alizada.jpg\" alt=\"\" width=\"577\" height=\"599\" srcset=\"https:\/\/incuxhaven.de\/wp-content\/uploads\/2019\/10\/Gedenken-an-Aman-Alizada.jpg 577w, https:\/\/incuxhaven.de\/wp-content\/uploads\/2019\/10\/Gedenken-an-Aman-Alizada-289x300.jpg 289w, https:\/\/incuxhaven.de\/wp-content\/uploads\/2019\/10\/Gedenken-an-Aman-Alizada-300x311.jpg 300w\" sizes=\"auto, (max-width: 577px) 100vw, 577px\" \/><\/a><\/p>\r\n<p>Am 17. August 2019 starb der 19 j\u00e4hrige Aman Alizada <a href=\"https:\/\/www.nds-fluerat.org\/39864\/aktuelles\/nach-toedlichem-polizeieinsatz-in-stade-viele-fragen-offen\/\">in Folge eines t\u00f6dlichen Polizeieinsatzes in Stade<\/a>. Am <strong>12. Oktober 2019<\/strong> wird es anl\u00e4sslich der T\u00f6tung eine Demonstration in Stade geben.<\/p>\r\n<h3>Zum Aufruf<\/h3>\r\n<p><strong>English and farsi version below<\/strong><\/p>\r\n<p>Aman Alizada fl\u00fcchtete Ende 2015 mit 15 Jahren allein aus Afghanistan nach Deutschland. Als Angeh\u00f6riger der ethnischen Minderheit Hazara suchte er Schutz und Sicherheit vor weiterer Gewalt und Verfolgung. Doch statt des ersehnten Schutzes fand der 19-j\u00e4hrige den Tod -durch die Kugeln aus der Dienstwaffe eines deutschen Polizisten. Die t\u00f6dlichen Sch\u00fcsse trafen Aman am Abend des 17. August 2019 in einer Fl\u00fcchtlingsunterkunft im Stadtteil B\u00fctzfleth.<\/p>\r\n<p>Aman, der unter einer psychischen Erkrankung litt, befand sich in einem akuten Krisenzustand. Aus Sorge um seinen Freund Aman entschied der Mitbewohner der Unterkunft, die Polizei zur Hilfe zu rufen. Der Umgang mit Menschen in akuten Krisenzust\u00e4nden geh\u00f6rt zum Alltag der Polizei. Deshalb verstehen wir nicht, warum die Beamten der Polizeidirektion Stade Aman get\u00f6tet haben. Mit der Demonstration bringen wir unsere Trauer, Angst und Wut zum Ausdruck und wiederholen unsere Fragen, die bislang unbeantwortet geblieben sind. Die Polizei spricht davon, in \u201eNotwehr\u201c gehandelt zu haben. Allerdings verschweigt sie dabei, dass sie Aman bereits am 16. August \u2013 ebenfalls aufgrund eines Krisenzustandes \u2013 aufsuchte und sp\u00e4testens seit diesem Tag von Amans psychischer Erkrankung wusste. Doch anstatt sich auf die Situation einzustellen, deeskalierend zu handeln und Aman die notwendige Hilfe zu gew\u00e4hren, griffen sie zur Waffe und erschossen ihn.<\/p>\r\n<p>Wir verstehen nicht, weshalb es sechs Polizisten nicht schafften, die Situation ohne den Einsatz der Schusswaffe zu bew\u00e4ltigen. Auch die Ermittlungen in dem Fall werfen Fragen auf: F\u00fcnf Wochen nach den Todessch\u00fcssen wurde bislang lediglich ein Mitbewohner von Aman Alizada von der Polizei zu den Ereignissen befragt. Die Befragung erfolgte unmittelbar nach der T\u00f6tung von Aman. Zwar war bei der Befragung ein Dolmetscher dabei \u2013 dieser sprach jedoch nicht die erforderliche Sprache und konnte sich daher lediglich begrenzt mit dem Mitbewohner verst\u00e4ndigen.<\/p>\r\n<p><strong>Am 12. Oktober demonstrieren wir, um unsere Trauer, Angst und Wut auszudr\u00fccken und Aman zu gedenken.<\/strong> Wir werden die T\u00f6tung Amans durch die deutsche Polizei nicht vergessen. Der Tod des so jungen Menschen hinterl\u00e4sst bei allen Hinterbliebenden eine gro\u00dfe Leere,Trauer, Unverst\u00e4ndnis und viele Fragen.<\/p>\r\n<p><strong>Wir fordern eine umfassende Aufkl\u00e4rung des tragischen Todes und wir wollen gemeinsam einen Raum f\u00fcr das Gedenken an Aman schaffen.<\/strong><\/p>\r\n<p><strong>Schlie\u00dft euch uns an, kommt zahlreich und lasst das Geschehene nicht in Vergessenheit geraten.<\/strong><\/p>\r\n<p><strong>Beginn<\/strong> : 14 Uhr<\/p>\r\n<p><strong>Wo: <\/strong>Pferdemarkt, Stade<\/p>\r\n<p>Der Fl\u00fcchtlingsrat Niedersachsen ruft gemeinsam mit Freunden und Unterst\u00fctzer_innen von Aman, dem Fl\u00fcchtlingsrat Hamburg, der B\u00fcrgerinitiative Menschenw\u00fcrde Landkreis Stade,\u00a0 SJ- Die Falken Niederelbe und SKF -Sauerkrautfabrik Harburg zur Teilnahme an der Demonstration auf. Schlie\u00dft euch dem Aufruf an und verbreitet diesen.<\/p>\r\n<p><strong>Flyer zum Verbreiten<\/strong>: <a href=\"https:\/\/www.nds-fluerat.org\/wp-content\/uploads\/2019\/10\/Demo_Aufruf-Deutsch.pdf\">Deutsch<\/a>, <a href=\"https:\/\/www.nds-fluerat.org\/wp-content\/uploads\/2019\/10\/Demo_Aufruf-Persisch.pdf\">Persisch<\/a>, <a href=\"https:\/\/www.nds-fluerat.org\/wp-content\/uploads\/2019\/10\/Demo_Aufruf-Englisch.pdf\">Englisch<\/a><\/p>\r\n<\/div>\r\n<\/div>\r\n<h3><strong>Ich hoffe auf Gerechtigkeit!<\/strong><\/h3>\r\n<p>Leserbrief an die Cuxhavener Nachrichten vom 26.08.19<\/p>\r\n<p>F\u00fcr den Polizeibeamten, der in Stade einen jungen Afghanen erschossen hat, ist es sicherlich ein traumatisches Erlebnis. Gut, dass f\u00fcr ihn und seine Kollegen gesorgt wird.<br \/>Was ist mit den Fl\u00fcchtlingen aus der Unterkunft in B\u00fctzfleth? Ein Mitbewohner erschossen &#8211; auch sie brauchen seelsorgerische Hilfen.<br \/>Wie muss sich derjenige f\u00fchlen, der durch seinen Anruf den Polizeieinsatz ausgel\u00f6st hat? F\u00fchlt er sich mitverantwortlich f\u00fcr den Tod seines Mitbewohners oder kam der Anruf von Au\u00dferhalb.<br \/>Was bei der Polizei vielfach zu fehlen scheint, ist eine Ausbildung, um mit traumatisierten, psychisch auff\u00e4lligen Menschen angemessen umgehen zu k\u00f6nnen. Auch der junge Afghane war offensichtlich in psychischer Behandlung und war der Polizei (nach eigenen Aussagen) bekannt, warum wurde dann kein Psychologe hinzugezogen? Es soll nicht um einen k\u00f6rperlichen Streit gegangen sein sondern einzig um laute Musik und laute Selbstgespr\u00e4che.<br \/>\u201eIn den vergangenen f\u00fcnf Jahren sind 38 Menschen in Deutschland durch Polizeikugeln get\u00f6tet worden. Zwei Drittel von ihnen waren nicht kriminell, sondern krank. Sie h\u00e4tten psychologische Hilfe gebraucht.&#8220; (S\u00fcddeutsche Zeitung vom 27. Mai 2014) <br \/>Fast immer stellen die zust\u00e4ndigen Staatsanwaltschaften Verfahren, in denen Polizeibeamte beschuldigt werden, ein, so dass es erst gar nicht zu einer gerichtlichen Kl\u00e4rung kommt. Dies ist auch kein Wunder, da die Staatsanwaltschaften st\u00e4ndig auf die Zusammenarbeit mit der Polizei angewiesen sind. Auch wenn in diesem Fall die Polizei Cuxhaven ermittelt, ist f\u00fcr die Bewertung die Staatsanwaltschaft Stade zust\u00e4ndig. Eine wirklich unabh\u00e4ngige Untersuchung ist in diesem System nicht vorgesehen.<br \/>Ich jedenfalls hoffe, dass die Wahrheit \u00fcber den Einsatz an Tageslicht kommt und zumindest die Familie des Get\u00f6teten Gerechtigkeit erf\u00e4hrt.<\/p>\r\n<p>Virginia St\u00fcben<\/p>\r\n<div class=\"col_1c\">\r\n<div class=\"entry-content\"><hr \/><\/div>\r\n<h4>\u00a0<\/h4>\r\n<h4><strong><a href=\"http:\/\/incuxhaven.de\/wp-content\/uploads\/2019\/09\/Flyer-Klimastreik-Cux.jpg\">Fridays for Future ein Riesenerfolg<\/a><\/strong><\/h4>\r\n<p><em>\u201eDer #Klima Streik am 20. September wird gro\u00df, sei auch du dabei! Egal ob jung oder alt, gemeinsam auf die Stra\u00dfe f\u00fcr eine bessere Zukunft.\u201c<\/em> Die Erwartungen der beteiligten Sch\u00fcler*innen wurden weit \u00fcbertroffen. Mehr als 1.500 Teilnehmer, darunter auch viele erwachsene B\u00fcrger*innen aus der Stadt und dem Landkreis Cuxhaven waren ihrem Aufruf gefolgt und zogen in einem Demonstrationszug durch die Innenstadt. Die mehrst\u00fcndige Veranstaltung endete mit einer Kundgebung auf dem Holstenplatz.<\/p>\r\n<p>Die Otterndorfer Band Blizz heizte m\u00e4chtig ein. Die Reden der verantwortlichen Sch\u00fcler*innen zeugten nicht nur von dem Ernst mit dem sie das Klimaproblem angehen, sondern auch davon, dass sie sich vielf\u00e4ltige Kenntnisse und politisches Verst\u00e4ndnis angeeignet haben. Die 16-j\u00e4hrige Lena verstand es, ihre Kritik auch mit humorvollen Spitzen zu versehen. Die Parents for Future begr\u00fcndeten die Notwendigkeit, dass auch die Erwachsenen ihren Beitrag zu einer erfolgreichen Klimapolitik leisten m\u00fcssen. Mit Prof. Dr. Peter Lemke, vom Alfred-Wegener-Institut (AWI) Bremerhaven, dass sich seit vielen Jahren die Erforschung des Klimas auf die Fahnen geschrieben hat, kritisierte ein hochkar\u00e4tiger Wissenschaftler die gegenw\u00e4rtige Klimapolitik der GROKO (Gro\u00dfen Koalition aus CDU und SPD) und bewertete den Klimakompromiss (Klimakabinett) als nicht ausreichend.<\/p>\r\n<p>\u00a9 alle Fotos: Karl-Heinz Zulkowski-St\u00fcben<\/p>\r\n<p><a href=\"http:\/\/incuxhaven.de\/wp-content\/uploads\/2019\/09\/ZSTU4342.png\"><img loading=\"lazy\" decoding=\"async\" class=\"aligncenter size-full wp-image-1322\" src=\"http:\/\/incuxhaven.de\/wp-content\/uploads\/2019\/09\/ZSTU4342.png\" alt=\"\" width=\"1106\" height=\"830\" srcset=\"https:\/\/incuxhaven.de\/wp-content\/uploads\/2019\/09\/ZSTU4342.png 1106w, https:\/\/incuxhaven.de\/wp-content\/uploads\/2019\/09\/ZSTU4342-300x225.png 300w, https:\/\/incuxhaven.de\/wp-content\/uploads\/2019\/09\/ZSTU4342-768x576.png 768w, https:\/\/incuxhaven.de\/wp-content\/uploads\/2019\/09\/ZSTU4342-1024x768.png 1024w\" sizes=\"auto, (max-width: 1106px) 100vw, 1106px\" \/><\/a> <a href=\"http:\/\/incuxhaven.de\/wp-content\/uploads\/2019\/09\/ZSTU4343-be.png\"><img loading=\"lazy\" decoding=\"async\" class=\"aligncenter size-full wp-image-1321\" src=\"http:\/\/incuxhaven.de\/wp-content\/uploads\/2019\/09\/ZSTU4343-be.png\" alt=\"\" width=\"905\" height=\"617\" srcset=\"https:\/\/incuxhaven.de\/wp-content\/uploads\/2019\/09\/ZSTU4343-be.png 905w, https:\/\/incuxhaven.de\/wp-content\/uploads\/2019\/09\/ZSTU4343-be-300x205.png 300w, https:\/\/incuxhaven.de\/wp-content\/uploads\/2019\/09\/ZSTU4343-be-768x524.png 768w\" sizes=\"auto, (max-width: 905px) 100vw, 905px\" \/><\/a> <a href=\"http:\/\/incuxhaven.de\/wp-content\/uploads\/2019\/09\/ZSTU4345.png\"><img loading=\"lazy\" decoding=\"async\" class=\"aligncenter size-full wp-image-1320\" src=\"http:\/\/incuxhaven.de\/wp-content\/uploads\/2019\/09\/ZSTU4345.png\" alt=\"\" width=\"1106\" height=\"830\" srcset=\"https:\/\/incuxhaven.de\/wp-content\/uploads\/2019\/09\/ZSTU4345.png 1106w, https:\/\/incuxhaven.de\/wp-content\/uploads\/2019\/09\/ZSTU4345-300x225.png 300w, https:\/\/incuxhaven.de\/wp-content\/uploads\/2019\/09\/ZSTU4345-768x576.png 768w, https:\/\/incuxhaven.de\/wp-content\/uploads\/2019\/09\/ZSTU4345-1024x768.png 1024w\" sizes=\"auto, (max-width: 1106px) 100vw, 1106px\" \/><\/a> <a href=\"http:\/\/incuxhaven.de\/wp-content\/uploads\/2019\/09\/ZSTU4353.png\"><img loading=\"lazy\" decoding=\"async\" class=\"aligncenter size-full wp-image-1319\" src=\"http:\/\/incuxhaven.de\/wp-content\/uploads\/2019\/09\/ZSTU4353.png\" alt=\"\" width=\"830\" height=\"1106\" srcset=\"https:\/\/incuxhaven.de\/wp-content\/uploads\/2019\/09\/ZSTU4353.png 830w, https:\/\/incuxhaven.de\/wp-content\/uploads\/2019\/09\/ZSTU4353-225x300.png 225w, https:\/\/incuxhaven.de\/wp-content\/uploads\/2019\/09\/ZSTU4353-768x1024.png 768w, https:\/\/incuxhaven.de\/wp-content\/uploads\/2019\/09\/ZSTU4353-300x400.png 300w\" sizes=\"auto, (max-width: 830px) 100vw, 830px\" \/><\/a> <a href=\"http:\/\/incuxhaven.de\/wp-content\/uploads\/2019\/09\/ZSTU4355.png\"><img loading=\"lazy\" decoding=\"async\" class=\"aligncenter size-full wp-image-1318\" src=\"http:\/\/incuxhaven.de\/wp-content\/uploads\/2019\/09\/ZSTU4355.png\" alt=\"\" width=\"830\" height=\"1106\" srcset=\"https:\/\/incuxhaven.de\/wp-content\/uploads\/2019\/09\/ZSTU4355.png 830w, https:\/\/incuxhaven.de\/wp-content\/uploads\/2019\/09\/ZSTU4355-225x300.png 225w, https:\/\/incuxhaven.de\/wp-content\/uploads\/2019\/09\/ZSTU4355-768x1024.png 768w, https:\/\/incuxhaven.de\/wp-content\/uploads\/2019\/09\/ZSTU4355-300x400.png 300w\" sizes=\"auto, (max-width: 830px) 100vw, 830px\" \/><\/a> <a href=\"http:\/\/incuxhaven.de\/wp-content\/uploads\/2019\/09\/ZSTU4357.png\"><img loading=\"lazy\" decoding=\"async\" class=\"aligncenter size-full wp-image-1317\" src=\"http:\/\/incuxhaven.de\/wp-content\/uploads\/2019\/09\/ZSTU4357.png\" alt=\"\" width=\"1106\" height=\"830\" srcset=\"https:\/\/incuxhaven.de\/wp-content\/uploads\/2019\/09\/ZSTU4357.png 1106w, https:\/\/incuxhaven.de\/wp-content\/uploads\/2019\/09\/ZSTU4357-300x225.png 300w, https:\/\/incuxhaven.de\/wp-content\/uploads\/2019\/09\/ZSTU4357-768x576.png 768w, https:\/\/incuxhaven.de\/wp-content\/uploads\/2019\/09\/ZSTU4357-1024x768.png 1024w\" sizes=\"auto, (max-width: 1106px) 100vw, 1106px\" \/><\/a> <a href=\"http:\/\/incuxhaven.de\/wp-content\/uploads\/2019\/09\/ZSTU4360.png\"><img loading=\"lazy\" decoding=\"async\" class=\"aligncenter size-full wp-image-1316\" src=\"http:\/\/incuxhaven.de\/wp-content\/uploads\/2019\/09\/ZSTU4360.png\" alt=\"\" width=\"950\" height=\"712\" srcset=\"https:\/\/incuxhaven.de\/wp-content\/uploads\/2019\/09\/ZSTU4360.png 950w, https:\/\/incuxhaven.de\/wp-content\/uploads\/2019\/09\/ZSTU4360-300x225.png 300w, https:\/\/incuxhaven.de\/wp-content\/uploads\/2019\/09\/ZSTU4360-768x576.png 768w\" sizes=\"auto, (max-width: 950px) 100vw, 950px\" \/><\/a> <a href=\"http:\/\/incuxhaven.de\/wp-content\/uploads\/2019\/09\/ZSTU4361.png\"><img loading=\"lazy\" decoding=\"async\" class=\"aligncenter size-full wp-image-1315\" src=\"http:\/\/incuxhaven.de\/wp-content\/uploads\/2019\/09\/ZSTU4361.png\" alt=\"\" width=\"1106\" height=\"830\" srcset=\"https:\/\/incuxhaven.de\/wp-content\/uploads\/2019\/09\/ZSTU4361.png 1106w, https:\/\/incuxhaven.de\/wp-content\/uploads\/2019\/09\/ZSTU4361-300x225.png 300w, https:\/\/incuxhaven.de\/wp-content\/uploads\/2019\/09\/ZSTU4361-768x576.png 768w, https:\/\/incuxhaven.de\/wp-content\/uploads\/2019\/09\/ZSTU4361-1024x768.png 1024w\" sizes=\"auto, (max-width: 1106px) 100vw, 1106px\" \/><\/a> <a href=\"http:\/\/incuxhaven.de\/wp-content\/uploads\/2019\/09\/ZSTU4366.png\"><img loading=\"lazy\" decoding=\"async\" class=\"aligncenter size-full wp-image-1314\" src=\"http:\/\/incuxhaven.de\/wp-content\/uploads\/2019\/09\/ZSTU4366.png\" alt=\"\" width=\"1106\" height=\"830\" srcset=\"https:\/\/incuxhaven.de\/wp-content\/uploads\/2019\/09\/ZSTU4366.png 1106w, https:\/\/incuxhaven.de\/wp-content\/uploads\/2019\/09\/ZSTU4366-300x225.png 300w, https:\/\/incuxhaven.de\/wp-content\/uploads\/2019\/09\/ZSTU4366-768x576.png 768w, https:\/\/incuxhaven.de\/wp-content\/uploads\/2019\/09\/ZSTU4366-1024x768.png 1024w\" sizes=\"auto, (max-width: 1106px) 100vw, 1106px\" \/><\/a> <a href=\"http:\/\/incuxhaven.de\/wp-content\/uploads\/2019\/09\/ZSTU4368.png\"><img loading=\"lazy\" decoding=\"async\" class=\"aligncenter size-full wp-image-1313\" src=\"http:\/\/incuxhaven.de\/wp-content\/uploads\/2019\/09\/ZSTU4368.png\" alt=\"\" width=\"1106\" height=\"830\" srcset=\"https:\/\/incuxhaven.de\/wp-content\/uploads\/2019\/09\/ZSTU4368.png 1106w, https:\/\/incuxhaven.de\/wp-content\/uploads\/2019\/09\/ZSTU4368-300x225.png 300w, https:\/\/incuxhaven.de\/wp-content\/uploads\/2019\/09\/ZSTU4368-768x576.png 768w, https:\/\/incuxhaven.de\/wp-content\/uploads\/2019\/09\/ZSTU4368-1024x768.png 1024w\" sizes=\"auto, (max-width: 1106px) 100vw, 1106px\" \/><\/a> <a href=\"http:\/\/incuxhaven.de\/wp-content\/uploads\/2019\/09\/ZSTU4369.png\"><img loading=\"lazy\" decoding=\"async\" class=\"aligncenter size-full wp-image-1312\" src=\"http:\/\/incuxhaven.de\/wp-content\/uploads\/2019\/09\/ZSTU4369.png\" alt=\"\" width=\"1106\" height=\"830\" srcset=\"https:\/\/incuxhaven.de\/wp-content\/uploads\/2019\/09\/ZSTU4369.png 1106w, https:\/\/incuxhaven.de\/wp-content\/uploads\/2019\/09\/ZSTU4369-300x225.png 300w, https:\/\/incuxhaven.de\/wp-content\/uploads\/2019\/09\/ZSTU4369-768x576.png 768w, https:\/\/incuxhaven.de\/wp-content\/uploads\/2019\/09\/ZSTU4369-1024x768.png 1024w\" sizes=\"auto, (max-width: 1106px) 100vw, 1106px\" \/><\/a> <a href=\"http:\/\/incuxhaven.de\/wp-content\/uploads\/2019\/09\/ZSTU4372.png\"><img loading=\"lazy\" decoding=\"async\" class=\"aligncenter size-full wp-image-1311\" src=\"http:\/\/incuxhaven.de\/wp-content\/uploads\/2019\/09\/ZSTU4372.png\" alt=\"\" width=\"830\" height=\"1106\" srcset=\"https:\/\/incuxhaven.de\/wp-content\/uploads\/2019\/09\/ZSTU4372.png 830w, https:\/\/incuxhaven.de\/wp-content\/uploads\/2019\/09\/ZSTU4372-225x300.png 225w, https:\/\/incuxhaven.de\/wp-content\/uploads\/2019\/09\/ZSTU4372-768x1024.png 768w, https:\/\/incuxhaven.de\/wp-content\/uploads\/2019\/09\/ZSTU4372-300x400.png 300w\" sizes=\"auto, (max-width: 830px) 100vw, 830px\" \/><\/a> <a href=\"http:\/\/incuxhaven.de\/wp-content\/uploads\/2019\/09\/ZSTU4374.png\"><img loading=\"lazy\" decoding=\"async\" class=\"aligncenter size-full wp-image-1310\" src=\"http:\/\/incuxhaven.de\/wp-content\/uploads\/2019\/09\/ZSTU4374.png\" alt=\"\" width=\"830\" height=\"1106\" srcset=\"https:\/\/incuxhaven.de\/wp-content\/uploads\/2019\/09\/ZSTU4374.png 830w, https:\/\/incuxhaven.de\/wp-content\/uploads\/2019\/09\/ZSTU4374-225x300.png 225w, https:\/\/incuxhaven.de\/wp-content\/uploads\/2019\/09\/ZSTU4374-768x1024.png 768w, https:\/\/incuxhaven.de\/wp-content\/uploads\/2019\/09\/ZSTU4374-300x400.png 300w\" sizes=\"auto, (max-width: 830px) 100vw, 830px\" \/><\/a> <a href=\"http:\/\/incuxhaven.de\/wp-content\/uploads\/2019\/09\/ZSTU4389.png\"><img loading=\"lazy\" decoding=\"async\" class=\"aligncenter size-full wp-image-1309\" src=\"http:\/\/incuxhaven.de\/wp-content\/uploads\/2019\/09\/ZSTU4389.png\" alt=\"\" width=\"830\" height=\"1106\" srcset=\"https:\/\/incuxhaven.de\/wp-content\/uploads\/2019\/09\/ZSTU4389.png 830w, https:\/\/incuxhaven.de\/wp-content\/uploads\/2019\/09\/ZSTU4389-225x300.png 225w, https:\/\/incuxhaven.de\/wp-content\/uploads\/2019\/09\/ZSTU4389-768x1024.png 768w, https:\/\/incuxhaven.de\/wp-content\/uploads\/2019\/09\/ZSTU4389-300x400.png 300w\" sizes=\"auto, (max-width: 830px) 100vw, 830px\" \/><\/a> <a href=\"http:\/\/incuxhaven.de\/wp-content\/uploads\/2019\/09\/ZSTU4392.png\"><img loading=\"lazy\" decoding=\"async\" class=\"aligncenter size-full wp-image-1308\" src=\"http:\/\/incuxhaven.de\/wp-content\/uploads\/2019\/09\/ZSTU4392.png\" alt=\"\" width=\"1106\" height=\"830\" srcset=\"https:\/\/incuxhaven.de\/wp-content\/uploads\/2019\/09\/ZSTU4392.png 1106w, https:\/\/incuxhaven.de\/wp-content\/uploads\/2019\/09\/ZSTU4392-300x225.png 300w, https:\/\/incuxhaven.de\/wp-content\/uploads\/2019\/09\/ZSTU4392-768x576.png 768w, https:\/\/incuxhaven.de\/wp-content\/uploads\/2019\/09\/ZSTU4392-1024x768.png 1024w\" sizes=\"auto, (max-width: 1106px) 100vw, 1106px\" \/><\/a> <a href=\"http:\/\/incuxhaven.de\/wp-content\/uploads\/2019\/09\/ZSTU4396.png\"><img loading=\"lazy\" decoding=\"async\" class=\"aligncenter size-full wp-image-1307\" src=\"http:\/\/incuxhaven.de\/wp-content\/uploads\/2019\/09\/ZSTU4396.png\" alt=\"\" width=\"830\" height=\"1106\" srcset=\"https:\/\/incuxhaven.de\/wp-content\/uploads\/2019\/09\/ZSTU4396.png 830w, https:\/\/incuxhaven.de\/wp-content\/uploads\/2019\/09\/ZSTU4396-225x300.png 225w, https:\/\/incuxhaven.de\/wp-content\/uploads\/2019\/09\/ZSTU4396-768x1024.png 768w, https:\/\/incuxhaven.de\/wp-content\/uploads\/2019\/09\/ZSTU4396-300x400.png 300w\" sizes=\"auto, (max-width: 830px) 100vw, 830px\" \/><\/a> <a href=\"http:\/\/incuxhaven.de\/wp-content\/uploads\/2019\/09\/ZSTU4401.png\"><img loading=\"lazy\" decoding=\"async\" class=\"aligncenter size-full wp-image-1306\" src=\"http:\/\/incuxhaven.de\/wp-content\/uploads\/2019\/09\/ZSTU4401.png\" alt=\"\" width=\"830\" height=\"1106\" srcset=\"https:\/\/incuxhaven.de\/wp-content\/uploads\/2019\/09\/ZSTU4401.png 830w, https:\/\/incuxhaven.de\/wp-content\/uploads\/2019\/09\/ZSTU4401-225x300.png 225w, https:\/\/incuxhaven.de\/wp-content\/uploads\/2019\/09\/ZSTU4401-768x1024.png 768w, https:\/\/incuxhaven.de\/wp-content\/uploads\/2019\/09\/ZSTU4401-300x400.png 300w\" sizes=\"auto, (max-width: 830px) 100vw, 830px\" \/><\/a> <a href=\"http:\/\/incuxhaven.de\/wp-content\/uploads\/2019\/09\/ZSTU4402.png\"><img loading=\"lazy\" decoding=\"async\" class=\"aligncenter size-full wp-image-1305\" src=\"http:\/\/incuxhaven.de\/wp-content\/uploads\/2019\/09\/ZSTU4402.png\" alt=\"\" width=\"702\" height=\"527\" srcset=\"https:\/\/incuxhaven.de\/wp-content\/uploads\/2019\/09\/ZSTU4402.png 702w, https:\/\/incuxhaven.de\/wp-content\/uploads\/2019\/09\/ZSTU4402-300x225.png 300w\" sizes=\"auto, (max-width: 702px) 100vw, 702px\" \/><\/a> <a href=\"http:\/\/incuxhaven.de\/wp-content\/uploads\/2019\/09\/ZSTU4403.png\"><img loading=\"lazy\" decoding=\"async\" class=\"aligncenter size-full wp-image-1304\" src=\"http:\/\/incuxhaven.de\/wp-content\/uploads\/2019\/09\/ZSTU4403.png\" alt=\"\" width=\"1106\" height=\"830\" srcset=\"https:\/\/incuxhaven.de\/wp-content\/uploads\/2019\/09\/ZSTU4403.png 1106w, https:\/\/incuxhaven.de\/wp-content\/uploads\/2019\/09\/ZSTU4403-300x225.png 300w, https:\/\/incuxhaven.de\/wp-content\/uploads\/2019\/09\/ZSTU4403-768x576.png 768w, https:\/\/incuxhaven.de\/wp-content\/uploads\/2019\/09\/ZSTU4403-1024x768.png 1024w\" sizes=\"auto, (max-width: 1106px) 100vw, 1106px\" \/><\/a> <a href=\"http:\/\/incuxhaven.de\/wp-content\/uploads\/2019\/09\/ZSTU4405.png\"><img loading=\"lazy\" decoding=\"async\" class=\"aligncenter size-full wp-image-1303\" src=\"http:\/\/incuxhaven.de\/wp-content\/uploads\/2019\/09\/ZSTU4405.png\" alt=\"\" width=\"830\" height=\"1106\" srcset=\"https:\/\/incuxhaven.de\/wp-content\/uploads\/2019\/09\/ZSTU4405.png 830w, https:\/\/incuxhaven.de\/wp-content\/uploads\/2019\/09\/ZSTU4405-225x300.png 225w, https:\/\/incuxhaven.de\/wp-content\/uploads\/2019\/09\/ZSTU4405-768x1024.png 768w, https:\/\/incuxhaven.de\/wp-content\/uploads\/2019\/09\/ZSTU4405-300x400.png 300w\" sizes=\"auto, (max-width: 830px) 100vw, 830px\" \/><\/a> <a href=\"http:\/\/incuxhaven.de\/wp-content\/uploads\/2019\/09\/ZSTU4406.png\"><img loading=\"lazy\" decoding=\"async\" class=\"aligncenter size-full wp-image-1302\" src=\"http:\/\/incuxhaven.de\/wp-content\/uploads\/2019\/09\/ZSTU4406.png\" alt=\"\" width=\"830\" height=\"1106\" srcset=\"https:\/\/incuxhaven.de\/wp-content\/uploads\/2019\/09\/ZSTU4406.png 830w, https:\/\/incuxhaven.de\/wp-content\/uploads\/2019\/09\/ZSTU4406-225x300.png 225w, https:\/\/incuxhaven.de\/wp-content\/uploads\/2019\/09\/ZSTU4406-768x1024.png 768w, https:\/\/incuxhaven.de\/wp-content\/uploads\/2019\/09\/ZSTU4406-300x400.png 300w\" sizes=\"auto, (max-width: 830px) 100vw, 830px\" \/><\/a> <a href=\"http:\/\/incuxhaven.de\/wp-content\/uploads\/2019\/09\/ZSTU4410.png\"><img loading=\"lazy\" decoding=\"async\" class=\"aligncenter size-full wp-image-1301\" src=\"http:\/\/incuxhaven.de\/wp-content\/uploads\/2019\/09\/ZSTU4410.png\" alt=\"\" width=\"830\" height=\"1106\" srcset=\"https:\/\/incuxhaven.de\/wp-content\/uploads\/2019\/09\/ZSTU4410.png 830w, https:\/\/incuxhaven.de\/wp-content\/uploads\/2019\/09\/ZSTU4410-225x300.png 225w, https:\/\/incuxhaven.de\/wp-content\/uploads\/2019\/09\/ZSTU4410-768x1024.png 768w, https:\/\/incuxhaven.de\/wp-content\/uploads\/2019\/09\/ZSTU4410-300x400.png 300w\" sizes=\"auto, (max-width: 830px) 100vw, 830px\" \/><\/a> <a href=\"http:\/\/incuxhaven.de\/wp-content\/uploads\/2019\/09\/ZSTU4411.png\"><img loading=\"lazy\" decoding=\"async\" class=\"aligncenter size-full wp-image-1300\" src=\"http:\/\/incuxhaven.de\/wp-content\/uploads\/2019\/09\/ZSTU4411.png\" alt=\"\" width=\"830\" height=\"1106\" srcset=\"https:\/\/incuxhaven.de\/wp-content\/uploads\/2019\/09\/ZSTU4411.png 830w, https:\/\/incuxhaven.de\/wp-content\/uploads\/2019\/09\/ZSTU4411-225x300.png 225w, https:\/\/incuxhaven.de\/wp-content\/uploads\/2019\/09\/ZSTU4411-768x1024.png 768w, https:\/\/incuxhaven.de\/wp-content\/uploads\/2019\/09\/ZSTU4411-300x400.png 300w\" sizes=\"auto, (max-width: 830px) 100vw, 830px\" \/><\/a> <a href=\"http:\/\/incuxhaven.de\/wp-content\/uploads\/2019\/09\/ZSTU4416.png\"><img loading=\"lazy\" decoding=\"async\" class=\"aligncenter size-full wp-image-1299\" src=\"http:\/\/incuxhaven.de\/wp-content\/uploads\/2019\/09\/ZSTU4416.png\" alt=\"\" width=\"830\" height=\"1106\" srcset=\"https:\/\/incuxhaven.de\/wp-content\/uploads\/2019\/09\/ZSTU4416.png 830w, https:\/\/incuxhaven.de\/wp-content\/uploads\/2019\/09\/ZSTU4416-225x300.png 225w, https:\/\/incuxhaven.de\/wp-content\/uploads\/2019\/09\/ZSTU4416-768x1024.png 768w, https:\/\/incuxhaven.de\/wp-content\/uploads\/2019\/09\/ZSTU4416-300x400.png 300w\" sizes=\"auto, (max-width: 830px) 100vw, 830px\" \/><\/a> <a href=\"http:\/\/incuxhaven.de\/wp-content\/uploads\/2019\/09\/ZSTU4417.png\"><img loading=\"lazy\" decoding=\"async\" class=\"aligncenter size-full wp-image-1298\" src=\"http:\/\/incuxhaven.de\/wp-content\/uploads\/2019\/09\/ZSTU4417.png\" alt=\"\" width=\"1106\" height=\"830\" srcset=\"https:\/\/incuxhaven.de\/wp-content\/uploads\/2019\/09\/ZSTU4417.png 1106w, https:\/\/incuxhaven.de\/wp-content\/uploads\/2019\/09\/ZSTU4417-300x225.png 300w, https:\/\/incuxhaven.de\/wp-content\/uploads\/2019\/09\/ZSTU4417-768x576.png 768w, https:\/\/incuxhaven.de\/wp-content\/uploads\/2019\/09\/ZSTU4417-1024x768.png 1024w\" sizes=\"auto, (max-width: 1106px) 100vw, 1106px\" \/><\/a> <a href=\"http:\/\/incuxhaven.de\/wp-content\/uploads\/2019\/09\/ZSTU4418.png\"><img loading=\"lazy\" decoding=\"async\" class=\"aligncenter size-full wp-image-1297\" src=\"http:\/\/incuxhaven.de\/wp-content\/uploads\/2019\/09\/ZSTU4418.png\" alt=\"\" width=\"830\" height=\"1106\" srcset=\"https:\/\/incuxhaven.de\/wp-content\/uploads\/2019\/09\/ZSTU4418.png 830w, https:\/\/incuxhaven.de\/wp-content\/uploads\/2019\/09\/ZSTU4418-225x300.png 225w, https:\/\/incuxhaven.de\/wp-content\/uploads\/2019\/09\/ZSTU4418-768x1024.png 768w, https:\/\/incuxhaven.de\/wp-content\/uploads\/2019\/09\/ZSTU4418-300x400.png 300w\" sizes=\"auto, (max-width: 830px) 100vw, 830px\" \/><\/a> <a href=\"http:\/\/incuxhaven.de\/wp-content\/uploads\/2019\/09\/ZSTU4425.png\"><img loading=\"lazy\" decoding=\"async\" class=\"aligncenter size-full wp-image-1296\" src=\"http:\/\/incuxhaven.de\/wp-content\/uploads\/2019\/09\/ZSTU4425.png\" alt=\"\" width=\"1106\" height=\"830\" srcset=\"https:\/\/incuxhaven.de\/wp-content\/uploads\/2019\/09\/ZSTU4425.png 1106w, https:\/\/incuxhaven.de\/wp-content\/uploads\/2019\/09\/ZSTU4425-300x225.png 300w, https:\/\/incuxhaven.de\/wp-content\/uploads\/2019\/09\/ZSTU4425-768x576.png 768w, https:\/\/incuxhaven.de\/wp-content\/uploads\/2019\/09\/ZSTU4425-1024x768.png 1024w\" sizes=\"auto, (max-width: 1106px) 100vw, 1106px\" \/><\/a> <a href=\"http:\/\/incuxhaven.de\/wp-content\/uploads\/2019\/09\/ZSTU4432.png\"><img loading=\"lazy\" decoding=\"async\" class=\"aligncenter size-full wp-image-1295\" src=\"http:\/\/incuxhaven.de\/wp-content\/uploads\/2019\/09\/ZSTU4432.png\" alt=\"\" width=\"1106\" height=\"830\" srcset=\"https:\/\/incuxhaven.de\/wp-content\/uploads\/2019\/09\/ZSTU4432.png 1106w, https:\/\/incuxhaven.de\/wp-content\/uploads\/2019\/09\/ZSTU4432-300x225.png 300w, https:\/\/incuxhaven.de\/wp-content\/uploads\/2019\/09\/ZSTU4432-768x576.png 768w, https:\/\/incuxhaven.de\/wp-content\/uploads\/2019\/09\/ZSTU4432-1024x768.png 1024w\" sizes=\"auto, (max-width: 1106px) 100vw, 1106px\" \/><\/a> <a href=\"http:\/\/incuxhaven.de\/wp-content\/uploads\/2019\/09\/ZSTU4434.png\"><img loading=\"lazy\" decoding=\"async\" class=\"aligncenter size-full wp-image-1294\" src=\"http:\/\/incuxhaven.de\/wp-content\/uploads\/2019\/09\/ZSTU4434.png\" alt=\"\" width=\"1104\" height=\"566\" srcset=\"https:\/\/incuxhaven.de\/wp-content\/uploads\/2019\/09\/ZSTU4434.png 1104w, https:\/\/incuxhaven.de\/wp-content\/uploads\/2019\/09\/ZSTU4434-300x154.png 300w, https:\/\/incuxhaven.de\/wp-content\/uploads\/2019\/09\/ZSTU4434-768x394.png 768w, https:\/\/incuxhaven.de\/wp-content\/uploads\/2019\/09\/ZSTU4434-1024x525.png 1024w\" sizes=\"auto, (max-width: 1104px) 100vw, 1104px\" \/><\/a> <a href=\"http:\/\/incuxhaven.de\/wp-content\/uploads\/2019\/09\/ZSTU4437.png\"><img loading=\"lazy\" decoding=\"async\" class=\"aligncenter size-full wp-image-1293\" src=\"http:\/\/incuxhaven.de\/wp-content\/uploads\/2019\/09\/ZSTU4437.png\" alt=\"\" width=\"1106\" height=\"830\" srcset=\"https:\/\/incuxhaven.de\/wp-content\/uploads\/2019\/09\/ZSTU4437.png 1106w, https:\/\/incuxhaven.de\/wp-content\/uploads\/2019\/09\/ZSTU4437-300x225.png 300w, https:\/\/incuxhaven.de\/wp-content\/uploads\/2019\/09\/ZSTU4437-768x576.png 768w, https:\/\/incuxhaven.de\/wp-content\/uploads\/2019\/09\/ZSTU4437-1024x768.png 1024w\" sizes=\"auto, (max-width: 1106px) 100vw, 1106px\" \/><\/a> <a href=\"http:\/\/incuxhaven.de\/wp-content\/uploads\/2019\/09\/ZSTU4439.png\"><img loading=\"lazy\" decoding=\"async\" class=\"aligncenter size-full wp-image-1292\" src=\"http:\/\/incuxhaven.de\/wp-content\/uploads\/2019\/09\/ZSTU4439.png\" alt=\"\" width=\"1106\" height=\"830\" srcset=\"https:\/\/incuxhaven.de\/wp-content\/uploads\/2019\/09\/ZSTU4439.png 1106w, https:\/\/incuxhaven.de\/wp-content\/uploads\/2019\/09\/ZSTU4439-300x225.png 300w, https:\/\/incuxhaven.de\/wp-content\/uploads\/2019\/09\/ZSTU4439-768x576.png 768w, https:\/\/incuxhaven.de\/wp-content\/uploads\/2019\/09\/ZSTU4439-1024x768.png 1024w\" sizes=\"auto, (max-width: 1106px) 100vw, 1106px\" \/><\/a> <a href=\"http:\/\/incuxhaven.de\/wp-content\/uploads\/2019\/09\/ZSTU4440.png\"><img loading=\"lazy\" decoding=\"async\" class=\"aligncenter size-full wp-image-1291\" src=\"http:\/\/incuxhaven.de\/wp-content\/uploads\/2019\/09\/ZSTU4440.png\" alt=\"\" width=\"1106\" height=\"830\" srcset=\"https:\/\/incuxhaven.de\/wp-content\/uploads\/2019\/09\/ZSTU4440.png 1106w, https:\/\/incuxhaven.de\/wp-content\/uploads\/2019\/09\/ZSTU4440-300x225.png 300w, https:\/\/incuxhaven.de\/wp-content\/uploads\/2019\/09\/ZSTU4440-768x576.png 768w, https:\/\/incuxhaven.de\/wp-content\/uploads\/2019\/09\/ZSTU4440-1024x768.png 1024w\" sizes=\"auto, (max-width: 1106px) 100vw, 1106px\" \/><\/a> <a href=\"http:\/\/incuxhaven.de\/wp-content\/uploads\/2019\/09\/ZSTU4443.png\"><img loading=\"lazy\" decoding=\"async\" class=\"aligncenter size-full wp-image-1290\" src=\"http:\/\/incuxhaven.de\/wp-content\/uploads\/2019\/09\/ZSTU4443.png\" alt=\"\" width=\"1106\" height=\"830\" srcset=\"https:\/\/incuxhaven.de\/wp-content\/uploads\/2019\/09\/ZSTU4443.png 1106w, https:\/\/incuxhaven.de\/wp-content\/uploads\/2019\/09\/ZSTU4443-300x225.png 300w, https:\/\/incuxhaven.de\/wp-content\/uploads\/2019\/09\/ZSTU4443-768x576.png 768w, https:\/\/incuxhaven.de\/wp-content\/uploads\/2019\/09\/ZSTU4443-1024x768.png 1024w\" sizes=\"auto, (max-width: 1106px) 100vw, 1106px\" \/><\/a> <a href=\"http:\/\/incuxhaven.de\/wp-content\/uploads\/2019\/09\/ZSTU4445.png\"><img loading=\"lazy\" decoding=\"async\" class=\"aligncenter size-full wp-image-1289\" src=\"http:\/\/incuxhaven.de\/wp-content\/uploads\/2019\/09\/ZSTU4445.png\" alt=\"\" width=\"1106\" height=\"830\" srcset=\"https:\/\/incuxhaven.de\/wp-content\/uploads\/2019\/09\/ZSTU4445.png 1106w, https:\/\/incuxhaven.de\/wp-content\/uploads\/2019\/09\/ZSTU4445-300x225.png 300w, https:\/\/incuxhaven.de\/wp-content\/uploads\/2019\/09\/ZSTU4445-768x576.png 768w, https:\/\/incuxhaven.de\/wp-content\/uploads\/2019\/09\/ZSTU4445-1024x768.png 1024w\" sizes=\"auto, (max-width: 1106px) 100vw, 1106px\" \/><\/a> <a href=\"http:\/\/incuxhaven.de\/wp-content\/uploads\/2019\/09\/ZSTU4446.png\"><img loading=\"lazy\" decoding=\"async\" class=\"aligncenter size-full wp-image-1288\" src=\"http:\/\/incuxhaven.de\/wp-content\/uploads\/2019\/09\/ZSTU4446.png\" alt=\"\" width=\"1106\" height=\"830\" srcset=\"https:\/\/incuxhaven.de\/wp-content\/uploads\/2019\/09\/ZSTU4446.png 1106w, https:\/\/incuxhaven.de\/wp-content\/uploads\/2019\/09\/ZSTU4446-300x225.png 300w, https:\/\/incuxhaven.de\/wp-content\/uploads\/2019\/09\/ZSTU4446-768x576.png 768w, https:\/\/incuxhaven.de\/wp-content\/uploads\/2019\/09\/ZSTU4446-1024x768.png 1024w\" sizes=\"auto, (max-width: 1106px) 100vw, 1106px\" \/><\/a> <a href=\"http:\/\/incuxhaven.de\/wp-content\/uploads\/2019\/09\/ZSTU4448.png\"><img loading=\"lazy\" decoding=\"async\" class=\"aligncenter size-full wp-image-1287\" src=\"http:\/\/incuxhaven.de\/wp-content\/uploads\/2019\/09\/ZSTU4448.png\" alt=\"\" width=\"1106\" height=\"830\" srcset=\"https:\/\/incuxhaven.de\/wp-content\/uploads\/2019\/09\/ZSTU4448.png 1106w, https:\/\/incuxhaven.de\/wp-content\/uploads\/2019\/09\/ZSTU4448-300x225.png 300w, https:\/\/incuxhaven.de\/wp-content\/uploads\/2019\/09\/ZSTU4448-768x576.png 768w, https:\/\/incuxhaven.de\/wp-content\/uploads\/2019\/09\/ZSTU4448-1024x768.png 1024w\" sizes=\"auto, (max-width: 1106px) 100vw, 1106px\" \/><\/a> <a href=\"http:\/\/incuxhaven.de\/wp-content\/uploads\/2019\/09\/ZSTU4452.png\"><img loading=\"lazy\" decoding=\"async\" class=\"aligncenter size-full wp-image-1286\" src=\"http:\/\/incuxhaven.de\/wp-content\/uploads\/2019\/09\/ZSTU4452.png\" alt=\"\" width=\"681\" height=\"907\" srcset=\"https:\/\/incuxhaven.de\/wp-content\/uploads\/2019\/09\/ZSTU4452.png 681w, https:\/\/incuxhaven.de\/wp-content\/uploads\/2019\/09\/ZSTU4452-225x300.png 225w, https:\/\/incuxhaven.de\/wp-content\/uploads\/2019\/09\/ZSTU4452-300x400.png 300w\" sizes=\"auto, (max-width: 681px) 100vw, 681px\" \/><\/a> <a href=\"http:\/\/incuxhaven.de\/wp-content\/uploads\/2019\/09\/ZSTU4460.png\"><img loading=\"lazy\" decoding=\"async\" class=\"aligncenter size-full wp-image-1283\" src=\"http:\/\/incuxhaven.de\/wp-content\/uploads\/2019\/09\/ZSTU4460.png\" alt=\"\" width=\"846\" height=\"635\" srcset=\"https:\/\/incuxhaven.de\/wp-content\/uploads\/2019\/09\/ZSTU4460.png 846w, https:\/\/incuxhaven.de\/wp-content\/uploads\/2019\/09\/ZSTU4460-300x225.png 300w, https:\/\/incuxhaven.de\/wp-content\/uploads\/2019\/09\/ZSTU4460-768x576.png 768w\" sizes=\"auto, (max-width: 846px) 100vw, 846px\" \/><\/a> <a href=\"http:\/\/incuxhaven.de\/wp-content\/uploads\/2019\/09\/ZSTU4467.png\"><img loading=\"lazy\" decoding=\"async\" class=\"aligncenter size-full wp-image-1282\" src=\"http:\/\/incuxhaven.de\/wp-content\/uploads\/2019\/09\/ZSTU4467.png\" alt=\"\" width=\"830\" height=\"1106\" srcset=\"https:\/\/incuxhaven.de\/wp-content\/uploads\/2019\/09\/ZSTU4467.png 830w, https:\/\/incuxhaven.de\/wp-content\/uploads\/2019\/09\/ZSTU4467-225x300.png 225w, https:\/\/incuxhaven.de\/wp-content\/uploads\/2019\/09\/ZSTU4467-768x1024.png 768w, https:\/\/incuxhaven.de\/wp-content\/uploads\/2019\/09\/ZSTU4467-300x400.png 300w\" sizes=\"auto, (max-width: 830px) 100vw, 830px\" \/><\/a> <a href=\"http:\/\/incuxhaven.de\/wp-content\/uploads\/2019\/09\/ZSTU4476.png\"><img loading=\"lazy\" decoding=\"async\" class=\"aligncenter size-full wp-image-1280\" src=\"http:\/\/incuxhaven.de\/wp-content\/uploads\/2019\/09\/ZSTU4476.png\" alt=\"\" width=\"1106\" height=\"830\" srcset=\"https:\/\/incuxhaven.de\/wp-content\/uploads\/2019\/09\/ZSTU4476.png 1106w, https:\/\/incuxhaven.de\/wp-content\/uploads\/2019\/09\/ZSTU4476-300x225.png 300w, https:\/\/incuxhaven.de\/wp-content\/uploads\/2019\/09\/ZSTU4476-768x576.png 768w, https:\/\/incuxhaven.de\/wp-content\/uploads\/2019\/09\/ZSTU4476-1024x768.png 1024w\" sizes=\"auto, (max-width: 1106px) 100vw, 1106px\" \/><\/a> <a href=\"http:\/\/incuxhaven.de\/wp-content\/uploads\/2019\/09\/ZSTU4479.png\"><img loading=\"lazy\" decoding=\"async\" class=\"aligncenter size-full wp-image-1279\" src=\"http:\/\/incuxhaven.de\/wp-content\/uploads\/2019\/09\/ZSTU4479.png\" alt=\"\" width=\"830\" height=\"1106\" srcset=\"https:\/\/incuxhaven.de\/wp-content\/uploads\/2019\/09\/ZSTU4479.png 830w, https:\/\/incuxhaven.de\/wp-content\/uploads\/2019\/09\/ZSTU4479-225x300.png 225w, https:\/\/incuxhaven.de\/wp-content\/uploads\/2019\/09\/ZSTU4479-768x1024.png 768w, https:\/\/incuxhaven.de\/wp-content\/uploads\/2019\/09\/ZSTU4479-300x400.png 300w\" sizes=\"auto, (max-width: 830px) 100vw, 830px\" \/><\/a> <a href=\"http:\/\/incuxhaven.de\/wp-content\/uploads\/2019\/09\/ZSTU4491.png\"><img loading=\"lazy\" decoding=\"async\" class=\"aligncenter size-full wp-image-1277\" src=\"http:\/\/incuxhaven.de\/wp-content\/uploads\/2019\/09\/ZSTU4491.png\" alt=\"\" width=\"1106\" height=\"830\" srcset=\"https:\/\/incuxhaven.de\/wp-content\/uploads\/2019\/09\/ZSTU4491.png 1106w, https:\/\/incuxhaven.de\/wp-content\/uploads\/2019\/09\/ZSTU4491-300x225.png 300w, https:\/\/incuxhaven.de\/wp-content\/uploads\/2019\/09\/ZSTU4491-768x576.png 768w, https:\/\/incuxhaven.de\/wp-content\/uploads\/2019\/09\/ZSTU4491-1024x768.png 1024w\" sizes=\"auto, (max-width: 1106px) 100vw, 1106px\" \/><\/a><a href=\"http:\/\/incuxhaven.de\/wp-content\/uploads\/2019\/09\/Flyer-Klimastreik-Cux.jpg\"><img loading=\"lazy\" decoding=\"async\" class=\"aligncenter size-full wp-image-1273\" src=\"http:\/\/incuxhaven.de\/wp-content\/uploads\/2019\/09\/Flyer-Klimastreik-Cux.jpg\" alt=\"\" width=\"559\" height=\"794\" srcset=\"https:\/\/incuxhaven.de\/wp-content\/uploads\/2019\/09\/Flyer-Klimastreik-Cux.jpg 559w, https:\/\/incuxhaven.de\/wp-content\/uploads\/2019\/09\/Flyer-Klimastreik-Cux-211x300.jpg 211w, https:\/\/incuxhaven.de\/wp-content\/uploads\/2019\/09\/Flyer-Klimastreik-Cux-300x426.jpg 300w\" sizes=\"auto, (max-width: 559px) 100vw, 559px\" \/><\/a><\/p>\r\n<hr \/>\r\n<p><a href=\"http:\/\/incuxhaven.de\/wp-content\/uploads\/2019\/09\/Flyer-Film-Deportation-Class-A5-sw.jpg\"><img loading=\"lazy\" decoding=\"async\" class=\"aligncenter size-full wp-image-1272\" src=\"http:\/\/incuxhaven.de\/wp-content\/uploads\/2019\/09\/Flyer-Film-Deportation-Class-A5-sw.jpg\" alt=\"\" width=\"1748\" height=\"2480\" srcset=\"https:\/\/incuxhaven.de\/wp-content\/uploads\/2019\/09\/Flyer-Film-Deportation-Class-A5-sw.jpg 1748w, https:\/\/incuxhaven.de\/wp-content\/uploads\/2019\/09\/Flyer-Film-Deportation-Class-A5-sw-211x300.jpg 211w, https:\/\/incuxhaven.de\/wp-content\/uploads\/2019\/09\/Flyer-Film-Deportation-Class-A5-sw-768x1090.jpg 768w, https:\/\/incuxhaven.de\/wp-content\/uploads\/2019\/09\/Flyer-Film-Deportation-Class-A5-sw-722x1024.jpg 722w, https:\/\/incuxhaven.de\/wp-content\/uploads\/2019\/09\/Flyer-Film-Deportation-Class-A5-sw-1200x1703.jpg 1200w, https:\/\/incuxhaven.de\/wp-content\/uploads\/2019\/09\/Flyer-Film-Deportation-Class-A5-sw-1400x1986.jpg 1400w, https:\/\/incuxhaven.de\/wp-content\/uploads\/2019\/09\/Flyer-Film-Deportation-Class-A5-sw-300x426.jpg 300w\" sizes=\"auto, (max-width: 1748px) 100vw, 1748px\" \/><\/a><\/p>\r\n<hr \/>\r\n<h3>&#8222;BUNDESWEITE DEMONSTRATIONEN AM 06.07.19 F\u00dcR DIE RECHTE VON GEFL\u00dcCHTETEN UND #FREECAROLA<\/h3>\r\n<p>Carola Rackete, die Kapit\u00e4nin der Sea Watch, hat den Notstand an Bord der Sea-Watch 3 ausgerufen und ist nach \u00fcber zweiw\u00f6chiger H\u00e4ngepartie auf eigene Faust in italienische Gew\u00e4sser gefahren. Carola Rackete machte das einzig Richtige: Sie rettete Leben, bewies Haltung und verteidigte die Menschenrechte. Das k\u00f6nnen und m\u00fcssen wir auch tun und deswegen rufen wir am 06.07. zu bundesweiten Demos f\u00fcr die Rechte von Gefl\u00fcchteten und #freecarola! auf.<\/p>\r\n<p>Aktuell ertrinkt jede sechste Person w\u00e4hrend des Fluchtversuchs \u00fcber das Mittelmeer. Gleichzeitig werden Seenotretter*innen f\u00fcr das Retten von Menschenleben bestraft: italienische Beh\u00f6rden verhafteten Kapit\u00e4nin Carola Rackete noch in der Nacht des Anlegens und beschlagnahmten die \u201cSea Watch 3\u201d. Statt alles daran zu setzen, Menschenleben zu retten, erleben wir von Seiten der europ\u00e4ischen Nationalstaaten einen Tiefpunkt von Solidarit\u00e4t und Menschlichkeit: Menschen werden in libysche Folterlager zur\u00fcckgewiesen, die Rettung von Menschen wird aktiv blockiert und zivile Seenotrettungsschiffe, wie zuletzte die Sea Watch 3, werden \u00fcber Wochen daran gehindert, mit geretteten Menschen an Bord in einen Sicheren Hafen zu fahren.<\/p>\r\n<h3>DIE MENSCHLICHKEIT WIRD ANGEGRIFFEN, ES IST ZEIT ZU HANDELN. WIR RUFEN DEN NOTSTAND DER MENSCHLICHKEIT AUS! DIESER NOTSTAND WIRD SOLANGE ANDAUERN, BIS SICH EUROP\u00c4ISCHE STAATEN AUF EINEN SOLIDARISCHE UND HUMANEN VERTEILUNGSMECHANISMUS ALLER GERETTETEN VERST\u00c4NDIGT HABEN UND ALLE SEENOTRETTER*INNEN WIEDER FREI SIND.<\/h3>\r\n<p>Wie Carola werden wir nicht mehr warten. Solange die EU und die europ\u00e4ischen Regierungen unt\u00e4tig sind, werden wir, die Zivilgesellschaft, es sein, die sich sch\u00fctzend vor die Menschenrechte stellt und Widerstand leistet! Wir sind eine europaweite Gesellschaft der offenen Herzen, solidarischen Kommunen und Sicheren H\u00e4fen. Wenn die EU nicht in der Lage ist, die Verantwortung zu \u00fcbernehmen, werden wir es tun.<\/p>\r\n<h3>SCHLIESST EUCH UNS AN, WERDET AKTIV&#8220;<\/h3>\r\n<p><a href=\"http:\/\/seebruecke.org\/\">http:\/\/seebruecke.org\/<\/a><\/p>\r\n<hr \/>\r\n<h3 style=\"text-align: center;\">Es ist vollbracht!!!<\/h3>\r\n<p style=\"text-align: center;\">Der Kreistag hat am 12.06.19 dem Antrag von B\u00fcndnis 90 \/ Die Gr\u00fcnen zugestimmt.<br \/>Das bedeutet auch der <strong>Landkreis Cuxhaven ist jetzt &#8222;sicherer Hafen&#8220;<\/strong> im Rahmen<br \/>der Internationalen Bewegung &#8222;Seebr\u00fccke&#8220;.<\/p>\r\n<p style=\"text-align: center;\">Noch einmal vielen Dank an B\u00fcndnis 90 \/ Die Gr\u00fcnen und alle Kreistagsmitglieder,<br \/>die diesen Antrag unterst\u00fctzt haben.<\/p>\r\n<hr \/>\r\n<h2 style=\"text-align: center;\">Fridays for Future in Cuxhaven 24.05.2019<\/h2>\r\n<h3 style=\"text-align: center;\">\u00a0<a href=\"https:\/\/www.youtube.com\/watch?v=tAfVExWNHRY\">https:\/\/www.youtube.com\/watch?v=tAfVExWNHRY<\/a><\/h3>\r\n<h3>\u00a0<\/h3>\r\n<h3>\u00a0<\/h3>\r\n<h3 style=\"text-align: center;\">Fridays for Future in Cuxhaven<\/h3>\r\n<p style=\"text-align: center;\">\u00a0\u00a9 alle Fotos: Karl-Heinz Zulkowski-St\u00fcben<\/p>\r\n<p style=\"text-align: center;\">15.03.2019<\/p>\r\n<p>Mehr als \u00fcberrascht waren die Organisatoren der Demonstration &#8222;Fridays for Future&#8220; in Cuxhaven \u00fcber die hohe Zahl der TeilnehmerInnen. Erwartet hatten sie ca. 50 &#8211; 100 Sch\u00fcler aber fast 700 waren gekommen um zu zeigen, dass sie mit der gegenw\u00e4rtigen Politik und ihrem Umgang mit unserem Planeten nicht einverstanden sind.<\/p>\r\n<p>Auf Transparenten und selbst gemalten Schildern teilten sie ihre Erwartungen und Hoffnungen mit.<\/p>\r\n<h3><a href=\"http:\/\/incuxhaven.de\/wp-content\/uploads\/2019\/03\/ZSTU1490.png\"><img loading=\"lazy\" decoding=\"async\" class=\"aligncenter size-large wp-image-1176\" src=\"http:\/\/incuxhaven.de\/wp-content\/uploads\/2019\/03\/ZSTU1490-1024x768.png\" alt=\"\" width=\"640\" height=\"480\" srcset=\"https:\/\/incuxhaven.de\/wp-content\/uploads\/2019\/03\/ZSTU1490-1024x768.png 1024w, https:\/\/incuxhaven.de\/wp-content\/uploads\/2019\/03\/ZSTU1490-300x225.png 300w, https:\/\/incuxhaven.de\/wp-content\/uploads\/2019\/03\/ZSTU1490-768x576.png 768w, https:\/\/incuxhaven.de\/wp-content\/uploads\/2019\/03\/ZSTU1490-285x214.png 285w, https:\/\/incuxhaven.de\/wp-content\/uploads\/2019\/03\/ZSTU1490.png 1403w\" sizes=\"auto, (max-width: 640px) 100vw, 640px\" \/><\/a><\/h3>\r\n<h3><a href=\"http:\/\/incuxhaven.de\/wp-content\/uploads\/2019\/03\/ZSTU1502.png\"><img loading=\"lazy\" decoding=\"async\" class=\"aligncenter size-medium wp-image-1178\" src=\"http:\/\/incuxhaven.de\/wp-content\/uploads\/2019\/03\/ZSTU1502-300x225.png\" alt=\"\" width=\"300\" height=\"225\" srcset=\"https:\/\/incuxhaven.de\/wp-content\/uploads\/2019\/03\/ZSTU1502-300x225.png 300w, https:\/\/incuxhaven.de\/wp-content\/uploads\/2019\/03\/ZSTU1502-768x576.png 768w, https:\/\/incuxhaven.de\/wp-content\/uploads\/2019\/03\/ZSTU1502-1024x768.png 1024w, https:\/\/incuxhaven.de\/wp-content\/uploads\/2019\/03\/ZSTU1502-285x214.png 285w, https:\/\/incuxhaven.de\/wp-content\/uploads\/2019\/03\/ZSTU1502.png 1403w\" sizes=\"auto, (max-width: 300px) 100vw, 300px\" \/><\/a> <a href=\"http:\/\/incuxhaven.de\/wp-content\/uploads\/2019\/03\/ZSTU1506.png\"><img loading=\"lazy\" decoding=\"async\" class=\"aligncenter size-medium wp-image-1179\" src=\"http:\/\/incuxhaven.de\/wp-content\/uploads\/2019\/03\/ZSTU1506-300x225.png\" alt=\"\" width=\"300\" height=\"225\" srcset=\"https:\/\/incuxhaven.de\/wp-content\/uploads\/2019\/03\/ZSTU1506-300x225.png 300w, https:\/\/incuxhaven.de\/wp-content\/uploads\/2019\/03\/ZSTU1506-768x576.png 768w, https:\/\/incuxhaven.de\/wp-content\/uploads\/2019\/03\/ZSTU1506-1024x768.png 1024w, https:\/\/incuxhaven.de\/wp-content\/uploads\/2019\/03\/ZSTU1506-285x214.png 285w, https:\/\/incuxhaven.de\/wp-content\/uploads\/2019\/03\/ZSTU1506.png 1403w\" sizes=\"auto, (max-width: 300px) 100vw, 300px\" \/><\/a> <a href=\"http:\/\/incuxhaven.de\/wp-content\/uploads\/2019\/03\/ZSTU1509.png\"><img loading=\"lazy\" decoding=\"async\" class=\"aligncenter size-medium wp-image-1180\" src=\"http:\/\/incuxhaven.de\/wp-content\/uploads\/2019\/03\/ZSTU1509-225x300.png\" alt=\"\" width=\"225\" height=\"300\" srcset=\"https:\/\/incuxhaven.de\/wp-content\/uploads\/2019\/03\/ZSTU1509-225x300.png 225w, https:\/\/incuxhaven.de\/wp-content\/uploads\/2019\/03\/ZSTU1509-768x1024.png 768w, https:\/\/incuxhaven.de\/wp-content\/uploads\/2019\/03\/ZSTU1509.png 1052w\" sizes=\"auto, (max-width: 225px) 100vw, 225px\" \/><\/a> <a href=\"http:\/\/incuxhaven.de\/wp-content\/uploads\/2019\/03\/ZSTU1510.png\"><img loading=\"lazy\" decoding=\"async\" class=\"aligncenter size-medium wp-image-1181\" src=\"http:\/\/incuxhaven.de\/wp-content\/uploads\/2019\/03\/ZSTU1510-300x225.png\" alt=\"\" width=\"300\" height=\"225\" srcset=\"https:\/\/incuxhaven.de\/wp-content\/uploads\/2019\/03\/ZSTU1510-300x225.png 300w, https:\/\/incuxhaven.de\/wp-content\/uploads\/2019\/03\/ZSTU1510-768x576.png 768w, https:\/\/incuxhaven.de\/wp-content\/uploads\/2019\/03\/ZSTU1510-1024x768.png 1024w, https:\/\/incuxhaven.de\/wp-content\/uploads\/2019\/03\/ZSTU1510-285x214.png 285w, https:\/\/incuxhaven.de\/wp-content\/uploads\/2019\/03\/ZSTU1510.png 1403w\" sizes=\"auto, (max-width: 300px) 100vw, 300px\" \/><\/a> <a href=\"http:\/\/incuxhaven.de\/wp-content\/uploads\/2019\/03\/ZSTU1511.png\"><img loading=\"lazy\" decoding=\"async\" class=\"aligncenter size-medium wp-image-1182\" src=\"http:\/\/incuxhaven.de\/wp-content\/uploads\/2019\/03\/ZSTU1511-225x300.png\" alt=\"\" width=\"225\" height=\"300\" srcset=\"https:\/\/incuxhaven.de\/wp-content\/uploads\/2019\/03\/ZSTU1511-225x300.png 225w, https:\/\/incuxhaven.de\/wp-content\/uploads\/2019\/03\/ZSTU1511-768x1024.png 768w, https:\/\/incuxhaven.de\/wp-content\/uploads\/2019\/03\/ZSTU1511.png 1052w\" sizes=\"auto, (max-width: 225px) 100vw, 225px\" \/><\/a><a href=\"http:\/\/incuxhaven.de\/wp-content\/uploads\/2019\/03\/ZSTU1581.png\"><img loading=\"lazy\" decoding=\"async\" class=\"aligncenter size-large wp-image-1216\" src=\"http:\/\/incuxhaven.de\/wp-content\/uploads\/2019\/03\/ZSTU1581-1024x768.png\" alt=\"\" width=\"640\" height=\"480\" srcset=\"https:\/\/incuxhaven.de\/wp-content\/uploads\/2019\/03\/ZSTU1581-1024x768.png 1024w, https:\/\/incuxhaven.de\/wp-content\/uploads\/2019\/03\/ZSTU1581-300x225.png 300w, https:\/\/incuxhaven.de\/wp-content\/uploads\/2019\/03\/ZSTU1581-768x576.png 768w, https:\/\/incuxhaven.de\/wp-content\/uploads\/2019\/03\/ZSTU1581-285x214.png 285w, https:\/\/incuxhaven.de\/wp-content\/uploads\/2019\/03\/ZSTU1581.png 1403w\" sizes=\"auto, (max-width: 640px) 100vw, 640px\" \/><\/a><a href=\"http:\/\/incuxhaven.de\/wp-content\/uploads\/2019\/03\/ZSTU1577.png\"><img loading=\"lazy\" decoding=\"async\" class=\"aligncenter size-large wp-image-1215\" src=\"http:\/\/incuxhaven.de\/wp-content\/uploads\/2019\/03\/ZSTU1577-1024x768.png\" alt=\"\" width=\"640\" height=\"480\" srcset=\"https:\/\/incuxhaven.de\/wp-content\/uploads\/2019\/03\/ZSTU1577-1024x768.png 1024w, https:\/\/incuxhaven.de\/wp-content\/uploads\/2019\/03\/ZSTU1577-300x225.png 300w, https:\/\/incuxhaven.de\/wp-content\/uploads\/2019\/03\/ZSTU1577-768x576.png 768w, https:\/\/incuxhaven.de\/wp-content\/uploads\/2019\/03\/ZSTU1577-285x214.png 285w, https:\/\/incuxhaven.de\/wp-content\/uploads\/2019\/03\/ZSTU1577.png 1403w\" sizes=\"auto, (max-width: 640px) 100vw, 640px\" \/><\/a><a href=\"http:\/\/incuxhaven.de\/wp-content\/uploads\/2019\/03\/ZSTU1574.png\"><img loading=\"lazy\" decoding=\"async\" class=\"aligncenter size-large wp-image-1214\" src=\"http:\/\/incuxhaven.de\/wp-content\/uploads\/2019\/03\/ZSTU1574-768x1024.png\" alt=\"\" width=\"640\" height=\"853\" srcset=\"https:\/\/incuxhaven.de\/wp-content\/uploads\/2019\/03\/ZSTU1574-768x1024.png 768w, https:\/\/incuxhaven.de\/wp-content\/uploads\/2019\/03\/ZSTU1574-225x300.png 225w, https:\/\/incuxhaven.de\/wp-content\/uploads\/2019\/03\/ZSTU1574.png 1052w\" sizes=\"auto, (max-width: 640px) 100vw, 640px\" \/><\/a><a href=\"http:\/\/incuxhaven.de\/wp-content\/uploads\/2019\/03\/ZSTU1572.png\"><img loading=\"lazy\" decoding=\"async\" class=\"aligncenter size-large wp-image-1213\" src=\"http:\/\/incuxhaven.de\/wp-content\/uploads\/2019\/03\/ZSTU1572-1024x768.png\" alt=\"\" width=\"640\" height=\"480\" srcset=\"https:\/\/incuxhaven.de\/wp-content\/uploads\/2019\/03\/ZSTU1572-1024x768.png 1024w, https:\/\/incuxhaven.de\/wp-content\/uploads\/2019\/03\/ZSTU1572-300x225.png 300w, https:\/\/incuxhaven.de\/wp-content\/uploads\/2019\/03\/ZSTU1572-768x576.png 768w, https:\/\/incuxhaven.de\/wp-content\/uploads\/2019\/03\/ZSTU1572-285x214.png 285w, https:\/\/incuxhaven.de\/wp-content\/uploads\/2019\/03\/ZSTU1572.png 1403w\" sizes=\"auto, (max-width: 640px) 100vw, 640px\" \/><\/a><a href=\"http:\/\/incuxhaven.de\/wp-content\/uploads\/2019\/03\/ZSTU1567.png\"><img loading=\"lazy\" decoding=\"async\" class=\"aligncenter size-large wp-image-1212\" src=\"http:\/\/incuxhaven.de\/wp-content\/uploads\/2019\/03\/ZSTU1567-768x1024.png\" alt=\"\" width=\"640\" height=\"853\" srcset=\"https:\/\/incuxhaven.de\/wp-content\/uploads\/2019\/03\/ZSTU1567-768x1024.png 768w, https:\/\/incuxhaven.de\/wp-content\/uploads\/2019\/03\/ZSTU1567-225x300.png 225w, https:\/\/incuxhaven.de\/wp-content\/uploads\/2019\/03\/ZSTU1567.png 1052w\" sizes=\"auto, (max-width: 640px) 100vw, 640px\" \/><\/a><a href=\"http:\/\/incuxhaven.de\/wp-content\/uploads\/2019\/03\/ZSTU1566.png\"><img loading=\"lazy\" decoding=\"async\" class=\"aligncenter size-large wp-image-1211\" src=\"http:\/\/incuxhaven.de\/wp-content\/uploads\/2019\/03\/ZSTU1566-1024x768.png\" alt=\"\" width=\"640\" height=\"480\" srcset=\"https:\/\/incuxhaven.de\/wp-content\/uploads\/2019\/03\/ZSTU1566-1024x768.png 1024w, https:\/\/incuxhaven.de\/wp-content\/uploads\/2019\/03\/ZSTU1566-300x225.png 300w, https:\/\/incuxhaven.de\/wp-content\/uploads\/2019\/03\/ZSTU1566-768x576.png 768w, https:\/\/incuxhaven.de\/wp-content\/uploads\/2019\/03\/ZSTU1566-285x214.png 285w, https:\/\/incuxhaven.de\/wp-content\/uploads\/2019\/03\/ZSTU1566.png 1403w\" sizes=\"auto, (max-width: 640px) 100vw, 640px\" \/><\/a><a href=\"http:\/\/incuxhaven.de\/wp-content\/uploads\/2019\/03\/ZSTU1565.png\"><img loading=\"lazy\" decoding=\"async\" class=\"aligncenter size-large wp-image-1210\" src=\"http:\/\/incuxhaven.de\/wp-content\/uploads\/2019\/03\/ZSTU1565-768x1024.png\" alt=\"\" width=\"640\" height=\"853\" srcset=\"https:\/\/incuxhaven.de\/wp-content\/uploads\/2019\/03\/ZSTU1565-768x1024.png 768w, https:\/\/incuxhaven.de\/wp-content\/uploads\/2019\/03\/ZSTU1565-225x300.png 225w, https:\/\/incuxhaven.de\/wp-content\/uploads\/2019\/03\/ZSTU1565.png 1052w\" sizes=\"auto, (max-width: 640px) 100vw, 640px\" \/><\/a><a href=\"http:\/\/incuxhaven.de\/wp-content\/uploads\/2019\/03\/ZSTU1564.png\"><img loading=\"lazy\" decoding=\"async\" class=\"aligncenter size-large wp-image-1209\" src=\"http:\/\/incuxhaven.de\/wp-content\/uploads\/2019\/03\/ZSTU1564-1024x768.png\" alt=\"\" width=\"640\" height=\"480\" srcset=\"https:\/\/incuxhaven.de\/wp-content\/uploads\/2019\/03\/ZSTU1564-1024x768.png 1024w, https:\/\/incuxhaven.de\/wp-content\/uploads\/2019\/03\/ZSTU1564-300x225.png 300w, https:\/\/incuxhaven.de\/wp-content\/uploads\/2019\/03\/ZSTU1564-768x576.png 768w, https:\/\/incuxhaven.de\/wp-content\/uploads\/2019\/03\/ZSTU1564-285x214.png 285w, https:\/\/incuxhaven.de\/wp-content\/uploads\/2019\/03\/ZSTU1564.png 1403w\" sizes=\"auto, (max-width: 640px) 100vw, 640px\" \/><\/a><a href=\"http:\/\/incuxhaven.de\/wp-content\/uploads\/2019\/03\/ZSTU1563.png\"><img loading=\"lazy\" decoding=\"async\" class=\"aligncenter size-large wp-image-1208\" src=\"http:\/\/incuxhaven.de\/wp-content\/uploads\/2019\/03\/ZSTU1563-768x1024.png\" alt=\"\" width=\"640\" height=\"853\" srcset=\"https:\/\/incuxhaven.de\/wp-content\/uploads\/2019\/03\/ZSTU1563-768x1024.png 768w, https:\/\/incuxhaven.de\/wp-content\/uploads\/2019\/03\/ZSTU1563-225x300.png 225w, https:\/\/incuxhaven.de\/wp-content\/uploads\/2019\/03\/ZSTU1563.png 1052w\" sizes=\"auto, (max-width: 640px) 100vw, 640px\" \/><\/a><a href=\"http:\/\/incuxhaven.de\/wp-content\/uploads\/2019\/03\/ZSTU1561.png\"><img loading=\"lazy\" decoding=\"async\" class=\"aligncenter size-large wp-image-1207\" src=\"http:\/\/incuxhaven.de\/wp-content\/uploads\/2019\/03\/ZSTU1561-768x1024.png\" alt=\"\" width=\"640\" height=\"853\" srcset=\"https:\/\/incuxhaven.de\/wp-content\/uploads\/2019\/03\/ZSTU1561-768x1024.png 768w, https:\/\/incuxhaven.de\/wp-content\/uploads\/2019\/03\/ZSTU1561-225x300.png 225w, https:\/\/incuxhaven.de\/wp-content\/uploads\/2019\/03\/ZSTU1561.png 1052w\" sizes=\"auto, (max-width: 640px) 100vw, 640px\" \/><\/a><a href=\"http:\/\/incuxhaven.de\/wp-content\/uploads\/2019\/03\/ZSTU1560.png\"><img loading=\"lazy\" decoding=\"async\" class=\"aligncenter size-large wp-image-1206\" src=\"http:\/\/incuxhaven.de\/wp-content\/uploads\/2019\/03\/ZSTU1560-1024x768.png\" alt=\"\" width=\"640\" height=\"480\" srcset=\"https:\/\/incuxhaven.de\/wp-content\/uploads\/2019\/03\/ZSTU1560-1024x768.png 1024w, https:\/\/incuxhaven.de\/wp-content\/uploads\/2019\/03\/ZSTU1560-300x225.png 300w, https:\/\/incuxhaven.de\/wp-content\/uploads\/2019\/03\/ZSTU1560-768x576.png 768w, https:\/\/incuxhaven.de\/wp-content\/uploads\/2019\/03\/ZSTU1560-285x214.png 285w, https:\/\/incuxhaven.de\/wp-content\/uploads\/2019\/03\/ZSTU1560.png 1403w\" sizes=\"auto, (max-width: 640px) 100vw, 640px\" \/><\/a><a href=\"http:\/\/incuxhaven.de\/wp-content\/uploads\/2019\/03\/ZSTU1559.png\"><img loading=\"lazy\" decoding=\"async\" class=\"aligncenter size-large wp-image-1205\" src=\"http:\/\/incuxhaven.de\/wp-content\/uploads\/2019\/03\/ZSTU1559-1024x768.png\" alt=\"\" width=\"640\" height=\"480\" srcset=\"https:\/\/incuxhaven.de\/wp-content\/uploads\/2019\/03\/ZSTU1559-1024x768.png 1024w, https:\/\/incuxhaven.de\/wp-content\/uploads\/2019\/03\/ZSTU1559-300x225.png 300w, https:\/\/incuxhaven.de\/wp-content\/uploads\/2019\/03\/ZSTU1559-768x576.png 768w, https:\/\/incuxhaven.de\/wp-content\/uploads\/2019\/03\/ZSTU1559-285x214.png 285w, https:\/\/incuxhaven.de\/wp-content\/uploads\/2019\/03\/ZSTU1559.png 1403w\" sizes=\"auto, (max-width: 640px) 100vw, 640px\" \/><\/a><a href=\"http:\/\/incuxhaven.de\/wp-content\/uploads\/2019\/03\/ZSTU1558.png\"><img loading=\"lazy\" decoding=\"async\" class=\"aligncenter size-large wp-image-1204\" src=\"http:\/\/incuxhaven.de\/wp-content\/uploads\/2019\/03\/ZSTU1558-768x1024.png\" alt=\"\" width=\"640\" height=\"853\" srcset=\"https:\/\/incuxhaven.de\/wp-content\/uploads\/2019\/03\/ZSTU1558-768x1024.png 768w, https:\/\/incuxhaven.de\/wp-content\/uploads\/2019\/03\/ZSTU1558-225x300.png 225w, https:\/\/incuxhaven.de\/wp-content\/uploads\/2019\/03\/ZSTU1558.png 1052w\" sizes=\"auto, (max-width: 640px) 100vw, 640px\" \/><\/a><a href=\"http:\/\/incuxhaven.de\/wp-content\/uploads\/2019\/03\/ZSTU1553.png\"><img loading=\"lazy\" decoding=\"async\" class=\"aligncenter size-large wp-image-1203\" src=\"http:\/\/incuxhaven.de\/wp-content\/uploads\/2019\/03\/ZSTU1553-1024x768.png\" alt=\"\" width=\"640\" height=\"480\" srcset=\"https:\/\/incuxhaven.de\/wp-content\/uploads\/2019\/03\/ZSTU1553-1024x768.png 1024w, https:\/\/incuxhaven.de\/wp-content\/uploads\/2019\/03\/ZSTU1553-300x225.png 300w, https:\/\/incuxhaven.de\/wp-content\/uploads\/2019\/03\/ZSTU1553-768x576.png 768w, https:\/\/incuxhaven.de\/wp-content\/uploads\/2019\/03\/ZSTU1553-285x214.png 285w, https:\/\/incuxhaven.de\/wp-content\/uploads\/2019\/03\/ZSTU1553.png 1403w\" sizes=\"auto, (max-width: 640px) 100vw, 640px\" \/><\/a><a href=\"http:\/\/incuxhaven.de\/wp-content\/uploads\/2019\/03\/ZSTU1551.png\"><img loading=\"lazy\" decoding=\"async\" class=\"aligncenter size-large wp-image-1202\" src=\"http:\/\/incuxhaven.de\/wp-content\/uploads\/2019\/03\/ZSTU1551-768x1024.png\" alt=\"\" width=\"640\" height=\"853\" srcset=\"https:\/\/incuxhaven.de\/wp-content\/uploads\/2019\/03\/ZSTU1551-768x1024.png 768w, https:\/\/incuxhaven.de\/wp-content\/uploads\/2019\/03\/ZSTU1551-225x300.png 225w, https:\/\/incuxhaven.de\/wp-content\/uploads\/2019\/03\/ZSTU1551.png 1052w\" sizes=\"auto, (max-width: 640px) 100vw, 640px\" \/><\/a><a href=\"http:\/\/incuxhaven.de\/wp-content\/uploads\/2019\/03\/ZSTU1550.png\"><img loading=\"lazy\" decoding=\"async\" class=\"aligncenter size-large wp-image-1201\" src=\"http:\/\/incuxhaven.de\/wp-content\/uploads\/2019\/03\/ZSTU1550-768x1024.png\" alt=\"\" width=\"640\" height=\"853\" srcset=\"https:\/\/incuxhaven.de\/wp-content\/uploads\/2019\/03\/ZSTU1550-768x1024.png 768w, https:\/\/incuxhaven.de\/wp-content\/uploads\/2019\/03\/ZSTU1550-225x300.png 225w, https:\/\/incuxhaven.de\/wp-content\/uploads\/2019\/03\/ZSTU1550.png 1052w\" sizes=\"auto, (max-width: 640px) 100vw, 640px\" \/><\/a><a href=\"http:\/\/incuxhaven.de\/wp-content\/uploads\/2019\/03\/ZSTU1548.png\"><img loading=\"lazy\" decoding=\"async\" class=\"aligncenter size-large wp-image-1200\" src=\"http:\/\/incuxhaven.de\/wp-content\/uploads\/2019\/03\/ZSTU1548-768x1024.png\" alt=\"\" width=\"640\" height=\"853\" srcset=\"https:\/\/incuxhaven.de\/wp-content\/uploads\/2019\/03\/ZSTU1548-768x1024.png 768w, https:\/\/incuxhaven.de\/wp-content\/uploads\/2019\/03\/ZSTU1548-225x300.png 225w, https:\/\/incuxhaven.de\/wp-content\/uploads\/2019\/03\/ZSTU1548.png 1052w\" sizes=\"auto, (max-width: 640px) 100vw, 640px\" \/><\/a><a href=\"http:\/\/incuxhaven.de\/wp-content\/uploads\/2019\/03\/ZSTU1547.png\"><img loading=\"lazy\" decoding=\"async\" class=\"aligncenter size-large wp-image-1199\" src=\"http:\/\/incuxhaven.de\/wp-content\/uploads\/2019\/03\/ZSTU1547-768x1024.png\" alt=\"\" width=\"640\" height=\"853\" srcset=\"https:\/\/incuxhaven.de\/wp-content\/uploads\/2019\/03\/ZSTU1547-768x1024.png 768w, https:\/\/incuxhaven.de\/wp-content\/uploads\/2019\/03\/ZSTU1547-225x300.png 225w, https:\/\/incuxhaven.de\/wp-content\/uploads\/2019\/03\/ZSTU1547.png 1052w\" sizes=\"auto, (max-width: 640px) 100vw, 640px\" \/><\/a><a href=\"http:\/\/incuxhaven.de\/wp-content\/uploads\/2019\/03\/ZSTU1546.png\"><img loading=\"lazy\" decoding=\"async\" class=\"aligncenter size-large wp-image-1198\" src=\"http:\/\/incuxhaven.de\/wp-content\/uploads\/2019\/03\/ZSTU1546-768x1024.png\" alt=\"\" width=\"640\" height=\"853\" srcset=\"https:\/\/incuxhaven.de\/wp-content\/uploads\/2019\/03\/ZSTU1546-768x1024.png 768w, https:\/\/incuxhaven.de\/wp-content\/uploads\/2019\/03\/ZSTU1546-225x300.png 225w, https:\/\/incuxhaven.de\/wp-content\/uploads\/2019\/03\/ZSTU1546.png 1052w\" sizes=\"auto, (max-width: 640px) 100vw, 640px\" \/><\/a><a href=\"http:\/\/incuxhaven.de\/wp-content\/uploads\/2019\/03\/ZSTU1545.png\"><img loading=\"lazy\" decoding=\"async\" class=\"aligncenter size-large wp-image-1197\" src=\"http:\/\/incuxhaven.de\/wp-content\/uploads\/2019\/03\/ZSTU1545-768x1024.png\" alt=\"\" width=\"640\" height=\"853\" srcset=\"https:\/\/incuxhaven.de\/wp-content\/uploads\/2019\/03\/ZSTU1545-768x1024.png 768w, https:\/\/incuxhaven.de\/wp-content\/uploads\/2019\/03\/ZSTU1545-225x300.png 225w, https:\/\/incuxhaven.de\/wp-content\/uploads\/2019\/03\/ZSTU1545.png 1052w\" sizes=\"auto, (max-width: 640px) 100vw, 640px\" \/><\/a><a href=\"http:\/\/incuxhaven.de\/wp-content\/uploads\/2019\/03\/ZSTU1540.png\"><img loading=\"lazy\" decoding=\"async\" class=\"aligncenter size-large wp-image-1196\" src=\"http:\/\/incuxhaven.de\/wp-content\/uploads\/2019\/03\/ZSTU1540-768x1024.png\" alt=\"\" width=\"640\" height=\"853\" srcset=\"https:\/\/incuxhaven.de\/wp-content\/uploads\/2019\/03\/ZSTU1540-768x1024.png 768w, https:\/\/incuxhaven.de\/wp-content\/uploads\/2019\/03\/ZSTU1540-225x300.png 225w, https:\/\/incuxhaven.de\/wp-content\/uploads\/2019\/03\/ZSTU1540.png 1052w\" sizes=\"auto, (max-width: 640px) 100vw, 640px\" \/><\/a><a href=\"http:\/\/incuxhaven.de\/wp-content\/uploads\/2019\/03\/ZSTU1539.png\"><img loading=\"lazy\" decoding=\"async\" class=\"aligncenter size-large wp-image-1195\" src=\"http:\/\/incuxhaven.de\/wp-content\/uploads\/2019\/03\/ZSTU1539-768x1024.png\" alt=\"\" width=\"640\" height=\"853\" srcset=\"https:\/\/incuxhaven.de\/wp-content\/uploads\/2019\/03\/ZSTU1539-768x1024.png 768w, https:\/\/incuxhaven.de\/wp-content\/uploads\/2019\/03\/ZSTU1539-225x300.png 225w, https:\/\/incuxhaven.de\/wp-content\/uploads\/2019\/03\/ZSTU1539.png 1052w\" sizes=\"auto, (max-width: 640px) 100vw, 640px\" \/><\/a><a href=\"http:\/\/incuxhaven.de\/wp-content\/uploads\/2019\/03\/ZSTU1531.png\"><img loading=\"lazy\" decoding=\"async\" class=\"aligncenter size-large wp-image-1194\" src=\"http:\/\/incuxhaven.de\/wp-content\/uploads\/2019\/03\/ZSTU1531-1024x768.png\" alt=\"\" width=\"640\" height=\"480\" srcset=\"https:\/\/incuxhaven.de\/wp-content\/uploads\/2019\/03\/ZSTU1531-1024x768.png 1024w, https:\/\/incuxhaven.de\/wp-content\/uploads\/2019\/03\/ZSTU1531-300x225.png 300w, https:\/\/incuxhaven.de\/wp-content\/uploads\/2019\/03\/ZSTU1531-768x576.png 768w, https:\/\/incuxhaven.de\/wp-content\/uploads\/2019\/03\/ZSTU1531-285x214.png 285w, https:\/\/incuxhaven.de\/wp-content\/uploads\/2019\/03\/ZSTU1531.png 1403w\" sizes=\"auto, (max-width: 640px) 100vw, 640px\" \/><\/a><a href=\"http:\/\/incuxhaven.de\/wp-content\/uploads\/2019\/03\/ZSTU1530.png\"><img loading=\"lazy\" decoding=\"async\" class=\"aligncenter size-large wp-image-1193\" src=\"http:\/\/incuxhaven.de\/wp-content\/uploads\/2019\/03\/ZSTU1530-768x1024.png\" alt=\"\" width=\"640\" height=\"853\" srcset=\"https:\/\/incuxhaven.de\/wp-content\/uploads\/2019\/03\/ZSTU1530-768x1024.png 768w, https:\/\/incuxhaven.de\/wp-content\/uploads\/2019\/03\/ZSTU1530-225x300.png 225w, https:\/\/incuxhaven.de\/wp-content\/uploads\/2019\/03\/ZSTU1530.png 1052w\" sizes=\"auto, (max-width: 640px) 100vw, 640px\" \/><\/a><a href=\"http:\/\/incuxhaven.de\/wp-content\/uploads\/2019\/03\/ZSTU1528.png\"><img loading=\"lazy\" decoding=\"async\" class=\"aligncenter size-large wp-image-1192\" src=\"http:\/\/incuxhaven.de\/wp-content\/uploads\/2019\/03\/ZSTU1528-1024x768.png\" alt=\"\" width=\"640\" height=\"480\" srcset=\"https:\/\/incuxhaven.de\/wp-content\/uploads\/2019\/03\/ZSTU1528-1024x768.png 1024w, https:\/\/incuxhaven.de\/wp-content\/uploads\/2019\/03\/ZSTU1528-300x225.png 300w, https:\/\/incuxhaven.de\/wp-content\/uploads\/2019\/03\/ZSTU1528-768x576.png 768w, https:\/\/incuxhaven.de\/wp-content\/uploads\/2019\/03\/ZSTU1528-285x214.png 285w, https:\/\/incuxhaven.de\/wp-content\/uploads\/2019\/03\/ZSTU1528.png 1403w\" sizes=\"auto, (max-width: 640px) 100vw, 640px\" \/><\/a><a href=\"http:\/\/incuxhaven.de\/wp-content\/uploads\/2019\/03\/ZSTU1525.png\"><img loading=\"lazy\" decoding=\"async\" class=\"aligncenter size-large wp-image-1191\" src=\"http:\/\/incuxhaven.de\/wp-content\/uploads\/2019\/03\/ZSTU1525-768x1024.png\" alt=\"\" width=\"640\" height=\"853\" srcset=\"https:\/\/incuxhaven.de\/wp-content\/uploads\/2019\/03\/ZSTU1525-768x1024.png 768w, https:\/\/incuxhaven.de\/wp-content\/uploads\/2019\/03\/ZSTU1525-225x300.png 225w, https:\/\/incuxhaven.de\/wp-content\/uploads\/2019\/03\/ZSTU1525.png 1052w\" sizes=\"auto, (max-width: 640px) 100vw, 640px\" \/><\/a><a href=\"http:\/\/incuxhaven.de\/wp-content\/uploads\/2019\/03\/ZSTU1524.png\"><img loading=\"lazy\" decoding=\"async\" class=\"aligncenter size-large wp-image-1190\" src=\"http:\/\/incuxhaven.de\/wp-content\/uploads\/2019\/03\/ZSTU1524-1024x768.png\" alt=\"\" width=\"640\" height=\"480\" srcset=\"https:\/\/incuxhaven.de\/wp-content\/uploads\/2019\/03\/ZSTU1524-1024x768.png 1024w, https:\/\/incuxhaven.de\/wp-content\/uploads\/2019\/03\/ZSTU1524-300x225.png 300w, https:\/\/incuxhaven.de\/wp-content\/uploads\/2019\/03\/ZSTU1524-768x576.png 768w, https:\/\/incuxhaven.de\/wp-content\/uploads\/2019\/03\/ZSTU1524-285x214.png 285w, https:\/\/incuxhaven.de\/wp-content\/uploads\/2019\/03\/ZSTU1524.png 1403w\" sizes=\"auto, (max-width: 640px) 100vw, 640px\" \/><\/a><a href=\"http:\/\/incuxhaven.de\/wp-content\/uploads\/2019\/03\/ZSTU1522.png\"><img loading=\"lazy\" decoding=\"async\" class=\"aligncenter size-large wp-image-1189\" src=\"http:\/\/incuxhaven.de\/wp-content\/uploads\/2019\/03\/ZSTU1522-1024x768.png\" alt=\"\" width=\"640\" height=\"480\" srcset=\"https:\/\/incuxhaven.de\/wp-content\/uploads\/2019\/03\/ZSTU1522-1024x768.png 1024w, https:\/\/incuxhaven.de\/wp-content\/uploads\/2019\/03\/ZSTU1522-300x225.png 300w, https:\/\/incuxhaven.de\/wp-content\/uploads\/2019\/03\/ZSTU1522-768x576.png 768w, https:\/\/incuxhaven.de\/wp-content\/uploads\/2019\/03\/ZSTU1522-285x214.png 285w, https:\/\/incuxhaven.de\/wp-content\/uploads\/2019\/03\/ZSTU1522.png 1403w\" sizes=\"auto, (max-width: 640px) 100vw, 640px\" \/><\/a><a href=\"http:\/\/incuxhaven.de\/wp-content\/uploads\/2019\/03\/ZSTU1521.png\"><img loading=\"lazy\" decoding=\"async\" class=\"aligncenter size-large wp-image-1188\" src=\"http:\/\/incuxhaven.de\/wp-content\/uploads\/2019\/03\/ZSTU1521-768x1024.png\" alt=\"\" width=\"640\" height=\"853\" srcset=\"https:\/\/incuxhaven.de\/wp-content\/uploads\/2019\/03\/ZSTU1521-768x1024.png 768w, https:\/\/incuxhaven.de\/wp-content\/uploads\/2019\/03\/ZSTU1521-225x300.png 225w, https:\/\/incuxhaven.de\/wp-content\/uploads\/2019\/03\/ZSTU1521.png 1052w\" sizes=\"auto, (max-width: 640px) 100vw, 640px\" \/><\/a><a href=\"http:\/\/incuxhaven.de\/wp-content\/uploads\/2019\/03\/ZSTU1520.png\"><img loading=\"lazy\" decoding=\"async\" class=\"aligncenter size-large wp-image-1187\" src=\"http:\/\/incuxhaven.de\/wp-content\/uploads\/2019\/03\/ZSTU1520-768x1024.png\" alt=\"\" width=\"640\" height=\"853\" srcset=\"https:\/\/incuxhaven.de\/wp-content\/uploads\/2019\/03\/ZSTU1520-768x1024.png 768w, https:\/\/incuxhaven.de\/wp-content\/uploads\/2019\/03\/ZSTU1520-225x300.png 225w, https:\/\/incuxhaven.de\/wp-content\/uploads\/2019\/03\/ZSTU1520.png 1052w\" sizes=\"auto, (max-width: 640px) 100vw, 640px\" \/><\/a><a href=\"http:\/\/incuxhaven.de\/wp-content\/uploads\/2019\/03\/ZSTU1519.png\"><img loading=\"lazy\" decoding=\"async\" class=\"aligncenter size-large wp-image-1186\" src=\"http:\/\/incuxhaven.de\/wp-content\/uploads\/2019\/03\/ZSTU1519-768x1024.png\" alt=\"\" width=\"640\" height=\"853\" srcset=\"https:\/\/incuxhaven.de\/wp-content\/uploads\/2019\/03\/ZSTU1519-768x1024.png 768w, https:\/\/incuxhaven.de\/wp-content\/uploads\/2019\/03\/ZSTU1519-225x300.png 225w, https:\/\/incuxhaven.de\/wp-content\/uploads\/2019\/03\/ZSTU1519.png 1052w\" sizes=\"auto, (max-width: 640px) 100vw, 640px\" \/><\/a><a href=\"http:\/\/incuxhaven.de\/wp-content\/uploads\/2019\/03\/ZSTU1518.png\"><img loading=\"lazy\" decoding=\"async\" class=\"aligncenter size-large wp-image-1185\" src=\"http:\/\/incuxhaven.de\/wp-content\/uploads\/2019\/03\/ZSTU1518-768x1024.png\" alt=\"\" width=\"640\" height=\"853\" srcset=\"https:\/\/incuxhaven.de\/wp-content\/uploads\/2019\/03\/ZSTU1518-768x1024.png 768w, https:\/\/incuxhaven.de\/wp-content\/uploads\/2019\/03\/ZSTU1518-225x300.png 225w, https:\/\/incuxhaven.de\/wp-content\/uploads\/2019\/03\/ZSTU1518.png 1052w\" sizes=\"auto, (max-width: 640px) 100vw, 640px\" \/><\/a><a href=\"http:\/\/incuxhaven.de\/wp-content\/uploads\/2019\/03\/ZSTU1516.png\"><img loading=\"lazy\" decoding=\"async\" class=\"aligncenter size-large wp-image-1184\" src=\"http:\/\/incuxhaven.de\/wp-content\/uploads\/2019\/03\/ZSTU1516-768x1024.png\" alt=\"\" width=\"640\" height=\"853\" srcset=\"https:\/\/incuxhaven.de\/wp-content\/uploads\/2019\/03\/ZSTU1516-768x1024.png 768w, https:\/\/incuxhaven.de\/wp-content\/uploads\/2019\/03\/ZSTU1516-225x300.png 225w, https:\/\/incuxhaven.de\/wp-content\/uploads\/2019\/03\/ZSTU1516.png 1052w\" sizes=\"auto, (max-width: 640px) 100vw, 640px\" \/><\/a><a href=\"http:\/\/incuxhaven.de\/wp-content\/uploads\/2019\/03\/ZSTU1514.png\"><img loading=\"lazy\" decoding=\"async\" class=\"aligncenter size-large wp-image-1183\" src=\"http:\/\/incuxhaven.de\/wp-content\/uploads\/2019\/03\/ZSTU1514-768x1024.png\" alt=\"\" width=\"640\" height=\"853\" srcset=\"https:\/\/incuxhaven.de\/wp-content\/uploads\/2019\/03\/ZSTU1514-768x1024.png 768w, https:\/\/incuxhaven.de\/wp-content\/uploads\/2019\/03\/ZSTU1514-225x300.png 225w, https:\/\/incuxhaven.de\/wp-content\/uploads\/2019\/03\/ZSTU1514.png 1052w\" sizes=\"auto, (max-width: 640px) 100vw, 640px\" \/><\/a><a href=\"http:\/\/incuxhaven.de\/wp-content\/uploads\/2019\/03\/ZSTU1511.png\"><img loading=\"lazy\" decoding=\"async\" class=\"aligncenter size-large wp-image-1182\" src=\"http:\/\/incuxhaven.de\/wp-content\/uploads\/2019\/03\/ZSTU1511-768x1024.png\" alt=\"\" width=\"640\" height=\"853\" srcset=\"https:\/\/incuxhaven.de\/wp-content\/uploads\/2019\/03\/ZSTU1511-768x1024.png 768w, https:\/\/incuxhaven.de\/wp-content\/uploads\/2019\/03\/ZSTU1511-225x300.png 225w, https:\/\/incuxhaven.de\/wp-content\/uploads\/2019\/03\/ZSTU1511.png 1052w\" sizes=\"auto, (max-width: 640px) 100vw, 640px\" \/><\/a><a href=\"http:\/\/incuxhaven.de\/wp-content\/uploads\/2019\/03\/ZSTU1510.png\"><img loading=\"lazy\" decoding=\"async\" class=\"aligncenter size-large wp-image-1181\" src=\"http:\/\/incuxhaven.de\/wp-content\/uploads\/2019\/03\/ZSTU1510-1024x768.png\" alt=\"\" width=\"640\" height=\"480\" srcset=\"https:\/\/incuxhaven.de\/wp-content\/uploads\/2019\/03\/ZSTU1510-1024x768.png 1024w, https:\/\/incuxhaven.de\/wp-content\/uploads\/2019\/03\/ZSTU1510-300x225.png 300w, https:\/\/incuxhaven.de\/wp-content\/uploads\/2019\/03\/ZSTU1510-768x576.png 768w, https:\/\/incuxhaven.de\/wp-content\/uploads\/2019\/03\/ZSTU1510-285x214.png 285w, https:\/\/incuxhaven.de\/wp-content\/uploads\/2019\/03\/ZSTU1510.png 1403w\" sizes=\"auto, (max-width: 640px) 100vw, 640px\" \/><\/a><a href=\"http:\/\/incuxhaven.de\/wp-content\/uploads\/2019\/03\/ZSTU1509.png\"><img loading=\"lazy\" decoding=\"async\" class=\"aligncenter size-large wp-image-1180\" src=\"http:\/\/incuxhaven.de\/wp-content\/uploads\/2019\/03\/ZSTU1509-768x1024.png\" alt=\"\" width=\"640\" height=\"853\" srcset=\"https:\/\/incuxhaven.de\/wp-content\/uploads\/2019\/03\/ZSTU1509-768x1024.png 768w, https:\/\/incuxhaven.de\/wp-content\/uploads\/2019\/03\/ZSTU1509-225x300.png 225w, https:\/\/incuxhaven.de\/wp-content\/uploads\/2019\/03\/ZSTU1509.png 1052w\" sizes=\"auto, (max-width: 640px) 100vw, 640px\" \/><\/a><a href=\"http:\/\/incuxhaven.de\/wp-content\/uploads\/2019\/03\/ZSTU1506.png\"><img loading=\"lazy\" decoding=\"async\" class=\"aligncenter size-large wp-image-1179\" src=\"http:\/\/incuxhaven.de\/wp-content\/uploads\/2019\/03\/ZSTU1506-1024x768.png\" alt=\"\" width=\"640\" height=\"480\" srcset=\"https:\/\/incuxhaven.de\/wp-content\/uploads\/2019\/03\/ZSTU1506-1024x768.png 1024w, https:\/\/incuxhaven.de\/wp-content\/uploads\/2019\/03\/ZSTU1506-300x225.png 300w, https:\/\/incuxhaven.de\/wp-content\/uploads\/2019\/03\/ZSTU1506-768x576.png 768w, https:\/\/incuxhaven.de\/wp-content\/uploads\/2019\/03\/ZSTU1506-285x214.png 285w, https:\/\/incuxhaven.de\/wp-content\/uploads\/2019\/03\/ZSTU1506.png 1403w\" sizes=\"auto, (max-width: 640px) 100vw, 640px\" \/><\/a><a href=\"http:\/\/incuxhaven.de\/wp-content\/uploads\/2019\/03\/ZSTU1502.png\"><img loading=\"lazy\" decoding=\"async\" class=\"aligncenter size-large wp-image-1178\" src=\"http:\/\/incuxhaven.de\/wp-content\/uploads\/2019\/03\/ZSTU1502-1024x768.png\" alt=\"\" width=\"640\" height=\"480\" srcset=\"https:\/\/incuxhaven.de\/wp-content\/uploads\/2019\/03\/ZSTU1502-1024x768.png 1024w, https:\/\/incuxhaven.de\/wp-content\/uploads\/2019\/03\/ZSTU1502-300x225.png 300w, https:\/\/incuxhaven.de\/wp-content\/uploads\/2019\/03\/ZSTU1502-768x576.png 768w, https:\/\/incuxhaven.de\/wp-content\/uploads\/2019\/03\/ZSTU1502-285x214.png 285w, https:\/\/incuxhaven.de\/wp-content\/uploads\/2019\/03\/ZSTU1502.png 1403w\" sizes=\"auto, (max-width: 640px) 100vw, 640px\" \/><\/a><a href=\"http:\/\/incuxhaven.de\/wp-content\/uploads\/2019\/03\/ZSTU1496.png\"><img loading=\"lazy\" decoding=\"async\" class=\"aligncenter size-large wp-image-1177\" src=\"http:\/\/incuxhaven.de\/wp-content\/uploads\/2019\/03\/ZSTU1496-768x1024.png\" alt=\"\" width=\"640\" height=\"853\" srcset=\"https:\/\/incuxhaven.de\/wp-content\/uploads\/2019\/03\/ZSTU1496-768x1024.png 768w, https:\/\/incuxhaven.de\/wp-content\/uploads\/2019\/03\/ZSTU1496-225x300.png 225w, https:\/\/incuxhaven.de\/wp-content\/uploads\/2019\/03\/ZSTU1496.png 1052w\" sizes=\"auto, (max-width: 640px) 100vw, 640px\" \/><\/a> <a href=\"http:\/\/incuxhaven.de\/wp-content\/uploads\/2019\/03\/ZSTU1514.png\"><img loading=\"lazy\" decoding=\"async\" class=\"aligncenter size-medium wp-image-1183\" src=\"http:\/\/incuxhaven.de\/wp-content\/uploads\/2019\/03\/ZSTU1514-225x300.png\" alt=\"\" width=\"225\" height=\"300\" srcset=\"https:\/\/incuxhaven.de\/wp-content\/uploads\/2019\/03\/ZSTU1514-225x300.png 225w, https:\/\/incuxhaven.de\/wp-content\/uploads\/2019\/03\/ZSTU1514-768x1024.png 768w, https:\/\/incuxhaven.de\/wp-content\/uploads\/2019\/03\/ZSTU1514.png 1052w\" sizes=\"auto, (max-width: 225px) 100vw, 225px\" \/><\/a> <a href=\"http:\/\/incuxhaven.de\/wp-content\/uploads\/2019\/03\/ZSTU1516.png\"><img loading=\"lazy\" decoding=\"async\" class=\"aligncenter size-medium wp-image-1184\" src=\"http:\/\/incuxhaven.de\/wp-content\/uploads\/2019\/03\/ZSTU1516-225x300.png\" alt=\"\" width=\"225\" height=\"300\" srcset=\"https:\/\/incuxhaven.de\/wp-content\/uploads\/2019\/03\/ZSTU1516-225x300.png 225w, https:\/\/incuxhaven.de\/wp-content\/uploads\/2019\/03\/ZSTU1516-768x1024.png 768w, https:\/\/incuxhaven.de\/wp-content\/uploads\/2019\/03\/ZSTU1516.png 1052w\" sizes=\"auto, (max-width: 225px) 100vw, 225px\" \/><\/a><\/h3>\r\n<h3>\u00a0<\/h3>\r\n<h3><a href=\"http:\/\/incuxhaven.de\/wp-content\/uploads\/2018\/09\/AK-Asyl-Kurdistan-Veranstaltung-2018-Plakat-A4.jpg\"><img loading=\"lazy\" decoding=\"async\" class=\"aligncenter size-medium wp-image-1143\" src=\"http:\/\/incuxhaven.de\/wp-content\/uploads\/2018\/09\/AK-Asyl-Kurdistan-Veranstaltung-2018-Plakat-A4-212x300.jpg\" alt=\"\" width=\"212\" height=\"300\" srcset=\"https:\/\/incuxhaven.de\/wp-content\/uploads\/2018\/09\/AK-Asyl-Kurdistan-Veranstaltung-2018-Plakat-A4-212x300.jpg 212w, https:\/\/incuxhaven.de\/wp-content\/uploads\/2018\/09\/AK-Asyl-Kurdistan-Veranstaltung-2018-Plakat-A4-768x1086.jpg 768w, https:\/\/incuxhaven.de\/wp-content\/uploads\/2018\/09\/AK-Asyl-Kurdistan-Veranstaltung-2018-Plakat-A4-724x1024.jpg 724w, https:\/\/incuxhaven.de\/wp-content\/uploads\/2018\/09\/AK-Asyl-Kurdistan-Veranstaltung-2018-Plakat-A4.jpg 1240w\" sizes=\"auto, (max-width: 212px) 100vw, 212px\" \/><\/a><\/h3>\r\n<\/div>\r\n<div class=\"col_1c\">\r\n<h3>In eigener Sache<\/h3>\r\n<p>Unter der \u00dcberschrift: Die PKK im Fokus der Ermittlungsbeh\u00f6rden wurden am Dienstag, den 19. Juni 2018 in einer Gro\u00dfrazzia in der Stadt bzw. Landkreis Cuxhaven 11 Objekte durchsucht.<br \/>Auch die \u00f6rtliche Presse (Cuxhavener Nachrichten) berichteten am folgenden Tag.<\/p>\r\n<p>Das Haus des 2. Vorsitzenden unseres Vereins wurde ebenfalls durchsucht und verschiedene Dinge, wie Computer, Datentr\u00e4ger usw. beschlagnahmt. Hier finden Sie PDF-Dateien zum Vorgang.<\/p>\r\n<p><a href=\"http:\/\/incuxhaven.de\/wp-content\/uploads\/2018\/08\/Kurden-Kriminalisierung-akt-Ende-August-18.pdf\">Kurden Kriminalisierung akt Ende August 18<\/a><\/p>\r\n<div id=\"attachment_1102\" style=\"width: 235px\" class=\"wp-caption aligncenter\"><a href=\"http:\/\/incuxhaven.de\/wp-content\/uploads\/2018\/08\/ZSTU6891-int.jpg\"><img loading=\"lazy\" decoding=\"async\" aria-describedby=\"caption-attachment-1102\" class=\"size-medium wp-image-1102\" src=\"http:\/\/incuxhaven.de\/wp-content\/uploads\/2018\/08\/ZSTU6891-int-225x300.jpg\" alt=\"\" width=\"225\" height=\"300\" srcset=\"https:\/\/incuxhaven.de\/wp-content\/uploads\/2018\/08\/ZSTU6891-int-225x300.jpg 225w, https:\/\/incuxhaven.de\/wp-content\/uploads\/2018\/08\/ZSTU6891-int-768x1023.jpg 768w, https:\/\/incuxhaven.de\/wp-content\/uploads\/2018\/08\/ZSTU6891-int-769x1024.jpg 769w, https:\/\/incuxhaven.de\/wp-content\/uploads\/2018\/08\/ZSTU6891-int.jpg 855w\" sizes=\"auto, (max-width: 225px) 100vw, 225px\" \/><\/a><p id=\"caption-attachment-1102\" class=\"wp-caption-text\">Faust Hannover<\/p><\/div>\r\n<br \/>\r\n<div id=\"attachment_1103\" style=\"width: 310px\" class=\"wp-caption aligncenter\"><a href=\"http:\/\/incuxhaven.de\/wp-content\/uploads\/2018\/08\/ZSTU8455-ausschn.jpg\"><img loading=\"lazy\" decoding=\"async\" aria-describedby=\"caption-attachment-1103\" class=\"size-medium wp-image-1103\" src=\"http:\/\/incuxhaven.de\/wp-content\/uploads\/2018\/08\/ZSTU8455-ausschn-300x294.jpg\" alt=\"\" width=\"300\" height=\"294\" srcset=\"https:\/\/incuxhaven.de\/wp-content\/uploads\/2018\/08\/ZSTU8455-ausschn-300x294.jpg 300w, https:\/\/incuxhaven.de\/wp-content\/uploads\/2018\/08\/ZSTU8455-ausschn-768x754.jpg 768w, https:\/\/incuxhaven.de\/wp-content\/uploads\/2018\/08\/ZSTU8455-ausschn.jpg 957w\" sizes=\"auto, (max-width: 300px) 100vw, 300px\" \/><\/a><p id=\"caption-attachment-1103\" class=\"wp-caption-text\">Rote Flora Hamburg<\/p><\/div>\r\n<h3>\u00a0<\/h3>\r\n<h3>Kurden Kriminalisierung<\/h3>\r\n<h3>Resolution<\/h3>\r\n<p>Der Fl\u00fcchtlingsrat Niedersachsen (ein landesweiter Zusammenschluss von nieders\u00e4chsischen Initiativen, Organisationen und Einzelpersonen) verabschiedete auf seiner Mitgliederversammlung am 26. Mai 2018 folgenden Antrag des Arbeitskreis Asyl Cuxhaven e.V. mit 2 Enthaltungen bei 0 Gegenstimmen:<\/p>\r\n<p>\u201eDie Mitgliederversammlung des Nieders\u00e4chsischen Fl\u00fcchtlingsrats fordert von der Bundesregierung den sofortigen Stopp aller Waffenlieferungen in die T\u00fcrkei. Wir erwarten, dass die Bundesregierung und auch die Landesregierung die zunehmende Kriminalisierung kurdischer Organisationen in Form von Demonstrations- und Fahnenverboten, Durchsuchungen und Festnahmen sofort beenden. Wir erwarten, dass sich die Bundesregierung f\u00fcr den Abzug der t\u00fcrkischen Armee aus Afrin und ein R\u00fcckkehrrecht der Gefl\u00fcchteten einsetzt.\u201c<br \/>Hannover, den 26.05.2018<\/p>\r\n<hr \/>\r\n<h3 class=\"entry-title\">F\u00fcr ein Ende der Invasion und der ethnischen S\u00e4uberung in Afrin durch den t\u00fcrkischen Staat<\/h3>\r\n<\/div>\r\n<h4>NAV-DEM \u2013 Demokratisches Gesellschaftszentrum der KurdInnen in Deutschland<\/h4>\r\n<p><!--more-->Der t\u00fcrkische Staat ist dabei die Massaker gegen die Zivilbev\u00f6lkerung in Afrin zu intensivieren. Er hat die ethnische S\u00e4uberung in der kurdischen Stadt Afrin beschleunigt. Dabei nutzt der t\u00fcrkische Staat die Gelegenheit, die sich aus dem R\u00fcckzug der Demokratischen Kr\u00e4fte Syriens (SDF) und der kurdischen Selbstverteidigungseinheiten YPJ und YPG ergab. Der R\u00fcckzug fand statt um noch gr\u00f6\u00dfere Massaker an den Zivilisten zu verhindern.<\/p>\r\n<p>Das wahre Ziel des t\u00fcrkischen Staates ist es, die kurdische Gesellschaft g\u00e4nzlich auszul\u00f6schen und jeden politischen Status f\u00fcr sie zu verhindern. Afrin zeigt klar und deutlich, dass der t\u00fcrkische Staat diese Politik der ethnischen S\u00e4uberung mit seinen dschihadistischen Verb\u00fcndeten fortsetzten wird.<\/p>\r\n<p>Der t\u00fcrkische Staatsterror und die Barbarei der verb\u00fcndeten Dschihadisten finden vor den Augen der ganzen Welt statt. Alle internationalen Akteure, vor allem die USA, Russland, die EU und UNO sind f\u00fcr diese Invasion und diese ethnischen S\u00e4uberungen verantwortlich.<\/p>\r\n<p><strong>Humanit\u00e4re Hilfe f\u00fcr Afrin<\/strong><\/p>\r\n<p>Hunderttausende Zivilisten, die aufgrund der Barbarei des t\u00fcrkischen Staates aus Afrin fliehen mussten, sind hilflos auf der Flucht. Eine gro\u00dfe humanit\u00e4re Katastrophe droht. Die humanit\u00e4ren Bed\u00fcrfnisse dieser Menschen finden bislang kein Geh\u00f6r in der Welt.<\/p>\r\n<p>Die internationalen Akteure, die angesichts der Massaker schweigen und die Invasion des t\u00fcrkischen Staates billigten, r\u00fchren nicht einmal einen Finger f\u00fcr die Unterst\u00fctzung der zu hunderttausenden gefl\u00fcchteten Menschen. Die Invasion von Afrin ist eine Schande f\u00fcr die Menschheit. Die heldenhaften K\u00e4mpfer der YPG, YPJ und SDF verteidigen nicht nur Afrin, sondern auch die Demokratie, Freiheit, Werte und die W\u00fcrde der Menschheit.<\/p>\r\n<p><strong>Dringender Aufruf an die Regierungen, an politische Parteien, Menschenrechtsorganisationen, Gewerkschaften, internationale Institutionen und die internationale Gemeinschaft:<\/strong><\/p>\r\n<ul>\r\n<li><strong>Sich gegen den t\u00fcrkischen Staatsterror zu stellen, ist eine humanit\u00e4re Pflicht.<\/strong><\/li>\r\n<li><strong>Die Gew\u00e4hrleistung der Hilfe f\u00fcr Hunderttausende von gefl\u00fcchteten Menschen, liegt in der Verantwortung der internationalen Kr\u00e4fte.<\/strong><\/li>\r\n<li><strong>Die t\u00fcrkischen Invasionskr\u00e4fte sollten sofort zum R\u00fcckzug gezwungen werden. Der t\u00fcrkische Staat sollte wegen seiner Verbrechen gegen die Menschlichkeit vor Gericht gestellt werden.<\/strong><\/li>\r\n<li><strong>Ende aller Waffengesch\u00e4fte und politischer Partnerschaften mit autorit\u00e4ren Regimen wie der T\u00fcrkei im Nahen- und Mittleren Osten.<\/strong><\/li>\r\n<li><strong>Unterst\u00fctzung der demokratischen Kr\u00e4fte in der Region und der Friedensbem\u00fchungen der Demokratischen F\u00f6deration Nordsyrien f\u00fcr ein freies und demokratisches Syrien.<\/strong><\/li>\r\n<\/ul>\r\n<hr \/>\r\n<p><span style=\"color: #000000;\"><a style=\"color: #000000;\" href=\"http:\/\/incuxhaven.de\/wp-content\/uploads\/2018\/03\/ZSTU5304.png\">Tausende Demonstranten aus allen Teilen der Bundesrepublik feierten gemeinsam das Newroz-Fest 2018 in Hannover in Solidarit\u00e4t mit Efrin. Unter den Demonstranten auch der ehemalige Oberb\u00fcrgermeister der Stadt Hannover Herbert Schmalstieg und seine Ehefrau Heidi Merk, ehemals Sozialministerin in Niedersachsen. Der Liedermacher Konstantin Wecker und der Schauspieler Dieter Hallervorden forderten in ihren Gru\u00dfbotschaften das PKK-Verbot aufzuheben und erhielten rauschenden Beifall. Nur die Polizei konnte es nicht lassen, alle zu filmen, die ein \u00d6calan Portrait mit sich trugen.<\/a><\/span><\/p>\r\n<p><a href=\"http:\/\/incuxhaven.de\/wp-content\/uploads\/2018\/03\/ZSTU5508-plakat-opa.png\"><img loading=\"lazy\" decoding=\"async\" class=\"aligncenter size-medium wp-image-1039\" src=\"http:\/\/incuxhaven.de\/wp-content\/uploads\/2018\/03\/ZSTU5508-plakat-opa-300x225.png\" alt=\"\" width=\"300\" height=\"225\" srcset=\"https:\/\/incuxhaven.de\/wp-content\/uploads\/2018\/03\/ZSTU5508-plakat-opa-300x225.png 300w, https:\/\/incuxhaven.de\/wp-content\/uploads\/2018\/03\/ZSTU5508-plakat-opa-768x576.png 768w, https:\/\/incuxhaven.de\/wp-content\/uploads\/2018\/03\/ZSTU5508-plakat-opa-1024x768.png 1024w, https:\/\/incuxhaven.de\/wp-content\/uploads\/2018\/03\/ZSTU5508-plakat-opa-285x214.png 285w, https:\/\/incuxhaven.de\/wp-content\/uploads\/2018\/03\/ZSTU5508-plakat-opa.png 1075w\" sizes=\"auto, (max-width: 300px) 100vw, 300px\" \/><\/a><\/p>\r\n<h4><a href=\"http:\/\/incuxhaven.de\/wp-content\/uploads\/2018\/03\/ZSTU5309.png\"><img loading=\"lazy\" decoding=\"async\" class=\"aligncenter size-medium wp-image-1013\" src=\"http:\/\/incuxhaven.de\/wp-content\/uploads\/2018\/03\/ZSTU5309-300x225.png\" alt=\"\" width=\"300\" height=\"225\" srcset=\"https:\/\/incuxhaven.de\/wp-content\/uploads\/2018\/03\/ZSTU5309-300x225.png 300w, https:\/\/incuxhaven.de\/wp-content\/uploads\/2018\/03\/ZSTU5309-768x576.png 768w, https:\/\/incuxhaven.de\/wp-content\/uploads\/2018\/03\/ZSTU5309-1024x768.png 1024w, https:\/\/incuxhaven.de\/wp-content\/uploads\/2018\/03\/ZSTU5309-285x214.png 285w, https:\/\/incuxhaven.de\/wp-content\/uploads\/2018\/03\/ZSTU5309.png 1075w\" sizes=\"auto, (max-width: 300px) 100vw, 300px\" \/><\/a> <a href=\"http:\/\/incuxhaven.de\/wp-content\/uploads\/2018\/03\/ZSTU5312.png\"><img loading=\"lazy\" decoding=\"async\" class=\"aligncenter size-medium wp-image-1014\" src=\"http:\/\/incuxhaven.de\/wp-content\/uploads\/2018\/03\/ZSTU5312-300x225.png\" alt=\"\" width=\"300\" height=\"225\" srcset=\"https:\/\/incuxhaven.de\/wp-content\/uploads\/2018\/03\/ZSTU5312-300x225.png 300w, https:\/\/incuxhaven.de\/wp-content\/uploads\/2018\/03\/ZSTU5312-768x576.png 768w, https:\/\/incuxhaven.de\/wp-content\/uploads\/2018\/03\/ZSTU5312-1024x768.png 1024w, https:\/\/incuxhaven.de\/wp-content\/uploads\/2018\/03\/ZSTU5312-285x214.png 285w, https:\/\/incuxhaven.de\/wp-content\/uploads\/2018\/03\/ZSTU5312.png 1075w\" sizes=\"auto, (max-width: 300px) 100vw, 300px\" \/><\/a> <a href=\"http:\/\/incuxhaven.de\/wp-content\/uploads\/2018\/03\/ZSTU5320.png\"><img loading=\"lazy\" decoding=\"async\" class=\"aligncenter size-medium wp-image-1015\" src=\"http:\/\/incuxhaven.de\/wp-content\/uploads\/2018\/03\/ZSTU5320-300x225.png\" alt=\"\" width=\"300\" height=\"225\" srcset=\"https:\/\/incuxhaven.de\/wp-content\/uploads\/2018\/03\/ZSTU5320-300x225.png 300w, https:\/\/incuxhaven.de\/wp-content\/uploads\/2018\/03\/ZSTU5320-768x576.png 768w, https:\/\/incuxhaven.de\/wp-content\/uploads\/2018\/03\/ZSTU5320-1024x768.png 1024w, https:\/\/incuxhaven.de\/wp-content\/uploads\/2018\/03\/ZSTU5320-285x214.png 285w, https:\/\/incuxhaven.de\/wp-content\/uploads\/2018\/03\/ZSTU5320.png 1075w\" sizes=\"auto, (max-width: 300px) 100vw, 300px\" \/><\/a> <a href=\"http:\/\/incuxhaven.de\/wp-content\/uploads\/2018\/03\/ZSTU5325.png\"><img loading=\"lazy\" decoding=\"async\" class=\"aligncenter size-medium wp-image-1016\" src=\"http:\/\/incuxhaven.de\/wp-content\/uploads\/2018\/03\/ZSTU5325-300x225.png\" alt=\"\" width=\"300\" height=\"225\" srcset=\"https:\/\/incuxhaven.de\/wp-content\/uploads\/2018\/03\/ZSTU5325-300x225.png 300w, https:\/\/incuxhaven.de\/wp-content\/uploads\/2018\/03\/ZSTU5325-768x576.png 768w, https:\/\/incuxhaven.de\/wp-content\/uploads\/2018\/03\/ZSTU5325-1024x768.png 1024w, https:\/\/incuxhaven.de\/wp-content\/uploads\/2018\/03\/ZSTU5325-285x214.png 285w, https:\/\/incuxhaven.de\/wp-content\/uploads\/2018\/03\/ZSTU5325.png 1075w\" sizes=\"auto, (max-width: 300px) 100vw, 300px\" \/><\/a> <a href=\"http:\/\/incuxhaven.de\/wp-content\/uploads\/2018\/03\/ZSTU5330.png\"><img loading=\"lazy\" decoding=\"async\" class=\"aligncenter size-medium wp-image-1017\" src=\"http:\/\/incuxhaven.de\/wp-content\/uploads\/2018\/03\/ZSTU5330-300x225.png\" alt=\"\" width=\"300\" height=\"225\" srcset=\"https:\/\/incuxhaven.de\/wp-content\/uploads\/2018\/03\/ZSTU5330-300x225.png 300w, https:\/\/incuxhaven.de\/wp-content\/uploads\/2018\/03\/ZSTU5330-768x576.png 768w, https:\/\/incuxhaven.de\/wp-content\/uploads\/2018\/03\/ZSTU5330-1024x768.png 1024w, https:\/\/incuxhaven.de\/wp-content\/uploads\/2018\/03\/ZSTU5330-285x214.png 285w, https:\/\/incuxhaven.de\/wp-content\/uploads\/2018\/03\/ZSTU5330.png 1075w\" sizes=\"auto, (max-width: 300px) 100vw, 300px\" \/><\/a> <a href=\"http:\/\/incuxhaven.de\/wp-content\/uploads\/2018\/03\/ZSTU5339.png\"><img loading=\"lazy\" decoding=\"async\" class=\"aligncenter size-medium wp-image-1018\" src=\"http:\/\/incuxhaven.de\/wp-content\/uploads\/2018\/03\/ZSTU5339-225x300.png\" alt=\"\" width=\"225\" height=\"300\" srcset=\"https:\/\/incuxhaven.de\/wp-content\/uploads\/2018\/03\/ZSTU5339-225x300.png 225w, https:\/\/incuxhaven.de\/wp-content\/uploads\/2018\/03\/ZSTU5339-768x1024.png 768w, https:\/\/incuxhaven.de\/wp-content\/uploads\/2018\/03\/ZSTU5339.png 806w\" sizes=\"auto, (max-width: 225px) 100vw, 225px\" \/><\/a> <a href=\"http:\/\/incuxhaven.de\/wp-content\/uploads\/2018\/03\/ZSTU5343.png\"><img loading=\"lazy\" decoding=\"async\" class=\"aligncenter size-medium wp-image-1019\" src=\"http:\/\/incuxhaven.de\/wp-content\/uploads\/2018\/03\/ZSTU5343-225x300.png\" alt=\"\" width=\"225\" height=\"300\" srcset=\"https:\/\/incuxhaven.de\/wp-content\/uploads\/2018\/03\/ZSTU5343-225x300.png 225w, https:\/\/incuxhaven.de\/wp-content\/uploads\/2018\/03\/ZSTU5343-768x1024.png 768w, https:\/\/incuxhaven.de\/wp-content\/uploads\/2018\/03\/ZSTU5343.png 806w\" sizes=\"auto, (max-width: 225px) 100vw, 225px\" \/><\/a> <a href=\"http:\/\/incuxhaven.de\/wp-content\/uploads\/2018\/03\/ZSTU5347.png\"><img loading=\"lazy\" decoding=\"async\" class=\"aligncenter size-medium wp-image-1020\" src=\"http:\/\/incuxhaven.de\/wp-content\/uploads\/2018\/03\/ZSTU5347-300x225.png\" alt=\"\" width=\"300\" height=\"225\" srcset=\"https:\/\/incuxhaven.de\/wp-content\/uploads\/2018\/03\/ZSTU5347-300x225.png 300w, https:\/\/incuxhaven.de\/wp-content\/uploads\/2018\/03\/ZSTU5347-768x576.png 768w, https:\/\/incuxhaven.de\/wp-content\/uploads\/2018\/03\/ZSTU5347-1024x768.png 1024w, https:\/\/incuxhaven.de\/wp-content\/uploads\/2018\/03\/ZSTU5347-285x214.png 285w, https:\/\/incuxhaven.de\/wp-content\/uploads\/2018\/03\/ZSTU5347.png 1075w\" sizes=\"auto, (max-width: 300px) 100vw, 300px\" \/><\/a> <a href=\"http:\/\/incuxhaven.de\/wp-content\/uploads\/2018\/03\/ZSTU5354.png\"><img loading=\"lazy\" decoding=\"async\" class=\"aligncenter size-medium wp-image-1021\" src=\"http:\/\/incuxhaven.de\/wp-content\/uploads\/2018\/03\/ZSTU5354-300x225.png\" alt=\"\" width=\"300\" height=\"225\" srcset=\"https:\/\/incuxhaven.de\/wp-content\/uploads\/2018\/03\/ZSTU5354-300x225.png 300w, https:\/\/incuxhaven.de\/wp-content\/uploads\/2018\/03\/ZSTU5354-768x576.png 768w, https:\/\/incuxhaven.de\/wp-content\/uploads\/2018\/03\/ZSTU5354-1024x768.png 1024w, https:\/\/incuxhaven.de\/wp-content\/uploads\/2018\/03\/ZSTU5354-285x214.png 285w, https:\/\/incuxhaven.de\/wp-content\/uploads\/2018\/03\/ZSTU5354.png 1075w\" sizes=\"auto, (max-width: 300px) 100vw, 300px\" \/><\/a> <a href=\"http:\/\/incuxhaven.de\/wp-content\/uploads\/2018\/03\/ZSTU5360.png\"><img loading=\"lazy\" decoding=\"async\" class=\"aligncenter size-medium wp-image-1022\" src=\"http:\/\/incuxhaven.de\/wp-content\/uploads\/2018\/03\/ZSTU5360-300x225.png\" alt=\"\" width=\"300\" height=\"225\" srcset=\"https:\/\/incuxhaven.de\/wp-content\/uploads\/2018\/03\/ZSTU5360-300x225.png 300w, https:\/\/incuxhaven.de\/wp-content\/uploads\/2018\/03\/ZSTU5360-768x576.png 768w, https:\/\/incuxhaven.de\/wp-content\/uploads\/2018\/03\/ZSTU5360-1024x768.png 1024w, https:\/\/incuxhaven.de\/wp-content\/uploads\/2018\/03\/ZSTU5360-285x214.png 285w, https:\/\/incuxhaven.de\/wp-content\/uploads\/2018\/03\/ZSTU5360.png 1075w\" sizes=\"auto, (max-width: 300px) 100vw, 300px\" \/><\/a> <a href=\"http:\/\/incuxhaven.de\/wp-content\/uploads\/2018\/03\/ZSTU5366.png\"><img loading=\"lazy\" decoding=\"async\" class=\"aligncenter size-medium wp-image-1023\" src=\"http:\/\/incuxhaven.de\/wp-content\/uploads\/2018\/03\/ZSTU5366-300x225.png\" alt=\"\" width=\"300\" height=\"225\" srcset=\"https:\/\/incuxhaven.de\/wp-content\/uploads\/2018\/03\/ZSTU5366-300x225.png 300w, https:\/\/incuxhaven.de\/wp-content\/uploads\/2018\/03\/ZSTU5366-768x576.png 768w, https:\/\/incuxhaven.de\/wp-content\/uploads\/2018\/03\/ZSTU5366-1024x768.png 1024w, https:\/\/incuxhaven.de\/wp-content\/uploads\/2018\/03\/ZSTU5366-285x214.png 285w, https:\/\/incuxhaven.de\/wp-content\/uploads\/2018\/03\/ZSTU5366.png 1075w\" sizes=\"auto, (max-width: 300px) 100vw, 300px\" \/><\/a> <a href=\"http:\/\/incuxhaven.de\/wp-content\/uploads\/2018\/03\/ZSTU5388.png\"><img loading=\"lazy\" decoding=\"async\" class=\"aligncenter size-medium wp-image-1024\" src=\"http:\/\/incuxhaven.de\/wp-content\/uploads\/2018\/03\/ZSTU5388-300x225.png\" alt=\"\" width=\"300\" height=\"225\" srcset=\"https:\/\/incuxhaven.de\/wp-content\/uploads\/2018\/03\/ZSTU5388-300x225.png 300w, https:\/\/incuxhaven.de\/wp-content\/uploads\/2018\/03\/ZSTU5388-768x576.png 768w, https:\/\/incuxhaven.de\/wp-content\/uploads\/2018\/03\/ZSTU5388-1024x768.png 1024w, https:\/\/incuxhaven.de\/wp-content\/uploads\/2018\/03\/ZSTU5388-285x214.png 285w, https:\/\/incuxhaven.de\/wp-content\/uploads\/2018\/03\/ZSTU5388.png 1075w\" sizes=\"auto, (max-width: 300px) 100vw, 300px\" \/><\/a> <a href=\"http:\/\/incuxhaven.de\/wp-content\/uploads\/2018\/03\/ZSTU5406.png\"><img loading=\"lazy\" decoding=\"async\" class=\"aligncenter size-medium wp-image-1025\" src=\"http:\/\/incuxhaven.de\/wp-content\/uploads\/2018\/03\/ZSTU5406-300x225.png\" alt=\"\" width=\"300\" height=\"225\" srcset=\"https:\/\/incuxhaven.de\/wp-content\/uploads\/2018\/03\/ZSTU5406-300x225.png 300w, https:\/\/incuxhaven.de\/wp-content\/uploads\/2018\/03\/ZSTU5406-768x576.png 768w, https:\/\/incuxhaven.de\/wp-content\/uploads\/2018\/03\/ZSTU5406-1024x768.png 1024w, https:\/\/incuxhaven.de\/wp-content\/uploads\/2018\/03\/ZSTU5406-285x214.png 285w, https:\/\/incuxhaven.de\/wp-content\/uploads\/2018\/03\/ZSTU5406.png 1075w\" sizes=\"auto, (max-width: 300px) 100vw, 300px\" \/><\/a> <a href=\"http:\/\/incuxhaven.de\/wp-content\/uploads\/2018\/03\/ZSTU5408.png\"><img loading=\"lazy\" decoding=\"async\" class=\"aligncenter size-medium wp-image-1026\" src=\"http:\/\/incuxhaven.de\/wp-content\/uploads\/2018\/03\/ZSTU5408-300x225.png\" alt=\"\" width=\"300\" height=\"225\" srcset=\"https:\/\/incuxhaven.de\/wp-content\/uploads\/2018\/03\/ZSTU5408-300x225.png 300w, https:\/\/incuxhaven.de\/wp-content\/uploads\/2018\/03\/ZSTU5408-768x576.png 768w, https:\/\/incuxhaven.de\/wp-content\/uploads\/2018\/03\/ZSTU5408-1024x768.png 1024w, https:\/\/incuxhaven.de\/wp-content\/uploads\/2018\/03\/ZSTU5408-285x214.png 285w, https:\/\/incuxhaven.de\/wp-content\/uploads\/2018\/03\/ZSTU5408.png 1075w\" sizes=\"auto, (max-width: 300px) 100vw, 300px\" \/><\/a> <a href=\"http:\/\/incuxhaven.de\/wp-content\/uploads\/2018\/03\/ZSTU5409.png\"><img loading=\"lazy\" decoding=\"async\" class=\"aligncenter size-medium wp-image-1027\" src=\"http:\/\/incuxhaven.de\/wp-content\/uploads\/2018\/03\/ZSTU5409-225x300.png\" alt=\"\" width=\"225\" height=\"300\" srcset=\"https:\/\/incuxhaven.de\/wp-content\/uploads\/2018\/03\/ZSTU5409-225x300.png 225w, https:\/\/incuxhaven.de\/wp-content\/uploads\/2018\/03\/ZSTU5409-768x1024.png 768w, https:\/\/incuxhaven.de\/wp-content\/uploads\/2018\/03\/ZSTU5409.png 806w\" sizes=\"auto, (max-width: 225px) 100vw, 225px\" \/><\/a> <a href=\"http:\/\/incuxhaven.de\/wp-content\/uploads\/2018\/03\/ZSTU5413.png\"><img loading=\"lazy\" decoding=\"async\" class=\"aligncenter size-medium wp-image-1028\" src=\"http:\/\/incuxhaven.de\/wp-content\/uploads\/2018\/03\/ZSTU5413-300x225.png\" alt=\"\" width=\"300\" height=\"225\" srcset=\"https:\/\/incuxhaven.de\/wp-content\/uploads\/2018\/03\/ZSTU5413-300x225.png 300w, https:\/\/incuxhaven.de\/wp-content\/uploads\/2018\/03\/ZSTU5413-768x576.png 768w, https:\/\/incuxhaven.de\/wp-content\/uploads\/2018\/03\/ZSTU5413-1024x768.png 1024w, https:\/\/incuxhaven.de\/wp-content\/uploads\/2018\/03\/ZSTU5413-285x214.png 285w, https:\/\/incuxhaven.de\/wp-content\/uploads\/2018\/03\/ZSTU5413.png 1075w\" sizes=\"auto, (max-width: 300px) 100vw, 300px\" \/><\/a> <a href=\"http:\/\/incuxhaven.de\/wp-content\/uploads\/2018\/03\/ZSTU5414.png\"><img loading=\"lazy\" decoding=\"async\" class=\"aligncenter size-medium wp-image-1029\" src=\"http:\/\/incuxhaven.de\/wp-content\/uploads\/2018\/03\/ZSTU5414-225x300.png\" alt=\"\" width=\"225\" height=\"300\" srcset=\"https:\/\/incuxhaven.de\/wp-content\/uploads\/2018\/03\/ZSTU5414-225x300.png 225w, https:\/\/incuxhaven.de\/wp-content\/uploads\/2018\/03\/ZSTU5414-768x1024.png 768w, https:\/\/incuxhaven.de\/wp-content\/uploads\/2018\/03\/ZSTU5414.png 806w\" sizes=\"auto, (max-width: 225px) 100vw, 225px\" \/><\/a> <a href=\"http:\/\/incuxhaven.de\/wp-content\/uploads\/2018\/03\/ZSTU5420.png\"><img loading=\"lazy\" decoding=\"async\" class=\"aligncenter size-medium wp-image-1030\" src=\"http:\/\/incuxhaven.de\/wp-content\/uploads\/2018\/03\/ZSTU5420-225x300.png\" alt=\"\" width=\"225\" height=\"300\" srcset=\"https:\/\/incuxhaven.de\/wp-content\/uploads\/2018\/03\/ZSTU5420-225x300.png 225w, https:\/\/incuxhaven.de\/wp-content\/uploads\/2018\/03\/ZSTU5420-768x1024.png 768w, https:\/\/incuxhaven.de\/wp-content\/uploads\/2018\/03\/ZSTU5420.png 806w\" sizes=\"auto, (max-width: 225px) 100vw, 225px\" \/><\/a> <a href=\"http:\/\/incuxhaven.de\/wp-content\/uploads\/2018\/03\/ZSTU5433.png\"><img loading=\"lazy\" decoding=\"async\" class=\"aligncenter size-medium wp-image-1031\" src=\"http:\/\/incuxhaven.de\/wp-content\/uploads\/2018\/03\/ZSTU5433-225x300.png\" alt=\"\" width=\"225\" height=\"300\" srcset=\"https:\/\/incuxhaven.de\/wp-content\/uploads\/2018\/03\/ZSTU5433-225x300.png 225w, https:\/\/incuxhaven.de\/wp-content\/uploads\/2018\/03\/ZSTU5433-768x1024.png 768w, https:\/\/incuxhaven.de\/wp-content\/uploads\/2018\/03\/ZSTU5433.png 806w\" sizes=\"auto, (max-width: 225px) 100vw, 225px\" \/><\/a> <a href=\"http:\/\/incuxhaven.de\/wp-content\/uploads\/2018\/03\/ZSTU5435.png\"><img loading=\"lazy\" decoding=\"async\" class=\"aligncenter size-medium wp-image-1032\" src=\"http:\/\/incuxhaven.de\/wp-content\/uploads\/2018\/03\/ZSTU5435-300x225.png\" alt=\"\" width=\"300\" height=\"225\" srcset=\"https:\/\/incuxhaven.de\/wp-content\/uploads\/2018\/03\/ZSTU5435-300x225.png 300w, https:\/\/incuxhaven.de\/wp-content\/uploads\/2018\/03\/ZSTU5435-768x576.png 768w, https:\/\/incuxhaven.de\/wp-content\/uploads\/2018\/03\/ZSTU5435-1024x768.png 1024w, https:\/\/incuxhaven.de\/wp-content\/uploads\/2018\/03\/ZSTU5435-285x214.png 285w, https:\/\/incuxhaven.de\/wp-content\/uploads\/2018\/03\/ZSTU5435.png 1075w\" sizes=\"auto, (max-width: 300px) 100vw, 300px\" \/><\/a> <a href=\"http:\/\/incuxhaven.de\/wp-content\/uploads\/2018\/03\/ZSTU5437.png\"><img loading=\"lazy\" decoding=\"async\" class=\"aligncenter size-medium wp-image-1033\" src=\"http:\/\/incuxhaven.de\/wp-content\/uploads\/2018\/03\/ZSTU5437-225x300.png\" alt=\"\" width=\"225\" height=\"300\" srcset=\"https:\/\/incuxhaven.de\/wp-content\/uploads\/2018\/03\/ZSTU5437-225x300.png 225w, https:\/\/incuxhaven.de\/wp-content\/uploads\/2018\/03\/ZSTU5437-768x1024.png 768w, https:\/\/incuxhaven.de\/wp-content\/uploads\/2018\/03\/ZSTU5437.png 806w\" sizes=\"auto, (max-width: 225px) 100vw, 225px\" \/><\/a> <a href=\"http:\/\/incuxhaven.de\/wp-content\/uploads\/2018\/03\/ZSTU5440.png\"><img loading=\"lazy\" decoding=\"async\" class=\"aligncenter size-medium wp-image-1034\" src=\"http:\/\/incuxhaven.de\/wp-content\/uploads\/2018\/03\/ZSTU5440-225x300.png\" alt=\"\" width=\"225\" height=\"300\" srcset=\"https:\/\/incuxhaven.de\/wp-content\/uploads\/2018\/03\/ZSTU5440-225x300.png 225w, https:\/\/incuxhaven.de\/wp-content\/uploads\/2018\/03\/ZSTU5440-768x1024.png 768w, https:\/\/incuxhaven.de\/wp-content\/uploads\/2018\/03\/ZSTU5440.png 806w\" sizes=\"auto, (max-width: 225px) 100vw, 225px\" \/><\/a> <a href=\"http:\/\/incuxhaven.de\/wp-content\/uploads\/2018\/03\/ZSTU5451.png\"><img loading=\"lazy\" decoding=\"async\" class=\"aligncenter size-medium wp-image-1035\" src=\"http:\/\/incuxhaven.de\/wp-content\/uploads\/2018\/03\/ZSTU5451-300x225.png\" alt=\"\" width=\"300\" height=\"225\" srcset=\"https:\/\/incuxhaven.de\/wp-content\/uploads\/2018\/03\/ZSTU5451-300x225.png 300w, https:\/\/incuxhaven.de\/wp-content\/uploads\/2018\/03\/ZSTU5451-768x576.png 768w, https:\/\/incuxhaven.de\/wp-content\/uploads\/2018\/03\/ZSTU5451-1024x768.png 1024w, https:\/\/incuxhaven.de\/wp-content\/uploads\/2018\/03\/ZSTU5451-285x214.png 285w, https:\/\/incuxhaven.de\/wp-content\/uploads\/2018\/03\/ZSTU5451.png 1075w\" sizes=\"auto, (max-width: 300px) 100vw, 300px\" \/><\/a> <a href=\"http:\/\/incuxhaven.de\/wp-content\/uploads\/2018\/03\/ZSTU5474-bearb.png\"><img loading=\"lazy\" decoding=\"async\" class=\"aligncenter size-medium wp-image-1036\" src=\"http:\/\/incuxhaven.de\/wp-content\/uploads\/2018\/03\/ZSTU5474-bearb-225x300.png\" alt=\"\" width=\"225\" height=\"300\" srcset=\"https:\/\/incuxhaven.de\/wp-content\/uploads\/2018\/03\/ZSTU5474-bearb-225x300.png 225w, https:\/\/incuxhaven.de\/wp-content\/uploads\/2018\/03\/ZSTU5474-bearb-768x1024.png 768w, https:\/\/incuxhaven.de\/wp-content\/uploads\/2018\/03\/ZSTU5474-bearb.png 806w\" sizes=\"auto, (max-width: 225px) 100vw, 225px\" \/><\/a><\/h4>\r\n<h4>\u00a0<\/h4>\r\n<h4>\u00dcber 20.000 Menschen beteiligten sich an der Solidarit\u00e4tsdemonstration mit Afrin am 03.03.18 in Berlin. Auch viele deutsche Organisationen hatten zur Unterst\u00fctzung aufgerufen.<\/h4>\r\n<h4>Trotz Verbot lie\u00dfen sich die Demonstranten nicht davon abhalten ihre Unterst\u00fctzung f\u00fcr den Kampf der YPG in Nordsyrien gegen den Einmarsch und das Bombardement der t\u00fcrkischen Armee und mit Ihnen verb\u00fcndeter dschihadistischer Milizen zu zeigen.<\/h4>\r\n<h4>Heftige Kritik \u00fcbten alle Redner der Schlusskundgebung am Verhalten der Bundesregierung die sich mit ihrem Schweigen zum Mitt\u00e4ter mache.<\/h4>\r\n<p><a href=\"http:\/\/incuxhaven.de\/wp-content\/uploads\/2018\/03\/ZSTU5051.png\"><img loading=\"lazy\" decoding=\"async\" class=\"aligncenter size-medium wp-image-980\" src=\"http:\/\/incuxhaven.de\/wp-content\/uploads\/2018\/03\/ZSTU5051-225x300.png\" alt=\"\" width=\"225\" height=\"300\" srcset=\"https:\/\/incuxhaven.de\/wp-content\/uploads\/2018\/03\/ZSTU5051-225x300.png 225w, https:\/\/incuxhaven.de\/wp-content\/uploads\/2018\/03\/ZSTU5051.png 664w\" sizes=\"auto, (max-width: 225px) 100vw, 225px\" \/><\/a> <a href=\"http:\/\/incuxhaven.de\/wp-content\/uploads\/2018\/03\/ZSTU5059.png\"><img loading=\"lazy\" decoding=\"async\" class=\"aligncenter size-medium wp-image-981\" src=\"http:\/\/incuxhaven.de\/wp-content\/uploads\/2018\/03\/ZSTU5059-225x300.png\" alt=\"\" width=\"225\" height=\"300\" srcset=\"https:\/\/incuxhaven.de\/wp-content\/uploads\/2018\/03\/ZSTU5059-225x300.png 225w, https:\/\/incuxhaven.de\/wp-content\/uploads\/2018\/03\/ZSTU5059.png 664w\" sizes=\"auto, (max-width: 225px) 100vw, 225px\" \/><\/a> <a href=\"http:\/\/incuxhaven.de\/wp-content\/uploads\/2018\/03\/ZSTU5064.png\"><img loading=\"lazy\" decoding=\"async\" class=\"aligncenter size-medium wp-image-982\" src=\"http:\/\/incuxhaven.de\/wp-content\/uploads\/2018\/03\/ZSTU5064-300x225.png\" alt=\"\" width=\"300\" height=\"225\" srcset=\"https:\/\/incuxhaven.de\/wp-content\/uploads\/2018\/03\/ZSTU5064-300x225.png 300w, https:\/\/incuxhaven.de\/wp-content\/uploads\/2018\/03\/ZSTU5064-768x576.png 768w, https:\/\/incuxhaven.de\/wp-content\/uploads\/2018\/03\/ZSTU5064-285x214.png 285w, https:\/\/incuxhaven.de\/wp-content\/uploads\/2018\/03\/ZSTU5064.png 885w\" sizes=\"auto, (max-width: 300px) 100vw, 300px\" \/><\/a> <a href=\"http:\/\/incuxhaven.de\/wp-content\/uploads\/2018\/03\/ZSTU5075.png\"><img loading=\"lazy\" decoding=\"async\" class=\"aligncenter size-medium wp-image-983\" src=\"http:\/\/incuxhaven.de\/wp-content\/uploads\/2018\/03\/ZSTU5075-300x225.png\" alt=\"\" width=\"300\" height=\"225\" srcset=\"https:\/\/incuxhaven.de\/wp-content\/uploads\/2018\/03\/ZSTU5075-300x225.png 300w, https:\/\/incuxhaven.de\/wp-content\/uploads\/2018\/03\/ZSTU5075-768x576.png 768w, https:\/\/incuxhaven.de\/wp-content\/uploads\/2018\/03\/ZSTU5075-285x214.png 285w, https:\/\/incuxhaven.de\/wp-content\/uploads\/2018\/03\/ZSTU5075.png 885w\" sizes=\"auto, (max-width: 300px) 100vw, 300px\" \/><\/a> <a href=\"http:\/\/incuxhaven.de\/wp-content\/uploads\/2018\/03\/ZSTU5097.png\"><img loading=\"lazy\" decoding=\"async\" class=\"aligncenter size-medium wp-image-984\" src=\"http:\/\/incuxhaven.de\/wp-content\/uploads\/2018\/03\/ZSTU5097-225x300.png\" alt=\"\" width=\"225\" height=\"300\" srcset=\"https:\/\/incuxhaven.de\/wp-content\/uploads\/2018\/03\/ZSTU5097-225x300.png 225w, https:\/\/incuxhaven.de\/wp-content\/uploads\/2018\/03\/ZSTU5097.png 664w\" sizes=\"auto, (max-width: 225px) 100vw, 225px\" \/><\/a> <a href=\"http:\/\/incuxhaven.de\/wp-content\/uploads\/2018\/03\/ZSTU5099.png\"><img loading=\"lazy\" decoding=\"async\" class=\"aligncenter size-medium wp-image-985\" src=\"http:\/\/incuxhaven.de\/wp-content\/uploads\/2018\/03\/ZSTU5099-300x225.png\" alt=\"\" width=\"300\" height=\"225\" srcset=\"https:\/\/incuxhaven.de\/wp-content\/uploads\/2018\/03\/ZSTU5099-300x225.png 300w, https:\/\/incuxhaven.de\/wp-content\/uploads\/2018\/03\/ZSTU5099-768x576.png 768w, https:\/\/incuxhaven.de\/wp-content\/uploads\/2018\/03\/ZSTU5099-285x214.png 285w, https:\/\/incuxhaven.de\/wp-content\/uploads\/2018\/03\/ZSTU5099.png 885w\" sizes=\"auto, (max-width: 300px) 100vw, 300px\" \/><\/a> <a href=\"http:\/\/incuxhaven.de\/wp-content\/uploads\/2018\/03\/ZSTU5102.png\"><img loading=\"lazy\" decoding=\"async\" class=\"aligncenter size-medium wp-image-986\" src=\"http:\/\/incuxhaven.de\/wp-content\/uploads\/2018\/03\/ZSTU5102-300x225.png\" alt=\"\" width=\"300\" height=\"225\" srcset=\"https:\/\/incuxhaven.de\/wp-content\/uploads\/2018\/03\/ZSTU5102-300x225.png 300w, https:\/\/incuxhaven.de\/wp-content\/uploads\/2018\/03\/ZSTU5102-768x576.png 768w, https:\/\/incuxhaven.de\/wp-content\/uploads\/2018\/03\/ZSTU5102-285x214.png 285w, https:\/\/incuxhaven.de\/wp-content\/uploads\/2018\/03\/ZSTU5102.png 885w\" sizes=\"auto, (max-width: 300px) 100vw, 300px\" \/><\/a>\u00a0<a href=\"http:\/\/incuxhaven.de\/wp-content\/uploads\/2018\/03\/ZSTU5107.png\"><img loading=\"lazy\" decoding=\"async\" class=\"aligncenter size-medium wp-image-1006\" src=\"http:\/\/incuxhaven.de\/wp-content\/uploads\/2018\/03\/ZSTU5107-225x300.png\" alt=\"\" width=\"225\" height=\"300\" srcset=\"https:\/\/incuxhaven.de\/wp-content\/uploads\/2018\/03\/ZSTU5107-225x300.png 225w, https:\/\/incuxhaven.de\/wp-content\/uploads\/2018\/03\/ZSTU5107.png 664w\" sizes=\"auto, (max-width: 225px) 100vw, 225px\" \/><\/a> <a href=\"http:\/\/incuxhaven.de\/wp-content\/uploads\/2018\/03\/ZSTU5131.png\"><img loading=\"lazy\" decoding=\"async\" class=\"aligncenter size-medium wp-image-988\" src=\"http:\/\/incuxhaven.de\/wp-content\/uploads\/2018\/03\/ZSTU5131-300x225.png\" alt=\"\" width=\"300\" height=\"225\" srcset=\"https:\/\/incuxhaven.de\/wp-content\/uploads\/2018\/03\/ZSTU5131-300x225.png 300w, https:\/\/incuxhaven.de\/wp-content\/uploads\/2018\/03\/ZSTU5131-768x576.png 768w, https:\/\/incuxhaven.de\/wp-content\/uploads\/2018\/03\/ZSTU5131-285x214.png 285w, https:\/\/incuxhaven.de\/wp-content\/uploads\/2018\/03\/ZSTU5131.png 885w\" sizes=\"auto, (max-width: 300px) 100vw, 300px\" \/><\/a> <a href=\"http:\/\/incuxhaven.de\/wp-content\/uploads\/2018\/03\/ZSTU5157.png\"><img loading=\"lazy\" decoding=\"async\" class=\"aligncenter size-medium wp-image-989\" src=\"http:\/\/incuxhaven.de\/wp-content\/uploads\/2018\/03\/ZSTU5157-225x300.png\" alt=\"\" width=\"225\" height=\"300\" srcset=\"https:\/\/incuxhaven.de\/wp-content\/uploads\/2018\/03\/ZSTU5157-225x300.png 225w, https:\/\/incuxhaven.de\/wp-content\/uploads\/2018\/03\/ZSTU5157.png 664w\" sizes=\"auto, (max-width: 225px) 100vw, 225px\" \/><\/a> <a href=\"http:\/\/incuxhaven.de\/wp-content\/uploads\/2018\/03\/ZSTU5164.png\"><img loading=\"lazy\" decoding=\"async\" class=\"aligncenter size-medium wp-image-990\" src=\"http:\/\/incuxhaven.de\/wp-content\/uploads\/2018\/03\/ZSTU5164-300x225.png\" alt=\"\" width=\"300\" height=\"225\" srcset=\"https:\/\/incuxhaven.de\/wp-content\/uploads\/2018\/03\/ZSTU5164-300x225.png 300w, https:\/\/incuxhaven.de\/wp-content\/uploads\/2018\/03\/ZSTU5164-768x576.png 768w, https:\/\/incuxhaven.de\/wp-content\/uploads\/2018\/03\/ZSTU5164-285x214.png 285w, https:\/\/incuxhaven.de\/wp-content\/uploads\/2018\/03\/ZSTU5164.png 885w\" sizes=\"auto, (max-width: 300px) 100vw, 300px\" \/><\/a> <a href=\"http:\/\/incuxhaven.de\/wp-content\/uploads\/2018\/03\/ZSTU5168.png\"><img loading=\"lazy\" decoding=\"async\" class=\"aligncenter size-medium wp-image-991\" src=\"http:\/\/incuxhaven.de\/wp-content\/uploads\/2018\/03\/ZSTU5168-300x225.png\" alt=\"\" width=\"300\" height=\"225\" srcset=\"https:\/\/incuxhaven.de\/wp-content\/uploads\/2018\/03\/ZSTU5168-300x225.png 300w, https:\/\/incuxhaven.de\/wp-content\/uploads\/2018\/03\/ZSTU5168-768x576.png 768w, https:\/\/incuxhaven.de\/wp-content\/uploads\/2018\/03\/ZSTU5168-285x214.png 285w, https:\/\/incuxhaven.de\/wp-content\/uploads\/2018\/03\/ZSTU5168.png 885w\" sizes=\"auto, (max-width: 300px) 100vw, 300px\" \/><\/a> <a href=\"http:\/\/incuxhaven.de\/wp-content\/uploads\/2018\/03\/ZSTU5170.png\"><img loading=\"lazy\" decoding=\"async\" class=\"aligncenter size-medium wp-image-992\" src=\"http:\/\/incuxhaven.de\/wp-content\/uploads\/2018\/03\/ZSTU5170-300x225.png\" alt=\"\" width=\"300\" height=\"225\" srcset=\"https:\/\/incuxhaven.de\/wp-content\/uploads\/2018\/03\/ZSTU5170-300x225.png 300w, https:\/\/incuxhaven.de\/wp-content\/uploads\/2018\/03\/ZSTU5170-768x576.png 768w, https:\/\/incuxhaven.de\/wp-content\/uploads\/2018\/03\/ZSTU5170-285x214.png 285w, https:\/\/incuxhaven.de\/wp-content\/uploads\/2018\/03\/ZSTU5170.png 885w\" sizes=\"auto, (max-width: 300px) 100vw, 300px\" \/><\/a> <a href=\"http:\/\/incuxhaven.de\/wp-content\/uploads\/2018\/03\/ZSTU5215.png\"><img loading=\"lazy\" decoding=\"async\" class=\"aligncenter size-medium wp-image-993\" src=\"http:\/\/incuxhaven.de\/wp-content\/uploads\/2018\/03\/ZSTU5215-300x225.png\" alt=\"\" width=\"300\" height=\"225\" srcset=\"https:\/\/incuxhaven.de\/wp-content\/uploads\/2018\/03\/ZSTU5215-300x225.png 300w, https:\/\/incuxhaven.de\/wp-content\/uploads\/2018\/03\/ZSTU5215-768x576.png 768w, https:\/\/incuxhaven.de\/wp-content\/uploads\/2018\/03\/ZSTU5215-285x214.png 285w, https:\/\/incuxhaven.de\/wp-content\/uploads\/2018\/03\/ZSTU5215.png 885w\" sizes=\"auto, (max-width: 300px) 100vw, 300px\" \/><\/a> <a href=\"http:\/\/incuxhaven.de\/wp-content\/uploads\/2018\/03\/ZSTU5217.png\"><img loading=\"lazy\" decoding=\"async\" class=\"aligncenter size-medium wp-image-994\" src=\"http:\/\/incuxhaven.de\/wp-content\/uploads\/2018\/03\/ZSTU5217-300x225.png\" alt=\"\" width=\"300\" height=\"225\" srcset=\"https:\/\/incuxhaven.de\/wp-content\/uploads\/2018\/03\/ZSTU5217-300x225.png 300w, https:\/\/incuxhaven.de\/wp-content\/uploads\/2018\/03\/ZSTU5217-768x576.png 768w, https:\/\/incuxhaven.de\/wp-content\/uploads\/2018\/03\/ZSTU5217-285x214.png 285w, https:\/\/incuxhaven.de\/wp-content\/uploads\/2018\/03\/ZSTU5217.png 885w\" sizes=\"auto, (max-width: 300px) 100vw, 300px\" \/><\/a> <a href=\"http:\/\/incuxhaven.de\/wp-content\/uploads\/2018\/03\/ZSTU5218.png\"><img loading=\"lazy\" decoding=\"async\" class=\"aligncenter size-medium wp-image-995\" src=\"http:\/\/incuxhaven.de\/wp-content\/uploads\/2018\/03\/ZSTU5218-300x225.png\" alt=\"\" width=\"300\" height=\"225\" srcset=\"https:\/\/incuxhaven.de\/wp-content\/uploads\/2018\/03\/ZSTU5218-300x225.png 300w, https:\/\/incuxhaven.de\/wp-content\/uploads\/2018\/03\/ZSTU5218-768x576.png 768w, https:\/\/incuxhaven.de\/wp-content\/uploads\/2018\/03\/ZSTU5218-285x214.png 285w, https:\/\/incuxhaven.de\/wp-content\/uploads\/2018\/03\/ZSTU5218.png 885w\" sizes=\"auto, (max-width: 300px) 100vw, 300px\" \/><\/a> <a href=\"http:\/\/incuxhaven.de\/wp-content\/uploads\/2018\/03\/ZSTU5235.png\"><img loading=\"lazy\" decoding=\"async\" class=\"aligncenter size-medium wp-image-996\" src=\"http:\/\/incuxhaven.de\/wp-content\/uploads\/2018\/03\/ZSTU5235-300x225.png\" alt=\"\" width=\"300\" height=\"225\" srcset=\"https:\/\/incuxhaven.de\/wp-content\/uploads\/2018\/03\/ZSTU5235-300x225.png 300w, https:\/\/incuxhaven.de\/wp-content\/uploads\/2018\/03\/ZSTU5235-768x576.png 768w, https:\/\/incuxhaven.de\/wp-content\/uploads\/2018\/03\/ZSTU5235-285x214.png 285w, https:\/\/incuxhaven.de\/wp-content\/uploads\/2018\/03\/ZSTU5235.png 885w\" sizes=\"auto, (max-width: 300px) 100vw, 300px\" \/><\/a> <a href=\"http:\/\/incuxhaven.de\/wp-content\/uploads\/2018\/03\/ZSTU5245.png\"><img loading=\"lazy\" decoding=\"async\" class=\"aligncenter size-medium wp-image-997\" src=\"http:\/\/incuxhaven.de\/wp-content\/uploads\/2018\/03\/ZSTU5245-300x225.png\" alt=\"\" width=\"300\" height=\"225\" srcset=\"https:\/\/incuxhaven.de\/wp-content\/uploads\/2018\/03\/ZSTU5245-300x225.png 300w, https:\/\/incuxhaven.de\/wp-content\/uploads\/2018\/03\/ZSTU5245-768x576.png 768w, https:\/\/incuxhaven.de\/wp-content\/uploads\/2018\/03\/ZSTU5245-285x214.png 285w, https:\/\/incuxhaven.de\/wp-content\/uploads\/2018\/03\/ZSTU5245.png 885w\" sizes=\"auto, (max-width: 300px) 100vw, 300px\" \/><\/a> <a href=\"http:\/\/incuxhaven.de\/wp-content\/uploads\/2018\/03\/ZSTU5246.png\"><img loading=\"lazy\" decoding=\"async\" class=\"aligncenter size-medium wp-image-998\" src=\"http:\/\/incuxhaven.de\/wp-content\/uploads\/2018\/03\/ZSTU5246-225x300.png\" alt=\"\" width=\"225\" height=\"300\" srcset=\"https:\/\/incuxhaven.de\/wp-content\/uploads\/2018\/03\/ZSTU5246-225x300.png 225w, https:\/\/incuxhaven.de\/wp-content\/uploads\/2018\/03\/ZSTU5246.png 664w\" sizes=\"auto, (max-width: 225px) 100vw, 225px\" \/><\/a> <a href=\"http:\/\/incuxhaven.de\/wp-content\/uploads\/2018\/03\/ZSTU5250.png\"><img loading=\"lazy\" decoding=\"async\" class=\"aligncenter size-medium wp-image-999\" src=\"http:\/\/incuxhaven.de\/wp-content\/uploads\/2018\/03\/ZSTU5250-225x300.png\" alt=\"\" width=\"225\" height=\"300\" srcset=\"https:\/\/incuxhaven.de\/wp-content\/uploads\/2018\/03\/ZSTU5250-225x300.png 225w, https:\/\/incuxhaven.de\/wp-content\/uploads\/2018\/03\/ZSTU5250.png 664w\" sizes=\"auto, (max-width: 225px) 100vw, 225px\" \/><\/a> <a href=\"http:\/\/incuxhaven.de\/wp-content\/uploads\/2018\/03\/ZSTU5265.png\"><img loading=\"lazy\" decoding=\"async\" class=\"aligncenter size-medium wp-image-1000\" src=\"http:\/\/incuxhaven.de\/wp-content\/uploads\/2018\/03\/ZSTU5265-225x300.png\" alt=\"\" width=\"225\" height=\"300\" srcset=\"https:\/\/incuxhaven.de\/wp-content\/uploads\/2018\/03\/ZSTU5265-225x300.png 225w, https:\/\/incuxhaven.de\/wp-content\/uploads\/2018\/03\/ZSTU5265.png 664w\" sizes=\"auto, (max-width: 225px) 100vw, 225px\" \/><\/a> <a href=\"http:\/\/incuxhaven.de\/wp-content\/uploads\/2018\/03\/ZSTU5271.png\"><img loading=\"lazy\" decoding=\"async\" class=\"aligncenter size-medium wp-image-1001\" src=\"http:\/\/incuxhaven.de\/wp-content\/uploads\/2018\/03\/ZSTU5271-300x225.png\" alt=\"\" width=\"300\" height=\"225\" srcset=\"https:\/\/incuxhaven.de\/wp-content\/uploads\/2018\/03\/ZSTU5271-300x225.png 300w, https:\/\/incuxhaven.de\/wp-content\/uploads\/2018\/03\/ZSTU5271-768x576.png 768w, https:\/\/incuxhaven.de\/wp-content\/uploads\/2018\/03\/ZSTU5271-285x214.png 285w, https:\/\/incuxhaven.de\/wp-content\/uploads\/2018\/03\/ZSTU5271.png 885w\" sizes=\"auto, (max-width: 300px) 100vw, 300px\" \/><\/a> <a href=\"http:\/\/incuxhaven.de\/wp-content\/uploads\/2018\/03\/ZSTU5279.png\"><img loading=\"lazy\" decoding=\"async\" class=\"aligncenter size-medium wp-image-1002\" src=\"http:\/\/incuxhaven.de\/wp-content\/uploads\/2018\/03\/ZSTU5279-225x300.png\" alt=\"\" width=\"225\" height=\"300\" srcset=\"https:\/\/incuxhaven.de\/wp-content\/uploads\/2018\/03\/ZSTU5279-225x300.png 225w, https:\/\/incuxhaven.de\/wp-content\/uploads\/2018\/03\/ZSTU5279.png 664w\" sizes=\"auto, (max-width: 225px) 100vw, 225px\" \/><\/a> <a href=\"http:\/\/incuxhaven.de\/wp-content\/uploads\/2018\/03\/ZSTU5282.png\"><img loading=\"lazy\" decoding=\"async\" class=\"aligncenter size-medium wp-image-1003\" src=\"http:\/\/incuxhaven.de\/wp-content\/uploads\/2018\/03\/ZSTU5282-300x225.png\" alt=\"\" width=\"300\" height=\"225\" srcset=\"https:\/\/incuxhaven.de\/wp-content\/uploads\/2018\/03\/ZSTU5282-300x225.png 300w, https:\/\/incuxhaven.de\/wp-content\/uploads\/2018\/03\/ZSTU5282-768x576.png 768w, https:\/\/incuxhaven.de\/wp-content\/uploads\/2018\/03\/ZSTU5282-285x214.png 285w, https:\/\/incuxhaven.de\/wp-content\/uploads\/2018\/03\/ZSTU5282.png 885w\" sizes=\"auto, (max-width: 300px) 100vw, 300px\" \/><\/a> <a href=\"http:\/\/incuxhaven.de\/wp-content\/uploads\/2018\/03\/ZSTU5295.png\"><img loading=\"lazy\" decoding=\"async\" class=\"aligncenter size-medium wp-image-1004\" src=\"http:\/\/incuxhaven.de\/wp-content\/uploads\/2018\/03\/ZSTU5295-225x300.png\" alt=\"\" width=\"225\" height=\"300\" srcset=\"https:\/\/incuxhaven.de\/wp-content\/uploads\/2018\/03\/ZSTU5295-225x300.png 225w, https:\/\/incuxhaven.de\/wp-content\/uploads\/2018\/03\/ZSTU5295.png 664w\" sizes=\"auto, (max-width: 225px) 100vw, 225px\" \/><\/a><\/p>\r\n<hr \/>\r\n<p><a href=\"http:\/\/incuxhaven.de\/wp-content\/uploads\/2018\/02\/Afrin-Demo-24-int.jpg\"><img loading=\"lazy\" decoding=\"async\" class=\"size-medium wp-image-976 alignleft\" src=\"http:\/\/incuxhaven.de\/wp-content\/uploads\/2018\/02\/Afrin-Demo-24-int-212x300.jpg\" alt=\"\" width=\"212\" height=\"300\" srcset=\"https:\/\/incuxhaven.de\/wp-content\/uploads\/2018\/02\/Afrin-Demo-24-int-212x300.jpg 212w, https:\/\/incuxhaven.de\/wp-content\/uploads\/2018\/02\/Afrin-Demo-24-int.jpg 680w\" sizes=\"auto, (max-width: 212px) 100vw, 212px\" \/><\/a><\/p>\r\n<hr \/>\r\n<p><strong>Kniefall vor Erdogan: Bundesregierung verbietet Antikriegsproteste<\/strong><br \/>Presseerkl\u00e4rung von NAV-DEM, 14.02.2018<\/p>\r\n<p>\u201cWir werden derzeit durch das Verhalten der deutschen Sicherheitsbeh\u00f6rden mit einer Situation konfrontiert, die mittlerweile enorme Parallelen zur t\u00fcrkischen Staatspolitik aufweist. In der T\u00fcrkei wird jede noch so leise Regung gegen die Milit\u00e4roffensive in Afrin brutal unterdr\u00fcckt, in Deutschland werden Proteste und Demonstrationen f\u00fcr ein Ende des t\u00fcrkischen Besatzungskrieges verboten und untersagt.\u201d Mit diesen deutlichen Worten reagiert Ayten Kaplan, Ko-Vorsitzende des Demokratischen Gesellschaftszentrums der KurdInnen in Deutschland (NAV-DEM), auf zwei Verbotsverf\u00fcgungen, die durch das Polizeipr\u00e4sidium K\u00f6ln f\u00fcr Demonstrationsanmeldungen eines kurdischen Vereins in der Stadt erteilt worden sind.<\/p>\r\n<p>In den genannten Verf\u00fcgungen wird das Demonstrationsverbot damit begr\u00fcndet, dass es sich bei dem gr\u00f6\u00dften kurdischen Dachverband in Deutschland NAV-DEM um eine Nachfolgeorganisation der in Deutschland verbotenen Arbeiterpartei Kurdistans handele, wodurch das Recht, \u201c\u00f6ffentliche Versammlungen und Aufz\u00fcge zu veranstalten und durchzuf\u00fchren\u201d verwirkt sei.<\/p>\r\n<p>Ayten Kaplan wertet diese Verbotsverf\u00fcgung als vorl\u00e4ufigen H\u00f6hepunkt der Repressionen der Bundesregierung gegen\u00fcber den in Deutschland lebenden Kurdinnen und Kurden. \u201cSeit Beginn des Besatzungskrieges auf Afrin finden unter gro\u00dfer Beteiligung \u00fcberall in Deutschland Proteste und Demonstrationen statt. Auf diesen Protesten wird nicht nur der Krieg der t\u00fcrkischen Armee und ihrer dschihadistischen Verb\u00fcndeten gegen die Bev\u00f6lkerung von Afrin verurteilt, sondern auch die Waffenunterst\u00fctzung Deutschlands f\u00fcr die T\u00fcrkei. Der Einsatz von deutschen Panzern beim Angriff auf Afrin ist hinl\u00e4nglich bekannt. Die Bundesregierung scheint sich daran zu st\u00f6ren, dass wir \u00f6ffentlich auf die deutsch-t\u00fcrkische Waffenbr\u00fcderschaft aufmerksam machen. Deswegen sollen wir mundtot gemacht werden. Die Verbotsverf\u00fcgungen aus K\u00f6ln stellen nicht nur die Au\u00dferkraftsetzung der Versammlungsfreiheit f\u00fcr hier lebende Kurdinnen und Kurden dar. Sie kommen auch einem politischen Bet\u00e4tigungsverbot f\u00fcr die zweitgr\u00f6\u00dfte Migrantengruppe in Deutschland gleich. Aus unserer Sicht stellt dies einen offenkundigen Kniefall vor Erdogan und seiner Regierung dar\u201d, so Kaplan weiter.<\/p>\r\n<p>Die NAV-DEM Ko-Vorsitzende macht weiterhin darauf aufmerksam, dass nach Aussagen der K\u00f6lner Polizei die Verbotsverf\u00fcgungen die Folge eines neuerlichen Erlasses aus dem Bundesinnenministerium seien. Verantwortliche aus dem kurdischen Verein in K\u00f6ln seien demnach auch telefonisch von der Polizei dar\u00fcber in Kenntnis gesetzt worden, dass sie keine weiteren Demonstrationen anzumelden br\u00e4uchten, da man diese ebenfalls verbieten w\u00fcrde.<\/p>\r\n<p>\u201cDass es kurz vor dem Besuch des t\u00fcrkischen Ministerpr\u00e4sidenten Yildirim bei der Bundeskanzlerin zu diesen Verbotsverf\u00fcgungen kommt, ist alles andere als Zufall. Mittlerweile haben \u2018Geschenke\u2019 dieser Art von Seiten der Bundesregierung an Ankara Tradition. Dass auf diese Weise das \u2018belastete Verh\u00e4ltnis\u2019 zur T\u00fcrkei begradigt werden soll, ist nicht hinnehmbar. Wir werden uns dieser undemokratischen Verbotspolitik nicht beugen und rechtliche Schritte hiergegen einleiten\u201d, so die abschlie\u00dfenden Worte von Kaplan.<\/p>\r\n<hr \/>\r\n<p><blockquote class=\"wp-embedded-content\" data-secret=\"ps90yT2hSg\"><a href=\"https:\/\/civaka-azad.org\/offener-brief-von-91-kulturschaffenden-kuenstlern-und-wissenschaftlern-an-die-bundeskanzerlin-und-den-aussenminister\/\">Offener Brief an Merkel und Gabriel wegen Angriff auf Afrin<\/a><\/blockquote><iframe loading=\"lazy\" class=\"wp-embedded-content\" sandbox=\"allow-scripts\" security=\"restricted\" style=\"position: absolute; visibility: hidden;\" title=\"&#8222;Offener Brief an Merkel und Gabriel wegen Angriff auf Afrin&#8220; &#8212; Civaka Azad\" src=\"https:\/\/civaka-azad.org\/offener-brief-von-91-kulturschaffenden-kuenstlern-und-wissenschaftlern-an-die-bundeskanzerlin-und-den-aussenminister\/embed\/#?secret=kn3wqds0Ay#?secret=ps90yT2hSg\" data-secret=\"ps90yT2hSg\" width=\"600\" height=\"338\" frameborder=\"0\" marginwidth=\"0\" marginheight=\"0\" scrolling=\"no\"><\/iframe><\/p>\r\n<hr \/>\r\n<p><a href=\"http:\/\/incuxhaven.de\/wp-content\/uploads\/2018\/01\/ZSTU4041-bhv-1-demo-afrin-int.jpg\"><img loading=\"lazy\" decoding=\"async\" class=\"size-medium wp-image-954\" src=\"http:\/\/incuxhaven.de\/wp-content\/uploads\/2018\/01\/ZSTU4041-bhv-1-demo-afrin-int-300x225.jpg\" alt=\"\" width=\"300\" height=\"225\" srcset=\"https:\/\/incuxhaven.de\/wp-content\/uploads\/2018\/01\/ZSTU4041-bhv-1-demo-afrin-int-300x225.jpg 300w, https:\/\/incuxhaven.de\/wp-content\/uploads\/2018\/01\/ZSTU4041-bhv-1-demo-afrin-int-285x214.jpg 285w, https:\/\/incuxhaven.de\/wp-content\/uploads\/2018\/01\/ZSTU4041-bhv-1-demo-afrin-int.jpg 698w\" sizes=\"auto, (max-width: 300px) 100vw, 300px\" \/><\/a><\/p>\r\n<p><a href=\"http:\/\/incuxhaven.de\/wp-content\/uploads\/2018\/02\/ZSTU4041-bhv-4-demo-afrin-int.jpg\"><img loading=\"lazy\" decoding=\"async\" class=\"size-medium wp-image-966\" src=\"http:\/\/incuxhaven.de\/wp-content\/uploads\/2018\/02\/ZSTU4041-bhv-4-demo-afrin-int-225x300.jpg\" alt=\"\" width=\"225\" height=\"300\" srcset=\"https:\/\/incuxhaven.de\/wp-content\/uploads\/2018\/02\/ZSTU4041-bhv-4-demo-afrin-int-225x300.jpg 225w, https:\/\/incuxhaven.de\/wp-content\/uploads\/2018\/02\/ZSTU4041-bhv-4-demo-afrin-int.jpg 533w\" sizes=\"auto, (max-width: 225px) 100vw, 225px\" \/><\/a><\/p>\r\n<p><a href=\"http:\/\/incuxhaven.de\/wp-content\/uploads\/2018\/01\/ZSTU4041-bhv-2-demo-afrin-int.jpg\"><img loading=\"lazy\" decoding=\"async\" class=\"size-medium wp-image-955\" src=\"http:\/\/incuxhaven.de\/wp-content\/uploads\/2018\/01\/ZSTU4041-bhv-2-demo-afrin-int-300x216.jpg\" alt=\"\" width=\"300\" height=\"216\" srcset=\"https:\/\/incuxhaven.de\/wp-content\/uploads\/2018\/01\/ZSTU4041-bhv-2-demo-afrin-int-300x216.jpg 300w, https:\/\/incuxhaven.de\/wp-content\/uploads\/2018\/01\/ZSTU4041-bhv-2-demo-afrin-int.jpg 705w\" sizes=\"auto, (max-width: 300px) 100vw, 300px\" \/><\/a><\/p>\r\n<p><a href=\"http:\/\/incuxhaven.de\/wp-content\/uploads\/2018\/01\/ZSTU4041-bhv-5-demo-afrin-int.jpg\"><img loading=\"lazy\" decoding=\"async\" class=\"size-medium wp-image-952 alignleft\" src=\"http:\/\/incuxhaven.de\/wp-content\/uploads\/2018\/01\/ZSTU4041-bhv-5-demo-afrin-int-225x300.jpg\" alt=\"\" width=\"225\" height=\"300\" srcset=\"https:\/\/incuxhaven.de\/wp-content\/uploads\/2018\/01\/ZSTU4041-bhv-5-demo-afrin-int-225x300.jpg 225w, https:\/\/incuxhaven.de\/wp-content\/uploads\/2018\/01\/ZSTU4041-bhv-5-demo-afrin-int.jpg 533w\" sizes=\"auto, (max-width: 225px) 100vw, 225px\" \/><\/a><\/p>\r\n<p><a href=\"http:\/\/incuxhaven.de\/wp-content\/uploads\/2018\/02\/ZSTU4041-bhv-3-demo-afrin-int.jpg\"><img loading=\"lazy\" decoding=\"async\" class=\"size-medium wp-image-965\" src=\"http:\/\/incuxhaven.de\/wp-content\/uploads\/2018\/02\/ZSTU4041-bhv-3-demo-afrin-int-300x169.jpg\" alt=\"\" width=\"300\" height=\"169\" srcset=\"https:\/\/incuxhaven.de\/wp-content\/uploads\/2018\/02\/ZSTU4041-bhv-3-demo-afrin-int-300x169.jpg 300w, https:\/\/incuxhaven.de\/wp-content\/uploads\/2018\/02\/ZSTU4041-bhv-3-demo-afrin-int-768x433.jpg 768w, https:\/\/incuxhaven.de\/wp-content\/uploads\/2018\/02\/ZSTU4041-bhv-3-demo-afrin-int.jpg 907w\" sizes=\"auto, (max-width: 300px) 100vw, 300px\" \/><\/a><\/p>\r\n<p>Rund 1000 Menschen darunter 80 Demonstranten aus der Stadt Cuxhaven und Vertreter des Arbeitskreises Asyl Cuxhaven waren dem Aufruf verschiedener Organisationen wie dem Kurdisch-deutschen Gemeinschaftsverein, Alevitischer Kulturverein, Nord-S\u00fcd Forum Bremerhaven, Die Linke, die Sozialistische Jugend Deutschlands &#8211; die Falken Bremerhaven &#8211; gefolgt und forderten auf der Demonstration in Bremerhaven \u201eT\u00fcrkische Armee raus aus Afrin\u201c. Die Demonstranten kritisierten auch das Verhalten der deutschen Regierung, die mit ihren Waffenlieferungen an Erdogan mitverantwortlich sei f\u00fcr den Krieg gegen die Kurden, sich jetzt aber ihrer Verantwortung nicht stelle.<\/p>\r\n<p>Als \u201en\u00fctzliche Idioten\u201c im Kampf gegen die Islamisten des IS sei die YPG (Volksverteidigungseinheit) unterst\u00fctzt worden, jetzt aber habe sie ihre Schuldigkeit getan und w\u00fcrde den Interessen Erdogans geopfert.<br \/>Laut Erdogan w\u00fcrden in Syrien \u201eTerroristen\u201c bek\u00e4mft, tats\u00e4chlich w\u00fcrde aber das demokratische Gesellschaftsmodell, das hinter der Demokratischen F\u00f6deration Nordsyrien stehe, angegriffen. Basisdemokratie, Frauenrechte und \u00f6kologische Erneuerung sollen nicht auf die t\u00fcrkische Gesellschaft ausstrahlen.<br \/>Die Kr\u00e4fte, die erfolgreich den IS bek\u00e4mpft, tausende Eziden gerettet, und vielen Christen, Aleviten und anderen Minderheiten Schutz geboten haben werden nun mit Waffen (Leopard-Panzer, G3-Gewehre und Gesch\u00fcze) aus deutscher Produktion angegriffen. Erdogan nehme nicht nur den Tod von Tausenden Menschen in Kauf sondern werde zudem viele Tausende auf die Flucht treiben.<br \/><b>Die Demonstranten forderten Frieden in Afrin und Kurdistan und forderten die Bundesregierung auf, jegliche Waffenlieferungen an die T\u00fcrkei einzustellen und massiv gegen den t\u00fcrkischen Einmarsch zu protestieren. Die t\u00fcrkische Armee habe in Syrien nichts zu suchen.<\/b><\/p>\r\n<hr \/>\r\n<h2><a href=\"http:\/\/navdem.com\/die-alternative-lebt-ueberall-ist-afrin-ueberall-ist-widerstand\/\">http:\/\/navdem.com\/die-alternative-lebt-ueberall-ist-afrin-ueberall-ist-widerstand\/<\/a><\/h2>\r\n<hr \/>\r\n<h2><strong>Ermittlungen <\/strong> G <span class=\"aolmail_nowrap\">20<\/span> ist keine Lizenz zum Rechtsbruch<\/h2>\r\n<div class=\"aolmail_article aolmail_entry-summary\">\u00a0Die Ermittler haben zur Fahndung nach G-20-Chaoten 100\u00a0Fotos und Videos ins Netz gestellt. Dieser Internet-Pranger ist gesetzeswidrig.<\/div>\r\n<div class=\"aolmail_authorContainer\">\r\n<div class=\"aolmail_authorProfileContainer\"><span class=\"aolmail_moreInfo\"> <strong> Kommentar von <span id=\"aolmail_abbr-pra\">Heribert Prantl<\/span><\/strong> <\/span><\/div>\r\n<\/div>\r\n<div>Es geh\u00f6rt zu den Aufgaben von Polizei und Staatsanwaltschaft, T\u00e4ter zu suchen. Es geh\u00f6rt nicht zu den Aufgaben von Polizei und Staatsanwaltschaft, bei dieser Suche Mittel einzusetzen, die unverh\u00e4ltnism\u00e4\u00dfig, untauglich und gef\u00e4hrlich sind. Die Ermittler haben zur Fahndung nach sogenannten G-20-Chaoten <span class=\"aolmail_nowrap\">100<\/span> Fotos und Videosequenzen ins Netz gestellt. Das ist eine gigantische \u00d6ffentlichkeitsfahndung, ein Massenscreening, eine Aufforderung zur \u00f6ffentlichen\u00a0Rasterfahndung.<\/div>\r\n<div>Diese Pr\u00e4sentation von echten oder angeblichen Beschuldigten hat mit Steckbriefen nichts mehr zu tun. Es handelt sich um die umfassende Aufforderung an die Bev\u00f6lkerung, Hilfssheriff zur spielen. Es handelt sich um die Aufforderung, eine Vielzahl von Menschen zu jagen, deren Tat oder Tatbeitrag v\u00f6llig ungekl\u00e4rt\u00a0ist.<\/div>\r\n<div>Diese Art von Fahndung geht \u00fcber das, was der Paragraf 131b Strafprozessordnung erlaubt, weit hinaus. Die Ermittler dehnen den Paragrafen bis zur Unkenntlichkeit aus. Sie unterscheiden nicht zwischen Beschuldigten und Nichtbeschuldigten, sie machen alle abgebildeten Personen zu Beschuldigten. Diese Form des Internet-Prangers ist gesetzeswidrig. Der Zweck heiligt die Mittel nicht. Das gilt auch f\u00fcr die Ausschreitungen beim <a class=\"aolmail_themelink\" href=\"http:\/\/www.sueddeutsche.de\/thema\/G-20-Gipfel\" target=\"_blank\" rel=\"noopener noreferrer\">G-20-Gipfel<\/a>.<\/div>\r\n<div>G <span class=\"aolmail_nowrap\">20<\/span>: Das K\u00fcrzel ist kein Universalschl\u00fcssel, um T\u00fcren aufzuschlie\u00dfen, die das Recht bisher aus gutem Grund verschlossen hat. G <span class=\"aolmail_nowrap\">20<\/span> ist keine Lizenz zum Rechtsbruch. F\u00fcr Demonstranten nicht. F\u00fcr die Ermittler auch\u00a0nicht.<\/div>\r\n<div><hr \/><\/div>\r\n<h4><strong>Nieders\u00e4chsische Landesregierung verharmlost Menschenrechtsverletzungen im Maghreb<\/strong><\/h4>\r\n<p>LSVD Niedersachsen-Bremen protestiert gegen das Vorhaben, die Maghreb-Staaten zu sicheren Herkunftsstaaten erkl\u00e4ren zu wollen<\/p>\r\n<p>Hannover, 12. Dezember 2017. Die neue Nieders\u00e4chsische Landesregierung aus SPD und CDU will zuk\u00fcnftig im Bundesrat die Einstufung der Maghreb-Staaten als sichere Herkunftsstaaten unterst\u00fctzen, sofern die verfassungsrechtlichen Voraussetzungen gegeben sind. Eine entsprechende Vereinbarung wurde in die Koalitionsvereinbarung f\u00fcr die 18. Wahlperiode des Nieders\u00e4chsischen Landtages 2017 bis 2022 aufgenommen.<\/p>\r\n<p><em>\u201eMit dem Vorhaben der neuen Landesregierung w\u00fcrden Menschenrechtsverletzungen in den Maghreb-Staaten verharmlost. In Algerien, Marokko und Tunesien sind Schwule, Lesben und transgeschlechtliche Menschen massiven Verfolgungen ausgesetzt. Menschen werden eingesperrt und misshandelt, nur weil sie gleichgeschlechtlich lieben.\u201c, erkl\u00e4rt <strong>Benjamin Rottmann, Vorsitzender des Lesben- und Schwulenverbandes (LSVD) Niedersachsen-Bremen.<\/strong><\/em><\/p>\r\n<p>Das Konzept der \u201esichere Herkunftsstaaten\u201c begegnet gr\u00f6\u00dften menschenrechtlichen Bedenken. Durch die damit verbundenen Schnellverfahren ohne Zugang zu fachkundiger Beratung und ausreichendem Rechtsschutz werden gerade Lesben, Schwule und transgeschlechtliche Menschen von einer fairen Pr\u00fcfung ihrer Asylgr\u00fcnde ausgeschlossen.<\/p>\r\n<p><em>\u201eWir weisen ausdr\u00fccklich darauf hin, dass das Bundesverfassungsgerichts bereits 1996 erkl\u00e4rt hatte, dass Staaten nur zu sicheren Herkunftsstaaten erkl\u00e4rt werden k\u00f6nnen, wenn dort landesweit f\u00fcr alle Personen- und Bev\u00f6lkerungsgruppen Sicherheit vor politischer Verfolgung besteht. Die Maghreb-Region erf\u00fcllt diese Voraussetzung nicht. Damit sind auch die verfassungsrechtlichen Voraussetzungen nicht gegeben\u201c, betont der <strong>LSVD-Landesvorsitzende Rottmann.<\/strong><\/em><\/p>\r\n<p>Die Landesregierung w\u00fcrde sich mit ihrem Votum auch zum Handlanger von Regierungen machen, die die Menschenrechte von Lesben, Schwulen und transgeschlechtlichen Menschen verleugnen und mit F\u00fc\u00dfen treten.Eine solche Politik schw\u00e4cht den weltweiten Kampf zur Abschaffung der Kriminalisierung von Homosexualit\u00e4t empfindlich.<\/p>\r\n<p><strong>Pressekontakt:<\/strong><\/p>\r\n<p>LSVD Niedersachsen-Bremen<\/p>\r\n<p>Benjamin Rottmann<\/p>\r\n<p>Tel. 0511 \u2013 277 896 20<\/p>\r\n<p><a href=\"mailto:benjamin.rottmann@lsvd.de\">benjamin.rottmann@lsvd.de<\/a><\/p>\r\n<p><strong>Hintergrund<\/strong><\/p>\r\n<p>Gemeinsam f\u00fcr ein modernes Niedersachsen &#8211; F\u00fcr Innovation, Sicherheit und Zusammenhalt<\/p>\r\n<p>Koalitionsvereinbarung 2017-2022<\/p>\r\n<p><a href=\"http:\/\/cdu-niedersachsen.de\/wp-content\/uploads\/2017\/11\/11-16_Koalitionsvertrag_final.pdf\">http:\/\/cdu-niedersachsen.de\/wp-content\/uploads\/2017\/11\/11-16_Koalitionsvertrag_final.pdf<\/a><\/p>\r\n<p>Fl\u00fcchtlinge sch\u00fctzen \u2013 Integration f\u00f6rdern. Beschluss des LSVD-Verbandstages 2016<\/p>\r\n<p><a href=\"https:\/\/www.lsvd.de\/fileadmin\/pics\/Dokumente\/Verbandstage\/VT-2016\/2016_Fluechtlinge_schuetzen.pdf\">https:\/\/www.lsvd.de\/fileadmin\/pics\/Dokumente\/Verbandstage\/VT-2016\/2016_Fluechtlinge_schuetzen.pdf<\/a><\/p>\r\n<hr \/>\r\n<h3><b>Aktivisteninfo zur Pyramide in Hannover<\/b><\/h3>\r\n<h3><b>am Rande des AFD Bundesparteitages <\/b><\/h3>\r\n<div>\u00a0<\/div>\r\n<div>Seit mehreren Jahren hat sich eine kreative Aktionsform des zivilen Ungehorsames etabliert.<\/div>\r\n<div>Im Rahmen von verschiedenen Ereignissen haben sich Demonstranten in pyramidenf\u00f6rmigen Vorrichtungen auf der Stra\u00dfe fixiert.<\/div>\r\n<div>Dabei handelte es sich zum Beispiel um Demonstrationen gegen Atomenergie\/Lagerung und anderen Missst\u00e4nden.<\/div>\r\n<div>Die kreative Aktionsform wird von breiten Teilen der Bev\u00f6lkerung unterst\u00fctzt und ist als Demonstration ausgelegt.<\/div>\r\n<div>\u00a0<\/div>\r\n<div><b>Der Abl\u00e4ufe dieser Aktionen:<\/b><\/div>\r\n<div>Nach erfolgreicher Positionierung der Pyramide wird ein Verriegelungssystem aktiviert; welches<\/div>\r\n<div>einen K\u00f6rperteil fixiert. So werden Unterarme, H\u00e4nde oder Finger in der Vorrichtung verankert.<\/div>\r\n<div>Die Polizei stufte die Aktionen als Versammlung ein.<\/div>\r\n<div>Die Folge war dementsprechend und die sich anschlie\u00dfenden polizeilichen Ma\u00dfnahmen \u00e4hnelten sich<\/div>\r\n<div>1. Mehrmalige Aufforderung zum Verlassen des Bereiches.<\/div>\r\n<div>2. Eine Technische Einheit wird angefordert und zeigte sich umgehend f\u00fcr die Ma\u00dfnahmen an der Pyramide verantwortlich.<\/div>\r\n<div>3.Die R\u00e4umung wird durchgef\u00fchrt. War dieses zeitlich mit verh\u00e4ltnism\u00e4\u00dfigen Mitteln nicht umsetzbar, wurde die Pyramide an Ort und Stelle belassen.<\/div>\r\n<div>\u00a0<\/div>\r\n<div><b>In Hannover am Rande des AFD Bundesparteitages wurde diese Aktionsform wieder umgesetzt:<\/b><\/div>\r\n<div>Eine Metallpyramide mit einer Fingerarretierung wurde positioniert.<\/div>\r\n<div>Die Finger wurden in das System gesteckt.<\/div>\r\n<div>\u00a0<\/div>\r\n<div>Die folgenden Minuten wichen von dem etablierten Ablauf ab.<\/div>\r\n<div>Sofort sprangen die Polizisten auf die sitzenden Aktivisten und schlugen mit F\u00e4usten auf sie ein. Auch verdrehten sie die Finger und Arme der fixierten Personen.<\/div>\r\n<div>Sie lie\u00dfen nicht ab, die Personen mit Gewalt von der Pyramide zu rei\u00dfen. Dabei wurde einem, sich nach wie vor am Boden befindlichen, Demonstranten der Unterschenkel gebrochen.<\/div>\r\n<div>\u00a0<\/div>\r\n<div>Auch mit aller Brutalit\u00e4t konnte der Finger eines Aktivisten nicht gel\u00f6st werden. Die Anderen hatten das Gl\u00fcck, das der elektromotorische Antrieb in der Pyramide vermutlich noch nicht komplett verriegelte. (von au\u00dfen nicht ersichtlich)<\/div>\r\n<div>\u00a0<\/div>\r\n<div>Ein Aktivist schrie permanent, dass sein Bein gebrochen ist. Trotzdem wurde er zum Gehweg geschliffen.<\/div>\r\n<div>Eine andere Person wurde samt Pyramide an die Bahnb\u00f6schung verbracht.<\/div>\r\n<div>Erst ca eine Stunde sp\u00e4ter konnte der letzte Finger durch einen Mitstreiter mit einer Stromquelle gel\u00f6st werden.<\/div>\r\n<div>\u00a0<\/div>\r\n<div>Die heute bekannten Folgen:<\/div>\r\n<div>Zwei offene Knochenbr\u00fcche mit mehrst\u00fcndiger Notoperation, H\u00e4matome, Prellungen, Absch\u00fcrfungen, \u00dcberdehnungen usw.<\/div>\r\n<div>\u00a0<\/div>\r\n<div>Der Abtransport:<\/div>\r\n<div>Nach ca 30 Minuten traf der erste Rettungswagen ein. Da zus\u00e4tzlich ein Notarzt gerufen werden musste, verz\u00f6gerte sich die Fahrt ins Krankenhaus um insgesamt eine Stunde.<\/div>\r\n<div>Die anderen Aktivisten wurden in Gewahrsam genommen und nach Vorf\u00fchrung beim Haftrichter noch am selben Nachmittag entlassen. Der Schwerverletzte befindet sich nach wie vor auf der Intensivstation.<\/div>\r\n<div>\u00a0<\/div>\r\n<div><span style=\"font-size: large;\"><b>Der Polizeieinsatz ist durch nichts zu rechtfertigen!<\/b><\/span><\/div>\r\n<div>\u00a0<\/div>\r\n<div>Die Aktivisten von der Pyramide \u00a0\u00a0 \u00a0\u00a0\u00a0 \u00a0\u00a0\u00a0 \u00a0\u00a0\u00a0 \u00a0\u00a0\u00a0 \u00a0\u00a0\u00a0 <span style=\"font-size: small;\">Stand:<\/span>\u00a0 3.12.2017<\/div>\r\n<div>\u00a0<\/div>\r\n<h3>\u00a0<\/h3>\r\n<h3 style=\"text-align: center;\">Demonstration gegen den Bundesparteitag der AFD<\/h3>\r\n<h3 style=\"text-align: center;\">in Hannover am 02.12.2017<\/h3>\r\n<p><a href=\"http:\/\/incuxhaven.de\/wp-content\/uploads\/2017\/12\/ZSTU3679-bearb.jpg\"><img loading=\"lazy\" decoding=\"async\" class=\"size-medium wp-image-904 aligncenter\" src=\"http:\/\/incuxhaven.de\/wp-content\/uploads\/2017\/12\/ZSTU3679-bearb-300x225.jpg\" alt=\"\" width=\"300\" height=\"225\" srcset=\"https:\/\/incuxhaven.de\/wp-content\/uploads\/2017\/12\/ZSTU3679-bearb-300x225.jpg 300w, https:\/\/incuxhaven.de\/wp-content\/uploads\/2017\/12\/ZSTU3679-bearb-768x575.jpg 768w, https:\/\/incuxhaven.de\/wp-content\/uploads\/2017\/12\/ZSTU3679-bearb-1024x767.jpg 1024w, https:\/\/incuxhaven.de\/wp-content\/uploads\/2017\/12\/ZSTU3679-bearb-285x214.jpg 285w\" sizes=\"auto, (max-width: 300px) 100vw, 300px\" \/><\/a><\/p>\r\n<p><a href=\"http:\/\/incuxhaven.de\/wp-content\/uploads\/2017\/12\/ZSTU3654-int.jpg\"><img loading=\"lazy\" decoding=\"async\" class=\"size-medium wp-image-926 aligncenter\" src=\"http:\/\/incuxhaven.de\/wp-content\/uploads\/2017\/12\/ZSTU3654-int-300x172.jpg\" alt=\"\" width=\"300\" height=\"172\" srcset=\"https:\/\/incuxhaven.de\/wp-content\/uploads\/2017\/12\/ZSTU3654-int-300x172.jpg 300w, https:\/\/incuxhaven.de\/wp-content\/uploads\/2017\/12\/ZSTU3654-int-768x440.jpg 768w, https:\/\/incuxhaven.de\/wp-content\/uploads\/2017\/12\/ZSTU3654-int.jpg 838w\" sizes=\"auto, (max-width: 300px) 100vw, 300px\" \/><\/a><\/p>\r\n<p><a href=\"http:\/\/incuxhaven.de\/wp-content\/uploads\/2017\/12\/ZSTU3656-int.jpg\"><img loading=\"lazy\" decoding=\"async\" class=\"size-medium wp-image-927 aligncenter\" src=\"http:\/\/incuxhaven.de\/wp-content\/uploads\/2017\/12\/ZSTU3656-int-225x300.jpg\" alt=\"\" width=\"225\" height=\"300\" srcset=\"https:\/\/incuxhaven.de\/wp-content\/uploads\/2017\/12\/ZSTU3656-int-225x300.jpg 225w, https:\/\/incuxhaven.de\/wp-content\/uploads\/2017\/12\/ZSTU3656-int.jpg 570w\" sizes=\"auto, (max-width: 225px) 100vw, 225px\" \/><\/a><\/p>\r\n<p><a href=\"http:\/\/incuxhaven.de\/wp-content\/uploads\/2017\/12\/ZSTU3657-int.jpg\"><img loading=\"lazy\" decoding=\"async\" class=\"size-medium wp-image-905 aligncenter\" src=\"http:\/\/incuxhaven.de\/wp-content\/uploads\/2017\/12\/ZSTU3657-int-300x205.jpg\" alt=\"\" width=\"300\" height=\"205\" srcset=\"https:\/\/incuxhaven.de\/wp-content\/uploads\/2017\/12\/ZSTU3657-int-300x205.jpg 300w, https:\/\/incuxhaven.de\/wp-content\/uploads\/2017\/12\/ZSTU3657-int-768x526.jpg 768w, https:\/\/incuxhaven.de\/wp-content\/uploads\/2017\/12\/ZSTU3657-int.jpg 805w\" sizes=\"auto, (max-width: 300px) 100vw, 300px\" \/><\/a><\/p>\r\n<p><a href=\"http:\/\/incuxhaven.de\/wp-content\/uploads\/2017\/12\/ZSTU3665-int.jpg\"><img loading=\"lazy\" decoding=\"async\" class=\"size-medium wp-image-906 aligncenter\" src=\"http:\/\/incuxhaven.de\/wp-content\/uploads\/2017\/12\/ZSTU3665-int-225x300.jpg\" alt=\"\" width=\"225\" height=\"300\" srcset=\"https:\/\/incuxhaven.de\/wp-content\/uploads\/2017\/12\/ZSTU3665-int-225x300.jpg 225w, https:\/\/incuxhaven.de\/wp-content\/uploads\/2017\/12\/ZSTU3665-int.jpg 608w\" sizes=\"auto, (max-width: 225px) 100vw, 225px\" \/><\/a><\/p>\r\n<p><a href=\"http:\/\/incuxhaven.de\/wp-content\/uploads\/2017\/12\/ZSTU3666-int.jpg\"><img loading=\"lazy\" decoding=\"async\" class=\"size-medium wp-image-907 aligncenter\" src=\"http:\/\/incuxhaven.de\/wp-content\/uploads\/2017\/12\/ZSTU3666-int-300x225.jpg\" alt=\"\" width=\"300\" height=\"225\" srcset=\"https:\/\/incuxhaven.de\/wp-content\/uploads\/2017\/12\/ZSTU3666-int-300x225.jpg 300w, https:\/\/incuxhaven.de\/wp-content\/uploads\/2017\/12\/ZSTU3666-int-768x576.jpg 768w, https:\/\/incuxhaven.de\/wp-content\/uploads\/2017\/12\/ZSTU3666-int-285x214.jpg 285w, https:\/\/incuxhaven.de\/wp-content\/uploads\/2017\/12\/ZSTU3666-int.jpg 773w\" sizes=\"auto, (max-width: 300px) 100vw, 300px\" \/><\/a><\/p>\r\n<p><a href=\"http:\/\/incuxhaven.de\/wp-content\/uploads\/2017\/12\/ZSTU3674-int.jpg\"><img loading=\"lazy\" decoding=\"async\" class=\"size-medium wp-image-908 aligncenter\" src=\"http:\/\/incuxhaven.de\/wp-content\/uploads\/2017\/12\/ZSTU3674-int-225x300.jpg\" alt=\"\" width=\"225\" height=\"300\" srcset=\"https:\/\/incuxhaven.de\/wp-content\/uploads\/2017\/12\/ZSTU3674-int-225x300.jpg 225w, https:\/\/incuxhaven.de\/wp-content\/uploads\/2017\/12\/ZSTU3674-int.jpg 608w\" sizes=\"auto, (max-width: 225px) 100vw, 225px\" \/><\/a><\/p>\r\n<p><a href=\"http:\/\/incuxhaven.de\/wp-content\/uploads\/2017\/12\/ZSTU3675-int.jpg\"><img loading=\"lazy\" decoding=\"async\" class=\"size-medium wp-image-909 aligncenter\" src=\"http:\/\/incuxhaven.de\/wp-content\/uploads\/2017\/12\/ZSTU3675-int-300x225.jpg\" alt=\"\" width=\"300\" height=\"225\" srcset=\"https:\/\/incuxhaven.de\/wp-content\/uploads\/2017\/12\/ZSTU3675-int-300x225.jpg 300w, https:\/\/incuxhaven.de\/wp-content\/uploads\/2017\/12\/ZSTU3675-int-768x576.jpg 768w, https:\/\/incuxhaven.de\/wp-content\/uploads\/2017\/12\/ZSTU3675-int-285x214.jpg 285w, https:\/\/incuxhaven.de\/wp-content\/uploads\/2017\/12\/ZSTU3675-int.jpg 773w\" sizes=\"auto, (max-width: 300px) 100vw, 300px\" \/><\/a><\/p>\r\n<p><a href=\"http:\/\/incuxhaven.de\/wp-content\/uploads\/2017\/12\/ZSTU3686-int.jpg\"><img loading=\"lazy\" decoding=\"async\" class=\"size-medium wp-image-910 aligncenter\" src=\"http:\/\/incuxhaven.de\/wp-content\/uploads\/2017\/12\/ZSTU3686-int-225x300.jpg\" alt=\"\" width=\"225\" height=\"300\" srcset=\"https:\/\/incuxhaven.de\/wp-content\/uploads\/2017\/12\/ZSTU3686-int-225x300.jpg 225w, https:\/\/incuxhaven.de\/wp-content\/uploads\/2017\/12\/ZSTU3686-int.jpg 608w\" sizes=\"auto, (max-width: 225px) 100vw, 225px\" \/><\/a><\/p>\r\n<p><a href=\"http:\/\/incuxhaven.de\/wp-content\/uploads\/2017\/12\/ZSTU3691-int.jpg\"><img loading=\"lazy\" decoding=\"async\" class=\"size-medium wp-image-911 aligncenter\" src=\"http:\/\/incuxhaven.de\/wp-content\/uploads\/2017\/12\/ZSTU3691-int-225x300.jpg\" alt=\"\" width=\"225\" height=\"300\" srcset=\"https:\/\/incuxhaven.de\/wp-content\/uploads\/2017\/12\/ZSTU3691-int-225x300.jpg 225w, https:\/\/incuxhaven.de\/wp-content\/uploads\/2017\/12\/ZSTU3691-int.jpg 608w\" sizes=\"auto, (max-width: 225px) 100vw, 225px\" \/><\/a><\/p>\r\n<p><a href=\"http:\/\/incuxhaven.de\/wp-content\/uploads\/2017\/12\/ZSTU3696-int.jpg\"><img loading=\"lazy\" decoding=\"async\" class=\"size-medium wp-image-912 aligncenter\" src=\"http:\/\/incuxhaven.de\/wp-content\/uploads\/2017\/12\/ZSTU3696-int-225x300.jpg\" alt=\"\" width=\"225\" height=\"300\" srcset=\"https:\/\/incuxhaven.de\/wp-content\/uploads\/2017\/12\/ZSTU3696-int-225x300.jpg 225w, https:\/\/incuxhaven.de\/wp-content\/uploads\/2017\/12\/ZSTU3696-int.jpg 608w\" sizes=\"auto, (max-width: 225px) 100vw, 225px\" \/><\/a><\/p>\r\n<p><a href=\"http:\/\/incuxhaven.de\/wp-content\/uploads\/2017\/12\/ZSTU3701-int.jpg\"><img loading=\"lazy\" decoding=\"async\" class=\"size-medium wp-image-913 aligncenter\" src=\"http:\/\/incuxhaven.de\/wp-content\/uploads\/2017\/12\/ZSTU3701-int-300x225.jpg\" alt=\"\" width=\"300\" height=\"225\" srcset=\"https:\/\/incuxhaven.de\/wp-content\/uploads\/2017\/12\/ZSTU3701-int-300x225.jpg 300w, https:\/\/incuxhaven.de\/wp-content\/uploads\/2017\/12\/ZSTU3701-int-768x576.jpg 768w, https:\/\/incuxhaven.de\/wp-content\/uploads\/2017\/12\/ZSTU3701-int-285x214.jpg 285w, https:\/\/incuxhaven.de\/wp-content\/uploads\/2017\/12\/ZSTU3701-int.jpg 1012w\" sizes=\"auto, (max-width: 300px) 100vw, 300px\" \/><\/a><\/p>\r\n<p><a href=\"http:\/\/incuxhaven.de\/wp-content\/uploads\/2017\/12\/ZSTU3706-int.jpg\"><img loading=\"lazy\" decoding=\"async\" class=\"size-medium wp-image-914 aligncenter\" src=\"http:\/\/incuxhaven.de\/wp-content\/uploads\/2017\/12\/ZSTU3706-int-225x300.jpg\" alt=\"\" width=\"225\" height=\"300\" srcset=\"https:\/\/incuxhaven.de\/wp-content\/uploads\/2017\/12\/ZSTU3706-int-225x300.jpg 225w, https:\/\/incuxhaven.de\/wp-content\/uploads\/2017\/12\/ZSTU3706-int.jpg 608w\" sizes=\"auto, (max-width: 225px) 100vw, 225px\" \/><\/a><\/p>\r\n<p><a href=\"http:\/\/incuxhaven.de\/wp-content\/uploads\/2017\/12\/ZSTU3711-int.jpg\"><img loading=\"lazy\" decoding=\"async\" class=\"size-medium wp-image-915 aligncenter\" src=\"http:\/\/incuxhaven.de\/wp-content\/uploads\/2017\/12\/ZSTU3711-int-225x300.jpg\" alt=\"\" width=\"225\" height=\"300\" srcset=\"https:\/\/incuxhaven.de\/wp-content\/uploads\/2017\/12\/ZSTU3711-int-225x300.jpg 225w, https:\/\/incuxhaven.de\/wp-content\/uploads\/2017\/12\/ZSTU3711-int.jpg 608w\" sizes=\"auto, (max-width: 225px) 100vw, 225px\" \/><\/a><\/p>\r\n<p><a href=\"http:\/\/incuxhaven.de\/wp-content\/uploads\/2017\/12\/ZSTU3714-int.jpg\"><img loading=\"lazy\" decoding=\"async\" class=\"size-medium wp-image-916 aligncenter\" src=\"http:\/\/incuxhaven.de\/wp-content\/uploads\/2017\/12\/ZSTU3714-int-300x225.jpg\" alt=\"\" width=\"300\" height=\"225\" srcset=\"https:\/\/incuxhaven.de\/wp-content\/uploads\/2017\/12\/ZSTU3714-int-300x225.jpg 300w, https:\/\/incuxhaven.de\/wp-content\/uploads\/2017\/12\/ZSTU3714-int-285x214.jpg 285w, https:\/\/incuxhaven.de\/wp-content\/uploads\/2017\/12\/ZSTU3714-int.jpg 697w\" sizes=\"auto, (max-width: 300px) 100vw, 300px\" \/><\/a><\/p>\r\n<p><a href=\"http:\/\/incuxhaven.de\/wp-content\/uploads\/2017\/12\/ZSTU3725-int.jpg\"><img loading=\"lazy\" decoding=\"async\" class=\"size-medium wp-image-917 aligncenter\" src=\"http:\/\/incuxhaven.de\/wp-content\/uploads\/2017\/12\/ZSTU3725-int-300x179.jpg\" alt=\"\" width=\"300\" height=\"179\" srcset=\"https:\/\/incuxhaven.de\/wp-content\/uploads\/2017\/12\/ZSTU3725-int-300x179.jpg 300w, https:\/\/incuxhaven.de\/wp-content\/uploads\/2017\/12\/ZSTU3725-int-768x459.jpg 768w, https:\/\/incuxhaven.de\/wp-content\/uploads\/2017\/12\/ZSTU3725-int.jpg 783w\" sizes=\"auto, (max-width: 300px) 100vw, 300px\" \/><\/a><\/p>\r\n<p><a href=\"http:\/\/incuxhaven.de\/wp-content\/uploads\/2017\/12\/ZSTU3726-int.jpg\"><img loading=\"lazy\" decoding=\"async\" class=\"size-medium wp-image-918 aligncenter\" src=\"http:\/\/incuxhaven.de\/wp-content\/uploads\/2017\/12\/ZSTU3726-int-225x300.jpg\" alt=\"\" width=\"225\" height=\"300\" srcset=\"https:\/\/incuxhaven.de\/wp-content\/uploads\/2017\/12\/ZSTU3726-int-225x300.jpg 225w, https:\/\/incuxhaven.de\/wp-content\/uploads\/2017\/12\/ZSTU3726-int.jpg 608w\" sizes=\"auto, (max-width: 225px) 100vw, 225px\" \/><\/a><\/p>\r\n<p><a href=\"http:\/\/incuxhaven.de\/wp-content\/uploads\/2017\/12\/ZSTU3730-int.jpg\"><img loading=\"lazy\" decoding=\"async\" class=\"size-medium wp-image-919 aligncenter\" src=\"http:\/\/incuxhaven.de\/wp-content\/uploads\/2017\/12\/ZSTU3730-int-225x300.jpg\" alt=\"\" width=\"225\" height=\"300\" srcset=\"https:\/\/incuxhaven.de\/wp-content\/uploads\/2017\/12\/ZSTU3730-int-225x300.jpg 225w, https:\/\/incuxhaven.de\/wp-content\/uploads\/2017\/12\/ZSTU3730-int.jpg 533w\" sizes=\"auto, (max-width: 225px) 100vw, 225px\" \/><\/a><\/p>\r\n<p><a href=\"http:\/\/incuxhaven.de\/wp-content\/uploads\/2017\/12\/ZSTU3740-int.jpg\"><img loading=\"lazy\" decoding=\"async\" class=\"size-medium wp-image-920 aligncenter\" src=\"http:\/\/incuxhaven.de\/wp-content\/uploads\/2017\/12\/ZSTU3740-int-225x300.jpg\" alt=\"\" width=\"225\" height=\"300\" srcset=\"https:\/\/incuxhaven.de\/wp-content\/uploads\/2017\/12\/ZSTU3740-int-225x300.jpg 225w, https:\/\/incuxhaven.de\/wp-content\/uploads\/2017\/12\/ZSTU3740-int.jpg 608w\" sizes=\"auto, (max-width: 225px) 100vw, 225px\" \/><\/a><\/p>\r\n<p><a href=\"http:\/\/incuxhaven.de\/wp-content\/uploads\/2017\/12\/ZSTU3751-int.jpg\"><img loading=\"lazy\" decoding=\"async\" class=\"size-medium wp-image-921 aligncenter\" src=\"http:\/\/incuxhaven.de\/wp-content\/uploads\/2017\/12\/ZSTU3751-int-300x138.jpg\" alt=\"\" width=\"300\" height=\"138\" srcset=\"https:\/\/incuxhaven.de\/wp-content\/uploads\/2017\/12\/ZSTU3751-int-300x138.jpg 300w, https:\/\/incuxhaven.de\/wp-content\/uploads\/2017\/12\/ZSTU3751-int-768x354.jpg 768w, https:\/\/incuxhaven.de\/wp-content\/uploads\/2017\/12\/ZSTU3751-int-1024x472.jpg 1024w, https:\/\/incuxhaven.de\/wp-content\/uploads\/2017\/12\/ZSTU3751-int.jpg 1025w\" sizes=\"auto, (max-width: 300px) 100vw, 300px\" \/><\/a><\/p>\r\n<hr \/>\r\n<p><a href=\"http:\/\/incuxhaven.de\/wp-content\/uploads\/2015\/11\/Protest-gegen-rechten-AfD-Politiker_-_Denkmal-der-Schande_-vor-der-Haust\u00fcr-von-H\u00f6cke-Politik-Tagesspiegel.pdf\">Protest gegen rechten AfD-Politiker_ _Denkmal der Schande_ vor der Haust\u00fcr von H\u00f6cke &#8211; Politik &#8211; Tagesspiegel<\/a><\/p>\r\n<div lang=\"x-western\"><hr \/>\r\n<p class=\"postmetadata\">Meldung vom Dienstag den 15.08.2017 &#8211; Abgelegt unter: <a href=\"https:\/\/www.nds-fluerat.org\/rubrik\/pressemitteilungen\/\" rel=\"category tag\">Pressemitteilungen<\/a><\/p>\r\n<p>Was sich derzeit vor der K\u00fcste Libyens abspielt, ist nichts als purer Zynismus. Trotz der dramatischen Berichte \u00fcber Massenvergewaltigungen und Misshandlungen in libyschen Fl\u00fcchtlingslagern (siehe Bericht von ttt \u201e<a href=\"https:\/\/www.youtube.com\/watch?v=oOKER6qx5hQ\" target=\"_blank\" rel=\"noopener noreferrer\">Ein Warlord als T\u00fcrsteher zur H\u00f6lle\u201c<\/a> am 09.07.2017, <a href=\"https:\/\/www.google.de\/url?sa=t&amp;rct=j&amp;q=&amp;esrc=s&amp;source=web&amp;cd=2&amp;cad=rja&amp;uact=8&amp;ved=0ahUKEwiv84-T9tjVAhVIK1AKHYgWClIQFgg0MAE&amp;url=http%3A%2F%2Fwww.zeit.de%2Fpolitik%2Fausland%2F2017-08%2Ffluechtlinge-libyen-oxfam-bericht-vergewaltigung-zwangsarbeit&amp;usg=AFQjCNFG8elBdUTgrx1ucDZRgH96LJEoEQ\" target=\"_blank\" rel=\"noopener noreferrer\">Zeit vom 09.08.2017 zur Oxfam-Studie<\/a>, <a href=\"http:\/\/www.sueddeutsche.de\/panorama\/fluechtlinge-in-libyen-die-menschenfaenger-1.3537527?reduced=true\" target=\"_blank\" rel=\"noopener noreferrer\">S\u00fcddeutsche Magazin v. 09.06.2017<\/a>) halten die europ\u00e4ischen Staaten an ihrer Absicht fest, Libyen notfalls mit milit\u00e4rischer Gewalt abzuriegeln und Fl\u00fcchtlinge wieder nach Libyen zur\u00fcckzubringen. Sie nehmen damit nicht nur weitere Menschenrechtsverletzungen an Fl\u00fcchtlingen in Libyen in Kauf, sondern auch weitere Tote im Mittelmeer.<\/p>\r\n<p>Bereits im April hatte die EU-Kommission die Freigabe von Hilfen in H\u00f6he von 90 Millionen Euro u.a. zur Unterst\u00fctzung der libyschen K\u00fcstenwache beschlossen. Anfang Juli vereinbarte Thomas de Maizi\u00e8re mit seinen franz\u00f6sischen und italienischen Kollegen weitere finanzielle Hilfen f\u00fcr die libysche K\u00fcstenwache. Nun hat die italienische Regierung einen Einsatz der Marine zur \u201eUnterst\u00fctzung der libyschen K\u00fcstenwache\u201c beschlossen, und wie immer deklariert man auch diesen Einsatz gegen Fl\u00fcchtlinge, der angeblich \u201eauf Anfrage der libyschen Regierung\u201c zustande gekommen sei, als \u201eKampf gegen Menschenschmuggler\u201c. Das Kabinett stimmte am\u00a0Freitag einer entsprechenden Mission zu. Die Europ\u00e4ische Union (EU) hat Italien am Freitag 46 Millionen Euro Unterst\u00fctzung f\u00fcr seinen Marine-Einsatz zugesagt.<\/p>\r\n<p>Auch Deutschland ist dabei: Im Juni stimmte der Bundestag mit 467 zu 116 Stimmen der Verl\u00e4ngerung der deutschen Beteiligung an der EU-Marinemission EUNAVFOR MED mit bis zu 950 Bundeswehrsoldaten zu. Seit Oktober 2016 bildet EUNAVFOR MED libysche K\u00fcstenw\u00e4chter aus, in diesem Jahr bisher 130 Personen. Mit den Verbrechen der libyschen K\u00fcstenwache gegen\u00fcber Fl\u00fcchtlingsbooten und Seenotrettungsorganisationen aber will die Bundesregierung nichts zu tun haben. Obwohl die EU-unterst\u00fctzte libysche K\u00fcstenwache bereits auf Fl\u00fcchtlingsboote geschossen hat und ganz offen damit droht, milit\u00e4risch gegen NGO-Schiffe vorzugehen, w\u00e4scht die Bundesregierung ihre H\u00e4nde in Unschuld und hat dar\u00fcber angeblich \u201ekeine Erkenntnisse\u201c.<\/p>\r\n<p>Statt weiterer milit\u00e4rischer Eskalation ist nach dem erzwungenen R\u00fcckzug verschiedener NGO-Schiffe die Ausweitung der EU-Rettungsmission Triton zu fordern, die derzeit diskutiert wird. Die EU-Staaten m\u00fcssen ihrer Verantwortung gerecht werden und d\u00fcrfen nicht hinnehmen, dass mehr Menschen im Meer sterben. Auch muss deutlich gemacht werden, dass die einseitige Ausdehnung der libyschen Hoheitsgew\u00e4sser nicht rechtm\u00e4\u00dfig ist. Diese stellt einen Versto\u00df gegen internationales Recht dar. Nicht zuletzt darf die <a href=\"https:\/\/www.nds-fluerat.org\/25424\/aktuelles\/keine-kriminalisierung-der-seenotrettung-petition-zur-freilassung-der-iuventa\/\" target=\"_blank\" rel=\"noopener noreferrer\">Seenotrettung nicht weiter kriminalisiert werden<\/a> (sh. <a href=\"http:\/\/www.spiegel.de\/politik\/ausland\/italien-weg-mit-den-rettern-a-1162725.html\" target=\"_blank\" rel=\"noopener noreferrer\">Spiegel Online v. 14.08.17<\/a>)<\/p>\r\n<p>Statt mit milit\u00e4rischer Gewalt und unter Inkaufnahme schwerster Menschenrechtsverletzungen Fl\u00fcchtlinge wieder nach Libyen zur\u00fcckzuzwingen, sollte Deutschland mehr Fl\u00fcchtlinge aus Italien aufnehmen und seinen Einfluss geltend machen, um daf\u00fcr zu sorgen, dass Fl\u00fcchtlinge aus Italien in anderen europ\u00e4ischen Landern aufgenommen werden. Bereits im Juli 2015 sicherten die EU-Mitgliedstaaten Griechenland und Italien die Aufnahme von 98.255 Fl\u00fcchtlingen zu, Deutschland war mit 27.322 Asylsuchenden dabei.<\/p>\r\n<p>Ende Juli 2017 berichtete die Europ\u00e4ische Kommission, dass entgegen der urspr\u00fcnglichen Vereinbarung nur rund 10.000 Personen in Italien f\u00fcr eine \u00dcbernahme in einen anderen EU-Mitgliedstaat registriert wurden. Gerade mal 3.000 Fl\u00fcchtlinge aus Italien fanden in <a class=\"pdf\" href=\"https:\/\/ec.europa.eu\/home-affairs\/sites\/homeaffairs\/files\/what-we-do\/policies\/european-agenda-migration\/press-material\/docs\/state_of_play_-_relocation_en.pdf\" target=\"_blank\" rel=\"noopener noreferrer\">Deutschland Aufnahme<\/a>. Von den 28 EU-Staaten haben anders als 2015 vereinbart 12 bislang keinen einzigen Fl\u00fcchtling aus Italien genommen. Am Donnerstag forderte EU-Migrationskommissar Dimitris Avramopoulos aber nicht etwa andere EU-Staaten auf, Italien Fl\u00fcchtlinge abzunehmen. Stattdessen forderte er, dass alle EU-Staaten die \u201ewichtige Arbeit mit Libyen und Herkunfts- und Transitl\u00e4ndern in Afrika verst\u00e4rken m\u00fcssen, um die Str\u00f6me zu reduzieren\u201c.<\/p>\r\n<p>Kontakt und weitere Infos:<br \/>Kai Weber, Tel. 0178 &#8211; 1732 569<\/p>\r\n<pre class=\"moz-signature\">-- \r\nFl\u00fcchtlingsrat Niedersachsen e.V.<\/pre>\r\n<\/div>\r\n<div lang=\"x-western\"><hr \/>\r\n<h4 class=\"header\">FL\u00dcCHTLINGSRAT Niedersachsen und PRO ASYL fordern Revision aller Asylablehnungen und ein Ende von Afghanistan-Abschiebungen.<\/h4>\r\n<h5 class=\"header\">Die Konferenz der Innenminister und -senatoren von Bund und L\u00e4ndern (IMK) tagt ab Montag, den 12. Juni, in Dresden.<\/h5>\r\n<div class=\"news-text-wrap\">\r\n<p class=\"bodytext\">FL\u00dcCHTLINGSRAT und PRO ASYL fordern von den Innenministern:<\/p>\r\n<p class=\"bodytext\">1. Die L\u00e4nder m\u00fcssen der fehlertr\u00e4chtigen Asylentscheidungshektik des Bundesamts f\u00fcr Migration und Fl\u00fcchtlinge (BAMF) Einhalt gebieten. Abgelehnte Afghanistan-Asylantr\u00e4ge m\u00fcssen revidiert und neu bearbeitet werden.<\/p>\r\n<p class=\"bodytext\">2. Nach der bei der EU geplanten Dublin-IV-Reform sollen ohne jede zeitliche Befristung Abschiebungen in EU-Staaten z.B. wie Bulgarien, Griechenland oder Ungarn vollzogen werden. Der Fl\u00fcchtlingsrat Niedersachsen und PRO ASYL warnen entschieden vor solch einer Reform.<\/p>\r\n<p class=\"bodytext\">3. Die vor\u00fcbergehende Aussetzung von Abschiebungen nach Afghanistan ist angesichts der katastrophalen Lage am Hindukusch nicht ausreichend. Der Fl\u00fcchtlingsrat Niedersachsen und PRO ASYL appellieren an die Bundesl\u00e4nder, sich auf ein Ende aller Abschiebungen nach Afghanistan zu verst\u00e4ndigen.<\/p>\r\n<p class=\"bodytext\"><strong> 1. Folgen der fehlerhaften BAMF-Entscheidungen gehen auf Kosten der Fl\u00fcchtlinge und der Bundesl\u00e4nder<\/strong><\/p>\r\n<p class=\"bodytext\">Der Fl\u00fcchtlingsrat Niedersachsen und PRO ASYL appellieren an die Bundesl\u00e4nder, sich eindeutig gegen die \u00dcberlastung der Verwaltungsgerichte infolge der \u00fcberwiegend negativen BAMF-Entscheidungspraxis zu stellen. Allein im ersten Quartal 2017 gingen bundesweit rund 97.000 Klagen gegen Asylbescheide ein. Zum Vergleich: Im gesamten Jahr 2016 waren es 181.600 Klagen. Die qualitativ schlechte Entscheidungspraxis des Bundesamtes f\u00fchrt zur \u00dcberlastung der Justiz. Die Kosten f\u00fcr teure Richterstellen tragen die L\u00e4nder.<\/p>\r\n<p class=\"bodytext\">Der Fl\u00fcchtlingsrat Niedersachsen und PRO ASYL gehen davon aus, dass in tausenden von F\u00e4llen die Qualit\u00e4tsm\u00e4ngel zur Ablehnung gef\u00fchrt haben. Im Jahr 2017 wurden bis Mai rund 146.000 Asylantr\u00e4ge abgelehnt, im Jahr 2016 rund 174.000. Bei AfghanInnen gab es 2016 rund 25.000 Ablehnungen, 2017 bis Mai waren es mehr als 42.000. S\u00e4mtliche Afghanistan-Ablehnungen basieren auf veralteten Informationen des BAMF zur Lage. Zudem wird Schutzsuchenden vorgehalten, es gebe sichere Gebiete, in die sie gehen k\u00f6nnten.<\/p>\r\n<p class=\"bodytext\">Der Fl\u00fcchtlingsrat Niedersachsen und PRO ASYL kritisieren dies als reine Spekulation. <a href=\"https:\/\/www.proasyl.de\/wp-content\/uploads\/2015\/12\/2017-06-08-Grafik-Schutzquoten-Afghanistan-Irak-Syrien-Jan-Mai-2017.ppt\" target=\"_blank\" rel=\"noopener noreferrer\">Neben Afghanistan gehen auch die Ablehnungszahlen f\u00fcr IrakerInnen in die H\u00f6he.<\/a><a href=\"https:\/\/frsh.de\/artikel\/fluechtlingsrat-sh-und-pro-asyl-fordern-revision-aller-asylablehnungen-und-ein-ende-von-afghanistan-abschiebungen\/typo3\/#sdfootnote1sym\" name=\"sdfootnote1anc\"><\/a> Von den 44.620 Entscheidungen zwischen Januar und Mai 2017 wurden 16.234 abgelehnt (36,4 %).<\/p>\r\n<p class=\"bodytext\">Mit der Verlagerung der Probleme auf die Justiz und einer Aufstockung der Richterstellen wird das Problem nicht zu l\u00f6sen sein. Es besteht erheblicher Mangel an im Asylrecht qualifizierten Richterinnen und Richtern. Es ist Aufgabe des Bundesamtes, sich selbst so zu organisieren, dass Verfolgungsgr\u00fcnde dort festgestellt werden k\u00f6nnen.<\/p>\r\n<p class=\"bodytext\">Wer glaubt, diese Massenablehnungen w\u00fcrden in absehbarer Zeit in Massenabschiebungen gleicher Gr\u00f6\u00dfenordnung m\u00fcnden, der t\u00e4uscht sich und verhindert in gro\u00dfem Ma\u00dfe die Integration vieler, die noch \u00fcber eine l\u00e4ngere Zeit in Deutschland leben werden. Nicht ohne Grund gab es in den letzten Jahren in Deutschland immer wieder Bleiberechtsregelungen.<\/p>\r\n<p class=\"bodytext\">Die Bundesl\u00e4nder m\u00fcssen sich gegen\u00fcber dem Bundesinnenministerium klar positionieren. Der Fl\u00fcchtlingsrat Niedersachsen und PRO ASYL fordern, alle in 2016 und 2017 abgelehnten Antr\u00e4ge von AfghanInnen m\u00fcssen\u00a0vom BAMF revidiert und neu bearbeitet werden.<\/p>\r\n<p class=\"bodytext\"><strong>2. Keine Abschiebungen nach Afghanistan<\/strong><\/p>\r\n<p class=\"bodytext\">Der\u00a0<a class=\"external-link-new-window pdf\" title=\"Opens external link in new window\" href=\"https:\/\/www.sigar.mil\/pdf\/quarterlyreports\/2017-04-30qr.pdf#_blank\" target=\"_blank\" rel=\"noopener noreferrer\">Afghanistan-Bericht des Special Inspector General for Afghanistan Reconstruction (SIGAR)<\/a><a href=\"https:\/\/frsh.de\/artikel\/fluechtlingsrat-sh-und-pro-asyl-fordern-revision-aller-asylablehnungen-und-ein-ende-von-afghanistan-abschiebungen\/typo3\/#sdfootnote2sym\" name=\"sdfootnote2anc\"><\/a> f\u00fcr den US-Kongress vom 30. April 2017 legt den immer gr\u00f6\u00dfer werdenden Kontrollverlust der afghanischen Streitkr\u00e4fte und\u00a0 den wachsenden Einfluss der Taliban offen. Im Vergleich zu Januar 2016 zum Stand vor der Fr\u00fchjahrsoffensive der Taliban gilt: Aktuell sind 11% weniger\u00a0Distrikte unter Regierungskontrolle oder -einfluss, 6% mehr Distrikte umk\u00e4mpft, und 5% mehr Distrikte unter\u00a0Kontrolle\u00a0oder Einfluss der Aufst\u00e4ndischen (gerundete\u00a0Angaben).\u00a0Der aktuelle <a class=\"pdf\" href=\"http:\/\/www.ohchr.org\/Documents\/Countries\/AF\/AfghanReportApril2017.pdf#_blank\" target=\"_blank\" rel=\"noopener noreferrer\">Folter-Bericht des afghanischen UNO-Programms UNAMA<\/a><a href=\"https:\/\/frsh.de\/artikel\/fluechtlingsrat-sh-und-pro-asyl-fordern-revision-aller-asylablehnungen-und-ein-ende-von-afghanistan-abschiebungen\/typo3\/#sdfootnote3sym\" name=\"sdfootnote3anc\"><\/a> aus April 2017 belegt, dass exzessive Gewalt auch in den von der Regierung kontrollierten Gebieten herrscht und auch diese Regionen regelm\u00e4\u00dfig nicht als sicher klassifiziert werden d\u00fcrfen. Schlie\u00dflich hat UNAMA Opferzahlen f\u00fcr das erste Quartal 2017 vorgelegt. Demnach gibt es <a href=\"https:\/\/unama.unmissions.org\/unama-first-quarter-2017-civilian-casualty-data#_blank\" target=\"_blank\" rel=\"noopener noreferrer\">mehr Opfer\u00a0unter Frauen, Kindern und in Kabul<\/a>.<a href=\"https:\/\/frsh.de\/artikel\/fluechtlingsrat-sh-und-pro-asyl-fordern-revision-aller-asylablehnungen-und-ein-ende-von-afghanistan-abschiebungen\/typo3\/#sdfootnote4sym\" name=\"sdfootnote4anc\"><\/a><\/p>\r\n<p class=\"bodytext\">In Deutschland werden bislang die zahlreichen internationalen Berichte \u00fcber die <a class=\"external-link-new-window\" title=\"Opens external link in new window\" href=\"https:\/\/frsh.de\/artikel\/updated-abschiebungen-nach-afghanistan\/\" target=\"_blank\" rel=\"noopener noreferrer\"><img decoding=\"async\" src=\"https:\/\/frsh.de\/typo3\/sysext\/rtehtmlarea\/res\/accessibilityicons\/img\/external_link_new_window.gif\" alt=\"Opens external link in new window\" \/>Verschlechterung der Sicherheitslage in Afghanistan<\/a> nicht zur Kenntnis genommen. <a class=\"pdf\" href=\"https:\/\/www.proasyl.de\/wp-content\/uploads\/2015\/12\/2017-Bericht-UNHCR-Afghanistan.pdf#_blank\" target=\"_blank\" rel=\"noopener noreferrer\">UNHCR hat im Dezember 2016 festgestellt<\/a><a href=\"https:\/\/frsh.de\/artikel\/fluechtlingsrat-sh-und-pro-asyl-fordern-revision-aller-asylablehnungen-und-ein-ende-von-afghanistan-abschiebungen\/typo3\/#sdfootnote6sym\" name=\"sdfootnote6anc\"><\/a>, dass sich die Gesamtsicherheitslage seit April 2016 rapide verschlechtert hat. Zwischen sicheren und unsicheren Regionen k\u00f6nne man \u00bbaufgrund der sich st\u00e4ndig \u00e4ndernden Sicherheitslage\u00ab in dem B\u00fcrgerkriegsland gar nicht unterscheiden.<\/p>\r\n<p class=\"bodytext\">Aus Sicht von Fl\u00fcchtlingsrat Niedersachsen und PRO ASYL ist es Pflicht des Bundesamtes, s\u00e4mtliche in 2017 erlassenen negativen Bescheide vor dem Hintergrund der aktuellen Faktenlage zu revidieren. Gerade die Ausf\u00fchrungen des UNHCR sind nach einem Beschluss des Bundesverfassungsgerichtes (vgl. <a href=\"https:\/\/openjur.de\/u\/365344.html#_blank\" target=\"_blank\" rel=\"noopener noreferrer\">Beschluss vom 12.03.2008 \u2013 2 BvR 378\/05<\/a><a href=\"https:\/\/frsh.de\/artikel\/fluechtlingsrat-sh-und-pro-asyl-fordern-revision-aller-asylablehnungen-und-ein-ende-von-afghanistan-abschiebungen\/typo3\/#sdfootnote7sym\" name=\"sdfootnote7anc\">7<\/a>) zwingend zu beachten.<\/p>\r\n<p class=\"bodytext\">Der Fl\u00fcchtlingsrat Niedersachsen und PRO ASYL appellieren an die Bundesl\u00e4nder, sich auf ein Ende aller Abschiebungen nach Afghanistan zu verst\u00e4ndigen. Die vor\u00fcbergehende Aussetzung von Abschiebungen ist angesichts der katastrophalen Lage nicht ausreichend. Der j\u00fcngste Beschluss der Bundesregierung zur vorl\u00e4ufigen Aussetzung l\u00e4sst weiterhin viele Interpretationsspielr\u00e4ume f\u00fcr weitere Abschiebungen.<\/p>\r\n<p class=\"bodytext\">Dehnbar ist zum Beispiel der Begriff der <a href=\"http:\/\/go.proasyl.de\/lnk\/AEkAJy-bHpcAASQx_tQAAAAPIzcAAAAAEhMAFqrwAAS0dQBZMSFEhVILpRXGTpe4cGTL1r-UVgAEgik\/5\/OADxAesfr5OeC7Mmgq-T-g\/aHR0cDovL3d3dy5ibWkuYnVuZC5kZS9TaGFyZWREb2NzL1ByZXNzZW1pdHRlaWx1bmdlbi9ERS8yMDE3LzA1L3J1ZWNrZnVlaHJ1bmctYWZnaGFuaXN0YW4uaHRtbA#_blank\" target=\"_blank\" rel=\"noopener noreferrer\">\u201eAusreisepflichtigen, die hartn\u00e4ckig ihre Mitwirkung an der Identit\u00e4tsfeststellung verweigern\u201c<\/a><a href=\"https:\/\/frsh.de\/artikel\/fluechtlingsrat-sh-und-pro-asyl-fordern-revision-aller-asylablehnungen-und-ein-ende-von-afghanistan-abschiebungen\/typo3\/#sdfootnote8sym\" name=\"sdfootnote8anc\"><\/a>. Schutzsuchenden, die keinen Pass haben und die auch keinen von der Botschaft ausgestellt bekommen, kann das pauschal unterstellt werden.<\/p>\r\n<p class=\"bodytext\">Nicht allein <a class=\"external-link-new-window pdf\" title=\"Opens external link in new window\" href=\"https:\/\/www.proasyl.de\/wp-content\/uploads\/2015\/12\/2017-06-07-PM-Abschiebeversuch-N%C3%BCrnberger-Sch%C3%BCler.pdf#_blank\" target=\"_blank\" rel=\"noopener noreferrer\">der Fall eines afghanischen Sch\u00fclers aus N\u00fcrnberg<\/a> zeigt<a href=\"https:\/\/frsh.de\/artikel\/fluechtlingsrat-sh-und-pro-asyl-fordern-revision-aller-asylablehnungen-und-ein-ende-von-afghanistan-abschiebungen\/typo3\/#sdfootnote9sym\" name=\"sdfootnote9anc\"><\/a>, wie umstritten die Frage oft ist, ob jemand sich tats\u00e4chlich einer Mitwirkungspflicht entzogen hat. Trotz mehrfacher Vorsprache zur Passbeschaffung bei der afghanischen Botschaft wurde dem Betroffenen mangelnde Mitwirkung vorgeworfen. Auch die Begriffe \u00bbStraft\u00e4ter\u00ab und \u00bbGef\u00e4hrder\u00ab sind in h\u00f6chstem Masse problematisch und werden zudem h\u00f6chst unterschiedlich interpretiert. Auch f\u00fcr solche Personen gelten die Menschenrechte.<\/p>\r\n<p class=\"bodytext\">F\u00fcr den 10. Juni rufen \u00fcber 100 Organisationen und gesellschaftliche Institutionen<a href=\"https:\/\/frsh.de\/artikel\/fluechtlingsrat-sh-und-pro-asyl-fordern-revision-aller-asylablehnungen-und-ein-ende-von-afghanistan-abschiebungen\/typo3\/#sdfootnote10sym\" name=\"sdfootnote10anc\"><\/a> zur <a class=\"external-link-new-window\" title=\"Opens external link in new window\" href=\"https:\/\/frsh.de\/artikel\/bleiberecht-fuer-alle-afghaninnen-und-afghanen-fuer-eine-offene-gesellschaft\/\" target=\"_blank\" rel=\"noopener noreferrer\">Demonstration in Kiel f\u00fcr ein Bleiberecht f\u00fcr alle Afghaninnen und Afghanen<\/a> auf. Eine Petition mit 10.000 Unterschriften gegen Abschiebungen nach Afghanistan soll beim Kieler Landeshaus an die dort verhandelnden potentiellen Koalitionspartner*innen der k\u00fcnftigen schleswig-holsteinischen Landesregierung \u00fcbergeben werden (s. 1. <a class=\"external-link-new-window\" title=\"Opens external link in new window\" href=\"https:\/\/frsh.de\/artikel\/demonstration-bleiberecht-fuer-alle-afghaninnen-und-afghanen\/\" target=\"_blank\" rel=\"noopener noreferrer\">Pressemitteilung<\/a> des FRSH vom 9. Juni 2017)<a href=\"https:\/\/frsh.de\/artikel\/fluechtlingsrat-sh-und-pro-asyl-fordern-revision-aller-asylablehnungen-und-ein-ende-von-afghanistan-abschiebungen\/typo3\/#sdfootnote11sym\" name=\"sdfootnote11anc\"><\/a><\/p>\r\n<p class=\"bodytext\"><strong>3. Abschiebungen in andere EU-Staaten<\/strong><\/p>\r\n<p class=\"bodytext\">Nach einem <a href=\"http:\/\/www.dnn.de\/Nachrichten\/Politik\/Familiennachzug-geht-deutlich-zurueck#_blank\" target=\"_blank\" rel=\"noopener noreferrer\">Bericht des RedaktionsNetzwerks Deutschland<\/a><a href=\"https:\/\/frsh.de\/artikel\/fluechtlingsrat-sh-und-pro-asyl-fordern-revision-aller-asylablehnungen-und-ein-ende-von-afghanistan-abschiebungen\/typo3\/#sdfootnote12sym\" name=\"sdfootnote12anc\"><\/a> wollen die Innenminister ohne jegliche zeitliche Befristung Schutzsuchende in andere EU-Staaten abschieben k\u00f6nnen. Der den Medien vorliegende Beschlussvorschlag zur Innenministerkonferenz soll dies unterst\u00fctzen.<\/p>\r\n<p class=\"bodytext\">Der Fl\u00fcchtlingsrat Niedersachsen und PRO ASYL warnen entschieden vor solch einer weitreichenden Reform. Der ersatzlose Wegfall der Fristen wird dazu f\u00fchren, dass Rechtlosigkeit entsteht. Angesichts der eklatanten Menschenrechtsverletzungen in Staaten wie Ungarn und Bulgarien d\u00fcrfen \u00dcberstellungen nicht vollzogen werden. Wenn die 6-Monats-Frist f\u00fcr \u00dcberstellungen wegf\u00e4llt und eine Abschiebung in Staaten wie Ungarn, Bulgarien oder Griechenland dennoch scheitert, werden Asylantr\u00e4ge \u00fcber Monate oder Jahre hinweg in keinem EU-Staat inhaltlich gepr\u00fcft werden. Die Dublin-Verordnung wird zu einer kompletten Unzust\u00e4ndigkeits-Regelung. So werden Integrationsperspektiven zerst\u00f6rt.<\/p>\r\n<p class=\"bodytext\">gez. Kai Weber, Fl\u00fcchtlingsrat Niedersachsen e.V., <a>nds<\/a><a>(at)<\/a><a>nds-fluerat.org<\/a>, T. 0511 \u2013 98246030<\/p>\r\n<p class=\"bodytext\">gez. G\u00fcnter Burkard, PRO ASYL e.V., <a>presse(at)proasyl.de<\/a><\/p>\r\n<\/div>\r\n<hr \/>\r\n<h4>Fl\u00fcchtlingsrat fordert Neubewertung abgelehnter Asylantr\u00e4ge<\/h4>\r\n<p>Der Fl\u00fcchtlingsrat Niedersachsen begr\u00fc\u00dft die Entscheidung der Bundesregierung, nach dem verheerenden Anschlag in Kabul Abschiebungen nach Afghanistan vorl\u00e4ufig auszusetzen. Gleichzeitig fordert der Fl\u00fcchtlingsrat das Ausw\u00e4rtige Amt auf, in dem f\u00fcr Juli 2017 angek\u00fcndigten neuen Lagebericht zu einer realistischen Beschreibung der Verh\u00e4ltnisse in Afghanistan zur\u00fcckzukehren und den offenkundig gesch\u00f6nten und die Bedrohungslage in Afghanistan verharmlosenden Lagebericht vom Oktober letzten Jahres sofort zur\u00fcckzuziehen.<br \/>Dar\u00fcber hinaus fordert der Fl\u00fcchtlingsrat eine Neubewertung der Verfolgungslage in Afghanistan und eine \u00dcberpr\u00fcfung der ablehnenden Entscheidungen des Bundesamtes, das trotz der Eskalation des B\u00fcrgerkriegs in Afghanistan zunehmend mehr afghanischen Fl\u00fcchtlingen jeglichen Schutz verweigert:<\/p>\r\n<p><a href=\"https:\/\/www.nds-fluerat.org\/wp-content\/uploads\/2017\/06\/BAMF-Statistik-Jan-April-2017-Afghanistan-Syrien-Irak-Quote.ppt\">BAMF-Statistik Jan-April 2017 Afghanistan Syrien Irak Quote<\/a><\/p>\r\n<p>Noch im November 2015 hatte das Ausw\u00e4rtige Amt in seinem als \u201evertraulich\u201c eingestuften Lagebericht die Verh\u00e4ltnisse in Afghanistan ungesch\u00f6nt und realistisch beschrieben. Die Justiz funktioniere \u201enur sehr eingeschr\u00e4nkt\u201c, hie\u00df es in dem Bericht. Die Regierungsf\u00fchrung sei \u201eweiterhin mangelhaft\u201c und korrupt. \u201eTraditionell diskriminierende Praktiken und Menschenrechtsverletzungen gegen Frauen existieren insbesondere in l\u00e4ndlichen Regionen weiter. Sexualisierte und geschlechtsspezifische Gewalt ist weit verbreitet.\u201c Einflussnahme durch Verfahrensbeteiligte oder -unbeteiligte und Zahlung von Bestechungsgeldern verhinderten Entscheidungen nach rechtsstaatlichen Grunds\u00e4tzen in weiten Teilen des Justizsystems. Der Politische Direktor des Ministeriums, Andreas Michaelis, beklagte unter Bezugnahme auf den Lagebericht, die Bedrohung in Afghanistan habe sich dramatisch erh\u00f6ht. Die Gefahr f\u00fcr Leib und Leben sei in jedem zweiten afghanischen Distrikt hoch oder extrem. Selbst in Landesteilen, die bisher als relativ sicher gegolten h\u00e4tten, wachse die Bedrohung rasant (siehe u.a. <a href=\"http:\/\/www.faz.net\/aktuell\/politik\/fluechtlingskrise\/auswaertiges-amt-haelt-afghanistan-nicht-fuer-sicher-13909934.html\">FAZ 13.11.2015<\/a>).<\/p>\r\n<p>Diese Bewertung der Lage in Afghanistan vertrug sich allerdings nicht mit der politischen Agenda der Bundesregierung. Die Parteivorsitzenden von CDU, CSU und SPD hatten parallel zu dem geplanten Asylpaket II unter Buchstabe H zu Afghanistan am 5. November 2015 den denkw\u00fcrdigen <a class=\"pdf\" href=\"http:\/\/www.spdfraktion.de\/system\/files\/documents\/ergebnis_pv5_11_.pdf\">Beschluss<\/a> getroffen:<\/p>\r\n<p><i>\u201eWir wollen zur Schaffung und Verbesserung innerstaatlicher Fluchtalternativen beitragen und vor diesem Hintergrund die Entscheidungsgrundlagen des BAMF \u00fcberarbeiten und anpassen. Dies erm\u00f6glicht auch eine Intensivierung der R\u00fcckf\u00fchrungen.\u201c<\/i><\/p>\r\n<p>Ein Jahr sp\u00e4ter legte das Ausw\u00e4rtige Amt daher einen neuen, weichgesp\u00fclten Lagebericht vor. Nun entdeckte auch das AA Gebiete, die \u201etrotz punktueller [!] Sicherheitsvorf\u00e4lle vergleichsweise stabil\u201c seien \u2013 und unterst\u00fctzte damit den Kurs von Bundesinnenminister de Maizi\u00e8re, der unter Bezugnahme auf die Beschl\u00fcsse der Bundesregierung das Au\u00dfenministerium um argumentative R\u00fcckendeckung gebeten hatte.<\/p>\r\n<p>Im Februar 2017 wurden die Fronten endg\u00fcltig geschlossen: Eintr\u00e4chtig kritisierten Au\u00dfenminister Gabriel und Innenminister de Maizi\u00e9re die Schleswig-holsteinische Landesregierung f\u00fcr ihre Entscheidung, einen Abschiebungsstopp nach Afghanistan zu verh\u00e4ngen. In einem <a href=\"http:\/\/www.spiegel.de\/politik\/deutschland\/bundesregierung-rechtfertigt-abschiebungen-nach-afghanistan-a-1136752.html\">Brief an die Bundesl\u00e4nder<\/a> rechtfertigten de Maizi\u00e8re und Gabriel Abschiebungen nach Afghanistan. Es gebe \u201evergleichsweise ruhige\u201c Regionen in dem B\u00fcrgerkriegsland. Dazu z\u00e4hlte die Bundesregierung immer wieder ausdr\u00fccklich auch die Hauptstadt Kabul. Die Bundesregierung setzte sich mit dieser Positionierung \u00fcber die kritischen Lagebeschreibungen aller seri\u00f6sen Menschenrechtsorganisationen und auch des UNHCR hinweg, der in seinem <a class=\"pdf\" href=\"https:\/\/www.proasyl.de\/wp-content\/uploads\/2015\/12\/2017-Bericht-UNHCR-Afghanistan.pdf\">Bericht von Dezember 2016<\/a> ausdr\u00fccklich festgestellt hatte, \u201edass das gesamte Staatsgebiet Afghanistan von einem innerstaatlichen bewaffneten Konflikt im Sinne des Art. 15 c der EU-Qualifikationsrichtlinie\u201c betroffen (ist)\u201c.<\/p>\r\n<p>Auf der Grundlage der fatalen, falschen Lageeinsch\u00e4tzung des Ausw\u00e4rtigen Amts (siehe <a href=\"https:\/\/www.nds-fluerat.org\/23344\/pressemitteilungen\/massive-kritik-von-thomas-ruttig-co-direktor-des-afghanistan-analysts-networks-am-lagebericht-des-auswaertigen-amts\/\">Kritik von Thomas Ruttig<\/a>) und der in den sog. \u201eLeits\u00e4tzen\u201c der BAMF-Zentrale vorgegebenen Richtlinien wurden seit Beginn des Jahres 2017 mehr als 50% aller Asylantr\u00e4ge abgelehnt. Die ablehnenden Bescheide des BAMF behaupten regelm\u00e4\u00dfig, es g\u00e4be in Afghanistan eine sog. \u201einl\u00e4ndische Fluchtalternative\u201c. Es w\u00e4re den Antragsteller_innen zuzumuten gewesen, \u201esich vor einer Flucht ins Ausland in einem anderen als generell sicher geltenden Teil Afghanistans niederzulassen, wie z.B. Kabul, Mazar-e-Scharif oder Herat\u201c, hei\u00dft es z.B. in einem Bescheid. Das Risiko, Opfer willk\u00fcrlicher Gewalt im Rahmen eines innerstaatlichen bewaffneten Konflikts zu werden, bleibe \u201eweit von der Schwelle der beachtlichen Wahrscheinlichkeit entfernt\u201c.<\/p>\r\n<\/div>\r\n<hr \/>\r\n<p><a href=\"http:\/\/www.tagesschau.de\/ausland\/kabul-anschlag-kommentar-101.html\">http:\/\/www.tagesschau.de\/ausland\/kabul-anschlag-kommentar-101.html<\/a><\/p>\r\n<h1>Deutschlands unglaublicher Zynismus<\/h1>\r\n<p>Stand: 31.05.2017 15:30 Uhr<\/p>\r\n<p><strong>In Afghanistan werden Dutzende Menschen in den Tod gebombt &#8211; mal wieder. Nun setzt die Bundesregierung die Abschiebungen dorthin aus. Aber nicht zum Wohl der Afghanen, sondern zur Entlastung der Botschaftsmitarbeiter. Dieser Zynismus ist kaum mehr zu \u00fcberbieten.<\/strong><\/p>\r\n<p>Ein Kommentar von J\u00fcrgen Webermann, ARD-Studio Neu-Delhi<\/p>\r\n<p>Zwei Meldungen an einem Tag: Erstens, heute sollte ein Abschiebeflieger Richtung Kabul starten. Zweitens: Die deutsche Botschaft in Kabul hat einen Mitarbeiter durch einen ausgesprochen heftigen Bombenanschlag verloren. Wir m\u00fcssen beide Themen zwingend miteinander verkn\u00fcpfen und das hat offenbar sogar die Bundesregierung getan &#8211; und\u00a0<a href=\"http:\/\/www.tagesschau.de\/inland\/abschiebeflug-101.html\">den Abschiebeflug erst einmal ausgesetzt<\/a>, mit der Begr\u00fcndung, die Botschaftsmitarbeiter in Kabul k\u00f6nnten sich jetzt nicht auch noch um diese Abschiebung k\u00fcmmern.<\/p>\r\n<h4>Mehr zum Thema<\/h4>\r\n<ul>\r\n<li><a href=\"http:\/\/www.tagesschau.de\/ausland\/anschlag-afghanistan-109.html\">Afghanistan-Experte: &#8222;Sichere Gebiete k\u00f6nnen morgen unsicher sein&#8220;<\/a><\/li>\r\n<li><a href=\"http:\/\/www.tagesschau.de\/inland\/abschiebeflug-101.html\">Bundesregierung sagt Abschiebeflug nach Afghanistan ab<\/a><\/li>\r\n<li><a href=\"http:\/\/www.tagesschau.de\/ausland\/kabul-anschlag-161.html\">Anschlag in Kabul: 80 Tote und deutsche Botschaft getroffen<\/a><\/li>\r\n<li>\u00a0<\/li>\r\n<\/ul>\r\n<p>Schon bisher war der Zynismus der deutschen Beh\u00f6rden, Menschen einfach in Kabul abzuladen und sich selbst zu \u00fcberlassen, fast grenzenlos. Nicht erst seit heute ist klar: In Afghanistan herrscht Krieg, auch wenn wir das gerne verdr\u00e4ngen. Es gibt ja genug andere Konfliktherde in der Welt, Afghanistan ist da ein bisschen in Vergessenheit geraten. Es gibt au\u00dferdem keine sicheren Orte in Afghanistan, wie das Bundesinnenministerium es so gerne h\u00e4tte.<\/p>\r\n<p>Die zerst\u00f6rte Botschaft in Kabul: Sicher ist man in Afghanistan nirgendwo.<\/p>\r\n<h2><strong>Keine Perspektive &#8211; kriegsbedingt<\/strong><\/h2>\r\n<p>Hier ein paar Fakten: Weite Teile des Staatsgebiets sind umk\u00e4mpft oder in der Hand der Taliban. Die afghanische Armee ist zumeist in der Defensive. Schl\u00e4gt sie in einer Provinz die Extremisten zur\u00fcck, kommen diese woanders wieder. Allein 2016 mussten mehr als 600.000 Menschen ihre H\u00e4user verlassen, in 31 von 34 Provinzen gab es K\u00e4mpfe. Die Zahl der Kriegsfl\u00fcchtlinge in Afghanistan betr\u00e4gt jetzt mehr als zwei Millionen. Ihre Lage zu beschreiben, daf\u00fcr w\u00fcrde dieser Kommentar nicht ausreichen.<\/p>\r\n<p>Auch R\u00fcckkehrer stehen vor dem Nichts. Eine wirtschaftliche Perspektive gibt es derzeit nicht in Afghanistan, und das ist vor allem kriegsbedingt &#8211; das als kurzer Hinweis f\u00fcr alle, die so gerne von afghanischen Wirtschaftsfl\u00fcchtlingen sprechen. Und nein, auch die St\u00e4dte sind nicht sicher. In Kabul haben wir das\u00a0<a href=\"http:\/\/www.tagesschau.de\/ausland\/kabul-anschlag-161.html\">heute mal wieder eindrucksvoll vor Augen gef\u00fchrt bekommen<\/a>. Es war der f\u00fcnfte gro\u00dfe Anschlag in der Stadt seit Jahresbeginn, ganz abgesehen von vielen kleineren Zwischenf\u00e4llen.<\/p>\r\n<p><strong>Stundenlanges Massaker<\/strong><\/p>\r\n<p>Im angeblich sicheren Masar-i-Sharif in Nordafghanistan wurde erst vergangenen November das\u00a0<a href=\"http:\/\/www.tagesschau.de\/ausland\/angriff-konsulat-masar-103.html\">deutsche Generalkonsulat durch einen Angriff zerst\u00f6rt<\/a>, und Ende April t\u00f6teten Taliban in der afghanischen Partnerkaserne der Bundeswehr 140 junge Soldaten, es\u00a0<a href=\"http:\/\/www.tagesschau.de\/ausland\/afghanistan-taliban-angriff-fuenfzig-tote-103.html\">war ein stundenlanges Massaker<\/a>. Die Provinz Kundus, Schwerpunkt deutscher Entwicklungshilfe, ist so gef\u00e4hrlich, dass dort niemand mehr ernsthaft \u00fcberpr\u00fcfen kann, ob dort mit unseren Steuergeldern Schulen gebaut oder das Justizwesen voran gebracht werden.<\/p>\r\n<p>Warum also schiebt Deutschland \u00fcberhaupt nach Afghanistan ab? Weil Afghanistan von uns abh\u00e4ngig ist. Es ist l\u00e4ngst kein Geheimnis mehr, dass Deutschland und die EU weitere Finanzhilfen f\u00fcr Afghanistan mit der R\u00fccknahme von Abgeschobenen verkn\u00fcpft haben. Der Staat w\u00fcrde ohne diese Hilfsgelder kollabieren. Genau deshalb ist zu bef\u00fcrchten, dass einige Bundesl\u00e4nder und die Bundesregierung dieses zynische Spiel mit dem Schicksal junger Afghanen schon bald weiter spielen werden. Um unsere angeblich so hohen moralischen Werte geht es dabei schon lange nicht mehr.<\/p>\r\n<p>Fl\u00fcchtlingsrat Niedersachsen e.V.<\/p>\r\n<hr \/><header class=\"entry-header\">\r\n<p><blockquote class=\"wp-embedded-content\" data-secret=\"E4BDcUhEos\"><a href=\"https:\/\/www.proasyl.de\/pressemitteilung\/hau-ab-gesetz-bundestag-entscheidet-ueber-erneute-asylrechtsverschaerfung\/\">\u00bbHau ab \u2013 Gesetz\u00ab: Bundestag entscheidet \u00fcber erneute Asylrechtsversch\u00e4rfung<\/a><\/blockquote><iframe loading=\"lazy\" class=\"wp-embedded-content\" sandbox=\"allow-scripts\" security=\"restricted\" style=\"position: absolute; visibility: hidden;\" title=\"&#8222;\u00bbHau ab \u2013 Gesetz\u00ab: Bundestag entscheidet \u00fcber erneute Asylrechtsversch\u00e4rfung&#8220; &#8212; PRO ASYL\" src=\"https:\/\/www.proasyl.de\/pressemitteilung\/hau-ab-gesetz-bundestag-entscheidet-ueber-erneute-asylrechtsverschaerfung\/embed\/#?secret=JnxMu8Zc7J#?secret=E4BDcUhEos\" data-secret=\"E4BDcUhEos\" width=\"600\" height=\"338\" frameborder=\"0\" marginwidth=\"0\" marginheight=\"0\" scrolling=\"no\"><\/iframe><\/p>\r\n<p>&nbsp;<\/p>\r\n<hr \/>\r\n<h3 class=\"entry-title\">Koalition blockiert Abstimmung \u00fcber Familiennachzug im Innenausschuss<\/h3>\r\n<div class=\"entry-meta\"><span class=\"posted-on\">Ver\u00f6ffentlicht am <a title=\"12:02\" href=\"http:\/\/www.ulla-jelpke.de\/2017\/04\/koalition-blockiert-abstimmung-ueber-familiennachzug-im-innenausschuss\/\" rel=\"bookmark\"><time class=\"entry-date published\" datetime=\"2017-04-26T12:02:31+00:00\">26. April 2017<\/time><\/a><\/span><span class=\"byline\"> von <span class=\"author vcard\"><a class=\"url fn n\" title=\"View all posts by Ulla Jelpke\" href=\"http:\/\/www.ulla-jelpke.de\/author\/jelpke\/\">Ulla Jelpke<\/a><\/span><\/span><\/div>\r\n<\/header>\r\n<div class=\"clearfix entry-content\">\r\n<p>Zur heutigen Verhinderung der Beschlussfassung \u00fcber Oppositionsinitiativen zur Erleichterung des Familiennachzugs, erkl\u00e4ren Ulla Jelpke, innenpolitische Sprecherin der Fraktion DIE LINKE und Luise Amtsberg, fl\u00fcchtlingspolitische Sprecherin der gr\u00fcnen Bundestagsfraktion:<\/p>\r\n<p>\u201eBereits vor einem Monat fand im Innenausschuss eine vielbeachtete Anh\u00f6rung zu unseren Vorschl\u00e4gen zur Erleichterung des Familiennachzugs statt \u2013 die Vorlagen sind also abstimmungsreif. Es ist einfach nur skandal\u00f6s, dass die Koalition eine Entscheidung bei der jeder weitere Tag neues Leid f\u00fcr Gefl\u00fcchtete bedeutet, wahltaktisch hinausz\u00f6gert. Offenbar f\u00fcrchtet die Koalition eine gro\u00dfe Zahl an Bef\u00fcrwortern in den eigenen Reihen f\u00fcr die Oppositionsinitiativen.\u201c<\/p>\r\n<p>\u201eDie Regierungskoalition peitscht in Sondersitzungen in H\u00f6chstgeschwindigkeit Gesetze durch den Bundestag, wenn es um Asylrechtsversch\u00e4rfungen und Abschiebungen geht. Doch wenn es Rechte f\u00fcr Gefl\u00fcchtete und eine Zukunft f\u00fcr Fl\u00fcchtlingsfamilien geht, dann setzt die Koalition auf eine unverantwortliche Blockadepolitik\u201c, kommentiert Luise Amtsberg.<\/p>\r\n<p>\u201eDie M\u00f6glichkeit des Zusammenlebens mit der eigenen Familie ist ein Grundrecht. Doch gegenw\u00e4rtig ist der Nachzug massiv beschr\u00e4nkt: Zum einem, weil die die Beantragung und Bearbeitung der Visa zum Familiennachzug, vor allem in den Anrainerstaaten Syriens, \u00fcber ein Jahr dauert. Zum anderen, weil die gro\u00dfe Koalition im Asylpaket II beschlossen hat, dass alle Personen mit einem sogenannten subsidi\u00e4ren Schutzstatus, zum Beispiel B\u00fcrgerkriegsfl\u00fcchtlinge, zus\u00e4tzlich bis zu zwei Jahre warten m\u00fcssen, bis sie \u00fcberhaupt einen Antrag auf Nachzug stellen k\u00f6nnen. Diese Entscheidung f\u00fchrt dazu, dass viele \u2013 insbesondere syrische \u2013 Familien mehrere Jahre voneinander getrennt leben m\u00fcssen. Diese grausame und integrationsfeindliche Praxis zwingt Familien von Gefl\u00fcchteten auf lebensgef\u00e4hrliche Fluchtrouten. Mit ihrer Verz\u00f6gerungstaktik nimmt die Koalition weitere Fluchttote sowie zerrissene und zerst\u00f6rte Familien in Kauf. Die Koalition h\u00e4tte heute die M\u00f6glichkeit gehabt dies endlich zu korrigieren\u201c, kommentiert Ulla Jelpke.<\/p>\r\n<\/div>\r\n<hr \/>\r\n<p><strong>Der italienische Journalist Gabriele del Grande<\/strong> ist wieder frei<\/p>\r\n<p>Tonight the Italian Minister of Interior got the information that the<br \/>Turkish government set free Gabriele Del Grande, he is turning back to<br \/>Italy now!<\/p>\r\n<p><strong>Der italienische Journalist Gabriele del Grande, der am\u00a0 <\/strong><strong>10. April 2017 nahe der syrischen Grenze in der t\u00fcrkischen Provinz Hatay festgenommen wurde (siehe <a href=\"https:\/\/www.nds-fluerat.org\/24137\/pressemitteilungen\/gabriele-del-grande-in-der-tuerkei-verhaftet\/\" target=\"_blank\" rel=\"noopener noreferrer\">Presseerkl\u00e4rung vom 13.4.<\/a>), ist <\/strong><strong>gestern aus Protest gegen seine fortgesetzte Inhaftierung in der T\u00fcrkei in den Hungerstreik getreten. <\/strong><\/p>\r\n<p>Der aus Lucca in der Toskana stammende Del Grande ist auch als Internetblogger, Autor und Menschenrechtsaktivist t\u00e4tig. Sein Blog <a href=\"http:\/\/fortresseurope.blogspot.de\/\" target=\"_blank\" rel=\"noopener noreferrer\">Fortress Europa<\/a> befasst sich mit der Fl\u00fcchtlingstrag\u00f6die im Mittelmeer. Er war auch als Koautor und Koregisseur am halbdokumentarischen Film \u201eIo sto con la sposa\u201c (An der Seite der Braut) \u00fcber syrische und pal\u00e4stinensische Fl\u00fcchtlinge beteiligt, der 2014 beim Internationalen Filmfestival von Venedig und sp\u00e4ter auch in Deutschland gezeigt wurde, u.a. in Hannover und L\u00fcneburg.<\/p>\r\n<p>Nachfolgend dokumentieren wir eine \u00fcbersetzte Facebook-Mitteilung von Alexandra D\u2019Onofrio (Partnerin von Gabriele) von gestern Nachmittag:<br \/>____________________________________________<br \/><span id=\"more-24180\"><\/span><\/p>\r\n<p>Heute um 14.30 Uhr hat uns Gabriele angerufen. Es war das erste Telefongespr\u00e4ch seit Sonntag, dem 9. April, als Gabriele in der Grenzregion Hatay von den t\u00fcrkischen Beh\u00f6rden festgenommen wurde. Er war seit dem 7. April in der T\u00fcrkei. Gabriele sagt:<\/p>\r\n<p><em>\u201eW\u00e4hrend ich spreche gibt es vier Polizisten, die mich anschauen und zuh\u00f6ren. Ich bin an der Grenze festgehalten worden, und nachdem sie mich im Identifizierungs- und Ausweisungszentrum Hatay hielten, haben sie mich nach Mugla gebracht, wo ich in einem weiteren Identifizierungs- und Ausweisungszentrum in Einzelhaft gesperrt worden bin. Meine Papiere sind in Ordnung, aber es ist mir weder erlaubt worden, einen Anwalt zu kontaktieren, noch ist mir erkl\u00e4rt worden, wie lange diese Festnahme dauern soll. Mir geht es gut, man hat mir nichts getan, aber ich darf nicht telefonieren, sie haben mein Telefon und meine pers\u00f6nlichen Gegenst\u00e4nde beschlagnahmt, obwohl sie mir keine Straftat vorwerfen. Der Grund meiner Festnahme hat mit dem Inhalt meiner Arbeit zu tun. Ich bin dar\u00fcber mehrmals verh\u00f6rt worden. Anrufen durfte ich nur nach mehreren Tagen des Protests. Es wurde mir nicht mitgeteilt, dass die italienischen Beh\u00f6rden sich mit mir in Verbindung setzen wollten. Ab heute Abend trete ich in Hungerstreik, und ich bitte alle sich aktiv einzusetzen, damit meine Rechte respektiert werden\u201c<\/em>.<\/p>\r\n<h5>Italien hat die T\u00fcrkei inzwischen aufgefordert, Gabriele Del Grande freizulassen. Der Fall werde \u201eseit Beginn mit \u00e4u\u00dferster Aufmerksamkeit\u201c und in st\u00e4ndigem Kontakt mit Del Grandes Familie verfolgt, erkl\u00e4rte das italienische Au\u00dfenministerium heute in Rom. Der italienische Pr\u00e4sident des Europ\u00e4ischen Parlaments, Antonio Tajani, forderte im Kurzbotschaftendienst Twitter ebenfalls die \u201esofortige Freilassung\u201c Del Grandes \u201eund aller ungerechtfertigt in der T\u00fcrkei inhaftierten Journalisten\u201c<\/h5>\r\n<pre class=\"moz-signature\">Fl\u00fcchtlingsrat Niedersachsen e.V.<\/pre>\r\n<hr \/>\r\n<h3><b>Newroz 2017: Nein zur Diktatur &#8211; Ja zu Demokratie und Freiheit<\/b><\/h3>\r\n<p>unter dieser Forderung demonstrierten rund 50 000 Mitb\u00fcrger kurdischer Abstammung am letzten Samstag in Frankfurt \/ Main und feierten das kurdische Neujahrsfest.<br \/>Auch eine gro\u00dfe Delegation aus Cuxhaven hatte mit einem Reisebus und mehreren privaten PKW den weiten Weg nicht gescheut.<br \/>Besondere Bedeutung hatte f\u00fcr die Demonstranten und ihre Unterst\u00fctzer vom Arbeitskreis Asyl Cuxhaven das Referendum zur \u00c4nderung der Verfassung in der T\u00fcrkei hin zu einer Ein-Mann-Diktatur.<br \/>W\u00e4hrend die Opposition weder in den gleichgeschalteten t\u00fcrkischen Medien noch im \u00f6ffentlichen Raum f\u00fcr ein Nein zu Erdogans Pr\u00e4sidialdiktatur werben kann, sitzen hunderte Politiker darunter 13 Abgeordnete der HDP (Partei der V\u00f6lker) im Gef\u00e4ngnis. Stadtverwaltungen in den kurdischen Regionen wurden unter Zwangsverwaltung gestellt, im S\u00fcdosten der T\u00fcrkei wird ein offener Krieg gegen die kurdische Bev\u00f6lkerung gef\u00fchrt und auch in Europa werden Gegner der AKP-Politik eingesch\u00fcchtert und bedroht. 6000 Mitarbeiter des t\u00fcrkischen Geheimdienstes stehen allein in Deutschland Erdogan zu Diensten und in DITIB-Moscheen wird ungestraft Spionage betrieben.<br \/>F\u00fcr die Demonstranten tr\u00e4gt auch die Bundesregierung f\u00fcr die katastrophale Situation eine Mitverantwortung, weil sie wegen des Fl\u00fcchtlingsdeals viel zu lange geschwiegen hat. Selbst nach der Verhaftung des Journalisten Deniz Y\u00fccel und Erdogans Faschismusvorw\u00fcrfen an die Adresse der Bundesregierung \/ Bundeskanzlerin l\u00e4sst diese sich weiter von der t\u00fcrkischen Regierung vorf\u00fchren und die deutsche \u00d6ffentlichkeit nimmt dies mit zunehmendem Unverst\u00e4ndnis und Zorn zur Kenntnis.<br \/>Als im November letzten Jahres bundesweit Menschen gegen die Verhaftung der HDP-Spitze auf die Strasse gingen, war es selbstverst\u00e4ndlich, dass sie die Fahnen der kurdischen Jugend-, der Frauenbewegung oder der nordsyrischen PYD mit sich f\u00fchrten. In Frankfurt aber erlebten wir, wie sich die BRD-Regierung gegen\u00fcber den Kurden zum verl\u00e4ngerten Arm Erdogans machen l\u00e4sst: Das Mitf\u00fchren von Fahnen legaler kurdischer Organisationen wurde durch den Innenminister verboten, ebenso das Rufen bestimmter Parolen.<br \/>Weil sich viele Tausende dem widersetzten, wurden alle Demonstranten von der Polizei gefilmt oder fotografiert, um sie nachtr\u00e4glich zu bestrafen. Erdogan wird es freuen.<\/p>\r\n<p><a href=\"http:\/\/incuxhaven.de\/wp-content\/uploads\/2015\/11\/Kudistan-Demo-Frankfurt-Bild-2-int.jpg\"><img loading=\"lazy\" decoding=\"async\" class=\"size-medium wp-image-796\" src=\"http:\/\/incuxhaven.de\/wp-content\/uploads\/2015\/11\/Kudistan-Demo-Frankfurt-Bild-2-int-300x225.jpg\" alt=\"\" width=\"300\" height=\"225\" srcset=\"https:\/\/incuxhaven.de\/wp-content\/uploads\/2015\/11\/Kudistan-Demo-Frankfurt-Bild-2-int-300x225.jpg 300w, https:\/\/incuxhaven.de\/wp-content\/uploads\/2015\/11\/Kudistan-Demo-Frankfurt-Bild-2-int-285x214.jpg 285w, https:\/\/incuxhaven.de\/wp-content\/uploads\/2015\/11\/Kudistan-Demo-Frankfurt-Bild-2-int.jpg 756w\" sizes=\"auto, (max-width: 300px) 100vw, 300px\" \/><\/a><\/p>\r\n<p><a href=\"http:\/\/incuxhaven.de\/wp-content\/uploads\/2015\/11\/Kudistan-Demo-Frankfurt-Bild-3-int.jpg\"><img loading=\"lazy\" decoding=\"async\" class=\"size-medium wp-image-797\" src=\"http:\/\/incuxhaven.de\/wp-content\/uploads\/2015\/11\/Kudistan-Demo-Frankfurt-Bild-3-int-300x169.jpg\" alt=\"\" width=\"300\" height=\"169\" srcset=\"https:\/\/incuxhaven.de\/wp-content\/uploads\/2015\/11\/Kudistan-Demo-Frankfurt-Bild-3-int-300x169.jpg 300w, https:\/\/incuxhaven.de\/wp-content\/uploads\/2015\/11\/Kudistan-Demo-Frankfurt-Bild-3-int-750x425.jpg 750w, https:\/\/incuxhaven.de\/wp-content\/uploads\/2015\/11\/Kudistan-Demo-Frankfurt-Bild-3-int.jpg 756w\" sizes=\"auto, (max-width: 300px) 100vw, 300px\" \/><\/a><\/p>\r\n<p><a href=\"http:\/\/incuxhaven.de\/wp-content\/uploads\/2015\/11\/Kudistan-Demo-Frankfurt-Bild-4-int.jpg\"><img loading=\"lazy\" decoding=\"async\" class=\"size-medium wp-image-798\" src=\"http:\/\/incuxhaven.de\/wp-content\/uploads\/2015\/11\/Kudistan-Demo-Frankfurt-Bild-4-int-249x300.jpg\" alt=\"\" width=\"249\" height=\"300\" srcset=\"https:\/\/incuxhaven.de\/wp-content\/uploads\/2015\/11\/Kudistan-Demo-Frankfurt-Bild-4-int-249x300.jpg 249w, https:\/\/incuxhaven.de\/wp-content\/uploads\/2015\/11\/Kudistan-Demo-Frankfurt-Bild-4-int.jpg 497w\" sizes=\"auto, (max-width: 249px) 100vw, 249px\" \/><\/a><\/p>\r\n<p><a href=\"http:\/\/incuxhaven.de\/wp-content\/uploads\/2015\/11\/Kudistan-Demo-Frankfurt-Bild-5-int.jpg\"><img loading=\"lazy\" decoding=\"async\" class=\"size-medium wp-image-799\" src=\"http:\/\/incuxhaven.de\/wp-content\/uploads\/2015\/11\/Kudistan-Demo-Frankfurt-Bild-5-int-300x225.jpg\" alt=\"\" width=\"300\" height=\"225\" srcset=\"https:\/\/incuxhaven.de\/wp-content\/uploads\/2015\/11\/Kudistan-Demo-Frankfurt-Bild-5-int-300x225.jpg 300w, https:\/\/incuxhaven.de\/wp-content\/uploads\/2015\/11\/Kudistan-Demo-Frankfurt-Bild-5-int-285x214.jpg 285w, https:\/\/incuxhaven.de\/wp-content\/uploads\/2015\/11\/Kudistan-Demo-Frankfurt-Bild-5-int.jpg 756w\" sizes=\"auto, (max-width: 300px) 100vw, 300px\" \/><\/a><\/p>\r\n<p><a href=\"http:\/\/incuxhaven.de\/wp-content\/uploads\/2015\/11\/Kudistan-Demo-Frankfurt-Bild-6-int.jpg\"><img loading=\"lazy\" decoding=\"async\" class=\"size-medium wp-image-800\" src=\"http:\/\/incuxhaven.de\/wp-content\/uploads\/2015\/11\/Kudistan-Demo-Frankfurt-Bild-6-int-225x300.jpg\" alt=\"\" width=\"225\" height=\"300\" srcset=\"https:\/\/incuxhaven.de\/wp-content\/uploads\/2015\/11\/Kudistan-Demo-Frankfurt-Bild-6-int-225x300.jpg 225w, https:\/\/incuxhaven.de\/wp-content\/uploads\/2015\/11\/Kudistan-Demo-Frankfurt-Bild-6-int.jpg 681w\" sizes=\"auto, (max-width: 225px) 100vw, 225px\" \/><\/a><\/p>\r\n<p><a href=\"http:\/\/incuxhaven.de\/wp-content\/uploads\/2015\/11\/Kudistan-Demo-Frankfurt-Bild-7-int.jpg\"><img loading=\"lazy\" decoding=\"async\" class=\"size-medium wp-image-801\" src=\"http:\/\/incuxhaven.de\/wp-content\/uploads\/2015\/11\/Kudistan-Demo-Frankfurt-Bild-7-int-225x300.jpg\" alt=\"\" width=\"225\" height=\"300\" srcset=\"https:\/\/incuxhaven.de\/wp-content\/uploads\/2015\/11\/Kudistan-Demo-Frankfurt-Bild-7-int-225x300.jpg 225w, https:\/\/incuxhaven.de\/wp-content\/uploads\/2015\/11\/Kudistan-Demo-Frankfurt-Bild-7-int.jpg 681w\" sizes=\"auto, (max-width: 225px) 100vw, 225px\" \/><\/a><\/p>\r\n<p><a href=\"http:\/\/incuxhaven.de\/wp-content\/uploads\/2015\/11\/Kudistan-Demo-Frankfurt-Bild-8-int.jpg\"><img loading=\"lazy\" decoding=\"async\" class=\"size-medium wp-image-802\" src=\"http:\/\/incuxhaven.de\/wp-content\/uploads\/2015\/11\/Kudistan-Demo-Frankfurt-Bild-8-int-225x300.jpg\" alt=\"\" width=\"225\" height=\"300\" srcset=\"https:\/\/incuxhaven.de\/wp-content\/uploads\/2015\/11\/Kudistan-Demo-Frankfurt-Bild-8-int-225x300.jpg 225w, https:\/\/incuxhaven.de\/wp-content\/uploads\/2015\/11\/Kudistan-Demo-Frankfurt-Bild-8-int.jpg 681w\" sizes=\"auto, (max-width: 225px) 100vw, 225px\" \/><\/a><\/p>\r\n<p><a href=\"http:\/\/incuxhaven.de\/wp-content\/uploads\/2015\/11\/Kudistan-Demo-Frankfurt-Bild-9-int.jpg\"><img loading=\"lazy\" decoding=\"async\" class=\"size-medium wp-image-803\" src=\"http:\/\/incuxhaven.de\/wp-content\/uploads\/2015\/11\/Kudistan-Demo-Frankfurt-Bild-9-int-300x225.jpg\" alt=\"\" width=\"300\" height=\"225\" srcset=\"https:\/\/incuxhaven.de\/wp-content\/uploads\/2015\/11\/Kudistan-Demo-Frankfurt-Bild-9-int-300x225.jpg 300w, https:\/\/incuxhaven.de\/wp-content\/uploads\/2015\/11\/Kudistan-Demo-Frankfurt-Bild-9-int-285x214.jpg 285w, https:\/\/incuxhaven.de\/wp-content\/uploads\/2015\/11\/Kudistan-Demo-Frankfurt-Bild-9-int.jpg 756w\" sizes=\"auto, (max-width: 300px) 100vw, 300px\" \/><\/a><\/p>\r\n<p><a href=\"http:\/\/incuxhaven.de\/wp-content\/uploads\/2015\/11\/Kudistan-Demo-Frankfurt-Bild-10-int.jpg\"><img loading=\"lazy\" decoding=\"async\" class=\"size-medium wp-image-804\" src=\"http:\/\/incuxhaven.de\/wp-content\/uploads\/2015\/11\/Kudistan-Demo-Frankfurt-Bild-10-int-300x225.jpg\" alt=\"\" width=\"300\" height=\"225\" srcset=\"https:\/\/incuxhaven.de\/wp-content\/uploads\/2015\/11\/Kudistan-Demo-Frankfurt-Bild-10-int-300x225.jpg 300w, https:\/\/incuxhaven.de\/wp-content\/uploads\/2015\/11\/Kudistan-Demo-Frankfurt-Bild-10-int-285x214.jpg 285w, https:\/\/incuxhaven.de\/wp-content\/uploads\/2015\/11\/Kudistan-Demo-Frankfurt-Bild-10-int.jpg 756w\" sizes=\"auto, (max-width: 300px) 100vw, 300px\" \/><\/a><\/p>\r\n<p><a href=\"http:\/\/incuxhaven.de\/wp-content\/uploads\/2015\/11\/Kudistan-Demo-Frankfurt-Bild-11-int.jpg\"><img loading=\"lazy\" decoding=\"async\" class=\"size-medium wp-image-805\" src=\"http:\/\/incuxhaven.de\/wp-content\/uploads\/2015\/11\/Kudistan-Demo-Frankfurt-Bild-11-int-300x225.jpg\" alt=\"\" width=\"300\" height=\"225\" srcset=\"https:\/\/incuxhaven.de\/wp-content\/uploads\/2015\/11\/Kudistan-Demo-Frankfurt-Bild-11-int-300x225.jpg 300w, https:\/\/incuxhaven.de\/wp-content\/uploads\/2015\/11\/Kudistan-Demo-Frankfurt-Bild-11-int-285x214.jpg 285w, https:\/\/incuxhaven.de\/wp-content\/uploads\/2015\/11\/Kudistan-Demo-Frankfurt-Bild-11-int.jpg 756w\" sizes=\"auto, (max-width: 300px) 100vw, 300px\" \/><\/a><\/p>\r\n<p><a href=\"http:\/\/incuxhaven.de\/wp-content\/uploads\/2015\/11\/Kudistan-Demo-Frankfurt-Bild-12-int.jpg\"><img loading=\"lazy\" decoding=\"async\" class=\"size-medium wp-image-806\" src=\"http:\/\/incuxhaven.de\/wp-content\/uploads\/2015\/11\/Kudistan-Demo-Frankfurt-Bild-12-int-225x300.jpg\" alt=\"\" width=\"225\" height=\"300\" srcset=\"https:\/\/incuxhaven.de\/wp-content\/uploads\/2015\/11\/Kudistan-Demo-Frankfurt-Bild-12-int-225x300.jpg 225w, https:\/\/incuxhaven.de\/wp-content\/uploads\/2015\/11\/Kudistan-Demo-Frankfurt-Bild-12-int.jpg 681w\" sizes=\"auto, (max-width: 225px) 100vw, 225px\" \/><\/a><\/p>\r\n<p><a href=\"http:\/\/incuxhaven.de\/wp-content\/uploads\/2015\/11\/Kudistan-Demo-Frankfurt-Bild-13-int.jpg\"><img loading=\"lazy\" decoding=\"async\" class=\"size-medium wp-image-807\" src=\"http:\/\/incuxhaven.de\/wp-content\/uploads\/2015\/11\/Kudistan-Demo-Frankfurt-Bild-13-int-300x225.jpg\" alt=\"\" width=\"300\" height=\"225\" srcset=\"https:\/\/incuxhaven.de\/wp-content\/uploads\/2015\/11\/Kudistan-Demo-Frankfurt-Bild-13-int-300x225.jpg 300w, https:\/\/incuxhaven.de\/wp-content\/uploads\/2015\/11\/Kudistan-Demo-Frankfurt-Bild-13-int-768x576.jpg 768w, https:\/\/incuxhaven.de\/wp-content\/uploads\/2015\/11\/Kudistan-Demo-Frankfurt-Bild-13-int-285x214.jpg 285w, https:\/\/incuxhaven.de\/wp-content\/uploads\/2015\/11\/Kudistan-Demo-Frankfurt-Bild-13-int.jpg 908w\" sizes=\"auto, (max-width: 300px) 100vw, 300px\" \/><\/a><\/p>\r\n<p><a href=\"http:\/\/incuxhaven.de\/wp-content\/uploads\/2015\/11\/Kudistan-Demo-Frankfurt-Bild-14-int.jpg\"><img loading=\"lazy\" decoding=\"async\" class=\"size-medium wp-image-808\" src=\"http:\/\/incuxhaven.de\/wp-content\/uploads\/2015\/11\/Kudistan-Demo-Frankfurt-Bild-14-int-300x103.jpg\" alt=\"\" width=\"300\" height=\"103\" srcset=\"https:\/\/incuxhaven.de\/wp-content\/uploads\/2015\/11\/Kudistan-Demo-Frankfurt-Bild-14-int-300x103.jpg 300w, https:\/\/incuxhaven.de\/wp-content\/uploads\/2015\/11\/Kudistan-Demo-Frankfurt-Bild-14-int-768x264.jpg 768w, https:\/\/incuxhaven.de\/wp-content\/uploads\/2015\/11\/Kudistan-Demo-Frankfurt-Bild-14-int-1024x352.jpg 1024w, https:\/\/incuxhaven.de\/wp-content\/uploads\/2015\/11\/Kudistan-Demo-Frankfurt-Bild-14-int.jpg 1256w\" sizes=\"auto, (max-width: 300px) 100vw, 300px\" \/><\/a><\/p>\r\n<hr \/>\r\n<h2>Kniefall vor dem Terrorpaten Erdogan<\/h2>\r\n<h3><a href=\"http:\/\/incuxhaven.de\/wp-content\/uploads\/2015\/11\/Druckversion-Kurdische-Arbeiterpartei-PKK_-De-Maizi\u00e8re-verbietet-\u00d6calan-Portr\u00e4ts-SPIEGEL-ONLINE-Politik.pdf\">Druckversion &#8211; Kurdische Arbeiterpartei PKK_ De Maizi\u00e8re verbietet \u00d6calan-Portr\u00e4ts &#8211; SPIEGEL ONLINE &#8211; Politik<\/a><\/h3>\r\n<hr \/>\r\n<h3><a href=\"http:\/\/incuxhaven.de\/wp-content\/uploads\/2015\/11\/UN-Bericht_-UN-kritisieren-t\u00fcrkisches-Vorgehen-gegen-PKK-_-ZEIT-ONLINE.pdf\">UN-Bericht_ UN kritisieren t\u00fcrkisches Vorgehen gegen PKK _\u00a0ZEIT ONLINE<\/a><\/h3>\r\n<hr \/>\r\n<h3><a href=\"https:\/\/thruttig.wordpress.com\/2017\/02\/22\/ard-afghanistan-sicher-der-lagebericht-des-auswartigen-amtes-und-thema-verfehlt-meine-bewertung-desselben\/\">Thomas Ruttig: ard-afghanistan-sicher-der-lagebericht-des-auswartigen-amtes-und-thema-verfehlt-meine-bewertung-desselben\/<\/a><\/h3>\r\n<hr \/>\r\n<h3><a href=\"https:\/\/www.change.org\/p\/bundeskanzlerin-angela-merkel-keine-abschiebungen-nach-afghanistan\/u\/19306709?utm_medium=email&amp;utm_source=notification&amp;utm_campaign=petition_update&amp;sfmc_tk=ll8YcUExvOp1FlTDcP0QFP61v0vmZ6fpJPwxJIJtYaC09EiElWaGdMKPbYb0bkqt\">Realit\u00e4t und alternative Fakten zu Afghanistan<\/a><\/h3>\r\n<hr \/>\r\n<h3>Offener Brief an die Bundeskanzlerin:<br \/>Nein zur Schlie\u00dfung der zentralen Mittelmeerroute!<\/h3>\r\n<p class=\"postmetadata\"><a href=\"http:\/\/incuxhaven.de\/wp-content\/uploads\/2015\/11\/2017-02-01-Offener-Brief_an_Bundeskanzlerin_Libyen-Paritaetischer_PRO-ASYL.pdf\">2017-02-01-offener-brief_an_bundeskanzlerin_libyen-paritaetischer_pro-asyl<\/a><\/p>\r\n<hr \/>\r\n<p class=\"postmetadata\">Fl\u00fcchtlingsrat Niedersachsen<\/p>\r\n<p class=\"postmetadata\">Meldung vom Mittwoch den 18.01.2017 &#8211;<\/p>\r\n<h3 class=\"postmetadata\">Haltung der Gr\u00fcnen zu Afghanistan<\/h3>\r\n<p><a href=\"http:\/\/www.nds-fluerat.org\/22762\/pressemitteilungen\/fluechtlingsrat-niedersachsen-begruesst-vorstoss-fuer-einen-bundesweiten-abschiebungsstopp-afghanistan\/attachment\/unhcr_bericht\/\">Im Dezember 2016 hat UNHCR in seinem Bericht<\/a> die dramatische und nochmals versch\u00e4rfte Sicherheitslage in Afghanistan dargestellt und klargestellt, dass es \u2013 im Unterschied zu den \u00f6ffentlichen Erkl\u00e4rungen des Bundessinnenministers de Maizi\u00e8re \u2013 keine \u201esicheren Gebiete\u201c in Afghanistan gibt. Die politische Konsequenz lag nahe, dass Abschiebungen nach Afghanistan nach der heftigen Kritik an der \u00f6ffentlich inszenierten Sammelabschiebung im Dezember umgehend wieder eingestellt w\u00fcrden.<\/p>\r\n<p>Genau das Gegenteil l\u00e4sst aber nun ein <a class=\"pdf\" href=\"http:\/\/www.fluechtlingsinfo-berlin.de\/fr\/pdf\/Gruene_Kommunikationslinie_Afghanistan_11Jan2017.pdf\">aktuelles Papier bef\u00fcrchten, das Gr\u00fcne aus zehn Landesregierungen unter dem Titel \u201eR\u00fcckf\u00fchrungen nach Afghanistan\u201c <\/a>verabschiedet haben. Dieses Papier sorgt nicht nur in der fl\u00fcchtlingspolitischen Szene f\u00fcr heftigen Unmut und Unverst\u00e4ndnis. Statt einen konsequenten Abschiebestopp nach Afghanistan zu fordern und eine klare Bleiberechtsregelung zu entwerfen, werden trotz vordergr\u00fcndig formulierter Besorgnis \u00fcber die Sicherheitslage vielmehr \u201efreiwillige\u201c Ausreisen nach Afghanistan sowie Abschiebungen faktisch bejaht. Zugleich wird der Handlungsspielraum der Bundesl\u00e4nder ohne Not argumentativ verkleinert.<\/p>\r\n<p>Der Fl\u00fcchtlingsrat Niedersachsen e.V. erwartet von den Gr\u00fcnen auf Bundes- und Landesebene, dass sie Abschiebungen nach Afghanistan aus menschenrechtlicher Perspektive grunds\u00e4tzlich ablehnen und ihr Positionspapier zur\u00fcckziehen. Es ist nicht nachvollziehbar, warum die Gr\u00fcnen ausgerechnet jetzt in ihrem Papier eine \u201efreiwillige R\u00fcckkehr\u201c nach Afghanistan bewerben und \u201ezwangsweise R\u00fcckf\u00fchrungen per Abschiebung\u201c f\u00fcr unvermeidbar erkl\u00e4ren.<\/p>\r\n<p>Lediglich die Gr\u00fcnen in Niedersachsen haben das Positionspapier erfreulicherweise nicht mitunterzeichnet und ihre grunds\u00e4tzliche Ablehnung von Abschiebungen nach Afghanistan sachkundig begr\u00fcndet. Angesichts der medialen Berichterstattung und Kritik aus den eigenen Reihen rudern nun auch die ersten gr\u00fcnen Landesverb\u00e4nde zur\u00fcck. So best\u00e4tigten die Gr\u00fcnen in <a href=\"http:\/\/sh-gruene-fraktion.de\/thema\/integration-toleranz\/abschiebungen-nach-afghanistan-nicht-vertretbar-und-falsch\">Schleswig-Holstein<\/a>, <a href=\"http:\/\/gruene-thueringen.de\/thema\/demokratie-und-b%C3%BCrgerrechte\/th%C3%BCringer-gr%C3%BCne-lehnen-abschiebungen-nach-afghanistan-ab\">Th\u00fcringen<\/a> und <a href=\"https:\/\/gruene-bremen.de\/partei\/presse\/volltext-fuer-presse\/article\/gruene_bremen_lehnen_abschiebungen_nach_afghanistan_ab\/\">Bremen<\/a> in den letzten Tagen ihre kategorische Ablehnung von Abschiebungen nach Afghanistan.<\/p>\r\n<p>Indes ist die Positionierung der Gr\u00fcnen in anderen Bundesl\u00e4ndern noch keineswegs gekl\u00e4rt. Die Landesgr\u00fcnen in <a href=\"https:\/\/gruene-nrw.de\/beschluesse\/die-sicherheitslage-in-afghanistan-muss-neu-bewertet-werden\/\">NRW<\/a> und <a href=\"http:\/\/www.gruene-hessen.de\/partei\/presse\/fluechtlingspolitik-hessische-gruene-verlangen\/\">Hessen<\/a> fordern zwar ebenso die Nutzung humanit\u00e4rer Spielr\u00e4ume, betonen aber zugleich, dass es \u201ekaum Ermessensspielraum der Bundesl\u00e4nder\u201c g\u00e4be. Diese Aussage widerspricht aber der Praxis der letzten zw\u00f6lf Jahre, in denen die L\u00e4nder genau diese Spielr\u00e4ume informell genutzt haben und Abschiebungen nach Afghanistan (mit Ausnahme von Straft\u00e4tern) faktisch ausgesetzt waren. Folgerichtig hat das Bundesland Bremen seinen rechtlichen Handlungsspiel erst k\u00fcrzlich genutzt und allen in Bremen geduldeten afghanischen Fl\u00fcchtlingen (ausgenommen Straft\u00e4tern) ein Aufenthaltsrecht erteilt.<\/p>\r\n<p>Der Fl\u00fcchtlingsrat Niedersachsen e.V. fragt in einem <a href=\"http:\/\/www.nds-fluerat.org\/22818\/pressemitteilungen\/fluechtlingsrat-niedersachsen-fordert-gruene-auf-abschiebungen-nach-afghanistan-in-den-von-ihnen-mitregierten-bundeslaendern-auszusetzen\/attachment\/2017_01_15-fluerat_an_gruene_landtagsfraktion\/\" rel=\"attachment wp-att-22819\">Schreiben an die Gr\u00fcnen<\/a>, warum die Gr\u00fcnen die Positionierungen Bremens und auch die Erw\u00e4gungen des schleswig-holsteinischen Innenministers hinsichtlich eines Abschiebestopps nicht nutzen und stattdessen kleinm\u00fctig auf die Zust\u00e4ndigkeit des Bundes f\u00fcr die Bewertung der Sicherheitslage in Afghanistan abheben. Auch PRO ASYL hat die Gr\u00fcnen scharf kritisiert und sich mit einem <a href=\"http:\/\/www.nds-fluerat.org\/22818\/pressemitteilungen\/fluechtlingsrat-niedersachsen-fordert-gruene-auf-abschiebungen-nach-afghanistan-in-den-von-ihnen-mitregierten-bundeslaendern-auszusetzen\/attachment\/brief-zu-gruenen-papier-rueckfuehrungen-nach-afghanistan_170117\/\" rel=\"attachment wp-att-22820\">Schreiben an die Mandatstr\u00e4ger der Gr\u00fcnen<\/a> besorgt ge\u00e4u\u00dfert. Ist der Bundesinnenminister f\u00fcr die Gr\u00fcnen neuerdings die oberste Instanz in Menschenrechtsfragen?<\/p>\r\n<p>Wir hoffen und erwarten, dass dieses fragw\u00fcrdige Positionspapier nicht das letzte Wort der Gr\u00fcnen zum Thema bleibt. Es ist nicht zu sp\u00e4t, diese Position zu korrigieren und Abschiebungen nach Afghanistan unmissverst\u00e4ndlich abzulehnen. Die Gr\u00fcnen m\u00fcssen ihrer menschenrechtspolitischen Position treu bleiben, sich den n\u00e4chsten angek\u00fcndigten Sammelabschiebungen in das Kriegsland Afghanistan widersetzen und als Regierungspartei in 11 Bundesl\u00e4ndern daf\u00fcr sorgen, dass Abschiebungen nach Afghanistan ausgesetzt werden.<\/p>\r\n<pre class=\"moz-signature\">Fl\u00fcchtlingsrat Niedersachsen e.V.<\/pre>\r\n<hr \/>\r\n<p>Liebe KollegInnen,<\/p>\r\n<p>nachdem die geplanten monatlichen Afghanistan-Abschiebecharter im Oktober und November 2016 nicht zustande kamen, plant Schwarz-Gr\u00fcn Baden-W\u00fcrttemberg jetzt f\u00fcr Mittwoch 14.12. einen Tabubruch: Den ersten bundesweiten Sammel-Abschiebcharter, vermutlich ab Abschiebflughafen Baden-Baden (S\u00f6llingen), evtl. auch ab Stuttgart.<\/p>\r\n<p>Obwohl sich die Sicherheitslage in Afghanistan seit 15 Jahren unstrittig stets nur weiter verschlechtert hat, und Abschiebungen aus humanit\u00e4ren und tats\u00e4chlichen Gr\u00fcnden ausgesetzt wurden, gibt Schwarz-Gr\u00fcn Kretschmann aus BaW\u00fc mit seinen Abschiebungen direkt ins Kriegsgebiet jetzt das Signal: <em>\u201eWir schaffen das nicht!\u201c<\/em><\/p>\r\n<p>Besonders aktiv dabei Ausl\u00e4nderbeh\u00f6rden aus Bayern (CSU) und Hamburg (SPD). Es liegen Hinweise vor, dass zahlreiche Festnahmen und Abschiebungen rechtswidrig sind. Asylfolgeantr\u00e4ge sollten normalerweise Haft und Abschiebung stoppen. Bei der Ausl\u00e4nderbeh\u00f6rde Hamburg erfolgten zahlreiche Festnahmen zwar geplant aber ohne (vorherige) richterliche Entscheidung und somit ebenfalls rechtswidrig (Art. 104 Abs. 2 S. 1 GG).<\/p>\r\n<p>Betroffene sollten sich sofort um anwaltlichen Rechtsschutz bem\u00fchen!!!<\/p>\r\n<p>Georg Classen<\/p>\r\n<h4>\u00a0<\/h4>\r\n<h4><strong>Kritik an Abschiebungen nach Afghanistan &#8211; Spiegel fordert vom Bund Einsch\u00e4tzung zur aktuellen Gefahrenlage <\/strong><\/h4>\r\n<p>Integrationsministerin Anne Spiegel fordert das Bundesinnenministerium und das Ausw\u00e4rtige Amt auf, zeitnah eine Einsch\u00e4tzung zur aktuellen Gefahrenlage in Afghanistan vorzulegen. \u201eW\u00e4hrend der Bundesinnenminister die Sicherheitslage in Afghanistan f\u00fcr ausreichend h\u00e4lt, um dorthin abzuschieben, wird Medienberichten zufolge diese Einsch\u00e4tzung nicht einmal von der Arbeitsebene des Bundesamtes f\u00fcr Migration und Fl\u00fcchtlinge geteilt. Wir sind es den bei uns Schutz suchenden Menschen aus Afghanistan und dem Respekt vor unserem Grundgesetz, das das Recht auf Asyl festschreibt, schuldig, dass wir Asylverfahren ernst nehmen\u201c, fordert Ministerin Anne Spiegel. \u201eWenn die Sicherheitslage in Afghanistan sich in der Wahrnehmung des Bundesinnenministers ganz anders darstellt als in den t\u00e4glichen Nachrichtensendungen oder in den Berichten der NGOs vor Ort, so wirft dies Fragen auf, auf die wir Antworten ben\u00f6tigen.\u201c<\/p>\r\n<p>Mit Blick auf die Innenministerkonferenz (IMK) in Saarbr\u00fccken, die sich morgen mit dem Thema der R\u00fcckf\u00fchrungen nach Afghanistan befasst, f\u00fcgt Spiegel hinzu: \u201eIch bin froh, dass Schleswig-Holstein dieses sensible Thema erneut auf die Tagesordnung der IMK setzen lie\u00df. Denn nach der derzeitigen Faktenlage sehe ich die vom Bundesinnenministerium angestrebten bis zu 12.000 Abschiebungen nach Afghanistan in h\u00f6chstem Ma\u00dfe kritisch.\u201c<\/p>\r\n<p>Integrationsministerin Spiegel lehnt au\u00dferdem das vor dem Beginn der IMK bekannt gewordene Konzept des baden-w\u00fcrttembergischen Innenministers Strobl ab, der generell eine sch\u00e4rfere Abschiebepraxis fordert. Spiegel: \u201eAbschiebungen sind in einem Rechtsstaat nur als \u00e4u\u00dferstes Mittel zul\u00e4ssig. In Rheinland-Pfalz setzen wir deshalb auf die Beratung zur freiwilligen R\u00fcckkehr und sind damit sehr erfolgreich: Neun von zehn Ausreisepflichtige verlassen das Land freiwillig. Dies zeigt deutlich:\u00a0\u00a0 Wir brauchen in Deutschland eine humane R\u00fcckf\u00fchrungspolitik und keine sch\u00e4rfere Abschiebepraxis.\u201c<\/p>\r\n<p>Mit sch\u00f6nen Gr\u00fc\u00dfen<\/p>\r\n<p>Astrid Eriksson<br \/>Pressesprecherin<br \/>Ministerium f\u00fcr Familie, Frauen, Jugend, Integration und Verbraucherschutz<br \/>Kaiser-Friedrich-Stra\u00dfe 5a<br \/>55 116 Mainz<\/p>\r\n<hr \/>\r\n<h3 class=\"postmetadata\"><strong>Neues zur T\u00fcrkei<\/strong><\/h3>\r\n<p class=\"postmetadata\">Fl\u00fcchtlingsrat Niedersachsen<\/p>\r\n<div class=\"header\">\r\n<p>In der T\u00fcrkei sind etwa 10.000 weitere Beamte, Soldaten und Polizisten als Reaktion auf den Putschversuch entlassen worden. In einem offiziellen Notstandsdekret hat der t\u00fcrkische Staatspr\u00e4sident Recep Tayyip Erdo\u011fan zudem die Schlie\u00dfung von 500 Instituten, Vereinen, Stiftungen und Wohlt\u00e4tigkeitseinrichtungen angeordnet. Auch gegen Medien geht die Regierung mit dem Dekret weiter vor. Nach Angaben der Generalsekret\u00e4rin des t\u00fcrkischen Journalistenverbands, Sibel G\u00fcnes, wurden seit dem Umsturzversuch rund 170 Medienorganisationen geschlossen und 105 Journalisten festgenommen. Zudem h\u00e4tten die Beh\u00f6rden \u00fcber 600 Journalisten die Akkreditierung entzogen. Tausende weitere seien arbeitslos.<br \/>Seit dem Putschversuch vom 15.07.2016 sind bislang mehr als 110.000 Staatsbedienstete entlassen worden, mehrere Tausend wurden festgenommen: Die t\u00fcrkische Regierung ordnete u.a. die Festnahme von 103 Akademiker_innen\u00a0 der Technischen Universit\u00e4t Y\u0131ld\u0131z in Istanbul an. Nach Angaben von Staatsmedien sitzen mehr als 36.000 Verd\u00e4chtige in Untersuchungshaft. In Diyarbakir wurde die Stadtverwaltung total ausgewechselt. Die Mitarbeiter_innen haben Arbeitsstelle und Beamtenstatus verloren. Sozialdemokratischen Abgeordneten des EU Parlaments aus f\u00fcnf verschiedenen L\u00e4ndern wurden daran gehindert, sich dem Gef\u00e4ngnis in Edirne zu n\u00e4hern. In Mardin wurden vorgestern der B\u00fcrgermeister Ahmet T\u00fcrk, die Co B\u00fcrgermeisterin und weiter 30 Personen festgenommen, die Verwaltung wird zurzeit\u00a0durch Polizei und Milit\u00e4r \u201eges\u00e4ubert\u201c. Gestern wurden weitere 420 Mitarbeiter der Stadtverwaltung entlassen, weitere Verhaftungen fanden statt. Dessen ungeachtet h\u00e4lt die Bundesregierung bis heute daran fest, die T\u00fcrkei sei ein \u201esicherer Herkunftsstaat\u201c.<\/p>\r\n<p>Die Verfolgung von Andersdenkenden in der T\u00fcrkei l\u00e4sst auch die Zahl der Fl\u00fcchtlinge aus der T\u00fcrkei\u00a0 in Deutschland wieder steigen. Von Januar bis Oktober stellten laut BAMF 4.437 T\u00fcrken einen Antrag in Deutschland. Im Jahr zuvor waren es nur 1.767 Personen. Das SPD-gef\u00fchrte Au\u00dfenministerium verwies ausdr\u00fccklich darauf, dass politisch Verfolgte in Deutschland Asyl beantragen k\u00f6nnten. Auf die Frage nach der Aufnahme verfolgter Politiker_innen, Journalist_innen oder K\u00fcnstler_innen wies der Staatsminister im Ausw\u00e4rtigen Amt, Michael Roth auf das Grundrecht auf Asyl hin: \u201eDeutschland ist ein weltoffenes Land und steht allen politisch Verfolgten im Grundsatz offen. Sie k\u00f6nnen in Deutschland Asyl beantragen. Das gilt dezidiert nicht nur f\u00fcr Journalisten. Daf\u00fcr gibt es unser Recht auf Asyl.\u201c Dieses sicherlich positive Signal muss erg\u00e4nzt werden durch Reiseerlaubnisse f\u00fcr Oppositionelle. Reporter ohne Grenzen (ROG) fordert die Bundesregierung auf, bei der Visavergabe an verfolgte t\u00fcrkische Journalisten keine vermeidbaren b\u00fcrokratischen H\u00fcrden zu errichten. \u201eEs kann nicht sein, dass t\u00fcrkische Journalisten ungewollt in ein Asylverfahren getrieben werden, weil deutsche Beh\u00f6rden ihnen als einzige Alternative die R\u00fcckreise in ihre Heimat und damit direkt in die Arme einer Willk\u00fcrjustiz lassen\u201c, sagte ROG-Gesch\u00e4ftsf\u00fchrer Christian Mihr. \u201eBei der Visavergabe ist dringend mehr Flexibilit\u00e4t n\u00f6tig, um den Bed\u00fcrfnissen politisch verfolgter Journalisten gerecht zu werden. Hier k\u00f6nnten Deutschlands diplomatische Vertretungen deutlich mehr tun.\u201c<\/p>\r\n<p>Die Bundesregierung k\u00f6nnte noch viel mehr tun: Trotz aller Berichte \u00fcber Verfolgung und Menschenrechtsverletzungen in der T\u00fcrkei ist sie bislang nicht von ihrer wahnwitzigen Einsch\u00e4tzung zur\u00fcckgetreten, die T\u00fcrkei sei ein sicheres Herkunftsland und ein sicherer Drittstaat f\u00fcr Gefl\u00fcchtete. Nichts dr\u00fcckt die Verlogenheit der Debatte um Menschenrechte und Fl\u00fcchtlingsfragen deutlicher aus als das von durchsichtigen Interessen geleitete Festhalten der Bundesregierung an dieser Feststellung. Nachfolgend dokumentieren wir die Antworten der Bundesregierung auf die Fragen der Bundestagsfraktion \u201edie Linke\u201c, deren permanenten Nachfragen wir es zu verdanken haben, dass der bigotte Umgang der Bundesregierung mit Menschenrechtern nicht in Vergessenheit ger\u00e4t.<\/p>\r\n<p>Kai Weber<\/p>\r\n<p><strong>Frage der Bundestagsabgeordneten Ulla Jelpke (Die Linke)<\/strong>: \u201eInwieweit h\u00e4lt die Bundesregierung ihre noch im Juli 2016 und ausdr\u00fccklich im Widerspruch zum Fl\u00fcchtlingskoordinator der Bundesregierung Peter Altmaier ge\u00e4u\u00dferte Auffassung, die T\u00fcrkei k\u00f6nne als sicherer Herkunftsstaat angesehen werden (Bundestagsdrucksache 18\/9128, Frage 14, Seite 10), vor dem Hintergrund der aktuellen Ereignisse zumindest im R\u00fcckblick f\u00fcr verfehlt, und inwieweit begr\u00fcndet diese nach Ansicht der Fragestellerin bereits damals offenkundig falsche Einsch\u00e4tzung der Lage in der T\u00fcrkei durch die Bundesregierung generelle Zweifel an der Verl\u00e4sslichkeit solcher Einsch\u00e4tzungen bez\u00fcglich der vermeintlichen Sicherheit von Herkunftsstaaten (bitte ausf\u00fchrlich begr\u00fcnden)?<\/p>\r\n<p><strong>Antwort der Bundesregierung:<\/strong> Steht noch aus\u2026<\/p>\r\n<p>___________________________________________<\/p>\r\n<p><strong>Frage der Bundestagsabgeordneten Ulla Jelpke (Die Linke)<\/strong>:\u201cInwiefern h\u00e4lt die Bundesregierung an ihrer im Mai in ihrer Antwort auf die Kleine Anfrage auf Bundestagsdrucksache 18\/8542 zu Frage 24 erkl\u00e4rten \u00dcberzeugung fest, dass die T\u00fcrkei als sicherer Herkunftsstaat zu behandeln sei, nachdem der f\u00fcr die Koordinierung der Fl\u00fcchtlingspolitik zust\u00e4ndige Chef des Bundeskanzleramtes Peter Altmaier am 21. Juni 2016 auf dem 16. Fl\u00fcchtlingssymposium der Evangelischen Akademie zu Berlin dies nach Angaben von Teilnehmenden emp\u00f6rt von sich wies und dazu erkl\u00e4rte, die Bundesregierung sehe die T\u00fcrkei nicht als sicheres Herkunftsland an und sei sich darin auch bei einem Gespr\u00e4ch mit Amnesty International im Bundeskanzleramt einig gewesen (vgl. auch epd vom 21. Juni 2016; bitte begr\u00fcnden), und inwieweit wird sich die Bundesregierung vor diesem Hintergrund und angesichts der aktuellen Entwicklung in der T\u00fcrkei auf der EU-Ebene f\u00fcr oder gegen den Vorschlag der EU-Kommission einsetzen, die T\u00fcrkei als sicheren Herkunftsstaat einzustufen (bitte begr\u00fcnden)?<\/p>\r\n<p><strong>Antwort der Bundesregierung vom 08.07.2016:<\/strong> \u201eDie Bundesregierung hat die Frage nach der Einstufung der T\u00fcrkei als sicheren Herkunftsstaat bereits mehrfach in der Vergangenheit beantwortet. An dieser Haltung hat sich nichts ge\u00e4ndert.\u201c<a class=\"pdf\" href=\"https:\/\/www.google.de\/url?sa=t&amp;rct=j&amp;q=&amp;esrc=s&amp;source=web&amp;cd=2&amp;ved=0ahUKEwjg38amwL7QAhXlD8AKHbqgApwQFggkMAE&amp;url=http%3A%2F%2Fdip21.bundestag.de%2Fdip21%2Fbtd%2F18%2F091%2F1809128.pdf&amp;usg=AFQjCNFnHP9ZdaHNO6PTCymo2WzP1y2K7g&amp;cad=rja\">Bundestags-Drucksache 18\/9128<\/a><\/p>\r\n<p>___________________________________________<\/p>\r\n<p><a href=\"https:\/\/www.bundestag.de\/presse\/hib\/201606\/-\/425468\">Pressemitteilung der Bundesregierung vom 01.06.2016<\/a>: \u201eDie Bundesregierung sieht das EU-T\u00fcrkei-Abkommen im Einklang mit dem EU-Recht und dem internationalen Verpflichtungen zum Fl\u00fcchtlingsschutz. \u201eDie EU-T\u00fcrkei-Erkl\u00e4rung stellt ausdr\u00fccklich fest, dass bei der Umsetzung das EU-Recht und das V\u00f6lkerrecht uneingeschr\u00e4nkt gewahrt werden\u201c, hei\u00dft es in einer Antwort (<a class=\"dipLink pdf\" title=\"Die PDF-Datei Drucksache 18\/8542 \u00f6ffnet sich in einem neuen Fenster\" href=\"http:\/\/dip21.bundestag.de\/dip21\/btd\/18\/085\/1808542.pdf\" target=\"_blank\" rel=\"noopener noreferrer\">18\/8542<\/a>) auf eine Kleine Anfrage der Fraktion Die Linke (<a class=\"dipLink pdf\" title=\"Die PDF-Datei Drucksache 18\/8205 \u00f6ffnet sich in einem neuen Fenster\" href=\"http:\/\/dip21.bundestag.de\/dip21\/btd\/18\/082\/1808205.pdf\" target=\"_blank\" rel=\"noopener noreferrer\">18\/8205<\/a>).\u201c<\/p>\r\n<p>___________________________________________<\/p>\r\n<p><strong>Frage:<\/strong> Ist die Bundesregierung weiterhin der \u00dcberzeugung, dass die T\u00fcrkei als sicherer Herkunftsstaat zu behandeln ist, wie in der Antwort zu Frage 11d auf Bundestagsdrucksache 18\/7594 erkl\u00e4rt? <strong>Antwort der Bundesregierung:<\/strong> Ja.<\/p>\r\n<p><a class=\"pdf\" href=\"https:\/\/www.google.de\/url?sa=t&amp;rct=j&amp;q=&amp;esrc=s&amp;source=web&amp;cd=2&amp;ved=0ahUKEwiAv5DRvL7QAhUqJsAKHXtVD70QFggkMAE&amp;url=http%3A%2F%2Fdip21.bundestag.de%2Fdip21%2Fbtd%2F18%2F085%2F1808542.pdf&amp;usg=AFQjCNFOsyRoEa2aITnDWonTon4YfDfI9w&amp;cad=rja\">Bundestags-Drucksache 18\/8542<\/a> vom 24.05.2016<\/p>\r\n<p>___________________________________________<\/p>\r\n<p><strong>Antwort der Bundesregierung auf eine Anfrage der Linken vom 17.02.2016:<\/strong> \u201eDie Bundesregierung spricht sich f\u00fcr eine z\u00fcgige Verabschiedung der gemeinsamen EU-Liste mit sicheren Herkunftsstaaten auf der Grundlage des Vorschlags der Europ\u00e4ischen Kommission vom 9. September 2015 aus. Dieser Vorschlag der Europ\u00e4ischen Kommission umfasst auch die T\u00fcrkei.\u201c<\/p>\r\n<p><a class=\"pdf\" href=\"https:\/\/www.google.de\/url?sa=t&amp;rct=j&amp;q=&amp;esrc=s&amp;source=web&amp;cd=2&amp;cad=rja&amp;uact=8&amp;ved=0ahUKEwjtu67Lv77QAhVCIsAKHS-7ANgQFggkMAE&amp;url=http%3A%2F%2Fdip21.bundestag.de%2Fdip21%2Fbtd%2F18%2F075%2F1807594.pdf&amp;usg=AFQjCNFm3HU-TUa3nl_QZQQWl-35tg7kJQ\">Bundestags-Drucksache 18\/7594<\/a> vom 17.02.2016<\/p>\r\n<\/div>\r\n<hr \/>\r\n<p style=\"text-align: left;\"><a href=\"http:\/\/incuxhaven.de\/wp-content\/uploads\/2015\/11\/Cumhuriyet.jpg\"><img loading=\"lazy\" decoding=\"async\" class=\"size-medium wp-image-747 alignleft\" src=\"http:\/\/incuxhaven.de\/wp-content\/uploads\/2015\/11\/Cumhuriyet-300x212.jpg\" alt=\"Cumhuriyet\" width=\"300\" height=\"212\" srcset=\"https:\/\/incuxhaven.de\/wp-content\/uploads\/2015\/11\/Cumhuriyet-300x212.jpg 300w, https:\/\/incuxhaven.de\/wp-content\/uploads\/2015\/11\/Cumhuriyet-768x543.jpg 768w, https:\/\/incuxhaven.de\/wp-content\/uploads\/2015\/11\/Cumhuriyet-1024x724.jpg 1024w, https:\/\/incuxhaven.de\/wp-content\/uploads\/2015\/11\/Cumhuriyet.jpg 1403w\" sizes=\"auto, (max-width: 300px) 100vw, 300px\" \/><\/a><\/p>\r\n<div class=\"header\">\r\n<h4>\u00a0<\/h4>\r\n<h4>\u00a0<\/h4>\r\n<h4>Protestdemonstration in Hamburg 05.11.2016<\/h4>\r\n<p><a href=\"http:\/\/incuxhaven.de\/wp-content\/uploads\/2015\/11\/PB058963-auss-verpixelt-klein.jpg\"><img loading=\"lazy\" decoding=\"async\" class=\"size-medium wp-image-738\" src=\"http:\/\/incuxhaven.de\/wp-content\/uploads\/2015\/11\/PB058963-auss-verpixelt-klein-300x184.jpg\" alt=\"Protestdemonstration in Hamburg 05.11.2016\" width=\"300\" height=\"184\" srcset=\"https:\/\/incuxhaven.de\/wp-content\/uploads\/2015\/11\/PB058963-auss-verpixelt-klein-300x184.jpg 300w, https:\/\/incuxhaven.de\/wp-content\/uploads\/2015\/11\/PB058963-auss-verpixelt-klein-768x471.jpg 768w, https:\/\/incuxhaven.de\/wp-content\/uploads\/2015\/11\/PB058963-auss-verpixelt-klein-1024x628.jpg 1024w\" sizes=\"auto, (max-width: 300px) 100vw, 300px\" \/><\/a><\/p>\r\n<\/div>\r\n<p><a href=\"http:\/\/incuxhaven.de\/wp-content\/uploads\/2015\/11\/PB058965-verpixelt-klein.jpg\"><img loading=\"lazy\" decoding=\"async\" class=\"size-medium wp-image-739\" src=\"http:\/\/incuxhaven.de\/wp-content\/uploads\/2015\/11\/PB058965-verpixelt-klein-300x225.jpg\" alt=\"OLYMPUS DIGITAL CAMERA\" width=\"300\" height=\"225\" srcset=\"https:\/\/incuxhaven.de\/wp-content\/uploads\/2015\/11\/PB058965-verpixelt-klein-300x225.jpg 300w, https:\/\/incuxhaven.de\/wp-content\/uploads\/2015\/11\/PB058965-verpixelt-klein-768x577.jpg 768w, https:\/\/incuxhaven.de\/wp-content\/uploads\/2015\/11\/PB058965-verpixelt-klein-285x214.jpg 285w, https:\/\/incuxhaven.de\/wp-content\/uploads\/2015\/11\/PB058965-verpixelt-klein.jpg 831w\" sizes=\"auto, (max-width: 300px) 100vw, 300px\" \/><\/a><\/p>\r\n<div class=\"header\"><hr \/>\r\n<h3 class=\"title\">Afghanistan: Die kalte Rechnung des Innenministers<\/h3>\r\n<p><a href=\"http:\/\/www.zeit.de\/politik\/deutschland\/2016-11\/afghanistan-bamf-asyl-abschiebung-gefahr-innenministerium\">http:\/\/www.zeit.de\/politik\/deutschland\/2016-11\/afghanistan-bamf-asyl-abschiebung-gefahr-innenministerium<\/a><\/p>\r\n<hr \/>\r\n<p><strong>Jugendhilfe zweiter Klasse<\/strong><\/p>\r\n<h3 class=\"uebertitel\">Fl\u00fcchtlinge Ministerpr\u00e4sidenten fordern ein Sondergesetz zur Betreuung unbegleiteter Minderj\u00e4hriger<\/h3>\r\n<p>&#8222;Wider erwarten hat sich Bayern am Freitag bei der Ministerpr\u00e4sidentenkonferenz in Rostock mit einem Sparvorschlag durchgesetzt. So hei\u00dft es nun unter dem Punkt \u201eFl\u00fcchtlinge\u201c in dem verabschiedeten Beschlusspapier, die Regierungschefs der L\u00e4nder \u201ebitten die Bundesregierung im Dialog mit den L\u00e4ndern, rechtliche Regelungen f\u00fcr die Betreuung von unbegleiteten minderj\u00e4hrigen Fl\u00fcchtlingen zu erarbeiten\u201c. Hierbei sollten die \u201eSteuerungsm\u00f6glichkeiten verbessert und die Kostendynamik begrenzt werden\u201c, so die 16 Ministerpr\u00e4sidenten in dem einstimmig gefassten Beschluss. Konkret soll die Leistungsart \u201eJugendwohnen\u201c nunmehr explizit bei den Vorschriften zur Jugendsozialarbeit \u201ebeschrieben werden\u201c. Als die rund 50.000 unbegleiteten jungen Fl\u00fcchtlinge im vergangen Jahr bundesweit verteilt wurden, gab es f\u00fcr sie vielerorts nur Provisorien und keine Unterbringung nach Jugendhilfe-Standard. Was die L\u00e4nder jetzt wollen, ist eine dauerhafte Sonderregelung f\u00fcr diesen Personenkreis. Der Begriff, um den es geht, hei\u00dft \u201eJugendwohnen\u201c. Anders als in Heimen, wo ein Fachkraft-Kind-Schl\u00fcssel von eins zu vier oder f\u00fcnf die Regel ist, ist das Jugendwohnen im Rahmen der Jugendsozialarbeit schon mit einem Schl\u00fcssel von eins zu zehn oder gar eins zu 40 zul\u00e4ssig. Das sei eine \u201eDiskriminierung\u201c von unbegleiteten jungen Fl\u00fcchtlingen, hei\u00dft es in einem von zahlreichen Fl\u00fcchtlingsr\u00e4ten und Jugendverb\u00e4nden unterzeichneten Appell vom Mittwoch.<\/p>\r\n<p><strong>&#8222;<em>De facto bedeutet auch dieser Beschluss, dass f\u00fcr junge alleinreisende Fl\u00fcchtlinge schlechtere Standards gelten sollen als f\u00fcr inl\u00e4ndische Jugendliche\u201c, <\/em><\/strong><em>kritisiert der fr\u00fchere Hamburger Jugendhilfe-Abteilungsleiter Wolfgang Hammer<\/em><strong><em>. \u201eAndernfalls br\u00e4uchte man keine solche Verabredung speziell f\u00fcr diese Gruppe im Jugendhilfegesetz<\/em>\u201c,. \u201e<em>Der Beschluss der MPK ist ein schwarzer Tag f\u00fcr ein humanes und weltoffenes Deutschland<\/em>\u201c, <\/strong>so der Soziologe<strong>. <em>D<\/em><\/strong><strong><em>er Auftrag an den Bund, nur f\u00fcr minderj\u00e4hrige Fl\u00fcchtlinge eigene Rechtsvorschriften zu schaffen und dabei die Kosten senken zu wollen, bedeute f\u00fcr Kinder und Jugendliche, die Opfer von Gewalt, Krieg und Vertreibung sind, eine \u201eZweite-Klasse-Jugendhilfe\u201c zu etablieren<\/em><\/strong><strong>. <\/strong><strong><em>Dagegen gelte es zu k\u00e4mpfen<\/em><\/strong><strong>.&#8220;<\/strong><\/p>\r\n<p>Komplett aufzurufen unter:\u00a0 (<a href=\"http:\/\/taz.de\/Bundeslaender-sparen-bei-Fluechtlingen\/%215352417\/\">http:\/\/taz.de\/Bundeslaender-sparen-bei-Fluechtlingen\/!5352417\/<\/a>)<\/p>\r\n<p><strong>Wir fordern weiterhin:<\/strong><br \/><strong>-&gt; Keine Zweite-Klasse Jugendhilfe<\/strong><\/p>\r\n<p><strong>-&gt; Keine kindesrechtswidrige Diskriminierung von unbegleiteten minderj\u00e4hrigen Fl\u00fcchtlingen als sog. &#8222;Sondergruppe&#8220;<\/strong><\/p>\r\n<p><strong>-&gt; keine weiteren drastischen Standardabsenkungen<\/strong><\/p>\r\n<p><strong>-&gt; Kein Abbruch von Integration und Unterst\u00fctzung mit 18 Jahren<\/strong><\/p>\r\n<hr \/>\r\n<h3 class=\"uebertitel\"><strong>R\u00fccknahmeabkommen mit Afghanistan in Kraft<\/strong><\/h3>\r\n<p class=\"bodytext\">Die seit \u00fcber einem Jahr von Bundesinnenminister Thomas de Maizi\u00e8re gebetsm\u00fchlenhaft gegen\u00fcber den Bundesl\u00e4ndern vorgetragene Forderung, Abschiebungen nach Afghanistan zu vollstrecken, setzt sich durch. Am 2. Oktober 2016 hat Deutschland mit Afghanistan ein R\u00fccknahmeabkommen geschlossen. Niedersachsens Innenminister Pistorius hat sich bisher zur\u00fcckhaltend ge\u00e4u\u00dfert, Abschiebungen nach Afghanistan gab es nicht (Ausnahme: Straft\u00e4ter). Jetzt liegt ein Brief de Maizi\u00e8res vor, in dem die L\u00e4nder aufgefordert werden, das Abkommen \u201ez\u00fcgig mit Leben zu f\u00fcllen\u201c. Mit Blick auf die landesweit zunehmend eskalierende Gewalt in Afghanistan, gehen R\u00fcckf\u00fchrungen hingegen mit unkalkulierbaren Risiken f\u00fcr die Betroffenen einher.<\/p>\r\n<\/div>\r\n<p class=\"bodytext\">Der politische Druck auf afghanische Schutzsuchende ist seit Anfang Oktober 2016 deutlich gestiegen. In Br\u00fcssel kamen viele Staaten zur Afghanistan-Konferenz zusammen, die sich eigentlich mit der Zukunft des Landes befassen soll. Im Rahmen dessen wurde nun allerdings auch ein Papier der Europ\u00e4ischen Union und der Regierung Afghanistans bekannt, das am vergangenen Wochenende unterzeichnet wurde. Der <a class=\"pdf\" href=\"http:\/\/www.nds-fluerat.org\/wp-content\/uploads\/2016\/10\/eu_afghanistan_joint_way_forward_on_migration_issues-1.pdf\" target=\"_blank\" rel=\"noopener noreferrer\">\u201eJoint Way Forward on migration issues between Afghanistan and the EU\u201c<\/a> ist eine Vereinbarung, die den EU-Staaten die leichtere Abschiebung von afghanischen Fl\u00fcchtlingen in ihre Heimat garantieren soll.<\/p>\r\n<p class=\"bodytext\">Das soll auch ein bilaterales am 2. Oktober zwischen Afghansistan und Deutschland geschlossenes <a title=\"Opens external link in new window\" href=\"http:\/\/www.bmi.bund.de\/SharedDocs\/Pressemitteilungen\/DE\/2016\/09\/gemeinsame-erklaerung-migration-deutschland-und-afghanistan.html\" target=\"_blank\" rel=\"noopener noreferrer\">R\u00fccknahmeabkommen<\/a> gew\u00e4hrleisten.<\/p>\r\n<p class=\"bodytext\">F\u00fcr eine Abschiebung notwendige Reisedokumente sollen nun innerhalb bestimmter kurzer Fristen von den afghanischen Au\u00dfenvertretungen ausgestellt werden k\u00f6nnen. Derzeit wird sogar dar\u00fcber nachgedacht, am Flughafen in Kabul ein eigenes Terminal f\u00fcr Zwecke der R\u00fcckf\u00fchrung einzurichten. Sicherlich wird dieses Thema auch eines der Themen auf der kommenden Innenministerkonferenz Ende November in Saarbr\u00fccken sein.<\/p>\r\n<p class=\"bodytext\">Der Fl\u00fcchtlingsrat Niedersachsen verweist erneut auf ein im M\u00e4rz 2016 ver\u00f6ffentlichtes <a href=\"http:\/\/www.nds-fluerat.org\/18977\/aktuelles\/aufenthaltsrechtliche-situation-und-perspektiven-afghanischer-staatsangehoeriger-in-niedersachsen\/\" target=\"_blank\" rel=\"noopener noreferrer\">Fact-Sheet<\/a>. Darin werden Hinweise gegeben, welche aufenthaltsrechtlichen Perspektiven f\u00fcr geduldete Afghan_innen bestehen. Gegen\u00fcber der damaligen Rechtslage ist allerdings darauf hinzuweisen, dass sich im Bereich Arbeitsmarkt weitere <a href=\"http:\/\/azf3.de\/integrationsgesetz-seit-dem-06-08-2016-in-kraft-vorrangpruefung-u-a-in-niedersachsen-ausgesetzt\/\" target=\"_blank\" rel=\"noopener noreferrer\">Ver\u00e4nderungen<\/a> wie das Aussetzen der Vorrangpr\u00fcfung sowie die Anspruchsduldung bei Ausbildung ergeben haben, von denen auch Afghan_innen aufenthaltsrechtlich profitieren k\u00f6nnten.<\/p>\r\n<p class=\"bodytext\">Aus Sicht des Fl\u00fcchtlingsrats ist es besonders wichtig darauf hinzuweisen, dass alle Afghan_innen das Recht auf ein faires unvoreingenommenes Asylverfahren in Deutschland haben und nicht dazu gedr\u00e4ngt werden d\u00fcrfen, ihre Asylantr\u00e4ge zur\u00fcckzunehmen. Sorge macht dabei der Blick auf die trotz unver\u00e4nderter Sicherheits- und Verfolgungslage <a href=\"http:\/\/www.nds-fluerat.org\/20542\/pressemitteilungen\/fluechtlingsrat-niedersachsen-e-v-kritisiert-bundesamt-fuer-migration-und-fluechtlinge-bamf-trotz-fortbestehender-verfolgung-sinkt-die-schutzquote\/\" target=\"_blank\" rel=\"noopener noreferrer\">ge\u00e4nderte Entscheidungspraxis des BAMF<\/a>, auf die der Fl\u00fcchtlingsrat bereits im August 2016 hingewiesen hatte.<\/p>\r\n<p class=\"bodytext\">Laut einem Sprecher des Ausw\u00e4rtigen Amtes vom 9.9.16\u00a0liege \u201eder Schwerpunkt von R\u00fcckf\u00fchrungen mit Afghanistan im Bereich der freiwilligen R\u00fcckkehr\u201c. Die bisherigen Zahlen k\u00f6nnten sogar noch h\u00f6her als die des BAMF liegen, da \u201ceinige auf F\u00f6rderung ganz verzichten oder sich aus Programmen bedienen, auf die der Bund keinen \u00fcberblicksartigen Zugriff hat.\u201d<\/p>\r\n<p class=\"bodytext\">Gleichzeitig stehen hinter der Freiwilligkeit bei \u201efreiwilligen R\u00fcckkehrern\u201c einige Fragezeichen. Die Bundesregierung hat bereits erfolgreich politischen Druck aufgebaut, der die sogenannte <a href=\"https:\/\/thruttig.wordpress.com\/2016\/08\/14\/neue-asylzahlen-fur-afghanen-schutzquote-drastisch-gesunken-medienubersicht\/\" target=\"_blank\" rel=\"noopener noreferrer\"> Schutzquote f\u00fcr Afghanen weiter deutlich gesenkt<\/a> hat. Dazu geh\u00f6ren laut Pro Asyl Die Verwendung von <a href=\"https:\/\/thruttig.wordpress.com\/2016\/08\/15\/abschiebedruck-auf-afghanen-wird-erhoht-auch-mit-falschen-versprechungen-medienubersicht\/\" target=\"_blank\" rel=\"noopener noreferrer\"> \u201cEntmutigungsstrategien\u201d und \u201cgezielte Verunsicherung\u201d<\/a>.<\/p>\r\n<p class=\"bodytext\">Viele der R\u00fcckkehrer d\u00fcrfte jetzt eine schwierige Zukunft bevorstehen \u2013 schon vorher wurde berichtet, dass sie in Kabul nicht wie versprochen Unterst\u00fctzung erhalten Auch von dem Jobprogramm, das der afghanische Pr\u00e4sident Ghani im letzten Jahr vor dem Hintergrund der gro\u00dfen Fluchtbewegungen versprach, ist in Afghanistan nichts zu sehen.<\/p>\r\n<p class=\"bodytext\">PRO ASYL hat im August 2016 eine <a class=\"external-link-new-window\" title=\"Opens external link in new window\" href=\"https:\/\/www.proasyl.de\/material\/afghanistan-kein-sicheres-land-fuer-fluechtlinge\/\" target=\"_blank\" rel=\"noopener noreferrer\"><img decoding=\"async\" src=\"mailbox:\/\/\/C:\/Users\/kalle\/AppData\/Roaming\/Thunderbird\/Profiles\/s6h6hib3.default\/Mail\/pop3.kabelmail.de\/Inbox?number=605168865&amp;part=1.1.2.2&amp;filename=external_link_new_window.gif\" alt=\"Opens external link in new window\" \/>lesenswerte Brosch\u00fcre<\/a> zur Situation in Afghanistan aufgelegt und Ende September 2016 eine <a href=\"http:\/\/go.proasyl.de\/lnk\/AEkAFKW8VXcAASJNVuIAAGTTlAAAAAAAEhMAFqrwAAS0dQBX7jURXsnxUAchScq4ONZrHz0YYQAEgik\/4\/OILmDKfGfPSvO-MGYFJplA\/aHR0cHM6Ly93d3cucHJvYXN5bC5kZS90aGVtYS91bnNpY2hlcmVzLWFmZ2hhbmlzdGFuLyN0b3BpYy1jb250ZW50#topic-content\" target=\"_blank\" rel=\"noopener noreferrer\">Protestaktion gegen Abschiebungen nach Afghanistan<\/a> gestartet und fordert faire Asylverfahren sowie einen sicheren Aufenthaltsstatus f\u00fcr Afghanen. Im August ist die <a href=\"http:\/\/go.proasyl.de\/lnk\/AEkAFKW8VXcAASJNVuIAAGTTlAAAAAAAEhMAFqrwAAS0dQBX7jURXsnxUAchScq4ONZrHz0YYQAEgik\/5\/2BWWXyGc6sYRY4QivN_eYQ\/aHR0cHM6Ly93d3cucHJvYXN5bC5kZS9uZXdzL2ltbWVyLXdlbmlnZXItZmx1ZWNodGxpbmdzc2NodXR6LWZ1ZXItbWVuc2NoZW4tYXVzLXN5cmllbi1pcmFrLWVyaXRyZWEtYWZnaGFuaXN0YW4v\" target=\"_blank\" rel=\"noopener noreferrer\">Schutzquote in Deutschland auf unter 50% eingebrochen<\/a>, obwohl sich die Situation in Afghanistan in keiner Weise zum Besseren ver\u00e4ndert hat. In <a href=\"http:\/\/go.proasyl.de\/lnk\/AEkAFKW8VXcAASJNVuIAAGTTlAAAAAAAEhMAFqrwAAS0dQBX7jURXsnxUAchScq4ONZrHz0YYQAEgik\/6\/Ui8j_Q15wXSrv_F963mmmg\/aHR0cHM6Ly93d3cucHJvYXN5bC5kZS9uZXdzL2hvdHNwb3RzLWluLWdyaWVjaGVubGFuZC1icmVubmVuLWV1cm9wYS1sYWVzc3QtZmx1ZWNodGxpbmdlLWltLXN0aWNoLw\" target=\"_blank\" rel=\"noopener noreferrer\">Griechenland sitzen derweil Tausende Afghanen fest<\/a>, ihnen droht ohne Pr\u00fcfung der Schutzbed\u00fcrftigkeit die R\u00fcck\u00fcberstellung in die T\u00fcrkei. Die Schweizerische Fl\u00fcchtlingshilfe erkl\u00e4rt in der aktualisierten <a class=\"external-link-new-window\" title=\"Opens external link in new window\" href=\"https:\/\/www.fluechtlingshilfe.ch\/assets\/herkunftslaender\/mittlerer-osten-zentralasien\/afghanistan\/160930-afg-update-d.pdf\" target=\"_blank\" rel=\"noopener noreferrer\"><img decoding=\"async\" src=\"mailbox:\/\/\/C:\/Users\/kalle\/AppData\/Roaming\/Thunderbird\/Profiles\/s6h6hib3.default\/Mail\/pop3.kabelmail.de\/Inbox?number=605168865&amp;part=1.1.2.2&amp;filename=external_link_new_window.gif\" alt=\"Opens external link in new window\" \/>Stellungnahme vom 30.9.2016<\/a> zu Afghanistan und in einer <a class=\"external-link-new-window\" title=\"Opens external link in new window\" href=\"https:\/\/www.fluechtlingshilfe.ch\/assets\/fakten-statt-mythen\/52-afghanistan-de.pdf\" target=\"_blank\" rel=\"noopener noreferrer\"><img decoding=\"async\" src=\"mailbox:\/\/\/C:\/Users\/kalle\/AppData\/Roaming\/Thunderbird\/Profiles\/s6h6hib3.default\/Mail\/pop3.kabelmail.de\/Inbox?number=605168865&amp;part=1.1.2.2&amp;filename=external_link_new_window.gif\" alt=\"Opens external link in new window\" \/>Stellungnahme vom 5. Oktober<\/a> zur Lage in Kabul die Sicherheitslage erheblich in Frage. Die Hilflosigkeit, mit der die Bundeswehr sich an der propagandistischen Ert\u00fcchtigung der afghanischen Streitkr\u00e4fte beteiligt, schildert <a class=\"external-link-new-window\" title=\"Opens external link in new window\" href=\"http:\/\/www.deutschlandfunk.de\/afghanistan-der-andere-kampf-der-bundeswehr.1773.de.html?dram:article_id=368441\" target=\"_blank\" rel=\"noopener noreferrer\"><img decoding=\"async\" src=\"mailbox:\/\/\/C:\/Users\/kalle\/AppData\/Roaming\/Thunderbird\/Profiles\/s6h6hib3.default\/Mail\/pop3.kabelmail.de\/Inbox?number=605168865&amp;part=1.1.2.2&amp;filename=external_link_new_window.gif\" alt=\"Opens external link in new window\" \/>Sandra Petersmann am 14.10.2016<\/a> in einer DLF-Reportage.<\/p>\r\n<h3 data-canvas-width=\"483.69999999999993\"><big><small>Der Fl\u00fcchtlingsrat Niedersachsen fordert zu Protestschreiben an Bundesinnenminister <strong><a href=\"http:\/\/go.proasyl.de\/lnk\/AEsAADW2sG8AASI9T3gAAFqfEcoAAAAAEhMAFu83AAS0dQBX4XsUbbLIB3CDTfKtHkaHjWt3ZAAEgik\/10\/i6mhTcY3KwLGXSBb1yNSBw\/aHR0cHM6Ly93d3cucHJvYXN5bC5kZS9tYXRlcmlhbC9wcm90ZXN0cG9zdGthcnRlLWtlaW5lLWFic2NoaWVidW5nZW4tbmFjaC1hZmdoYW5pc3Rhbi8\" target=\"_blank\" rel=\"noopener noreferrer\">Thomas de Maizi\u00e8re<\/a><\/strong> auf. Mit dem <a class=\"pdf\" title=\"Initiates file download\" href=\"http:\/\/www.frsh.de\/fileadmin\/pdf\/Laenderberichte\/Afghanistan_Flyer_web.pdf\">Informationsblatt <strong>\u201eAfghanistan ist nicht sicher\u201c<\/strong><\/a> informiert der Fl\u00fcchtlingsrat Schleswig-Holstein \u00fcber die aktuelle Lage in Afghanistan und die dort f\u00fcr R\u00fcckkehrende bestehende Risiken und Gefahren. <\/small><\/big><\/h3>\r\n<hr \/>\r\n<h3 data-canvas-width=\"483.69999999999993\">\u00a0Integrationsgesetz seit dem 06.08.2016 in Kraft \u2013 Vorrangpr\u00fcfung u.a. in Niedersachsen ausgesetzt<\/h3>\r\n<div id=\"content\" class=\"blog-1367 single\">\r\n<p class=\"postmetadata\">Meldung vom Dienstag den 9.08.2016<\/p>\r\n<p>Das sog. Integrationsgesetz, das als Artikelgesetz \u00c4nderungen im Aufenthaltsgesetz (AufenthG), im Asylgesetz (AsylG), im Asylbewerberleistungsgesetz (AsylbLG), im Sozialgesetzbuch (SGB) II, III und XII sowie im AZR-Gesetz bewirkt, ist seit dem 06.08.2016 in Kraft.<\/p>\r\n<p>Das Gesetz hat u.a. durch \u00c4nderungen in \u00a7 32 BeschV zur Folge, dass die <strong>Vorrangpr\u00fcfung<\/strong> f\u00fcr drei Jahre in Bezirken mit \u201eunterdurchschnittlicher Arbeitslosenquote\u201c ausgesetzt wird. In der Anlage 2 zur Besch\u00e4ftigungsverordnung (siehe <a href=\"http:\/\/azf3.de\/wp-content\/uploads\/2016\/08\/BeschV-Anlage-04-07-2016.pdf\">hier<\/a>) sind diese Bezirke aufgef\u00fchrt. So hat sich die nieders\u00e4chsische Landesregierung (wie mehrere andere Bundesl\u00e4nder) dazu entschlossen, alle Arbeitsagenturbezirke in die Anlage 2 aufzunehmen, so dass in ganz Niedersachsen nun die Vorrangpr\u00fcfung ausgesetzt ist. Insgesamt ist die Vorrangpr\u00fcfung in 133 aller bundesweit 156 Agenturbezirke ausgesetzt (siehe Pressemitteilung des BMAS <a href=\"http:\/\/www.bmas.de\/DE\/Presse\/Pressemitteilungen\/2016\/erleichterter-arbeitsmarktzugang-fluechtlinge.html\" target=\"_blank\" rel=\"noopener noreferrer\">hier<\/a>). Das hei\u00dft Personen im Asylverfahren oder mit einer Duldung k\u00f6nnen i.d.R. nach drei Monaten Aufenthaltszeit ohne Vorrangpr\u00fcfung arbeiten (maximal sechs Monate Aufenthaltszeit, wer sich bis dahin noch immer in einer Erstaufnahmeeinrichtung befindet). Auch Leiharbeit ist dann zul\u00e4ssig. Eine Arbeitsbedingungspr\u00fcfung findet bei Menschen im Asylverfahren und mit Duldung mit Aufenthalt von weniger als 48 Monaten aber weiterhin statt.<\/p>\r\n<p>Weiterhin gibt es Erleichterungen f\u00fcr Asylbewerber_innen \u201emit guten Bleibeperspektiven\u201c bzw. \u201ebei denen ein rechtm\u00e4\u00dfiger und dauerhafter Aufenthalt zu erwarten ist\u201c, wie es in den Gesetzen formuliert ist. Dazu z\u00e4hlen derzeit Menschen aus den Herkunftsl\u00e4ndern Eritrea, Irak, Iran, Somalia und Syrien. Sie k\u00f6nnen noch w\u00e4hrend des Asylverfahrens \u2013 sofern freie Pl\u00e4tze vorhanden sind \u2013 einen <strong>Integrationskurs<\/strong> besuchen.<br \/>Zudem k\u00f6nnen sie bereits nach drei Monaten Aufenthalt bei Bedarf <strong>ausbildungsbegleitenden Hilfen<\/strong> in Anspruch nehmen oder an einer <strong>Berufsvorbereitenden Bildungsma\u00dfnahme<\/strong> teilnehmen. Wer \u00fcber 15 Monate in Deutschland ist, kann im Falle einer betrieblichen Ausbildung <strong>Berufsausbildungsbeihilfe<\/strong> in Anspruch nehmen.<\/p>\r\n<p>Positiv hervorzuheben ist au\u00dferdem die Einf\u00fchrung der sog. <strong>\u201e3+2 Regelung\u201c<\/strong>, also der Tatsache, dass nun Personen, die eine anerkannte Berufsausbildung beginnen, eine <strong>Duldung f\u00fcr<\/strong> die Dauer der <strong>Ausbildung<\/strong> ausgestellt werden soll (i.d.R. drei Jahre). Bei Abbruch einer Ausbildung ist die Verl\u00e4ngerung der Duldung f\u00fcr sechs Monate m\u00f6glich, um sich in der Zeit einen neuen Ausbildungsplatz zu suchen. Die Duldung wird nach erfolgreichem Abschluss der Ausbildung zur Suche nach einer Besch\u00e4ftigung, die der Ausbildung entspricht, f\u00fcr sechs Monate verl\u00e4ngert. Wer seiner Ausbildung entsprechend eine Besch\u00e4ftigung findet, kann eine Aufenthaltserlaubnis f\u00fcr zun\u00e4chst zwei Jahre bekommen.<br \/>Das nieders\u00e4chsische Innenministerium hat zur Umsetzung der Anspruchsduldung bei Vorliegen eines Ausbildungsplatzes einen Erlass herausgegeben, siehe <a href=\"http:\/\/azf3.de\/wp-content\/uploads\/2016\/08\/Erlass-21-07-2016-Anspruchsduldung-bei-Berufsausbildung-IntG.pdf\">hier<\/a>.<\/p>\r\n<p>Als ein negativer Aspekt des \u201eIntegrationsgesetz\u201c \u2013 der im engen Zusammenhang mit Besch\u00e4ftigung steht \u2013 sei hier auf den neuen \u00a7 12a AufenthG hingewiesen, der nun die rechtliche Grundlage schafft, dass selbst anerkannte Fl\u00fcchtlinge und Asylberechtigte zur <strong>Wohnsitznahme<\/strong> in dem Bundesland verpflichtet werden, in dem sie sich w\u00e4hrend des Asylverfahrens aufgehalten haben. Zudem k\u00f6nnen sie zur Wohnsitznahme an einem \u201ebestimmten Ort\u201c verpflichtet, bzw. von bestimmten Wohnorten ausgeschlossen werden.<br \/>Die <strong>Wohnsitzauflage<\/strong> darf jedoch nicht erlassen werden, f\u00fcr Personen (und den\/die Ehepartner_in, Lebenspartner_in und minderj\u00e4hrige Kinder), die einer sozialversicherungspflichtigen Besch\u00e4ftigung von mindestens 15-Wochen-Stunden nachgehen und damit den Lebensunterhalt f\u00fcr eine Einzelperson sichern (derzeit 712,-\/Monat) und auch nicht f\u00fcr Personen, die eine Berufsausbildung aufnehmen oder in einem Studium- oder Ausbildungsverh\u00e4ltnis stehen.<br \/>Auch zur Umsetzung der Wohnsitzauflage nach \u00a7 12a AufenthG hat die nieders\u00e4chsische Landesregierung einen Erlass herausgegeben, siehe <a href=\"http:\/\/azf3.de\/wp-content\/uploads\/2016\/08\/Erlass-10-08-2016__Wohnsitzauflage__12a.pdf\">hier<\/a>.<\/p>\r\n<p>Trotz dieser Verbesserungen gibt es allerdings auch Kritik am Integrationsgesetz, so u.a. vom Fl\u00fcchtlingsrat Niedersachsen siehe <a href=\"http:\/\/azf3.de\/wp-content\/uploads\/2016\/08\/Stellungnahme-Integrationsgesetz-FRN-29-06-2016.pdf\">hier<\/a>.<\/p>\r\n<\/div>\r\n<hr \/>\r\n<h3 data-canvas-width=\"483.69999999999993\">Info von PRO ASYL zu DUBLIN IV<\/h3>\r\n<p data-canvas-width=\"483.69999999999993\">Liebe Fl\u00fcchtlingsunterst\u00fctzer*innen, liebe Aktivist*innen,<\/p>\r\n<p data-canvas-width=\"483.69999999999993\">viele von Euch haben in den letzten Jahren Schutzsuchenden in Deutschland aktiv geholfen. Oft ging es dabei um die Verhinderung von Dublin-Abschiebungen innerhalb Europas. Die bisherige Dublin-III-Verordnung, der zufolge in der Regel der Staat der Erstregistrierung\u00a0 f\u00fcr die Durchf\u00fchrung eines Asylverfahrens zust\u00e4ndig ist, hat dazu gef\u00fchrt, dass Gefl\u00fcchtete in Staaten abgeschoben werden, in denen ihnen zum Teil menschenunw\u00fcrdige Aufnahmebedingungen, willk\u00fcrliche Inhaftierungen oder sogar Folter drohen (z.B. in Griechenland, Bulgarien und Ungarn). Nicht zuletzt durch entschlossene Interventionen und die engagierte Hilfe aus der Zivilgesellschaft war es bislang immer wieder m\u00f6glich, diese inhumanen Dublin-Abschiebungen zu verhindern.<\/p>\r\n<p>Nach dem Willen der EU-Kommission soll das Dublin-System nun sogar noch drastisch versch\u00e4rft werden und Schutzsuchenden jegliche Chance genommen werden, nicht in das f\u00fcr sie zust\u00e4ndige Land abgeschoben zu werden. Der Entwurf der neuen Dublin-IV-Verordnung, der bereits im Mai 2016 pr\u00e4sentiert wurde und ab Oktober dieses Jahres intensiv in Br\u00fcssel verhandelt werden soll, zielt darauf ab, Asylsuchende in dem f\u00fcr sie nach der Dublin-Verordnung zust\u00e4ndigen EU-Staat festzusetzen und jegliche Weiterwanderung in andere Mitgliedstaaten zu unterbinden. Wir wollen Euch kurz zusammengefasst \u00fcber die schlimmsten geplanten Ver\u00e4nderungen informieren und weisen in diesem Zusammenhang auch auf ein ausf\u00fchrlicheres Positionspapier von uns hin (abrufbar unter <a class=\"moz-txt-link-freetext\" href=\"https:\/\/www.proasyl.de\/wp-content\/uploads\/2015\/12\/PRO-ASYL-Positionspapier-zur-geplanten-Dublin-Reform-Juni-2016-.pdf\">https:\/\/www.proasyl.de\/wp-content\/uploads\/2015\/12\/PRO-ASYL-Positionspapier-zur-geplanten-Dublin-Reform-Juni-2016-.pdf<\/a>):<\/p>\r\n<p>*\u00a0\u00a0 Abschaffung von verbindlichen Fristen: Bislang enth\u00e4lt die Dublin-III-Verordnung verbindliche Fristen, innerhalb derer der Staat, in dem sich ein Asylsuchender aufh\u00e4lt, die Abschiebung in einen anderen Mitgliedstaat durchf\u00fchren muss. Gelingt es bspw. Deutschland nicht, eine Dublin-Abschiebung nach Italien als dem f\u00fcr das Asylverfahren zust\u00e4ndigen Mitgliedstaat innerhalb von (normalerweise) sechs Monaten durchzuf\u00fchren, muss Deutschland das Asylverfahren selbst durchf\u00fchren und darf die betroffene Person nicht mehr nach Italien abschieben. Genau diesen Zust\u00e4ndigkeitswechsel nach Fristablauf, der Zehntausenden Asylsuchenden, denen eine Abschiebung in einen EU-Staat mit untauglichem oder fast nicht existentem Aufnahmesystem drohte, viel Leid erspart hat, will die EU nun ersatzlos abschaffen. Das bedeutet, dass s\u00e4mtliche Interventionen aus der Zivilgesellschaft, die auf einen Fristablauf abzielen, in Zukunft ins Leere laufen werden: Kirchenasyl ist nicht mehr m\u00f6glich, die Verhinderung einer Abschiebung wird nichts mehr bringen. Auch die Bundesarbeitsgemeinschaft Asyl in der Kirche hat deswegen schon mit einer Postkartenaktion auf die geplante Dublin-Reform reagiert: <a class=\"moz-txt-link-freetext\" href=\"http:\/\/www.kirchenasyl.de\/portfolio\/postkartenaktion-dublin-iv-stoppen\/\">http:\/\/www.kirchenasyl.de\/portfolio\/postkartenaktion-dublin-iv-stoppen\/<\/a><br \/>*\u00a0\u00a0 Beschr\u00e4nkung des Selbsteintrittsrechts: Bei aller Kritik an Dublin-III war es bisher zumindest m\u00f6glich, dass das Bundesamt f\u00fcr Migration und Fl\u00fcchtlinge (BAMF) bei bestimmten Fl\u00fcchtlingsgruppen auf eine Abschiebung verzichtet. So hat das BAMF in der Vergangenheit immer wieder bei besonders schutzbed\u00fcrftigen Gefl\u00fcchteten (z.B. traumatisierte Menschen, denen die Abschiebung nach Bulgarien drohte) von seinem Selbsteintrittsrecht Gebrauch gemacht und das Asylverfahren in Deutschland durchgef\u00fchrt. Auch diese M\u00f6glichkeit, mit der besonders schutzbed\u00fcrftige Asylsuchende vor einer Abschiebung in inhumane Verh\u00e4ltnisse bewahrt werden konnten, will die EU streichen. Die Anwendung des Selbsteintrittsrechts soll nur bei bestehenden famili\u00e4ren Verbindungen m\u00f6glich sein. Ebenfalls ausgeschlossen w\u00e4re in der Zukunft dann eine Entscheidung, wie sie die Bundesregierung im Sommer 2015 getroffen und syrischen Gefl\u00fcchteten aus Ungarn die Aufnahme in Deutschland erm\u00f6glicht hat. Humanit\u00e4re Spielr\u00e4ume werden damit abgeschafft.<br \/>*\u00a0\u00a0 Abschiebung von unbegleiteten minderj\u00e4hrigen Fl\u00fcchtlingen (UMF): UMFs sind bisher von Dublin ausgenommen. Der Entwurf der Dublin-IV-Verordnung sieht nun vor, dass auch sie in Zukunft wieder in den f\u00fcr sie zust\u00e4ndigen Staat abgeschoben werden sollen.<br \/>*\u00a0\u00a0 Einschr\u00e4nkung von sozialen Leistungen: Damit Schutzsuchende m\u00f6glichst in dem f\u00fcr sie zust\u00e4ndigen Staat bleiben, will die EU-Kommission\u00a0 eine Weiterwanderung in andere Mitgliedstaaten mit Dublin-IV hart sanktionieren. So sollen Asylsuchende, die sich nicht im Staat ihrer Zust\u00e4ndigkeit aufhalten, keinen Anspruch mehr auf soziale Leistungen erhalten. Medizinische Hilfe soll nur noch im Notfall geleistet werden. Das Ziel ist klar: Durch den Ausschluss von\u00a0 sozialen Leistungen sollen Asylsuchende faktisch gezwungen werden, &#8222;freiwillig&#8220; den Staat ihres tats\u00e4chlichen Aufenthalts zu verlassen.<\/p>\r\n<p>Weitere Versch\u00e4rfungen finden sich im Detail in der Dublin-IV-Verordnung. Wir werden dazu demn\u00e4chst auf der Website von PRO ASYL eine umfangreiche Stellungnahme ver\u00f6ffentlichen. Die breite \u00d6ffentlichkeit nimmt von diesen drohenden Versch\u00e4rfungen bisher keine Kenntnis, auch weil die Relevanz von Fristablauf und Selbsteintrittsrecht f\u00fcr die Asylpraxis kaum bekannt ist. Wir hoffen deshalb, dass ihr die Informationen \u00fcber diese bis dato beispiellose Asylrechtsversch\u00e4rfung in euren Strukturen, politischen Gruppen, Hilfsnetzwerken etc. weiterverbreitet. Wir werden uns auf politischer Ebene zusammen mit anderen zivilgesellschaftlichen Akteuren und Wohlfahrtsverb\u00e4nden mit Vehemenz daf\u00fcr einsetzen, dass Dublin-IV in seiner jetzigen Form nicht verabschiedet wird und hoffen bei diesem Ansinnen auf Eure Unterst\u00fctzung.<\/p>\r\n<p>Mit besten Gr\u00fc\u00dfen<br \/>Maximilian Pichl (Rechtspolitischer Referent) und Andreas Meyerh\u00f6fer (PRO ASYL-Einzelfallberatung)<\/p>\r\n<hr \/>\r\n<h5 data-canvas-width=\"483.69999999999993\">\u00a0<\/h5>\r\n<h3 data-canvas-width=\"483.69999999999993\"><a href=\"http:\/\/incuxhaven.de\/wp-content\/uploads\/2016\/07\/IALANA-Stellungnahme-zur-T\u00fcrkei.pdf\" rel=\"\">IALANA Stellungnahme zur T\u00fcrkei<\/a><\/h3>\r\n<hr \/>\r\n<h3 data-canvas-width=\"483.69999999999993\">\u00a0<\/h3>\r\n<h3 data-canvas-width=\"483.69999999999993\">Stellungnahme des Fl\u00fcchtlingsrat Niedersachsen<\/h3>\r\n<div data-canvas-width=\"774.8599999999999\">zum <strong>geplanten Integrationsgesetz<\/strong> unter besonderer Betrachtung des Arbeitsmarktzugangs<\/div>\r\n<div data-canvas-width=\"633.9599999999998\">von Fl\u00fcchtlingen und zur Segregation Asylsuchender nach vermeintlichen<\/div>\r\n<div data-canvas-width=\"209.78000000000003\">Aufenthaltsperspektiven<\/div>\r\n<div data-canvas-width=\"209.78000000000003\"><a href=\"http:\/\/incuxhaven.de\/wp-content\/uploads\/2015\/11\/Stellungnahme-Integrationsgesetz-FRN-29-06-2016.pdf\" rel=\"\">Stellungnahme-Integrationsgesetz-FRN-29-06-2016<\/a><\/div>\r\n<hr \/>\r\n<p><a href=\"http:\/\/incuxhaven.de\/wp-content\/uploads\/2015\/11\/P6192193-bearb-int.jpg\" rel=\"attachment wp-att-685\"><img loading=\"lazy\" decoding=\"async\" class=\"size-medium wp-image-685 alignleft\" src=\"http:\/\/incuxhaven.de\/wp-content\/uploads\/2015\/11\/P6192193-bearb-int-300x191.jpg\" alt=\"P6192193 bearb int\" width=\"300\" height=\"191\" srcset=\"https:\/\/incuxhaven.de\/wp-content\/uploads\/2015\/11\/P6192193-bearb-int-300x191.jpg 300w, https:\/\/incuxhaven.de\/wp-content\/uploads\/2015\/11\/P6192193-bearb-int-768x490.jpg 768w, https:\/\/incuxhaven.de\/wp-content\/uploads\/2015\/11\/P6192193-bearb-int-1024x653.jpg 1024w, https:\/\/incuxhaven.de\/wp-content\/uploads\/2015\/11\/P6192193-bearb-int.jpg 1417w\" sizes=\"auto, (max-width: 300px) 100vw, 300px\" \/><\/a><\/p>\r\n<h4 style=\"text-align: center;\">\u00a0<\/h4>\r\n<h3 class=\"article-heading\"><span class=\"article-heading__title\">Menschenkette gegen Rassismus<\/span><\/h3>\r\n<div class=\"article-body article-body--article\">\r\n<p>Rund 7.000 Menschen beteiligten sich am Sonntag 19.06.2016 an einer Menschenkette\u00a0 in Hamburg um ein solidarisches Zeichen gegen Rassismus und f\u00fcr Menschenrechte und Vielfalt zu setzen. Vom Rathausmarkt f\u00fchrte die Menschenkette \u00fcber vier Kilometer und verband die\u00a0 J\u00fcdische Gemeinde, die Hauptkirche St. Petri und die Al Nour Moschee miteinander.<\/p>\r\n<section class=\"article-page\" data-page-number=\"1\">Fast \u00fcberall standen die Menschen in doppelter Reihe. Die Aktion zum Weltfl\u00fcchtlingstag\u00a0 fand au\u00dfer in Hamburg auch in zahlreichen anderen St\u00e4dten bundesweit statt, unter anderem in Berlin, M\u00fcnchen, Leipzig, Bochum und Karlsruhe. An der Menschenkette in Hamburg beteiligten sich auch Mitglieder des Arbeitskreis Asyl Cuxhaven.<\/section>\r\n<\/div>\r\n<hr \/>\r\n<h3 class=\"moz-forward-container\">Stillstand statt Fl\u00fcchtlingsaufnahme:<br \/>Bei Bund und Land bewegt sich nichts mehr<\/h3>\r\n<p class=\"moz-forward-container\"><strong>Pressemitteilung des Fl\u00fcchtlingsrates Niedersachsen vom 26.05.2016<\/strong><\/p>\r\n<p class=\"moz-forward-container\">Nachdem die Schlie\u00dfung der Balkan-Route und der v\u00f6lkerrechtswidrige Deal mit der T\u00fcrkei die Flucht von Menschen aus Verfolgung und Krieg nach Deutschland weitgehend zum Erliegen gebracht haben, feiert die Bundesregierung die Aufnahme von Fl\u00fcchtlingen in hom\u00f6opathischen Dosen im Rahmen des Resettlementverfahrens als gro\u00dfen Erfolg und sinnt befriedigt nach weiteren guten Taten. So freut sich das <a href=\"http:\/\/resettlement.de\/ankunft-syrischer-fluechtlinge-in-deutschland-eu-tuerkei-vereinbarung-tritt-in-kraft\/\">BAMF am 19.05.2016<\/a>, dass 103 syrischen Fl\u00fcchtlingen aus der T\u00fcrkei in Friedland aufgenommen worden seien. In der <a href=\"http:\/\/www.bamf.de\/SharedDocs\/Meldungen\/DE\/2016\/20160519-resettlement-flug-kassel-calden.html?nn=1367522\">Presseerkl\u00e4rung des BAMF<\/a> hei\u00dft es w\u00f6rtlich:<\/p>\r\n<p><em>\u201e\u2026Zun\u00e4chst stellt Deutschland 1.600 Aufnahmepl\u00e4tze bereit. Wenn diese ausgesch\u00f6pft sind und weiterhin Bedarf im Rahmen des oben genannten 1:1-Mechanismus besteht, stehen weitere rund 13.500 Aufnahmepl\u00e4tze innerhalb bestehender Verpflichtungen zur Verf\u00fcgung. Dabei handelt es sich um einen Teil der Aufnahmepl\u00e4tze, die urspr\u00fcnglich zur Umsiedlung von Personen aus besonders belasteten EU-Staaten vorgesehen waren und nun umgewidmet werden sollen\u2026.\u201c<\/em><\/p>\r\n<p>Offenbar will also Deutschland seine Verpflichtung aus dem Beschluss der EU vom 22.09.2015 nicht mehr umsetzen. Das ist gerade vor dem Hintergrund der erfolgten R\u00e4umung von Idomeni ein Skandal. <span id=\"more-19848\"><\/span>Das sogenannte\u00a0 re-location-Programm vom 22.09.2015 sah eigentlich vor, dass 160.000 eindeutig schutzbed\u00fcrftige Personen\u00a0 aus Griechenland und Italien auf andere Mitgliedstaaten umverteilt werden sollten. Der Rat stimmte am 22.09.2015 diesem Vorschlag zu. Die Zwischenevaluierung vom 15.03.2016 ergab jedoch, dass nur 937 Personen aus den genannten Staaten auf andere Mitgliedstaaten verteilt wurden. Deutschland hatte sich verpflichtet, 10.327 Asylsuchende aus Italien, 17.209 aus Griechenland aufzunehmen. Tats\u00e4chlich \u00fcberstellt wurden jedoch nur 57.\u00a0 Angesichts des Elends und des Leids, das vor allem besonders schutzbed\u00fcrftige Frauen und Kinder in Griechenland erdulden m\u00fcssen, ist das eine absolut besch\u00e4mende Bilanz.<\/p>\r\n<p>Auch das re-settlement-Programm der EU wird bis dato nicht befriedigend umgesetzt: Auf Vorschlag der Kommission wurden die Mitgliedstaaten am 20.07.2015 vom Rat aufgefordert, 22.504 Personen neu anzusiedeln (re-settlement), davon 1.200 in Deutschland. Die Zwischenevaluierung vom 15.03.2016 ergab:\u00a0 4.555 Personen wurden in 11 EU-Mitgliedstaaten und assoziierten Dublin-Staaten neuangesiedelt. Zumeist erfolgte die \u00dcbernahme aus der T\u00fcrkei, aus Jordanien und dem Libanon.<\/p>\r\n<p>Leider bewegt sich auch in Niedersachsen nichts mehr: Im Januar 2016 erkl\u00e4rte Niedersachsen, dessen Innenminister doch zu Beginn seiner Amtszeit noch so stolz war auf die ma\u00dfgeblich von ihm initiierte Erm\u00f6glichung einer Aufnahme von Familienangeh\u00f6rigen, seinen endg\u00fcltigen Ausstieg aus dem Landesaufnahmeprogramm. Das 2013 beschlossene Landesaufnahmeprogramm,\u00a0 das Angeh\u00f6rigen hier lebender Fl\u00fcchtlinge eine\u00a0 Einreise\u00a0 auf eigene Kosten gefahrlos\u00a0 erm\u00f6glichte, lief zum 30.06.2015 aus und wurde trotz eines gegenteiligen Beschlusses der Kommission zu Fragen der Migration und Teilhabe beim nieders\u00e4chsischen Landtag nicht wieder verl\u00e4ngert. Dagegen haben Berlin, Brandenburg, Hamburg, Schleswig-Holstein und Th\u00fcringen ihre <a href=\"http:\/\/resettlement.de\/aktuelle-aufnahmen\/\">Aufnahmeprogramme verl\u00e4ngert<\/a>. W\u00e4hrend Idomeni, das Symbol der gescheiterten EU-Fl\u00fcchtlingspolitik, ger\u00e4umt ist, ohne dass sich f\u00fcr die betroffenen Fl\u00fcchtlinge eine menschenw\u00fcrdige Perspektive auf ein Leben ohne Flucht und Not aufgetan h\u00e4tte, duckt sich\u00a0 die nieders\u00e4chsische Landesregierung und will mit alledem nichts zu tun haben, schon gar keine Fl\u00fcchtlinge\u00a0aus Griechenland aufnehmen.<\/p>\r\n<p><strong>Wie war das nochmal gemeint mit der Willkommenskultur?<\/strong><\/p>\r\n<hr \/>\r\n<p class=\"postmetadata\">Meldung vom Mittwoch den 27.04.2016 &#8211; Abgelegt unter: <a href=\"http:\/\/www.nds-fluerat.org\/rubrik\/pressemitteilungen\/\" rel=\"category tag\">Pressemitteilungen<\/a><\/p>\r\n<p><b>Der Fl\u00fcchtlingsrat Niedersachsen ist emp\u00f6rt \u00fcber die zwangsweise Beendigung des Protescamps Wei\u00dfekreuzplatz durch die Landeshauptstadt Hannover und spricht von einem fatalen Zeichen<\/b><\/p>\r\n<p>Noch w\u00e4hrend die Camp-Aktivisten gestern Abend im wenige Meter vom Camp entfernten Kulturzentrum Pavillon mit dem Bezirksb\u00fcrgermeister des Stadtbezirks Mitte, Michael Sandow, \u00fcber dessen Vorschl\u00e4ge zur Verstetigung des Protestes der sudanesischen Gefl\u00fcchteten diskutierte, schaffte die Polizei Fakten: Gegen ca. 21.00 Uhr sperrte sie das Protestcamp ab und begann, die Zelte abzubauen. Damit setzte sie dem Camp nach fast zwei Jahren ein vorl\u00e4ufiges Ende.<\/p>\r\n<p>Die R\u00e4umung des Camps ist ein fatales Zeichen an die Fl\u00fcchtlinge und an die weitere \u00d6ffentlichkeit. In Zeiten, in denen sich Europa verst\u00e4rkt gegen Zuflucht suchende Menschen abschottet, Abkommen mit der von einem Autokraten regierten T\u00fcrkei schlie\u00dft und Verhandlungen mit Diktatoren wie dem sudanesischen Pr\u00e4sidenten Omar Al Bashir f\u00fchrt, um Fl\u00fcchtlinge bereits in Afrika abzufangen, in Zeiten, in der die Bundesregierung Versch\u00e4rfungen in der Asylgesetzgebung durchpeitscht, PEGIDA aufmarschiert und die AFD Wahlerfolge feiert, in denen beinahe t\u00e4glich Fl\u00fcchtlingsunterk\u00fcnfte oder Asylsuchende direkt angegriffen werden, kann die R\u00e4umung nur als Zugest\u00e4ndnis an den Zeitgeist gewertet werden. Bislang stand die Stadt Hannover f\u00fcr einen anderen Stil im Umgang mit Fl\u00fcchtlingen, die hier bei uns Schutz suchen und ihre Rechte einfordern.<\/p>\r\n<p>gez. Sigmar Walbrecht<\/p>\r\n<hr \/>\r\n<p><big><big><b>Geheimer EU-Plan:<br \/>80.000 Afghanen sollen abgeschoben werden<\/b><\/big><\/big><\/p>\r\n<p>23.03.2016<br \/><b>Ein vertrauliches EU-Diskussionspapier schl\u00e4gt vor, die Entwicklungshilfe f\u00fcr Afghanistan als Druckmittel zu benutzen, um das Land dazu zu bringen, Fl\u00fcchtlinge zur\u00fcckzunehmen.<\/b><\/p>\r\n<p>Mehr als 80.000 Afghanen sollen nach einem <a href=\"http:\/\/statewatch.org\/news\/2016\/mar\/eu-council-afghanistan-6738-16.pdf\" target=\"_blank\" rel=\"nofollow noopener noreferrer\">geheimen EU-Plan<\/a> \u201ein naher Zukunft\u201c aus Europa abgeschoben werden. Das Papier warnt aufgrund der katastrophalen wirtschaftlichen Lage sowie der zunehmenden Gewalt in Afghanistan, durch die allein <a href=\"https:\/\/www.proasyl.de\/news\/kurze-neuigkeiten-aus-dem-angeblich-sicheren-afghanistan-11-000-zivile-opfer-im-jahr-2015\/\" target=\"_blank\" rel=\"nofollow noopener noreferrer\">letztes Jahr 11.000 Zivilisten ums Leben kamen<\/a>, vor zus\u00e4tzlichen Fluchtbewegungen nach Europa.<\/p>\r\n<p>Obwohl man sich der immer angespannteren Sicherheitslage also bewusst ist, will man afghanischen Fl\u00fcchtlingen keinen Schutz bieten \u2013 im Gegenteil: Die Abschiebungen von Afghan*innen sollen massiv verst\u00e4rkt werden. Aufgrund der schwierigen Lage in Afghanistan selbst, wird dabei Zufluchtsm\u00f6glichkeiten in der Region eine gr\u00f6\u00dfere Bedeutung beigemessen: \u201eAufgrund der sich verschlechternden Situation in Afghanistan sowie dem Druck auf Afghanen in Pakistan und dem Iran, besteht ein hohes Risiko zus\u00e4tzlicher Migrationsstr\u00f6me nach Europa. Das erfordert eine Verst\u00e4rkung der Interventionen, Zufluchtsm\u00f6glichkeiten in der Region zu erhalten\u201c, so das Papier.<\/p>\r\n<hr \/>\r\n<blockquote class=\"asvce-element asvce-cite fullwidth fullwidth--inline\">\r\n<div class=\"row\">\r\n<div class=\"fixed-col-md-6 fixed-col-md-offset-1\">\r\n<p class=\"asvce-cite__quote\"><b>\u00bbAufgrund der sich verschlechternden Situation in Afghanistan [&#8230;] besteht ein hohes Risiko zus\u00e4tzlicher Migrationsstr\u00f6me nach Europa\u00ab<\/b><\/p>\r\n<p>aus dem geheimen EU-Plan<\/p>\r\n<hr \/><\/div>\r\n<\/div>\r\n<\/blockquote>\r\n<div class=\"wpb_text_column wpb_content_element \">\r\n<div class=\"wpb_wrapper\">\r\n<h2><strong>Weitere Staaten als T\u00fcrsteher Europas?<\/strong><\/h2>\r\n<p><a href=\"https:\/\/www.proasyl.de\/news\/kurze-neuigkeiten-aus-dem-angeblich-sicheren-afghanistan-200-000-neue-binnenvertriebene\/\" target=\"_blank\" rel=\"nofollow noopener noreferrer\">Angesichts von \u00fcber einer Million Binnenfl\u00fcchtlingen<\/a> in Afghanistan und 5,4 Millionen Menschen, die in Pakistan und im Iran Zuflucht suchen und deren Situation \u201eh\u00f6chst unsicher und ohne verl\u00e4ssliche langfristige Perspektiven ist\u201c, stellt sich allerdings die Frage, wie man die Nachbarstaaten dazu bringen m\u00f6chte, Millionen Fl\u00fcchtlingen echte Zukunftsaussichten zu geben, wenn sie das seit Jahrzehnten nicht getan haben?<\/p>\r\n<p>Einen Einblick gibt der <a href=\"http:\/\/www.faz.net\/aktuell\/politik\/fluechtlingskrise\/afghanistan-und-pakistan-stephan-weil-fuer-verhandlungen-mit-iran-ueber-fluechtlinge-14130485.html\" target=\"_blank\" rel=\"nofollow noopener noreferrer\">Vorschlag des nieders\u00e4chsischen Ministerpr\u00e4sidenten Stephan Weil<\/a>, nach dem <a href=\"https:\/\/www.proasyl.de\/news\/warum-der-deal-mit-der-tuerkei-eine-schande-fuer-europa-ist\/\" target=\"_blank\" rel=\"nofollow noopener noreferrer\">Deal mit der T\u00fcrkei<\/a>, jetzt auch mit dem Iran \u00fcber die Aufnahme von noch mehr Fl\u00fcchtlingen, zum Beispiel aus Afghanistan, zu sprechen. Das Modell, weitere Staaten als T\u00fcrsteher anzuheuern und dabei dar\u00fcber hinwegzusehen, dass es f\u00fcr die Menschen dort kaum Zukunftsperspektiven gibt, wird also bereits propagiert.<\/p>\r\n<\/div>\r\n<\/div>\r\n<div class=\"wpb_text_column wpb_content_element \">\r\n<div class=\"wpb_wrapper\">\r\n<h2><strong>Erpresser-Strategie aus Br\u00fcssel<\/strong><\/h2>\r\n<p>Um die afghanische Regierung trotz der immer angespannteren Sicherheitssituation und den fortschreitenden Gebietsgewinnen der Taliban dazu zu bringen, der R\u00fcckf\u00fchrung von zehntausend Afghan*innen zuzustimmen, hat sich die EU-Kommission <a href=\"http:\/\/www.telegraph.co.uk\/news\/worldnews\/asia\/afghanistan\/12200582\/Secret-EU-plan-to-deport-80000-Afghans.html\" target=\"_blank\" rel=\"nofollow noopener noreferrer\">verschiedene Druckmittel ausgedacht<\/a>: \u00a0Entwicklungshilfe und Handelsvereinbarungen sollen nach der neuen EU-Strategie als Anreiz dienen, um Abschiebeabkommen abzuschlie\u00dfen.<\/p>\r\n<p>So will die EU-Kommission Afghanistan mit der K\u00fcrzung der Entwicklungshilfe drohen, die \u00a0immerhin 40% des Bruttoinlandsproduktes des Landes ausmacht. Bei Kooperation hingegen soll die afghanische Elite im Gegenzug mit Studienpl\u00e4tzen an europ\u00e4ischen Universit\u00e4ten belohnt werden. Die real existierende Gef\u00e4hrdungslage f\u00fcr die Menschen in Afghanistan wird dabei einfach ausgeblendet \u2013 oberstes Ziel scheint zu sein, Fluchtbewegungen nach Europa um jeden Preis zu stoppen.<\/p>\r\n<\/div>\r\n<\/div>\r\n<p>&#8212; Fl\u00fcchtlingsrat Niedersachsen e.V. R\u00f6pkestr. 12 30173 Hannover Tel.: 0511\/98 24 60 30 Mo-Fr: 10.00 bis 12.30, Di+Do: 14.00 bis 16.00 Fax: 0511\/98 24 60 31 Mail: <a class=\"moz-txt-link-abbreviated\" href=\"mailto:nds@nds-fluerat.org\">nds@nds-fluerat.org<\/a> <a class=\"moz-txt-link-abbreviated\" href=\"http:\/\/www.nds-fluerat.org\">www.nds-fluerat.org<\/a> <a class=\"moz-txt-link-abbreviated\" href=\"http:\/\/www.facebook.com\/Fluechtlingsrat.Niedersachsen\">www.facebook.com\/Fluechtlingsrat.Niedersachsen<\/a><\/p>\r\n<hr \/>\r\n<p>Presseerkl\u00e4rung<br \/>16. M\u00e4rz 2016<\/p>\r\n<h3>PRO ASYL kritisiert die Mitteilung der EU-Kommission zum EU-T\u00fcrkei-Deal<\/h3>\r\n<p>Die EU-Kommission<a class=\"moz-txt-link-rfc2396E\" href=\"http:\/\/o56x.mj.am\/link\/o56x\/y6wnq55v019\/2\/5HyhV4K7qe1quLSJcii8SQ\/aHR0cDovL2V1cm9wYS5ldS9yYXBpZC9wcmVzcy1yZWxlYXNlX0lQLTE2LTgzMF9kZS5odG0\">&lt;http:\/\/o56x.mj.am\/link\/o56x\/y6wnq55v019\/2\/5HyhV4K7qe1quLSJcii8SQ\/aHR0cDovL2V1cm9wYS5ldS9yYXBpZC9wcmVzcy1yZWxlYXNlX0lQLTE2LTgzMF9kZS5odG0&gt;<\/a>\u00a0\u00a0 hat heute in Br\u00fcssel die Pl\u00e4ne zur Zusammenarbeit zwischen der EU und der T\u00fcrkei ver\u00e4ndert und pr\u00e4zisiert. PRO ASYL bleibt bei der grunds\u00e4tzlichen Kritik an der geplanten Vereinbarung. Zwar hat die EU-Kommission nun vorgesehen, dass eine Einzelfallpr\u00fcfung jedes Asylantrages in der EU stattfindet. Sie spricht auch davon, dass die \u201epauschalen\u201c R\u00fcckf\u00fchrungen ausgeschlossen sein sollen.<\/p>\r\n<p>Dies erachtet PRO ASYL angesichts des de facto nicht existierenden Asylsystems in Griechenland als eine Farce. Griechenland hat nicht die Kapazit\u00e4t, faire Asylverfahren durchzuf\u00fchren. Es existiert kein wirksames Gerichtssystem mit ausreichender Gr\u00f6\u00dfe, sodass Entscheidungen der Beh\u00f6rden durch Gerichte gepr\u00fcft werden k\u00f6nnen. Ein menschenw\u00fcrdiges Aufnahmesystem ist in Griechenland inexistent. Die EU-Kommission versucht der europ\u00e4ischen \u00d6ffentlichkeit Sand in die Augen zu streuen. De facto drohen weiterhin Massenabschiebungen ohne rechtstaatliche, inhaltliche Pr\u00fcfung der Schutzbed\u00fcrftigkeit.<\/p>\r\n<p>Die EU-Kommission versucht aus Sicht von PRO ASYL, ungen\u00fcgend die rechtlichen H\u00fcrden des EU-T\u00fcrkei-Deals kleinzureden. PRO ASYL weist erneut darauf hin, dass nach dem EU-Recht gew\u00e4hrleistet sein muss, dass ein sicherer Drittstaat die Genfer Fl\u00fcchtlingskonvention ohne Vorbehalt unterzeichnet hat. Zudem muss ihre Anwendung auch in der Praxis sicher gestellt sein. Es muss ein Asylverfahren existieren, das zur Zuerkennung der Fl\u00fcchtlingseigenschaft i.S.d Genfer Fl\u00fcchtlingskonvention f\u00fchren kann. Die EU-Kommission redet nun nur noch davon, dass ein mit der Genfer Fl\u00fcchtlingskonvention \u00e4quivalenter Schutz gew\u00e4hrleistet sein solle (Mitteilung EU-Kommission 16.3.2016<a class=\"moz-txt-link-rfc2396E\" href=\"http:\/\/o56x.mj.am\/link\/o56x\/y6wnq55v019\/3\/UzUrCAOAD4MHQ_peaeg93A\/aHR0cDovL2VjLmV1cm9wYS5ldS9kZ3MvaG9tZS1hZmZhaXJzL3doYXQtd2UtZG8vcG9saWNpZXMvZXVyb3BlYW4tYWdlbmRhLW1pZ3JhdGlvbi9wcm9wb3NhbC1pbXBsZW1lbnRhdGlvbi1wYWNrYWdlL2RvY3MvMjAxNjAzMTYvbmV4dF9vcGVyYXRpb25hbF9zdGVwc19pbl9ldS10dXJrZXlfY29vcGVyYXRpb25faW5fdGhlX2ZpZWxkX29mX21pZ3JhdGlvbl9lbi5wZGY\">&lt;http:\/\/o56x.mj.am\/link\/o56x\/y6wnq55v019\/3\/UzUrCAOAD4MHQ_peaeg93A\/aHR0cDovL2VjLmV1cm9wYS5ldS9kZ3MvaG9tZS1hZmZhaXJzL3doYXQtd2UtZG8vcG9saWNpZXMvZXVyb3BlYW4tYWdlbmRhLW1pZ3JhdGlvbi9wcm9wb3NhbC1pbXBsZW1lbnRhdGlvbi1wYWNrYWdlL2RvY3MvMjAxNjAzMTYvbmV4dF9vcGVyYXRpb25hbF9zdGVwc19pbl9ldS10dXJrZXlfY29vcGVyYXRpb25faW5fdGhlX2ZpZWxkX29mX21pZ3JhdGlvbl9lbi5wZGY&gt;<\/a>\u00a0 , S. 3). Damit wird eingestanden, dass in der T\u00fcrkei aktuell nicht die Voraussetzungen f\u00fcr die Einstufung als sogenannter sicherer Drittstaat gegeben sind. Der geforderte Schutz ist in der T\u00fcrkei nicht gegeben. Die\u00a0 Genfer Fl\u00fcchtlingskonvention gilt nicht f\u00fcr Syrer, Iraker und andere au\u00dfereurop\u00e4ische Fl\u00fcchtlinge, kritisiert PRO ASYL. Angesichts von bis zu 3 Millionen Fl\u00fcchtlingen in der T\u00fcrkei ist klar, dass die T\u00fcrkei diese Voraussetzungen nicht erf\u00fcllen kann.<\/p>\r\n<p>In ihrer Mitteilung formuliert die EU-Kommission das Ziel, dass Fl\u00fcchtlinge in sogenannten sicheren Zonen in Syrien leben k\u00f6nnen. Dies ist aus Sicht von PRO ASYL in h\u00f6chstem Ma\u00dfe problematisch. Die T\u00fcrkei verfolgt mit allen Mitteln das Ziel, in sich zusammenh\u00e4ngende kurdische Gebiete zu verhindern. Es besteht die Gefahr, dass Fl\u00fcchtlinge im Spiel regionaler milit\u00e4rpolitischer Interessen missbraucht werden und die EU damit die argumentative Basis f\u00fcr milit\u00e4rische Interventionen der T\u00fcrkei liefert.<\/p>\r\n<hr \/>\r\n<h4>Stellungnahme von Caritas und Diakonie zum Entwurf eines Gesetzes<br \/>zur Bestimmung von Algerien, Marokko und Tunesien als sichere Herkunftsstaaten.<\/h4>\r\n<p><a href=\"http:\/\/incuxhaven.de\/wp-content\/uploads\/2015\/11\/2016-02-02-Stellungnahme_DCV_Diakonie_Sichere-Herkunftsstaaten_01022016.pdf\" rel=\"\">2016 02 02 Stellungnahme_DCV_Diakonie_Sichere Herkunftsstaaten_01022016<\/a><\/p>\r\n<hr \/>\r\n<h3><a href=\"http:\/\/www.sueddeutsche.de\/politik\/2.220\/grenzschliessung-gutachten-manche-fluechtlinge-kann-deutschland-nicht-abweisen-1.2832479\">gutachten: manche fluechtlinge kann deutschland nicht abweisen<\/a><\/h3>\r\n<p><a href=\"http:\/\/www.sueddeutsche.de\/politik\/2.220\/grenzschliessung-gutachten-manche-fluechtlinge-kann-deutschland-nicht-abweisen-1.2832479\">http:\/\/www.sueddeutsche.de\/politik\/2.220\/grenzschliessung-gutachten-manche-fluechtlinge-kann-deutschland-nicht-abweisen-1.2832479<\/a><\/p>\r\n<p>Das gestern (28.01.16) in seinen Grundz\u00fcgen beschlossene zweite Asylpaket trifft vor allem Fl\u00fcchtlinge mit sogenanntem \u201esubsidi\u00e4rem Schutz\u201c, also Menschen, denen eine R\u00fcckkehr nicht m\u00f6glich ist, weil ihnen im Herkunftsland Folter oder eine sonstige unmenschliche Behandlung droht. Ihr derzeit bestehender Anspruch auf Familienzusammenf\u00fchrung soll f\u00fcr zwei Jahre ausgesetzt werden. Das ist nicht nur zynisch, es verst\u00f6\u00dft auch gegen v\u00f6lkerrechtliche Normen und gegen unsere Verfassung, die dem Schutz der Familie einen zentralen Stellenwert einr\u00e4umt.<\/p>\r\n<p>Jahrelang hat uns die Politik Sand in die Augen gestreut mit der Behauptung, man wolle den angeblichen \u201eMissbrauch\u201c bek\u00e4mpfen, um den \u201ewirklich Verfolgten\u201c beistehen zu k\u00f6nnen. Jetzt werden syrische Fl\u00fcchtlinge, die im \u00f6ffentlichen Drama immer als Paradebeispiel f\u00fcr \u201eechte Fl\u00fcchtlinge\u201c pr\u00e4sentiert wurden, von mehreren Seiten in die Zange genommen: <span id=\"more-18460\"><\/span>Mit der Wiedereinf\u00fchrung von Einzelverfahren zum 1.1.2016 verbunden ist eine Entrechtung f\u00fcr viele der betroffenen Fl\u00fcchtlinge, denen nicht mehr (wie 2015 zu rund 95%) ein Fl\u00fcchtlingsstatus zugesprochen wird. Seither werden syrische Fl\u00fcchtlinge in erheblicher Zahl aus dem Schutzbereich der Genfer Fl\u00fcchtlingskonvention herausdefiniert und erh\u00e4lt nur noch \u201esubsidi\u00e4ren Schutz\u201c. Wie viele der Fl\u00fcchtlinge damit das Anrecht auf einen Familiennachzug f\u00fcr zwei Jahre verlieren sollen, h\u00e4ngt dann unmittelbar ab von der neuen Praxis des Bundesamts. Parallel bem\u00fcht man sich, die T\u00fcrkei als \u201eFluchtalternative\u201c aufzubauen, siehe die <a href=\"http:\/\/www.nds-fluerat.org\/18450\/pressemitteilungen\/tuerkei-soll-zum-fluechtlingslager-europas-werden-die-menschenrechte-werden-de-facto-ausser-kraft-gesetzt\/\">Presseerkl\u00e4rung von PRO ASYL<\/a>.\u00a0 Verlogener geht es kaum mehr.<\/p>\r\n<p>Zu bef\u00fcrchten ist, dass die geplante Versch\u00e4rfung Familien auf bis zu vier bis f\u00fcnf Jahre auseinanderrei\u00dfen w\u00fcrde. Bis zum positiven Asylentscheid kann beispielsweise ein Jahr vergehen. Darauf folgt die zweij\u00e4hrige Sperrfrist. Bis die Angeh\u00f6rigen einen Termin in der deutschen Botschaft bekommen, kann es ebenfalls bis zu einem Jahr dauern. Im Anschluss werden die Reisedokumente mehrere Monate lang gepr\u00fcft. In dieser Zeit sind Familien von subsidi\u00e4r Gesch\u00fctzten weiterhin Gefahren in den Verfolgerstaaten ausgesetzt. Viele Familienangeh\u00f6rige, auch Kinder, werden so vor die Wahl gestellt, jahrelang im Kriegs- oder Krisengebiet, Verfolgung, Gefahr und Elend ausgesetzt zu bleiben oder die lebensgef\u00e4hrliche Flucht \u00fcber die \u00c4g\u00e4is und die Balkan-Route auf sich zu nehmen. Der verweigerte Familiennachzug wird t\u00f6dliche Folgen haben.<\/p>\r\n<hr \/>\r\n<h3 data-canvas-width=\"507.6719999999998\">\u00a0Asylpaket II stoppen<br \/>Keine Einschr\u00e4nkung von fairen Asylverfahren<\/h3>\r\n<h3 style=\"text-align: left;\"><a href=\"http:\/\/incuxhaven.de\/wp-content\/uploads\/2015\/11\/Aufruf_Asylpaket2_19.1.16.pdf\" rel=\"\">Aufruf_Asylpaket2_19.1.16<\/a><\/h3>\r\n<hr \/>\r\n<h3 style=\"text-align: left;\"><span class=\"dotdotdot \">OFFENER BRIEF VON K\u00dcNSTLER_INNEN, MEDIENSCHAFFENDEN UND WISSENSCHAFTLER_INNEN AN DIE BUNDESKANZLERIN <\/span><\/h3>\r\n<h3 class=\"h2 mtn mbxs xs-mbxs\">f\u00fcr Rechtsstaatlichkeit in der T\u00fcrkei<\/h3>\r\n<h5 style=\"text-align: left;\"><a href=\"https:\/\/www.change.org\/p\/bundeskanzlerin-dr-angela-merkel-setzen-sie-sich-bei-den-regierungsgespr%C3%A4chen-ein-f%C3%BCr-rechtsstaatlichkeit-in-der-t%C3%BCrkei?recruiter=32814145&amp;utm_source=share_petition&amp;utm_medium=copylink\">https:\/\/www.change.org\/p\/bundeskanzlerin-dr-angela-merkel-setzen-sie-sich-bei-den-regierungsgespr%C3%A4chen-ein-f%C3%BCr-rechtsstaatlichkeit-in-der-t%C3%BCrkei?recruiter=32814145&amp;utm_source=share_petition&amp;utm_medium=copylink<\/a><\/h5>\r\n<hr \/>\r\n<h3 style=\"text-align: left;\">\u00a0<\/h3>\r\n<h3 style=\"text-align: left;\">Nicht alles, was im Netz steht, ist wahr.<\/h3>\r\n<p style=\"text-align: left;\">Immer wieder L\u00fcgen \u00fcber Straftaten von Fl\u00fcchtlingen. Daf\u00fcr wird sogar die Popularit\u00e4t des Kollektivs Anonymous missbraucht, um die rechte Absicht einer L\u00fcge zu verbergen: mit einem gleichnamigen Account (Anonymous). Wie reagiert die Polizei auf L\u00fcgen im Netz?<\/p>\r\n<p><a href=\"https:\/\/www.facebook.com\/morgenmagazin\/videos\/1261216553895160\/?video_source=pages_finch_trailer&amp;theater\">https:\/\/www.facebook.com\/morgenmagazin\/videos\/1261216553895160\/?video_source=pages_finch_trailer&amp;theater<\/a><\/p>\r\n<hr \/>\r\n<h4 dir=\"ltr\"><strong>&#8222;Leute, die sich f\u00fcr den Schutz von Frauen nur interessieren, <\/strong><strong>wenn wir von Ausl\u00e4ndern angegriffen werden, sind Rassisten. Ob in K\u00f6ln o. Kabul&#8220;<\/strong><\/h4>\r\n<p dir=\"ltr\"><em>Anne Roth<\/em><\/p>\r\n<h2 class=\"author\"><a href=\"http:\/\/incuxhaven.de\/wp-content\/uploads\/2015\/11\/Sexualisierte_Gewalt.pdf\" rel=\"\">Sexualisierte_Gewalt<\/a><\/h2>\r\n<h4 class=\"author\">Stellungnahme des Fl\u00fcchtlingsrats Niedersachsen zur<br \/>anhaltenden Debatte um sexualisierte Gewalt<\/h4>\r\n<h2 class=\"author\">Sylvesternacht in K\u00f6ln<\/h2>\r\n<h4 class=\"newsheadline\"><i>&#8222;<a href=\"http:\/\/incuxhaven.de\/wp-content\/uploads\/2015\/11\/Frauen-Protest-K\u00f6ln.jpg\" rel=\"attachment wp-att-510\"><img loading=\"lazy\" decoding=\"async\" class=\"size-medium wp-image-510 alignleft\" src=\"http:\/\/incuxhaven.de\/wp-content\/uploads\/2015\/11\/Frauen-Protest-K\u00f6ln-300x295.jpg\" alt=\"Frauen Protest K\u00f6ln\" width=\"300\" height=\"295\" srcset=\"https:\/\/incuxhaven.de\/wp-content\/uploads\/2015\/11\/Frauen-Protest-K\u00f6ln-300x295.jpg 300w, https:\/\/incuxhaven.de\/wp-content\/uploads\/2015\/11\/Frauen-Protest-K\u00f6ln.jpg 600w\" sizes=\"auto, (max-width: 300px) 100vw, 300px\" \/><\/a>Sagt Euren T\u00f6chtern nicht, dass sie nicht ausgehen sollen.<br \/>Sagt Euren S\u00f6hnen, dass sie sich benehmen sollen!&#8220;<\/i><\/h4>\r\n<h4 class=\"author\">\u00a0<\/h4>\r\n<h4 class=\"author\">\u00a0<\/h4>\r\n<h4 class=\"author\">\u00a0<\/h4>\r\n<h4 class=\"author\">\u00a0<\/h4>\r\n<h4 class=\"author\">\u00a0<\/h4>\r\n<h4 class=\"author\">\u00a0<\/h4>\r\n<div class=\"moz-forward-container\">\r\n<div class=\"RMCMFDBR\">\r\n<div class=\"RMCMFDBRhtml\">\r\n<div class=\"RMCMFDBRbody\">\r\n<div>\r\n<div>\r\n<div>\r\n<div>\r\n<h1 class=\"column-heading__header\"><span class=\"column-heading__title\">Unser Sexmob<\/span><\/h1>\r\n<h4 class=\"column-heading__header\">Eine Kolumne von <a href=\"http:\/\/www.zeit.de\/autoren\/F\/Thomas_Fischer\/index\">Thomas Fischer<\/a><\/h4>\r\n<p><em>Thomas Fischer ist Bundesrichter in Karlsruhe und schreibt f\u00fcr ZEIT und ZEIT ONLINE \u00fcber Rechtsfragen. <\/em><\/p>\r\n<h5 class=\"column-heading__header\"><a href=\"http:\/\/incuxhaven.de\/wp-content\/uploads\/2015\/11\/sexmob-koeln-kriminalitaet-strafrecht-fischer-im-recht.pdf\" rel=\"\">sexmob-koeln-kriminalitaet-strafrecht-fischer-im-recht<\/a><\/h5>\r\n<p>&#8212;&#8212;&#8212;&#8212;&#8212;&#8212;&#8212;&#8212;&#8212;&#8212;&#8212;&#8212;&#8212;&#8212;&#8212;&#8212;&#8212;&#8212;&#8212;&#8212;&#8212;-<\/p>\r\n<\/div>\r\n<div>#ausnahmslos<br \/><big><big>Gegen sexualisierte Gewalt und Rassismus<\/big><\/big><strong>Mit der Kampagne \u201eAusnahmslos\u201c positionieren sich namhafte Feministinnen gegen eine Instrumentalisierung von Rechts. Mit dabei sind auch die Initiatorinnen der #Aufschrei-Twitter-Kampagne, Anne Wizorek, Jasna Strick und Nicole von Horst.<\/strong><br \/>Im Sozialen Netzwerk Twitter hat am Montag ein neues Schlagwort einen steilen Aufstieg genommen. Unter dem sogenannten Hashtag #ausnahmslos setzen sich namhafte Feministinnen im Zuge der aufgeheizten Debatte \u00fcber die \u00dcbergriffe in der K\u00f6lner Silvesternacht daf\u00fcr ein, sich gegen sexualisierte Gewalt und Rassismus stark zu machen: \u201eImmer. \u00dcberall. #ausnahmslos.\u201c Sie verweisen damit auf einen gemeinsam formulierten Aufruf.Verfasst haben diesen 22 Feministinnen, unter ihnen die Initiatorinnen der #Aufschrei-Twitter-Kampagne, Anne Wizorek, Jasna Strick und Nicole von Horst, die damit Anfang 2013 ein Schlagwort schufen, um Erfahrungen mit Sexismus und sexualisierter Gewalt zu teilen und die Co-Gr\u00fcnderin des im selben Jahr folgenden \u00c4quivalents #SchauHin gegen Alltagsrassismus K\u00fcbra G\u00fcm\u00fcsay. Mehrere Vertreterinnen des feministischen \u201eMissy Magazine\u201c sind ebenso dabei, wie die Rapperin Sookee oder Frauen der Mainzer \u201ePeople of Colour\u201c-Hochschulgruppe, die k\u00fcrzlich eine Kampagne gegen #CampusRassismus an deutschen Hochschulen starteten.Zudem schlossen sich hunderte teils prominente Mitzeichnerinnen aus Politik, Medien, Wissenschafts- und Kulturbetrieb dem Aufruf an, darunter <em>[Anke und Daniel Domscheit-Berg,]<\/em> Bundesfamilienministerin Manuela Schwesig (SPD), die Gr\u00fcnen-Politikerinnen Claudia Roth und Renate K\u00fcnast, Linken-Vorsitzende Katja Kipping \u2013 und sogar internationale Mitstreiterinnen wie die US-amerikanische B\u00fcrgerrechtsikone Angela Davis.Die #ausnahmslos-Feministinnen fordern, sich konsequent gegen sexualisierte Gewalt einzusetzen und diese nicht nur zu thematisieren, wenn die Opfer wei\u00df und \u201edie T\u00e4ter die vermeintlich \u201aAnderen\u2018 sind: die muslimischen, arabischen, Schwarzen oder nordafrikanischen M\u00e4nner \u2013 kurzum, all jene, die rechte Populist_innen als ,nicht deutsch\u2018 verstehen\u201c. Feministische Anliegen d\u00fcrften nicht von Rechtspopulisten instrumentalisiert werden, wie in den vergangenen Tagen geschehen.Weiter hei\u00dft es: \u201eAlle Menschen sollen sich von klein auf, unabh\u00e4ngig von ihrer Ethnie, sexuellen Orientierung, Geschlechtsidentit\u00e4t, Religion oder Lebensweise, sicher f\u00fchlen und vor verbalen und k\u00f6rperlichen \u00dcbergriffen gesch\u00fctzt sein: egal ob auf der Stra\u00dfe, zu Hause, bei der Arbeit oder im Internet.\u201c Zudem stellen die Verfasserinnen Forderungen an Politik, Gesellschaft und Medien, etwa sexuelle Bel\u00e4stigung als eigenen Straftatbestand zu fassen, die Arbeit von Beratungsstellen zu st\u00e4rken und Opfer ernst zu nehmen.In den Sozialen Netzwerken stie\u00df das neue Schlagwort am Montag auf viel Zuspruch, wurde aber wie vergleichbare Hashtags auch direkt von Twitterern unterwandert, die das Schlagwort f\u00fcr gegenteilige Zwecke nutzten.<strong>Zur Kampagne: <a class=\"moz-txt-link-abbreviated\" href=\"http:\/\/www.ausnahmslos.org\">www.ausnahmslos.org<\/a> und auf Twitter: <a href=\"https:\/\/twitter.com\/ausnahmslosorg\" target=\"_blank\" rel=\"noopener noreferrer\">@ausnahmslosorg<\/a> und <a href=\"https:\/\/twitter.com\/hashtag\/ausnahmslos?src=hash\" target=\"_blank\" rel=\"noopener noreferrer\">#ausnahmslos<\/a>.<\/strong><\/div>\r\n<\/div>\r\n<\/div>\r\n<\/div>\r\n<\/div>\r\n<\/div>\r\n<\/div>\r\n<\/div>\r\n<div class=\"moz-forward-container\"><em>aus:\u00a0 Frankfurter Rundschau vom 11.01.16<\/em><\/div>\r\n<div class=\"moz-forward-container\"><strong>&#8212;&#8212;&#8212;&#8212;&#8212;&#8212;&#8212;&#8212;&#8212;&#8212;&#8212;&#8212;&#8212;&#8212;&#8212;&#8212;<\/strong><\/div>\r\n<h4 class=\"author\">Aus <em>SPIEGEL ONLINE<\/em><\/h4>\r\n<p class=\"author\">Eine Kolumne von <a class=\"autor-link js-author-link\" href=\"http:\/\/www.spiegel.de\/impressum\/autor-21963.html\" rel=\"author\" data-authorid=\"21963\">Margarete Stokowski<\/a><\/p>\r\n<h4 class=\"article-intro\"><strong>Die rassistische Hysterie nach den \u00dcbergriffen in verschiedenen deutschen St\u00e4dten schadet den Opfern, weil sie eine wirkliche Debatte \u00fcber sexualisierte Gewalt verhindert. <\/strong><\/h4>\r\n<h4 class=\"newsheadline\"><i><a href=\"http:\/\/incuxhaven.de\/wp-content\/uploads\/2015\/11\/Druckversion-S.P.O.N.-Oben-und-unten_-Des-Rudels-Kern-SPIEGEL-ONLINE-Kultur.pdf\" rel=\"\">Druckversion &#8211; S.P.O.N. &#8211; Oben und unten_ Des Rudels Kern &#8211; SPIEGEL ONLINE &#8211; Kultur<\/a><\/i><\/h4>\r\n<h4>Die Rape Culture wurde nicht nach Deutschland importiert \u2013 sie war schon immer da<\/h4>\r\n<h4 class=\"newsheadline\"><a href=\"http:\/\/www.vice.com\/de\/read\/die-rape-culture-wurde-nicht-nach-deutschland-importiert-sie-war-schon-immer-da-aufschrei-118\">http:\/\/www.vice.com\/de\/read\/die-rape-culture-wurde-nicht-nach-deutschland-importiert-sie-war-schon-immer-da-aufschrei-118<\/a><\/h4>\r\n<div class=\"newsheadline\"><a href=\"http:\/\/www.netz-gegen-nazis.de\/artikel\/silvesternacht-k%C3%B6ln-organisiertes-verbrechen-nicht-enthemmte-fl%C3%BCchtlinge-10812\">http:\/\/www.netz-gegen-nazis.de\/artikel\/silvesternacht-k%C3%B6ln-organisiertes-verbrechen-nicht-enthemmte-fl%C3%BCchtlinge-10812<\/a><\/div>\r\n<div class=\"newsheadline\">\u00a0<\/div>\r\n<div class=\"newsheadline\"><a href=\"http:\/\/www.netz-gegen-nazis.de\/artikel\/08012016-presseschau-10817#news-2\">http:\/\/www.netz-gegen-nazis.de\/artikel\/08012016-presseschau-10817#news-2<\/a><\/div>\r\n<h3 class=\"postmetadata\">&#8212;&#8212;&#8212;&#8212;&#8212;&#8212;&#8212;&#8212;&#8212;&#8212;&#8212;&#8212;&#8212;&#8212;&#8212;&#8212;&#8212;&#8212;&#8212;&#8212;&#8212;&#8212;&#8212;&#8212;&#8212;&#8212;&#8212;&#8212;&#8212;&#8212;&#8212;&#8212;&#8212;&#8212;&#8212;&#8212;&#8212;&#8212;&#8212;&#8212;&#8212;&#8211;<\/h3>\r\n<h3>Rechtswidrig abgeschobene tschetschenische Familie zur\u00fcck im Landkreis Gifhorn<\/h3>\r\n<p class=\"postmetadata\">Meldung vom Donnerstag den 7.01.2016 &#8211; Abgelegt unter: <a href=\"http:\/\/www.nds-fluerat.org\/rubrik\/pressemitteilungen\/\" rel=\"category tag\">Pressemitteilungen<\/a><\/p>\r\n<p align=\"LEFT\"><b>Presseinformation, 07.01.2016 <\/b><\/p>\r\n<p align=\"JUSTIFY\"><b>Rechtswidrig abgeschobene tschetschenische Familie zur\u00fcck im Landkreis Gifhorn <\/b><\/p>\r\n<p align=\"JUSTIFY\">Die Anfang Dezember 2015 seitens des Landkreises Gifhorn rechtswidrig abgeschobene tschetschenische Frau konnte mit ihren beiden minderj\u00e4hrigen Kindern zwischenzeitlich aus Russland wieder nach Deutschland einreisen. Der Landkreis Gifhorn hatte bereits Mitte Dezember daf\u00fcr die n\u00f6tigen Schritte in die Wege geleitet und tr\u00e4gt auch die Kosten der R\u00fcckreise. Die Deutsche Botschaft Moskau hat ebenfalls unb\u00fcrokratisch dazu beigetragen, dass die R\u00fcckreise nun z\u00fcgig erfolgen konnte.<\/p>\r\n<p align=\"JUSTIFY\">Aus Sicht des Fl\u00fcchtlingsrats Niedersachsen kommt es jetzt darauf an, dass die Familie wieder am bisherigen Wohnort leben kann, damit insbesondere der Schulbesuch der beiden Kinder erfolgreich weitergef\u00fchrt wird und keine weiteren H\u00e4rten entstehen. \u201eNach der schockierenden und unerwarteten Abschiebung muss die Familie jetzt bestm\u00f6glich durch den Landkreis Gifhorn unterst\u00fctzt und begleitet werden\u201c, so Sebastian Rose vom Fl\u00fcchtlingsrat.<\/p>\r\n<p align=\"JUSTIFY\">Es bleibt offen, wie es zu dieser Abschiebung \u00fcberhaupt kommen konnte, die w\u00e4hrend noch laufendem Asylverfahren erfolgte. Vor Abschluss eines Asylverfahrens ist eine Abschiebung in das Herkunftsland verboten. Es stellt sich die Frage, ob solche Fehler nicht auch dadurch beg\u00fcnstigt werden, dass von vielen Seiten der Ruf nach mehr und schnelleren Abschiebungen stetig lauter wird. <span id=\"more-18030\"><\/span><\/p>\r\n<p align=\"JUSTIFY\">Der Fall liegt weiterhin dem nieders\u00e4chsischen Innenministerium als Fachaufsichtsbeschwerde zur Pr\u00fcfung vor. Der Fl\u00fcchtlingsrat beh\u00e4lt sich daneben auch die Pr\u00fcfung weiterer rechtlicher Schritte vor.<\/p>\r\n<p align=\"JUSTIFY\"><strong>&#8212;&#8212;&#8212;&#8212;&#8212;&#8212;&#8212;&#8212;&#8212;&#8212;&#8212;&#8212;&#8212;&#8212;&#8212;&#8212;&#8212;&#8212;&#8212;&#8212;&#8212;&#8212;&#8212;&#8212;&#8212;&#8212;&#8212;&#8212;&#8212;&#8212;&#8212;&#8212;&#8212;&#8212;&#8212;&#8212;&#8212;&#8212;&#8212;&#8212;&#8212;&#8212;&#8212;&#8212;&#8212;&#8212;&#8212;&#8212;&#8212;&#8212;&#8212;&#8212;&#8212;&#8212;&#8211;<\/strong><\/p>\r\n<h3 class=\"postmetadata\">\u00a0<a href=\"http:\/\/incuxhaven.de\/wp-content\/uploads\/2015\/11\/Massenabschiebung-Protest-191215.jpg\" rel=\"attachment wp-att-468\"><img loading=\"lazy\" decoding=\"async\" class=\"size-medium wp-image-468 alignleft\" src=\"http:\/\/incuxhaven.de\/wp-content\/uploads\/2015\/11\/Massenabschiebung-Protest-191215-234x300.jpg\" alt=\"Massenabschiebung Protest 191215\" width=\"234\" height=\"300\" srcset=\"https:\/\/incuxhaven.de\/wp-content\/uploads\/2015\/11\/Massenabschiebung-Protest-191215-234x300.jpg 234w, https:\/\/incuxhaven.de\/wp-content\/uploads\/2015\/11\/Massenabschiebung-Protest-191215.jpg 559w\" sizes=\"auto, (max-width: 234px) 100vw, 234px\" \/><\/a><\/h3>\r\n<h3 class=\"postmetadata\">\u00a0<\/h3>\r\n<h4 style=\"text-align: left;\">\u00a0<\/h4>\r\n<h4 style=\"text-align: left;\">\u00a0<\/h4>\r\n<h4 style=\"text-align: left;\">\u00a0<\/h4>\r\n<h4 style=\"text-align: left;\">Interview mit Ernst Gottfried Mahrenholz (SPD, Ex -Verfassungsrichter)<\/h4>\r\n<audio class=\"wp-audio-shortcode\" id=\"audio-130-1\" preload=\"none\" style=\"width: 100%;\" controls=\"controls\"><source type=\"audio\/mpeg\" src=\"http:\/\/incuxhaven.de\/wp-content\/uploads\/2015\/11\/drk_20151223_0651_0fbc122b.mp3?_=1\" \/><a href=\"http:\/\/incuxhaven.de\/wp-content\/uploads\/2015\/11\/drk_20151223_0651_0fbc122b.mp3\">http:\/\/incuxhaven.de\/wp-content\/uploads\/2015\/11\/drk_20151223_0651_0fbc122b.mp3<\/a><\/audio>\r\n<h3 class=\"postmetadata\">&#8212;&#8212;&#8212;&#8212;&#8212;&#8212;&#8212;&#8212;&#8212;&#8212;&#8212;&#8212;&#8212;&#8212;&#8212;&#8212;&#8212;&#8212;&#8212;&#8212;&#8212;&#8212;&#8212;&#8212;&#8212;&#8212;&#8212;&#8212;&#8212;&#8212;&#8212;&#8212;&#8212;&#8212;&#8212;&#8212;&#8212;&#8212;&#8212;&#8212;&#8212;&#8212;&#8212;<\/h3>\r\n<h3><strong>Mahrenholz: Abschiebungen rechtswidrig<br \/><\/strong><em>Ex-Verfassungsrichter: Land verletzt Humanit\u00e4t<\/em><\/h3>\r\n<h4>Von Heiko Randermann<\/h4>\r\n<p>Hannover. Der ehemalige Bundesverfassungsrichter Ernst Gottfried Mahrenholz (SPD) hat die Abschiebung von 125\u2006Menschen in den Kosovo durch das Land Niedersachsen als verfassungswidrig kritisiert. Mit dieser Aktion sei \u201eauch ein St\u00fcck Humanit\u00e4t abgeschoben worden\u201c, sagte Mahrenholz der HAZ. \u201eDiese Familien waren hier verwurzelt. Ihre Kinder waren hier geboren.\u201c Das Land Niedersachsen habe lange gewusst, dass diese Menschen kein Aufenthaltsrecht h\u00e4tten. Es sei damit selbst zur Ursache f\u00fcr die jahre- und jahrzehntelange Duldung der Menschen geworden.<span id=\"more-17885\"><\/span><\/p>\r\n<p>Den Rechtsbruch sieht der fr\u00fchere nieders\u00e4chsische Kultusminister darin, dass Niedersachsen von diesem Kurs ohne nachvollziehbaren Grund abgewichen sei: \u201eDer Staat durfte gegen\u00fcber den Betroffenen nicht so handeln wie gegen\u00fcber einem soeben abgewiesenen Asylbewerber.\u201c Niedersachsen habe mit seiner Duldung den Menschen erlaubt, sich hier ein Leben einzurichten \u2013 und das binde ihn.<\/p>\r\n<p>\u201eHier geht es um die Verantwortung aus vorangegangenem Tun \u2013 das verpflichtet den Staat\u201c, argumentiert Mahrenholz. \u201eWo liegt der Grund f\u00fcr die Abschiebung, wenn \u2013 so Innenminister Boris Pistorius \u2013 der Asylkompromiss auf Bundesebene nichts damit zu tun gehabt hatte?\u201c<\/p>\r\n<p>Insbesondere die Menschenw\u00fcrde der Kinder und Jugendlichen sei verletzt worden. \u201eSie sind jetzt in ihrer je eigenen geistigen, bildungsm\u00e4\u00dfigen und moralischen Entwicklung von den Chancen abgeschnitten, die Niedersachsen ihnen geboten hatte\u201c, sagte Mahrenholz. Erhellend sei hier der Blick auf die eigenen Kinder.<\/p>\r\n<p>Das Land hatte am Mittwoch mit einer Chartermaschine 125 Menschen aus Albanien, Serbien und dem Kosovo \u00fcber den Flughafen Hannover abgeschoben. Unter ihnen waren nach Zeugenberichten \u00e4ltere Personen mit Gehhilfen, aber auch viele junge Menschen.<\/p>\r\n<h3 class=\"postmetadata\">Mehr Menschlichkeit in der Ausl\u00e4nderpolitik durch Massenabschiebung?<\/h3>\r\n<p class=\"postmetadata\">Meldung vom Donnerstag den 17.12.2015 &#8211; Abgelegt unter: <a href=\"http:\/\/www.nds-fluerat.org\/rubrik\/pressemitteilungen\/\" rel=\"category tag\">Pressemitteilungen<\/a><\/p>\r\n<p>125 Fl\u00fcchtlinge wurden gestern morgen ohne vorherige Ank\u00fcndigung in Niedersachsen festgenommen und in den Kosovo abgeschoben. Eine solche Massenabschiebung ist von der Landesregierung mehrfach angek\u00fcndigt worden. F\u00fcr \u00dcberraschung und Emp\u00f6rung sorgt allerdings die Tatsache, dass sich unter den Betroffenen viele langj\u00e4hrig geduldete Fl\u00fcchtlinge befanden \u2013 also solche Fl\u00fcchtlinge, die die Innenminister Pistorius mehrfach und ausdr\u00fccklich eine vorsichtige und menschliche Praxis versprochen hat. <span id=\"more-17630\"><\/span><\/p>\r\n<p>Der nachfolgende Auszug aus einem Bericht der Hannoverschen Zeitung spricht f\u00fcr sich: Betroffen waren auch Kinder und Jugendliche, die bereits Jahrzehntelang in Niedersachsen lebten oder zur Schule gingen, und die den Kosovo nur aus den Berichten ihrer Eltern kennen. Der Fl\u00fcchtlingsrat hat diese Massenabschiebung scharf kritisiert: Eine Landesregierung, die vor einem Jahr noch \u00f6ffentlich erkl\u00e4rt hat, <a href=\"https:\/\/www.google.de\/url?sa=t&amp;rct=j&amp;q=&amp;esrc=s&amp;source=web&amp;cd=1&amp;cad=rja&amp;uact=8&amp;ved=0ahUKEwi87Mqg7-LJAhUHCSwKHVSCD8cQFggkMAA&amp;url=http%3A%2F%2Fwww.mi.niedersachsen.de%2Fportal%2Flive.php%3Fnavigation_id%3D14797%26article_id%3D127958%26_psmand%3D33&amp;usg=AFQjCNHK6I99T2tcRTbWhT06pBCORipr8w\">mehr Menschlichkeit in der Ausl\u00e4nder- und Fl\u00fcchtlingspolitik<\/a> an den Tag zu legen, hat mit Fl\u00fcchtlingen anders umzugehen. Auch wenn eine Ank\u00fcndigung des Abschiebungstermins inzwischen gesetzlich untersagt ist, h\u00e4tte die M\u00f6glichkeit bestanden, in entsprechenden F\u00e4llen zumindest eine Einzelfallpr\u00fcfung vorzunehmen, und den Fl\u00fcchtlingen (wenn \u00fcberhaupt) vorher und ohne Terminansage anzuk\u00fcndigen, dass eine Abschiebung demn\u00e4chst eingeleitet wird, um ihnen so die M\u00f6glichkeit einzur\u00e4umen, sich vorzubereiten oder ggfs. rechtliche Schritte zur \u00dcberpr\u00fcfung der Abschiebungen einzuleiten. Nach Auffassung des Fl\u00fcchtlingsrat Niedersachsen verbietet es sich grunds\u00e4tzlich, Fl\u00fcchtlingskinder abzuschieben, die hier bei uns aufgewachsen sind und den Kosovo nur vom H\u00f6rensagen kennen.<\/p>\r\n<p>Viele der betroffenen Kinder und Jugendlichen sind in unserer Gesellschaft gro\u00df geworden. Sie sind deutsch sozialisiert und sprechen kein serbokroatisch. Es erscheint \u00fcberaus fragw\u00fcrdig, ihnen ein Aufenthaltsrecht mit der Begr\u00fcndung zu verweigern, sie h\u00e4tten einige Tage unentschuldigt in der Schule gefehlt, wie dies k\u00fcrzlich das Verwaltungsgericht G\u00f6ttingen entschieden hat..<\/p>\r\n<p>Ihre Hoffnungen und W\u00fcnsche werden diese Jugendlichen nach einer Abschiebung vergessen m\u00fcssen. Was wird aus einem 13-j\u00e4hrigen Roma-Jungen, der heute in ein Roma-Ghetto abgeschoben wird, oft genug in Wellblechbaracken ohne Wasser und Strom? UNICEF-Studien zufolge haben diese Kinder kaum eine Chance, die Schule zu besuchen und einen Beruf zu erlernen. Stattdessen werden sie gezwungen sein, ihren Lebensunterhalt mit Metall- oder Papiersammeln zu verdienen. Hinzu kommt die allt\u00e4gliche Diskriminierung und Ausgrenzung von Roma. Ist es ein Ausdruck von \u201eRealit\u00e4tssinn\u201c, diese Kinder in ein Land abzuschieben, das sie nicht kennen und in dem sie offensichtlich untergehen werden?<\/p>\r\n<p>Der EGMR postuliert, dass der Artikel 8 der EMRK diejenigen sch\u00fctze, die in Deutschland verwurzelt sind und keine Bez\u00fcge zu ihrem angeblichen Herkunftsland haben. Das OVG Bremen leitet daraus schon f\u00fcr Jugendliche ab 14 Jahren Anspr\u00fcche ab \u2013 im Unterschied zum nds. OVG L\u00fcneburg. Die Frage ist nat\u00fcrlich, ab welchem Alter Kinder diese Rechte in Anspruch nehmen k\u00f6nnen \u2013 als eigenst\u00e4ndige Rechtspersonen. Aber nat\u00fcrlich handelt es sich hierbei um zentrale menschenrechtliche Fragestellungen. Die Antwort, die das Land Niedersachsen mit der gestrigen Massenabschiebung gegeben hat, ist ersch\u00fctternd kaltschn\u00e4uzig.<\/p>\r\n<p>Kai Weber<\/p>\r\n<h5 class=\"newsheadline\"><em>HAZ vom 17.12.2015<br \/><a class=\"moz-txt-link-freetext\" href=\"http:\/\/www.haz.de\/Nachrichten\/Politik\/Niedersachsen\/Abschiebung-von-125-Asylbewerbern-aus-Niedersachsen\">http:\/\/www.haz.de\/Nachrichten\/Politik\/Niedersachsen\/Abschiebung-von-125-Asylbewerbern-aus-Niedersachsen<\/a><\/em><\/h5>\r\n<h3 class=\"newsheadline\"><strong>Pl\u00f6tzlich nicht mehr geduldet<br \/><\/strong><strong>Das Land wendet das sch\u00e4rfere Asylrecht an:<br \/>125 Menschen wurden gestern mit dem Flugzeug in den Kosovo abgeschoben<\/strong><\/h3>\r\n<div class=\"byline\"><em>Von Karl Doeleke<\/em><\/div>\r\n<div class=\"picturecontainer\" data-component=\"articlemainimage\" data-i=\"0\">\r\n<div class=\"picturetext\">Hannover. Gestern am fr\u00fchen Morgen in Friesoythe. Gzim B. wollte gerade aufstehen, fr\u00fchst\u00fccken, zur Schule gehen. Seit 1988 ist seine Familie in Deutschland. \u201ePl\u00f6tzlich stand ein Mann vom Landkreis Cloppenburg in meinem Zimmer\u201c, erz\u00e4hlt der 15-J\u00e4hrige am Handy, da befindet er sich bereits im Terminal D am Flughafen in Langenhagen. Zwei Stunden sp\u00e4ter wird er in einer vom Land gecharterten Boeing 737-800 nach Pristina im Kosovo abgeschoben.<\/div>\r\n<\/div>\r\n<div class=\"newstext\">\r\n<p>So oder so \u00e4hnlich ist es vielen abgelehnten Asylbewerbern in Niedersachsen am Mittwoch ergangen, ganz \u00fcberwiegend langj\u00e4hrig geduldete Menschen aus dem Kosovo, aus Albanien und Serbien. Nach vielen Jahren in Niedersachsen d\u00fcrfen sie pl\u00f6tzlich nicht mehr bleiben. Das ist das neue sch\u00e4rfere Asylrecht, das Bundestag und Bundesrat unter dem Eindruck der Fl\u00fcchtlingskrise Ende Oktober verabschiedet haben.<\/p>\r\n<p>Gzim B., seine Geschwister und Eltern sind Roma aus dem Kosovo. Sie wurden von der Polizei in einem Kleintransporter zun\u00e4chst nach Cloppenburg in die Kreisstadt gefahren. Dort mussten sie mit weiteren abgelehnten Asylbewerbern in einen Reisebus steigen, der sie nach Langenhagen brachte. Am Terminal D fuhren gestern Mittag immer neue Busse, Kleintransporter und Pkw mit Kennzeichen aus Braunschweig, Uelzen, Oldenburg und Cuxhaven vor. 125 Menschen mit Koffern oder Plastikt\u00fcten stiegen aus, in die sie das N\u00f6tigste gepackt hatten \u2013 sie hatten erst am Morgen erfahren, dass sie nicht mehr bleiben d\u00fcrfen. Alte Menschen waren darunter und ganz junge wie Gzim B., der nach dem Hauptschulabschluss zur Realschule gehen wollte. \u201eMeine Zukunft ist zerst\u00f6rt\u201c, sagte er gestern. \u201eIch kenne niemanden im Kosovo. Ich war noch nie dort.\u201c<\/p>\r\n<p>Erst zu Jahresbeginn hatte Innenminister Boris Pistorius per Erlass angeordnet, dass Abschiebungen immer vorher anzuk\u00fcndigen sind. Doch das war, bevor in nur einem Jahr eine Million Fl\u00fcchtlinge nach Deutschland kamen. Der Erlass ist vom Bundesrecht \u00fcberholt.<\/p>\r\n<p>Entsprechend ungl\u00fccklich waren sie gestern bei SPD und Gr\u00fcnen im Landtag. Auch der Fl\u00fcchtlingsrat \u00fcbte Kritik. \u201eDiese Leute sind hier aufgewachsen und haben hier ihre Heimat\u201c, sagte Kai Weber. \u201eSie werden in ein Land abgeschoben, dessen Sprache sie oft nicht einmal sprechen.\u201c<\/p>\r\n<p>Innenminister Boris Pistorius rechtfertigte die Abschiebung. \u201eDas ist ein v\u00f6llig normaler Vorgang. In anderen Bundesl\u00e4ndern ist das schon viel \u00f6fter passiert\u201c, sagte der SPD-Politiker gestern. Dass es einen solchen Flug geben soll, habe die Landesregierung im November angek\u00fcndigt. Die Rechtslage sei eindeutig. In keinem der F\u00e4lle gebe es ein Ausweisungshindernis. Der SPD-Abgeordnete Ulrich Watermann sagte, nach dem Asylkompromiss gebe es wenig rechtliche Handhabe. Man habe immer davor gewarnt, dass viele langj\u00e4hrige Geduldete betroffen seien. \u201eMan h\u00e4tte einen Schnitt machen m\u00fcssen. Aber daf\u00fcr gab es keine Mehrheit.\u201c<\/p>\r\n<p>Gzim B. sagte gestern Abend, der Flug nach Pristina sei \u201eokay\u201c gewesen. \u201eJetzt wissen wir aber nicht wohin. Wir haben keine Bleibe. Keine Ahnung, wo sie uns jetzt hinschicken.\u201c Dann hat er keine Zeit mehr. Er muss sich registrieren lassen. Die Temperatur gestern Abend in der Hauptstadt des Kosovo: ein Grad Celsius.<\/p>\r\n<\/div>\r\n<h3>&#8212;&#8212;&#8212;&#8212;&#8212;&#8212;&#8212;&#8212;&#8212;&#8212;&#8212;&#8212;&#8212;&#8212;&#8212;&#8212;&#8212;-<\/h3>\r\n<div class=\"newsheadline\">\r\n<h5 class=\"subline\"><strong>Abgeschobene Tschetschenin kommt wieder<\/strong><br \/><strong>Landkreis Gifhorn holt Fl\u00fcchtling zur\u00fcck<\/strong><\/h5>\r\n<p>Der Landkreis Gifhorn hat zugesagt, den vorgenommenen Rechtsbruch zu heilen und eine rechtswidrig abgeschobene Tschetschenin mit ihren beiden 11- und 14-j\u00e4hrigen Kindern wieder aus Russland zur\u00fcckzuholen. Das berichtet die HAZ in ihrer heutigen Ausgabe. Landrat Ebel hatte zuvor in einer Presseerkl\u00e4rung noch behauptet, das Vorgehen des Landkreises sei rechtm\u00e4\u00dfig gewesen. Wieweit das der Familie angetane Unrecht \u00fcberhaupt wieder gutgemacht werden kann, bleibt abzuwarten. Insbesondere ein Kind leidet infolge schwerer Gewalterfahrungen unter psychischen Problemen. Inzwischen hat sich auch UNHCR in den Fall eingeschaltet und um Akteneinsicht gebeten. Zu fordern ist, dass die Beh\u00f6rden jetzt alles daran setzen, eine schnelle R\u00fcckkehr nach Deutschland zu erm\u00f6glichen. Nachfolgend der Bericht aus der heutigen Ausgabe der HAZ:<\/p>\r\n<\/div>\r\n<div class=\"newsheadline\">____________________________________________________<\/div>\r\n<div class=\"newsheadline\">HAZ vom 22.12.2015<\/div>\r\n<div class=\"newsheadline\">Abgeschobene Tschetschenin kommt wieder<\/div>\r\n<div class=\"subline\">Landkreis Gifhorn holt Fl\u00fcchtling zur\u00fcck<\/div>\r\n<div class=\"byline\">VON Michael B. Berger<\/div>\r\n<div class=\"newstext\">\r\n<p>Hannover. Der Landkreis Gifhorn holt eine Anfang Dezember nach Russland abgeschobene Tschetschenin wieder zur\u00fcck. Das best\u00e4tigte die Rechtsanw\u00e4ltin der 52-j\u00e4hrigen Fl\u00fcchtlingsfrau, Ina Stelten, am Montag der HAZ. Die Tschetschenin war am 2. Dezember mit ihren beiden 14- und elfj\u00e4hrigen Kindern in die russische F\u00f6deration abgeschoben worden, obwohl ein Asylverfahren noch nicht abgeschlossen worden war. \u201eEinen so krassen Fall habe ich noch nicht erlebt\u201c, meinte Anw\u00e4ltin Stelten, die die Abschiebung im Dezember nicht mehr verhindern konnte. Der Fl\u00fcchtlingsrat hat wegen dieser \u201ekrassen Menschenrechtsverletzung\u201c (Gesch\u00e4ftsf\u00fchrer Kai Weber) das Fl\u00fcchtlingshilfswerk der Vereinten Nationen eingeschaltet, das sich um Akteneinsicht bem\u00fcht.<\/p>\r\n<p>\u201eDie Ausl\u00e4nderbeh\u00f6rde des Landkreises hat uns mitgeteilt, dass sie die Kosten des R\u00fcckflugs \u00fcbernimmt\u201c, sagte die Anw\u00e4ltin. Jetzt gehe es darum, dass die Familie m\u00f6glichst schnell ein Einreisevisum bekomme. Die Anw\u00e4ltin hofft, dass dies Anfang kommenden Jahres geschieht. Die Tschetschenin war am 2. Dezember mit einem begleitenden Arzt ins Flugzeug gesetzt worden, obwohl kurz zuvor ein Braunschweiger Gericht dies verboten hatte und auch das Bundesamt f\u00fcr Migration und Flucht (BAMF) eingeschritten war. Der Landrat in Gifhorn, Andreas Ebel, hatte damals die Abschiebung als rechtens bezeichnet und darauf hingewiesen, dass das BAMF urspr\u00fcnglich die Asylantr\u00e4ge der Frau abgelehnt hatte, die \u00fcber Polen nach Deutschland eingereist war. Der Einspruch des Braunschweiger Verwaltungsgerichts h\u00e4tte den Landkreis zu sp\u00e4t erreicht, argumentierte damals der Landrat. Die Familie war zun\u00e4chst in Moskau gelandet, wo es ihr nach Angaben der Anw\u00e4ltin sehr schlecht gegangen sei. So litte die elfj\u00e4hrige Tochter der Frau unter einer schweren posttraumatischen St\u00f6rung.<\/p>\r\n<p>Das nieders\u00e4chsische Innenministerium wollte die R\u00fcckholung gestern nicht kommentieren. Kai Weber vom Fl\u00fcchtlingsrat meinte, \u201ewenigstens eine gute Nachricht\u201c. Der Landkreis selbst schwieg.<\/p>\r\n<p><strong> Fl\u00fcchtlingsrat Niedersachsen e.V. <\/strong><\/p>\r\n<\/div>\r\n<h3>Neues aus Altenwalde<\/h3>\r\n<p>Am Freitag, 11.12. sind die ersten 200 Menschen in der Notunterkunft angekommen und haben nach einem kurzen medizinischen Check die R\u00e4ume bezogen. In den n\u00e4chsten Tagen k\u00f6nnten weitere Neuank\u00f6mmlingen kommen, das DRK rechnet aber erst Ende Januar mit einer \u201eVollbelegung\u201c. siehe unter Links OHA Offenes Herz Altenwalde<\/p>\r\n<h3>&#8212;&#8212;&#8212;&#8212;&#8212;&#8212;&#8212;&#8212;&#8212;&#8212;&#8212;&#8212;&#8212;&#8212;&#8212;&#8212;&#8212;-<\/h3>\r\n<h5><strong>Neues zur Familie Meta<\/strong><\/h5>\r\n<p>Im Dezember 2011 wurde die Romafamilie Meta aus Otterndorf in den Kosovo abgeschoben.<br \/>Seit November 2013 ist die Familie wieder zur\u00fcck in Otterndorf.<br \/>Die Anh\u00f6rung vor dem BAMF war am 14.12. 2015<\/p>\r\n<p>\u00dcber die neuen Entwicklungen werden wir informieren.<br \/>Ein Jahr vor der Abschiebung schrieb der \u00e4lteste Sohn Lumni einen Rap. (siehe unter Audio und Video)<\/p>\r\n<h3>&#8212;&#8212;&#8212;&#8212;&#8212;&#8212;&#8212;&#8212;&#8212;&#8212;&#8212;&#8212;&#8212;&#8212;&#8212;&#8212;&#8212;-<\/h3>\r\n<h5><strong>Abschiebepraxis in Bayern <\/strong><\/h5>\r\n<p><a href=\"http:\/\/www.sueddeutsche.de\/bayern\/fluechtlinge-ohne-bleibeperspektive-raus-aber-zackig-1.2780489\">http:\/\/www.sueddeutsche.de\/bayern\/fluechtlinge-ohne-bleibeperspektive-raus-aber-zackig-1.2780489<\/a><\/p>\r\n<h5><strong>Deutschkurse f\u00fcr Alle<\/strong><\/h5>\r\n<p><a href=\"https:\/\/www.change.org\/p\/bundesregierung-bundesinnenminister-thomas-de-maizi%C3%A8re-innenminister-des-landes-schleswig-holstein-stefan-studt-deutschkurse-f%C3%BCr-alle-bundesregierung-schlie%C3%9Ft-afghanen-u-a-aus\">https:\/\/www.change.org\/p\/bundesregierung-bundesinnenminister-thomas-de-maizi%C3%A8re-innenminister-des-landes-schleswig-holstein-stefan-studt-deutschkurse-f%C3%BCr-alle-bundesregierung-schlie%C3%9Ft-afghanen-u-a-aus\/sponsors\/new<\/a><\/p>\r\n<h3>&#8212;&#8212;&#8212;&#8212;&#8212;&#8212;&#8212;&#8212;&#8212;&#8212;&#8212;&#8212;&#8212;&#8212;&#8212;&#8212;&#8212;-<\/h3>\r\n<h3>Erfahrungsbericht von den Balkangrenzen<\/h3>\r\n<h5><a href=\"http:\/\/pangaea-project.org\/2015\/11\/11\/grenzerfahrungen-erfahrungsbericht-von-den-balkangrenzen\/\">http:\/\/pangaea-project.org\/2015\/11\/11\/grenzerfahrungen-erfahrungsbericht-von-den-balkangrenzen\/<\/a><\/h5>\r\n<h3><strong>&#8212;&#8212;&#8212;&#8212;&#8212;&#8212;&#8212;&#8212;&#8212;&#8212;&#8212;&#8212;&#8212;&#8212;&#8212;&#8212;&#8212;<\/strong><\/h3>\r\n<h5><strong>Vollzug ohne Pr\u00fcfung von Schutzgr\u00fcnden<\/strong><\/h5>\r\n<p><strong>setzt tschetschenische Fl\u00fcchtlingsfamilie akuter Gefahr von Verfolgung oder menschenrechtswidriger Behandlung aus<\/strong><\/p>\r\n<p>Bereits am 2. Dezember hat der Landkreis Gifhorn eine alleinstehende tschetschenische Fl\u00fcchtlingsfrau (52) mit ihren beiden 14- und 11-j\u00e4hrigen Kindern rechtswidrig in die russische F\u00f6deration abgeschoben. Das Vorgehen des Landkreis Gifhorn stellt damit eine flagrante Verletzung des internationalen V\u00f6lkerrechts und der nationalen Vorschriften dar.\u00a0 Daher fordert der Fl\u00fcchtlingsrat eine sofortige Enthebung der verantwortlichen Beamten im Landkreis Gifhorn und die umgehende Organisation einer R\u00fcckkehr der Familie nach Deutschland. Zum Ablauf der Ereignisse:<span id=\"more-17559\"><\/span><\/p>\r\n<p>Am Morgen des 2. Oktober dringen 10 Polizisten gegen 7:15 Uhr ohne Vorank\u00fcndigung in die Wohnung der im Oktober 2013 nach Deutschland gefl\u00fcchteten tschetschenischen Familie O. ein und n\u00f6tigen sie, ihre Sachen zu packen. Vorliegende Atteste \u00fcber die 11-j\u00e4hrige, psychisch schwerkranke Tochter, die bereits mehrere Suizidversuche aufgrund schwerwiegender Gewalterfahrungen hinter sich hat und sich aufgrund einer schweren posttraumatischen Belastungsst\u00f6rung in psychologischer Behandlung befindet, beeindrucken die Beamten nicht. Sie zwingen die Familie ins Flugzeug und verweigern eine Pr\u00fcfung des Gesundheitszustands vor dem Abflug auch der Mutter, die \u00fcber Schwindel und hohen Blutdruck klagt.\u00a0 Anw\u00e4ltin Inken Stern informiert das BAMF, das vergeblich bei der Ausl\u00e4nderbeh\u00f6rde um eine Aussetzung der Abschiebung nachsucht. Auch die Anw\u00e4ltin wird von der Ausl\u00e4nderbeh\u00f6rde hingehalten. Schlie\u00dflich stellt Rechtanw\u00e4ltin Stern um 9:40 Uhr \u2013 eine Stunde vor dem Abheben der Maschine \u2013 einen Eilantrag beim Verwaltungsgericht Braunschweig, das die offenkundige Rechtswidrigkeit der Abschiebung feststellt. Dennoch wird die Abschiebung durchgef\u00fchrt: Die Bundespolizei habe, so hei\u00dft es, die Familie nicht mehr aus dem Flieger herausholen k\u00f6nnen.<\/p>\r\n<p>In Moskau angekommen, erh\u00e4lt die mittellose Frau O. mit ihren Kindern Unterst\u00fctzung von einer Frau, die die Familie bei Angeh\u00f6rigen unterbringt. Zum Arzt kann Frau O. mit ihren T\u00f6chtern nicht gehen, weil sie kein Geld hat. Aber es geht ihr sehr schlecht. Anw\u00e4ltin Inken Stern hat mittlerweile einen Antrag beim Landkreis Gifhorn auf Folgenbeseitigung gestellt.<\/p>\r\n<p>Zur Vorgeschichte: Das BAMF hatte zun\u00e4chst einen Dublin-Bescheid erlassen, dem zufolge die Zust\u00e4ndigkeit f\u00fcr die Durchf\u00fchrung des Asylverfahrens auf der Grundlage der Dublinverordnung bei Polen liege. Ein dagegen gerichteter Eilantrag, der lediglich die Frage der formalen Zust\u00e4ndigkeit f\u00fcr die Pr\u00fcfung des gestellten Asylantrags zum Gegenstand hatte, wurde vom Verwaltungsgericht Braunschweig am 30.04.2015 abgelehnt. Da die Abschiebung nach Polen aus gesundheitlichen Gr\u00fcnden in der Folgezeit nicht durchgef\u00fchrt werden konnte, ging die Zust\u00e4ndigkeit f\u00fcr die Pr\u00fcfung von v\u00f6lkerrechtlichen oder nationalen Abschiebungshindernissen mit Fristablauf zum 19.08.2015 auf Deutschland \u00fcber, was der Ausl\u00e4nderbeh\u00f6rde mit BAMF-Schreiben vom 18.09.2015 auch mitgeteilt worden ist. Damit entfiel die Abschiebungsdrohung nach Polen. Eine Abschiebung ins Herkunftsland Russland war zu keinem Zeitpunkt statthaft. Auch die Intervention des BAMF am Tag der Abschiebung bei der Ausl\u00e4nderbeh\u00f6rde konnte diese nicht dazu bewegen, die Abschiebung zu stoppen.<\/p>\r\n<p>Anlage: <a class=\"pdf\" href=\"http:\/\/www.nds-fluerat.org\/wp-content\/uploads\/2015\/12\/Unterlagen_anonym.pdf\">Unterlagen Familie O.<\/a><\/p>\r\n<pre class=\"moz-signature\">-- \r\nFl\u00fcchtlingsrat Niedersachsen e.V.\r\nLanger Garten 23 B\r\nD - 31137 Hildesheim\r\n\r\n<strong>------------------------------------------------------------------------------------------------------------------------------------------------------------------<\/strong><\/pre>\r\n<h4>Musterbrief an die Abgeordneten des Deutschen Bundestages<\/h4>\r\n<p>Sehr geehrte*r _________________,<br \/>Ich wende mich an Sie als Mitglied des Deutschen Bundestages. In K\u00fcrze soll \u00fcber das Asylverfahrensbeschleunigungsgesetz (Asylpaket II) entschieden werden. Der aktuelle Gesetzesentwurf ist nicht mit Grund \u2013 und Menschenrechten vereinbar, wie verschiedene Fachverb\u00e4nde und Gefl\u00fcchtetenorganisationen bereits aufgezeigt haben.<br \/>1. F\u00fcr die beschleunigten Verfahren ist eine Pr\u00fcfungs-, Widerspruchs- und Entscheidungsfrist von jeweils einer Woche vorgesehen. So haben Betroffene (die nur Sachleistungen beziehen) keine realistischen Chancen auf Rechtsberatung durch Anw\u00e4lt*innen. Ein faires Asylverfahren und die verfassungsrechtliche Garantie des effektiven Rechtsschutzes sind also nicht gew\u00e4hrleistet. (siehe Position des Deutschen Anwaltsvereins DAV unter: <a class=\"moz-txt-link-freetext\" href=\"http:\/\/anwaltverein.de\/de\/newsroom\/zum-geplanten-gesetz-zur-einfuehrung-beschleunigter-asylverfahren-neues-asylrecht-darf-keine-rechtsfreien-raeume-schaffen\">http:\/\/anwaltverein.de\/de\/newsroom\/zum-geplanten-gesetz-zur-einfuehrung-beschleunigter-asylverfahren-neues-asylrecht-darf-keine-rechtsfreien-raeume-schaffen<\/a>)<br \/>Insbesondere traumatisierte Menschen werden durch die K\u00fcrze der Zeit massiv in der Wahrnehmung ihres Rechtes auf Asyl eingeschr\u00e4nkt, da sie Zeit und Schutz brauchen um \u00fcber Gewalterfahrungen als Asylgrund sprechen zu k\u00f6nnen. Ebenso ist zweifelhaft, inwiefern kleinere (einmalige!) Verst\u00f6\u00dfe gegen formale Auflagen oder die Residenzpflicht die Einstellung eines Verfahrens rechtfertigen, das dar\u00fcber entscheidet, ob einem Menschen Schutz vor Verfolgung und Gewalt geboten wird oder nicht.<\/p>\r\n<p>2. Die Aussetzung des Familiennachzugs f\u00fcr Gefl\u00fcchtete mit subsidi\u00e4rem Schutz f\u00fcr 2 Jahre widerspricht dem verfassungsm\u00e4\u00dfigen Auftrag zum Schutz der Familie. Sie gef\u00e4hrdet au\u00dferdem ohne sachlichen Grund die im Herkunftsland verbliebenen Angeh\u00f6rigen, ebenfalls Opfer von Folter oder Gewalt zu werden oder auf der Flucht ihr Leben zu riskieren.<\/p>\r\n<p>3. Die geplanten Regelungen zu medizinischen Abschiebehindernissen sehen vor, dass auch lebensbedrohlich erkrankte Personen abgeschoben werden k\u00f6nnen, wenn die Krankheit schon vor Einreise bestand, oder eine medizinische Versorgung im Herkunftsland theoretisch m\u00f6glich ist. Es soll jedoch nicht gepr\u00fcft werden, ob dies im Einzelfall tats\u00e4chlich realistisch und zumutbar ist. Auch der Nachweis relevanter bestehender Erkrankungen wird durch die b\u00fcrokratischen Regelungen und engen Zeitfenstern erschwert bis unm\u00f6glich gemacht. (Zu den gesundheitlichen Folgen der Abschiebung von Menschen mit posttraumatischen Belastungsst\u00f6rungen siehe Stellungnahme der Bundesweiten Arbeitsgemeinschaft der psychosozialen Zentren f\u00fcr Fl\u00fcchtlinge und Folteropfer BAFF: <a class=\"moz-txt-link-freetext\" href=\"http:\/\/www.baff-zentren.org\/news\/stellungnahme-m-asylpaket-ii\">http:\/\/www.baff-zentren.org\/news\/stellungnahme-m-asylpaket-ii<\/a>)<br \/>Es kann nicht sein, dass zur Vollziehbarkeit von Abschiebungen die Gef\u00e4hrdung von Leib und Leben der Betroffenen in Kauf genommen wird!<\/p>\r\n<p>Ich fordere Sie deshalb auf, sich diesen Angriffen auf Grundrechte und Menschenw\u00fcrde der betroffenen Gefl\u00fcchteten entgegenzustellen und sollte es zu einer Abstimmung kommen, diesem oder einem \u00e4hnlichen Gesetzesentwurf Ihre Zustimmung zu verweigern.<\/p>\r\n<p>\u201eDie Menschenw\u00fcrde ist migrationspolitisch nicht zu relativieren\u201c &#8211; Urteil des Bundesverfassungsgerichts 2012 &#8211;<\/p>\r\n<p>Mit freundlichen Gr\u00fc\u00dfen<\/p>\r\n<p>Ihr Name<\/p>\r\n<p><strong>&#8212;&#8212;&#8212;&#8212;&#8212;&#8212;&#8212;&#8212;&#8212;&#8212;&#8212;&#8212;&#8212;&#8212;&#8212;&#8212;&#8212;&#8212;&#8212;&#8212;&#8212;&#8212;&#8212;&#8212;&#8212;&#8212;&#8212;&#8212;&#8212;-<\/strong><\/p>\r\n<p><strong>Die \u201eNoBorder-Train-Kitchen\u201c, kochen seit einer Woche t\u00e4glich f\u00fcr 2000 Menschen an der griechisch-mazedonischen Grenze in Idomeni.<\/strong><br \/><a class=\"moz-txt-link-freetext\" href=\"http:\/\/grenzenloskochenhannover.blogsport.de\/2015\/12\/03\/unterstuetzungs-aufruf-call-for-support-noborder-train-kitchen-idomeni\/\">http:\/\/grenzenloskochenhannover.blogsport.de\/2015\/12\/03\/unterstuetzungs-aufruf-call-for-support-noborder-train-kitchen-idomeni\/<\/a><\/p>\r\n<h4>&#8212;&#8212;&#8212;&#8212;&#8212;&#8212;&#8212;&#8212;&#8212;&#8212;&#8212;&#8212;&#8212;&#8212;&#8212;&#8212;&#8212;&#8212;&#8212;&#8212;<\/h4>\r\n<h5><strong>Fl\u00fcchtlingsrat und Landesarmutskonferenz appellieren an Landesregierung:<\/strong><br \/><strong>Keine Zustimmung zu neuerlichen Asylrechtsversch\u00e4rfungen!<\/strong><\/h5>\r\n<p><a href=\"http:\/\/incuxhaven.de\/wp-content\/uploads\/2015\/11\/PM_-Asyl_LAK_integriert_final.pdf\">PM_ Asyl_LAK_integriert_final<\/a><\/p>\r\n<p>&#8212;&#8212;&#8212;&#8212;&#8212;&#8212;&#8212;&#8212;&#8212;&#8212;&#8212;&#8212;&#8212;&#8212;&#8212;&#8212;&#8212;&#8212;&#8212;&#8212;&#8212;&#8212;&#8212;&#8212;&#8212;&#8212;&#8212;&#8212;&#8212;&#8212;<\/p>\r\n<h5><strong>Keine Bundeswehr-Beteiligung am \u201eWar on Terror\u201c!<\/strong><br \/><strong>F\u00fcr eine politische L\u00f6sung!<\/strong><br \/><strong>V\u00f6lkerrecht nicht aush\u00f6hlen!<\/strong><br \/><strong>Bundesausschuss Friedensratschlag ruft zu Aktionen auf!<\/strong><\/h5>\r\n<p><a href=\"http:\/\/incuxhaven.de\/wp-content\/uploads\/2015\/11\/PM_2015-11-27_Syrien_IS.pdf\">PM_2015-11-27_Syrien_IS<\/a><\/p>\r\n<p>&#8212;&#8212;&#8212;&#8212;&#8212;&#8212;&#8212;&#8212;&#8212;&#8212;&#8212;&#8212;&#8212;&#8212;&#8212;&#8212;&#8212;&#8212;&#8212;&#8212;&#8212;&#8212;&#8212;&#8212;&#8212;&#8212;&#8212;&#8212;&#8212;&#8212;<\/p>\r\n<h5>Nachfolgend Links zur Debatte um die Sicherheitslage in Afghanistan.<br \/>Der neue Lagebericht des Ausw\u00e4rtigen Amts von November 2015<br \/>liegt in der Gesch\u00e4ftsstelle des Fl\u00fcchtlingsrats Niedersachsen vor.<\/h5>\r\n<p><a class=\"moz-txt-link-freetext\" href=\"http:\/\/www.dw.com\/de\/leben-in-afghanistan-weitgehend-normal\/a-18847200\">http:\/\/www.dw.com\/de\/leben-in-afghanistan-weitgehend-normal\/a-18847200<\/a><br \/><a class=\"moz-txt-link-freetext\" href=\"http:\/\/www.spiegel.de\/politik\/deutschland\/fluechtlinge-rueckfuehrung-nach-afghanistan-kaum-moeglich-a-1062500.html\">http:\/\/www.spiegel.de\/politik\/deutschland\/fluechtlinge-rueckfuehrung-nach-afghanistan-kaum-moeglich-a-1062500.html<\/a><br \/><a class=\"moz-txt-link-freetext\" href=\"http:\/\/www.huffingtonpost.de\/2015\/11\/12\/ursula-von-der-leyen-abschiebung-afghanischer-fluechtlinge_n_8551060.html\">http:\/\/www.huffingtonpost.de\/2015\/11\/12\/ursula-von-der-leyen-abschiebung-afghanischer-fluechtlinge_n_8551060.html<\/a><br \/>&#8212;<\/p>\r\n<h5>Fl\u00fcchtlingsrat Niedersachsen e.V.<br \/>Langer Garten 23 B<br \/>D &#8211; 31137 Hildesheim<\/h5>\r\n<p>&#8212;&#8212;&#8212;&#8212;&#8212;&#8212;&#8212;&#8212;&#8212;&#8212;&#8212;&#8212;&#8212;&#8212;&#8212;&#8212;&#8212;&#8212;&#8212;&#8212;&#8212;&#8212;&#8212;&#8212;&#8212;&#8212;&#8212;&#8212;&#8212;&#8212;<\/p>\r\n<p><strong>neue-grenzpolitik-rueckstau-auf-der-balkanroute<\/strong><br \/><a href=\"http:\/\/www.sueddeutsche.de\/politik\/neue-grenzpolitik-rueckstau-auf-der-balkanroute-1.2750323\">http:\/\/www.sueddeutsche.de\/politik\/neue-grenzpolitik-rueckstau-auf-der-balkanroute-1.2750323<\/a><\/p>\r\n<h3>&#8212;&#8212;&#8212;&#8212;&#8212;&#8212;&#8212;&#8212;&#8212;&#8212;&#8212;&#8212;&#8212;&#8212;&#8212;&#8212;&#8212;-<\/h3>\r\n<h5><strong>Einreise- und Aufenthaltsverbote:<\/strong><br \/><strong>BAMF versetzt Asylsuchende mit Schreiben in Panik<\/strong><\/h5>\r\n<p class=\"postmetadata\">Meldung vom Dienstag den 24.11.2015 &#8211; Abgelegt unter: <a href=\"http:\/\/www.nds-fluerat.org\/rubrik\/aktuelles\/\" rel=\"category tag\">Aktuelles<\/a><\/p>\r\n<p>Das Bundesamt versetzt derzeit in gro\u00dfem Stil asylsuchende Fl\u00fcchtlinge im laufenden Verfahren mit der Aufforderung in Angst und Schrecken, Stellung zu beziehen zu einem m\u00f6glichen beh\u00f6rdlichen Einreise- und Aufenthaltsverbot (gem\u00e4\u00df \u00a7 11 Abs. 7 AufenthG) nach einer Abschiebung. In entsprechenden Schreiben werden die Betroffenen aufgefordert, innerhalb von 2 Wochen \u2013 bei sog. \u201asicheren Herkunftsl\u00e4ndern\u2018\u00a0 innerhalb einer Woche \u2013 Gr\u00fcnde vorzutragen, die einer solchen Verh\u00e4ngung entgegenstehen.<\/p>\r\n<p>Wir halten dieses Vorgehen des BAMF f\u00fcr unm\u00f6glich und haben die Beh\u00f6rdenleitung aufgefordert, diese Praxis einzustellen. <span id=\"more-17420\"><\/span>Zwar handelt es sich hier um ein Formschreiben, mit dem das BAMF f\u00fcr den Fall einer sp\u00e4teren Ablehnung nur vorbaut: Es ist f\u00fcr die Beh\u00f6rde nur bei rechtzeitiger Anh\u00f6rung der Betroffenen m\u00f6glich, Einreise- und Aufenthaltsverbote zu verh\u00e4ngen. Solange das Asylverfahren l\u00e4uft, hat das keinerlei Auswirkungen, und wenn der Bescheid positiv ist, nat\u00fcrlich auch nicht. Dennoch ist das Vorgehen des BAMF emp\u00f6rend, weil die Betroffenen nat\u00fcrlich nicht verstehen, warum sie noch vor einer Entscheidung \u00fcber ihren Asylantrag zu derartigen Fragen Stellung beziehen sollen, und f\u00e4lschlich vermuten, es gehe um ihre Abschiebung. Im \u00dcbrigen ist es unverst\u00e4ndlich, warum das BAMF die begrenzten Ressourcen der Beh\u00f6rde f\u00fcr solche Absurdit\u00e4ten vergeudet, statt sich auf die Bearbeitung von Asylantr\u00e4gen zu konzentrieren.<\/p>\r\n<p>Betroffene k\u00f6nnen und sollten Stellung beziehen und dem BAMF mitteilen, welche au\u00dferhalb des Asylverfahrens liegenden sonstigen Gr\u00fcnde noch f\u00fcr einen Aufenthalt im Bundesgebiet sprechen, etwa: Bindungen, Beziehungen, Arbeit, Krankheiten etc.,\u00a0 dar\u00fcber hinaus sollten sie auf weitere Gr\u00fcnde verweisen, die im Laufe der Zeit \u2013 nach Abschluss des Asylverfahrens \u2013 noch relevant werden k\u00f6nnten, und sich weiteren Vortrag vorbehalten. Eine Orientierung gibt ein aktuelles Musterschreiben des Fl\u00fcchtlingsrats Baden-W\u00fcrttemberg zu dem Sachverhalt, das nat\u00fcrlich unter Angabe des Aktenzeichens an die jeweils zust\u00e4ndige BAMF-Dependance gerichtet werden sollte<\/p>\r\n<div class=\"ce_text\">\r\n<div class=\"ce_text block\">\r\n<ul>\r\n<li><a class=\"pdf\" href=\"http:\/\/fluechtlingsrat-bw.de\/files\/Dateien\/Dokumente\/INFOS%20-%20Asyl-%20und%20Fluechtlingspolitik%20BRD\/2015-08-25%20Musterschreiben%20Anhoerung%20Aufenthalts-%20und%20Einreiseverbot.pdf\">Musteranschreiben schriftliche Anh\u00f6rung Aufenthalts- und Einreiseverbot<\/a><\/li>\r\n<\/ul>\r\n<\/div>\r\n<\/div>\r\n<h4>&#8212;&#8212;&#8212;&#8212;&#8212;&#8212;&#8212;&#8212;&#8212;&#8212;&#8212;&#8212;&#8212;&#8212;&#8212;&#8212;&#8212;&#8212;&#8212;&#8212;<\/h4>\r\n<h5><strong>IPPNW-Pressemitteilung vom 20.11.2015<\/strong><\/h5>\r\n<p>Geplante Asylrechtsversch\u00e4rfung<br \/>\u00c4rztInnen als willf\u00e4hrige Abschiebehelfer?<\/p>\r\n<p>Die \u00c4rztInnen in sozialer Verantwortung (IPPNW) kritisieren die im Gesetzentwurf des Bundesinnenministeriums geplante elementare Einschr\u00e4nkung international garantierter Grundrechte von Fl\u00fcchtlingen. Die im Entwurf vorgesehenen Abschiebungen trotz schwerer Erkrankungen (\u00a7 60 Abs. 7 AufenthG-Entwurf) sowie eine ausschlie\u00dfliche Beauftragung vom Bundesinnenministerium bestellter Abschiebe\u00e4rzte (\u00a7 60a Abs. 2d AufenthG-Entwurf) versto\u00dfen gegen den hippokratischen Eid und stehen im Widerspruch zu zahlreichen Beschl\u00fcssen von Bundes\u00e4rztekammer und \u00c4rztetagen. &#8222;Hier sollen offenbar die m\u00fchsam zwischen Innenministerium, Beh\u00f6rden und \u00c4rztekammer erarbeiteten Regelungen gekippt werden, um Fl\u00fcchtlinge ohne R\u00fccksicht auf ihre k\u00f6rperliche und psychische Integrit\u00e4t abschieben zu k\u00f6nnen&#8220;, kritisiert Carlotta Conrad, Vorstandsmitglied der IPPNW.<\/p>\r\n<p>Laut Gesetzentwurf sollen zuk\u00fcnftig nur noch spezielle vom Bundesinnenministerium ernannte Abschiebe\u00e4rztInnenen die medizinische Begutachtung vor der Abschiebung durchf\u00fchren d\u00fcrfen. Schon heute ist die Qualit\u00e4t der medizinischen Untersuchungen vor Abschiebungen unbefriedigend. Die beauftragten \u00c4rztInnen, die als Amts\u00e4rztInnen in einem Abh\u00e4ngigkeitsverh\u00e4ltnis zu den Auftrag gebenden Beh\u00f6rden stehen, beschr\u00e4nken die Untersuchung in vielen F\u00e4llen ausschlie\u00dflich auf die Kl\u00e4rung der Transportf\u00e4higkeit. Eine eventuelle krankheitsbedingte R\u00fcckkehrunf\u00e4higkeit wird in vielen F\u00e4llen nicht ber\u00fccksichtigt. Auch Traumafolgest\u00f6rungen, die die R\u00fcckkehrf\u00e4higkeit in die Herkunftsl\u00e4nder einschr\u00e4nken w\u00fcrden, werden unzureichend untersucht, und beschrieben. Und dies, obwohl die Bundesregierung den Vereinten Nationen 2011 rechtswirksam zusicherte: \u201eSolange die Existenz einer posttraumatischen Belastungsst\u00f6rung nicht ausgeschlossen werden kann, darf eine Abschiebung auf dem Luftwege nicht stattfinden.\u201c.<\/p>\r\n<p>Es gibt sogar eine Reihe von \u00c4rztInnen, die die R\u00fcckkehrf\u00e4higkeit auch bei schwerkranken Fl\u00fcchtlingen bejahen und von einigen Beh\u00f6rden bevorzugt angefordert und eingesetzt werden. So wurde im Jahr 2007 beispielsweise nach einer oberfl\u00e4chlichen Begutachtung durch einen Psychiater bei einem Fl\u00fcchtling, der wegen einer drohenden Abschiebung bereits einen Suizidversuch begangen hatte, die station\u00e4re psychiatrische Behandlung zwangsweise beendet. Der Fl\u00fcchtling wurde in Abschiebehaft genommen, wo er sich mittels Strangulation das Leben nahm.<\/p>\r\n<p>Gem\u00e4\u00df dem Gesetzentwurf sollen k\u00fcnftig zudem auch Abschiebungen von lebensbedrohlich erkrankten Personen m\u00f6glich sein. So ist in L\u00e4ndern wie Nigeria die medizinische Versorgung mit lebenserhaltenen Medikamenten f\u00fcr die Mehrheit der HIV-Infizierten nicht zug\u00e4nglich. Trotzdem wird in dem Referentenentwurf\u00a0 suggeriert, dass in Ghana und Nigeria eine ausreichende medizinische Versorgung gew\u00e4hrleistet sei und folglich z.B. an HIV oder Aids erkrankte Menschen abgeschoben werden k\u00f6nnen. Eine solche gesetzliche Unbedenklichkeitsbescheinigung ist mit den Menschenrechten unvereinbar.<\/p>\r\n<p>Der Gesetzentwurf wird derzeit in der Gro\u00dfen Koalition verhandelt und soll bis Weihnachten im Schnellverfahren verabschiedet werden. Der am 18. November 2015 ver\u00f6ffentlichte Referentenentwurf enth\u00e4lt weitere massive Einschr\u00e4nkungen des Asylrechts, widerspricht humanit\u00e4ren Schutzrechten und l\u00e4sst gerade diejenigen, die Schutz, Hilfe und Behandlung brauchen, ohne das ihnen international verb\u00fcrgte Recht zur\u00fcck. Das ist aus heilkundlicher Sicht inakzeptabel.<\/p>\r\n<p>Kontakt: Angelika Wilmen, Pressesprecherin der IPPNW, Tel. 030-69 80 74-15, Frank Uhe, Asyl-Experte der IPPNW, Tel. 030\/698074 &#8211; 10, Deutsche Sektion der Internationalen \u00c4rzte f\u00fcr die Verh\u00fctung des Atomkrieges (IPPNW), K\u00f6rtestr. 10, 10967 Berlin, <a class=\"moz-txt-link-abbreviated\" href=\"mailto:Email:wilmen@ippnw.de,www.ippnw.de\">Email:wilmen@ippnw.de,www.ippnw.de<\/a><\/p>\r\n<p>&#8212;&#8212;&#8212;&#8212;&#8212;&#8212;&#8212;&#8212;&#8212;&#8212;&#8212;&#8212;&#8212;&#8212;&#8212;&#8212;&#8212;&#8212;&#8212;&#8212;&#8212;&#8212;&#8212;&#8212;&#8212;&#8212;&#8212;&#8212;&#8212;&#8212;<\/p>\r\n<p>Presseerkl\u00e4rung\u00a0 11. November 2015<\/p>\r\n<p><strong>PRO ASYL zur Wiedereinf\u00fchrung der Dublinpr\u00fcfung bei Syrern<\/strong><\/p>\r\n<p><strong>Integrationspolitisches Fiasko, Bundesamt f\u00fcr Fl\u00fcchtlinge wird kollabieren, nationalistische Egoismen werden zunehmen<\/strong><\/p>\r\n<p>Die Bundesweite Arbeitsgemeinschaft f\u00fcr Fl\u00fcchtlinge PRO ASYL wirft dem Bundesinnenministerium vor, ein integrationspolitisches Fiasko anzurichten. Zehntausende von Fl\u00fcchtlingen werden in eine monatelange Warteschleife gedr\u00e4ngt. Angst und Unsicherheit werden die Folge sein. Der Schl\u00fcssel f\u00fcr eine Integration ist Rechtssicherheit. Das wird mit dieser Entscheidung verhindert. Die Bundesregierung will die Zur\u00fcckweisung Zehntausender von Fl\u00fcchtlingen nach Ungarn oder Kroatien pr\u00fcfen. Dies ist zugleich unmenschlich und unrealistisch.<\/p>\r\n<p><strong>Die Folgen der Entscheidung<\/strong><\/p>\r\n<p>Wie viele syrische Fl\u00fcchtlinge k\u00f6nnten davon betroffen sein:<br \/>Von der Entscheidung k\u00f6nnten bis zu 200.000 Fl\u00fcchtlinge betroffen sein. 61.706 Schutzsuchende aus Syrien waren Ende Oktober noch im Asylverfahren. Eingereist, aber noch nicht registriert, sind im Jahr 2015 rund 140.000. Allerdings ist davon auszugehen, dass ein betr\u00e4chtlicher Anteil durch Deutschland durchreist und das Asylverfahren in anderen EU-Staaten durchf\u00fchren m\u00f6chte.<\/p>\r\n<p><strong>Auswirkungen auf die Dauer der Asylverfahren und die Schutzsuchenden:<\/strong><\/p>\r\n<p>Die durchschnittliche Verfahrensdauer bei syrischen Fl\u00fcchtlingen bel\u00e4uft sich gegenw\u00e4rtig auf rund 4,2 Monate. Hinzu kommt der oft monatelang dauernde Zwischenzustand, w\u00e4hrend dem die Betroffenen lediglich \u00fcber die B\u00dcMA (Bescheinigung \u00fcber Meldung als Asylsuchende) verf\u00fcgen. Das Bundesamt wird bei Dublin-Pr\u00fcfungen ein aufw\u00e4ndiges Verfahren anwenden m\u00fcssen um die Frage zu kl\u00e4ren, ob eine \u00dcberstellung nach Ungarn oder Kroatien m\u00f6glich ist. Deutschland hat zwei Monate Zeit f\u00fcr die entsprechende Anfrage, der angefragte Staat drei Monate f\u00fcr eine Antwort.<\/p>\r\n<p>In dieser Zeit findet de facto Integration nicht statt, da die Betroffenen \u00fcber keinen Status in Deutschland verf\u00fcgen. Nach einer Entscheidung hat Deutschland sechs Monate Zeit, einen Schutzsuchenden in das andere EU-Land zu \u00fcberstellen. Dies verl\u00e4ngert die Zeit der Unsicherheit f\u00fcr Syrer auf eineinhalb bis zwei Jahre.<\/p>\r\n<p>Nach aller Erfahrung wird allerdings nur ein kleiner Teil der Betroffenen abgeschoben werden. Bei Abschiebungen nach Ungarn waren es im 1. Halbjahr 2015 nur 2%, 2014 waren es 5%, insgesamt waren es 10%.<\/p>\r\n<p><strong>Auswirkungen auf das Bundesamt:<\/strong><\/p>\r\n<p>Beim Bundesamt sind Ende Oktober 328.000 Asylverfahren offen. Im ganzen Jahr 2015 wurden 205.000 entschieden. Hiervon entfallen 61.000 auf syrische Fl\u00fcchtlinge, die \u00fcberwiegend im schriftlichen als auch verk\u00fcrzten Verfahren entschieden wurden. Das jetzt geplante Verfahren erh\u00f6ht den Arbeitsaufwand beim Bundesamt betr\u00e4chtlich. Der Kollaps droht.<\/p>\r\n<p><strong>&#8212;&#8212;&#8212;&#8212;&#8212;&#8212;&#8212;&#8212;&#8212;&#8212;&#8212;&#8212;&#8212;&#8212;&#8212;&#8212;&#8212;&#8212;&#8212;&#8212;&#8212;&#8212;&#8212;&#8212;&#8212;&#8212;&#8212;&#8212;&#8212;-<\/strong><\/p>\r\n<p>Hier kurz eine Meldung von dpa \u00fcber die Beschl\u00fcsse von CDU\/CSU und SPD zur zuk\u00fcnftigen Asylpolitik. Es ist schockierend, mit welcher Leichtigkeit die beiden gro\u00dfen Regierungsparteien m\u00fchsam erk\u00e4mpfte Rechte und Errungenschaften (etwa in den Bereichen Familiennachzug, Residenzpflicht, ungek\u00fcrzte Leistungen, Verzicht auf Sachleistungen und Gutscheine) mit einem Federstrich wieder zur\u00fccknehmen und \u00fcberwunden geglaubte Abschreckungs- und Lagerkonzepte aus den 90er Jahren erneut als L\u00f6sungsmodelle pr\u00e4sentieren. Wir werden uns warm anziehen m\u00fcssen&#8230;<\/p>\r\n<h6 class=\"western\">Die wichtigsten Punkte, auf die sich CDU, CSU und SPD geeinigt haben:<\/h6>\r\n<ul>\r\n<li><strong>Aufnahmeeinrichtungen:<\/strong> F\u00fcr Asylbewerber mit geringer Aussicht auf Anerkennung werden drei bis f\u00fcnf spezielle Aufnahmeeinrichtungen geschaffen &#8211; die ersten in Bamberg und Manching in Bayern. Nur in diesen Zentren k\u00f6nnen die betroffenen Fl\u00fcchtlinge einen Asylantrag stellen, dort werden die Antr\u00e4ge bearbeitet und entschieden. Auch Rechtsmittel gegen die Entscheidung k\u00f6nnen dort eingelegt und Abschiebungen organisiert werden.<\/li>\r\n<\/ul>\r\n<ul>\r\n<li><strong>Zeitlicher Rahmen:<\/strong> Insgesamt sollen die Verfahren in drei Wochen abgeschlossen werden. F\u00fcr das Verwaltungsverfahren ist dabei eine Woche vorgesehen. Legt jemand Rechtsmittel gegen die Entscheidung ein, soll das juristische Verfahren in zwei Wochen zu Ende sein.<\/li>\r\n<\/ul>\r\n<ul>\r\n<li><strong>Betroffene:<\/strong> Bestimmt sind die Zentren f\u00fcr Bewerber aus sicheren Herkunftsl\u00e4ndern wie den Balkanstaaten. Hinzu kommen Fl\u00fcchtlinge mit einer Wiedereinreisesperre und jene, die Folgeantr\u00e4ge stellen oder beispielsweise keine g\u00fcltigen Ausweispapiere haben.<\/li>\r\n<\/ul>\r\n<ul>\r\n<li><strong>Einschr\u00e4nkungen f\u00fcr diese Asylbewerber:<\/strong> F\u00fcr die Fl\u00fcchtlinge gilt eine Residenzpflicht. Das hei\u00dft, sie d\u00fcrfen den Landkreis oder die kreisfreie Stadt nicht verlassen, in dem ihre Antr\u00e4ge bearbeitet werden. Tun sie es dennoch, bekommen sie keine Leistungen mehr, der Asylantrag ruht. Bei wiederholtem Versto\u00df gegen die Residenzpflicht soll sofort abgeschoben werden.<\/li>\r\n<\/ul>\r\n<ul>\r\n<li><strong>Fl\u00fcchtlingsausweis und Datenbank:<\/strong> Mit einem einheitlichen Ausweis und einer Datenbank f\u00fcr Fl\u00fcchtlinge und Asylbewerber soll eine sichere und rasche Identifizierung der Fl\u00fcchtlinge gew\u00e4hrleistet werden. Eine Registrierung und ein solcher Ausweis sind Voraussetzungen daf\u00fcr, dass ein Asylantrag gestellt werden kann und f\u00fcr Leistungen.<\/li>\r\n<\/ul>\r\n<ul>\r\n<li><strong>Familiennachzug:<\/strong> Wie von der Union verlangt, soll f\u00fcr eine bestimmte Fl\u00fcchtlingsgruppe f\u00fcr zwei Jahre der Nachzug von Angeh\u00f6rigen ausgesetzt werden. Dies gilt demnach f\u00fcr Menschen, die nicht nach der Genfer Fl\u00fcchtlingskonvention oder dem Asyl-Grundrecht anerkannt werden, aber in der Bundesrepublik bleiben d\u00fcrfen.<\/li>\r\n<\/ul>\r\n<ul>\r\n<li><strong>Sprach- und Integrationskurse:<\/strong> Asylbewerber, die voraussichtlich in Deutschland bleiben k\u00f6nnen und deshalb solche Kurse besuchen d\u00fcrfen, m\u00fcssen einen Teil der Kosten selbst zahlen.<\/li>\r\n<\/ul>\r\n<ul>\r\n<li><strong>T\u00fcrkei:<\/strong> Union und SPD sind daf\u00fcr, rasch einen EU-T\u00fcrkei-Gipfel einzuberufen, bei dem eine Migrations-Agenda verabschiedet werden soll. Unter anderem soll es eine finanzielle Unterst\u00fctzung der T\u00fcrkei zur besseren Versorgung der Fl\u00fcchtlinge geben. Die Bundesregierung will sich f\u00fcr die Er\u00f6ffnung neuer Kapitel bei den laufenden EU-Beitrittsverhandlungen einsetzen. Zudem soll es ein legales Kontingent von Fl\u00fcchtlingen geben, die aus der T\u00fcrkei in die gesamte EU kommen d\u00fcrfen.<\/li>\r\n<\/ul>\r\n<ul>\r\n<li><strong>EU-Au\u00dfengrenzen\/Afghanistan:<\/strong> Der derzeit nicht gew\u00e4hrleistete Schutz der EU-Au\u00dfengrenzen soll wiederhergestellt, Schleusungen sollen beendet werden. Noch in diesem Jahr sollen die beschlossenen Registrierzentren in Griechenland und Italien funktionsf\u00e4hig sein. Gemeinsam mit den USA will sich die Bundesregierung weiter an der Stabilisierung Afghanistans beteiligen.<\/li>\r\n<\/ul>\r\n<h2>&#8212;&#8212;&#8212;&#8212;&#8212;&#8212;&#8212;&#8212;&#8212;&#8212;&#8212;&#8212;&#8212;&#8212;&#8212;&#8211;<\/h2>\r\n\r\n<h2 class=\"wp-block-heading\">\u00a0<\/h2>\r\n","protected":false},"excerpt":{"rendered":"<p>APPELL AN DIE BUNDESREGIERUNG VON 293 ORGANISATIONEN An die neue Bundesregierung: Appell f\u00fcr eine verantwortungsvolle Migrationspolitik Mit ihrem Koalitionsvertrag stellen Union und SPD die Verantwortung f\u00fcr Deutschland insZentrum ihres Handelns. Zum Amtsantritt der Regierung machen 293 Organisationen undVerb\u00e4nde deutlich: Diese Verantwortung muss f\u00fcr alle Menschen in Deutschland gelten.Der Wahlkampf war gepr\u00e4gt von einer aufgeheizten Stimmung, &hellip;<\/p>\n","protected":false},"author":1,"featured_media":0,"parent":0,"menu_order":1,"comment_status":"closed","ping_status":"closed","template":"","meta":{"footnotes":""},"class_list":["post-130","page","type-page","status-publish","hentry","post","without-featured-image"],"featured_image_src":null,"featured_image_src_square":null,"_links":{"self":[{"href":"https:\/\/incuxhaven.de\/index.php?rest_route=\/wp\/v2\/pages\/130","targetHints":{"allow":["GET"]}}],"collection":[{"href":"https:\/\/incuxhaven.de\/index.php?rest_route=\/wp\/v2\/pages"}],"about":[{"href":"https:\/\/incuxhaven.de\/index.php?rest_route=\/wp\/v2\/types\/page"}],"author":[{"embeddable":true,"href":"https:\/\/incuxhaven.de\/index.php?rest_route=\/wp\/v2\/users\/1"}],"replies":[{"embeddable":true,"href":"https:\/\/incuxhaven.de\/index.php?rest_route=%2Fwp%2Fv2%2Fcomments&post=130"}],"version-history":[{"count":401,"href":"https:\/\/incuxhaven.de\/index.php?rest_route=\/wp\/v2\/pages\/130\/revisions"}],"predecessor-version":[{"id":3003,"href":"https:\/\/incuxhaven.de\/index.php?rest_route=\/wp\/v2\/pages\/130\/revisions\/3003"}],"wp:attachment":[{"href":"https:\/\/incuxhaven.de\/index.php?rest_route=%2Fwp%2Fv2%2Fmedia&parent=130"}],"curies":[{"name":"wp","href":"https:\/\/api.w.org\/{rel}","templated":true}]}}